{"applied_filters":{"end_date":"","lang":"","language":"","network":"Mart\u00ed Noticias","page":1,"per_page":20,"search":"","source":"","start_date":"","topic":"","type":"photo"},"available_filters":{"language_choices":[{"label":"Choose Language","value":""},{"label":"English","value":"English"},{"label":"Espa\u00f1ol","value":"Espa\u00f1ol"}],"network_choices":[{"label":"All networks","value":""},{"label":"Mart\u00ed Noticias","value":"Mart\u00ed Noticias"}],"source_choices":[{"label":"All sources","value":""},{"label":"Mart\u00ed Noticias RSS","value":"radiotelevisionmarti_com_rss"}],"sources":["radiotelevisionmarti_com_rss"],"topics":[],"types":[["","All types"],["article","Articles"],["audio","Audio"],["video","Videos"],["clips","Clips"],["media","Media"]]},"has_next":true,"has_prev":false,"items":[{"article_body_paragraphs":[],"audio_source_url":null,"author":"Ivette Pacheco","available_dubs":[],"downloadable_assets":["https://gdb.martinoticias.com/fc316f43-cb89-42f0-8087-6fffee2eecdd_w1600_r1_n_s.jpg"],"duration_display":"0:00","duration_seconds":null,"embed_url":null,"id":15678,"image_caption":"Residentes en Matanzas cargando agua","image_url":"https://gdb.martinoticias.com/fc316f43-cb89-42f0-8087-6fffee2eecdd_w1600_r1_n_s.jpg","is_clip":false,"is_youtube_embed":false,"item_type":"photo","item_type_label":"Photo","language_label":"Espa\u00f1ol","media_credit":"Ivette Pacheco","micro_label":"Photo","micro_label_kind":"gallery","network_label":"Mart\u00ed Noticias","network_logo_url":"/static/uploads/direct_network_logos/ocb_0888427dcb1d.svg","published_at":"2026-09-04T21:38:48","published_at_display":"4 Sep 2026, 21:38 GMT","sequence_badge_label":null,"sequence_count":null,"sequence_count_label":null,"sequence_frames":[],"sequence_kind":null,"source_name":"radiotelevisionmarti_com_rss","source_name_label":"Mart\u00ed Noticias RSS","source_type":"rss","summary":"Residentes en Matanzas cargando agua","title":"Cuba enfrenta brote de enfermedades gastrointestinales agravado por la calidad del agua y los apagones","topic":null,"translation_language":"","url":"https://www.martinoticias.com/a/cuba-enfrenta-brote-de-enfermedades-gastrointestinales-agravado-por-la-calidad-del-agua-y-los-apagones/476993.html","video_url":null,"youtube_conversion_active":false,"youtube_conversion_error":"","youtube_conversion_status":""},{"article_body_paragraphs":[],"audio_source_url":null,"author":"Laura Artal","available_dubs":[],"downloadable_assets":["https://gdb.martinoticias.com/01000000-0aff-0242-b13d-08db1f698f8d_w1600_r1_n_s.jpg"],"duration_display":"0:00","duration_seconds":null,"embed_url":null,"id":15646,"image_caption":"ARCHIVO: Un miembro herido de los medios es llevado durante una manifestaci\u00f3n en Venezuela Foto: Manaure Quintero.","image_url":"https://gdb.martinoticias.com/01000000-0aff-0242-b13d-08db1f698f8d_w1600_r1_n_s.jpg","is_clip":false,"is_youtube_embed":false,"item_type":"photo","item_type_label":"Photo","language_label":"Espa\u00f1ol","media_credit":"Laura Artal","micro_label":"Photo","micro_label_kind":"gallery","network_label":"Mart\u00ed Noticias","network_logo_url":"/static/uploads/direct_network_logos/ocb_0888427dcb1d.svg","published_at":"2026-09-04T20:38:39","published_at_display":"4 Sep 2026, 20:38 GMT","sequence_badge_label":null,"sequence_count":null,"sequence_count_label":null,"sequence_frames":[],"sequence_kind":null,"source_name":"radiotelevisionmarti_com_rss","source_name_label":"Mart\u00ed Noticias RSS","source_type":"rss","summary":"ARCHIVO: Un miembro herido de los medios es llevado durante una manifestaci\u00f3n en Venezuela Foto: Manaure Quintero.","title":"Medios venezolanos presentan cinco medidas urgentes para garantizar la libertad de expresi\u00f3n","topic":null,"translation_language":"","url":"https://www.martinoticias.com/a/medios-venezolanos-presentan-cinco-medidas-urgentes-para-garantizar-la-libertad-de-expresi%c3%b3n/476986.html","video_url":null,"youtube_conversion_active":false,"youtube_conversion_error":"","youtube_conversion_status":""},{"article_body_paragraphs":[],"audio_source_url":null,"author":"Oficina de Pol\u00edticas","available_dubs":[],"downloadable_assets":["https://gdb.martinoticias.com/cb6f422f-f597-41ca-a40a-bcd8e320c90f_cx0_cy6_cw0_w1600_r1_n_s.jpg"],"duration_display":"0:00","duration_seconds":null,"embed_url":null,"id":15648,"image_caption":"Subsecretario de Estado de EEUU Christopher Landau. Foto: REUTERS/Enea Lebrun","image_url":"https://gdb.martinoticias.com/cb6f422f-f597-41ca-a40a-bcd8e320c90f_cx0_cy6_cw0_w1600_r1_n_s.jpg","is_clip":false,"is_youtube_embed":false,"item_type":"photo","item_type_label":"Photo","language_label":"Espa\u00f1ol","media_credit":"Oficina de Pol\u00edticas","micro_label":"Photo","micro_label_kind":"gallery","network_label":"Mart\u00ed Noticias","network_logo_url":"/static/uploads/direct_network_logos/ocb_0888427dcb1d.svg","published_at":"2026-09-04T20:37:19","published_at_display":"4 Sep 2026, 20:37 GMT","sequence_badge_label":null,"sequence_count":null,"sequence_count_label":null,"sequence_frames":[],"sequence_kind":null,"source_name":"radiotelevisionmarti_com_rss","source_name_label":"Mart\u00ed Noticias RSS","source_type":"rss","summary":"Subsecretario de Estado de EEUU Christopher Landau. Foto: REUTERS/Enea Lebrun","title":"EEUU anuncia m\u00e1s de 150 millones de d\u00f3lares para apoyar a las islas del Pac\u00edfico","topic":null,"translation_language":"","url":"https://www.martinoticias.com/a/eeuu-anuncia-m%c3%a1s-de-150-millones-de-d%c3%b3lares-para-apoyar-a-las-islas-del-pac%c3%adfico/476992.html","video_url":null,"youtube_conversion_active":false,"youtube_conversion_error":"","youtube_conversion_status":""},{"article_body_paragraphs":[],"audio_source_url":null,"author":"Jany Gonz\u00e1lez","available_dubs":[],"downloadable_assets":["https://gdb.martinoticias.com/c09cebac-1086-41d6-0431-08decd63a0c8_cx5_cy9_cw83_w1600_r1_n_s.jpg"],"duration_display":"0:00","duration_seconds":null,"embed_url":null,"id":15704,"image_caption":"\u201cQue hayan nombrado la biblioteca con el nombre de mi padre es un honor excepcional\", dijo su hija, la excongresista Ileana Ros-Lehtinen, en el homenaje de Radio y Televisi\u00f3n Mart\u00ed a la memoria del historiador Enrique Ros.","image_url":"https://gdb.martinoticias.com/c09cebac-1086-41d6-0431-08decd63a0c8_cx5_cy9_cw83_w1600_r1_n_s.jpg","is_clip":false,"is_youtube_embed":false,"item_type":"photo","item_type_label":"Photo","language_label":"Espa\u00f1ol","media_credit":"Jany Gonz\u00e1lez","micro_label":"Photo","micro_label_kind":"gallery","network_label":"Mart\u00ed Noticias","network_logo_url":"/static/uploads/direct_network_logos/ocb_0888427dcb1d.svg","published_at":"2026-09-04T18:27:05","published_at_display":"4 Sep 2026, 18:27 GMT","sequence_badge_label":null,"sequence_count":null,"sequence_count_label":null,"sequence_frames":[],"sequence_kind":null,"source_name":"radiotelevisionmarti_com_rss","source_name_label":"Mart\u00ed Noticias RSS","source_type":"rss","summary":"\u201cQue hayan nombrado la biblioteca con el nombre de mi padre es un honor excepcional\", dijo su hija, la excongresista Ileana Ros-Lehtinen, en el homenaje de Radio y Televisi\u00f3n Mart\u00ed a la memoria del historiador Enrique Ros.","title":"\u201cUstedes han sido un faro toda la vida\u201d: OCB honra tres legados del exilio cubano","topic":null,"translation_language":"","url":"https://www.martinoticias.com/a/ustedes-han-sido-un-faro-toda-la-vida-ocb-honra-tres-legados-del-exilio-cubano/476985.html","video_url":null,"youtube_conversion_active":false,"youtube_conversion_error":"","youtube_conversion_status":""},{"article_body_paragraphs":[],"audio_source_url":null,"author":"Jany Gonz\u00e1lez","available_dubs":[],"downloadable_assets":["https://gdb.martinoticias.com/c09cebac-1086-41d6-0431-08decd63a0c8_cx5_cy9_cw83_w1600_r1_n_s.jpg"],"duration_display":"0:00","duration_seconds":null,"embed_url":null,"id":15549,"image_caption":"\u201cQue hayan nombrado la biblioteca con el nombre de mi padre es un honor excepcional\", dijo su hija, la excongresista Ileana Ros-Lehtinen, en el homenaje de Radio y Televisi\u00f3n Mart\u00ed a la memoria del historiador Enrique Ros.","image_url":"https://gdb.martinoticias.com/c09cebac-1086-41d6-0431-08decd63a0c8_cx5_cy9_cw83_w1600_r1_n_s.jpg","is_clip":false,"is_youtube_embed":false,"item_type":"photo","item_type_label":"Photo","language_label":"Espa\u00f1ol","media_credit":"Jany Gonz\u00e1lez","micro_label":"Photo","micro_label_kind":"gallery","network_label":"Mart\u00ed Noticias","network_logo_url":"/static/uploads/direct_network_logos/ocb_0888427dcb1d.svg","published_at":"2026-09-04T18:27:05","published_at_display":"4 Sep 2026, 18:27 GMT","sequence_badge_label":null,"sequence_count":null,"sequence_count_label":null,"sequence_frames":[],"sequence_kind":null,"source_name":"radiotelevisionmarti_com_rss","source_name_label":"Mart\u00ed Noticias RSS","source_type":"rss","summary":"\u201cQue hayan nombrado la biblioteca con el nombre de mi padre es un honor excepcional\", dijo su hija, la excongresista Ileana Ros-Lehtinen, en el homenaje de Radio y Televisi\u00f3n Mart\u00ed a la memoria del historiador Enrique Ros.","title":"\u201cUstedes han sido un faro toda la vida\u201d: OCB honra tres legados del exilio cubano","topic":null,"translation_language":"","url":"https://www.martinoticias.com/a/ustedes-han-sido-un-faro-toda-la-vida-ocb-honra-tres-legados-del-exilio-cubano/476985.html","video_url":null,"youtube_conversion_active":false,"youtube_conversion_error":"","youtube_conversion_status":""},{"article_body_paragraphs":[],"audio_source_url":null,"author":"Redacci\u00f3n Mart\u00ed Noticias","available_dubs":[],"downloadable_assets":["https://gdb.martinoticias.com/0e756bb1-ccb7-499b-af6b-33dae316d5b8_cx0_cy10_cw0_w1600_r1_n_s.jpg"],"duration_display":"0:00","duration_seconds":null,"embed_url":null,"id":15529,"image_caption":"Fidel Ernesto Castro Calis, nieto de Ra\u00fal Castro e hijo de Alejandro Castro Esp\u00edn fue incluido en la Lista de Nacionales Especialmente Designados la OFAC. (Foto de Adalberto ROQUE / AFP)","image_url":"https://gdb.martinoticias.com/0e756bb1-ccb7-499b-af6b-33dae316d5b8_cx0_cy10_cw0_w1600_r1_n_s.jpg","is_clip":false,"is_youtube_embed":false,"item_type":"photo","item_type_label":"Photo","language_label":"Espa\u00f1ol","media_credit":"Redacci\u00f3n Mart\u00ed Noticias","micro_label":"Photo","micro_label_kind":"gallery","network_label":"Mart\u00ed Noticias","network_logo_url":"/static/uploads/direct_network_logos/ocb_0888427dcb1d.svg","published_at":"2026-09-04T17:49:08","published_at_display":"4 Sep 2026, 17:49 GMT","sequence_badge_label":null,"sequence_count":null,"sequence_count_label":null,"sequence_frames":[],"sequence_kind":null,"source_name":"radiotelevisionmarti_com_rss","source_name_label":"Mart\u00ed Noticias RSS","source_type":"rss","summary":"Fidel Ernesto Castro Calis, nieto de Ra\u00fal Castro e hijo de Alejandro Castro Esp\u00edn fue incluido en la Lista de Nacionales Especialmente Designados la OFAC. (Foto de Adalberto ROQUE / AFP)","title":"Reacciones dentro y fuera de Cuba tras sanciones de EEUU a la \u00e9lite de Castro","topic":null,"translation_language":"","url":"https://www.martinoticias.com/a/reacciones-dentro-y-fuera-de-cuba-tras-sanciones-de-eeuu-a-la-%c3%a9lite-de-castro/476974.html","video_url":null,"youtube_conversion_active":false,"youtube_conversion_error":"","youtube_conversion_status":""},{"article_body_paragraphs":[],"audio_source_url":null,"author":"Ariane Gonz\u00e1lez","available_dubs":[],"downloadable_assets":["https://gdb.martinoticias.com/322dcb19-b805-4361-cff9-08decd5b38e4_cx5_cy5_cw83_w1600_r1_n_s.jpeg"],"duration_display":"0:00","duration_seconds":null,"embed_url":null,"id":15532,"image_caption":"La Federaci\u00f3n Latinoamericana de Mujeres Rurales (FLAMUR) entreg\u00f3 materiales escolares, ropa, calzado y medicamentos en Cuba","image_url":"https://gdb.martinoticias.com/322dcb19-b805-4361-cff9-08decd5b38e4_cx5_cy5_cw83_w1600_r1_n_s.jpeg","is_clip":false,"is_youtube_embed":false,"item_type":"photo","item_type_label":"Photo","language_label":"Espa\u00f1ol","media_credit":"Ariane Gonz\u00e1lez","micro_label":"Photo","micro_label_kind":"gallery","network_label":"Mart\u00ed Noticias","network_logo_url":"/static/uploads/direct_network_logos/ocb_0888427dcb1d.svg","published_at":"2026-09-04T17:49:04","published_at_display":"4 Sep 2026, 17:49 GMT","sequence_badge_label":null,"sequence_count":null,"sequence_count_label":null,"sequence_frames":[],"sequence_kind":null,"source_name":"radiotelevisionmarti_com_rss","source_name_label":"Mart\u00ed Noticias RSS","source_type":"rss","summary":"La Federaci\u00f3n Latinoamericana de Mujeres Rurales (FLAMUR) entreg\u00f3 materiales escolares, ropa, calzado y medicamentos en Cuba","title":"FLAMUR entrega \u00fatiles escolares, ropa y medicamentos a ni\u00f1os en Cuba","topic":null,"translation_language":"","url":"https://www.martinoticias.com/a/flamur-entrega-%c3%batiles-escolares-ropa-y-medicamentos-a-ni%c3%b1os-cubanos/476981.html","video_url":null,"youtube_conversion_active":false,"youtube_conversion_error":"","youtube_conversion_status":""},{"article_body_paragraphs":[],"audio_source_url":null,"author":"Iv\u00e1n Kasanzew","available_dubs":[],"downloadable_assets":["https://gdb.martinoticias.com/4e38cbd8-f499-40ef-cff8-08decd5b38e4_w1600_r1_n_s.png"],"duration_display":"0:00","duration_seconds":null,"embed_url":null,"id":15493,"image_caption":"Milei endureci\u00f3 el reclamo por Malvinas con sanciones a petroleras, una base naval y un llamado a la unidad.","image_url":"https://gdb.martinoticias.com/4e38cbd8-f499-40ef-cff8-08decd5b38e4_w1600_r1_n_s.png","is_clip":false,"is_youtube_embed":false,"item_type":"photo","item_type_label":"Photo","language_label":"Espa\u00f1ol","media_credit":"Iv\u00e1n Kasanzew","micro_label":"Photo","micro_label_kind":"gallery","network_label":"Mart\u00ed Noticias","network_logo_url":"/static/uploads/direct_network_logos/ocb_0888427dcb1d.svg","published_at":"2026-09-04T16:59:15","published_at_display":"4 Sep 2026, 16:59 GMT","sequence_badge_label":null,"sequence_count":null,"sequence_count_label":null,"sequence_frames":[],"sequence_kind":null,"source_name":"radiotelevisionmarti_com_rss","source_name_label":"Mart\u00ed Noticias RSS","source_type":"rss","summary":"Milei endureci\u00f3 el reclamo por Malvinas con sanciones a petroleras, una base naval y un llamado a la unidad.","title":"Milei: \"Las Malvinas son argentinas, por historia y por derecho. No hay discusi\u00f3n al respecto\"","topic":null,"translation_language":"","url":"https://www.martinoticias.com/a/milei-las-malvinas-son-argentinas-por-historia-y-por-derecho-no-hay-discusi%c3%b3n-al-respecto/476978.html","video_url":null,"youtube_conversion_active":false,"youtube_conversion_error":"","youtube_conversion_status":""},{"article_body_paragraphs":[],"audio_source_url":null,"author":"Redacci\u00f3n Mart\u00ed Noticias","available_dubs":[],"downloadable_assets":["https://gdb.martinoticias.com/e50f9946-8430-4f54-7d5f-08debb5a54fb_cx0_cy4_cw0_w1600_r1_n_s.jpg"],"duration_display":"0:00","duration_seconds":null,"embed_url":null,"id":15464,"image_caption":"Personas transportan recipientes con agua en La Habana, el 3 de junio de 2026. (Foto AP/Ramon Espinosa)","image_url":"https://gdb.martinoticias.com/e50f9946-8430-4f54-7d5f-08debb5a54fb_cx0_cy4_cw0_w1600_r1_n_s.jpg","is_clip":false,"is_youtube_embed":false,"item_type":"photo","item_type_label":"Photo","language_label":"Espa\u00f1ol","media_credit":"Redacci\u00f3n Mart\u00ed Noticias","micro_label":"Photo","micro_label_kind":"gallery","network_label":"Mart\u00ed Noticias","network_logo_url":"/static/uploads/direct_network_logos/ocb_0888427dcb1d.svg","published_at":"2026-09-04T15:59:42","published_at_display":"4 Sep 2026, 15:59 GMT","sequence_badge_label":null,"sequence_count":null,"sequence_count_label":null,"sequence_frames":[],"sequence_kind":null,"source_name":"radiotelevisionmarti_com_rss","source_name_label":"Mart\u00ed Noticias RSS","source_type":"rss","summary":"Personas transportan recipientes con agua en La Habana, el 3 de junio de 2026. (Foto AP/Ramon Espinosa)","title":"Embajada de EEUU alerta sobre enfermedades diarreicas en todo el pa\u00eds","topic":null,"translation_language":"","url":"https://www.martinoticias.com/a/embajada-de-eeuu-alerta-sobre-enfermedades-diarreicas-en-todo-el-pa%c3%ads/476976.html","video_url":null,"youtube_conversion_active":false,"youtube_conversion_error":"","youtube_conversion_status":""},{"article_body_paragraphs":[],"audio_source_url":null,"author":"Iv\u00e1n Kasanzew","available_dubs":[],"downloadable_assets":["https://gdb.martinoticias.com/36ed012f-4369-49c6-87e4-81fcdf3a4719_w1600_r1_n_s.jpg"],"duration_display":"0:00","duration_seconds":null,"embed_url":null,"id":15369,"image_caption":"Marco Rubio realiza declaraciones a los medios luego de reunirse con el presidente de Paraguay el 4 de agosto de 2026.","image_url":"https://gdb.martinoticias.com/36ed012f-4369-49c6-87e4-81fcdf3a4719_w1600_r1_n_s.jpg","is_clip":false,"is_youtube_embed":false,"item_type":"photo","item_type_label":"Photo","language_label":"Espa\u00f1ol","media_credit":"Iv\u00e1n Kasanzew","micro_label":"Photo","micro_label_kind":"gallery","network_label":"Mart\u00ed Noticias","network_logo_url":"/static/uploads/direct_network_logos/ocb_0888427dcb1d.svg","published_at":"2026-09-04T14:46:46","published_at_display":"4 Sep 2026, 14:46 GMT","sequence_badge_label":null,"sequence_count":null,"sequence_count_label":null,"sequence_frames":[],"sequence_kind":null,"source_name":"radiotelevisionmarti_com_rss","source_name_label":"Mart\u00ed Noticias RSS","source_type":"rss","summary":"Marco Rubio realiza declaraciones a los medios luego de reunirse con el presidente de Paraguay el 4 de agosto de 2026.","title":"Rubio realizar\u00e1 gira andina centrada en seguridad, comercio y crisis clim\u00e1tica","topic":null,"translation_language":"","url":"https://www.martinoticias.com/a/rubio-realizara-gira-andina-centrada-en-seguridad-comercio-y-crisis-climatica/476973.html","video_url":null,"youtube_conversion_active":false,"youtube_conversion_error":"","youtube_conversion_status":""},{"article_body_paragraphs":[],"audio_source_url":null,"author":"Yolanda Huerga","available_dubs":[],"downloadable_assets":["https://gdb.martinoticias.com/c24823be-708a-4458-042f-08decd63a0c8_w1600_r1_n_s.jpg"],"duration_display":"0:00","duration_seconds":null,"embed_url":null,"id":15229,"image_caption":"El humorista Eduardo Ceballos P\u00e9rez fue arrestado tras grabar uno de sus programas, que parodian los documentales de Discovery Channel, en un lugar con armamentos obsoletos. El r\u00e9gimen cubano lo mantiene detenido en la prisi\u00f3n de alta seguridad Combinado del Este en La Habana.","image_url":"https://gdb.martinoticias.com/c24823be-708a-4458-042f-08decd63a0c8_w1600_r1_n_s.jpg","is_clip":false,"is_youtube_embed":false,"item_type":"photo","item_type_label":"Photo","language_label":"Espa\u00f1ol","media_credit":"Yolanda Huerga","micro_label":"Photo","micro_label_kind":"gallery","network_label":"Mart\u00ed Noticias","network_logo_url":"/static/uploads/direct_network_logos/ocb_0888427dcb1d.svg","published_at":"2026-09-04T12:30:00","published_at_display":"4 Sep 2026, 12:30 GMT","sequence_badge_label":null,"sequence_count":null,"sequence_count_label":null,"sequence_frames":[],"sequence_kind":null,"source_name":"radiotelevisionmarti_com_rss","source_name_label":"Mart\u00ed Noticias RSS","source_type":"rss","summary":"El humorista Eduardo Ceballos P\u00e9rez fue arrestado tras grabar uno de sus programas, que parodian los documentales de Discovery Channel, en un lugar con armamentos obsoletos. El r\u00e9gimen cubano lo mantiene detenido en la prisi\u00f3n de alta seguridad Combinado del Este en La Habana.","title":"Creador de Despingovery lleva m\u00e1s de tres meses en prisi\u00f3n; su familia intenta nueva acci\u00f3n legal","topic":null,"translation_language":"","url":"https://www.martinoticias.com/a/familia-de-eddy-ceballos-teme-represalias-mientras-el-humorista-cumple-tres-meses-en-prisi%c3%b3n-preventiva/476911.html","video_url":null,"youtube_conversion_active":false,"youtube_conversion_error":"","youtube_conversion_status":""},{"article_body_paragraphs":[],"audio_source_url":null,"author":"Mario J. Pent\u00f3n","available_dubs":[],"downloadable_assets":["https://gdb.martinoticias.com/31cc4bfb-c7cb-4d01-7d45-08debb5a54fb_cx0_cy40_cw0_w1600_r1_n_s.jpg"],"duration_display":"0:00","duration_seconds":null,"embed_url":null,"id":15231,"image_caption":"Ra\u00fal Guillermo Rodr\u00edguez Castro, nieto del general Ra\u00fal Castro, ha sido una figura clave en las conversaciones entre Cuba y Estados Unidos.","image_url":"https://gdb.martinoticias.com/31cc4bfb-c7cb-4d01-7d45-08debb5a54fb_cx0_cy40_cw0_w1600_r1_n_s.jpg","is_clip":false,"is_youtube_embed":false,"item_type":"photo","item_type_label":"Photo","language_label":"Espa\u00f1ol","media_credit":"Mario J. Pent\u00f3n","micro_label":"Photo","micro_label_kind":"gallery","network_label":"Mart\u00ed Noticias","network_logo_url":"/static/uploads/direct_network_logos/ocb_0888427dcb1d.svg","published_at":"2026-09-04T12:07:15","published_at_display":"4 Sep 2026, 12:07 GMT","sequence_badge_label":null,"sequence_count":null,"sequence_count_label":null,"sequence_frames":[],"sequence_kind":null,"source_name":"radiotelevisionmarti_com_rss","source_name_label":"Mart\u00ed Noticias RSS","source_type":"rss","summary":"Ra\u00fal Guillermo Rodr\u00edguez Castro, nieto del general Ra\u00fal Castro, ha sido una figura clave en las conversaciones entre Cuba y Estados Unidos.","title":"El Cangrejo maniobr\u00f3 en el di\u00e1logo con EEUU para proteger a dos familiares de los Castro en Miami","topic":null,"translation_language":"","url":"https://www.martinoticias.com/a/el-cangrejo-maniobr%c3%b3-en-el-di%c3%a1logo-con-eeuu-para-proteger-a-dos-familiares-de-los-castro-en-miami/476884.html","video_url":null,"youtube_conversion_active":false,"youtube_conversion_error":"","youtube_conversion_status":""},{"article_body_paragraphs":[],"audio_source_url":null,"author":"Redacci\u00f3n Mart\u00ed Noticias","available_dubs":[],"downloadable_assets":["https://gdb.martinoticias.com/61D72EFF-5ECD-43BA-9B92-9BB2233483EB_cx0_cy9_cw0_w1600_r1_n_s.jpg"],"duration_display":"0:00","duration_seconds":null,"embed_url":null,"id":14775,"image_caption":"ARCHIVO. Los gobernantes de Nicaragua, Daniel Ortega; de Venezuela, Nicol\u00e1s Maduro; de Bolivia, Evo Morales; y de Cuba, Ra\u00fal Castro, en la XIII Cumbre de la Alianza Bolivariana para los Pueblos de Nuestra Am\u00e9rica (ALBA) en La Habana, el 14 de diciembre de 2014.","image_url":"https://gdb.martinoticias.com/61D72EFF-5ECD-43BA-9B92-9BB2233483EB_cx0_cy9_cw0_w1600_r1_n_s.jpg","is_clip":false,"is_youtube_embed":false,"item_type":"photo","item_type_label":"Photo","language_label":"Espa\u00f1ol","media_credit":"Redacci\u00f3n Mart\u00ed Noticias","micro_label":"Photo","micro_label_kind":"gallery","network_label":"Mart\u00ed Noticias","network_logo_url":"/static/uploads/direct_network_logos/ocb_0888427dcb1d.svg","published_at":"2026-09-03T22:32:01","published_at_display":"3 Sep 2026, 22:32 GMT","sequence_badge_label":null,"sequence_count":null,"sequence_count_label":null,"sequence_frames":[],"sequence_kind":null,"source_name":"radiotelevisionmarti_com_rss","source_name_label":"Mart\u00ed Noticias RSS","source_type":"rss","summary":"ARCHIVO. Los gobernantes de Nicaragua, Daniel Ortega; de Venezuela, Nicol\u00e1s Maduro; de Bolivia, Evo Morales; y de Cuba, Ra\u00fal Castro, en la XIII Cumbre de la Alianza Bolivariana para los Pueblos de Nuestra Am\u00e9rica (ALBA) en La Habana, el 14 de diciembre de 2014.","title":"\"La peor tentaci\u00f3n pol\u00edtica de nuestro hemisferio ha sido el socialismo\", denuncia subsecretaria de Estado","topic":null,"translation_language":"","url":"https://www.martinoticias.com/a/la-peor-tentaci%c3%b3n-pol%c3%adtica-de-nuestro-hemisferio-ha-sido-el-socialismo-denuncia-subsecretaria-de-estado/476918.html","video_url":null,"youtube_conversion_active":false,"youtube_conversion_error":"","youtube_conversion_status":""},{"article_body_paragraphs":[],"audio_source_url":null,"author":"Jorge Morej\u00f3n","available_dubs":[],"downloadable_assets":["https://gdb.martinoticias.com/01000000-0a00-0242-0f55-08dc01628393_w1600_r1_n_s.jpg"],"duration_display":"0:00","duration_seconds":null,"embed_url":null,"id":14723,"image_caption":"El peso completo cubano Frank S\u00e1nchez buscar\u00e1 la corona mundial de la FIB ante el criata Filip Hrgovic en fecha por determinarse.","image_url":"https://gdb.martinoticias.com/01000000-0a00-0242-0f55-08dc01628393_w1600_r1_n_s.jpg","is_clip":false,"is_youtube_embed":false,"item_type":"photo","item_type_label":"Photo","language_label":"Espa\u00f1ol","media_credit":"Jorge Morej\u00f3n","micro_label":"Photo","micro_label_kind":"gallery","network_label":"Mart\u00ed Noticias","network_logo_url":"/static/uploads/direct_network_logos/ocb_0888427dcb1d.svg","published_at":"2026-09-03T20:41:01","published_at_display":"3 Sep 2026, 20:41 GMT","sequence_badge_label":null,"sequence_count":null,"sequence_count_label":null,"sequence_frames":[],"sequence_kind":null,"source_name":"radiotelevisionmarti_com_rss","source_name_label":"Mart\u00ed Noticias RSS","source_type":"rss","summary":"El peso completo cubano Frank S\u00e1nchez buscar\u00e1 la corona mundial de la FIB ante el criata Filip Hrgovic en fecha por determinarse.","title":"Frank S\u00e1nchez ya sabe qui\u00e9n ser\u00e1 su pr\u00f3ximo rival; s\u00f3lo le falta la fecha","topic":null,"translation_language":"","url":"https://www.martinoticias.com/a/frank-sanchez-ya-sabe-quien-sere-su-proximo-rival-solo-le-falta-la-fecha/476914.html","video_url":null,"youtube_conversion_active":false,"youtube_conversion_error":"","youtube_conversion_status":""},{"article_body_paragraphs":[],"audio_source_url":null,"author":"Oficina de Pol\u00edticas","available_dubs":[],"downloadable_assets":["https://gdb.martinoticias.com/ee3b09ad-8118-4b11-bc8a-08def2b1d8dc_cx0_cy23_cw0_w1600_r1_n_s.jpg"],"duration_display":"0:00","duration_seconds":null,"embed_url":null,"id":14725,"image_caption":"La recompensa por \"Pel\u00f3n\" es de 25 millones de d\u00f3lares.","image_url":"https://gdb.martinoticias.com/ee3b09ad-8118-4b11-bc8a-08def2b1d8dc_cx0_cy23_cw0_w1600_r1_n_s.jpg","is_clip":false,"is_youtube_embed":false,"item_type":"photo","item_type_label":"Photo","language_label":"Espa\u00f1ol","media_credit":"Oficina de Pol\u00edticas","micro_label":"Photo","micro_label_kind":"gallery","network_label":"Mart\u00ed Noticias","network_logo_url":"/static/uploads/direct_network_logos/ocb_0888427dcb1d.svg","published_at":"2026-09-03T20:18:41","published_at_display":"3 Sep 2026, 20:18 GMT","sequence_badge_label":null,"sequence_count":null,"sequence_count_label":null,"sequence_frames":[],"sequence_kind":null,"source_name":"radiotelevisionmarti_com_rss","source_name_label":"Mart\u00ed Noticias RSS","source_type":"rss","summary":"La recompensa por \"Pel\u00f3n\" es de 25 millones de d\u00f3lares.","title":"EEUU ofrece 25 millones de d\u00f3lares por informaci\u00f3n sobre \"Pel\u00f3n\", l\u00edder del CJNG","topic":null,"translation_language":"","url":"https://www.martinoticias.com/a/eeuu-ofrece-25-millones-de-d%c3%b3lares-por-informaci%c3%b3n-sobre-pel%c3%b3n-l%c3%adder-del-cjng/476912.html","video_url":null,"youtube_conversion_active":false,"youtube_conversion_error":"","youtube_conversion_status":""},{"article_body_paragraphs":[],"audio_source_url":null,"author":"Jos\u00e9 Pernalete","available_dubs":[],"downloadable_assets":["https://gdb.martinoticias.com/8c54cfa7-518c-4464-5ab1-08decd6ea425_w1600_r1_n_s.jpg"],"duration_display":"0:00","duration_seconds":null,"embed_url":null,"id":14728,"image_caption":"L\u00edder opositora venezolana Mar\u00eda Corina Machado ofreci\u00f3 un mensaje este jueves sobre el acuerdo petrolero. (REUTERS)","image_url":"https://gdb.martinoticias.com/8c54cfa7-518c-4464-5ab1-08decd6ea425_w1600_r1_n_s.jpg","is_clip":false,"is_youtube_embed":false,"item_type":"photo","item_type_label":"Photo","language_label":"Espa\u00f1ol","media_credit":"Jos\u00e9 Pernalete","micro_label":"Photo","micro_label_kind":"gallery","network_label":"Mart\u00ed Noticias","network_logo_url":"/static/uploads/direct_network_logos/ocb_0888427dcb1d.svg","published_at":"2026-09-03T19:50:34","published_at_display":"3 Sep 2026, 19:50 GMT","sequence_badge_label":null,"sequence_count":null,"sequence_count_label":null,"sequence_frames":[],"sequence_kind":null,"source_name":"radiotelevisionmarti_com_rss","source_name_label":"Mart\u00ed Noticias RSS","source_type":"rss","summary":"L\u00edder opositora venezolana Mar\u00eda Corina Machado ofreci\u00f3 un mensaje este jueves sobre el acuerdo petrolero. (REUTERS)","title":"Machado exige transparencia en acuerdo petrolero y lanza advertencia sobre Miraflores (VIDEO)","topic":null,"translation_language":"","url":"https://www.martinoticias.com/a/machado-exige-transparencia-en-acuerdo-petrolero-y-lanza-advertencia-sobre-miraflores-video/476903.html","video_url":null,"youtube_conversion_active":false,"youtube_conversion_error":"","youtube_conversion_status":""},{"article_body_paragraphs":[],"audio_source_url":null,"author":"Yolanda Huerga","available_dubs":[],"downloadable_assets":["https://gdb.martinoticias.com/bdfc1521-e362-4666-b370-4f6c4324b92e_w1600_r1_n_s.jpg"],"duration_display":"0:00","duration_seconds":null,"embed_url":null,"id":14678,"image_caption":"Un empleado atiende a un cliente en una tienda privada de materiales de construcci\u00f3n en La Habana. (Reuters/Alexandre Meneghini/Archivo)","image_url":"https://gdb.martinoticias.com/bdfc1521-e362-4666-b370-4f6c4324b92e_w1600_r1_n_s.jpg","is_clip":false,"is_youtube_embed":false,"item_type":"photo","item_type_label":"Photo","language_label":"Espa\u00f1ol","media_credit":"Yolanda Huerga","micro_label":"Photo","micro_label_kind":"gallery","network_label":"Mart\u00ed Noticias","network_logo_url":"/static/uploads/direct_network_logos/ocb_0888427dcb1d.svg","published_at":"2026-09-03T19:40:33","published_at_display":"3 Sep 2026, 19:40 GMT","sequence_badge_label":null,"sequence_count":null,"sequence_count_label":null,"sequence_frames":[],"sequence_kind":null,"source_name":"radiotelevisionmarti_com_rss","source_name_label":"Mart\u00ed Noticias RSS","source_type":"rss","summary":"Un empleado atiende a un cliente en una tienda privada de materiales de construcci\u00f3n en La Habana. (Reuters/Alexandre Meneghini/Archivo)","title":"Cuba autoriza a emigrados a tener empresas privadas, pero expertos dudan de las garant\u00edas para invertir","topic":null,"translation_language":"","url":"https://www.martinoticias.com/a/cuba-autoriza-a-emigrados-a-tener-empresas-privadas-pero-expertos-dudan-de-las-garant%c3%adas-para-invertir/476904.html","video_url":null,"youtube_conversion_active":false,"youtube_conversion_error":"","youtube_conversion_status":""},{"article_body_paragraphs":[],"audio_source_url":null,"author":"Edgardo Pinell Medina","available_dubs":[],"downloadable_assets":["https://gdb.martinoticias.com/6f648729-5088-492b-a05d-2be07a24df63_w1600_r1_n_s.jpg"],"duration_display":"0:00","duration_seconds":null,"embed_url":null,"id":14680,"image_caption":"Rosario Murillo y Daniel Ortega.","image_url":"https://gdb.martinoticias.com/6f648729-5088-492b-a05d-2be07a24df63_w1600_r1_n_s.jpg","is_clip":false,"is_youtube_embed":false,"item_type":"photo","item_type_label":"Photo","language_label":"Espa\u00f1ol","media_credit":"Edgardo Pinell Medina","micro_label":"Photo","micro_label_kind":"gallery","network_label":"Mart\u00ed Noticias","network_logo_url":"/static/uploads/direct_network_logos/ocb_0888427dcb1d.svg","published_at":"2026-09-03T19:28:43","published_at_display":"3 Sep 2026, 19:28 GMT","sequence_badge_label":null,"sequence_count":null,"sequence_count_label":null,"sequence_frames":[],"sequence_kind":null,"source_name":"radiotelevisionmarti_com_rss","source_name_label":"Mart\u00ed Noticias RSS","source_type":"rss","summary":"Rosario Murillo y Daniel Ortega.","title":"Nicaragua aprueba reforma que excluye a opositores; EEUU denuncia \u201cfarsa legislativa\u201d","topic":null,"translation_language":"","url":"https://www.martinoticias.com/a/nicaragua-aprueba-reforma-que-excluye-a-opositores-eeuu-denuncia-farsa-legislativa/476894.html","video_url":null,"youtube_conversion_active":false,"youtube_conversion_error":"","youtube_conversion_status":""},{"article_body_paragraphs":[],"audio_source_url":null,"author":"Oficina de Pol\u00edticas","available_dubs":[],"downloadable_assets":["https://gdb.martinoticias.com/e4f78466-6070-48eb-832d-d20c4c2f4993_w1600_r1_n_s.jpg"],"duration_display":"0:00","duration_seconds":null,"embed_url":null,"id":14634,"image_caption":"Familiares de las v\u00edctimas de un ataque perpetrado por una banda armada el 23 de agosto de 2026 sostienen sus fotograf\u00edas durante funeral celebrado en Kenscoff, Hait\u00ed. REUTERS/Patrice Noel","image_url":"https://gdb.martinoticias.com/e4f78466-6070-48eb-832d-d20c4c2f4993_w1600_r1_n_s.jpg","is_clip":false,"is_youtube_embed":false,"item_type":"photo","item_type_label":"Photo","language_label":"Espa\u00f1ol","media_credit":"Oficina de Pol\u00edticas","micro_label":"Photo","micro_label_kind":"gallery","network_label":"Mart\u00ed Noticias","network_logo_url":"/static/uploads/direct_network_logos/ocb_0888427dcb1d.svg","published_at":"2026-09-03T18:42:57","published_at_display":"3 Sep 2026, 18:42 GMT","sequence_badge_label":null,"sequence_count":null,"sequence_count_label":null,"sequence_frames":[],"sequence_kind":null,"source_name":"radiotelevisionmarti_com_rss","source_name_label":"Mart\u00ed Noticias RSS","source_type":"rss","summary":"Familiares de las v\u00edctimas de un ataque perpetrado por una banda armada el 23 de agosto de 2026 sostienen sus fotograf\u00edas durante funeral celebrado en Kenscoff, Hait\u00ed. REUTERS/Patrice Noel","title":"Los haitianos merecen la paz y seguridad","topic":null,"translation_language":"","url":"https://www.martinoticias.com/a/los-haitianos-merecen-la-paz-y-seguridad/476901.html","video_url":null,"youtube_conversion_active":false,"youtube_conversion_error":"","youtube_conversion_status":""},{"article_body_paragraphs":[],"audio_source_url":null,"author":"Ariane Gonz\u00e1lez","available_dubs":[],"downloadable_assets":["https://gdb.martinoticias.com/669a7819-8cdc-4bf2-042c-08decd63a0c8_cx0_cy14_cw0_w1600_r1_n_s.jpeg"],"duration_display":"0:00","duration_seconds":null,"embed_url":null,"id":14637,"image_caption":"Sady R. Companioni, residente en Lawton.","image_url":"https://gdb.martinoticias.com/669a7819-8cdc-4bf2-042c-08decd63a0c8_cx0_cy14_cw0_w1600_r1_n_s.jpeg","is_clip":false,"is_youtube_embed":false,"item_type":"photo","item_type_label":"Photo","language_label":"Espa\u00f1ol","media_credit":"Ariane Gonz\u00e1lez","micro_label":"Photo","micro_label_kind":"gallery","network_label":"Mart\u00ed Noticias","network_logo_url":"/static/uploads/direct_network_logos/ocb_0888427dcb1d.svg","published_at":"2026-09-03T18:25:41","published_at_display":"3 Sep 2026, 18:25 GMT","sequence_badge_label":null,"sequence_count":null,"sequence_count_label":null,"sequence_frames":[],"sequence_kind":null,"source_name":"radiotelevisionmarti_com_rss","source_name_label":"Mart\u00ed Noticias RSS","source_type":"rss","summary":"Sady R. Companioni, residente en Lawton.","title":"Liberan bajo restricciones a madre cubana detenida por denunciar la falta de agua","topic":null,"translation_language":"","url":"https://www.martinoticias.com/a/liberan-bajo-restricciones-a-madre-cubana-detenida-por-denunciar-la-falta-de-agua/476893.html","video_url":null,"youtube_conversion_active":false,"youtube_conversion_error":"","youtube_conversion_status":""}],"next_num":2,"page":1,"pages":25,"per_page":20,"prev_num":null,"total":485}
