{"applied_filters":{"end_date":"","lang":"","language":"","network":"Mart\u00ed Noticias","page":11,"per_page":20,"search":"","source":"","start_date":"","topic":"","type":"photo"},"available_filters":{"language_choices":[{"label":"Choose Language","value":""},{"label":"English","value":"English"},{"label":"Espa\u00f1ol","value":"Espa\u00f1ol"}],"network_choices":[{"label":"All networks","value":""},{"label":"Mart\u00ed Noticias","value":"Mart\u00ed Noticias"}],"source_choices":[{"label":"All sources","value":""},{"label":"Mart\u00ed Noticias RSS","value":"radiotelevisionmarti_com_rss"}],"sources":["radiotelevisionmarti_com_rss"],"topics":[],"types":[["","All types"],["article","Articles"],["audio","Audio"],["video","Videos"],["clips","Clips"],["media","Media"]]},"has_next":true,"has_prev":true,"items":[{"article_body_paragraphs":[],"audio_source_url":null,"author":"Laura Artal","available_dubs":[],"downloadable_assets":["https://gdb.martinoticias.com/6cfc7a5a-b926-4fa2-bc47-08def2b1d8dc_w1600_r1_n_s.jpg"],"duration_display":"0:00","duration_seconds":null,"embed_url":null,"id":7679,"image_caption":null,"image_url":"https://gdb.martinoticias.com/6cfc7a5a-b926-4fa2-bc47-08def2b1d8dc_w1600_r1_n_s.jpg","is_clip":false,"is_youtube_embed":false,"item_type":"photo","item_type_label":"Photo","language_label":"Espa\u00f1ol","media_credit":"Laura Artal","micro_label":"Photo","micro_label_kind":"gallery","network_label":"Mart\u00ed Noticias","network_logo_url":"/static/uploads/direct_network_logos/ocb_0888427dcb1d.svg","published_at":"2026-08-21T18:28:28","published_at_display":"21 Aug 2026, 18:28 GMT","sequence_badge_label":null,"sequence_count":null,"sequence_count_label":null,"sequence_frames":[],"sequence_kind":null,"source_name":"radiotelevisionmarti_com_rss","source_name_label":"Mart\u00ed Noticias RSS","source_type":"rss","summary":"Funcionarios y l\u00edderes de la comunidad del sur de Florida respaldaron las nuevas sanciones de Estados Unidos contra funcionarios y entidades vinculadas al r\u00e9gimen cubano.","title":"Oficiales electos de Florida respaldan nuevas sanciones de EEUU contra el r\u00e9gimen cubano","topic":null,"translation_language":"","url":"https://www.martinoticias.com/a/oficiales-electos-de-florida-respaldan-nuevas-sanciones-de-eeuu-contra-el-r%c3%a9gimen-cubano/475972.html","video_url":null,"youtube_conversion_active":false,"youtube_conversion_error":"","youtube_conversion_status":""},{"article_body_paragraphs":[],"audio_source_url":null,"author":"Redacci\u00f3n Mart\u00ed Noticias","available_dubs":[],"downloadable_assets":["https://gdb.martinoticias.com/4c267261-780b-4ec1-9921-eb9c632321df_cx0_cy10_cw0_w1600_r1_n_s.jpg"],"duration_display":"0:00","duration_seconds":null,"embed_url":null,"id":7680,"image_caption":null,"image_url":"https://gdb.martinoticias.com/4c267261-780b-4ec1-9921-eb9c632321df_cx0_cy10_cw0_w1600_r1_n_s.jpg","is_clip":false,"is_youtube_embed":false,"item_type":"photo","item_type_label":"Photo","language_label":"Espa\u00f1ol","media_credit":"Redacci\u00f3n Mart\u00ed Noticias","micro_label":"Photo","micro_label_kind":"gallery","network_label":"Mart\u00ed Noticias","network_logo_url":"/static/uploads/direct_network_logos/ocb_0888427dcb1d.svg","published_at":"2026-08-21T18:09:58","published_at_display":"21 Aug 2026, 18:09 GMT","sequence_badge_label":null,"sequence_count":null,"sequence_count_label":null,"sequence_frames":[],"sequence_kind":null,"source_name":"radiotelevisionmarti_com_rss","source_name_label":"Mart\u00ed Noticias RSS","source_type":"rss","summary":"La CEPAL empeor\u00f3 las previsiones econ\u00f3micas para Cuba y situ\u00f3 al pa\u00eds como la econom\u00eda con mayor contracci\u00f3n proyectada de Am\u00e9rica Latina y el Caribe en 2026 Cuba, muy por debajo de Hait\u00ed...","title":"Desplome econ\u00f3mico de Cuba es mucho peor de lo que hab\u00eda estimado la CEPAL","topic":null,"translation_language":"","url":"https://www.martinoticias.com/a/cuba-muy-por-debajo-de-hait%c3%ad-en-informe-econ%c3%b3mico-de-cepal/475974.html","video_url":null,"youtube_conversion_active":false,"youtube_conversion_error":"","youtube_conversion_status":""},{"article_body_paragraphs":[],"audio_source_url":null,"author":"Ariane Gonz\u00e1lez","available_dubs":[],"downloadable_assets":["https://gdb.martinoticias.com/cdea67a2-a2f9-4634-aeb0-5a1a3a436ee8_cx0_cy8_cw0_w1600_r1_n_s.jpg"],"duration_display":"0:00","duration_seconds":null,"embed_url":null,"id":7662,"image_caption":null,"image_url":"https://gdb.martinoticias.com/cdea67a2-a2f9-4634-aeb0-5a1a3a436ee8_cx0_cy8_cw0_w1600_r1_n_s.jpg","is_clip":false,"is_youtube_embed":false,"item_type":"photo","item_type_label":"Photo","language_label":"Espa\u00f1ol","media_credit":"Ariane Gonz\u00e1lez","micro_label":"Photo","micro_label_kind":"gallery","network_label":"Mart\u00ed Noticias","network_logo_url":"/static/uploads/direct_network_logos/ocb_0888427dcb1d.svg","published_at":"2026-08-21T17:22:40","published_at_display":"21 Aug 2026, 17:22 GMT","sequence_badge_label":null,"sequence_count":null,"sequence_count_label":null,"sequence_frames":[],"sequence_kind":null,"source_name":"radiotelevisionmarti_com_rss","source_name_label":"Mart\u00ed Noticias RSS","source_type":"rss","summary":"Cuba perdi\u00f3 m\u00e1s de 313.000 habitantes en apenas un a\u00f1o, una contracci\u00f3n poblacional que para la directora del Observatorio de Envejecimiento, Cuidados y Derechos Cuido60, Elaine Acosta, confirma las advertencias realizadas durante a\u00f1os sobre el impacto de la emigraci\u00f3n masiva, la baja natalidad y una crisis estructural que amenaza con profundizar el deterioro demogr\u00e1fico de la isla. \u201cLas cifras recientemente reveladas por la ONEI respecto del panorama demogr\u00e1fico en Cuba aunque parezcan una sorpresa, la verdad es que, en estricto rigor, no lo son\u201d, afirm\u00f3 Acosta en declaraciones a Mart\u00ed Noticias. La especialista explic\u00f3 que Cuido60 lleva cinco a\u00f1os monitoreando los procesos relacionados con el envejecimiento, los cuidados y los derechos en Cuba y alertando sobre las consecuencias del acelerado envejecimiento de la poblaci\u00f3n. La reacci\u00f3n de Acosta se produce tras la publicaci\u00f3n por parte de la Oficina Nacional de Estad\u00edstica e Informaci\u00f3n (ONEI) del informe Indicadores Demogr\u00e1ficos de Cuba y sus territorios 2025. El documento oficial sit\u00faa la poblaci\u00f3n en 9.434.593 habitantes al cierre de 2025, frente a 9.748.007 al finalizar 2024, una disminuci\u00f3n de 313.414 personas. Estudios independientes arrojan otros n\u00famenos. Una investigaci\u00f3n del dem\u00f3grafo cubano Juan Carlos Albizu-Campos estim\u00f3 que a finales de 2024 la poblaci\u00f3n era de 8.025.624 personas. Las estad\u00edsticas oficiales reflejan adem\u00e1s un marcado desequilibrio entre nacimientos y muertes. Durante 2025 nacieron 68.064 personas y fallecieron 136.214, pr\u00e1cticamente dos defunciones por cada nacimiento. El saldo migratorio fue negativo en 245.264 personas. Seg\u00fan el informe, durante el a\u00f1o salieron del pa\u00eds 317.320 emigrantes externos, mientras se contabilizaron 72.056 inmigrantes externos. Acosta se\u00f1al\u00f3 que el \u00e9xodo de los \u00faltimos a\u00f1os ha acelerado una tendencia demogr\u00e1fica sobre la cual Cuido60 ya ven\u00eda alertando. \u201cDesde entonces y hasta ahora han ocurrido una serie de procesos sociales que obviamente han acelerado a\u00fan m\u00e1s este proceso, en particular la emigraci\u00f3n masiva, la ola, el \u00e9xodo migratorio\u201d, dijo la especialista, quien destac\u00f3 el incremento de ese fen\u00f3meno desde 2021. En sus declaraciones a Mart\u00ed Noticias, Acosta vincul\u00f3 tambi\u00e9n la ca\u00edda de la natalidad con las condiciones de vida de las familias cubanas. La crisis estructural, explic\u00f3, influye en decisiones personales como \u201cpostergar el nacimiento de los hijos o sencillamente no tenerlos\u201d. \u201cSencillamente, en esas condiciones estructurales es poco probable que estas din\u00e1micas se modifiquen. Muy por el contrario, lo que vamos a tener es un agravamiento de esta din\u00e1mica demogr\u00e1fica\u201d, advirti\u00f3. Para la directora de Cuido60, sin embargo, el envejecimiento de una sociedad no constituye por s\u00ed mismo el problema. La gravedad de la situaci\u00f3n cubana, sostuvo, est\u00e1 relacionada con las condiciones en las que envejece la poblaci\u00f3n y con la capacidad del Estado para adaptar sus pol\u00edticas a esa nueva realidad. \u201cHemos repetido en varias ocasiones que el envejecimiento demogr\u00e1fico en una poblaci\u00f3n no es una mala noticia; es una mala noticia cuando el Estado y las pol\u00edticas p\u00fablicas no se adaptan y no se ajustan para responder a las necesidades que esos cambios demogr\u00e1ficos generan\u201d, afirm\u00f3. Acosta consider\u00f3 que ese desajuste es precisamente uno de los principales problemas que enfrenta Cuba. \u201cLa crisis no tiene que ver estrictamente con las caracter\u00edsticas demogr\u00e1ficas de la poblaci\u00f3n, sino con las condiciones estructurales en las que ese envejecimiento demogr\u00e1fico se desarrolla y en la falta y desajuste de pol\u00edticas adecuadas que puedan responder a las nuevas necesidades y caracter\u00edsticas de la poblaci\u00f3n cubana\u201d, explic\u00f3. La especialista llam\u00f3 especialmente la atenci\u00f3n sobre las condiciones de los adultos mayores, que, seg\u00fan indic\u00f3, representan m\u00e1s del 26% de la poblaci\u00f3n cubana y enfrentan situaciones de pobreza, aislamiento social y un deterioro de sus condiciones de vida. \u201cEl problema no es envejecer, sino envejecer en condiciones dignas\u201d, sostuvo Acosta. Para la directora de Cuido60, la alarma que generan las nuevas estad\u00edsticas no responde \u00fanicamente a la magnitud del cambio poblacional, sino tambi\u00e9n a la respuesta de las autoridades. \u201cCualquier nuevo dato demogr\u00e1fico en este sentido va a representar una alarma, pero esa alarma viene dada por la incapacidad del Estado cubano para ofrecer soluciones pol\u00edticas y de pol\u00edtica p\u00fablica para enfrentar estos desaf\u00edos\u201d, afirm\u00f3 a Mart\u00ed Noticias. Acosta asegur\u00f3 que, en lugar de fortalecerse la respuesta institucional, se ha producido \u201cuna retirada progresiva del Estado cubano\u201d de la protecci\u00f3n social. Seg\u00fan explic\u00f3, las pol\u00edticas necesarias deber\u00edan abarcar la salud, la alimentaci\u00f3n y los programas sociales para las personas mayores, pero tambi\u00e9n atender las necesidades de las familias j\u00f3venes para que puedan proyectar un futuro para sus hijos en el pa\u00eds. Mientras esas condiciones no cambien estructuralmente, Acosta anticipa un panorama a\u00fan m\u00e1s complejo. \u201cEl escenario previsible es un agravamiento de las actuales condiciones\u201d, advirti\u00f3, y se\u00f1al\u00f3 que las consecuencias recaer\u00e1n especialmente sobre los sectores m\u00e1s desfavorecidos, entre ellos las personas mayores, a las que identific\u00f3 como uno de los grupos m\u00e1s empobrecidos de la poblaci\u00f3n cubana.","title":"Cuba perdi\u00f3 m\u00e1s de 313.000 habitantes en un a\u00f1o: experta alerta sobre el agravamiento de la crisis demogr\u00e1fica","topic":null,"translation_language":"","url":"https://www.martinoticias.com/a/cuba-perdi%c3%b3-m%c3%a1s-de-313-000-habitantes-en-un-a%c3%b1o-experta-alerta-sobre-el-agravamiento-de-la-crisis-demogr%c3%a1fica/475969.html","video_url":null,"youtube_conversion_active":false,"youtube_conversion_error":"","youtube_conversion_status":""},{"article_body_paragraphs":[],"audio_source_url":null,"author":"Rolando Cartaya","available_dubs":[],"downloadable_assets":["https://gdb.martinoticias.com/507c2e2c-948b-43da-7c5a-08def2b1c8fe_w1600_r1_n_s.jpg"],"duration_display":"0:00","duration_seconds":null,"embed_url":null,"id":7609,"image_caption":null,"image_url":"https://gdb.martinoticias.com/507c2e2c-948b-43da-7c5a-08def2b1c8fe_w1600_r1_n_s.jpg","is_clip":false,"is_youtube_embed":false,"item_type":"photo","item_type_label":"Photo","language_label":"Espa\u00f1ol","media_credit":"Rolando Cartaya","micro_label":"Photo","micro_label_kind":"gallery","network_label":"Mart\u00ed Noticias","network_logo_url":"/static/uploads/direct_network_logos/ocb_0888427dcb1d.svg","published_at":"2026-08-21T14:48:47","published_at_display":"21 Aug 2026, 14:48 GMT","sequence_badge_label":null,"sequence_count":null,"sequence_count_label":null,"sequence_frames":[],"sequence_kind":null,"source_name":"radiotelevisionmarti_com_rss","source_name_label":"Mart\u00ed Noticias RSS","source_type":"rss","summary":"Tras acogerlos en rom\u00e1nticos campamentos tropicales financiados por el Instituto Cubano de Amistad con los Pueblos, la Direcci\u00f3n de Inteligencia de Cuba devuelve a Estados Unidos a j\u00f3venes ya persuadidos de que hay que derrocar al Establishment, o sea, a la democracia.","title":"El ICAP y los caballos de Troya de la inteligencia castrista","topic":null,"translation_language":"","url":"https://www.martinoticias.com/a/el-icap-y-los-caballos-de-troya-de-la-inteligencia-castrista/475961.html","video_url":null,"youtube_conversion_active":false,"youtube_conversion_error":"","youtube_conversion_status":""},{"article_body_paragraphs":[],"audio_source_url":null,"author":"Yolanda Huerga","available_dubs":[],"downloadable_assets":["https://gdb.martinoticias.com/a2915092-a91a-4f3f-931a-d0f09f17e5f6_w1600_r1_n_s.jpg"],"duration_display":"0:00","duration_seconds":null,"embed_url":null,"id":7443,"image_caption":null,"image_url":"https://gdb.martinoticias.com/a2915092-a91a-4f3f-931a-d0f09f17e5f6_w1600_r1_n_s.jpg","is_clip":false,"is_youtube_embed":false,"item_type":"photo","item_type_label":"Photo","language_label":"Espa\u00f1ol","media_credit":"Yolanda Huerga","micro_label":"Photo","micro_label_kind":"gallery","network_label":"Mart\u00ed Noticias","network_logo_url":"/static/uploads/direct_network_logos/ocb_0888427dcb1d.svg","published_at":"2026-08-21T00:52:43","published_at_display":"21 Aug 2026, 00:52 GMT","sequence_badge_label":null,"sequence_count":null,"sequence_count_label":null,"sequence_frames":[],"sequence_kind":null,"source_name":"radiotelevisionmarti_com_rss","source_name_label":"Mart\u00ed Noticias RSS","source_type":"rss","summary":"La reciente inclusi\u00f3n de funcionarios del ICAP, ministerios y empresas estatales en la lista negra de la OFAC no solo busca asfixiar los ingresos de la tiran\u00eda, sino desmantelar sus redes de injerencia en la regi\u00f3n.","title":"\"Una visi\u00f3n clara de que la tiran\u00eda tiene que terminar\", cubanos sobre nuevas sanciones de EEUU","topic":null,"translation_language":"","url":"https://www.martinoticias.com/a/cubanos-reaccionan-a-nuevas-sanciones-de-eeuu-a-cuba/475896.html","video_url":null,"youtube_conversion_active":false,"youtube_conversion_error":"","youtube_conversion_status":""},{"article_body_paragraphs":[],"audio_source_url":null,"author":"Yolanda Huerga","available_dubs":[],"downloadable_assets":["https://gdb.martinoticias.com/a2915092-a91a-4f3f-931a-d0f09f17e5f6_w1600_r1_n_s.jpg"],"duration_display":"0:00","duration_seconds":null,"embed_url":null,"id":7438,"image_caption":null,"image_url":"https://gdb.martinoticias.com/a2915092-a91a-4f3f-931a-d0f09f17e5f6_w1600_r1_n_s.jpg","is_clip":false,"is_youtube_embed":false,"item_type":"photo","item_type_label":"Photo","language_label":"Espa\u00f1ol","media_credit":"Yolanda Huerga","micro_label":"Photo","micro_label_kind":"gallery","network_label":"Mart\u00ed Noticias","network_logo_url":"/static/uploads/direct_network_logos/ocb_0888427dcb1d.svg","published_at":"2026-08-21T00:18:08","published_at_display":"21 Aug 2026, 00:18 GMT","sequence_badge_label":null,"sequence_count":null,"sequence_count_label":null,"sequence_frames":[],"sequence_kind":null,"source_name":"radiotelevisionmarti_com_rss","source_name_label":"Mart\u00ed Noticias RSS","source_type":"rss","summary":"La reciente inclusi\u00f3n de funcionarios del ICAP, ministerios y empresas estatales en la lista negra de la OFAC no solo busca asfixiar los ingresos de la tiran\u00eda, sino desmantelar sus redes de injerencia en la regi\u00f3n.","title":"Cubanos reaccionan a nuevas sanciones de EEUU a Cuba","topic":null,"translation_language":"","url":"https://www.martinoticias.com/a/la-tiran%c3%ada-tiene-que-terminar-cubanos-reaccionan-a-nuevas-sanciones-de-eeuu/475896.html","video_url":null,"youtube_conversion_active":false,"youtube_conversion_error":"","youtube_conversion_status":""},{"article_body_paragraphs":[],"audio_source_url":null,"author":"Redacci\u00f3n Mart\u00ed Noticias","available_dubs":[],"downloadable_assets":["https://gdb.martinoticias.com/333edf12-9008-4df9-bc41-08def2b1d8dc_w1600_r1_n_s.jpg"],"duration_display":"0:00","duration_seconds":null,"embed_url":null,"id":7430,"image_caption":null,"image_url":"https://gdb.martinoticias.com/333edf12-9008-4df9-bc41-08def2b1d8dc_w1600_r1_n_s.jpg","is_clip":false,"is_youtube_embed":false,"item_type":"photo","item_type_label":"Photo","language_label":"Espa\u00f1ol","media_credit":"Redacci\u00f3n Mart\u00ed Noticias","micro_label":"Photo","micro_label_kind":"gallery","network_label":"Mart\u00ed Noticias","network_logo_url":"/static/uploads/direct_network_logos/ocb_0888427dcb1d.svg","published_at":"2026-08-20T23:04:47","published_at_display":"20 Aug 2026, 23:04 GMT","sequence_badge_label":null,"sequence_count":null,"sequence_count_label":null,"sequence_frames":[],"sequence_kind":null,"source_name":"radiotelevisionmarti_com_rss","source_name_label":"Mart\u00ed Noticias RSS","source_type":"rss","summary":"La exasesora adjunta de Seguridad Nacional K.T. McFarland asegur\u00f3 que Donald Trump podr\u00eda realizar una visita hist\u00f3rica a La Habana antes de concluir su mandato en 2029.","title":"Ex asesora de Trump espera que el presidente visite Cuba antes de 2029 (VIDEO)","topic":null,"translation_language":"","url":"https://www.martinoticias.com/a/ex-asesora-de-trump-espera-que-el-presidente-visite-cuba-antes-de-2029/475901.html","video_url":null,"youtube_conversion_active":false,"youtube_conversion_error":"","youtube_conversion_status":""},{"article_body_paragraphs":[],"audio_source_url":null,"author":"Redacci\u00f3n Mart\u00ed Noticias","available_dubs":[],"downloadable_assets":["https://gdb.martinoticias.com/1a3c6619-a48d-4ecf-a78e-3e13340b4ec6_w1600_r1_n_s.jpg"],"duration_display":"0:00","duration_seconds":null,"embed_url":null,"id":7424,"image_caption":null,"image_url":"https://gdb.martinoticias.com/1a3c6619-a48d-4ecf-a78e-3e13340b4ec6_w1600_r1_n_s.jpg","is_clip":false,"is_youtube_embed":false,"item_type":"photo","item_type_label":"Photo","language_label":"Espa\u00f1ol","media_credit":"Redacci\u00f3n Mart\u00ed Noticias","micro_label":"Photo","micro_label_kind":"gallery","network_label":"Mart\u00ed Noticias","network_logo_url":"/static/uploads/direct_network_logos/ocb_0888427dcb1d.svg","published_at":"2026-08-20T22:10:00","published_at_display":"20 Aug 2026, 22:10 GMT","sequence_badge_label":null,"sequence_count":null,"sequence_count_label":null,"sequence_frames":[],"sequence_kind":null,"source_name":"radiotelevisionmarti_com_rss","source_name_label":"Mart\u00ed Noticias RSS","source_type":"rss","summary":"\u201cEn USTR, estamos comprometidos a fortalecer nuestros lazos econ\u00f3micos y comerciales, incluso mediante la pronta negociaci\u00f3n de un Acuerdo sobre Comercio Rec\u00edproco\u201d, afirm\u00f3 en una declaraci\u00f3n difundida en X.","title":"EEUU busca acelerar un acuerdo comercial rec\u00edproco con Colombia tras el terremoto","topic":null,"translation_language":"","url":"https://www.martinoticias.com/a/eeuu-busca-acelerar-un-acuerdo-comercial-rec%c3%adproco-con-colombia-tras-el-terremoto/475895.html","video_url":null,"youtube_conversion_active":false,"youtube_conversion_error":"","youtube_conversion_status":""},{"article_body_paragraphs":[],"audio_source_url":null,"author":"Yolanda Huerga","available_dubs":[],"downloadable_assets":["https://gdb.martinoticias.com/fdb25366-60fd-4230-be93-08de3cb98067_cx0_cy10_cw0_w1600_r1_n_s.jpg"],"duration_display":"0:00","duration_seconds":null,"embed_url":null,"id":7408,"image_caption":null,"image_url":"https://gdb.martinoticias.com/fdb25366-60fd-4230-be93-08de3cb98067_cx0_cy10_cw0_w1600_r1_n_s.jpg","is_clip":false,"is_youtube_embed":false,"item_type":"photo","item_type_label":"Photo","language_label":"Espa\u00f1ol","media_credit":"Yolanda Huerga","micro_label":"Photo","micro_label_kind":"gallery","network_label":"Mart\u00ed Noticias","network_logo_url":"/static/uploads/direct_network_logos/ocb_0888427dcb1d.svg","published_at":"2026-08-20T21:16:07","published_at_display":"20 Aug 2026, 21:16 GMT","sequence_badge_label":null,"sequence_count":null,"sequence_count_label":null,"sequence_frames":[],"sequence_kind":null,"source_name":"radiotelevisionmarti_com_rss","source_name_label":"Mart\u00ed Noticias RSS","source_type":"rss","summary":"El Observatorio Cubano de Libertad de Expresi\u00f3n (OCLE) registr\u00f3 en julio un total de 272 violaciones, casi el doble que en junio.","title":"Julio cierra como el mes m\u00e1s represivo en Cuba con r\u00e9cord de 272 violaciones a la libertad de expresi\u00f3n y prensa","topic":null,"translation_language":"","url":"https://www.martinoticias.com/a/julio-cierra-como-el-mes-m%c3%a1s-represivo-en-cuba-con-r%c3%a9cord-de-272-violaciones-a-la-libertad-de-expresi%c3%b3n-y-prensa/475888.html","video_url":null,"youtube_conversion_active":false,"youtube_conversion_error":"","youtube_conversion_status":""},{"article_body_paragraphs":[],"audio_source_url":null,"author":"Jos\u00e9 Pernalete","available_dubs":[],"downloadable_assets":["https://gdb.martinoticias.com/1258c742-956b-4147-68c3-08def2ff2efe_w1600_r1_n_s.png"],"duration_display":"0:00","duration_seconds":null,"embed_url":null,"id":7396,"image_caption":null,"image_url":"https://gdb.martinoticias.com/1258c742-956b-4147-68c3-08def2ff2efe_w1600_r1_n_s.png","is_clip":false,"is_youtube_embed":false,"item_type":"photo","item_type_label":"Photo","language_label":"Espa\u00f1ol","media_credit":"Jos\u00e9 Pernalete","micro_label":"Photo","micro_label_kind":"gallery","network_label":"Mart\u00ed Noticias","network_logo_url":"/static/uploads/direct_network_logos/ocb_0888427dcb1d.svg","published_at":"2026-08-20T20:57:00","published_at_display":"20 Aug 2026, 20:57 GMT","sequence_badge_label":null,"sequence_count":null,"sequence_count_label":null,"sequence_frames":[],"sequence_kind":null,"source_name":"radiotelevisionmarti_com_rss","source_name_label":"Mart\u00ed Noticias RSS","source_type":"rss","summary":"Estados Unidos y Amazon, junto a la organizaci\u00f3n Airlink, completaron este jueves el puente a\u00e9reo humanitario establecido para trasladar asistencia a Venezuela tras los terremotos del 24 de junio. Con la salida del s\u00e9ptimo vuelo desde el Aeropuerto Internacional de Miami, la operaci\u00f3n supera las 250 toneladas de suministros enviados a las comunidades afectadas. La iniciativa reuni\u00f3 al Departamento de Estado, Amazon, Airlink, el Programa Mundial de Alimentos (PMA) de Naciones Unidas y organizaciones humanitarias que trabajan tanto en Estados Unidos como en Venezuela. EEUU y Amazon completan puente a\u00e9reo humanitario para damnificados en Venezuela Natalia Molano, portavoz del Departamento de Estado, explic\u00f3 a Mart\u00ed Noticias que la culminaci\u00f3n de estos siete vuelos no significa el fin de la asistencia estadounidense al pa\u00eds. \u201cEstados Unidos est\u00e1 completamente comprometido con el pueblo venezolano a largo plazo, no solamente para llegar a las necesidades inmediatas, sino tambi\u00e9n, a largo plazo, con la recuperaci\u00f3n y la reconstrucci\u00f3n\u201d, afirm\u00f3 Molano. La portavoz destac\u00f3 que el puente a\u00e9reo permiti\u00f3 conectar a organizaciones que hab\u00edan recolectado donaciones en Estados Unidos con la capacidad log\u00edstica necesaria para trasladarlas a Venezuela. Seg\u00fan explic\u00f3, Airlink sirvi\u00f3 de enlace con las organizaciones humanitarias para facilitar el transporte, mientras Amazon aport\u00f3 capacidad a\u00e9rea como parte de la operaci\u00f3n. Una vez en Venezuela, el Programa Mundial de Alimentos recibe los suministros y trabaja con organizaciones que tienen acceso directo a las poblaciones vulnerables. Molano calific\u00f3 el puente a\u00e9reo como un modelo de trabajo conjunto entre el sector p\u00fablico, empresas privadas y organizaciones humanitarias. \u201cTodo esto es un trabajo en equipo, es algo innovador para facilitar todas las contribuciones del sector privado, del sector p\u00fablico y las organizaciones humanitarias. Todos est\u00e1n trabajando en conjunto para el beneficio del pueblo venezolano\u201d, se\u00f1al\u00f3. Amazon aporta capacidad log\u00edstica Allie Faddis, directora de Operaciones Globales de Aviaci\u00f3n de Amazon, destac\u00f3 la participaci\u00f3n de la compa\u00f1\u00eda en la respuesta humanitaria. \u201cUno de los aspectos que m\u00e1s me gusta de trabajar en Amazon es c\u00f3mo retribuimos no solo a las comunidades a las que servimos, sino tambi\u00e9n a comunidades de todo el mundo que necesitan ayuda\u201d, dijo Faddis. Los vuelos transportaron alimentos, art\u00edculos de higiene y suministros para refugios, entre otros materiales destinados a atender las consecuencias de los terremotos. La distribuci\u00f3n no termina con la llegada de los aviones a Caracas. El Programa Mundial de Alimentos trabaja con organizaciones locales para trasladar los suministros hasta las comunidades afectadas. Paul Skocholis, director de Alianzas con el Sector Privado del PMA, explic\u00f3 el alcance de esa red. \u201cAl llegar a Caracas, el Programa Mundial de Alimentos descarga el material y colaboramos con 80 organizaciones locales en Venezuela para atender a las personas m\u00e1s necesitadas en todo el pa\u00eds\u201d. Hasta el 24 de julio, el PMA hab\u00eda atendido a m\u00e1s de 120.000 personas y entregado cerca de 284.000 comidas calientes. La organizaci\u00f3n tambi\u00e9n se\u00f1ala que unas 24.000 personas todav\u00eda no cuentan con refugio. M\u00e1s de $386 millones en asistencia La finalizaci\u00f3n del puente a\u00e9reo no supone el cierre de la respuesta humanitaria estadounidense, enfatiz\u00f3 el Departamento de Estado. Molano dijo que desde los terremotos de junio Estados Unidos ha destinado m\u00e1s de 386 millones de d\u00f3lares en asistencia humanitaria para Venezuela. La respuesta estadounidense tambi\u00e9n incluy\u00f3 el despliegue de m\u00e1s de 300 especialistas en b\u00fasqueda y rescate, adem\u00e1s de personal militar que particip\u00f3 en las labores posteriores al desastre. La asistencia ha estado dirigida a atender necesidades de salud, alimentaci\u00f3n, agua y saneamiento, refugio y otras \u00e1reas esenciales para las comunidades afectadas. Con la culminaci\u00f3n de los siete vuelos del puente a\u00e9reo, termina esta fase de transporte coordinada con Amazon y Airlink, mientras contin\u00faa el trabajo de Estados Unidos y las organizaciones humanitarias en la recuperaci\u00f3n de las zonas afectadas por los terremotos.","title":"EEUU y Amazon completan puente a\u00e9reo con m\u00e1s de 250 toneladas de ayuda para Venezuela (VIDEO)","topic":null,"translation_language":"","url":"https://www.martinoticias.com/a/475893.html","video_url":null,"youtube_conversion_active":false,"youtube_conversion_error":"","youtube_conversion_status":""},{"article_body_paragraphs":[],"audio_source_url":null,"author":"Rolando N\u00e1poles","available_dubs":[],"downloadable_assets":["https://gdb.martinoticias.com/2622cf4f-efc1-4ac8-68c4-08def2ff2efe_w1600_r1_n_s.png"],"duration_display":"0:00","duration_seconds":null,"embed_url":null,"id":7397,"image_caption":null,"image_url":"https://gdb.martinoticias.com/2622cf4f-efc1-4ac8-68c4-08def2ff2efe_w1600_r1_n_s.png","is_clip":false,"is_youtube_embed":false,"item_type":"photo","item_type_label":"Photo","language_label":"Espa\u00f1ol","media_credit":"Rolando N\u00e1poles","micro_label":"Photo","micro_label_kind":"gallery","network_label":"Mart\u00ed Noticias","network_logo_url":"/static/uploads/direct_network_logos/ocb_0888427dcb1d.svg","published_at":"2026-08-20T20:47:46","published_at_display":"20 Aug 2026, 20:47 GMT","sequence_badge_label":null,"sequence_count":null,"sequence_count_label":null,"sequence_frames":[],"sequence_kind":null,"source_name":"radiotelevisionmarti_com_rss","source_name_label":"Mart\u00ed Noticias RSS","source_type":"rss","summary":"El epicentro se registr\u00f3 en un distrito de Parinacochas, en en el departamento de Ayacucho, a unos 791 kil\u00f3metros al sureste de Lima, con una profundidad de 66,6 kil\u00f3metros.","title":"Sismo de magnitud de 6,7 sacude el sur de Per\u00fa","topic":null,"translation_language":"","url":"https://www.martinoticias.com/a/sismo-sacude-el-sur-de-per%c3%ba/475892.html","video_url":null,"youtube_conversion_active":false,"youtube_conversion_error":"","youtube_conversion_status":""},{"article_body_paragraphs":[],"audio_source_url":null,"author":"Janisset Rivero","available_dubs":[],"downloadable_assets":["https://gdb.martinoticias.com/2e5f3767-0056-4237-fae7-08de3bfab561_w1600_r1_n_s.jpeg"],"duration_display":"0:00","duration_seconds":null,"embed_url":null,"id":7384,"image_caption":null,"image_url":"https://gdb.martinoticias.com/2e5f3767-0056-4237-fae7-08de3bfab561_w1600_r1_n_s.jpeg","is_clip":false,"is_youtube_embed":false,"item_type":"photo","item_type_label":"Photo","language_label":"Espa\u00f1ol","media_credit":"Janisset Rivero","micro_label":"Photo","micro_label_kind":"gallery","network_label":"Mart\u00ed Noticias","network_logo_url":"/static/uploads/direct_network_logos/ocb_0888427dcb1d.svg","published_at":"2026-08-20T20:36:29","published_at_display":"20 Aug 2026, 20:36 GMT","sequence_badge_label":null,"sequence_count":null,"sequence_count_label":null,"sequence_frames":[],"sequence_kind":null,"source_name":"radiotelevisionmarti_com_rss","source_name_label":"Mart\u00ed Noticias RSS","source_type":"rss","summary":"Pese al incumplimiento de deudas, la falta de transparencia y las reiteradas violaciones de derechos humanos, La Habana contin\u00faa recibiendo millones de euros en ayudas, pr\u00e9stamos y programas de cooperaci\u00f3n...","title":"Informe cuestiona apoyo de las Administraciones espa\u00f1olas al castrismo","topic":null,"translation_language":"","url":"https://www.martinoticias.com/a/informe-cuestiona-apoyo-de-las-administraciones-espa%c3%b1olas-al-castrismo/475886.html","video_url":null,"youtube_conversion_active":false,"youtube_conversion_error":"","youtube_conversion_status":""},{"article_body_paragraphs":[],"audio_source_url":null,"author":"Rolando N\u00e1poles","available_dubs":[],"downloadable_assets":["https://gdb.martinoticias.com/578ee836-8ce2-452f-bc3f-08def2b1d8dc_w1600_r1_n_s.png"],"duration_display":"0:00","duration_seconds":null,"embed_url":null,"id":7352,"image_caption":null,"image_url":"https://gdb.martinoticias.com/578ee836-8ce2-452f-bc3f-08def2b1d8dc_w1600_r1_n_s.png","is_clip":false,"is_youtube_embed":false,"item_type":"photo","item_type_label":"Photo","language_label":"Espa\u00f1ol","media_credit":"Rolando N\u00e1poles","micro_label":"Photo","micro_label_kind":"gallery","network_label":"Mart\u00ed Noticias","network_logo_url":"/static/uploads/direct_network_logos/ocb_0888427dcb1d.svg","published_at":"2026-08-20T19:15:05","published_at_display":"20 Aug 2026, 19:15 GMT","sequence_badge_label":null,"sequence_count":null,"sequence_count_label":null,"sequence_frames":[],"sequence_kind":null,"source_name":"radiotelevisionmarti_com_rss","source_name_label":"Mart\u00ed Noticias RSS","source_type":"rss","summary":"La Marina de M\u00e9xico localiz\u00f3 una embarcaci\u00f3n con 19 balseros cubanos desaparecida desde la semana pasada, seg\u00fan inform\u00f3 una fuente oficial citada por AFP.","title":"Hallan embarcaci\u00f3n con 19 balseros cubanos desaparecidos, reporta AFP","topic":null,"translation_language":"","url":"https://www.martinoticias.com/a/hallan-embarcaci%c3%b3n-con-19-balseros-cubanos-desaparecidos-desde-hace-una-semana-reporta-afp/475882.html","video_url":null,"youtube_conversion_active":false,"youtube_conversion_error":"","youtube_conversion_status":""},{"article_body_paragraphs":[],"audio_source_url":null,"author":"Redacci\u00f3n Mart\u00ed Noticias","available_dubs":[],"downloadable_assets":["https://gdb.martinoticias.com/e01723a9-888a-495a-b689-434143e51df6_w1600_r1_n_s.jpg"],"duration_display":"0:00","duration_seconds":null,"embed_url":null,"id":7342,"image_caption":null,"image_url":"https://gdb.martinoticias.com/e01723a9-888a-495a-b689-434143e51df6_w1600_r1_n_s.jpg","is_clip":false,"is_youtube_embed":false,"item_type":"photo","item_type_label":"Photo","language_label":"Espa\u00f1ol","media_credit":"Redacci\u00f3n Mart\u00ed Noticias","micro_label":"Photo","micro_label_kind":"gallery","network_label":"Mart\u00ed Noticias","network_logo_url":"/static/uploads/direct_network_logos/ocb_0888427dcb1d.svg","published_at":"2026-08-20T18:54:09","published_at_display":"20 Aug 2026, 18:54 GMT","sequence_badge_label":null,"sequence_count":null,"sequence_count_label":null,"sequence_frames":[],"sequence_kind":null,"source_name":"radiotelevisionmarti_com_rss","source_name_label":"Mart\u00ed Noticias RSS","source_type":"rss","summary":"\u201cFuncion\u00f3 en Venezuela una vez que establecimos el bloqueo; est\u00e1 funcionando en Cuba ahora mismo. Y funcionar\u00e1 en Ir\u00e1n: vamos a provocar el colapso de este r\u00e9gimen\u201d, dijo Bessent en una entrevista con Sara Eisen en el programa Squawk on the Street, de CNBC.","title":"Bessent afirma que la presi\u00f3n econ\u00f3mica de EEUU \u201cest\u00e1 funcionando en Cuba\u201d","topic":null,"translation_language":"","url":"https://www.martinoticias.com/a/bessent-afirma-que-la-presi%c3%b3n-econ%c3%b3mica-de-eeuu-est%c3%a1-funcionando-en-cuba/475883.html","video_url":null,"youtube_conversion_active":false,"youtube_conversion_error":"","youtube_conversion_status":""},{"article_body_paragraphs":[],"audio_source_url":null,"author":"Redacci\u00f3n Mart\u00ed Noticias","available_dubs":[],"downloadable_assets":["https://gdb.martinoticias.com/36ed012f-4369-49c6-87e4-81fcdf3a4719_cx0_cy10_cw0_w1600_r1_n_s.jpg"],"duration_display":"0:00","duration_seconds":null,"embed_url":null,"id":7327,"image_caption":null,"image_url":"https://gdb.martinoticias.com/36ed012f-4369-49c6-87e4-81fcdf3a4719_cx0_cy10_cw0_w1600_r1_n_s.jpg","is_clip":false,"is_youtube_embed":false,"item_type":"photo","item_type_label":"Photo","language_label":"Espa\u00f1ol","media_credit":"Redacci\u00f3n Mart\u00ed Noticias","micro_label":"Photo","micro_label_kind":"gallery","network_label":"Mart\u00ed Noticias","network_logo_url":"/static/uploads/direct_network_logos/ocb_0888427dcb1d.svg","published_at":"2026-08-20T18:30:03","published_at_display":"20 Aug 2026, 18:30 GMT","sequence_badge_label":null,"sequence_count":null,"sequence_count_label":null,"sequence_frames":[],"sequence_kind":null,"source_name":"radiotelevisionmarti_com_rss","source_name_label":"Mart\u00ed Noticias RSS","source_type":"rss","summary":"\u201cLas designaciones de hoy dejan claro que la Administraci\u00f3n Trump no tolerar\u00e1 los esfuerzos del r\u00e9gimen cubano por financiar su represi\u00f3n ni por continuar su campa\u00f1a de d\u00e9cadas de actividades subversivas antiestadounidenses\u201d, subray\u00f3 el secretario de Estado Marco Rubio.","title":"Rubio advierte a Cuba que EEUU no tolerar\u00e1 actividades subversivas del r\u00e9gimen en su contra","topic":null,"translation_language":"","url":"https://www.martinoticias.com/a/rubio-advierte-a-la-habana-que-eeuu-no-tolerar%c3%a1-actividades-subversivas-del-r%c3%a9gimen-en-su-contra/475879.html","video_url":null,"youtube_conversion_active":false,"youtube_conversion_error":"","youtube_conversion_status":""},{"article_body_paragraphs":[],"audio_source_url":null,"author":"Redacci\u00f3n Mart\u00ed Noticias","available_dubs":[],"downloadable_assets":["https://gdb.martinoticias.com/a58b7f45-27e9-4da6-5a60-08decd6ea425_w1600_r1_n_s.jpg"],"duration_display":"0:00","duration_seconds":null,"embed_url":null,"id":7310,"image_caption":null,"image_url":"https://gdb.martinoticias.com/a58b7f45-27e9-4da6-5a60-08decd6ea425_w1600_r1_n_s.jpg","is_clip":false,"is_youtube_embed":false,"item_type":"photo","item_type_label":"Photo","language_label":"Espa\u00f1ol","media_credit":"Redacci\u00f3n Mart\u00ed Noticias","micro_label":"Photo","micro_label_kind":"gallery","network_label":"Mart\u00ed Noticias","network_logo_url":"/static/uploads/direct_network_logos/ocb_0888427dcb1d.svg","published_at":"2026-08-20T17:50:52","published_at_display":"20 Aug 2026, 17:50 GMT","sequence_badge_label":null,"sequence_count":null,"sequence_count_label":null,"sequence_frames":[],"sequence_kind":null,"source_name":"radiotelevisionmarti_com_rss","source_name_label":"Mart\u00ed Noticias RSS","source_type":"rss","summary":"Estados Unidos sancion\u00f3 este jueves a tres funcionarios del Instituto Cubano de Amistad con los Pueblos (ICAP), a varias entidades estatales, incluyendo empresas mineras y el Ministerio de la Construcci\u00f3n, y a la empresa que por d\u00e9cadas ha regulado la contrataci\u00f3n de cubanos para el mercado laboral de firmas extranjeras en la isla. Las medidas de este 20 de agosto de 2026 fueron anunciadas por la Oficina de Control de Activos Extranjeros (OFAC) del Departamento del Tesoro de Estados Unidos, que actualiz\u00f3 la Lista de Nacionales Especialmente Designados (SDN) e incorpor\u00f3 nuevas sanciones, basadas en la Orden Ejecutiva 14404, firmada por el presidente Donald Trump en mayo, en la que determin\u00f3 que las pol\u00edticas, pr\u00e1cticas y acciones del r\u00e9gimen de Cuba constituyen una amenaza inusual y extraordinaria a la seguridad nacional y la pol\u00edtica exterior de Estados Unidos. Noem\u00ed Rabaza Fern\u00e1ndez, Vicepresidenta Primera del ICAP. Entre los cubanos sancionados figuran tres directivos del Instituto Cubano de Amistad con los Pueblos: Fernando Gonz\u00e1lez Llort, Leima Mart\u00ednez Freire y Noem\u00ed Ramona Rabaza Fern\u00e1ndez. Gonz\u00e1lez Llort, quien dirige el ICAP, fue convicto por espionaje en los Estados Unidos como parte de la Red Avispa, cumpli\u00f3 15 a\u00f1os de una sentencia de 17 a\u00f1os en prisi\u00f3n por no registrarse como un agente extranjero y poseer documentos de identidad falsificados. Adem\u00e1s, con las sanciones de hoy se actualiz\u00f3 la informaci\u00f3n sobre el ICAP y sus extensiones, como la llamada \"Casa de la Amistad\", ubicada en Paseo e/ 17 y 19, Vedado, en la que fuera la residencia privada de Catalina Lasa y Juan Pedro Bar\u00f3 ; la \"Casa Memorial Salvador Allende\", localizada en Calle 13 e/ D y E, Vedado; y el Campamento Internacional Julio Antonio Mella de Caimito. La llamada \"Casa de la Amistad\", ubicada en Paseo e/ 17 y 19, Vedado, en la que fuera la residencia privada de Catalina Lasa y Juan Pedro Bar\u00f3. \"El r\u00e9gimen cubano ha patrocinado durante mucho tiempo una vasta red subversiva en Estados Unidos, cuyo objetivo es identificar, captar y radicalizar a subversivos, operando principalmente bajo el pretexto de intercambio educativo o cultural\", se\u00f1al\u00f3 el Secretario de Estado Marco Rubio en un comunicado . En el caso de Gonz\u00e1lez Llort, Rubio dijo que ha continuado realizando actividades destinadas a \u201cdesestabilizar\u201d a Estados Unidos despu\u00e9s de su regreso a Cuba. El director del ICAP posa en una sesi\u00f3n del Parlamento Europeo, el 16 de noviembre de 2023. En la ronda de hoy, el Departamento del Tesoro sancion\u00f3 a nueve entidades cubanas, en su mayor\u00eda empresas estatales. ACINOX Comercial (Empresa Acinox Comercial S.A.), dedicada a la fabricaci\u00f3n de hierro y acero b\u00e1sico y con sede en La Habana; La Agencia de Contrataci\u00f3n a Representaciones Comerciales S.A. (ACOREC S.A.), tambi\u00e9n en La Habana y orientada a la provisi\u00f3n de recursos humanos para las empresas extranjeras en la isla. Coratur S.A. (Corporaci\u00f3n de Abastecimiento al Turismo S.A.), ubicada en Miramar y vinculada al Grupo Empresarial del Comercio Exterior; La Empresa Central de Abastecimiento y Ventas de Equipos de Transporte Pesado y sus Piezas (conocida como Transimport), en Marianao, La Habana; La Empresa Comercializadora de Art\u00edculos en General (Consumimport), igualmente en La Habana; La Empresa de N\u00edquel Comandante Ernesto Che Guevara, localizada en Moa, Holgu\u00edn; La Empresa Importadora Exportadora y Comercializadora de Metales (Metalcuba), con sede en La Habana; El Grupo Empresarial Geominero Salinero (Geominsal), tambi\u00e9n en La Habana; El Ministerio de la Construcci\u00f3n de Cuba (MICONS o MINCONS), entidad gubernamental con sede en La Habana. Basadas en el informe El Departamento de Estado indic\u00f3 en un comunicado que estas designaciones se fundamentan en el informe del 20 de julio Cuba: La capital del comunismo del siglo XXI , el cual resume c\u00f3mo el r\u00e9gimen cubano ha utilizado durante d\u00e9cadas brigadas \u2014como la coordinada a principios de este mes por el ya designado ICAP\u2014 para promover los intereses de Cuba a expensas de los Estados Unidos. La larga sombra de La Habana: reporte expone d\u00e9cadas de espionaje y subversi\u00f3n de Cuba en EEUU Todas las partes sancionadas hoy por el Departamento de Estado han sido designadas en virtud de la Orden Ejecutiva 14404, que autoriza la imposici\u00f3n de sanciones a personas extranjeras que cumplan criterios espec\u00edficos relacionados con la represi\u00f3n en Cuba y otras amenazas a la seguridad nacional y la pol\u00edtica exterior de los Estados Unidos.","title":"EEUU sanciona a tres funcionarios del ICAP y a varias empresas cubanas","topic":null,"translation_language":"","url":"https://www.martinoticias.com/a/eeuu-sanciona-a-tres-funcionarios-del-icap-y-a-varias-empresas-cubanas/475877.html","video_url":null,"youtube_conversion_active":false,"youtube_conversion_error":"","youtube_conversion_status":""},{"article_body_paragraphs":[],"audio_source_url":null,"author":"Ariane Gonz\u00e1lez","available_dubs":[],"downloadable_assets":["https://gdb.martinoticias.com/baf5e7f8-b53d-4a46-5a5d-08decd6ea425_cx0_cy2_cw0_w1600_r1_n_s.jpeg"],"duration_display":"0:00","duration_seconds":null,"embed_url":null,"id":7299,"image_caption":null,"image_url":"https://gdb.martinoticias.com/baf5e7f8-b53d-4a46-5a5d-08decd6ea425_cx0_cy2_cw0_w1600_r1_n_s.jpeg","is_clip":false,"is_youtube_embed":false,"item_type":"photo","item_type_label":"Photo","language_label":"Espa\u00f1ol","media_credit":"Ariane Gonz\u00e1lez","micro_label":"Photo","micro_label_kind":"gallery","network_label":"Mart\u00ed Noticias","network_logo_url":"/static/uploads/direct_network_logos/ocb_0888427dcb1d.svg","published_at":"2026-08-20T17:41:35","published_at_display":"20 Aug 2026, 17:41 GMT","sequence_badge_label":null,"sequence_count":null,"sequence_count_label":null,"sequence_frames":[],"sequence_kind":null,"source_name":"radiotelevisionmarti_com_rss","source_name_label":"Mart\u00ed Noticias RSS","source_type":"rss","summary":"El opositor cubano Guillermo del Sol cumpli\u00f3 este 20 de agosto 64 d\u00edas en huelga de hambre, con s\u00edntomas de deshidrataci\u00f3n, presi\u00f3n arterial elevada, debilidad extrema y dificultades para hablar, inform\u00f3 a Mart\u00ed Noticias su hijo, Adri\u00e1n del Sol. La protesta comenz\u00f3 el 18 de junio pasado para exigir la liberaci\u00f3n de 18 presos pol\u00edticos cubanos cuyas condiciones de salud y encarcelamientoel el activista considera especialmente graves. \u201cGuillermo sigue en un estado cr\u00edtico, avanzado, con mucho deterioro en su cuerpo. Contin\u00faa presentando signos de deshidrataci\u00f3n e hipersensibilidad a la temperatura en los miembros inferiores\u201d, declar\u00f3 Adri\u00e1n. Seg\u00fan explic\u00f3, la presi\u00f3n arterial de su padre ha fluctuado entre 170/100 y 150/100, mientras su nivel de glucosa ronda los 4,5. Tambi\u00e9n presenta somnolencia, episodios de visi\u00f3n borrosa y problemas para expresarse en determinados momentos. Al momento de las declaraciones, la comisi\u00f3n m\u00e9dica que lo visita en su vivienda todav\u00eda no hab\u00eda acudido para medir sus par\u00e1metros vitales. \u201cEstamos muy atentos para, en caso de que cayera o sufriera un desmayo, poder trasladarlo a los servicios de urgencia en el menor tiempo posible y evitar que ocurra lo peor\u201d, afirm\u00f3 el hijo del opositor. Adri\u00e1n record\u00f3 que Guillermo del Sol padece diabetes e hipertensi\u00f3n, dos enfermedades que incrementan los riesgos asociados con la falta prolongada de alimentos. \u201cCada d\u00eda que pasa es una complicaci\u00f3n m\u00e1s que va padeciendo dentro de su cuerpo\u201d, advirti\u00f3. El opositor explic\u00f3 anteriormente a Mart\u00ed Noticias que decidi\u00f3 comenzar la huelga despu\u00e9s de una escalada represiva en su contra y de nuevas acusaciones judiciales que considera infundadas. Sin embargo, aclar\u00f3 que su demanda principal no est\u00e1 relacionada con su situaci\u00f3n personal. Su protesta reclama la excarcelaci\u00f3n de 18 presos pol\u00edticos, uno de los cuales, el joven Jonathan Muir, ya fue liberado. Entre los otros se encuentran Mayel\u00edn Rodr\u00edguez Prado, Donaida P\u00e9rez Paseiro, Sayl\u00ed Navarro \u00c1lvarez, Lizandra G\u00f3ngora Espinoza, Mar\u00eda Cristina Garrido Rodr\u00edguez, Miguel D\u00edaz Bauz\u00e1, Loreto Hern\u00e1ndez Garc\u00eda, F\u00e9lix Navarro Rodr\u00edguez, Jos\u00e9 Gabriel Barrenechea Ch\u00e1vez y los hermanos Jorge y Nadir Mart\u00edn Perdomo. Del Sol ha llamado especialmente la atenci\u00f3n sobre D\u00edaz Bauz\u00e1, quien lleva m\u00e1s de tres d\u00e9cadas encarcelado y padece diabetes. Tambi\u00e9n ha denunciado la situaci\u00f3n de F\u00e9lix Navarro, hist\u00f3rico opositor cubano, y de Loreto Hern\u00e1ndez, quien, seg\u00fan explic\u00f3, sufre una grave cardiopat\u00eda, diabetes y frecuentes desmayos. Activistas y organizaciones defensoras de los derechos humanos han reclamado acciones urgentes para preservar la vida de Guillermo del Sol ante el progresivo deterioro de su salud. En medio de esos llamados, la exdirigente del partido espa\u00f1ol Vox Roc\u00edo Monasterio anunci\u00f3 que apadrinar\u00e1 pol\u00edticamente a Del Sol y a Roil\u00e1n \u00c1lvarez Rensoler, como parte de la campa\u00f1a internacional \u201cApadrina a un preso pol\u00edtico\u201d, impulsada por el Instituto Casla. \u201cA partir de hoy ser\u00e9 la madrina de dos presos pol\u00edticos cubanos: Roil\u00e1n \u00c1lvarez Rensoler y Guillermo del Sol. \u00a1No est\u00e1is solos!\u201d, escribi\u00f3 Monasterio en la red social X. La pol\u00edtica hispanocubana prometi\u00f3 dar voz y visibilidad desde Espa\u00f1a a ambos opositores y a sus familias, y expres\u00f3 su esperanza de que pronto puedan recuperar la libertad.","title":"\u201cEstamos atentos para evitar lo peor\u201d: Guillermo del Sol cumple 64 d\u00edas en huelga de hambre","topic":null,"translation_language":"","url":"https://www.martinoticias.com/a/estamos-atentos-para-evitar-lo-peor-guillermo-del-sol-cumple-64-d%c3%adas-en-huelga-de-hambre/475875.html","video_url":null,"youtube_conversion_active":false,"youtube_conversion_error":"","youtube_conversion_status":""},{"article_body_paragraphs":[],"audio_source_url":null,"author":"Yaima Pardo","available_dubs":[],"downloadable_assets":["https://gdb.martinoticias.com/9d538ec5-1870-41de-b7ab-d3aea4f74d1e_w1600_r1_n_s.jpg"],"duration_display":"0:00","duration_seconds":null,"embed_url":null,"id":7300,"image_caption":null,"image_url":"https://gdb.martinoticias.com/9d538ec5-1870-41de-b7ab-d3aea4f74d1e_w1600_r1_n_s.jpg","is_clip":false,"is_youtube_embed":false,"item_type":"photo","item_type_label":"Photo","language_label":"Espa\u00f1ol","media_credit":"Yaima Pardo","micro_label":"Photo","micro_label_kind":"gallery","network_label":"Mart\u00ed Noticias","network_logo_url":"/static/uploads/direct_network_logos/ocb_0888427dcb1d.svg","published_at":"2026-08-20T17:32:53","published_at_display":"20 Aug 2026, 17:32 GMT","sequence_badge_label":null,"sequence_count":null,"sequence_count_label":null,"sequence_frames":[],"sequence_kind":null,"source_name":"radiotelevisionmarti_com_rss","source_name_label":"Mart\u00ed Noticias RSS","source_type":"rss","summary":"\"Tienes que escoger entre comprar un pomo de aceite o un uniforme al ni\u00f1o\u201d, dijo una de las entrevistadas a Mart\u00ed Noticias.","title":"\u201c\u00bfCon qu\u00e9 uniforme? \u00bfCon qu\u00e9 mochila?\u201d: familias cubanas enfrentan el regreso a las aulas","topic":null,"translation_language":"","url":"https://www.martinoticias.com/a/con-qu%c3%a9-uniforme-con-qu%c3%a9-mochila-familias-cubanas-enfrentan-el-regreso-a-las-aulas/475872.html","video_url":null,"youtube_conversion_active":false,"youtube_conversion_error":"","youtube_conversion_status":""},{"article_body_paragraphs":[],"audio_source_url":null,"author":null,"available_dubs":[],"downloadable_assets":["https://gdb.martinoticias.com/ac8bcbb7-39ea-4f61-ae39-3a4d608d26f2_cx0_cy11_cw0_w1600_r1_n_s.jpg"],"duration_display":"0:00","duration_seconds":null,"embed_url":null,"id":7301,"image_caption":null,"image_url":"https://gdb.martinoticias.com/ac8bcbb7-39ea-4f61-ae39-3a4d608d26f2_cx0_cy11_cw0_w1600_r1_n_s.jpg","is_clip":false,"is_youtube_embed":false,"item_type":"photo","item_type_label":"Photo","language_label":"Espa\u00f1ol","media_credit":null,"micro_label":"Photo","micro_label_kind":"gallery","network_label":"Mart\u00ed Noticias","network_logo_url":"/static/uploads/direct_network_logos/ocb_0888427dcb1d.svg","published_at":"2026-08-20T17:29:55","published_at_display":"20 Aug 2026, 17:29 GMT","sequence_badge_label":null,"sequence_count":null,"sequence_count_label":null,"sequence_frames":[],"sequence_kind":null,"source_name":"radiotelevisionmarti_com_rss","source_name_label":"Mart\u00ed Noticias RSS","source_type":"rss","summary":"Seg\u00fan dijo el Secretario de Estado, incluir\u00e1 una amplia gama de medidas destinadas a garantizar que la Corte Penal Internacional sea incapaz de amenazar la soberan\u00eda de EEUU o de tomar como objetivo a ciudadanos estadounidenses.","title":"Rubio promete campa\u00f1a de \"gran alcance\" contra la Corte Penal Internacional","topic":null,"translation_language":"","url":"https://www.martinoticias.com/a/rubio-promete-campa%c3%b1a-de-gran-alcance-contra-la-corte-penal-internacional/475876.html","video_url":null,"youtube_conversion_active":false,"youtube_conversion_error":"","youtube_conversion_status":""},{"article_body_paragraphs":[],"audio_source_url":null,"author":"Laura Artal","available_dubs":[],"downloadable_assets":["https://gdb.martinoticias.com/76fb255f-cd62-403b-03d6-08decd63a0c8_w1600_r1_n_s.png"],"duration_display":"0:00","duration_seconds":null,"embed_url":null,"id":7267,"image_caption":null,"image_url":"https://gdb.martinoticias.com/76fb255f-cd62-403b-03d6-08decd63a0c8_w1600_r1_n_s.png","is_clip":false,"is_youtube_embed":false,"item_type":"photo","item_type_label":"Photo","language_label":"Espa\u00f1ol","media_credit":"Laura Artal","micro_label":"Photo","micro_label_kind":"gallery","network_label":"Mart\u00ed Noticias","network_logo_url":"/static/uploads/direct_network_logos/ocb_0888427dcb1d.svg","published_at":"2026-08-20T16:06:16","published_at_display":"20 Aug 2026, 16:06 GMT","sequence_badge_label":null,"sequence_count":null,"sequence_count_label":null,"sequence_frames":[],"sequence_kind":null,"source_name":"radiotelevisionmarti_com_rss","source_name_label":"Mart\u00ed Noticias RSS","source_type":"rss","summary":"La presidenta de la Asamblea Nacional electa en 2015, Dinorah Figuera, anunci\u00f3 que en septiembre la mesa de negociaci\u00f3n entre la oposici\u00f3n y el oficialismo abordar\u00e1 las garant\u00edas pol\u00edticas y civiles en Venezuela.","title":"Garant\u00edas civiles, reforma del TSJ y fin de inhabilitaciones marcar\u00e1n agenda de di\u00e1logo en Venezuela","topic":null,"translation_language":"","url":"https://www.martinoticias.com/a/garant%c3%adas-civiles-reforma-del-tsj-y-fin-de-inhabilitaciones-marcar%c3%a1n-agenda-de-negociaci%c3%b3n-en-venezuela/475868.html","video_url":null,"youtube_conversion_active":false,"youtube_conversion_error":"","youtube_conversion_status":""}],"next_num":12,"page":11,"pages":25,"per_page":20,"prev_num":10,"total":487}
