{"applied_filters":{"end_date":"","lang":"","language":"","network":"Mart\u00ed Noticias","page":12,"per_page":20,"search":"","source":"","start_date":"","topic":"","type":"photo"},"available_filters":{"language_choices":[{"label":"Choose Language","value":""},{"label":"English","value":"English"},{"label":"Espa\u00f1ol","value":"Espa\u00f1ol"}],"network_choices":[{"label":"All networks","value":""},{"label":"Mart\u00ed Noticias","value":"Mart\u00ed Noticias"}],"source_choices":[{"label":"All sources","value":""},{"label":"Mart\u00ed Noticias RSS","value":"radiotelevisionmarti_com_rss"}],"sources":["radiotelevisionmarti_com_rss"],"topics":[],"types":[["","All types"],["article","Articles"],["audio","Audio"],["video","Videos"],["clips","Clips"],["media","Media"]]},"has_next":true,"has_prev":true,"items":[{"article_body_paragraphs":[],"audio_source_url":null,"author":"Laura Artal","available_dubs":[],"downloadable_assets":["https://gdb.martinoticias.com/76fb255f-cd62-403b-03d6-08decd63a0c8_w1600_r1_n_s.png"],"duration_display":"0:00","duration_seconds":null,"embed_url":null,"id":7267,"image_caption":null,"image_url":"https://gdb.martinoticias.com/76fb255f-cd62-403b-03d6-08decd63a0c8_w1600_r1_n_s.png","is_clip":false,"is_youtube_embed":false,"item_type":"photo","item_type_label":"Photo","language_label":"Espa\u00f1ol","media_credit":"Laura Artal","micro_label":"Photo","micro_label_kind":"gallery","network_label":"Mart\u00ed Noticias","network_logo_url":"/static/uploads/direct_network_logos/ocb_0888427dcb1d.svg","published_at":"2026-08-20T16:06:16","published_at_display":"20 Aug 2026, 16:06 GMT","sequence_badge_label":null,"sequence_count":null,"sequence_count_label":null,"sequence_frames":[],"sequence_kind":null,"source_name":"radiotelevisionmarti_com_rss","source_name_label":"Mart\u00ed Noticias RSS","source_type":"rss","summary":"La presidenta de la Asamblea Nacional electa en 2015, Dinorah Figuera, anunci\u00f3 que en septiembre la mesa de negociaci\u00f3n entre la oposici\u00f3n y el oficialismo abordar\u00e1 las garant\u00edas pol\u00edticas y civiles en Venezuela.","title":"Garant\u00edas civiles, reforma del TSJ y fin de inhabilitaciones marcar\u00e1n agenda de di\u00e1logo en Venezuela","topic":null,"translation_language":"","url":"https://www.martinoticias.com/a/garant%c3%adas-civiles-reforma-del-tsj-y-fin-de-inhabilitaciones-marcar%c3%a1n-agenda-de-negociaci%c3%b3n-en-venezuela/475868.html","video_url":null,"youtube_conversion_active":false,"youtube_conversion_error":"","youtube_conversion_status":""},{"article_body_paragraphs":[],"audio_source_url":null,"author":"Redacci\u00f3n Mart\u00ed Noticias","available_dubs":[],"downloadable_assets":["https://gdb.martinoticias.com/936c67ca-a626-4919-9d30-4aabf897f180_cx0_cy6_cw0_w1600_r1_n_s.jpg"],"duration_display":"0:00","duration_seconds":null,"embed_url":null,"id":7236,"image_caption":null,"image_url":"https://gdb.martinoticias.com/936c67ca-a626-4919-9d30-4aabf897f180_cx0_cy6_cw0_w1600_r1_n_s.jpg","is_clip":false,"is_youtube_embed":false,"item_type":"photo","item_type_label":"Photo","language_label":"Espa\u00f1ol","media_credit":"Redacci\u00f3n Mart\u00ed Noticias","micro_label":"Photo","micro_label_kind":"gallery","network_label":"Mart\u00ed Noticias","network_logo_url":"/static/uploads/direct_network_logos/ocb_0888427dcb1d.svg","published_at":"2026-08-20T15:36:52","published_at_display":"20 Aug 2026, 15:36 GMT","sequence_badge_label":null,"sequence_count":null,"sequence_count_label":null,"sequence_frames":[],"sequence_kind":null,"source_name":"radiotelevisionmarti_com_rss","source_name_label":"Mart\u00ed Noticias RSS","source_type":"rss","summary":"Estados Unidos record\u00f3 el cumplea\u00f1os 43 del rapero cubano Maykel Castillo P\u00e9rez, conocido como \u201cMaykel Osorbo\u201d, y reclam\u00f3 su liberaci\u00f3n, al considerar injusto su encarcelamiento en Cuba por motivos pol\u00edticos.","title":"EEUU denuncia encarcelamiento de Maykel Osorbo","topic":null,"translation_language":"","url":"https://www.martinoticias.com/a/eeuu-denuncia-encarcelamiento-de-maykel-osorbo/475869.html","video_url":null,"youtube_conversion_active":false,"youtube_conversion_error":"","youtube_conversion_status":""},{"article_body_paragraphs":[],"audio_source_url":null,"author":"Rolando N\u00e1poles","available_dubs":[],"downloadable_assets":["https://gdb.martinoticias.com/065ee5a7-538f-4cca-68b8-08def2ff2efe_w1600_r1_n_s.jpg"],"duration_display":"0:00","duration_seconds":null,"embed_url":null,"id":7237,"image_caption":null,"image_url":"https://gdb.martinoticias.com/065ee5a7-538f-4cca-68b8-08def2ff2efe_w1600_r1_n_s.jpg","is_clip":false,"is_youtube_embed":false,"item_type":"photo","item_type_label":"Photo","language_label":"Espa\u00f1ol","media_credit":"Rolando N\u00e1poles","micro_label":"Photo","micro_label_kind":"gallery","network_label":"Mart\u00ed Noticias","network_logo_url":"/static/uploads/direct_network_logos/ocb_0888427dcb1d.svg","published_at":"2026-08-20T15:27:37","published_at_display":"20 Aug 2026, 15:27 GMT","sequence_badge_label":null,"sequence_count":null,"sequence_count_label":null,"sequence_frames":[],"sequence_kind":null,"source_name":"radiotelevisionmarti_com_rss","source_name_label":"Mart\u00ed Noticias RSS","source_type":"rss","summary":"EEUU expres\u00f3 su disposici\u00f3n de apoyar a Per\u00fa ante los posibles efectos devastadores del fen\u00f3meno de El Ni\u00f1o, mientras ambos gobiernos coordinan acciones preventivas y una hoja de ruta conjunta para enfrentar lo que podr\u00eda convertirse en una de las emergencias clim\u00e1ticas m\u00e1s severas en la regi\u00f3n.","title":"EEUU apoya a Per\u00fa ante posible agravamiento de fen\u00f3meno \"El Ni\u00f1o\", afirma embajador Navarro","topic":null,"translation_language":"","url":"https://www.martinoticias.com/a/eeuu-apoya-a-per%c3%ba-ante-posible-agravamiento-de-fen%c3%b3meno-el-ni%c3%b1o-afirma-embajador-navarro/475866.html","video_url":null,"youtube_conversion_active":false,"youtube_conversion_error":"","youtube_conversion_status":""},{"article_body_paragraphs":[],"audio_source_url":null,"author":"Mario J. Pent\u00f3n","available_dubs":[],"downloadable_assets":["https://gdb.martinoticias.com/91f3ac9b-66f2-42b7-bc3b-08def2b1d8dc_w1600_r1_n_s.png"],"duration_display":"0:00","duration_seconds":null,"embed_url":null,"id":7215,"image_caption":null,"image_url":"https://gdb.martinoticias.com/91f3ac9b-66f2-42b7-bc3b-08def2b1d8dc_w1600_r1_n_s.png","is_clip":false,"is_youtube_embed":false,"item_type":"photo","item_type_label":"Photo","language_label":"Espa\u00f1ol","media_credit":"Mario J. Pent\u00f3n","micro_label":"Photo","micro_label_kind":"gallery","network_label":"Mart\u00ed Noticias","network_logo_url":"/static/uploads/direct_network_logos/ocb_0888427dcb1d.svg","published_at":"2026-08-20T14:48:25","published_at_display":"20 Aug 2026, 14:48 GMT","sequence_badge_label":null,"sequence_count":null,"sequence_count_label":null,"sequence_frames":[],"sequence_kind":null,"source_name":"radiotelevisionmarti_com_rss","source_name_label":"Mart\u00ed Noticias RSS","source_type":"rss","summary":"Google neg\u00f3 haber enviado la alerta s\u00edsmica que caus\u00f3 el p\u00e1nico entre la poblaci\u00f3n y asegur\u00f3 que su sistema no detect\u00f3 ning\u00fan terremoto en Cuba. Una fuente de ETECSA afirm\u00f3 que la alarma habr\u00eda surgido por una prueba interna que se propag\u00f3 por error. ETECSA a\u00fan no ha explicado qui\u00e9n la activ\u00f3.","title":"Google desmiente al r\u00e9gimen cubano; la alerta de terremoto tendr\u00eda como origen ETECSA (VIDEO)","topic":null,"translation_language":"","url":"https://www.martinoticias.com/a/google-desmiente-al-r%c3%a9gimen-cubano-la-alerta-de-terremoto-tendr%c3%ada-como-origen-etecsa/475861.html","video_url":null,"youtube_conversion_active":false,"youtube_conversion_error":"","youtube_conversion_status":""},{"article_body_paragraphs":[],"audio_source_url":null,"author":"Redacci\u00f3n Mart\u00ed Noticias","available_dubs":[],"downloadable_assets":["https://gdb.martinoticias.com/1f02de81-4f5a-437e-017d-08debb4c862b_cx0_cy7_cw0_w1600_r1_n_s.jpg"],"duration_display":"0:00","duration_seconds":null,"embed_url":null,"id":7200,"image_caption":null,"image_url":"https://gdb.martinoticias.com/1f02de81-4f5a-437e-017d-08debb4c862b_cx0_cy7_cw0_w1600_r1_n_s.jpg","is_clip":false,"is_youtube_embed":false,"item_type":"photo","item_type_label":"Photo","language_label":"Espa\u00f1ol","media_credit":"Redacci\u00f3n Mart\u00ed Noticias","micro_label":"Photo","micro_label_kind":"gallery","network_label":"Mart\u00ed Noticias","network_logo_url":"/static/uploads/direct_network_logos/ocb_0888427dcb1d.svg","published_at":"2026-08-20T14:16:42","published_at_display":"20 Aug 2026, 14:16 GMT","sequence_badge_label":null,"sequence_count":null,"sequence_count_label":null,"sequence_frames":[],"sequence_kind":null,"source_name":"radiotelevisionmarti_com_rss","source_name_label":"Mart\u00ed Noticias RSS","source_type":"rss","summary":"El subsecretario de Estado para Asuntos del Hemisferio Occidental de EEUU, Juan Pablo Segura, acus\u00f3 al conglomerado militar cubano GAESA de operar durante a\u00f1os sin supervisi\u00f3n estatal y de desviar miles de millones de d\u00f3lares de recursos p\u00fablicos.","title":"Alto funcionario de EEUU acusa a GAESA de operar sin auditor\u00edas y desviar miles de millones en Cuba","topic":null,"translation_language":"","url":"https://www.martinoticias.com/a/alto-funcionario-de-eeuu-acusa-a-gaesa-de-operar-sin-auditor%c3%adas-y-desviar-miles-de-millones-en-cuba/475860.html","video_url":null,"youtube_conversion_active":false,"youtube_conversion_error":"","youtube_conversion_status":""},{"article_body_paragraphs":[],"audio_source_url":null,"author":"Redacci\u00f3n Mart\u00ed Noticias","available_dubs":[],"downloadable_assets":["https://gdb.martinoticias.com/ac62cc00-755a-4193-ab3b-8175e1fe2085_cx19_cy20_cw74_w1600_r1_n_s.jpg"],"duration_display":"0:00","duration_seconds":null,"embed_url":null,"id":7048,"image_caption":null,"image_url":"https://gdb.martinoticias.com/ac62cc00-755a-4193-ab3b-8175e1fe2085_cx19_cy20_cw74_w1600_r1_n_s.jpg","is_clip":false,"is_youtube_embed":false,"item_type":"photo","item_type_label":"Photo","language_label":"Espa\u00f1ol","media_credit":"Redacci\u00f3n Mart\u00ed Noticias","micro_label":"Photo","micro_label_kind":"gallery","network_label":"Mart\u00ed Noticias","network_logo_url":"/static/uploads/direct_network_logos/ocb_0888427dcb1d.svg","published_at":"2026-08-20T01:05:18","published_at_display":"20 Aug 2026, 01:05 GMT","sequence_badge_label":null,"sequence_count":null,"sequence_count_label":null,"sequence_frames":[],"sequence_kind":null,"source_name":"radiotelevisionmarti_com_rss","source_name_label":"Mart\u00ed Noticias RSS","source_type":"rss","summary":"Trump dijo el mi\u00e9rcoles que convers\u00f3 la noche anterior con el primer ministro canadiense, Mark Carney, y asegur\u00f3 que Ottawa acept\u00f3 varios de los puntos planteados por Washington en las negociaciones.","title":"Trump aplaza aranceles a Canad\u00e1","topic":null,"translation_language":"","url":"https://www.martinoticias.com/a/trump-aplaza-aranceles-a-canad%c3%a1/475806.html","video_url":null,"youtube_conversion_active":false,"youtube_conversion_error":"","youtube_conversion_status":""},{"article_body_paragraphs":[],"audio_source_url":null,"author":"Yolanda Huerga","available_dubs":[],"downloadable_assets":["https://gdb.martinoticias.com/FDF34BD2-18D7-4CA5-BB2C-D6F023B913CB_w1600_r1_n_s.png"],"duration_display":"0:00","duration_seconds":null,"embed_url":null,"id":7049,"image_caption":null,"image_url":"https://gdb.martinoticias.com/FDF34BD2-18D7-4CA5-BB2C-D6F023B913CB_w1600_r1_n_s.png","is_clip":false,"is_youtube_embed":false,"item_type":"photo","item_type_label":"Photo","language_label":"Espa\u00f1ol","media_credit":"Yolanda Huerga","micro_label":"Photo","micro_label_kind":"gallery","network_label":"Mart\u00ed Noticias","network_logo_url":"/static/uploads/direct_network_logos/ocb_0888427dcb1d.svg","published_at":"2026-08-20T01:04:25","published_at_display":"20 Aug 2026, 01:04 GMT","sequence_badge_label":null,"sequence_count":null,"sequence_count_label":null,"sequence_frames":[],"sequence_kind":null,"source_name":"radiotelevisionmarti_com_rss","source_name_label":"Mart\u00ed Noticias RSS","source_type":"rss","summary":"El incendio del museo de Maffo: el suceso que marc\u00f3 un punto de no retorno en un pueblo oriental y desafi\u00f3, frente a las narices de la polic\u00eda pol\u00edtica, los s\u00edmbolos del poder.","title":"El r\u00e9gimen libera a otros tres de los j\u00f3venes detenidos por incendio en Maffo","topic":null,"translation_language":"","url":"https://www.martinoticias.com/a/el-r%c3%a9gimen-libera-a-otros-tres-de-los-j%c3%b3venes-detenidos-por-incendio-en-maffo/475811.html","video_url":null,"youtube_conversion_active":false,"youtube_conversion_error":"","youtube_conversion_status":""},{"article_body_paragraphs":[],"audio_source_url":null,"author":"Redacci\u00f3n Mart\u00ed Noticias","available_dubs":[],"downloadable_assets":["https://gdb.martinoticias.com/096c98c5-daed-424c-a441-9901059a53f7_w1600_r1_n_s.jpg"],"duration_display":"0:00","duration_seconds":null,"embed_url":null,"id":7036,"image_caption":null,"image_url":"https://gdb.martinoticias.com/096c98c5-daed-424c-a441-9901059a53f7_w1600_r1_n_s.jpg","is_clip":false,"is_youtube_embed":false,"item_type":"photo","item_type_label":"Photo","language_label":"Espa\u00f1ol","media_credit":"Redacci\u00f3n Mart\u00ed Noticias","micro_label":"Photo","micro_label_kind":"gallery","network_label":"Mart\u00ed Noticias","network_logo_url":"/static/uploads/direct_network_logos/ocb_0888427dcb1d.svg","published_at":"2026-08-20T00:00:13","published_at_display":"20 Aug 2026, 00:00 GMT","sequence_badge_label":null,"sequence_count":null,"sequence_count_label":null,"sequence_frames":[],"sequence_kind":null,"source_name":"radiotelevisionmarti_com_rss","source_name_label":"Mart\u00ed Noticias RSS","source_type":"rss","summary":"El presidente describi\u00f3 la iniciativa como una \u201cguerra econ\u00f3mica\u201d y asegur\u00f3 que implicar\u00e1 un nivel de aislamiento sin precedentes.","title":"Trump promete aislar a Ir\u00e1n \u201ca una escala sin precedentes\u201d con nuevas medidas econ\u00f3micas","topic":null,"translation_language":"","url":"https://www.martinoticias.com/a/trump-promete-aislar-a-ir%c3%a1n-a-una-escala-sin-precedentes-con-nuevas-medidas-econ%c3%b3micas/475859.html","video_url":null,"youtube_conversion_active":false,"youtube_conversion_error":"","youtube_conversion_status":""},{"article_body_paragraphs":[],"audio_source_url":null,"author":"Yaima Pardo","available_dubs":[],"downloadable_assets":["https://gdb.martinoticias.com/5b2f18df-f649-4a54-03d2-08decd63a0c8_w1600_r1_n_s.jpg"],"duration_display":"0:00","duration_seconds":null,"embed_url":null,"id":7034,"image_caption":null,"image_url":"https://gdb.martinoticias.com/5b2f18df-f649-4a54-03d2-08decd63a0c8_w1600_r1_n_s.jpg","is_clip":false,"is_youtube_embed":false,"item_type":"photo","item_type_label":"Photo","language_label":"Espa\u00f1ol","media_credit":"Yaima Pardo","micro_label":"Photo","micro_label_kind":"gallery","network_label":"Mart\u00ed Noticias","network_logo_url":"/static/uploads/direct_network_logos/ocb_0888427dcb1d.svg","published_at":"2026-08-19T23:33:29","published_at_display":"19 Aug 2026, 23:33 GMT","sequence_badge_label":null,"sequence_count":null,"sequence_count_label":null,"sequence_frames":[],"sequence_kind":null,"source_name":"radiotelevisionmarti_com_rss","source_name_label":"Mart\u00ed Noticias RSS","source_type":"rss","summary":"Familiares denuncian largas esperas, falta de medicamentos, alimentos y agua potable, as\u00ed como problemas de higiene en hospitales pedi\u00e1tricos de La Habana.","title":"Dengue, apagones y escasez: crece la preocupaci\u00f3n por la atenci\u00f3n pedi\u00e1trica en La Habana","topic":null,"translation_language":"","url":"https://www.martinoticias.com/a/dengue-apagones-y-escasez-crece-la-preocupaci%c3%b3n-por-la-atenci%c3%b3n-pedi%c3%a1trica-en-la-habana/475798.html","video_url":null,"youtube_conversion_active":false,"youtube_conversion_error":"","youtube_conversion_status":""},{"article_body_paragraphs":[],"audio_source_url":null,"author":"Iv\u00e1n Kasanzew","available_dubs":[],"downloadable_assets":["https://gdb.martinoticias.com/3f3d3c4b-edcd-4ea6-bc3a-08def2b1d8dc_cx0_cy16_cw0_w1600_r1_n_s.jpeg"],"duration_display":"0:00","duration_seconds":null,"embed_url":null,"id":7033,"image_caption":null,"image_url":"https://gdb.martinoticias.com/3f3d3c4b-edcd-4ea6-bc3a-08def2b1d8dc_cx0_cy16_cw0_w1600_r1_n_s.jpeg","is_clip":false,"is_youtube_embed":false,"item_type":"photo","item_type_label":"Photo","language_label":"Espa\u00f1ol","media_credit":"Iv\u00e1n Kasanzew","micro_label":"Photo","micro_label_kind":"gallery","network_label":"Mart\u00ed Noticias","network_logo_url":"/static/uploads/direct_network_logos/ocb_0888427dcb1d.svg","published_at":"2026-08-19T22:53:11","published_at_display":"19 Aug 2026, 22:53 GMT","sequence_badge_label":null,"sequence_count":null,"sequence_count_label":null,"sequence_frames":[],"sequence_kind":null,"source_name":"radiotelevisionmarti_com_rss","source_name_label":"Mart\u00ed Noticias RSS","source_type":"rss","summary":"Durante una entrevista con Mart\u00ed Noticias, Villatoro sostuvo que el principal cambio experimentado por el pa\u00eds ha sido recuperar condiciones de seguridad despu\u00e9s de d\u00e9cadas marcadas por la violencia y el control territorial de las pandillas.","title":"Ministro de Seguridad de El Salvador asegura que la pol\u00edtica de Bukele recuper\u00f3 el control frente a las pandillas","topic":null,"translation_language":"","url":"https://www.martinoticias.com/a/ministro-de-seguridad-de-el-salvador-asegura-que-la-pol%c3%adtica-de-bukele-recuper%c3%b3-el-control-frente-a-las-pandillas/475813.html","video_url":null,"youtube_conversion_active":false,"youtube_conversion_error":"","youtube_conversion_status":""},{"article_body_paragraphs":[],"audio_source_url":null,"author":"Redacci\u00f3n Mart\u00ed Noticias","available_dubs":[],"downloadable_assets":["https://gdb.martinoticias.com/3e7a3625-f51c-41f4-2f60-08de3c04d4d2_w1600_r1_n_s.png"],"duration_display":"0:00","duration_seconds":null,"embed_url":null,"id":7017,"image_caption":null,"image_url":"https://gdb.martinoticias.com/3e7a3625-f51c-41f4-2f60-08de3c04d4d2_w1600_r1_n_s.png","is_clip":false,"is_youtube_embed":false,"item_type":"photo","item_type_label":"Photo","language_label":"Espa\u00f1ol","media_credit":"Redacci\u00f3n Mart\u00ed Noticias","micro_label":"Photo","micro_label_kind":"gallery","network_label":"Mart\u00ed Noticias","network_logo_url":"/static/uploads/direct_network_logos/ocb_0888427dcb1d.svg","published_at":"2026-08-19T21:08:41","published_at_display":"19 Aug 2026, 21:08 GMT","sequence_badge_label":null,"sequence_count":null,"sequence_count_label":null,"sequence_frames":[],"sequence_kind":null,"source_name":"radiotelevisionmarti_com_rss","source_name_label":"Mart\u00ed Noticias RSS","source_type":"rss","summary":"El America First Policy Institute (AFPI) present\u00f3 un informe con 12 recomendaciones para endurecer la pol\u00edtica de Estados Unidos hacia Cuba, incluyendo una mayor presencia militar en el Caribe, nuevas sanciones al r\u00e9gimen y medidas para contrarrestar la influencia de China, Rusia e Ir\u00e1n en la isla.","title":"Sugieren 12 medidas a la Administraci\u00f3n Trump sobre Cuba basadas en el \"America First\"","topic":null,"translation_language":"","url":"https://www.martinoticias.com/a/sugieren-12-medidas-a-la-administraci%c3%b3n-trump-sobre-cuba-basadas-en-el-america-first/475808.html","video_url":null,"youtube_conversion_active":false,"youtube_conversion_error":"","youtube_conversion_status":""},{"article_body_paragraphs":[],"audio_source_url":null,"author":"Yaima Pardo","available_dubs":[],"downloadable_assets":["https://gdb.martinoticias.com/a75116c4-68b0-4885-cf9c-08decd5b38e4_w1600_r1_n_s.png"],"duration_display":"0:00","duration_seconds":null,"embed_url":null,"id":7018,"image_caption":null,"image_url":"https://gdb.martinoticias.com/a75116c4-68b0-4885-cf9c-08decd5b38e4_w1600_r1_n_s.png","is_clip":false,"is_youtube_embed":false,"item_type":"photo","item_type_label":"Photo","language_label":"Espa\u00f1ol","media_credit":"Yaima Pardo","micro_label":"Photo","micro_label_kind":"gallery","network_label":"Mart\u00ed Noticias","network_logo_url":"/static/uploads/direct_network_logos/ocb_0888427dcb1d.svg","published_at":"2026-08-19T21:06:15","published_at_display":"19 Aug 2026, 21:06 GMT","sequence_badge_label":null,"sequence_count":null,"sequence_count_label":null,"sequence_frames":[],"sequence_kind":null,"source_name":"radiotelevisionmarti_com_rss","source_name_label":"Mart\u00ed Noticias RSS","source_type":"rss","summary":"La periodista independiente y activista Yunia Figueredo denunci\u00f3 amenazas de la polic\u00eda pol\u00edtica tras participar en una actividad organizada por la Embajada de Estados Unidos en Cuba.","title":"Seguridad del Estado amenaza a activista Yunia Figueredo y detiene a su esposo","topic":null,"translation_language":"","url":"https://www.martinoticias.com/a/seguridad-del-estado-amenaza-a-activista-yunia-figueredo-y-detiene-a-su-esposo/475810.html","video_url":null,"youtube_conversion_active":false,"youtube_conversion_error":"","youtube_conversion_status":""},{"article_body_paragraphs":[],"audio_source_url":null,"author":"Jos\u00e9 Pernalete","available_dubs":[],"downloadable_assets":["https://gdb.martinoticias.com/caa6d741-e508-43bb-5a59-08decd6ea425_cx0_cy20_cw0_w1600_r1_n_s.png"],"duration_display":"0:00","duration_seconds":null,"embed_url":null,"id":6999,"image_caption":null,"image_url":"https://gdb.martinoticias.com/caa6d741-e508-43bb-5a59-08decd6ea425_cx0_cy20_cw0_w1600_r1_n_s.png","is_clip":false,"is_youtube_embed":false,"item_type":"photo","item_type_label":"Photo","language_label":"Espa\u00f1ol","media_credit":"Jos\u00e9 Pernalete","micro_label":"Photo","micro_label_kind":"gallery","network_label":"Mart\u00ed Noticias","network_logo_url":"/static/uploads/direct_network_logos/ocb_0888427dcb1d.svg","published_at":"2026-08-19T20:03:10","published_at_display":"19 Aug 2026, 20:03 GMT","sequence_badge_label":null,"sequence_count":null,"sequence_count_label":null,"sequence_frames":[],"sequence_kind":null,"source_name":"radiotelevisionmarti_com_rss","source_name_label":"Mart\u00ed Noticias RSS","source_type":"rss","summary":"Familiares del preso pol\u00edtico Jes\u00fas Rafael Medina V\u00e1squez denunciaron presuntas torturas, desaparici\u00f3n forzada y amenazas contra menores de edad en Venezuela.","title":"Familia de preso pol\u00edtico venezolano denuncia torturas y graves amenazas (VIDEO)","topic":null,"translation_language":"","url":"https://www.martinoticias.com/a/familia-de-preso-pol%c3%adtico-venezolano-denuncia-torturas-y-amenazas-para-silenciar-reclamos-por-su-libertad/475802.html","video_url":null,"youtube_conversion_active":false,"youtube_conversion_error":"","youtube_conversion_status":""},{"article_body_paragraphs":[],"audio_source_url":null,"author":"Yolanda Huerga","available_dubs":[],"downloadable_assets":["https://gdb.martinoticias.com/58104048-4344-47e1-21bf-08ddfa7b3e98_w1600_r1_n_s.jpeg"],"duration_display":"0:00","duration_seconds":null,"embed_url":null,"id":6981,"image_caption":null,"image_url":"https://gdb.martinoticias.com/58104048-4344-47e1-21bf-08ddfa7b3e98_w1600_r1_n_s.jpeg","is_clip":false,"is_youtube_embed":false,"item_type":"photo","item_type_label":"Photo","language_label":"Espa\u00f1ol","media_credit":"Yolanda Huerga","micro_label":"Photo","micro_label_kind":"gallery","network_label":"Mart\u00ed Noticias","network_logo_url":"/static/uploads/direct_network_logos/ocb_0888427dcb1d.svg","published_at":"2026-08-19T19:39:53","published_at_display":"19 Aug 2026, 19:39 GMT","sequence_badge_label":null,"sequence_count":null,"sequence_count_label":null,"sequence_frames":[],"sequence_kind":null,"source_name":"radiotelevisionmarti_com_rss","source_name_label":"Mart\u00ed Noticias RSS","source_type":"rss","summary":"El Centro de Denuncias Defensa CD revela que, en 31 d\u00edas, se contabilizaron 863 atropellos contra las libertades individuales en la isla, que afectaron a cerca de 400 ciudadanos.","title":"La represi\u00f3n sist\u00e9mica en Cuba no da tregua: registran m\u00e1s de 800 abusos estatales en julio","topic":null,"translation_language":"","url":"https://www.martinoticias.com/a/la-represi%c3%b3n-sist%c3%a9mica-en-cuba-no-da-tregua-registran-m%c3%a1s-de-800-abusos-estatales-en-julio/475799.html","video_url":null,"youtube_conversion_active":false,"youtube_conversion_error":"","youtube_conversion_status":""},{"article_body_paragraphs":[],"audio_source_url":null,"author":"Jany Gonz\u00e1lez","available_dubs":[],"downloadable_assets":["https://gdb.martinoticias.com/b05813e1-e676-46ca-68b7-08def2ff2efe_w1600_r1_n_s.jpg"],"duration_display":"0:00","duration_seconds":null,"embed_url":null,"id":6982,"image_caption":null,"image_url":"https://gdb.martinoticias.com/b05813e1-e676-46ca-68b7-08def2ff2efe_w1600_r1_n_s.jpg","is_clip":false,"is_youtube_embed":false,"item_type":"photo","item_type_label":"Photo","language_label":"Espa\u00f1ol","media_credit":"Jany Gonz\u00e1lez","micro_label":"Photo","micro_label_kind":"gallery","network_label":"Mart\u00ed Noticias","network_logo_url":"/static/uploads/direct_network_logos/ocb_0888427dcb1d.svg","published_at":"2026-08-19T19:14:46","published_at_display":"19 Aug 2026, 19:14 GMT","sequence_badge_label":null,"sequence_count":null,"sequence_count_label":null,"sequence_frames":[],"sequence_kind":null,"source_name":"radiotelevisionmarti_com_rss","source_name_label":"Mart\u00ed Noticias RSS","source_type":"rss","summary":"La inflaci\u00f3n volvi\u00f3 a acelerarse en Cuba durante julio y golpe\u00f3 con m\u00e1s fuerza el costo de alimentos y transporte, dos de los principales gastos de los hogares, mientras el r\u00e9gimen intenta aplicar un nuevo paquete de reformas econ\u00f3micas.","title":"Alimentos suben m\u00e1s de un 26% en Cuba y expertos advierten: la inflaci\u00f3n est\u00e1 \u201cfuera de control\u201d","topic":null,"translation_language":"","url":"https://www.martinoticias.com/a/alimentos-suben-m%c3%a1s-de-un-26-en-cuba-y-expertos-advierten-la-inflaci%c3%b3n-est%c3%a1-fuera-de-control/475786.html","video_url":null,"youtube_conversion_active":false,"youtube_conversion_error":"","youtube_conversion_status":""},{"article_body_paragraphs":[],"audio_source_url":null,"author":"Yolanda Huerga","available_dubs":[],"downloadable_assets":["https://gdb.martinoticias.com/c50a157a-43c4-4f3a-f96c-08de3bfab561_cx0_cy9_cw0_w1600_r1_n_s.jpg"],"duration_display":"0:00","duration_seconds":null,"embed_url":null,"id":6952,"image_caption":null,"image_url":"https://gdb.martinoticias.com/c50a157a-43c4-4f3a-f96c-08de3bfab561_cx0_cy9_cw0_w1600_r1_n_s.jpg","is_clip":false,"is_youtube_embed":false,"item_type":"photo","item_type_label":"Photo","language_label":"Espa\u00f1ol","media_credit":"Yolanda Huerga","micro_label":"Photo","micro_label_kind":"gallery","network_label":"Mart\u00ed Noticias","network_logo_url":"/static/uploads/direct_network_logos/ocb_0888427dcb1d.svg","published_at":"2026-08-19T18:08:36","published_at_display":"19 Aug 2026, 18:08 GMT","sequence_badge_label":null,"sequence_count":null,"sequence_count_label":null,"sequence_frames":[],"sequence_kind":null,"source_name":"radiotelevisionmarti_com_rss","source_name_label":"Mart\u00ed Noticias RSS","source_type":"rss","summary":"Tras ser liberada de una detenci\u00f3n por intentar ejercer su derecho a la protesta, la acad\u00e9mica y activista cubana Alina B\u00e1rbara L\u00f3pez Hern\u00e1ndez afirm\u00f3 que a pesar del rechazo del r\u00e9gimen las movilizaciones continuar\u00e1n.","title":"Historiadora cubana denuncia la criminalizaci\u00f3n de la protesta en la isla","topic":null,"translation_language":"","url":"https://www.martinoticias.com/a/historiadora-alina-b%c3%a1rbara-denuncia-la-criminalizaci%c3%b3n-de-la-protesta-en-cuba/475791.html","video_url":null,"youtube_conversion_active":false,"youtube_conversion_error":"","youtube_conversion_status":""},{"article_body_paragraphs":[],"audio_source_url":null,"author":"Ariane Gonz\u00e1lez","available_dubs":[],"downloadable_assets":["https://gdb.martinoticias.com/80893da9-a901-4c4f-be2f-08de3cb98067_cx0_cy20_cw0_w1600_r1_n_s.jpg"],"duration_display":"0:00","duration_seconds":null,"embed_url":null,"id":6953,"image_caption":null,"image_url":"https://gdb.martinoticias.com/80893da9-a901-4c4f-be2f-08de3cb98067_cx0_cy20_cw0_w1600_r1_n_s.jpg","is_clip":false,"is_youtube_embed":false,"item_type":"photo","item_type_label":"Photo","language_label":"Espa\u00f1ol","media_credit":"Ariane Gonz\u00e1lez","micro_label":"Photo","micro_label_kind":"gallery","network_label":"Mart\u00ed Noticias","network_logo_url":"/static/uploads/direct_network_logos/ocb_0888427dcb1d.svg","published_at":"2026-08-19T17:54:10","published_at_display":"19 Aug 2026, 17:54 GMT","sequence_badge_label":null,"sequence_count":null,"sequence_count_label":null,"sequence_frames":[],"sequence_kind":null,"source_name":"radiotelevisionmarti_com_rss","source_name_label":"Mart\u00ed Noticias RSS","source_type":"rss","summary":"La organizaci\u00f3n se\u00f1al\u00f3 que las estad\u00edsticas oficiales no permiten determinar si hubo una reducci\u00f3n real de feminicidios respecto a a\u00f1os anteriores, ya que los datos se organizan seg\u00fan el cierre de los procesos judiciales y no por la fecha en que ocurrieron los cr\u00edmenes.","title":"OGAT cuestiona cifras oficiales sobre asesinatos de mujeres en Cuba","topic":null,"translation_language":"","url":"https://www.martinoticias.com/a/ogat-cuestiona-cifras-oficiales-sobre-asesinatos-de-mujeres-en-cuba/475793.html","video_url":null,"youtube_conversion_active":false,"youtube_conversion_error":"","youtube_conversion_status":""},{"article_body_paragraphs":[],"audio_source_url":null,"author":"Edgardo Pinell Medina","available_dubs":[],"downloadable_assets":["https://gdb.martinoticias.com/67fad952-61ab-427f-9dac-b42dddb2c79d_w1600_r1_n_s.jpg"],"duration_display":"0:00","duration_seconds":null,"embed_url":null,"id":6954,"image_caption":null,"image_url":"https://gdb.martinoticias.com/67fad952-61ab-427f-9dac-b42dddb2c79d_w1600_r1_n_s.jpg","is_clip":false,"is_youtube_embed":false,"item_type":"photo","item_type_label":"Photo","language_label":"Espa\u00f1ol","media_credit":"Edgardo Pinell Medina","micro_label":"Photo","micro_label_kind":"gallery","network_label":"Mart\u00ed Noticias","network_logo_url":"/static/uploads/direct_network_logos/ocb_0888427dcb1d.svg","published_at":"2026-08-19T17:49:48","published_at_display":"19 Aug 2026, 17:49 GMT","sequence_badge_label":null,"sequence_count":null,"sequence_count_label":null,"sequence_frames":[],"sequence_kind":null,"source_name":"radiotelevisionmarti_com_rss","source_name_label":"Mart\u00ed Noticias RSS","source_type":"rss","summary":"La OEA aprob\u00f3 convocar una reuni\u00f3n de cancilleres para abordar la crisis en Nicaragua, mientras organizaciones opositoras al r\u00e9gimen de Daniel Ortega presentaron un plan de \u201ctransici\u00f3n ordenada\u201d hacia la democracia.","title":"Opositores proponen plan para una transici\u00f3n democr\u00e1tica en Nicaragua en medio de debate en la OEA","topic":null,"translation_language":"","url":"https://www.martinoticias.com/a/opositores-proponen-plan-para-una-transici%c3%b3n-democr%c3%a1tica-en-nicaragua-en-medio-de-debate-en-la-oea/475792.html","video_url":null,"youtube_conversion_active":false,"youtube_conversion_error":"","youtube_conversion_status":""},{"article_body_paragraphs":[],"audio_source_url":null,"author":"Jorge Morej\u00f3n","available_dubs":[],"downloadable_assets":["https://gdb.martinoticias.com/01000000-0aff-0242-5f3d-08db39d55113_w1600_r1_n_s.jpg"],"duration_display":"0:00","duration_seconds":null,"embed_url":null,"id":6915,"image_caption":null,"image_url":"https://gdb.martinoticias.com/01000000-0aff-0242-5f3d-08db39d55113_w1600_r1_n_s.jpg","is_clip":false,"is_youtube_embed":false,"item_type":"photo","item_type_label":"Photo","language_label":"Espa\u00f1ol","media_credit":"Jorge Morej\u00f3n","micro_label":"Photo","micro_label_kind":"gallery","network_label":"Mart\u00ed Noticias","network_logo_url":"/static/uploads/direct_network_logos/ocb_0888427dcb1d.svg","published_at":"2026-08-19T16:50:31","published_at_display":"19 Aug 2026, 16:50 GMT","sequence_badge_label":null,"sequence_count":null,"sequence_count_label":null,"sequence_frames":[],"sequence_kind":null,"source_name":"radiotelevisionmarti_com_rss","source_name_label":"Mart\u00ed Noticias RSS","source_type":"rss","summary":"Los Filis de Filadelfia firmaron al lanzador cubano N\u00e9stor Cort\u00e9s con un contrato de Grandes Ligas hasta el final de la temporada 2026.","title":"N\u00e9stor Cort\u00e9s vuelve a Grandes Ligas con los Filis de Filadelfia","topic":null,"translation_language":"","url":"https://www.martinoticias.com/a/nestor-cortes-vuelve-a-grandes-ligas-con-los-filis-de-filadelfia/475788.html","video_url":null,"youtube_conversion_active":false,"youtube_conversion_error":"","youtube_conversion_status":""},{"article_body_paragraphs":[],"audio_source_url":null,"author":"Oficina de Pol\u00edticas","available_dubs":[],"downloadable_assets":["https://gdb.martinoticias.com/900f441e-a1fb-45c7-b91d-920c7e2b04ad_cx0_cy9_cw0_w1600_r1_n_s.jpg"],"duration_display":"0:00","duration_seconds":null,"embed_url":null,"id":6898,"image_caption":null,"image_url":"https://gdb.martinoticias.com/900f441e-a1fb-45c7-b91d-920c7e2b04ad_cx0_cy9_cw0_w1600_r1_n_s.jpg","is_clip":false,"is_youtube_embed":false,"item_type":"photo","item_type_label":"Photo","language_label":"Espa\u00f1ol","media_credit":"Oficina de Pol\u00edticas","micro_label":"Photo","micro_label_kind":"gallery","network_label":"Mart\u00ed Noticias","network_logo_url":"/static/uploads/direct_network_logos/ocb_0888427dcb1d.svg","published_at":"2026-08-19T15:50:55","published_at_display":"19 Aug 2026, 15:50 GMT","sequence_badge_label":null,"sequence_count":null,"sequence_count_label":null,"sequence_frames":[],"sequence_kind":null,"source_name":"radiotelevisionmarti_com_rss","source_name_label":"Mart\u00ed Noticias RSS","source_type":"rss","summary":"Estados Unidos redefini\u00f3 sus prioridades en la lucha global contra el terrorismo al se\u00f1alar como principales amenazas a los narcoc\u00e1rteles y bandas transnacionales, los grupos islamistas y los extremistas violentos de izquierda.","title":"EEUU identifica a las tres principales amenazas terroristas","topic":null,"translation_language":"","url":"https://www.martinoticias.com/a/eeuu-identifica-a-las-tres-principales-amenazas-terroristas/475785.html","video_url":null,"youtube_conversion_active":false,"youtube_conversion_error":"","youtube_conversion_status":""}],"next_num":13,"page":12,"pages":25,"per_page":20,"prev_num":11,"total":488}
