{"applied_filters":{"end_date":"","lang":"","language":"","network":"Mart\u00ed Noticias","page":2,"per_page":20,"search":"","source":"","start_date":"","topic":"","type":"photo"},"available_filters":{"language_choices":[{"label":"Choose Language","value":""},{"label":"English","value":"English"},{"label":"Espa\u00f1ol","value":"Espa\u00f1ol"}],"network_choices":[{"label":"All networks","value":""},{"label":"Mart\u00ed Noticias","value":"Mart\u00ed Noticias"}],"source_choices":[{"label":"All sources","value":""},{"label":"Mart\u00ed Noticias RSS","value":"radiotelevisionmarti_com_rss"}],"sources":["radiotelevisionmarti_com_rss"],"topics":[],"types":[["","All types"],["article","Articles"],["audio","Audio"],["video","Videos"],["clips","Clips"],["media","Media"]]},"has_next":true,"has_prev":true,"items":[{"article_body_paragraphs":[],"audio_source_url":null,"author":"Laura Artal","available_dubs":[],"downloadable_assets":["https://gdb.martinoticias.com/aead60a1-e01b-42fe-cff5-08decd5b38e4_w1600_r1_n_s.png"],"duration_display":"0:00","duration_seconds":null,"embed_url":null,"id":14640,"image_caption":"Familiares de presos pol\u00edticos exigen desde la UCV la libertad de sus familiares","image_url":"https://gdb.martinoticias.com/aead60a1-e01b-42fe-cff5-08decd5b38e4_w1600_r1_n_s.png","is_clip":false,"is_youtube_embed":false,"item_type":"photo","item_type_label":"Photo","language_label":"Espa\u00f1ol","media_credit":"Laura Artal","micro_label":"Photo","micro_label_kind":"gallery","network_label":"Mart\u00ed Noticias","network_logo_url":"/static/uploads/direct_network_logos/ocb_0888427dcb1d.svg","published_at":"2026-09-03T18:14:48","published_at_display":"3 Sep 2026, 18:14 GMT","sequence_badge_label":null,"sequence_count":null,"sequence_count_label":null,"sequence_frames":[],"sequence_kind":null,"source_name":"radiotelevisionmarti_com_rss","source_name_label":"Mart\u00ed Noticias RSS","source_type":"rss","summary":"Familiares de presos pol\u00edticos exigen desde la UCV la libertad de sus familiares","title":"Familiares de presos pol\u00edticos exigen libertad y una \u201cruta electoral aut\u00e9ntica\u201d en Venezuela","topic":null,"translation_language":"","url":"https://www.martinoticias.com/a/familiares-de-presos-pol%c3%adticos-exigen-libertad-y-una-ruta-electoral-aut%c3%a9ntica-en-venezuela/476897.html","video_url":null,"youtube_conversion_active":false,"youtube_conversion_error":"","youtube_conversion_status":""},{"article_body_paragraphs":[],"audio_source_url":null,"author":"Departamento de Estado","available_dubs":[],"downloadable_assets":["https://gdb.martinoticias.com/1aeabe0f-e71e-4093-8be6-232b641da058_cx0_cy10_cw0_w1600_r1_n_s.jpg"],"duration_display":"0:00","duration_seconds":null,"embed_url":null,"id":14566,"image_caption":"Edificio del Departamento de Estado de EEUU, en Washington DC.","image_url":"https://gdb.martinoticias.com/1aeabe0f-e71e-4093-8be6-232b641da058_cx0_cy10_cw0_w1600_r1_n_s.jpg","is_clip":false,"is_youtube_embed":false,"item_type":"photo","item_type_label":"Photo","language_label":"Espa\u00f1ol","media_credit":"Departamento de Estado","micro_label":"Photo","micro_label_kind":"gallery","network_label":"Mart\u00ed Noticias","network_logo_url":"/static/uploads/direct_network_logos/ocb_0888427dcb1d.svg","published_at":"2026-09-03T17:48:04","published_at_display":"3 Sep 2026, 17:48 GMT","sequence_badge_label":null,"sequence_count":null,"sequence_count_label":null,"sequence_frames":[],"sequence_kind":null,"source_name":"radiotelevisionmarti_com_rss","source_name_label":"Mart\u00ed Noticias RSS","source_type":"rss","summary":"Edificio del Departamento de Estado de EEUU, en Washington DC.","title":"Incremento de sanciones a las \u00e9lites, canales de financiaci\u00f3n y aparatos de explotaci\u00f3n de recursos de Cuba","topic":null,"translation_language":"","url":"https://www.martinoticias.com/a/incremento-de-sanciones-a-las-%c3%a9lites-canales-de-financiaci%c3%b3n-y-aparatos-de-explotaci%c3%b3n-de-recursos-de-cuba/476899.html","video_url":null,"youtube_conversion_active":false,"youtube_conversion_error":"","youtube_conversion_status":""},{"article_body_paragraphs":[],"audio_source_url":null,"author":"Redacci\u00f3n Mart\u00ed Noticias","available_dubs":[],"downloadable_assets":["https://gdb.martinoticias.com/109bb5d6-8572-43e6-b531-17bffc8862e6_cx0_cy7_cw0_w1600_r1_n_s.jpg"],"duration_display":"0:00","duration_seconds":null,"embed_url":null,"id":14341,"image_caption":"El secretario de Estado Marco Rubio en un evento este jueves en Washington DC.","image_url":"https://gdb.martinoticias.com/109bb5d6-8572-43e6-b531-17bffc8862e6_cx0_cy7_cw0_w1600_r1_n_s.jpg","is_clip":false,"is_youtube_embed":false,"item_type":"photo","item_type_label":"Photo","language_label":"Espa\u00f1ol","media_credit":"Redacci\u00f3n Mart\u00ed Noticias","micro_label":"Photo","micro_label_kind":"gallery","network_label":"Mart\u00ed Noticias","network_logo_url":"/static/uploads/direct_network_logos/ocb_0888427dcb1d.svg","published_at":"2026-09-03T16:56:41","published_at_display":"3 Sep 2026, 16:56 GMT","sequence_badge_label":null,"sequence_count":null,"sequence_count_label":null,"sequence_frames":[],"sequence_kind":null,"source_name":"radiotelevisionmarti_com_rss","source_name_label":"Mart\u00ed Noticias RSS","source_type":"rss","summary":"El secretario de Estado Marco Rubio en un evento este jueves en Washington DC.","title":"Rubio sobre nuevas sanciones al r\u00e9gimen de Cuba: mientras el pueblo sufre la c\u00fapula acapara los recursos","topic":null,"translation_language":"","url":"https://www.martinoticias.com/a/rubio-sobre-nuevas-sanciones-al-r%c3%a9gimen-de-cuba-mientras-el-pueblo-sufre-la-c%c3%bapula-acapara-los-recursos/476892.html","video_url":null,"youtube_conversion_active":false,"youtube_conversion_error":"","youtube_conversion_status":""},{"article_body_paragraphs":[],"audio_source_url":null,"author":"Redacci\u00f3n Mart\u00ed Noticias","available_dubs":[],"downloadable_assets":["https://gdb.martinoticias.com/5b0bb676-d14a-4e80-fa7f-08debb0491f6_cx24_cy21_cw75_w1600_r1_n_s.jpg"],"duration_display":"0:00","duration_seconds":null,"embed_url":null,"id":14343,"image_caption":"Alejandro Castro Esp\u00edn junto a su hijo Fidel Ernesto Castro Calis. ADALBERTO ROQUE / AFP","image_url":"https://gdb.martinoticias.com/5b0bb676-d14a-4e80-fa7f-08debb0491f6_cx24_cy21_cw75_w1600_r1_n_s.jpg","is_clip":false,"is_youtube_embed":false,"item_type":"photo","item_type_label":"Photo","language_label":"Espa\u00f1ol","media_credit":"Redacci\u00f3n Mart\u00ed Noticias","micro_label":"Photo","micro_label_kind":"gallery","network_label":"Mart\u00ed Noticias","network_logo_url":"/static/uploads/direct_network_logos/ocb_0888427dcb1d.svg","published_at":"2026-09-03T16:08:22","published_at_display":"3 Sep 2026, 16:08 GMT","sequence_badge_label":null,"sequence_count":null,"sequence_count_label":null,"sequence_frames":[],"sequence_kind":null,"source_name":"radiotelevisionmarti_com_rss","source_name_label":"Mart\u00ed Noticias RSS","source_type":"rss","summary":"Alejandro Castro Esp\u00edn junto a su hijo Fidel Ernesto Castro Calis. ADALBERTO ROQUE / AFP","title":"EEUU con m\u00e1s sanciones a la \u00e9lite de Castro y sus v\u00edas de financiamiento","topic":null,"translation_language":"","url":"https://www.martinoticias.com/a/476888.html","video_url":null,"youtube_conversion_active":false,"youtube_conversion_error":"","youtube_conversion_status":""},{"article_body_paragraphs":[],"audio_source_url":null,"author":"Redacci\u00f3n Mart\u00ed Noticias","available_dubs":[],"downloadable_assets":["https://gdb.martinoticias.com/5b0bb676-d14a-4e80-fa7f-08debb0491f6_cx24_cy21_cw75_w1600_r1_n_s.jpg"],"duration_display":"0:00","duration_seconds":null,"embed_url":null,"id":14218,"image_caption":"Alejandro Castro Esp\u00edn junto a su hijo Fidel Ernesto Castro Calis. ADALBERTO ROQUE / AFP","image_url":"https://gdb.martinoticias.com/5b0bb676-d14a-4e80-fa7f-08debb0491f6_cx24_cy21_cw75_w1600_r1_n_s.jpg","is_clip":false,"is_youtube_embed":false,"item_type":"photo","item_type_label":"Photo","language_label":"Espa\u00f1ol","media_credit":"Redacci\u00f3n Mart\u00ed Noticias","micro_label":"Photo","micro_label_kind":"gallery","network_label":"Mart\u00ed Noticias","network_logo_url":"/static/uploads/direct_network_logos/ocb_0888427dcb1d.svg","published_at":"2026-09-03T16:08:22","published_at_display":"3 Sep 2026, 16:08 GMT","sequence_badge_label":null,"sequence_count":null,"sequence_count_label":null,"sequence_frames":[],"sequence_kind":null,"source_name":"radiotelevisionmarti_com_rss","source_name_label":"Mart\u00ed Noticias RSS","source_type":"rss","summary":"Alejandro Castro Esp\u00edn junto a su hijo Fidel Ernesto Castro Calis. ADALBERTO ROQUE / AFP","title":"EEUU con m\u00e1s sanciones a la \u00e9lite de Castro y sus v\u00edas de financiamiento","topic":null,"translation_language":"","url":"https://www.martinoticias.com/a/476888.html","video_url":null,"youtube_conversion_active":false,"youtube_conversion_error":"","youtube_conversion_status":""},{"article_body_paragraphs":[],"audio_source_url":null,"author":"Rolando N\u00e1poles","available_dubs":[],"downloadable_assets":["https://gdb.martinoticias.com/f05c29e9-0599-49e3-bc86-08def2b1d8dc_cx0_cy6_cw0_w1600_r1_n_s.jpg"],"duration_display":"0:00","duration_seconds":null,"embed_url":null,"id":14100,"image_caption":"Conferencia Colapso Social en Cuba en la Universidad Internacional de la Florida (FIU)","image_url":"https://gdb.martinoticias.com/f05c29e9-0599-49e3-bc86-08def2b1d8dc_cx0_cy6_cw0_w1600_r1_n_s.jpg","is_clip":false,"is_youtube_embed":false,"item_type":"photo","item_type_label":"Photo","language_label":"Espa\u00f1ol","media_credit":"Rolando N\u00e1poles","micro_label":"Photo","micro_label_kind":"gallery","network_label":"Mart\u00ed Noticias","network_logo_url":"/static/uploads/direct_network_logos/ocb_0888427dcb1d.svg","published_at":"2026-09-03T15:40:00","published_at_display":"3 Sep 2026, 15:40 GMT","sequence_badge_label":null,"sequence_count":null,"sequence_count_label":null,"sequence_frames":[],"sequence_kind":null,"source_name":"radiotelevisionmarti_com_rss","source_name_label":"Mart\u00ed Noticias RSS","source_type":"rss","summary":"Conferencia Colapso Social en Cuba en la Universidad Internacional de la Florida (FIU)","title":"Cambio pol\u00edtico: \u00fanica salida a crisis humanitaria en Cuba, opinan expertos","topic":null,"translation_language":"","url":"https://www.martinoticias.com/a/cambio-pol%c3%adtico-%c3%banica-salida-a-crisis-humanitaria-en-cuba-opinan-expertos/476886.html","video_url":null,"youtube_conversion_active":false,"youtube_conversion_error":"","youtube_conversion_status":""},{"article_body_paragraphs":[],"audio_source_url":null,"author":"Redacci\u00f3n Mart\u00ed Noticias","available_dubs":[],"downloadable_assets":["https://gdb.martinoticias.com/fd6ee76f-d08a-42ad-9e4f-7c769197878e_w1600_r1_n_s.jpg"],"duration_display":"0:00","duration_seconds":null,"embed_url":null,"id":14067,"image_caption":"El vicepresidente de EEUU JD Vance (izq.) saluda al secretario de Estado Marco Rubio durante el lanzamiento de \"The Foundry School\", en el Instituto de la Paz Donald J. Trump, en Washington, DC.","image_url":"https://gdb.martinoticias.com/fd6ee76f-d08a-42ad-9e4f-7c769197878e_w1600_r1_n_s.jpg","is_clip":false,"is_youtube_embed":false,"item_type":"photo","item_type_label":"Photo","language_label":"Espa\u00f1ol","media_credit":"Redacci\u00f3n Mart\u00ed Noticias","micro_label":"Photo","micro_label_kind":"gallery","network_label":"Mart\u00ed Noticias","network_logo_url":"/static/uploads/direct_network_logos/ocb_0888427dcb1d.svg","published_at":"2026-09-03T14:59:52","published_at_display":"3 Sep 2026, 14:59 GMT","sequence_badge_label":null,"sequence_count":null,"sequence_count_label":null,"sequence_frames":[],"sequence_kind":null,"source_name":"radiotelevisionmarti_com_rss","source_name_label":"Mart\u00ed Noticias RSS","source_type":"rss","summary":"El vicepresidente de EEUU JD Vance (izq.) saluda al secretario de Estado Marco Rubio durante el lanzamiento de \"The Foundry School\", en el Instituto de la Paz Donald J. Trump, en Washington, DC.","title":"Vance y Rubio alertan sobre dependencia exterior y apuestan por recuperar producci\u00f3n en EEUU","topic":null,"translation_language":"","url":"https://www.martinoticias.com/a/vance-y-rubio-alertan-sobre-dependencia-exterior-y-apuestan-por-recuperar-producci%c3%b3n-en-eeuu/476883.html","video_url":null,"youtube_conversion_active":false,"youtube_conversion_error":"","youtube_conversion_status":""},{"article_body_paragraphs":[],"audio_source_url":null,"author":"Redacci\u00f3n Mart\u00ed Noticias","available_dubs":[],"downloadable_assets":["https://gdb.martinoticias.com/16095a97-4b31-42f2-8399-984320979f11_cx11_cy6_cw88_w1600_r1_n_s.jpg"],"duration_display":"0:00","duration_seconds":null,"embed_url":null,"id":14069,"image_caption":"El expiloto de guerra cubano Luis Ra\u00fal Gonz\u00e1lez Pardo Rodr\u00edguez (izq.), acusado en en el caso del asesinato de cuatro pilotos de Hermanos al Rescate.","image_url":"https://gdb.martinoticias.com/16095a97-4b31-42f2-8399-984320979f11_cx11_cy6_cw88_w1600_r1_n_s.jpg","is_clip":false,"is_youtube_embed":false,"item_type":"photo","item_type_label":"Photo","language_label":"Espa\u00f1ol","media_credit":"Redacci\u00f3n Mart\u00ed Noticias","micro_label":"Photo","micro_label_kind":"gallery","network_label":"Mart\u00ed Noticias","network_logo_url":"/static/uploads/direct_network_logos/ocb_0888427dcb1d.svg","published_at":"2026-09-03T14:46:58","published_at_display":"3 Sep 2026, 14:46 GMT","sequence_badge_label":null,"sequence_count":null,"sequence_count_label":null,"sequence_frames":[],"sequence_kind":null,"source_name":"radiotelevisionmarti_com_rss","source_name_label":"Mart\u00ed Noticias RSS","source_type":"rss","summary":"El expiloto de guerra cubano Luis Ra\u00fal Gonz\u00e1lez Pardo Rodr\u00edguez (izq.), acusado en en el caso del asesinato de cuatro pilotos de Hermanos al Rescate.","title":"Fiscal\u00eda descarta pena de muerte en juicio contra expiloto cubano por caso de Hermanos al Rescate","topic":null,"translation_language":"","url":"https://www.martinoticias.com/a/fiscal%c3%ada-descarta-pena-de-muerte-en-juicio-contra-expiloto-cubano-por-caso-de-hermanos-al-rescate/476882.html","video_url":null,"youtube_conversion_active":false,"youtube_conversion_error":"","youtube_conversion_status":""},{"article_body_paragraphs":[],"audio_source_url":null,"author":"Yolanda Huerga","available_dubs":[],"downloadable_assets":["https://gdb.martinoticias.com/277c1c47-018d-465a-0428-08decd63a0c8_w1600_r1_n_s.jpg"],"duration_display":"0:00","duration_seconds":null,"embed_url":null,"id":13974,"image_caption":"Protesta frente al Gran Teatro del Liceo de Barcelona.","image_url":"https://gdb.martinoticias.com/277c1c47-018d-465a-0428-08decd63a0c8_w1600_r1_n_s.jpg","is_clip":false,"is_youtube_embed":false,"item_type":"photo","item_type_label":"Photo","language_label":"Espa\u00f1ol","media_credit":"Yolanda Huerga","micro_label":"Photo","micro_label_kind":"gallery","network_label":"Mart\u00ed Noticias","network_logo_url":"/static/uploads/direct_network_logos/ocb_0888427dcb1d.svg","published_at":"2026-09-03T12:54:04","published_at_display":"3 Sep 2026, 12:54 GMT","sequence_badge_label":null,"sequence_count":null,"sequence_count_label":null,"sequence_frames":[],"sequence_kind":null,"source_name":"radiotelevisionmarti_com_rss","source_name_label":"Mart\u00ed Noticias RSS","source_type":"rss","summary":"Protesta frente al Gran Teatro del Liceo de Barcelona.","title":"Protestas en Barcelona marcan el inicio de la gira de Silvio Rodr\u00edguez por Espa\u00f1a","topic":null,"translation_language":"","url":"https://www.martinoticias.com/a/protestas-en-barcelona-marcan-el-inicio-de-la-gira-de-silvio-rodr%c3%adguez-por-espa%c3%b1a/476831.html","video_url":null,"youtube_conversion_active":false,"youtube_conversion_error":"","youtube_conversion_status":""},{"article_body_paragraphs":[],"audio_source_url":null,"author":"Jany Gonz\u00e1lez","available_dubs":[],"downloadable_assets":["https://gdb.martinoticias.com/bed47bd9-ac76-47b4-042a-08decd63a0c8_cx0_cy9_cw0_w1600_r1_n_s.jpg"],"duration_display":"0:00","duration_seconds":null,"embed_url":null,"id":13952,"image_caption":"Una raci\u00f3n diaria de pan en Cuba.","image_url":"https://gdb.martinoticias.com/bed47bd9-ac76-47b4-042a-08decd63a0c8_cx0_cy9_cw0_w1600_r1_n_s.jpg","is_clip":false,"is_youtube_embed":false,"item_type":"photo","item_type_label":"Photo","language_label":"Espa\u00f1ol","media_credit":"Jany Gonz\u00e1lez","micro_label":"Photo","micro_label_kind":"gallery","network_label":"Mart\u00ed Noticias","network_logo_url":"/static/uploads/direct_network_logos/ocb_0888427dcb1d.svg","published_at":"2026-09-03T12:32:07","published_at_display":"3 Sep 2026, 12:32 GMT","sequence_badge_label":null,"sequence_count":null,"sequence_count_label":null,"sequence_frames":[],"sequence_kind":null,"source_name":"radiotelevisionmarti_com_rss","source_name_label":"Mart\u00ed Noticias RSS","source_type":"rss","summary":"Una raci\u00f3n diaria de pan en Cuba.","title":"\u201cEn una bandeja comemos los tres\u201d: el hambre golpea a las familias cubanas (VIDEO)","topic":null,"translation_language":"","url":"https://www.martinoticias.com/a/en-una-bandeja-comemos-los-tres-el-hambre-golpea-a-las-familias-cubanas-video/476811.html","video_url":null,"youtube_conversion_active":false,"youtube_conversion_error":"","youtube_conversion_status":""},{"article_body_paragraphs":[],"audio_source_url":null,"author":"Mario J. Pent\u00f3n","available_dubs":[],"downloadable_assets":["https://gdb.martinoticias.com/702F4345-D549-415D-98F4-782754A5A65D_cx0_cy10_cw0_w1600_r1_n_s.jpg"],"duration_display":"0:00","duration_seconds":null,"embed_url":null,"id":13954,"image_caption":"Banderas de Cuba y EEUU cuelgan en un balc\u00f3n de La Habana.","image_url":"https://gdb.martinoticias.com/702F4345-D549-415D-98F4-782754A5A65D_cx0_cy10_cw0_w1600_r1_n_s.jpg","is_clip":false,"is_youtube_embed":false,"item_type":"photo","item_type_label":"Photo","language_label":"Espa\u00f1ol","media_credit":"Mario J. Pent\u00f3n","micro_label":"Photo","micro_label_kind":"gallery","network_label":"Mart\u00ed Noticias","network_logo_url":"/static/uploads/direct_network_logos/ocb_0888427dcb1d.svg","published_at":"2026-09-03T12:07:25","published_at_display":"3 Sep 2026, 12:07 GMT","sequence_badge_label":null,"sequence_count":null,"sequence_count_label":null,"sequence_frames":[],"sequence_kind":null,"source_name":"radiotelevisionmarti_com_rss","source_name_label":"Mart\u00ed Noticias RSS","source_type":"rss","summary":"Banderas de Cuba y EEUU cuelgan en un balc\u00f3n de La Habana.","title":"EEUU desmiente a Cuba: el di\u00e1logo sigue, y acusa al r\u00e9gimen de bloquear acuerdos","topic":null,"translation_language":"","url":"https://www.martinoticias.com/a/eeuu-desmiente-a-cuba-el-di%c3%a1logo-sigue-y-acusa-al-r%c3%a9gimen-de-bloquear-acuerdos/476878.html","video_url":null,"youtube_conversion_active":false,"youtube_conversion_error":"","youtube_conversion_status":""},{"article_body_paragraphs":[],"audio_source_url":null,"author":"Redacci\u00f3n Mart\u00ed Noticias","available_dubs":[],"downloadable_assets":["https://gdb.martinoticias.com/564f085b-56ed-4b70-0429-08decd63a0c8_w1600_r1_n_s.png"],"duration_display":"0:00","duration_seconds":null,"embed_url":null,"id":13699,"image_caption":"EEUU intercepta embarcaci\u00f3n que operaba como estaci\u00f3n flotante de reabastecimiento de combustible en apoyo de operaciones de narcotr\u00e1fico","image_url":"https://gdb.martinoticias.com/564f085b-56ed-4b70-0429-08decd63a0c8_w1600_r1_n_s.png","is_clip":false,"is_youtube_embed":false,"item_type":"photo","item_type_label":"Photo","language_label":"Espa\u00f1ol","media_credit":"Redacci\u00f3n Mart\u00ed Noticias","micro_label":"Photo","micro_label_kind":"gallery","network_label":"Mart\u00ed Noticias","network_logo_url":"/static/uploads/direct_network_logos/ocb_0888427dcb1d.svg","published_at":"2026-09-03T01:28:52","published_at_display":"3 Sep 2026, 01:28 GMT","sequence_badge_label":null,"sequence_count":null,"sequence_count_label":null,"sequence_frames":[],"sequence_kind":null,"source_name":"radiotelevisionmarti_com_rss","source_name_label":"Mart\u00ed Noticias RSS","source_type":"rss","summary":"EEUU intercepta embarcaci\u00f3n que operaba como estaci\u00f3n flotante de reabastecimiento de combustible en apoyo de operaciones de narcotr\u00e1fico","title":"EEUU y Ecuador desmantelan punto flotante de combustible para narcotr\u00e1fico en el Pac\u00edfico Oriental","topic":null,"translation_language":"","url":"https://www.martinoticias.com/a/eeuu-y-ecuador-desmantelan-punto-flotante-de-combustible-para-narcotr%c3%a1fico-en-el-pac%c3%adfico-oriental/476877.html","video_url":null,"youtube_conversion_active":false,"youtube_conversion_error":"","youtube_conversion_status":""},{"article_body_paragraphs":[],"audio_source_url":null,"author":"Ivette Pacheco","available_dubs":[],"downloadable_assets":["https://gdb.martinoticias.com/80962E7F-2145-4DED-99F3-469F149994FA_cx0_cy9_cw0_w1600_r1_n_s.jpg"],"duration_display":"0:00","duration_seconds":null,"embed_url":null,"id":13702,"image_caption":"Tendido el\u00e9ctrico en Guant\u00e1namo, Cuba. Foto Archivo REUTERS/Carlos Barria/File Photo","image_url":"https://gdb.martinoticias.com/80962E7F-2145-4DED-99F3-469F149994FA_cx0_cy9_cw0_w1600_r1_n_s.jpg","is_clip":false,"is_youtube_embed":false,"item_type":"photo","item_type_label":"Photo","language_label":"Espa\u00f1ol","media_credit":"Ivette Pacheco","micro_label":"Photo","micro_label_kind":"gallery","network_label":"Mart\u00ed Noticias","network_logo_url":"/static/uploads/direct_network_logos/ocb_0888427dcb1d.svg","published_at":"2026-09-03T01:08:58","published_at_display":"3 Sep 2026, 01:08 GMT","sequence_badge_label":null,"sequence_count":null,"sequence_count_label":null,"sequence_frames":[],"sequence_kind":null,"source_name":"radiotelevisionmarti_com_rss","source_name_label":"Mart\u00ed Noticias RSS","source_type":"rss","summary":"Tendido el\u00e9ctrico en Guant\u00e1namo, Cuba. Foto Archivo REUTERS/Carlos Barria/File Photo","title":"La crisis y los largos apagones disparan el robo de infraestructura p\u00fablica en Cuba","topic":null,"translation_language":"","url":"https://www.martinoticias.com/a/la-crisis-y-los-largos-apagones-disparan-el-robo-de-infraestructura-p%c3%bablica-en-cuba/476830.html","video_url":null,"youtube_conversion_active":false,"youtube_conversion_error":"","youtube_conversion_status":""},{"article_body_paragraphs":[],"audio_source_url":null,"author":"Edgardo Pinell Medina","available_dubs":[],"downloadable_assets":["https://gdb.martinoticias.com/d8ab0a6e-ab45-4cfc-a950-2c1821353f98_w1600_r1_n_s.jpg"],"duration_display":"0:00","duration_seconds":null,"embed_url":null,"id":13664,"image_caption":"Presidente de Nicaragua, Daniel Ortega","image_url":"https://gdb.martinoticias.com/d8ab0a6e-ab45-4cfc-a950-2c1821353f98_w1600_r1_n_s.jpg","is_clip":false,"is_youtube_embed":false,"item_type":"photo","item_type_label":"Photo","language_label":"Espa\u00f1ol","media_credit":"Edgardo Pinell Medina","micro_label":"Photo","micro_label_kind":"gallery","network_label":"Mart\u00ed Noticias","network_logo_url":"/static/uploads/direct_network_logos/ocb_0888427dcb1d.svg","published_at":"2026-09-02T23:40:23","published_at_display":"2 Sep 2026, 23:40 GMT","sequence_badge_label":null,"sequence_count":null,"sequence_count_label":null,"sequence_frames":[],"sequence_kind":null,"source_name":"radiotelevisionmarti_com_rss","source_name_label":"Mart\u00ed Noticias RSS","source_type":"rss","summary":"Presidente de Nicaragua, Daniel Ortega","title":"Asociaci\u00f3n Madres de Abril exige la liberaci\u00f3n de Thelma Montenegro y denuncia persecuci\u00f3n en Nicaragua","topic":null,"translation_language":"","url":"https://www.martinoticias.com/a/asociaci%c3%b3n-madres-de-abril-exige-la-liberaci%c3%b3n-de-thelma-montenegro-y-denuncia-persecuci%c3%b3n-en-nicaragua/476821.html","video_url":null,"youtube_conversion_active":false,"youtube_conversion_error":"","youtube_conversion_status":""},{"article_body_paragraphs":[],"audio_source_url":null,"author":"Yolanda Huerga","available_dubs":[],"downloadable_assets":["https://gdb.martinoticias.com/01000000-0aff-0242-4a9e-08dc02347bb0_w1600_r1_n_s.jpg"],"duration_display":"0:00","duration_seconds":null,"embed_url":null,"id":13666,"image_caption":"Sede de una peque\u00f1a empresa (mipyme) que comercializa alimentos en La Habana.","image_url":"https://gdb.martinoticias.com/01000000-0aff-0242-4a9e-08dc02347bb0_w1600_r1_n_s.jpg","is_clip":false,"is_youtube_embed":false,"item_type":"photo","item_type_label":"Photo","language_label":"Espa\u00f1ol","media_credit":"Yolanda Huerga","micro_label":"Photo","micro_label_kind":"gallery","network_label":"Mart\u00ed Noticias","network_logo_url":"/static/uploads/direct_network_logos/ocb_0888427dcb1d.svg","published_at":"2026-09-02T23:26:55","published_at_display":"2 Sep 2026, 23:26 GMT","sequence_badge_label":null,"sequence_count":null,"sequence_count_label":null,"sequence_frames":[],"sequence_kind":null,"source_name":"radiotelevisionmarti_com_rss","source_name_label":"Mart\u00ed Noticias RSS","source_type":"rss","summary":"Sede de una peque\u00f1a empresa (mipyme) que comercializa alimentos en La Habana.","title":"Quieren que crezcan para dominarlas: economistas dudan de la apertura a MIPYMES en Cuba","topic":null,"translation_language":"","url":"https://www.martinoticias.com/a/quieren-que-crezcan-para-dominarlas-economistas-dudan-de-la-apertura-a-mipymes-en-cuba/476828.html","video_url":null,"youtube_conversion_active":false,"youtube_conversion_error":"","youtube_conversion_status":""},{"article_body_paragraphs":[],"audio_source_url":null,"author":"Janisset Rivero","available_dubs":[],"downloadable_assets":["https://gdb.martinoticias.com/a4187ccf-191b-4c2b-7c9e-08def2b1c8fe_w1600_r1_n_s.jpg"],"duration_display":"0:00","duration_seconds":null,"embed_url":null,"id":13648,"image_caption":"El ministro de Comercio Exterior y la Inversi\u00f3n Extranjera de Cuba, Oscar P\u00e9rez-Oliva Fraga, observa un autom\u00f3vil de fabricaci\u00f3n china a la venta durante la 41.\u00aa Feria Internacional de La Habana, el 25 de noviembre de 2025. ADALBERTO ROQUE / AFP","image_url":"https://gdb.martinoticias.com/a4187ccf-191b-4c2b-7c9e-08def2b1c8fe_w1600_r1_n_s.jpg","is_clip":false,"is_youtube_embed":false,"item_type":"photo","item_type_label":"Photo","language_label":"Espa\u00f1ol","media_credit":"Janisset Rivero","micro_label":"Photo","micro_label_kind":"gallery","network_label":"Mart\u00ed Noticias","network_logo_url":"/static/uploads/direct_network_logos/ocb_0888427dcb1d.svg","published_at":"2026-09-02T22:12:46","published_at_display":"2 Sep 2026, 22:12 GMT","sequence_badge_label":null,"sequence_count":null,"sequence_count_label":null,"sequence_frames":[],"sequence_kind":null,"source_name":"radiotelevisionmarti_com_rss","source_name_label":"Mart\u00ed Noticias RSS","source_type":"rss","summary":"El ministro de Comercio Exterior y la Inversi\u00f3n Extranjera de Cuba, Oscar P\u00e9rez-Oliva Fraga, observa un autom\u00f3vil de fabricaci\u00f3n china a la venta durante la 41.\u00aa Feria Internacional de La Habana, el 25 de noviembre de 2025. ADALBERTO ROQUE / AFP","title":"\"Van apoder\u00e1ndose cada vez m\u00e1s de La Habana\", alertan sobre avance de comercios chinos en Cuba","topic":null,"translation_language":"","url":"https://www.martinoticias.com/a/van-apoder%c3%a1ndose-cada-vez-m%c3%a1s-de-la-habana-alertan-sobre-avance-de-comercios-chinos-en-cuba/476824.html","video_url":null,"youtube_conversion_active":false,"youtube_conversion_error":"","youtube_conversion_status":""},{"article_body_paragraphs":[],"audio_source_url":null,"author":"Redacci\u00f3n Mart\u00ed Noticias","available_dubs":[],"downloadable_assets":["https://gdb.martinoticias.com/9c328f80-2731-4e39-a4d7-ed670104e7ff_w1600_r1_n_s.jpg"],"duration_display":"0:00","duration_seconds":null,"embed_url":null,"id":13626,"image_caption":"Presidente Donald Trump","image_url":"https://gdb.martinoticias.com/9c328f80-2731-4e39-a4d7-ed670104e7ff_w1600_r1_n_s.jpg","is_clip":false,"is_youtube_embed":false,"item_type":"photo","item_type_label":"Photo","language_label":"Espa\u00f1ol","media_credit":"Redacci\u00f3n Mart\u00ed Noticias","micro_label":"Photo","micro_label_kind":"gallery","network_label":"Mart\u00ed Noticias","network_logo_url":"/static/uploads/direct_network_logos/ocb_0888427dcb1d.svg","published_at":"2026-09-02T21:27:25","published_at_display":"2 Sep 2026, 21:27 GMT","sequence_badge_label":null,"sequence_count":null,"sequence_count_label":null,"sequence_frames":[],"sequence_kind":null,"source_name":"radiotelevisionmarti_com_rss","source_name_label":"Mart\u00ed Noticias RSS","source_type":"rss","summary":"Presidente Donald Trump","title":"Trump habla sobre elecciones en Venezuela","topic":null,"translation_language":"","url":"https://www.martinoticias.com/a/trump-habla-sobre-elecciones-en-venezuela/476827.html","video_url":null,"youtube_conversion_active":false,"youtube_conversion_error":"","youtube_conversion_status":""},{"article_body_paragraphs":[],"audio_source_url":null,"author":"Redacci\u00f3n Mart\u00ed Noticias","available_dubs":[],"downloadable_assets":["https://gdb.martinoticias.com/b92945e8-fd65-4756-691b-08def2ff2efe_cx0_cy19_cw0_w1600_r1_n_s.jpg"],"duration_display":"0:00","duration_seconds":null,"embed_url":null,"id":13592,"image_caption":"Integrantes del ministerio cristiano \"Las manos y los pies de Jesucristo\", entregan ayuda en Cuba.","image_url":"https://gdb.martinoticias.com/b92945e8-fd65-4756-691b-08def2ff2efe_cx0_cy19_cw0_w1600_r1_n_s.jpg","is_clip":false,"is_youtube_embed":false,"item_type":"photo","item_type_label":"Photo","language_label":"Espa\u00f1ol","media_credit":"Redacci\u00f3n Mart\u00ed Noticias","micro_label":"Photo","micro_label_kind":"gallery","network_label":"Mart\u00ed Noticias","network_logo_url":"/static/uploads/direct_network_logos/ocb_0888427dcb1d.svg","published_at":"2026-09-02T20:34:02","published_at_display":"2 Sep 2026, 20:34 GMT","sequence_badge_label":null,"sequence_count":null,"sequence_count_label":null,"sequence_frames":[],"sequence_kind":null,"source_name":"radiotelevisionmarti_com_rss","source_name_label":"Mart\u00ed Noticias RSS","source_type":"rss","summary":"Integrantes del ministerio cristiano \"Las manos y los pies de Jesucristo\", entregan ayuda en Cuba.","title":"EEUU coordina con ministerio cristiano entrega de ayuda humanitaria en Cuba","topic":null,"translation_language":"","url":"https://www.martinoticias.com/a/eeuu-coordina-con-ministerio-cristiano-entrega-de-ayuda-humanitaria-en-cuba/476823.html","video_url":null,"youtube_conversion_active":false,"youtube_conversion_error":"","youtube_conversion_status":""},{"article_body_paragraphs":[],"audio_source_url":null,"author":"Jos\u00e9 Pernalete","available_dubs":[],"downloadable_assets":["https://gdb.martinoticias.com/56bc04db-181c-4ea2-6919-08def2ff2efe_w1600_r1_n_s.jpg"],"duration_display":"0:00","duration_seconds":null,"embed_url":null,"id":13409,"image_caption":"El secretario de Energ\u00eda de EEUU, Chris Wright, junto a la presidenta interina de Venezuela, Delcy Rodr\u00edguez, en Caracas. (AFP)","image_url":"https://gdb.martinoticias.com/56bc04db-181c-4ea2-6919-08def2ff2efe_w1600_r1_n_s.jpg","is_clip":false,"is_youtube_embed":false,"item_type":"photo","item_type_label":"Photo","language_label":"Espa\u00f1ol","media_credit":"Jos\u00e9 Pernalete","micro_label":"Photo","micro_label_kind":"gallery","network_label":"Mart\u00ed Noticias","network_logo_url":"/static/uploads/direct_network_logos/ocb_0888427dcb1d.svg","published_at":"2026-09-02T19:14:10","published_at_display":"2 Sep 2026, 19:14 GMT","sequence_badge_label":null,"sequence_count":null,"sequence_count_label":null,"sequence_frames":[],"sequence_kind":null,"source_name":"radiotelevisionmarti_com_rss","source_name_label":"Mart\u00ed Noticias RSS","source_type":"rss","summary":"El secretario de Energ\u00eda de EEUU, Chris Wright, junto a la presidenta interina de Venezuela, Delcy Rodr\u00edguez, en Caracas. (AFP)","title":"EEUU y Venezuela firman acuerdos con petroleras extranjeras para incrementar producci\u00f3n","topic":null,"translation_language":"","url":"https://www.martinoticias.com/a/eeuu-y-venezuela-firman-acuerdos-con-petroleras-extranjeras-para-duplicar-producci%c3%b3n/476819.html","video_url":null,"youtube_conversion_active":false,"youtube_conversion_error":"","youtube_conversion_status":""},{"article_body_paragraphs":[],"audio_source_url":null,"author":"Yuri Perez","available_dubs":[],"downloadable_assets":["https://gdb.martinoticias.com/7eb068a8-d796-4909-8385-e667fb864df9_cx8_cy2_cw88_w1600_r1_n_s.jpg"],"duration_display":"0:00","duration_seconds":null,"embed_url":null,"id":13411,"image_caption":"El presidente de EEUU, Donald Trump, aborda el Air Force One junto al secretario de Estado, Marco Rubio","image_url":"https://gdb.martinoticias.com/7eb068a8-d796-4909-8385-e667fb864df9_cx8_cy2_cw88_w1600_r1_n_s.jpg","is_clip":false,"is_youtube_embed":false,"item_type":"photo","item_type_label":"Photo","language_label":"Espa\u00f1ol","media_credit":"Yuri Perez","micro_label":"Photo","micro_label_kind":"gallery","network_label":"Mart\u00ed Noticias","network_logo_url":"/static/uploads/direct_network_logos/ocb_0888427dcb1d.svg","published_at":"2026-09-02T19:04:38","published_at_display":"2 Sep 2026, 19:04 GMT","sequence_badge_label":null,"sequence_count":null,"sequence_count_label":null,"sequence_frames":[],"sequence_kind":null,"source_name":"radiotelevisionmarti_com_rss","source_name_label":"Mart\u00ed Noticias RSS","source_type":"rss","summary":"El presidente de EEUU, Donald Trump, aborda el Air Force One junto al secretario de Estado, Marco Rubio","title":"El audaz pacto petrolero de Trump y Rubio con Venezuela podr\u00eda acabar por fin con el control comunista sobre Venezuela","topic":null,"translation_language":"","url":"https://www.martinoticias.com/a/el-audaz-pacto-petrolero-de-trump-y-rubio-con-venezuela-podr%c3%ada-acabar-por-fin-con-el-control-comunista-sobre-venezuela/476818.html","video_url":null,"youtube_conversion_active":false,"youtube_conversion_error":"","youtube_conversion_status":""}],"next_num":3,"page":2,"pages":25,"per_page":20,"prev_num":1,"total":485}
