{"applied_filters":{"end_date":"","lang":"","language":"","network":"Mart\u00ed Noticias","page":2,"per_page":20,"search":"","source":"","start_date":"","topic":"","type":"video"},"available_filters":{"language_choices":[{"label":"Choose Language","value":""},{"label":"English","value":"English"},{"label":"Espa\u00f1ol","value":"Espa\u00f1ol"}],"network_choices":[{"label":"All networks","value":""},{"label":"Mart\u00ed Noticias","value":"Mart\u00ed Noticias"}],"source_choices":[{"label":"All sources","value":""},{"label":"Manual Ocb Espanol","value":"manual_ocb_espanol"},{"label":"Mart\u00ed Noticias Video","value":"ocb_spanish_video_scrape"},{"label":"Mart\u00ed Noticias RSS","value":"radiotelevisionmarti_com_rss"},{"label":"TV Mart\u00ed Noticias YouTube","value":"tv_marti_noticias_youtube_playlists"}],"sources":["manual_ocb_espanol","ocb_spanish_video_scrape","radiotelevisionmarti_com_rss","tv_marti_noticias_youtube_playlists"],"topics":["Am\u00e9rica Latina, VENEZUELA, Maiquetia","Asuntos de Estado","Audiovisuales Mart\u00ed","Audiovisuales Mart\u00ed, Cuba turismo, crisis del turismo en Cuba","Audiovisuales Mart\u00ed, VENEZUELA, apagones","Como Come Cuba, cuba, Como Come Cuba","Cuba Habla","Cuba Habla, Cuba","Cuba al D\u00eda, Cuba","Derechos Humanos, cuba, exilio, c\u00e1ncer, Ram\u00f3n Sa\u00fal S\u00e1nchez","Especiales, Exilio cubano, Freedom tower, \"Libertad\", Torre de la Libertad de Miami, Exilio cubano en Miami","Especiales, jos\u00e9 mart\u00ed, Exilio cubano","Esperando un techo, cuba, crisis, vivienda, derrumbes, techo, paredes, EsperandounTecho","Info Mart\u00ed","Info Mart\u00ed , Brigada 2506","Info Mart\u00ed , Cuba","Info Mart\u00ed , Estados Unidos, Colombia","Info Mart\u00ed , Estados Unidos, VENEZUELA","Info Mart\u00ed , estados unidos, Venezuela","Info Mart\u00ed , presos politicos, torturas, VENEZUELA","Kentu-Cubano, cuba, cubanos, Kentucky, migrantes, KentoCubano","Las Noticias Como Son, Cuba","Mart\u00ed Noticias AM","Mart\u00ed en el Mundial 2026","Noticiero Mart\u00ed Noticias","Noticiero Mart\u00ed Noticias, Cuba","Ser Madre en cuba, cuba, hambre, r\u00e9gimen, madre, negligencia, Testimonios, Crisis Econ\u00f3mica, madre cubana, Crisis Alimentaria","Ser viejo en Cuba, cuba, cubanos, crisis, alimentos, ancianos, viejos, vejez"],"types":[["","All types"],["article","Articles"],["audio","Audio"],["video","Videos"],["clips","Clips"],["media","Media"]]},"has_next":true,"has_prev":true,"items":[{"article_body_paragraphs":[],"audio_source_url":null,"author":"Redacci\u00f3n Mart\u00ed Noticias","available_dubs":[],"downloadable_assets":["https://gdb.martinoticias.com/6b0fd5af-c63a-4635-8cc4-34361570efea_w1600_r1_n_s.jpg"],"duration_display":"0:00","duration_seconds":null,"embed_url":"https://www.youtube.com/embed/WoJ7RMmdEf4","id":13251,"image_caption":"U.S. Secretary of State Marco Rubio visits New Delhi","image_url":"https://gdb.martinoticias.com/6b0fd5af-c63a-4635-8cc4-34361570efea_w1600_r1_n_s.jpg","is_clip":true,"is_youtube_embed":true,"item_type":"video","item_type_label":"Video","language_label":"Espa\u00f1ol","media_credit":"Redacci\u00f3n Mart\u00ed Noticias","micro_label":"Video report","micro_label_kind":"video","network_label":"Mart\u00ed Noticias","network_logo_url":"/static/uploads/direct_network_logos/ocb_0888427dcb1d.svg","published_at":"2026-09-02T17:27:07","published_at_display":"2 Sep 2026, 17:27 GMT","sequence_badge_label":null,"sequence_count":null,"sequence_count_label":null,"sequence_frames":[],"sequence_kind":null,"source_name":"radiotelevisionmarti_com_rss","source_name_label":"Mart\u00ed Noticias RSS","source_type":"rss","summary":"El secretario de Estado de Estados Unidos, Marco Rubio, reiter\u00f3 este mi\u00e9rcoles que Cuba es un \"Estado fallido\u201d y sostuvo que una normalizaci\u00f3n plena de las relaciones con Washington est\u00e1 condicionada por la legislaci\u00f3n estadounidense a avances democr\u00e1ticos en la isla. Rubio abord\u00f3 la situaci\u00f3n de Cuba y Venezuela durante una amplia entrevista con Brian Kilmeade en la que tambi\u00e9n se refiri\u00f3 a los ataques estadounidenses contra objetivos iran\u00edes cerca del estrecho de Ormuz, la guerra en Ucrania, las relaciones con Rusia y las tensiones comerciales con Canad\u00e1. \u201cCuba es un Estado fallido ahora mismo. Y no es por culpa nuestra\u201d, dijo Rubio al ser preguntado cu\u00e1nto tiempo podr\u00eda permanecer en el poder el r\u00e9gimen cubano y qu\u00e9 importancia tendr\u00eda para Estados Unidos una transici\u00f3n democr\u00e1tica en la isla. El secretario de Estado atribuy\u00f3 parte de la actual situaci\u00f3n energ\u00e9tica de Cuba al fin del suministro gratuito de petr\u00f3leo venezolano que recib\u00eda durante el gobierno de Nicol\u00e1s Maduro. \u201cMaduro literalmente estaba robando el petr\u00f3leo del pueblo de Venezuela y se lo daba gratis a Cuba\u201d, afirm\u00f3 Rubio y explic\u00f3 que La Habana no utilizaba ese crudo para beneficiar a la poblaci\u00f3n, sino que vend\u00eda la mayor parte para obtener efectivo que, asegur\u00f3, \u201ciba a sus bolsillos\u201d. \u201cEso ya no est\u00e1 ocurriendo\u201d, agreg\u00f3. El jefe de la diplomacia estadounidense sostuvo que los cubanos \"llevan teniendo apagones hace cinco o siete a\u00f1os\u201d. \u201cSu sistema no funciona. No sirve\u201d, dijo. Rubio record\u00f3 adem\u00e1s que Cuba dispone de equipos de las d\u00e9cadas de 1940 y 1950 y atribuy\u00f3 la falta de renovaci\u00f3n e inversiones al modelo econ\u00f3mico de la isla. Washington est\u00e1 dispuesto a desempe\u00f1ar \u201cun papel productivo\u201d en un eventual proceso de transformaci\u00f3n cubano, aclar\u00f3. \u201cLa \u00fanica soluci\u00f3n y respuesta para Cuba [\u2026] es colocarse en un camino irreversible hacia convertirse en un Estado normal y funcional que eventualmente, por supuesto, tambi\u00e9n sea democr\u00e1tico\u201d, afirm\u00f3. El secretario de Estado subray\u00f3 adem\u00e1s que la pol\u00edtica estadounidense hacia La Habana, a diferencia de la aplicada a Venezuela u otros pa\u00edses, est\u00e1 determinada en parte por una legislaci\u00f3n aprobada por el Congreso. \u201cLa pol\u00edtica de EEUU hacia Cuba [\u2026] est\u00e1 codificada, est\u00e1 en estatuto, hay una ley y esa ley regula lo que podemos y no podemos hacer con Cuba\u201d, se\u00f1al\u00f3. Bajo esa legislaci\u00f3n la normalizaci\u00f3n plena entre ambos pa\u00edses no puede producirse sin \u201cuna democracia funcional o al menos pasos hacia una democracia funcional\u201d.","title":"Rubio dice que Cuba necesita un camino irreversible hacia la democracia","topic":null,"translation_language":"","url":"https://www.martinoticias.com/a/rubio-dice-que-cuba-necesita-un-camino-irreversible-hacia-la-democracia/476807.html","video_url":null,"youtube_conversion_active":false,"youtube_conversion_error":"","youtube_conversion_status":""},{"article_body_paragraphs":[],"audio_source_url":null,"author":"Mart\u00ed Noticias","available_dubs":[],"downloadable_assets":["https://ocb-video-ns.akamaized.net/pangeavideo/2026/08/e/e3/e3e5358f-c7bf-475b-040a-08decd63a0c8_1080p.mp4?cb=ee2229b09"],"duration_display":"1:19","duration_seconds":79.0,"embed_url":null,"id":12938,"image_caption":null,"image_url":"https://gdb.martinoticias.com/e3e5358f-c7bf-475b-040a-08decd63a0c8_tv_w1080_h608.jpg","is_clip":true,"is_youtube_embed":false,"item_type":"video","item_type_label":"Video","language_label":"Espa\u00f1ol","media_credit":"Mart\u00ed Noticias","micro_label":"Video report","micro_label_kind":"video","network_label":"Mart\u00ed Noticias","network_logo_url":"/static/uploads/direct_network_logos/ocb_0888427dcb1d.svg","published_at":"2026-09-02T11:00:00","published_at_display":"2 Sep 2026, 11:00 GMT","sequence_badge_label":null,"sequence_count":null,"sequence_count_label":null,"sequence_frames":[],"sequence_kind":null,"source_name":"ocb_spanish_video_scrape","source_name_label":"Mart\u00ed Noticias Video","source_type":"scrape","summary":"Desde La Habana, joven cubano habla de la crisis por falta de electricidad y comunicaci\u00f3n digital en la isla.","title":"Cuba Habla: \"El pueblo no tiene la culpa\u201d","topic":"Cuba Habla","translation_language":"","url":"https://www.martinoticias.com/a/cuba-habla-el-pueblo-no-tiene-la-culpa/476421.html","video_url":"https://ocb-video-ns.akamaized.net/pangeavideo/2026/08/e/e3/e3e5358f-c7bf-475b-040a-08decd63a0c8_1080p.mp4?cb=ee2229b09","youtube_conversion_active":false,"youtube_conversion_error":"","youtube_conversion_status":""},{"article_body_paragraphs":[],"audio_source_url":null,"author":"Redacci\u00f3n Mart\u00ed Noticias","available_dubs":[],"downloadable_assets":["https://gdb.martinoticias.com/36ed012f-4369-49c6-87e4-81fcdf3a4719_cx0_cy7_cw0_w1600_r1_n_s.jpg"],"duration_display":"0:00","duration_seconds":null,"embed_url":"https://www.youtube.com/embed/86vLL1J82Z8","id":12679,"image_caption":"Secretario de Estado de Estados Unidos, Marco Rubio","image_url":"https://gdb.martinoticias.com/36ed012f-4369-49c6-87e4-81fcdf3a4719_cx0_cy7_cw0_w1600_r1_n_s.jpg","is_clip":true,"is_youtube_embed":true,"item_type":"video","item_type_label":"Video","language_label":"Espa\u00f1ol","media_credit":"Redacci\u00f3n Mart\u00ed Noticias","micro_label":"Video report","micro_label_kind":"video","network_label":"Mart\u00ed Noticias","network_logo_url":"/static/uploads/direct_network_logos/ocb_0888427dcb1d.svg","published_at":"2026-09-02T01:15:19","published_at_display":"2 Sep 2026, 01:15 GMT","sequence_badge_label":null,"sequence_count":null,"sequence_count_label":null,"sequence_frames":[],"sequence_kind":null,"source_name":"radiotelevisionmarti_com_rss","source_name_label":"Mart\u00ed Noticias RSS","source_type":"rss","summary":"Marco Rubio defendi\u00f3 el acuerdo petrolero vinculado con Venezuela como parte clave de la recuperaci\u00f3n econ\u00f3mica y la transici\u00f3n pol\u00edtica.","title":"Rubio habla sobre el hist\u00f3rico acuerdo petrolero de EEUU y Venezuela","topic":null,"translation_language":"","url":"https://www.martinoticias.com/a/rubio-habla-sobre-el-hist%c3%b3rico-acuerdo-petrolero-de-eeuu-y-venezuela/476799.html","video_url":null,"youtube_conversion_active":false,"youtube_conversion_error":"","youtube_conversion_status":""},{"article_body_paragraphs":[],"audio_source_url":null,"author":"Mario J. Pent\u00f3n","available_dubs":[],"downloadable_assets":["https://ocb-video-ns.akamaized.net/pangeavideo/2026/09/f/fa/fa27e4d0-c992-4300-7c99-08def2b1c8fe_1080p.mp4?cb=ee229670d"],"duration_display":"29:47","duration_seconds":1787.0,"embed_url":null,"id":12749,"image_caption":null,"image_url":"https://gdb.martinoticias.com/fa27e4d0-c992-4300-7c99-08def2b1c8fe_tv_w1080_h608.jpg","is_clip":false,"is_youtube_embed":false,"item_type":"video","item_type_label":"Video","language_label":"Espa\u00f1ol","media_credit":"Mario J. Pent\u00f3n","micro_label":"Video report","micro_label_kind":"video","network_label":"Mart\u00ed Noticias","network_logo_url":"/static/uploads/direct_network_logos/ocb_0888427dcb1d.svg","published_at":"2026-09-02T00:33:01","published_at_display":"2 Sep 2026, 00:33 GMT","sequence_badge_label":null,"sequence_count":null,"sequence_count_label":null,"sequence_frames":[],"sequence_kind":null,"source_name":"ocb_spanish_video_scrape","source_name_label":"Mart\u00ed Noticias Video","source_type":"scrape","summary":"Cuba se apaga y las protestas caen: \u00bfmiedo, cansancio o resignaci\u00f3n?","title":"Cuba al d\u00eda","topic":"Cuba al D\u00eda, Cuba","translation_language":"","url":"https://www.martinoticias.com/a/cuba-al-d%C3%ADa/476797.html","video_url":"https://ocb-video-ns.akamaized.net/pangeavideo/2026/09/f/fa/fa27e4d0-c992-4300-7c99-08def2b1c8fe_1080p.mp4?cb=ee229670d","youtube_conversion_active":false,"youtube_conversion_error":"","youtube_conversion_status":""},{"article_body_paragraphs":[],"audio_source_url":null,"author":"Jos\u00e9 Pernalete","available_dubs":[{"dubbed_video_url":"/static/video/direct_dubs/direct_dub_59_7fe44e432a54.mp4","id":59,"label":"English","target_language":"en","target_language_label":"English","voice":"alloy"}],"downloadable_assets":["https://ocb-video-ns.akamaized.net/pangeavideo/2026/09/0/07/07bfa549-6b27-4d2b-6915-08def2ff2efe_1080p.mp4?cb=ee22934b1","https://gdb.martinoticias.com/b9886e60-771c-4c96-5aab-08decd6ea425_w1600_r1_n_s.jpg"],"duration_display":"0:00","duration_seconds":null,"embed_url":null,"id":12626,"image_caption":"Una bomba de extracci\u00f3n de petr\u00f3leo en el lago de Maracaibo, en Cabimas, Venezuela.(REUTERS)","image_url":"https://gdb.martinoticias.com/b9886e60-771c-4c96-5aab-08decd6ea425_w1600_r1_n_s.jpg","is_clip":true,"is_youtube_embed":false,"item_type":"video","item_type_label":"Video","language_label":"Espa\u00f1ol","media_credit":"Jos\u00e9 Pernalete","micro_label":"Video report","micro_label_kind":"video","network_label":"Mart\u00ed Noticias","network_logo_url":"/static/uploads/direct_network_logos/ocb_0888427dcb1d.svg","published_at":"2026-09-01T21:54:06","published_at_display":"1 Sep 2026, 21:54 GMT","sequence_badge_label":null,"sequence_count":null,"sequence_count_label":null,"sequence_frames":[],"sequence_kind":null,"source_name":"radiotelevisionmarti_com_rss","source_name_label":"Mart\u00ed Noticias RSS","source_type":"rss","summary":"El economista y experto petrolero Jos\u00e9 Toro Hardy advierte que el acuerdo energ\u00e9tico entre Estados Unidos y Venezuela enfrenta importantes interrogantes sobre la capacidad de las empresas involucradas para ejecutar inversiones de hasta 100 mil millones de d\u00f3lares.","title":"Acuerdo petrolero con EEUU abre camino a inversiones en Venezuela, pero persisten desaf\u00edos","topic":null,"translation_language":"","url":"https://www.martinoticias.com/a/acuerdo-petrolero-entre-eeuu-y-venezuela-podr%c3%ada-atraer-inversiones-por-100-000-millones-de-d%c3%b3lares/476756.html","video_url":"https://ocb-video-ns.akamaized.net/pangeavideo/2026/09/0/07/07bfa549-6b27-4d2b-6915-08def2ff2efe_1080p.mp4?cb=ee22934b1","youtube_conversion_active":false,"youtube_conversion_error":"","youtube_conversion_status":""},{"article_body_paragraphs":[],"audio_source_url":null,"author":"Jos\u00e9 Pernalete","available_dubs":[],"downloadable_assets":["https://ocb-video-ns.akamaized.net/pangeavideo/2026/09/0/07/07bfa549-6b27-4d2b-6915-08def2ff2efe_1080p.mp4?cb=ee22934b1"],"duration_display":"2:21","duration_seconds":141.0,"embed_url":null,"id":12691,"image_caption":null,"image_url":"https://gdb.martinoticias.com/07bfa549-6b27-4d2b-6915-08def2ff2efe_tv_w1080_h608.jpg","is_clip":true,"is_youtube_embed":false,"item_type":"video","item_type_label":"Video","language_label":"Espa\u00f1ol","media_credit":"Jos\u00e9 Pernalete","micro_label":"Video report","micro_label_kind":"video","network_label":"Mart\u00ed Noticias","network_logo_url":"/static/uploads/direct_network_logos/ocb_0888427dcb1d.svg","published_at":"2026-09-01T21:03:45","published_at_display":"1 Sep 2026, 21:03 GMT","sequence_badge_label":null,"sequence_count":null,"sequence_count_label":null,"sequence_frames":[],"sequence_kind":null,"source_name":"ocb_spanish_video_scrape","source_name_label":"Mart\u00ed Noticias Video","source_type":"scrape","summary":"El economista y experto petrolero Jos\u00e9 Toro Hardy advierte que el acuerdo energ\u00e9tico entre Estados Unidos y Venezuela enfrenta importantes interrogantes sobre la capacidad de las empresas involucradas para ejecutar inversiones de hasta 100 mil millones de d\u00f3lares.","title":"Acuerdo petrolero con EEUU abre camino a inversiones en Venezuela, pero persisten desaf\u00edos","topic":"Info Mart\u00ed , Estados Unidos, VENEZUELA","translation_language":"","url":"https://www.martinoticias.com/a/acuerdo-petrolero-con-eeuu-abre-camino-a-inversiones-en-venezuela-pero-persisten-desaf%C3%ADos/476755.html","video_url":"https://ocb-video-ns.akamaized.net/pangeavideo/2026/09/0/07/07bfa549-6b27-4d2b-6915-08def2ff2efe_1080p.mp4?cb=ee22934b1","youtube_conversion_active":false,"youtube_conversion_error":"","youtube_conversion_status":""},{"article_body_paragraphs":[],"audio_source_url":null,"author":"Jany Gonz\u00e1lez","available_dubs":[],"downloadable_assets":["https://ocb-video-ns.akamaized.net/pangeavideo/2026/09/3/3e/3ec08f3f-80ac-4a02-7c97-08def2b1c8fe_1080p.mp4?cb=ee2292622"],"duration_display":"3:00","duration_seconds":180.0,"embed_url":null,"id":12692,"image_caption":null,"image_url":"https://gdb.martinoticias.com/3ec08f3f-80ac-4a02-7c97-08def2b1c8fe_tv_w1080_h608.jpg","is_clip":true,"is_youtube_embed":false,"item_type":"video","item_type_label":"Video","language_label":"Espa\u00f1ol","media_credit":"Jany Gonz\u00e1lez","micro_label":"Video report","micro_label_kind":"video","network_label":"Mart\u00ed Noticias","network_logo_url":"/static/uploads/direct_network_logos/ocb_0888427dcb1d.svg","published_at":"2026-09-01T20:01:38","published_at_display":"1 Sep 2026, 20:01 GMT","sequence_badge_label":null,"sequence_count":null,"sequence_count_label":null,"sequence_frames":[],"sequence_kind":null,"source_name":"ocb_spanish_video_scrape","source_name_label":"Mart\u00ed Noticias Video","source_type":"scrape","summary":"\u201cNo est\u00e1 preparado este pa\u00eds para que empiece el curso escolar\u201d. Madres cubanas denuncian falta de alimentos, uniformes y \u00fatiles, adem\u00e1s de apagones y jornadas reducidas. Algunas aseguran que no enviar\u00e1n a sus hijos a la escuela.","title":"Comienza el curso escolar en Cuba entre carencias y jornadas reducidas.","topic":"Info Mart\u00ed","translation_language":"","url":"https://www.martinoticias.com/a/476749.html","video_url":"https://ocb-video-ns.akamaized.net/pangeavideo/2026/09/3/3e/3ec08f3f-80ac-4a02-7c97-08def2b1c8fe_1080p.mp4?cb=ee2292622","youtube_conversion_active":false,"youtube_conversion_error":"","youtube_conversion_status":""},{"article_body_paragraphs":[],"audio_source_url":null,"author":"Jos\u00e9 L Ramos/Amado Gil","available_dubs":[],"downloadable_assets":["https://ocb-video-ns.akamaized.net/pangeavideo/2026/09/8/88/88d1fee7-efff-4ecb-bc7a-08def2b1d8dc_720p.mp4?cb=ee229238d"],"duration_display":"28:55","duration_seconds":1735.0,"embed_url":null,"id":12748,"image_caption":null,"image_url":"https://gdb.martinoticias.com/88d1fee7-efff-4ecb-bc7a-08def2b1d8dc_tv_w1080_h608.jpg","is_clip":false,"is_youtube_embed":false,"item_type":"video","item_type_label":"Video","language_label":"Espa\u00f1ol","media_credit":"Jos\u00e9 L Ramos/Amado Gil","micro_label":"Video report","micro_label_kind":"video","network_label":"Mart\u00ed Noticias","network_logo_url":"/static/uploads/direct_network_logos/ocb_0888427dcb1d.svg","published_at":"2026-09-01T19:50:37","published_at_display":"1 Sep 2026, 19:50 GMT","sequence_badge_label":null,"sequence_count":null,"sequence_count_label":null,"sequence_frames":[],"sequence_kind":null,"source_name":"ocb_spanish_video_scrape","source_name_label":"Mart\u00ed Noticias Video","source_type":"scrape","summary":"Amado Gil y Jos\u00e9 Luis Ramos, en Tertulia con Luz Escobar e Hildebrando Chaviano, comentan la disminuci\u00f3n de protestas en Cuba en agosto. Una investigaci\u00f3n arroja la poca importancia que el r\u00e9gimen le ha dado a la alimentaci\u00f3n, y cu\u00e1les eran las ganancias de Meli\u00e1 antes y ahora.","title":"Las noticias como son","topic":"Las Noticias Como Son, Cuba","translation_language":"","url":"https://www.martinoticias.com/a/las-noticias-como-son/476750.html","video_url":"https://ocb-video-ns.akamaized.net/pangeavideo/2026/09/8/88/88d1fee7-efff-4ecb-bc7a-08def2b1d8dc_720p.mp4?cb=ee229238d","youtube_conversion_active":false,"youtube_conversion_error":"","youtube_conversion_status":""},{"article_body_paragraphs":[],"audio_source_url":null,"author":"Mart\u00ed Noticias","available_dubs":[],"downloadable_assets":["https://ocb-video-ns.akamaized.net/pangeavideo/2026/09/9/92/925a2952-e1cf-453f-b7af-6c60457b8331_1080p.mp4?cb=ee22923e5"],"duration_display":"29:14","duration_seconds":1754.0,"embed_url":null,"id":12747,"image_caption":null,"image_url":"https://gdb.martinoticias.com/925a2952-e1cf-453f-b7af-6c60457b8331_tv_w1080_h608.jpg","is_clip":false,"is_youtube_embed":false,"item_type":"video","item_type_label":"Video","language_label":"Espa\u00f1ol","media_credit":"Mart\u00ed Noticias","micro_label":"Video report","micro_label_kind":"video","network_label":"Mart\u00ed Noticias","network_logo_url":"/static/uploads/direct_network_logos/ocb_0888427dcb1d.svg","published_at":"2026-09-01T19:37:58","published_at_display":"1 Sep 2026, 19:37 GMT","sequence_badge_label":null,"sequence_count":null,"sequence_count_label":null,"sequence_frames":[],"sequence_kind":null,"source_name":"ocb_spanish_video_scrape","source_name_label":"Mart\u00ed Noticias Video","source_type":"scrape","summary":"Inicia el curso escolar en Cuba con falta de uniformes y d\u00e9ficit de maestros. -El Observatorio Cubano de Conflictos registra una sensible reducci\u00f3n de las protestas en Cuba durante agosto.","title":"Noticiero Mart\u00ed Noticias","topic":"Noticiero Mart\u00ed Noticias","translation_language":"","url":"https://www.martinoticias.com/a/noticiero-mart%C3%AD-noticias/476737.html","video_url":"https://ocb-video-ns.akamaized.net/pangeavideo/2026/09/9/92/925a2952-e1cf-453f-b7af-6c60457b8331_1080p.mp4?cb=ee22923e5","youtube_conversion_active":false,"youtube_conversion_error":"","youtube_conversion_status":""},{"article_body_paragraphs":[],"audio_source_url":null,"author":"Rolando N\u00e1poles","available_dubs":[],"downloadable_assets":["https://ocb-video-ns.akamaized.net/pangeavideo/2026/09/7/7c/7c60ed48-bfc4-430a-690f-08def2ff2efe_1080p.mp4?cb=ee2291750"],"duration_display":"3:58","duration_seconds":238.0,"embed_url":null,"id":12693,"image_caption":null,"image_url":"https://gdb.martinoticias.com/7c60ed48-bfc4-430a-690f-08def2ff2efe_tv_w1080_h608.jpg","is_clip":true,"is_youtube_embed":false,"item_type":"video","item_type_label":"Video","language_label":"Espa\u00f1ol","media_credit":"Rolando N\u00e1poles","micro_label":"Video report","micro_label_kind":"video","network_label":"Mart\u00ed Noticias","network_logo_url":"/static/uploads/direct_network_logos/ocb_0888427dcb1d.svg","published_at":"2026-09-01T18:58:16","published_at_display":"1 Sep 2026, 18:58 GMT","sequence_badge_label":null,"sequence_count":null,"sequence_count_label":null,"sequence_frames":[],"sequence_kind":null,"source_name":"ocb_spanish_video_scrape","source_name_label":"Mart\u00ed Noticias Video","source_type":"scrape","summary":"Investigaci\u00f3n revel\u00f3 c\u00f3mo el r\u00e9gimen cubano prioriz\u00f3 la inversi\u00f3n extranjera en el turismo antes de producir alimentos","title":"R\u00e9gimen prioriz\u00f3 inversi\u00f3n extranjera en el turismo antes de producir alimentos en Cuba","topic":"Audiovisuales Mart\u00ed","translation_language":"","url":"https://www.martinoticias.com/a/r%C3%A9gimen-prioriz%C3%B3-inversi%C3%B3n-extranjera-en-el-turismo-antes-de-producir-alimentos-en-cuba/476746.html","video_url":"https://ocb-video-ns.akamaized.net/pangeavideo/2026/09/7/7c/7c60ed48-bfc4-430a-690f-08def2ff2efe_1080p.mp4?cb=ee2291750","youtube_conversion_active":false,"youtube_conversion_error":"","youtube_conversion_status":""},{"article_body_paragraphs":[],"audio_source_url":null,"author":"Jos\u00e9 Pernalete","available_dubs":[],"downloadable_assets":["https://ocb-video-ns.akamaized.net/pangeavideo/2026/08/e/e5/e50b7384-5f37-47d9-7c91-08def2b1c8fe_1080p.mp4?cb=ee227dcec","https://gdb.martinoticias.com/80226a29-3f62-48c4-7c90-08def2b1c8fe_w1600_r1_n_s.png"],"duration_display":"0:00","duration_seconds":null,"embed_url":null,"id":11928,"image_caption":"Alcalde de Medell\u00edn, Federico Guti\u00e9rrez, durante rueda de prensa en Miami este lunes. (OCB)","image_url":"https://gdb.martinoticias.com/80226a29-3f62-48c4-7c90-08def2b1c8fe_w1600_r1_n_s.png","is_clip":true,"is_youtube_embed":false,"item_type":"video","item_type_label":"Video","language_label":"Espa\u00f1ol","media_credit":"Jos\u00e9 Pernalete","micro_label":"Video report","micro_label_kind":"video","network_label":"Mart\u00ed Noticias","network_logo_url":"/static/uploads/direct_network_logos/ocb_0888427dcb1d.svg","published_at":"2026-09-01T00:17:05","published_at_display":"1 Sep 2026, 00:17 GMT","sequence_badge_label":null,"sequence_count":null,"sequence_count_label":null,"sequence_frames":[],"sequence_kind":null,"source_name":"radiotelevisionmarti_com_rss","source_name_label":"Mart\u00ed Noticias RSS","source_type":"rss","summary":"El alcalde de Medell\u00edn, Federico Guti\u00e9rrez, destac\u00f3 en Miami la importancia de la cooperaci\u00f3n con Estados Unidos para enfrentar a organizaciones criminales vinculadas al narcotr\u00e1fico y al terrorismo.","title":"Alcalde de Medell\u00edn: apoyo de EEUU es clave contra redes criminales hemisf\u00e9ricas","topic":null,"translation_language":"","url":"https://www.martinoticias.com/a/alcalde-de-medell%c3%adn-cuba-se-ha-prestado-para-el-terrorismo-y-el-narcotr%c3%a1fico/476674.html","video_url":"https://ocb-video-ns.akamaized.net/pangeavideo/2026/08/e/e5/e50b7384-5f37-47d9-7c91-08def2b1c8fe_1080p.mp4?cb=ee227dcec","youtube_conversion_active":false,"youtube_conversion_error":"","youtube_conversion_status":""},{"article_body_paragraphs":[],"audio_source_url":null,"author":"Laura Artal","available_dubs":[],"downloadable_assets":["https://ocb-video-ns.akamaized.net/pangeavideo/2026/08/0/01/01c96a6c-1143-4c49-bc75-08def2b1d8dc_1080p.mp4?cb=ee227e92e"],"duration_display":"2:49","duration_seconds":169.0,"embed_url":null,"id":12694,"image_caption":null,"image_url":"https://gdb.martinoticias.com/01c96a6c-1143-4c49-bc75-08def2b1d8dc_tv_w1080_h608.jpg","is_clip":true,"is_youtube_embed":false,"item_type":"video","item_type_label":"Video","language_label":"Espa\u00f1ol","media_credit":"Laura Artal","micro_label":"Video report","micro_label_kind":"video","network_label":"Mart\u00ed Noticias","network_logo_url":"/static/uploads/direct_network_logos/ocb_0888427dcb1d.svg","published_at":"2026-08-31T21:29:18","published_at_display":"31 Aug 2026, 21:29 GMT","sequence_badge_label":null,"sequence_count":null,"sequence_count_label":null,"sequence_frames":[],"sequence_kind":null,"source_name":"ocb_spanish_video_scrape","source_name_label":"Mart\u00ed Noticias Video","source_type":"scrape","summary":"Cinco estados del occidente de Venezuela quedaron a oscuras este fin de semana tras una nueva falla el\u00e9ctrica. Experto explic\u00f3 a Mart\u00ed Noticias que el problema no se limita a la generaci\u00f3n y advirti\u00f3 que recuperar integralmente el sistema el\u00e9ctrico venezolano podr\u00eda tomar entre tres y cinco a\u00f1os.","title":"Apagones en Venezuela exponen deterioro del sistema el\u00e9ctrico","topic":"Audiovisuales Mart\u00ed, VENEZUELA, apagones","translation_language":"","url":"https://www.martinoticias.com/a/apagones-en-venezuela-exponen-deterioro-del-sistema-el%C3%A9ctrico/476675.html","video_url":"https://ocb-video-ns.akamaized.net/pangeavideo/2026/08/0/01/01c96a6c-1143-4c49-bc75-08def2b1d8dc_1080p.mp4?cb=ee227e92e","youtube_conversion_active":false,"youtube_conversion_error":"","youtube_conversion_status":""},{"article_body_paragraphs":[],"audio_source_url":null,"author":"Jos\u00e9 Pernalete","available_dubs":[],"downloadable_assets":["https://ocb-video-ns.akamaized.net/pangeavideo/2026/08/e/e5/e50b7384-5f37-47d9-7c91-08def2b1c8fe_1080p.mp4?cb=ee227dcec"],"duration_display":"3:24","duration_seconds":204.0,"embed_url":null,"id":12695,"image_caption":null,"image_url":"https://gdb.martinoticias.com/e50b7384-5f37-47d9-7c91-08def2b1c8fe_tv_w1080_h608.jpg","is_clip":true,"is_youtube_embed":false,"item_type":"video","item_type_label":"Video","language_label":"Espa\u00f1ol","media_credit":"Jos\u00e9 Pernalete","micro_label":"Video report","micro_label_kind":"video","network_label":"Mart\u00ed Noticias","network_logo_url":"/static/uploads/direct_network_logos/ocb_0888427dcb1d.svg","published_at":"2026-08-31T20:37:00","published_at_display":"31 Aug 2026, 20:37 GMT","sequence_badge_label":null,"sequence_count":null,"sequence_count_label":null,"sequence_frames":[],"sequence_kind":null,"source_name":"ocb_spanish_video_scrape","source_name_label":"Mart\u00ed Noticias Video","source_type":"scrape","summary":"El alcalde de Medell\u00edn, Federico Guti\u00e9rrez, destac\u00f3 en Miami la importancia de la cooperaci\u00f3n con Estados Unidos para enfrentar a organizaciones criminales vinculadas al narcotr\u00e1fico y al terrorismo.","title":"Alcalde de Medell\u00edn: apoyo de EEUU es clave contra redes criminales hemisf\u00e9ricas","topic":"Info Mart\u00ed , Estados Unidos, Colombia","translation_language":"","url":"https://www.martinoticias.com/a/alcalde-de-medell%C3%ADn-apoyo-de-eeuu-es-clave-contra-redes-criminales-hemisf%C3%A9ricas/476671.html","video_url":"https://ocb-video-ns.akamaized.net/pangeavideo/2026/08/e/e5/e50b7384-5f37-47d9-7c91-08def2b1c8fe_1080p.mp4?cb=ee227dcec","youtube_conversion_active":false,"youtube_conversion_error":"","youtube_conversion_status":""},{"article_body_paragraphs":[],"audio_source_url":null,"author":"Rolando N\u00e1poles","available_dubs":[],"downloadable_assets":["https://ocb-video-ns.akamaized.net/pangeavideo/2026/08/0/00/00f92552-0ad0-4405-bc70-08def2b1d8dc_1080p.mp4?cb=ee227a789"],"duration_display":"3:35","duration_seconds":215.0,"embed_url":null,"id":12696,"image_caption":null,"image_url":"https://gdb.martinoticias.com/00f92552-0ad0-4405-bc70-08def2b1d8dc_tv_w1080_h608.jpg","is_clip":true,"is_youtube_embed":false,"item_type":"video","item_type_label":"Video","language_label":"Espa\u00f1ol","media_credit":"Rolando N\u00e1poles","micro_label":"Video report","micro_label_kind":"video","network_label":"Mart\u00ed Noticias","network_logo_url":"/static/uploads/direct_network_logos/ocb_0888427dcb1d.svg","published_at":"2026-08-31T16:49:13","published_at_display":"31 Aug 2026, 16:49 GMT","sequence_badge_label":null,"sequence_count":null,"sequence_count_label":null,"sequence_frames":[],"sequence_kind":null,"source_name":"ocb_spanish_video_scrape","source_name_label":"Mart\u00ed Noticias Video","source_type":"scrape","summary":"Economista advierte que medidas del r\u00e9gimen no va a beneficiar a empresas privadas en Cuba","title":"Las medidas que no beneficiar\u00edan a los negocios privados en Cuba","topic":"Audiovisuales Mart\u00ed","translation_language":"","url":"https://www.martinoticias.com/a/las-medidas-que-no-beneficiar%C3%ADan-a-los-negocios-privados-en-cuba/476655.html","video_url":"https://ocb-video-ns.akamaized.net/pangeavideo/2026/08/0/00/00f92552-0ad0-4405-bc70-08def2b1d8dc_1080p.mp4?cb=ee227a789","youtube_conversion_active":false,"youtube_conversion_error":"","youtube_conversion_status":""},{"article_body_paragraphs":[],"audio_source_url":null,"author":"Mart\u00ed Noticias","available_dubs":[],"downloadable_assets":["https://ocb-video-ns.akamaized.net/pangeavideo/2026/08/6/6c/6c3f1137-5f45-49ef-5a97-08decd6ea425_1080p.mp4?cb=ee2229739"],"duration_display":"1:38","duration_seconds":98.0,"embed_url":null,"id":12712,"image_caption":null,"image_url":"https://gdb.martinoticias.com/6c3f1137-5f45-49ef-5a97-08decd6ea425_tv_w1080_h608.jpg","is_clip":true,"is_youtube_embed":false,"item_type":"video","item_type_label":"Video","language_label":"Espa\u00f1ol","media_credit":"Mart\u00ed Noticias","micro_label":"Video report","micro_label_kind":"video","network_label":"Mart\u00ed Noticias","network_logo_url":"/static/uploads/direct_network_logos/ocb_0888427dcb1d.svg","published_at":"2026-08-31T11:00:00","published_at_display":"31 Aug 2026, 11:00 GMT","sequence_badge_label":null,"sequence_count":null,"sequence_count_label":null,"sequence_frames":[],"sequence_kind":null,"source_name":"ocb_spanish_video_scrape","source_name_label":"Mart\u00ed Noticias Video","source_type":"scrape","summary":"\" Los que llevan el gobierno\" asegura joven habanero que son los responsables de la crisis en Cuba.","title":"Cuba Habla: \"En la uni\u00f3n est\u00e1 la fuerza\u201d","topic":"Cuba Habla, Cuba","translation_language":"","url":"https://www.martinoticias.com/a/cuba-habla-en-la-uni%C3%B3n-est%C3%A1-la-fuerza/476416.html","video_url":"https://ocb-video-ns.akamaized.net/pangeavideo/2026/08/6/6c/6c3f1137-5f45-49ef-5a97-08decd6ea425_1080p.mp4?cb=ee2229739","youtube_conversion_active":false,"youtube_conversion_error":"","youtube_conversion_status":""},{"article_body_paragraphs":[],"audio_source_url":null,"author":"Mart\u00ed Noticias","available_dubs":[],"downloadable_assets":[],"duration_display":"1:59:59","duration_seconds":7199.0,"embed_url":"https://www.youtube.com/embed/0UuvkXLXwE4","id":14461,"image_caption":null,"image_url":"https://i.ytimg.com/vi/0UuvkXLXwE4/hqdefault.jpg?sqp=-oaymwEcCNACELwBSFXyq4qpAw4IARUAAIhCGAFwAcABBg==&rs=AOn4CLBpwdhjc3QEUWhAKvoMh1pVNlV37g","is_clip":false,"is_youtube_embed":true,"item_type":"video","item_type_label":"Video","language_label":"Espa\u00f1ol","media_credit":"Mart\u00ed Noticias","micro_label":"Video report","micro_label_kind":"video","network_label":"Mart\u00ed Noticias","network_logo_url":"/static/uploads/direct_network_logos/ocb_0888427dcb1d.svg","published_at":"2026-08-31T00:00:00","published_at_display":"31 Aug 2026, 00:00 GMT","sequence_badge_label":null,"sequence_count":null,"sequence_count_label":null,"sequence_frames":[],"sequence_kind":null,"source_name":"tv_marti_noticias_youtube_playlists","source_name_label":"Mart\u00ed Noticias","source_type":"scrape","summary":null,"title":"Mart\u00ed Noticias AM","topic":"Mart\u00ed Noticias AM","translation_language":"","url":"https://www.youtube.com/watch?v=0UuvkXLXwE4","video_url":null,"youtube_conversion_active":false,"youtube_conversion_error":"","youtube_conversion_status":""},{"article_body_paragraphs":[],"audio_source_url":null,"author":"Mart\u00ed Noticias","available_dubs":[],"downloadable_assets":["https://ocb-video-ns.akamaized.net/pangeavideo/2026/08/7/76/76c7bd52-08eb-4ffe-68f0-08def2ff2efe_1080p.mp4?cb=ee2201e0a"],"duration_display":"1:03","duration_seconds":63.0,"embed_url":null,"id":12713,"image_caption":null,"image_url":"https://gdb.martinoticias.com/76c7bd52-08eb-4ffe-68f0-08def2ff2efe_tv_w1080_h608.jpg","is_clip":true,"is_youtube_embed":false,"item_type":"video","item_type_label":"Video","language_label":"Espa\u00f1ol","media_credit":"Mart\u00ed Noticias","micro_label":"Video report","micro_label_kind":"video","network_label":"Mart\u00ed Noticias","network_logo_url":"/static/uploads/direct_network_logos/ocb_0888427dcb1d.svg","published_at":"2026-08-30T11:00:00","published_at_display":"30 Aug 2026, 11:00 GMT","sequence_badge_label":null,"sequence_count":null,"sequence_count_label":null,"sequence_frames":[],"sequence_kind":null,"source_name":"ocb_spanish_video_scrape","source_name_label":"Mart\u00ed Noticias Video","source_type":"scrape","summary":"Habanero da testimonio de la falta de electricidad y conexi\u00f3n a internet en la isla.","title":"Cuba Habla: \u201cTumban la red\u201d","topic":"Cuba Habla, Cuba","translation_language":"","url":"https://www.martinoticias.com/a/cuba-habla-tumban-la-red/476270.html","video_url":"https://ocb-video-ns.akamaized.net/pangeavideo/2026/08/7/76/76c7bd52-08eb-4ffe-68f0-08def2ff2efe_1080p.mp4?cb=ee2201e0a","youtube_conversion_active":false,"youtube_conversion_error":"","youtube_conversion_status":""},{"article_body_paragraphs":[],"audio_source_url":null,"author":"Jany Gonz\u00e1lez","available_dubs":[],"downloadable_assets":["https://ocb-video-ns.akamaized.net/pangeavideo/2026/08/b/bc/bc78fb55-568f-42a3-0412-08decd63a0c8_1080p.mp4?cb=ee223fe70"],"duration_display":"3:16","duration_seconds":196.0,"embed_url":null,"id":12697,"image_caption":null,"image_url":"https://gdb.martinoticias.com/bc78fb55-568f-42a3-0412-08decd63a0c8_tv_w1080_h608.jpg","is_clip":true,"is_youtube_embed":false,"item_type":"video","item_type_label":"Video","language_label":"Espa\u00f1ol","media_credit":"Jany Gonz\u00e1lez","micro_label":"Video report","micro_label_kind":"video","network_label":"Mart\u00ed Noticias","network_logo_url":"/static/uploads/direct_network_logos/ocb_0888427dcb1d.svg","published_at":"2026-08-28T21:56:25","published_at_display":"28 Aug 2026, 21:56 GMT","sequence_badge_label":null,"sequence_count":null,"sequence_count_label":null,"sequence_frames":[],"sequence_kind":null,"source_name":"ocb_spanish_video_scrape","source_name_label":"Mart\u00ed Noticias Video","source_type":"scrape","summary":"Julio Rebull naci\u00f3 en Estados Unidos, pero hered\u00f3 de su padre, miembro de la Brigada 2506, un profundo v\u00ednculo con Cuba. Ahora dedica \u201cSu Majestad\u201d a quienes siguen en la isla y sue\u00f1a con ver una Cuba libre.","title":"\"Su Majestad\u201d: una canci\u00f3n que busca unir a los cubanos dentro y fuera de la isla","topic":"Audiovisuales Mart\u00ed","translation_language":"","url":"https://www.martinoticias.com/a/su-majestad-una-canci%C3%B3n-que-busca-unir-a-los-cubanos-dentro-y-fuera-de-la-isla/476510.html","video_url":"https://ocb-video-ns.akamaized.net/pangeavideo/2026/08/b/bc/bc78fb55-568f-42a3-0412-08decd63a0c8_1080p.mp4?cb=ee223fe70","youtube_conversion_active":false,"youtube_conversion_error":"","youtube_conversion_status":""},{"article_body_paragraphs":[],"audio_source_url":null,"author":"Jos\u00e9 Pernalete","available_dubs":[],"downloadable_assets":["https://ocb-video-ns.akamaized.net/pangeavideo/2026/08/f/f2/f2a4c825-e0cd-4b11-7c86-08def2b1c8fe_1080p.mp4?cb=ee223dd19"],"duration_display":"4:08","duration_seconds":248.0,"embed_url":null,"id":12698,"image_caption":null,"image_url":"https://gdb.martinoticias.com/f2a4c825-e0cd-4b11-7c86-08def2b1c8fe_tv_w1080_h608.jpg","is_clip":true,"is_youtube_embed":false,"item_type":"video","item_type_label":"Video","language_label":"Espa\u00f1ol","media_credit":"Jos\u00e9 Pernalete","micro_label":"Video report","micro_label_kind":"video","network_label":"Mart\u00ed Noticias","network_logo_url":"/static/uploads/direct_network_logos/ocb_0888427dcb1d.svg","published_at":"2026-08-28T19:48:37","published_at_display":"28 Aug 2026, 19:48 GMT","sequence_badge_label":null,"sequence_count":null,"sequence_count_label":null,"sequence_frames":[],"sequence_kind":null,"source_name":"ocb_spanish_video_scrape","source_name_label":"Mart\u00ed Noticias Video","source_type":"scrape","summary":"Habitantes de Maracaibo, en el occidente de Venezuela, denuncian que los prolongados cortes el\u00e9ctricos est\u00e1n provocando un grave deterioro de sus condiciones de vida, con consecuencias sobre el descanso, la alimentaci\u00f3n y la salud f\u00edsica y mental.","title":"Maracaibo: la capital petrolera de Venezuela est\u00e1 a oscuras","topic":"Info Mart\u00ed , Estados Unidos, VENEZUELA","translation_language":"","url":"https://www.martinoticias.com/a/maracaibo-la-capital-petrolera-de-venezuela-est%C3%A1-a-oscuras/476498.html","video_url":"https://ocb-video-ns.akamaized.net/pangeavideo/2026/08/f/f2/f2a4c825-e0cd-4b11-7c86-08def2b1c8fe_1080p.mp4?cb=ee223dd19","youtube_conversion_active":false,"youtube_conversion_error":"","youtube_conversion_status":""},{"article_body_paragraphs":[],"audio_source_url":null,"author":"Mart\u00ed Noticias","available_dubs":[],"downloadable_assets":["https://ocb-video-ns.akamaized.net/pangeavideo/2026/08/3/33/33845057-8028-4dd5-03fe-08decd63a0c8_1080p.mp4?cb=ee2201a74"],"duration_display":"1:34","duration_seconds":94.0,"embed_url":null,"id":12714,"image_caption":null,"image_url":"https://gdb.martinoticias.com/33845057-8028-4dd5-03fe-08decd63a0c8_tv_w1080_h608.jpg","is_clip":true,"is_youtube_embed":false,"item_type":"video","item_type_label":"Video","language_label":"Espa\u00f1ol","media_credit":"Mart\u00ed Noticias","micro_label":"Video report","micro_label_kind":"video","network_label":"Mart\u00ed Noticias","network_logo_url":"/static/uploads/direct_network_logos/ocb_0888427dcb1d.svg","published_at":"2026-08-28T11:00:00","published_at_display":"28 Aug 2026, 11:00 GMT","sequence_badge_label":null,"sequence_count":null,"sequence_count_label":null,"sequence_frames":[],"sequence_kind":null,"source_name":"ocb_spanish_video_scrape","source_name_label":"Mart\u00ed Noticias Video","source_type":"scrape","summary":"Cubanos desde La Habana afirma que \"el que protesta sabe que va preso\".","title":"Cuba Habla: \u201cTe entran a palo, te machucan y si no vas preso\u201d","topic":"Cuba Habla, Cuba","translation_language":"","url":"https://www.martinoticias.com/a/cuba-habla-te-entran-a-palo-te-machucan-y-si-no-vas-preso/476269.html","video_url":"https://ocb-video-ns.akamaized.net/pangeavideo/2026/08/3/33/33845057-8028-4dd5-03fe-08decd63a0c8_1080p.mp4?cb=ee2201a74","youtube_conversion_active":false,"youtube_conversion_error":"","youtube_conversion_status":""}],"next_num":3,"page":2,"pages":9,"per_page":20,"prev_num":1,"total":165}
