{"applied_filters":{"end_date":"","lang":"","language":"","network":"Mart\u00ed Noticias","page":3,"per_page":20,"search":"","source":"","start_date":"","topic":"","type":"photo"},"available_filters":{"language_choices":[{"label":"Choose Language","value":""},{"label":"English","value":"English"},{"label":"Espa\u00f1ol","value":"Espa\u00f1ol"}],"network_choices":[{"label":"All networks","value":""},{"label":"Mart\u00ed Noticias","value":"Mart\u00ed Noticias"}],"source_choices":[{"label":"All sources","value":""},{"label":"Mart\u00ed Noticias RSS","value":"radiotelevisionmarti_com_rss"}],"sources":["radiotelevisionmarti_com_rss"],"topics":[],"types":[["","All types"],["article","Articles"],["audio","Audio"],["video","Videos"],["clips","Clips"],["media","Media"]]},"has_next":true,"has_prev":true,"items":[{"article_body_paragraphs":[],"audio_source_url":null,"author":"Mario J. Pent\u00f3n","available_dubs":[],"downloadable_assets":["https://gdb.martinoticias.com/ceacbf17-2fd7-4f43-5aac-08decd6ea425_cx0_cy10_cw0_w1600_r1_n_s.png"],"duration_display":"0:00","duration_seconds":null,"embed_url":null,"id":13289,"image_caption":"Fernando Armando Vald\u00e9s P\u00e9rez obtuvo fraudulentamente la residencia permanente despu\u00e9s de ocultar sus v\u00ednculos con la inteligencia cubana.","image_url":"https://gdb.martinoticias.com/ceacbf17-2fd7-4f43-5aac-08decd6ea425_cx0_cy10_cw0_w1600_r1_n_s.png","is_clip":false,"is_youtube_embed":false,"item_type":"photo","item_type_label":"Photo","language_label":"Espa\u00f1ol","media_credit":"Mario J. Pent\u00f3n","micro_label":"Photo","micro_label_kind":"gallery","network_label":"Mart\u00ed Noticias","network_logo_url":"/static/uploads/direct_network_logos/ocb_0888427dcb1d.svg","published_at":"2026-09-02T18:33:40","published_at_display":"2 Sep 2026, 18:33 GMT","sequence_badge_label":null,"sequence_count":null,"sequence_count_label":null,"sequence_frames":[],"sequence_kind":null,"source_name":"radiotelevisionmarti_com_rss","source_name_label":"Mart\u00ed Noticias RSS","source_type":"rss","summary":"Fernando Armando Vald\u00e9s P\u00e9rez obtuvo fraudulentamente la residencia permanente despu\u00e9s de ocultar sus v\u00ednculos con la inteligencia cubana.","title":"EEUU deporta a agente del r\u00e9gimen cubano que se infiltr\u00f3 en c\u00edrculo de Luis Posada Carriles","topic":null,"translation_language":"","url":"https://www.martinoticias.com/a/eeuu-deporta-a-agente-del-r%c3%a9gimen-cubano-que-se-infiltr%c3%b3-en-c%c3%adrculo-de-luis-posada-carriles/476813.html","video_url":null,"youtube_conversion_active":false,"youtube_conversion_error":"","youtube_conversion_status":""},{"article_body_paragraphs":[],"audio_source_url":null,"author":"Redacci\u00f3n Mart\u00ed Noticias","available_dubs":[],"downloadable_assets":["https://gdb.martinoticias.com/f9f428d1-aeaa-40f6-fbda-08de3bfab561_w1600_r1_n_s.jpg"],"duration_display":"0:00","duration_seconds":null,"embed_url":null,"id":13291,"image_caption":"Subsecretario de Estado, Christopher Landau","image_url":"https://gdb.martinoticias.com/f9f428d1-aeaa-40f6-fbda-08de3bfab561_w1600_r1_n_s.jpg","is_clip":false,"is_youtube_embed":false,"item_type":"photo","item_type_label":"Photo","language_label":"Espa\u00f1ol","media_credit":"Redacci\u00f3n Mart\u00ed Noticias","micro_label":"Photo","micro_label_kind":"gallery","network_label":"Mart\u00ed Noticias","network_logo_url":"/static/uploads/direct_network_logos/ocb_0888427dcb1d.svg","published_at":"2026-09-02T17:47:03","published_at_display":"2 Sep 2026, 17:47 GMT","sequence_badge_label":null,"sequence_count":null,"sequence_count_label":null,"sequence_frames":[],"sequence_kind":null,"source_name":"radiotelevisionmarti_com_rss","source_name_label":"Mart\u00ed Noticias RSS","source_type":"rss","summary":"Subsecretario de Estado, Christopher Landau","title":"Landau: EEUU busca recuperar su atenci\u00f3n sobre el hemisferio occidental tras d\u00e9cadas de \u201cabandono\u201d","topic":null,"translation_language":"","url":"https://www.martinoticias.com/a/landau-eeuu-busca-recuperar-su-atenci%c3%b3n-sobre-el-hemisferio-occidental-tras-d%c3%a9cadas-de-abandono/476806.html","video_url":null,"youtube_conversion_active":false,"youtube_conversion_error":"","youtube_conversion_status":""},{"article_body_paragraphs":[],"audio_source_url":null,"author":"Laura Artal","available_dubs":[],"downloadable_assets":["https://gdb.martinoticias.com/8b47270c-7174-4fa4-82ec-2267883c0915_w1600_r1_n_s.jpg"],"duration_display":"0:00","duration_seconds":null,"embed_url":null,"id":13364,"image_caption":"El exgobernante venezolano Nicol\u00e1s Maduro y su esposa, Cilia Flores, comparecen ante una corte federal en EEUU para enfrentar cargos de narcoterrorismo.","image_url":"https://gdb.martinoticias.com/8b47270c-7174-4fa4-82ec-2267883c0915_w1600_r1_n_s.jpg","is_clip":false,"is_youtube_embed":false,"item_type":"photo","item_type_label":"Photo","language_label":"Espa\u00f1ol","media_credit":"Laura Artal","micro_label":"Photo","micro_label_kind":"gallery","network_label":"Mart\u00ed Noticias","network_logo_url":"/static/uploads/direct_network_logos/ocb_0888427dcb1d.svg","published_at":"2026-09-02T17:43:39","published_at_display":"2 Sep 2026, 17:43 GMT","sequence_badge_label":null,"sequence_count":null,"sequence_count_label":null,"sequence_frames":[],"sequence_kind":null,"source_name":"radiotelevisionmarti_com_rss","source_name_label":"Mart\u00ed Noticias RSS","source_type":"rss","summary":"El exgobernante venezolano Nicol\u00e1s Maduro y su esposa, Cilia Flores, comparecen ante una corte federal en EEUU para enfrentar cargos de narcoterrorismo.","title":"Defensa de Maduro y Cilia alegar\u00e1 inmunidad y falta de jurisdicci\u00f3n ante corte de New York (VIDEO)","topic":null,"translation_language":"","url":"https://www.martinoticias.com/a/defensa-de-maduro-y-cilia-alegar%c3%a1-inmunidad-y-falta-de-jurisdicci%c3%b3n-ante-corte-de-new-york/476809.html","video_url":null,"youtube_conversion_active":false,"youtube_conversion_error":"","youtube_conversion_status":""},{"article_body_paragraphs":[],"audio_source_url":null,"author":"Laura Artal","available_dubs":[],"downloadable_assets":["https://gdb.martinoticias.com/8b47270c-7174-4fa4-82ec-2267883c0915_w1600_r1_n_s.jpg"],"duration_display":"0:00","duration_seconds":null,"embed_url":null,"id":13249,"image_caption":"El exgobernante venezolano Nicol\u00e1s Maduro y su esposa, Cilia Flores, comparecen ante una corte federal en EEUU para enfrentar cargos de narcoterrorismo.","image_url":"https://gdb.martinoticias.com/8b47270c-7174-4fa4-82ec-2267883c0915_w1600_r1_n_s.jpg","is_clip":false,"is_youtube_embed":false,"item_type":"photo","item_type_label":"Photo","language_label":"Espa\u00f1ol","media_credit":"Laura Artal","micro_label":"Photo","micro_label_kind":"gallery","network_label":"Mart\u00ed Noticias","network_logo_url":"/static/uploads/direct_network_logos/ocb_0888427dcb1d.svg","published_at":"2026-09-02T17:43:39","published_at_display":"2 Sep 2026, 17:43 GMT","sequence_badge_label":null,"sequence_count":null,"sequence_count_label":null,"sequence_frames":[],"sequence_kind":null,"source_name":"radiotelevisionmarti_com_rss","source_name_label":"Mart\u00ed Noticias RSS","source_type":"rss","summary":"El exgobernante venezolano Nicol\u00e1s Maduro y su esposa, Cilia Flores, comparecen ante una corte federal en EEUU para enfrentar cargos de narcoterrorismo.","title":"Defensa de Maduro y Cilia alegar\u00e1 inmunidad y falta de jurisdicci\u00f3n ante corte de New York","topic":null,"translation_language":"","url":"https://www.martinoticias.com/a/defensa-de-maduro-y-cilia-alegar%c3%a1-inmunidad-y-falta-de-jurisdicci%c3%b3n-ante-corte-de-new-york/476809.html","video_url":null,"youtube_conversion_active":false,"youtube_conversion_error":"","youtube_conversion_status":""},{"article_body_paragraphs":[],"audio_source_url":null,"author":"Redacci\u00f3n Mart\u00ed Noticias","available_dubs":[],"downloadable_assets":["https://gdb.martinoticias.com/6b0fd5af-c63a-4635-8cc4-34361570efea_w1600_r1_n_s.jpg"],"duration_display":"0:00","duration_seconds":null,"embed_url":null,"id":13252,"image_caption":"U.S. Secretary of State Marco Rubio visits New Delhi","image_url":"https://gdb.martinoticias.com/6b0fd5af-c63a-4635-8cc4-34361570efea_w1600_r1_n_s.jpg","is_clip":false,"is_youtube_embed":false,"item_type":"photo","item_type_label":"Photo","language_label":"Espa\u00f1ol","media_credit":"Redacci\u00f3n Mart\u00ed Noticias","micro_label":"Photo","micro_label_kind":"gallery","network_label":"Mart\u00ed Noticias","network_logo_url":"/static/uploads/direct_network_logos/ocb_0888427dcb1d.svg","published_at":"2026-09-02T17:27:07","published_at_display":"2 Sep 2026, 17:27 GMT","sequence_badge_label":null,"sequence_count":null,"sequence_count_label":null,"sequence_frames":[],"sequence_kind":null,"source_name":"radiotelevisionmarti_com_rss","source_name_label":"Mart\u00ed Noticias RSS","source_type":"rss","summary":"U.S. Secretary of State Marco Rubio visits New Delhi","title":"Rubio dice que Cuba necesita un camino irreversible hacia la democracia","topic":null,"translation_language":"","url":"https://www.martinoticias.com/a/rubio-dice-que-cuba-necesita-un-camino-irreversible-hacia-la-democracia/476807.html","video_url":null,"youtube_conversion_active":false,"youtube_conversion_error":"","youtube_conversion_status":""},{"article_body_paragraphs":[],"audio_source_url":null,"author":"Oficina de Pol\u00edticas","available_dubs":[],"downloadable_assets":["https://gdb.martinoticias.com/c997097e-f5c1-41d2-a2c8-30021a623b0b_w1600_r1_n_s.jpg"],"duration_display":"0:00","duration_seconds":null,"embed_url":null,"id":13254,"image_caption":"El secretario de Energ\u00eda de EE. UU., Chris Wright, conversa con la presidenta interina de Venezuela, Delcy Rodr\u00edguez, en el Palacio de Miraflores el d\u00eda de la firma de un acuerdo, en Caracas, Venezuela, el 2 de septiembre de 2026. REUTERS/Leonardo Fernandez Viloria","image_url":"https://gdb.martinoticias.com/c997097e-f5c1-41d2-a2c8-30021a623b0b_w1600_r1_n_s.jpg","is_clip":false,"is_youtube_embed":false,"item_type":"photo","item_type_label":"Photo","language_label":"Espa\u00f1ol","media_credit":"Oficina de Pol\u00edticas","micro_label":"Photo","micro_label_kind":"gallery","network_label":"Mart\u00ed Noticias","network_logo_url":"/static/uploads/direct_network_logos/ocb_0888427dcb1d.svg","published_at":"2026-09-02T17:24:47","published_at_display":"2 Sep 2026, 17:24 GMT","sequence_badge_label":null,"sequence_count":null,"sequence_count_label":null,"sequence_frames":[],"sequence_kind":null,"source_name":"radiotelevisionmarti_com_rss","source_name_label":"Mart\u00ed Noticias RSS","source_type":"rss","summary":"El secretario de Energ\u00eda de EE. UU., Chris Wright, conversa con la presidenta interina de Venezuela, Delcy Rodr\u00edguez, en el Palacio de Miraflores el d\u00eda de la firma de un acuerdo, en Caracas, Venezuela, el 2 de septiembre de 2026. REUTERS/Leonardo Fernandez Viloria","title":"Acuerdo petrolero, un paso clave en la reconstrucci\u00f3n de Venezuela","topic":null,"translation_language":"","url":"https://www.martinoticias.com/a/476808.html","video_url":null,"youtube_conversion_active":false,"youtube_conversion_error":"","youtube_conversion_status":""},{"article_body_paragraphs":[],"audio_source_url":null,"author":"Jorge Morej\u00f3n","available_dubs":[],"downloadable_assets":["https://gdb.martinoticias.com/332adb05-f0d8-4432-adbe-e0bac04f5863_w1600_r1_n_s.jpg"],"duration_display":"0:00","duration_seconds":null,"embed_url":null,"id":13195,"image_caption":"L\u00e1zaro Montes recorre las bases, tras pegar su primer jonr\u00f3n en Grandes Ligas.","image_url":"https://gdb.martinoticias.com/332adb05-f0d8-4432-adbe-e0bac04f5863_w1600_r1_n_s.jpg","is_clip":false,"is_youtube_embed":false,"item_type":"photo","item_type_label":"Photo","language_label":"Espa\u00f1ol","media_credit":"Jorge Morej\u00f3n","micro_label":"Photo","micro_label_kind":"gallery","network_label":"Mart\u00ed Noticias","network_logo_url":"/static/uploads/direct_network_logos/ocb_0888427dcb1d.svg","published_at":"2026-09-02T16:27:19","published_at_display":"2 Sep 2026, 16:27 GMT","sequence_badge_label":null,"sequence_count":null,"sequence_count_label":null,"sequence_frames":[],"sequence_kind":null,"source_name":"radiotelevisionmarti_com_rss","source_name_label":"Mart\u00ed Noticias RSS","source_type":"rss","summary":"L\u00e1zaro Montes recorre las bases, tras pegar su primer jonr\u00f3n en Grandes Ligas.","title":"Montes y Morales con debuts de ensue\u00f1o en Grandes Ligas.","topic":null,"translation_language":"","url":"https://www.martinoticias.com/a/montes-y-morales-con-debuts-de-ensueno-en-grandes-ligas/476804.html","video_url":null,"youtube_conversion_active":false,"youtube_conversion_error":"","youtube_conversion_status":""},{"article_body_paragraphs":[],"audio_source_url":null,"author":"Redacci\u00f3n Mart\u00ed Noticias","available_dubs":[],"downloadable_assets":["https://gdb.martinoticias.com/a2983b91-0987-4a84-9480-07d5c8ea7602_w1600_r1_n_s.jpg"],"duration_display":"0:00","duration_seconds":null,"embed_url":null,"id":13197,"image_caption":"El Capitolio de EEUU, en Washington, D.C., el 2 de septiembre de 2026.","image_url":"https://gdb.martinoticias.com/a2983b91-0987-4a84-9480-07d5c8ea7602_w1600_r1_n_s.jpg","is_clip":false,"is_youtube_embed":false,"item_type":"photo","item_type_label":"Photo","language_label":"Espa\u00f1ol","media_credit":"Redacci\u00f3n Mart\u00ed Noticias","micro_label":"Photo","micro_label_kind":"gallery","network_label":"Mart\u00ed Noticias","network_logo_url":"/static/uploads/direct_network_logos/ocb_0888427dcb1d.svg","published_at":"2026-09-02T16:24:41","published_at_display":"2 Sep 2026, 16:24 GMT","sequence_badge_label":null,"sequence_count":null,"sequence_count_label":null,"sequence_frames":[],"sequence_kind":null,"source_name":"radiotelevisionmarti_com_rss","source_name_label":"Mart\u00ed Noticias RSS","source_type":"rss","summary":"El Capitolio de EEUU, en Washington, D.C., el 2 de septiembre de 2026.","title":"Cuestionan voto dem\u00f3crata contra resoluci\u00f3n que condena el socialismo: \"Ha fracasado en todas partes\"","topic":null,"translation_language":"","url":"https://www.martinoticias.com/a/cuestionan-voto-dem%c3%b3crata-contra-resoluci%c3%b3n-que-condena-el-socialismo-ha-fracasado-en-todas-partes/476802.html","video_url":null,"youtube_conversion_active":false,"youtube_conversion_error":"","youtube_conversion_status":""},{"article_body_paragraphs":[],"audio_source_url":null,"author":"Redacci\u00f3n Mart\u00ed Noticias","available_dubs":[],"downloadable_assets":["https://gdb.martinoticias.com/331fb951-bc11-4442-bc7c-08def2b1d8dc_cx6_cy0_cw93_w1600_r1_n_s.jpg"],"duration_display":"0:00","duration_seconds":null,"embed_url":null,"id":13013,"image_caption":"Protesta en la Avenida 26, en El Vedado, La Habana, el martes 1 de septiembre.","image_url":"https://gdb.martinoticias.com/331fb951-bc11-4442-bc7c-08def2b1d8dc_cx6_cy0_cw93_w1600_r1_n_s.jpg","is_clip":false,"is_youtube_embed":false,"item_type":"photo","item_type_label":"Photo","language_label":"Espa\u00f1ol","media_credit":"Redacci\u00f3n Mart\u00ed Noticias","micro_label":"Photo","micro_label_kind":"gallery","network_label":"Mart\u00ed Noticias","network_logo_url":"/static/uploads/direct_network_logos/ocb_0888427dcb1d.svg","published_at":"2026-09-02T12:48:08","published_at_display":"2 Sep 2026, 12:48 GMT","sequence_badge_label":null,"sequence_count":null,"sequence_count_label":null,"sequence_frames":[],"sequence_kind":null,"source_name":"radiotelevisionmarti_com_rss","source_name_label":"Mart\u00ed Noticias RSS","source_type":"rss","summary":"Protesta en la Avenida 26, en El Vedado, La Habana, el martes 1 de septiembre.","title":"Protesta por apagones en El Vedado termina con despliegue represivo","topic":null,"translation_language":"","url":"https://www.martinoticias.com/a/protesta-por-apagones-en-el-vedado-termina-con-despliegue-represivo/476800.html","video_url":null,"youtube_conversion_active":false,"youtube_conversion_error":"","youtube_conversion_status":""},{"article_body_paragraphs":[],"audio_source_url":null,"author":"Redacci\u00f3n Mart\u00ed Noticias","available_dubs":[],"downloadable_assets":["https://gdb.martinoticias.com/36ed012f-4369-49c6-87e4-81fcdf3a4719_cx0_cy7_cw0_w1600_r1_n_s.jpg"],"duration_display":"0:00","duration_seconds":null,"embed_url":null,"id":12680,"image_caption":"Secretario de Estado de Estados Unidos, Marco Rubio","image_url":"https://gdb.martinoticias.com/36ed012f-4369-49c6-87e4-81fcdf3a4719_cx0_cy7_cw0_w1600_r1_n_s.jpg","is_clip":false,"is_youtube_embed":false,"item_type":"photo","item_type_label":"Photo","language_label":"Espa\u00f1ol","media_credit":"Redacci\u00f3n Mart\u00ed Noticias","micro_label":"Photo","micro_label_kind":"gallery","network_label":"Mart\u00ed Noticias","network_logo_url":"/static/uploads/direct_network_logos/ocb_0888427dcb1d.svg","published_at":"2026-09-02T01:15:19","published_at_display":"2 Sep 2026, 01:15 GMT","sequence_badge_label":null,"sequence_count":null,"sequence_count_label":null,"sequence_frames":[],"sequence_kind":null,"source_name":"radiotelevisionmarti_com_rss","source_name_label":"Mart\u00ed Noticias RSS","source_type":"rss","summary":"Secretario de Estado de Estados Unidos, Marco Rubio","title":"Rubio habla sobre el hist\u00f3rico acuerdo petrolero de EEUU y Venezuela","topic":null,"translation_language":"","url":"https://www.martinoticias.com/a/rubio-habla-sobre-el-hist%c3%b3rico-acuerdo-petrolero-de-eeuu-y-venezuela/476799.html","video_url":null,"youtube_conversion_active":false,"youtube_conversion_error":"","youtube_conversion_status":""},{"article_body_paragraphs":[],"audio_source_url":null,"author":"Yolanda Huerga","available_dubs":[],"downloadable_assets":["https://gdb.martinoticias.com/a75116c4-68b0-4885-cf9c-08decd5b38e4_w1600_r1_n_s.png"],"duration_display":"0:00","duration_seconds":null,"embed_url":null,"id":12670,"image_caption":"Yunia Figueredo y Frank Correa junto a im\u00e1genes de las protestas de Jaimanitas por los prolongados apagones.","image_url":"https://gdb.martinoticias.com/a75116c4-68b0-4885-cf9c-08decd5b38e4_w1600_r1_n_s.png","is_clip":false,"is_youtube_embed":false,"item_type":"photo","item_type_label":"Photo","language_label":"Espa\u00f1ol","media_credit":"Yolanda Huerga","micro_label":"Photo","micro_label_kind":"gallery","network_label":"Mart\u00ed Noticias","network_logo_url":"/static/uploads/direct_network_logos/ocb_0888427dcb1d.svg","published_at":"2026-09-02T00:40:59","published_at_display":"2 Sep 2026, 00:40 GMT","sequence_badge_label":null,"sequence_count":null,"sequence_count_label":null,"sequence_frames":[],"sequence_kind":null,"source_name":"radiotelevisionmarti_com_rss","source_name_label":"Mart\u00ed Noticias RSS","source_type":"rss","summary":"Yunia Figueredo y Frank Correa junto a im\u00e1genes de las protestas de Jaimanitas por los prolongados apagones.","title":"Seguridad del Estado intensifica la represi\u00f3n contra la activista Yunia Figueredo y su esposo","topic":null,"translation_language":"","url":"https://www.martinoticias.com/a/seguridad-del-estado-intensifica-la-represi%c3%b3n-contra-la-activista-yunia-figueredo-y-su-esposo/476759.html","video_url":null,"youtube_conversion_active":false,"youtube_conversion_error":"","youtube_conversion_status":""},{"article_body_paragraphs":[],"audio_source_url":null,"author":"Redacci\u00f3n Mart\u00ed Noticias","available_dubs":[],"downloadable_assets":["https://gdb.martinoticias.com/b9fbab15-858b-4bfa-9f35-0f1a756ed409_w1600_r1_n_s.jpg"],"duration_display":"0:00","duration_seconds":null,"embed_url":null,"id":12672,"image_caption":"Exterior del Capitolio de Estados Unidos","image_url":"https://gdb.martinoticias.com/b9fbab15-858b-4bfa-9f35-0f1a756ed409_w1600_r1_n_s.jpg","is_clip":false,"is_youtube_embed":false,"item_type":"photo","item_type_label":"Photo","language_label":"Espa\u00f1ol","media_credit":"Redacci\u00f3n Mart\u00ed Noticias","micro_label":"Photo","micro_label_kind":"gallery","network_label":"Mart\u00ed Noticias","network_logo_url":"/static/uploads/direct_network_logos/ocb_0888427dcb1d.svg","published_at":"2026-09-02T00:35:04","published_at_display":"2 Sep 2026, 00:35 GMT","sequence_badge_label":null,"sequence_count":null,"sequence_count_label":null,"sequence_frames":[],"sequence_kind":null,"source_name":"radiotelevisionmarti_com_rss","source_name_label":"Mart\u00ed Noticias RSS","source_type":"rss","summary":"Exterior del Capitolio de Estados Unidos","title":"C\u00e1mara de Representantes aprueba resoluci\u00f3n que condena el socialismo \"en todas sus formas\"","topic":null,"translation_language":"","url":"https://www.martinoticias.com/a/c%c3%a1mara-de-representantes-aprueba-resoluci%c3%b3n-que-condena-el-socialismo-en-todas-sus-formas/476760.html","video_url":null,"youtube_conversion_active":false,"youtube_conversion_error":"","youtube_conversion_status":""},{"article_body_paragraphs":[],"audio_source_url":null,"author":"Yolanda Huerga","available_dubs":[],"downloadable_assets":["https://gdb.martinoticias.com/542a6e2e-a1a5-4113-a141-997a2793ac8e_cx0_cy6_cw0_w1600_r1_n_s.jpg"],"duration_display":"0:00","duration_seconds":null,"embed_url":null,"id":12624,"image_caption":"Un autom\u00f3vil cl\u00e1sico circula por una calle en La Habana, Cuba, el 15 de julio de 2026. REUTERS/Norlys Perez","image_url":"https://gdb.martinoticias.com/542a6e2e-a1a5-4113-a141-997a2793ac8e_cx0_cy6_cw0_w1600_r1_n_s.jpg","is_clip":false,"is_youtube_embed":false,"item_type":"photo","item_type_label":"Photo","language_label":"Espa\u00f1ol","media_credit":"Yolanda Huerga","micro_label":"Photo","micro_label_kind":"gallery","network_label":"Mart\u00ed Noticias","network_logo_url":"/static/uploads/direct_network_logos/ocb_0888427dcb1d.svg","published_at":"2026-09-01T22:16:24","published_at_display":"1 Sep 2026, 22:16 GMT","sequence_badge_label":null,"sequence_count":null,"sequence_count_label":null,"sequence_frames":[],"sequence_kind":null,"source_name":"radiotelevisionmarti_com_rss","source_name_label":"Mart\u00ed Noticias RSS","source_type":"rss","summary":"Un autom\u00f3vil cl\u00e1sico circula por una calle en La Habana, Cuba, el 15 de julio de 2026. REUTERS/Norlys Perez","title":"Aumento de asaltos en sem\u00e1foros de La Habana revela la creciente ola de inseguridad ciudadana","topic":null,"translation_language":"","url":"https://www.martinoticias.com/a/aumento-de-asaltos-en-sem%c3%a1foros-de-la-habana-revela-la-creciente-ola-de-inseguridad-ciudadana/476753.html","video_url":null,"youtube_conversion_active":false,"youtube_conversion_error":"","youtube_conversion_status":""},{"article_body_paragraphs":[],"audio_source_url":null,"author":"Jos\u00e9 Pernalete","available_dubs":[],"downloadable_assets":["https://gdb.martinoticias.com/b9886e60-771c-4c96-5aab-08decd6ea425_w1600_r1_n_s.jpg"],"duration_display":"0:00","duration_seconds":null,"embed_url":null,"id":12627,"image_caption":"Una bomba de extracci\u00f3n de petr\u00f3leo en el lago de Maracaibo, en Cabimas, Venezuela.(REUTERS)","image_url":"https://gdb.martinoticias.com/b9886e60-771c-4c96-5aab-08decd6ea425_w1600_r1_n_s.jpg","is_clip":false,"is_youtube_embed":false,"item_type":"photo","item_type_label":"Photo","language_label":"Espa\u00f1ol","media_credit":"Jos\u00e9 Pernalete","micro_label":"Photo","micro_label_kind":"gallery","network_label":"Mart\u00ed Noticias","network_logo_url":"/static/uploads/direct_network_logos/ocb_0888427dcb1d.svg","published_at":"2026-09-01T21:54:06","published_at_display":"1 Sep 2026, 21:54 GMT","sequence_badge_label":null,"sequence_count":null,"sequence_count_label":null,"sequence_frames":[],"sequence_kind":null,"source_name":"radiotelevisionmarti_com_rss","source_name_label":"Mart\u00ed Noticias RSS","source_type":"rss","summary":"Una bomba de extracci\u00f3n de petr\u00f3leo en el lago de Maracaibo, en Cabimas, Venezuela.(REUTERS)","title":"Acuerdo petrolero entre EEUU y Venezuela podr\u00eda atraer inversiones por 100.000 millones de d\u00f3lares","topic":null,"translation_language":"","url":"https://www.martinoticias.com/a/acuerdo-petrolero-entre-eeuu-y-venezuela-podr%c3%ada-atraer-inversiones-por-100-000-millones-de-d%c3%b3lares/476756.html","video_url":null,"youtube_conversion_active":false,"youtube_conversion_error":"","youtube_conversion_status":""},{"article_body_paragraphs":[],"audio_source_url":null,"author":"Redacci\u00f3n Mart\u00ed Noticias","available_dubs":[],"downloadable_assets":["https://gdb.martinoticias.com/4ba2522d-1ec9-4a09-8d68-3acdc98fd6ed_cx0_cy3_cw0_w1600_r1_n_s.jpg"],"duration_display":"0:00","duration_seconds":null,"embed_url":null,"id":12591,"image_caption":"Presidente de Estados Unidos, Donald Trump","image_url":"https://gdb.martinoticias.com/4ba2522d-1ec9-4a09-8d68-3acdc98fd6ed_cx0_cy3_cw0_w1600_r1_n_s.jpg","is_clip":false,"is_youtube_embed":false,"item_type":"photo","item_type_label":"Photo","language_label":"Espa\u00f1ol","media_credit":"Redacci\u00f3n Mart\u00ed Noticias","micro_label":"Photo","micro_label_kind":"gallery","network_label":"Mart\u00ed Noticias","network_logo_url":"/static/uploads/direct_network_logos/ocb_0888427dcb1d.svg","published_at":"2026-09-01T21:11:31","published_at_display":"1 Sep 2026, 21:11 GMT","sequence_badge_label":null,"sequence_count":null,"sequence_count_label":null,"sequence_frames":[],"sequence_kind":null,"source_name":"radiotelevisionmarti_com_rss","source_name_label":"Mart\u00ed Noticias RSS","source_type":"rss","summary":"Presidente de Estados Unidos, Donald Trump","title":"Trump anuncia ataques de gran escala contra objetivos iran\u00edes cerca del estrecho de Ormuz","topic":null,"translation_language":"","url":"https://www.martinoticias.com/a/trump-anuncia-ataques-de-gran-escala-contra-objetivos-iran%c3%ades-cerca-del-estrecho-de-ormuz/476754.html","video_url":null,"youtube_conversion_active":false,"youtube_conversion_error":"","youtube_conversion_status":""},{"article_body_paragraphs":[],"audio_source_url":null,"author":"Ivette Pacheco","available_dubs":[],"downloadable_assets":["https://gdb.martinoticias.com/c03058f4-6912-4a15-6912-08def2ff2efe_w1600_r1_n_s.png"],"duration_display":"0:00","duration_seconds":null,"embed_url":null,"id":12509,"image_caption":"Expreso pol\u00edtico cubano Andy Garc\u00eda Lorenzo","image_url":"https://gdb.martinoticias.com/c03058f4-6912-4a15-6912-08def2ff2efe_w1600_r1_n_s.png","is_clip":false,"is_youtube_embed":false,"item_type":"photo","item_type_label":"Photo","language_label":"Espa\u00f1ol","media_credit":"Ivette Pacheco","micro_label":"Photo","micro_label_kind":"gallery","network_label":"Mart\u00ed Noticias","network_logo_url":"/static/uploads/direct_network_logos/ocb_0888427dcb1d.svg","published_at":"2026-09-01T19:42:32","published_at_display":"1 Sep 2026, 19:42 GMT","sequence_badge_label":null,"sequence_count":null,"sequence_count_label":null,"sequence_frames":[],"sequence_kind":null,"source_name":"radiotelevisionmarti_com_rss","source_name_label":"Mart\u00ed Noticias RSS","source_type":"rss","summary":"Expreso pol\u00edtico cubano Andy Garc\u00eda Lorenzo","title":"Puedo ser acusado de espionaje: R\u00e9gimen amenaza a expreso pol\u00edtico cubano","topic":null,"translation_language":"","url":"https://www.martinoticias.com/a/puedo-ser-acusado-de-espionaje-r%c3%a9gimen-amenaza-a-expreso-pol%c3%adtico-cubano/476751.html","video_url":null,"youtube_conversion_active":false,"youtube_conversion_error":"","youtube_conversion_status":""},{"article_body_paragraphs":[],"audio_source_url":null,"author":"Redacci\u00f3n Mart\u00ed Noticias","available_dubs":[],"downloadable_assets":["https://gdb.martinoticias.com/654d3fa1-7186-4019-6911-08def2ff2efe_cx0_cy10_cw0_w1600_r1_n_s.jpg"],"duration_display":"0:00","duration_seconds":null,"embed_url":null,"id":12511,"image_caption":"Delcy Rodr\u00edguez y el canciller cubano Bruno Rodr\u00edguez en una ceremonia en homenaje al personal militar y de seguridad venezolano y cubano fallecido durante la captura de Nicol\u00e1s Maduro y Cilia Flores,  el 3 de enero de 2026.","image_url":"https://gdb.martinoticias.com/654d3fa1-7186-4019-6911-08def2ff2efe_cx0_cy10_cw0_w1600_r1_n_s.jpg","is_clip":false,"is_youtube_embed":false,"item_type":"photo","item_type_label":"Photo","language_label":"Espa\u00f1ol","media_credit":"Redacci\u00f3n Mart\u00ed Noticias","micro_label":"Photo","micro_label_kind":"gallery","network_label":"Mart\u00ed Noticias","network_logo_url":"/static/uploads/direct_network_logos/ocb_0888427dcb1d.svg","published_at":"2026-09-01T19:13:18","published_at_display":"1 Sep 2026, 19:13 GMT","sequence_badge_label":null,"sequence_count":null,"sequence_count_label":null,"sequence_frames":[],"sequence_kind":null,"source_name":"radiotelevisionmarti_com_rss","source_name_label":"Mart\u00ed Noticias RSS","source_type":"rss","summary":"Delcy Rodr\u00edguez y el canciller cubano Bruno Rodr\u00edguez en una ceremonia en homenaje al personal militar y de seguridad venezolano y cubano fallecido durante la captura de Nicol\u00e1s Maduro y Cilia Flores, el 3 de enero de 2026.","title":"Alto funcionario de Trump anticipa distancia entre La Habana y Caracas tras acuerdo petrolero con EEUU (VIDEO)","topic":null,"translation_language":"","url":"https://www.martinoticias.com/a/alto-funcionario-de-trump-anticipa-distancia-entre-la-habana-y-caracas-tras-acuerdo-petrolero-con-eeuu/476744.html","video_url":null,"youtube_conversion_active":false,"youtube_conversion_error":"","youtube_conversion_status":""},{"article_body_paragraphs":[],"audio_source_url":null,"author":"Jany Gonz\u00e1lez","available_dubs":[],"downloadable_assets":["https://gdb.martinoticias.com/3ae016b9-798e-46bc-0420-08decd63a0c8_w1600_r1_n_s.jpg"],"duration_display":"0:00","duration_seconds":null,"embed_url":null,"id":12469,"image_caption":"Cuba inici\u00f3 este martes el curso escolar en medio de su peor crisis econ\u00f3mica en d\u00e9cadas","image_url":"https://gdb.martinoticias.com/3ae016b9-798e-46bc-0420-08decd63a0c8_w1600_r1_n_s.jpg","is_clip":false,"is_youtube_embed":false,"item_type":"photo","item_type_label":"Photo","language_label":"Espa\u00f1ol","media_credit":"Jany Gonz\u00e1lez","micro_label":"Photo","micro_label_kind":"gallery","network_label":"Mart\u00ed Noticias","network_logo_url":"/static/uploads/direct_network_logos/ocb_0888427dcb1d.svg","published_at":"2026-09-01T18:43:24","published_at_display":"1 Sep 2026, 18:43 GMT","sequence_badge_label":null,"sequence_count":null,"sequence_count_label":null,"sequence_frames":[],"sequence_kind":null,"source_name":"radiotelevisionmarti_com_rss","source_name_label":"Mart\u00ed Noticias RSS","source_type":"rss","summary":"Cuba inici\u00f3 este martes el curso escolar en medio de su peor crisis econ\u00f3mica en d\u00e9cadas","title":"\u201cEste pa\u00eds no est\u00e1 preparado\u201d: madre cubana dice que no enviar\u00e1 a sus hijas a la escuela","topic":null,"translation_language":"","url":"https://www.martinoticias.com/a/este-pa%c3%ads-no-est%c3%a1-preparado-madre-cubana-dice-que-no-enviar%c3%a1-a-sus-hijas-a-la-escuela/476741.html","video_url":null,"youtube_conversion_active":false,"youtube_conversion_error":"","youtube_conversion_status":""},{"article_body_paragraphs":[],"audio_source_url":null,"author":"Jorge Morej\u00f3n","available_dubs":[],"downloadable_assets":["https://gdb.martinoticias.com/da854548-c1bf-44cd-5aaa-08decd6ea425_w1600_r1_n_s.png"],"duration_display":"0:00","duration_seconds":null,"embed_url":null,"id":12416,"image_caption":"Yohandy Morales (13) fue llamado a Grandes Ligas por los Nacionales de Washington.","image_url":"https://gdb.martinoticias.com/da854548-c1bf-44cd-5aaa-08decd6ea425_w1600_r1_n_s.png","is_clip":false,"is_youtube_embed":false,"item_type":"photo","item_type_label":"Photo","language_label":"Espa\u00f1ol","media_credit":"Jorge Morej\u00f3n","micro_label":"Photo","micro_label_kind":"gallery","network_label":"Mart\u00ed Noticias","network_logo_url":"/static/uploads/direct_network_logos/ocb_0888427dcb1d.svg","published_at":"2026-09-01T17:46:21","published_at_display":"1 Sep 2026, 17:46 GMT","sequence_badge_label":null,"sequence_count":null,"sequence_count_label":null,"sequence_frames":[],"sequence_kind":null,"source_name":"radiotelevisionmarti_com_rss","source_name_label":"Mart\u00ed Noticias RSS","source_type":"rss","summary":"Yohandy Morales (13) fue llamado a Grandes Ligas por los Nacionales de Washington.","title":"M\u00e1s sangre cubana llega a las Mayores: Yohandy Morales","topic":null,"translation_language":"","url":"https://www.martinoticias.com/a/mas-sangre-cubana-llega-a-las-mayores-yohandy-morales/476743.html","video_url":null,"youtube_conversion_active":false,"youtube_conversion_error":"","youtube_conversion_status":""},{"article_body_paragraphs":[],"audio_source_url":null,"author":"Redacci\u00f3n Mart\u00ed Noticias","available_dubs":[],"downloadable_assets":["https://gdb.martinoticias.com/645CA705-EE73-4D6F-834D-D727EEE4939E_cx0_cy9_cw0_w1600_r1_n_s.jpg"],"duration_display":"0:00","duration_seconds":null,"embed_url":null,"id":12418,"image_caption":"El Hotel San Carlos (amarillo) en la ciudad de Cienfuegos, una de las instalaciones tur\u00edsticas en disputa.","image_url":"https://gdb.martinoticias.com/645CA705-EE73-4D6F-834D-D727EEE4939E_cx0_cy9_cw0_w1600_r1_n_s.jpg","is_clip":false,"is_youtube_embed":false,"item_type":"photo","item_type_label":"Photo","language_label":"Espa\u00f1ol","media_credit":"Redacci\u00f3n Mart\u00ed Noticias","micro_label":"Photo","micro_label_kind":"gallery","network_label":"Mart\u00ed Noticias","network_logo_url":"/static/uploads/direct_network_logos/ocb_0888427dcb1d.svg","published_at":"2026-09-01T17:38:06","published_at_display":"1 Sep 2026, 17:38 GMT","sequence_badge_label":null,"sequence_count":null,"sequence_count_label":null,"sequence_frames":[],"sequence_kind":null,"source_name":"radiotelevisionmarti_com_rss","source_name_label":"Mart\u00ed Noticias RSS","source_type":"rss","summary":"El Hotel San Carlos (amarillo) en la ciudad de Cienfuegos, una de las instalaciones tur\u00edsticas en disputa.","title":"Tribunal falla a favor de Expedia en demanda por reservas en propiedades confiscadas en Cuba","topic":null,"translation_language":"","url":"https://www.martinoticias.com/a/tribunal-falla-a-favor-de-expedia-en-demanda-por-reservas-en-propiedades-confiscadas-en-cuba/476739.html","video_url":null,"youtube_conversion_active":false,"youtube_conversion_error":"","youtube_conversion_status":""}],"next_num":4,"page":3,"pages":25,"per_page":20,"prev_num":2,"total":485}
