{"applied_filters":{"end_date":"","lang":"","language":"","network":"Mart\u00ed Noticias","page":4,"per_page":20,"search":"","source":"","start_date":"","topic":"","type":"audio"},"available_filters":{"language_choices":[{"label":"Choose Language","value":""},{"label":"English","value":"English"},{"label":"Espa\u00f1ol","value":"Espa\u00f1ol"}],"network_choices":[{"label":"All networks","value":""},{"label":"Mart\u00ed Noticias","value":"Mart\u00ed Noticias"}],"source_choices":[{"label":"All sources","value":""},{"label":"Mart\u00ed Noticias \u00b7 Caf\u00e9 Digital","value":"ocb_spanish_audio_html_scrape"},{"label":"Mart\u00ed Noticias \u00b7 Liberaci\u00f3n","value":"ocb_spanish_audio_html_scrape_1001"},{"label":"Mart\u00ed Noticias \u00b7 Programas de Radio Nuestra Am\u00e9rica","value":"ocb_spanish_audio_html_scrape_1016"},{"label":"Mart\u00ed Noticias \u00b7 Agenda hemisf\u00e9rica","value":"ocb_spanish_audio_html_scrape_1028"},{"label":"Mart\u00ed Noticias \u00b7 El futuro es ya","value":"ocb_spanish_audio_html_scrape_1056"},{"label":"Mart\u00ed Noticias \u00b7 Foro abierto","value":"ocb_spanish_audio_html_scrape_1061"},{"label":"Mart\u00ed Noticias \u00b7 Nicaragua al d\u00eda","value":"ocb_spanish_audio_html_scrape_1077"},{"label":"Mart\u00ed Noticias \u00b7 La bola nostra","value":"ocb_spanish_audio_html_scrape_1078"},{"label":"Mart\u00ed Noticias \u00b7 Taller de prensa","value":"ocb_spanish_audio_html_scrape_1103"},{"label":"Mart\u00ed Noticias \u00b7 Las noticias como son","value":"ocb_spanish_audio_html_scrape_142"},{"label":"Mart\u00ed Noticias \u00b7 Abriendo Espacios","value":"ocb_spanish_audio_html_scrape_562"},{"label":"Mart\u00ed Noticias \u00b7 Mart\u00ed Noticias A.M.","value":"ocb_spanish_audio_html_scrape_668"},{"label":"Mart\u00ed Noticias Audio","value":"ocb_spanish_audio_scrape"},{"label":"Mart\u00ed Noticias Direct","value":"radiotelevisionmarti_com_direct"},{"label":"Mart\u00ed Noticias RSS","value":"radiotelevisionmarti_com_rss"}],"sources":["ocb_spanish_audio_html_scrape","ocb_spanish_audio_html_scrape_1001","ocb_spanish_audio_html_scrape_1016","ocb_spanish_audio_html_scrape_1028","ocb_spanish_audio_html_scrape_1056","ocb_spanish_audio_html_scrape_1061","ocb_spanish_audio_html_scrape_1077","ocb_spanish_audio_html_scrape_1078","ocb_spanish_audio_html_scrape_1103","ocb_spanish_audio_html_scrape_142","ocb_spanish_audio_html_scrape_562","ocb_spanish_audio_html_scrape_668","ocb_spanish_audio_scrape","radiotelevisionmarti_com_direct","radiotelevisionmarti_com_rss"],"topics":["Abriendo Espacios","Agenda hemisf\u00e9rica","Barrio Adentro","Caf\u00e9 Digital","Cuba al D\u00eda","Cuba en la Memoria","De cara al sol","El futuro es ya","Foro abierto","Hablando claro","La libertad es una librer\u00eda","Las noticias como son","Lawton Libre","Liberaci\u00f3n","Mart\u00ed Noticias A.M.","Nicaragua al d\u00eda","Programas de Radio Nuestra Am\u00e9rica","Radio Mart\u00ed","Taller de prensa","adri%C3%A1n del sol mi padre est%C3%A1 muy d%C3%A9bil","atienden a mas de 50 personas en santiago de cuba por presunta intoxicacion alimentaria","auge en contagios de dengue en cuba","aumenta a 379 la cifra de desaparecidos por terremoto en colombia hay 285 fallecidos","banco mundial desembolsa millonaria ayuda para afectados por terremoto en colombia","brote de enfermedades diarreicas se extiende en cuba","casi 300 fallecidos almenos 4 000 heridos y 140 desaparecidos a 7 dias del terremoto en colombia","cifra de muertos por el terremoto en colombia supera las 200 personas seg%C3%BAn reporte","colombia declara estado de emergencia durante 30 dias por grave calamidad","colombia ingresa formalmente al escudo de las am%C3%A9ricas liderado por washington","convocan marcha pac%C3%ADfica por la libertad de todos los presos pol%C3%ADticos en venezuela","crece reclutamiento de ni%C3%B1os y ni%C3%B1as en colombia por parte de grupos ilegales seg%C3%BAn hrw","creo que el presidente trump ir%C3%A1 a la habana antes de que termine su mandato","eeuu cierra acuerdo petrolero que le dar%C3%A1 importante control de reservas venezolanas","eeuu ecuador y colombia se reunen para acordar lucha contra mafias del narcotr%C3%A1fico","eeuu sostiene operaciones militares junto a ecuador cerca de la frontera con colombia","el papel peri%C3%B3dico de la habana autores sociedad patri%C3%B3tica de la habana y sociedad econ%C3%B3mica de amigos del pa%C3","el socialismo es la peor tentaci%C3%B3n pol%C3%ADtica de nuestro hemisferio sara b rogers","gobierno de colombia da por terminada conversaciones con otros tres grupos armados ilegales","informe pide mayor presencia militar en cuba","jeffrey bartos en la onu","joven con vih permanece encarcelado tras protesta por apagones en guanabacoa","la bola nostra","la ola de robos a la infraestructura publica y privada agrava la crisis en cuba","la periodista independiente yoanni limonta reporta una protesta frente al gobierno provincial de cienfuegos tras apagones de mas","las farmacias privadas abren en cuba entre criticas por sus altos precios y dudas medicas sobre sus controles","m%C3%A1s hoteles menos hospitales","oea aprueba convocatoria urgente de cancilleres para condenar a la dictadura de nicaragua","padre castor %C3%A1lvarez devesa","rechazo en cuba a los festejos estatales durante el colapso de los servicios basicos","sismo de 7 4 en colombia deja m%C3%A1s de 100 muertos 87 heridos y 61 edificios colapsados","trump asegura que eeuu y venezuela est%C3%A1n haciendo una fortuna con acuerdo petrolero","venezuela todav%C3%ADa no est%C3%A1 preparada para celebrar elecciones reafirma donaldtrump","y solo estamos en verano autora grethel delgado %C3%A1lvarez"],"types":[["","All types"],["article","Articles"],["audio","Audio"],["video","Videos"],["clips","Clips"],["media","Media"]]},"has_next":true,"has_prev":true,"items":[{"article_body_paragraphs":[],"audio_source_url":"https://ocb-audio-ns.akamaized.net/cu/2026/08/31/20260831-180000-cu004-program_hq.mp3","author":"Mario J. Pent\u00f3n","available_dubs":[],"downloadable_assets":["https://ocb-audio-ns.akamaized.net/cu/2026/08/31/20260831-180000-cu004-program_hq.mp3"],"duration_display":"29:59","duration_seconds":1799.0,"embed_url":null,"id":11018,"image_caption":null,"image_url":"https://gdb.martinoticias.com/cb75a074-a814-4e7a-df7e-08de31a8b205_mw2048_mh2048_n.jpg","is_clip":false,"is_youtube_embed":false,"item_type":"audio","item_type_label":"Audio","language_label":"Espa\u00f1ol","media_credit":"OCB","micro_label":"Audio program","micro_label_kind":"audio","network_label":"Mart\u00ed Noticias","network_logo_url":"/static/uploads/direct_network_logos/ocb_0888427dcb1d.svg","published_at":"2026-08-31T18:00:00","published_at_display":"31 Aug 2026, 18:00 GMT","sequence_badge_label":null,"sequence_count":null,"sequence_count_label":null,"sequence_frames":[],"sequence_kind":null,"source_name":"radiotelevisionmarti_com_direct","source_name_label":"Mart\u00ed Noticias Direct","source_type":"direct_api","summary":"Tras el anuncio del presidente Trump de un pacto mediante el cual Estados Unidos tendr\u00eda una participaci\u00f3n mayoritaria en la explotaci\u00f3n de 17 campos petroleros en Venezuela. Analizamos los riesgos legales y las realidades operativas del acuerdo energ\u00e9tico","title":"Cuba al D\u00eda con Jorge Pi\u00f1\u00f3n y Miguel Coss\u00edo","topic":"Cuba al D\u00eda","translation_language":"","url":"https://ocb-audio-ns.akamaized.net/cu/2026/08/31/20260831-180000-cu004-program_hq.mp3","video_url":null,"youtube_conversion_active":false,"youtube_conversion_error":"","youtube_conversion_status":""},{"article_body_paragraphs":[],"audio_source_url":"https://ocb-audio-ns.akamaized.net/cu/2026/08/31/9df23518-2235-47cf-7c8f-08def2b1c8fe.mp3","author":null,"available_dubs":[],"downloadable_assets":["https://ocb-audio-ns.akamaized.net/cu/2026/08/31/9df23518-2235-47cf-7c8f-08def2b1c8fe.mp3"],"duration_display":"3:00","duration_seconds":180.0,"embed_url":null,"id":13333,"image_caption":null,"image_url":"https://gdb.martinoticias.com/2efb3e8a-6b87-4b6c-a4da-ab29c28881df_cx0_cy2_cw100_w1200_h630.jpg","is_clip":false,"is_youtube_embed":false,"item_type":"audio","item_type_label":"Audio","language_label":"Espa\u00f1ol","media_credit":null,"micro_label":"Audio program","micro_label_kind":"audio","network_label":"Mart\u00ed Noticias","network_logo_url":"/static/uploads/direct_network_logos/ocb_0888427dcb1d.svg","published_at":"2026-08-31T16:51:39","published_at_display":"31 Aug 2026, 16:51 GMT","sequence_badge_label":null,"sequence_count":null,"sequence_count_label":null,"sequence_frames":[],"sequence_kind":null,"source_name":"ocb_spanish_audio_scrape","source_name_label":"Mart\u00ed Noticias Audio","source_type":"scrape","summary":"El Presidente de Colombia, Abelardo de la Espriella, da por termidas las conversaciones con tres grupos armados ilegales, iniciadas por su antecesor Gustavo Petro, porque esas organizaciones no tienen voluntad de paz. El mandatario inform\u00f3 de nuevos bombardeos en el departamento de Guaviare","title":"Gobierno de Colombia da por terminada conversaciones con tres grupos armados ilegales","topic":"gobierno de colombia da por terminada conversaciones con otros tres grupos armados ilegales","translation_language":"","url":"https://www.martinoticias.com/a/gobierno-de-colombia-da-por-terminada-conversaciones-con-otros-tres-grupos-armados-ilegales/476657.html","video_url":null,"youtube_conversion_active":false,"youtube_conversion_error":"","youtube_conversion_status":""},{"article_body_paragraphs":[],"audio_source_url":"https://ocb-audio-ns.akamaized.net/cu/2026/08/31/20260831-160000-cu004-program.mp3","author":null,"available_dubs":[],"downloadable_assets":["https://ocb-audio-ns.akamaized.net/cu/2026/08/31/20260831-160000-cu004-program.mp3"],"duration_display":"29:59","duration_seconds":1799.0,"embed_url":null,"id":13319,"image_caption":null,"image_url":"https://gdb.martinoticias.com/04340000-0aff-0242-9ff1-08daa6403056_w1200_h630.jpg","is_clip":false,"is_youtube_embed":false,"item_type":"audio","item_type_label":"Audio","language_label":"Espa\u00f1ol","media_credit":null,"micro_label":"Audio program","micro_label_kind":"audio","network_label":"Mart\u00ed Noticias","network_logo_url":"/static/uploads/direct_network_logos/ocb_0888427dcb1d.svg","published_at":"2026-08-31T16:00:00","published_at_display":"31 Aug 2026, 16:00 GMT","sequence_badge_label":null,"sequence_count":null,"sequence_count_label":null,"sequence_frames":[],"sequence_kind":null,"source_name":"ocb_spanish_audio_scrape","source_name_label":"Mart\u00ed Noticias Audio","source_type":"scrape","summary":"Noticiero Radio Mart\u00ed presenta los hechos que hacen noticia en Cuba y el mundo.","title":"Noticiero de Radio Mart\u00ed 12:00 PM","topic":"Radio Mart\u00ed","translation_language":"","url":"https://www.martinoticias.com/a/475594.html","video_url":null,"youtube_conversion_active":false,"youtube_conversion_error":"","youtube_conversion_status":""},{"article_body_paragraphs":[],"audio_source_url":"https://ocb-audio-ns.akamaized.net/cu/2026/08/31/20260831-153000-cu004-program_hq.mp3","author":"Janisset Rivero","available_dubs":[],"downloadable_assets":["https://ocb-audio-ns.akamaized.net/cu/2026/08/31/20260831-153000-cu004-program_hq.mp3"],"duration_display":"30:00","duration_seconds":1800.0,"embed_url":null,"id":10950,"image_caption":null,"image_url":"https://gdb.martinoticias.com/9fd221c6-697b-49a4-6920-08def2ff2efe_mw2048_mh2048_n.jpg","is_clip":false,"is_youtube_embed":false,"item_type":"audio","item_type_label":"Audio","language_label":"Espa\u00f1ol","media_credit":"OCB","micro_label":"Audio program","micro_label_kind":"audio","network_label":"Mart\u00ed Noticias","network_logo_url":"/static/uploads/direct_network_logos/ocb_0888427dcb1d.svg","published_at":"2026-08-31T15:30:00","published_at_display":"31 Aug 2026, 15:30 GMT","sequence_badge_label":null,"sequence_count":null,"sequence_count_label":null,"sequence_frames":[],"sequence_kind":null,"source_name":"radiotelevisionmarti_com_direct","source_name_label":"Mart\u00ed Noticias Direct","source_type":"direct_api","summary":"La realidad de Cuba a trav\u00e9s del testimonio de residentes dentro de la isla, quienes actualizar\u00e1n el panorama interno de la mano de su conductora, la activista y escritora cubana Janisset Rivero.","title":"Pen\u00e9lope N\u00fa\u00f1ez, Joven estudiante","topic":"Barrio Adentro","translation_language":"","url":"https://ocb-audio-ns.akamaized.net/cu/2026/08/31/20260831-153000-cu004-program_hq.mp3","video_url":null,"youtube_conversion_active":false,"youtube_conversion_error":"","youtube_conversion_status":""},{"article_body_paragraphs":[],"audio_source_url":"https://ocb-audio-ns.akamaized.net/cu/2026/08/31/20260831-140000-cu004-program.mp3","author":null,"available_dubs":[],"downloadable_assets":["https://ocb-audio-ns.akamaized.net/cu/2026/08/31/20260831-140000-cu004-program.mp3"],"duration_display":"59:59","duration_seconds":3599.0,"embed_url":null,"id":13447,"image_caption":null,"image_url":"https://gdb.martinoticias.com/757bc839-4e1d-4e4d-640c-08de3c08cd61_w1200_h630.png","is_clip":false,"is_youtube_embed":false,"item_type":"audio","item_type_label":"Audio","language_label":"Espa\u00f1ol","media_credit":null,"micro_label":"Audio program","micro_label_kind":"audio","network_label":"Mart\u00ed Noticias","network_logo_url":"/static/uploads/direct_network_logos/ocb_0888427dcb1d.svg","published_at":"2026-08-31T14:00:00","published_at_display":"31 Aug 2026, 14:00 GMT","sequence_badge_label":null,"sequence_count":null,"sequence_count_label":null,"sequence_frames":[],"sequence_kind":null,"source_name":"ocb_spanish_audio_html_scrape_1056","source_name_label":"Mart\u00ed Noticias \u00b7 El futuro es ya","source_type":"scrape","summary":"Un espacio donde analistas, expertos y activistas examinan y debaten las \u00faltimas noticias y acontecimientos que marcan la realidad cubana.\u201d","title":"El futuro es ya","topic":"El futuro es ya","translation_language":"","url":"https://www.martinoticias.com/a/475589.html","video_url":null,"youtube_conversion_active":false,"youtube_conversion_error":"","youtube_conversion_status":""},{"article_body_paragraphs":[],"audio_source_url":"https://ocb-audio-ns.akamaized.net/cu/2026/08/31/20260831-120000-cu004-program.mp3","author":null,"available_dubs":[],"downloadable_assets":["https://ocb-audio-ns.akamaized.net/cu/2026/08/31/20260831-120000-cu004-program.mp3"],"duration_display":"1:59:59","duration_seconds":7199.0,"embed_url":null,"id":13460,"image_caption":null,"image_url":"https://gdb.martinoticias.com/01000000-0a00-0242-bdd1-08dbc11b65e6_w1200_h630.jpg","is_clip":false,"is_youtube_embed":false,"item_type":"audio","item_type_label":"Audio","language_label":"Espa\u00f1ol","media_credit":null,"micro_label":"Audio program","micro_label_kind":"audio","network_label":"Mart\u00ed Noticias","network_logo_url":"/static/uploads/direct_network_logos/ocb_0888427dcb1d.svg","published_at":"2026-08-31T12:00:00","published_at_display":"31 Aug 2026, 12:00 GMT","sequence_badge_label":null,"sequence_count":null,"sequence_count_label":null,"sequence_frames":[],"sequence_kind":null,"source_name":"ocb_spanish_audio_html_scrape_668","source_name_label":"Mart\u00ed Noticias \u00b7 Mart\u00ed Noticias A.M.","source_type":"scrape","summary":"Revista informativa con los \u00faltimos acontecimientos ocurridos en Cuba y el mundo. Con entrevistas y temas de actualidad relacionados a la pol\u00edtica, la econom\u00eda y de inter\u00e9s general.","title":"Mart\u00ed Noticias AM","topic":"Mart\u00ed Noticias A.M.","translation_language":"","url":"https://www.martinoticias.com/a/475588.html","video_url":null,"youtube_conversion_active":false,"youtube_conversion_error":"","youtube_conversion_status":""},{"article_body_paragraphs":[],"audio_source_url":"https://ocb-audio-ns.akamaized.net/cu/2026/08/30/7d1e8b2c-8d33-435b-7c8b-08def2b1c8fe.mp3","author":null,"available_dubs":[],"downloadable_assets":["https://ocb-audio-ns.akamaized.net/cu/2026/08/30/7d1e8b2c-8d33-435b-7c8b-08def2b1c8fe.mp3"],"duration_display":"0:00","duration_seconds":null,"embed_url":null,"id":13329,"image_caption":null,"image_url":"https://gdb.martinoticias.com/3d4c6dde-23e8-4f4d-0e56-08dd4aae873c_w1200_h630.png","is_clip":false,"is_youtube_embed":false,"item_type":"audio","item_type_label":"Audio","language_label":"Espa\u00f1ol","media_credit":null,"micro_label":"Audio program","micro_label_kind":"audio","network_label":"Mart\u00ed Noticias","network_logo_url":"/static/uploads/direct_network_logos/ocb_0888427dcb1d.svg","published_at":"2026-08-30T18:54:45","published_at_display":"30 Aug 2026, 18:54 GMT","sequence_badge_label":null,"sequence_count":null,"sequence_count_label":null,"sequence_frames":[],"sequence_kind":null,"source_name":"ocb_spanish_audio_scrape","source_name_label":"Mart\u00ed Noticias Audio","source_type":"scrape","summary":"El Papel Peri\u00f3dico no fue un peri\u00f3dico de combate revolucionario. Tampoco pudo serlo en una sociedad colonial marcada por la inspecci\u00f3n, la esclavitud y la subordinaci\u00f3n pol\u00edtica a la metr\u00f3poli. Pero esa limitaci\u00f3n no disminuye su importancia: al contrario, ayuda a entender su originalidad.","title":"El Papel Peri\u00f3dico de La Habana. Autores: Sociedad Patri\u00f3tica de La Habana y Sociedad Econ\u00f3mica de Amigos del Pa\u00eds","topic":"el papel peri%C3%B3dico de la habana autores sociedad patri%C3%B3tica de la habana y sociedad econ%C3%B3mica de amigos del pa%C3","translation_language":"","url":"https://www.martinoticias.com/a/el-papel-peri%C3%B3dico-de-la-habana-autores-sociedad-patri%C3%B3tica-de-la-habana-y-sociedad-econ%C3%B3mica-de-amigos-del-pa%C3%ADs/476606.html","video_url":null,"youtube_conversion_active":false,"youtube_conversion_error":"","youtube_conversion_status":""},{"article_body_paragraphs":[],"audio_source_url":"https://ocb-audio-ns.akamaized.net/cu/2026/08/30/05a39347-0933-4f79-bc6e-08def2b1d8dc.mp3","author":null,"available_dubs":[],"downloadable_assets":["https://ocb-audio-ns.akamaized.net/cu/2026/08/30/05a39347-0933-4f79-bc6e-08def2b1d8dc.mp3"],"duration_display":"0:00","duration_seconds":null,"embed_url":null,"id":13328,"image_caption":null,"image_url":"https://gdb.martinoticias.com/a76043c8-19cf-4ee8-2c38-08de3c04d4d2_w1200_h630.png","is_clip":false,"is_youtube_embed":false,"item_type":"audio","item_type_label":"Audio","language_label":"Espa\u00f1ol","media_credit":null,"micro_label":"Audio program","micro_label_kind":"audio","network_label":"Mart\u00ed Noticias","network_logo_url":"/static/uploads/direct_network_logos/ocb_0888427dcb1d.svg","published_at":"2026-08-30T18:46:35","published_at_display":"30 Aug 2026, 18:46 GMT","sequence_badge_label":null,"sequence_count":null,"sequence_count_label":null,"sequence_frames":[],"sequence_kind":null,"source_name":"ocb_spanish_audio_scrape","source_name_label":"Mart\u00ed Noticias Audio","source_type":"scrape","summary":"Las prioridades del Castrismo.","title":"M\u00e1s hoteles,menos hospitales","topic":"m%C3%A1s hoteles menos hospitales","translation_language":"","url":"https://www.martinoticias.com/a/m%C3%A1s-hoteles-menos-hospitales/476605.html","video_url":null,"youtube_conversion_active":false,"youtube_conversion_error":"","youtube_conversion_status":""},{"article_body_paragraphs":[],"audio_source_url":"https://ocb-audio-ns.akamaized.net/cu/2026/08/30/20260830-160000-cu004-program.mp3","author":null,"available_dubs":[],"downloadable_assets":["https://ocb-audio-ns.akamaized.net/cu/2026/08/30/20260830-160000-cu004-program.mp3"],"duration_display":"29:59","duration_seconds":1799.0,"embed_url":null,"id":13320,"image_caption":null,"image_url":"https://gdb.martinoticias.com/04340000-0aff-0242-9ff1-08daa6403056_w1200_h630.jpg","is_clip":false,"is_youtube_embed":false,"item_type":"audio","item_type_label":"Audio","language_label":"Espa\u00f1ol","media_credit":null,"micro_label":"Audio program","micro_label_kind":"audio","network_label":"Mart\u00ed Noticias","network_logo_url":"/static/uploads/direct_network_logos/ocb_0888427dcb1d.svg","published_at":"2026-08-30T16:00:00","published_at_display":"30 Aug 2026, 16:00 GMT","sequence_badge_label":null,"sequence_count":null,"sequence_count_label":null,"sequence_frames":[],"sequence_kind":null,"source_name":"ocb_spanish_audio_scrape","source_name_label":"Mart\u00ed Noticias Audio","source_type":"scrape","summary":"Noticiero Radio Mart\u00ed presenta los hechos que hacen noticia en Cuba y el mundo.","title":"Noticiero de Radio Mart\u00ed 12:00 PM","topic":"Radio Mart\u00ed","translation_language":"","url":"https://www.martinoticias.com/a/475575.html","video_url":null,"youtube_conversion_active":false,"youtube_conversion_error":"","youtube_conversion_status":""},{"article_body_paragraphs":[],"audio_source_url":"https://ocb-audio-ns.akamaized.net/cu/2026/08/29/fdf35d5f-8c76-4f23-bc6b-08def2b1d8dc.mp3","author":null,"available_dubs":[],"downloadable_assets":["https://ocb-audio-ns.akamaized.net/cu/2026/08/29/fdf35d5f-8c76-4f23-bc6b-08def2b1d8dc.mp3"],"duration_display":"2:57","duration_seconds":177.0,"embed_url":null,"id":13346,"image_caption":null,"image_url":"https://gdb.martinoticias.com/9d72c3a2-16f3-4e46-a022-fa1e2d21d2d4_cx0_cy10_cw100_w1200_h630.jpg","is_clip":false,"is_youtube_embed":false,"item_type":"audio","item_type_label":"Audio","language_label":"Espa\u00f1ol","media_credit":null,"micro_label":"Audio program","micro_label_kind":"audio","network_label":"Mart\u00ed Noticias","network_logo_url":"/static/uploads/direct_network_logos/ocb_0888427dcb1d.svg","published_at":"2026-08-29T19:38:06","published_at_display":"29 Aug 2026, 19:38 GMT","sequence_badge_label":null,"sequence_count":null,"sequence_count_label":null,"sequence_frames":[],"sequence_kind":null,"source_name":"ocb_spanish_audio_scrape","source_name_label":"Mart\u00ed Noticias Audio","source_type":"scrape","summary":"Reportes locales confirman un alza generalizada en los contagios.","title":"Auge en contagios de dengue en Cuba","topic":"auge en contagios de dengue en cuba","translation_language":"","url":"https://www.martinoticias.com/a/auge-en-contagios-de-dengue-en-cuba/476590.html","video_url":null,"youtube_conversion_active":false,"youtube_conversion_error":"","youtube_conversion_status":""},{"article_body_paragraphs":[],"audio_source_url":"https://ocb-audio-ns.akamaized.net/cu/2026/08/29/20260829-190000-cu004-program.mp3","author":null,"available_dubs":[],"downloadable_assets":["https://ocb-audio-ns.akamaized.net/cu/2026/08/29/20260829-190000-cu004-program.mp3"],"duration_display":"59:59","duration_seconds":3599.0,"embed_url":null,"id":13483,"image_caption":null,"image_url":"https://gdb.martinoticias.com/523d7191-4739-42f3-a473-08de3cb86449_w1200_h630.png","is_clip":false,"is_youtube_embed":false,"item_type":"audio","item_type_label":"Audio","language_label":"Espa\u00f1ol","media_credit":null,"micro_label":"Audio program","micro_label_kind":"audio","network_label":"Mart\u00ed Noticias","network_logo_url":"/static/uploads/direct_network_logos/ocb_0888427dcb1d.svg","published_at":"2026-08-29T19:00:00","published_at_display":"29 Aug 2026, 19:00 GMT","sequence_badge_label":null,"sequence_count":null,"sequence_count_label":null,"sequence_frames":[],"sequence_kind":null,"source_name":"ocb_spanish_audio_html_scrape_1078","source_name_label":"Mart\u00ed Noticias \u00b7 La bola nostra","source_type":"scrape","summary":"Un espacio semanal para hablar de b\u00e9isbol, una charla entre amigos, el periodista deportivo Jorge Morej\u00f3n, \u201cEl Yoyo\u201d, conversa con el legendario Orlando \u201cEl Duke\u201d Hern\u00e1ndez, cuatro veces campe\u00f3n de la Serie Mundial de Grandes Ligas, sobre nuestro pasatiempo nacional.","title":"La Bola Nostra","topic":"la bola nostra","translation_language":"","url":"https://www.martinoticias.com/a/475535.html","video_url":null,"youtube_conversion_active":false,"youtube_conversion_error":"","youtube_conversion_status":""},{"article_body_paragraphs":[],"audio_source_url":"https://ocb-audio-ns.akamaized.net/cu/2026/08/29/6698d545-e030-47ae-7c88-08def2b1c8fe.mp3","author":null,"available_dubs":[],"downloadable_assets":["https://ocb-audio-ns.akamaized.net/cu/2026/08/29/6698d545-e030-47ae-7c88-08def2b1c8fe.mp3"],"duration_display":"22:28","duration_seconds":1348.0,"embed_url":null,"id":13531,"image_caption":null,"image_url":"https://gdb.martinoticias.com/b76d8c39-52a6-4ca4-d0f4-08debb53aba1_w1200_h630.jpg","is_clip":false,"is_youtube_embed":false,"item_type":"audio","item_type_label":"Audio","language_label":"Espa\u00f1ol","media_credit":null,"micro_label":"Audio program","micro_label_kind":"audio","network_label":"Mart\u00ed Noticias","network_logo_url":"/static/uploads/direct_network_logos/ocb_0888427dcb1d.svg","published_at":"2026-08-29T18:53:40","published_at_display":"29 Aug 2026, 18:53 GMT","sequence_badge_label":null,"sequence_count":null,"sequence_count_label":null,"sequence_frames":[],"sequence_kind":null,"source_name":"ocb_spanish_audio_html_scrape_1103","source_name_label":"Mart\u00ed Noticias \u00b7 Taller de prensa","source_type":"scrape","summary":"Este programa, conducido por el periodista Rolando Cartaya, recorre t\u00e9cnicas y principios de la comunicaci\u00f3n desde el periodismo cl\u00e1sico hasta las redes sociales. Ofrece herramientas para informar lo que ocurre en tu comunidad. \u201cNo odies a los medios: convi\u00e9rtete en ellos\u201d, invita Cartaya","title":"Taller de Prensa con el periodista Ricardo Gonz\u00e1lez Alfonso","topic":"Taller de prensa","translation_language":"","url":"https://www.martinoticias.com/a/476589.html","video_url":null,"youtube_conversion_active":false,"youtube_conversion_error":"","youtube_conversion_status":""},{"article_body_paragraphs":[],"audio_source_url":"https://ocb-audio-ns.akamaized.net/cu/2026/08/28/98ced589-38d5-4b3a-5a9e-08decd6ea425.mp3","author":null,"available_dubs":[],"downloadable_assets":["https://ocb-audio-ns.akamaized.net/cu/2026/08/28/98ced589-38d5-4b3a-5a9e-08decd6ea425.mp3"],"duration_display":"26:33","duration_seconds":1593.0,"embed_url":null,"id":13542,"image_caption":null,"image_url":"https://gdb.martinoticias.com/b2b59104-d36d-4dfd-2e75-08de3c04d4d2_w1200_h630.jpg","is_clip":false,"is_youtube_embed":false,"item_type":"audio","item_type_label":"Audio","language_label":"Espa\u00f1ol","media_credit":null,"micro_label":"Audio program","micro_label_kind":"audio","network_label":"Mart\u00ed Noticias","network_logo_url":"/static/uploads/direct_network_logos/ocb_0888427dcb1d.svg","published_at":"2026-08-29T18:00:00","published_at_display":"29 Aug 2026, 18:00 GMT","sequence_badge_label":null,"sequence_count":null,"sequence_count_label":null,"sequence_frames":[],"sequence_kind":null,"source_name":"ocb_spanish_audio_html_scrape_1077","source_name_label":"Mart\u00ed Noticias \u00b7 Nicaragua al d\u00eda","source_type":"scrape","summary":"Luis Galeano y Edgardo Pinell analizan junto con el Dr. Jose Pallais, Jurista constitucional nicarag\u00fcense, como los Ortega- Murillo modifican art\u00edculo de la Constituci\u00f3n, seg\u00fan ellos para rechazar acuerdos extranjeros que contengan sanciones o iniciativas contra su r\u00e9gimen autoritario.","title":"Nicaragua al d\u00eda","topic":"Nicaragua al d\u00eda","translation_language":"","url":"https://www.martinoticias.com/a/476497.html","video_url":null,"youtube_conversion_active":false,"youtube_conversion_error":"","youtube_conversion_status":""},{"article_body_paragraphs":[],"audio_source_url":"https://ocb-audio-ns.akamaized.net/cu/2026/08/24/fe37bddf-ee3c-4d1f-7c66-08def2b1c8fe_hq.mp3","author":null,"available_dubs":[],"downloadable_assets":["https://ocb-audio-ns.akamaized.net/cu/2026/08/24/fe37bddf-ee3c-4d1f-7c66-08def2b1c8fe_hq.mp3"],"duration_display":"26:20","duration_seconds":1580.0,"embed_url":null,"id":10405,"image_caption":null,"image_url":"https://gdb.martinoticias.com/4b6947ab-3f34-42ef-38ec-08de2c294a0f_mw2048_mh2048_n.png","is_clip":false,"is_youtube_embed":false,"item_type":"audio","item_type_label":"Audio","language_label":"Espa\u00f1ol","media_credit":"OCB","micro_label":"Audio program","micro_label_kind":"audio","network_label":"Mart\u00ed Noticias","network_logo_url":"/static/uploads/direct_network_logos/ocb_0888427dcb1d.svg","published_at":"2026-08-29T16:30:00","published_at_display":"29 Aug 2026, 16:30 GMT","sequence_badge_label":null,"sequence_count":null,"sequence_count_label":null,"sequence_frames":[],"sequence_kind":null,"source_name":"radiotelevisionmarti_com_direct","source_name_label":"Mart\u00ed Noticias Direct","source_type":"direct_api","summary":null,"title":"Entrevista a Yoel Acosta G\u00e1mez","topic":"De cara al sol","translation_language":"","url":"https://ocb-audio-ns.akamaized.net/cu/2026/08/24/fe37bddf-ee3c-4d1f-7c66-08def2b1c8fe_hq.mp3","video_url":null,"youtube_conversion_active":false,"youtube_conversion_error":"","youtube_conversion_status":""},{"article_body_paragraphs":[],"audio_source_url":"https://ocb-audio-ns.akamaized.net/cu/2026/08/29/20260829-160000-cu004-program.mp3","author":null,"available_dubs":[],"downloadable_assets":["https://ocb-audio-ns.akamaized.net/cu/2026/08/29/20260829-160000-cu004-program.mp3"],"duration_display":"29:59","duration_seconds":1799.0,"embed_url":null,"id":13321,"image_caption":null,"image_url":"https://gdb.martinoticias.com/04340000-0aff-0242-9ff1-08daa6403056_w1200_h630.jpg","is_clip":false,"is_youtube_embed":false,"item_type":"audio","item_type_label":"Audio","language_label":"Espa\u00f1ol","media_credit":null,"micro_label":"Audio program","micro_label_kind":"audio","network_label":"Mart\u00ed Noticias","network_logo_url":"/static/uploads/direct_network_logos/ocb_0888427dcb1d.svg","published_at":"2026-08-29T16:00:00","published_at_display":"29 Aug 2026, 16:00 GMT","sequence_badge_label":null,"sequence_count":null,"sequence_count_label":null,"sequence_frames":[],"sequence_kind":null,"source_name":"ocb_spanish_audio_scrape","source_name_label":"Mart\u00ed Noticias Audio","source_type":"scrape","summary":"Noticiero Radio Mart\u00ed presenta los hechos que hacen noticia en Cuba y el mundo.","title":"Noticiero de Radio Mart\u00ed 12:00 PM","topic":"Radio Mart\u00ed","translation_language":"","url":"https://www.martinoticias.com/a/475523.html","video_url":null,"youtube_conversion_active":false,"youtube_conversion_error":"","youtube_conversion_status":""},{"article_body_paragraphs":[],"audio_source_url":"https://ocb-audio-ns.akamaized.net/cu/2026/08/29/20260829-143000-cu004-program.mp3","author":null,"available_dubs":[],"downloadable_assets":["https://ocb-audio-ns.akamaized.net/cu/2026/08/29/20260829-143000-cu004-program.mp3"],"duration_display":"29:59","duration_seconds":1799.0,"embed_url":null,"id":13376,"image_caption":null,"image_url":"https://gdb.martinoticias.com/01000000-0aff-0242-617f-08dbd6f66495_w1200_h630.png","is_clip":false,"is_youtube_embed":false,"item_type":"audio","item_type_label":"Audio","language_label":"Espa\u00f1ol","media_credit":null,"micro_label":"Audio program","micro_label_kind":"audio","network_label":"Mart\u00ed Noticias","network_logo_url":"/static/uploads/direct_network_logos/ocb_0888427dcb1d.svg","published_at":"2026-08-29T14:30:00","published_at_display":"29 Aug 2026, 14:30 GMT","sequence_badge_label":null,"sequence_count":null,"sequence_count_label":null,"sequence_frames":[],"sequence_kind":null,"source_name":"ocb_spanish_audio_html_scrape","source_name_label":"Mart\u00ed Noticias \u00b7 Caf\u00e9 Digital","source_type":"scrape","summary":"Un espacio radial que va m\u00e1s all\u00e1 de los nuevos avances de la ciencia y la tecnolog\u00eda, pensado para los j\u00f3venes dentro de la isla que emplean las nuevas tecnolog\u00edas para dar soluci\u00f3n a sus necesidades cotidianas.","title":"Caf\u00e9 Digital","topic":"Caf\u00e9 Digital","translation_language":"","url":"https://www.martinoticias.com/a/475521.html","video_url":null,"youtube_conversion_active":false,"youtube_conversion_error":"","youtube_conversion_status":""},{"article_body_paragraphs":[],"audio_source_url":"https://ocb-audio-ns.akamaized.net/cu/2026/08/29/20260829-083000-cu004-program.mp3","author":null,"available_dubs":[],"downloadable_assets":["https://ocb-audio-ns.akamaized.net/cu/2026/08/29/20260829-083000-cu004-program.mp3"],"duration_display":"29:59","duration_seconds":1799.0,"embed_url":null,"id":13543,"image_caption":null,"image_url":"https://gdb.martinoticias.com/b2b59104-d36d-4dfd-2e75-08de3c04d4d2_w1200_h630.jpg","is_clip":false,"is_youtube_embed":false,"item_type":"audio","item_type_label":"Audio","language_label":"Espa\u00f1ol","media_credit":null,"micro_label":"Audio program","micro_label_kind":"audio","network_label":"Mart\u00ed Noticias","network_logo_url":"/static/uploads/direct_network_logos/ocb_0888427dcb1d.svg","published_at":"2026-08-29T08:30:00","published_at_display":"29 Aug 2026, 08:30 GMT","sequence_badge_label":null,"sequence_count":null,"sequence_count_label":null,"sequence_frames":[],"sequence_kind":null,"source_name":"ocb_spanish_audio_html_scrape_1077","source_name_label":"Mart\u00ed Noticias \u00b7 Nicaragua al d\u00eda","source_type":"scrape","summary":"Un espacio de Radio Mart\u00ed para comentar, analizar y debatir las noticias que marcan el presente de Nicaragua. Una cita semanal de quienes aman la libertad, la democracia y la verdad; con quienes resisten desde adentro y desde el exilio, por una patria libre, pr\u00f3spera y democr\u00e1tica.","title":"Nicaragua al d\u00eda","topic":"Nicaragua al d\u00eda","translation_language":"","url":"https://www.martinoticias.com/a/475490.html","video_url":null,"youtube_conversion_active":false,"youtube_conversion_error":"","youtube_conversion_status":""},{"article_body_paragraphs":[],"audio_source_url":"https://ocb-audio-ns.akamaized.net/cu/2026/08/29/20260829-000000-cu004-program.mp3","author":null,"available_dubs":[],"downloadable_assets":["https://ocb-audio-ns.akamaized.net/cu/2026/08/29/20260829-000000-cu004-program.mp3"],"duration_display":"30:00","duration_seconds":1800.0,"embed_url":null,"id":13322,"image_caption":null,"image_url":"https://gdb.martinoticias.com/a960ff74-708e-4671-c10e-08de3cb98067_w1200_h630.png","is_clip":false,"is_youtube_embed":false,"item_type":"audio","item_type_label":"Audio","language_label":"Espa\u00f1ol","media_credit":null,"micro_label":"Audio program","micro_label_kind":"audio","network_label":"Mart\u00ed Noticias","network_logo_url":"/static/uploads/direct_network_logos/ocb_0888427dcb1d.svg","published_at":"2026-08-29T00:00:00","published_at_display":"29 Aug 2026, 00:00 GMT","sequence_badge_label":null,"sequence_count":null,"sequence_count_label":null,"sequence_frames":[],"sequence_kind":null,"source_name":"ocb_spanish_audio_scrape","source_name_label":"Mart\u00ed Noticias Audio","source_type":"scrape","summary":"Un resumen de las noticias m\u00e1s importantes de Cuba y el mundo.","title":"Noticiero de Radio Mart\u00ed 8:00 PM","topic":"Radio Mart\u00ed","translation_language":"","url":"https://www.martinoticias.com/a/475439.html","video_url":null,"youtube_conversion_active":false,"youtube_conversion_error":"","youtube_conversion_status":""},{"article_body_paragraphs":[],"audio_source_url":"https://ocb-audio-ns.akamaized.net/cu/2026/08/28/20260828-210030-cu004-program.mp3","author":null,"available_dubs":[],"downloadable_assets":["https://ocb-audio-ns.akamaized.net/cu/2026/08/28/20260828-210030-cu004-program.mp3"],"duration_display":"0:00","duration_seconds":null,"embed_url":null,"id":13323,"image_caption":null,"image_url":"https://gdb.martinoticias.com/04370000-0aff-0242-9b67-08daa64028f2_w1200_h630.jpg","is_clip":false,"is_youtube_embed":false,"item_type":"audio","item_type_label":"Audio","language_label":"Espa\u00f1ol","media_credit":null,"micro_label":"Audio program","micro_label_kind":"audio","network_label":"Mart\u00ed Noticias","network_logo_url":"/static/uploads/direct_network_logos/ocb_0888427dcb1d.svg","published_at":"2026-08-28T21:00:30","published_at_display":"28 Aug 2026, 21:00 GMT","sequence_badge_label":null,"sequence_count":null,"sequence_count_label":null,"sequence_frames":[],"sequence_kind":null,"source_name":"ocb_spanish_audio_scrape","source_name_label":"Mart\u00ed Noticias Audio","source_type":"scrape","summary":"Noticiero Radio Mart\u00ed presenta los hechos que hacen noticia en Cuba y el mundo.","title":"Noticiero de Radio Mart\u00ed 5:00 PM","topic":"Radio Mart\u00ed","translation_language":"","url":"https://www.martinoticias.com/a/475434.html","video_url":null,"youtube_conversion_active":false,"youtube_conversion_error":"","youtube_conversion_status":""},{"article_body_paragraphs":[],"audio_source_url":"https://ocb-audio-ns.akamaized.net/cu/2026/08/28/c4d32b45-e030-4301-6906-08def2ff2efe.mp3","author":null,"available_dubs":[],"downloadable_assets":["https://ocb-audio-ns.akamaized.net/cu/2026/08/28/c4d32b45-e030-4301-6906-08def2ff2efe.mp3"],"duration_display":"23:04","duration_seconds":1384.0,"embed_url":null,"id":13532,"image_caption":null,"image_url":"https://gdb.martinoticias.com/b76d8c39-52a6-4ca4-d0f4-08debb53aba1_w1200_h630.jpg","is_clip":false,"is_youtube_embed":false,"item_type":"audio","item_type_label":"Audio","language_label":"Espa\u00f1ol","media_credit":null,"micro_label":"Audio program","micro_label_kind":"audio","network_label":"Mart\u00ed Noticias","network_logo_url":"/static/uploads/direct_network_logos/ocb_0888427dcb1d.svg","published_at":"2026-08-28T20:00:13","published_at_display":"28 Aug 2026, 20:00 GMT","sequence_badge_label":null,"sequence_count":null,"sequence_count_label":null,"sequence_frames":[],"sequence_kind":null,"source_name":"ocb_spanish_audio_html_scrape_1103","source_name_label":"Mart\u00ed Noticias \u00b7 Taller de prensa","source_type":"scrape","summary":"Este programa, conducido por el periodista Rolando Cartaya, recorre t\u00e9cnicas y principios de la comunicaci\u00f3n desde el periodismo cl\u00e1sico hasta las redes sociales. Ofrece herramientas para informar lo que ocurre en tu comunidad. \u201cNo odies a los medios: convi\u00e9rtete en ellos\u201d, invita Cartaya","title":"Taller de Prensa con Roberto Echevarr\u00eda Pilia, director de CubaNet","topic":"Taller de prensa","translation_language":"","url":"https://www.martinoticias.com/a/476501.html","video_url":null,"youtube_conversion_active":false,"youtube_conversion_error":"","youtube_conversion_status":""}],"next_num":5,"page":4,"pages":17,"per_page":20,"prev_num":3,"total":338}
