{"applied_filters":{"end_date":"","lang":"","language":"","network":"Mart\u00ed Noticias","page":4,"per_page":20,"search":"","source":"","start_date":"","topic":"","type":"photo"},"available_filters":{"language_choices":[{"label":"Choose Language","value":""},{"label":"English","value":"English"},{"label":"Espa\u00f1ol","value":"Espa\u00f1ol"}],"network_choices":[{"label":"All networks","value":""},{"label":"Mart\u00ed Noticias","value":"Mart\u00ed Noticias"}],"source_choices":[{"label":"All sources","value":""},{"label":"Mart\u00ed Noticias RSS","value":"radiotelevisionmarti_com_rss"}],"sources":["radiotelevisionmarti_com_rss"],"topics":[],"types":[["","All types"],["article","Articles"],["audio","Audio"],["video","Videos"],["clips","Clips"],["media","Media"]]},"has_next":true,"has_prev":true,"items":[{"article_body_paragraphs":[],"audio_source_url":null,"author":"Redacci\u00f3n Mart\u00ed Noticias","available_dubs":[],"downloadable_assets":["https://gdb.martinoticias.com/6adde3b7-2c08-4113-b9df-54922d03a649_cx0_cy7_cw0_w1600_r1_n_s.jpg"],"duration_display":"0:00","duration_seconds":null,"embed_url":null,"id":12420,"image_caption":"Ra\u00fal Guillermo Rodr\u00edguez Castro \"El Cangrejo\", junto a altos funcionario del r\u00e9gimen de La Habana, el 13 de agosto de 2026. REUTERS/Norlys P\u00e9rez","image_url":"https://gdb.martinoticias.com/6adde3b7-2c08-4113-b9df-54922d03a649_cx0_cy7_cw0_w1600_r1_n_s.jpg","is_clip":false,"is_youtube_embed":false,"item_type":"photo","item_type_label":"Photo","language_label":"Espa\u00f1ol","media_credit":"Redacci\u00f3n Mart\u00ed Noticias","micro_label":"Photo","micro_label_kind":"gallery","network_label":"Mart\u00ed Noticias","network_logo_url":"/static/uploads/direct_network_logos/ocb_0888427dcb1d.svg","published_at":"2026-09-01T17:35:52","published_at_display":"1 Sep 2026, 17:35 GMT","sequence_badge_label":null,"sequence_count":null,"sequence_count_label":null,"sequence_frames":[],"sequence_kind":null,"source_name":"radiotelevisionmarti_com_rss","source_name_label":"Mart\u00ed Noticias RSS","source_type":"rss","summary":"Ra\u00fal Guillermo Rodr\u00edguez Castro \"El Cangrejo\", junto a altos funcionario del r\u00e9gimen de La Habana, el 13 de agosto de 2026. REUTERS/Norlys P\u00e9rez","title":"\"\u00a1Comparta lo que sabe!\", EEUU pide pistas sobre personas y firmas que apoyan a La Habana","topic":null,"translation_language":"","url":"https://www.martinoticias.com/a/comparta-lo-que-sabe-eeuu-pide-pistas-sobre-personas-y-firmas-que-apoyan-a-la-habana/476742.html","video_url":null,"youtube_conversion_active":false,"youtube_conversion_error":"","youtube_conversion_status":""},{"article_body_paragraphs":[],"audio_source_url":null,"author":"Iv\u00e1n Kasanzew","available_dubs":[],"downloadable_assets":["https://gdb.martinoticias.com/08f86d32-7b43-4220-acaf-c6cd812c5421_w1600_r1_n_s.jpg"],"duration_display":"0:00","duration_seconds":null,"embed_url":null,"id":12422,"image_caption":"El presidente argentino Javier Milei durante la ceremonia de investidura de la nueva presidenta de Per\u00fa, Keiko Fujimori.","image_url":"https://gdb.martinoticias.com/08f86d32-7b43-4220-acaf-c6cd812c5421_w1600_r1_n_s.jpg","is_clip":false,"is_youtube_embed":false,"item_type":"photo","item_type_label":"Photo","language_label":"Espa\u00f1ol","media_credit":"Iv\u00e1n Kasanzew","micro_label":"Photo","micro_label_kind":"gallery","network_label":"Mart\u00ed Noticias","network_logo_url":"/static/uploads/direct_network_logos/ocb_0888427dcb1d.svg","published_at":"2026-09-01T17:24:07","published_at_display":"1 Sep 2026, 17:24 GMT","sequence_badge_label":null,"sequence_count":null,"sequence_count_label":null,"sequence_frames":[],"sequence_kind":null,"source_name":"radiotelevisionmarti_com_rss","source_name_label":"Mart\u00ed Noticias RSS","source_type":"rss","summary":"El presidente argentino Javier Milei durante la ceremonia de investidura de la nueva presidenta de Per\u00fa, Keiko Fujimori.","title":"Milei celebra comentarios de Trump sobre Islas Malvinas","topic":null,"translation_language":"","url":"https://www.martinoticias.com/a/milei-celebra-posible-giro-historico-de-estados-unidos-sobre-malvinas/476735.html","video_url":null,"youtube_conversion_active":false,"youtube_conversion_error":"","youtube_conversion_status":""},{"article_body_paragraphs":[],"audio_source_url":null,"author":"Redacci\u00f3n Mart\u00ed Noticias","available_dubs":[],"downloadable_assets":["https://gdb.martinoticias.com/9904803b-70b8-4683-d12a-08debb53aba1_cx0_cy10_cw0_w1600_r1_n_s.jpg"],"duration_display":"0:00","duration_seconds":null,"embed_url":null,"id":12424,"image_caption":"Un autom\u00f3vil cl\u00e1sico utilizado pasa frente a la Embajada de Estados Unidos en La Habana, Cuba.","image_url":"https://gdb.martinoticias.com/9904803b-70b8-4683-d12a-08debb53aba1_cx0_cy10_cw0_w1600_r1_n_s.jpg","is_clip":false,"is_youtube_embed":false,"item_type":"photo","item_type_label":"Photo","language_label":"Espa\u00f1ol","media_credit":"Redacci\u00f3n Mart\u00ed Noticias","micro_label":"Photo","micro_label_kind":"gallery","network_label":"Mart\u00ed Noticias","network_logo_url":"/static/uploads/direct_network_logos/ocb_0888427dcb1d.svg","published_at":"2026-09-01T17:09:34","published_at_display":"1 Sep 2026, 17:09 GMT","sequence_badge_label":null,"sequence_count":null,"sequence_count_label":null,"sequence_frames":[],"sequence_kind":null,"source_name":"radiotelevisionmarti_com_rss","source_name_label":"Mart\u00ed Noticias RSS","source_type":"rss","summary":"Un autom\u00f3vil cl\u00e1sico utilizado pasa frente a la Embajada de Estados Unidos en La Habana, Cuba.","title":"Embajada de EEUU en Cuba alerta por aumento de robos de veh\u00edculos en La Habana","topic":null,"translation_language":"","url":"https://www.martinoticias.com/a/embajada-de-eeuu-en-cuba-alerta-por-aumento-de-robos-de-veh%c3%adculos-en-la-habana/476738.html","video_url":null,"youtube_conversion_active":false,"youtube_conversion_error":"","youtube_conversion_status":""},{"article_body_paragraphs":[],"audio_source_url":null,"author":"Oficina de Pol\u00edticas","available_dubs":[],"downloadable_assets":["https://gdb.martinoticias.com/0221efdb-9b23-460c-b1ee-830b946a0f23_cx0_cy10_cw0_w1600_r1_n_s.jpg"],"duration_display":"0:00","duration_seconds":null,"embed_url":null,"id":12365,"image_caption":"Un comerciante en su puesto de ventas de cosm\u00e9ticos y productos para el hogar, frente a un edificio destruido en la ciudad de Gaza, el 31 de agosto de 2026.","image_url":"https://gdb.martinoticias.com/0221efdb-9b23-460c-b1ee-830b946a0f23_cx0_cy10_cw0_w1600_r1_n_s.jpg","is_clip":false,"is_youtube_embed":false,"item_type":"photo","item_type_label":"Photo","language_label":"Espa\u00f1ol","media_credit":"Oficina de Pol\u00edticas","micro_label":"Photo","micro_label_kind":"gallery","network_label":"Mart\u00ed Noticias","network_logo_url":"/static/uploads/direct_network_logos/ocb_0888427dcb1d.svg","published_at":"2026-09-01T16:59:47","published_at_display":"1 Sep 2026, 16:59 GMT","sequence_badge_label":null,"sequence_count":null,"sequence_count_label":null,"sequence_frames":[],"sequence_kind":null,"source_name":"radiotelevisionmarti_com_rss","source_name_label":"Mart\u00ed Noticias RSS","source_type":"rss","summary":"Un comerciante en su puesto de ventas de cosm\u00e9ticos y productos para el hogar, frente a un edificio destruido en la ciudad de Gaza, el 31 de agosto de 2026.","title":"EEUU conf\u00eda en el Plan de Paz del presidente Trump para Gaza","topic":null,"translation_language":"","url":"https://www.martinoticias.com/a/eeuu-conf%c3%ada-en-el-plan-de-paz-del-presidente-trump-para-gaza/476740.html","video_url":null,"youtube_conversion_active":false,"youtube_conversion_error":"","youtube_conversion_status":""},{"article_body_paragraphs":[],"audio_source_url":null,"author":"Oficina de Pol\u00edticas","available_dubs":[],"downloadable_assets":["https://gdb.martinoticias.com/c2160ca2-a3cb-49a9-7c95-08def2b1c8fe_w1600_r1_n_s.jpg"],"duration_display":"0:00","duration_seconds":null,"embed_url":null,"id":12305,"image_caption":"El presidente estadounidense Donald Trump se re\u00fane con el presidente sirio Ahmed al-Sharaa (izquierda) en el marco de la Cumbre de la OTAN en el Complejo Presidencial de Bestepe en Ankara, el 8 de julio de 2026.","image_url":"https://gdb.martinoticias.com/c2160ca2-a3cb-49a9-7c95-08def2b1c8fe_w1600_r1_n_s.jpg","is_clip":false,"is_youtube_embed":false,"item_type":"photo","item_type_label":"Photo","language_label":"Espa\u00f1ol","media_credit":"Oficina de Pol\u00edticas","micro_label":"Photo","micro_label_kind":"gallery","network_label":"Mart\u00ed Noticias","network_logo_url":"/static/uploads/direct_network_logos/ocb_0888427dcb1d.svg","published_at":"2026-09-01T15:51:59","published_at_display":"1 Sep 2026, 15:51 GMT","sequence_badge_label":null,"sequence_count":null,"sequence_count_label":null,"sequence_frames":[],"sequence_kind":null,"source_name":"radiotelevisionmarti_com_rss","source_name_label":"Mart\u00ed Noticias RSS","source_type":"rss","summary":"El presidente estadounidense Donald Trump se re\u00fane con el presidente sirio Ahmed al-Sharaa (izquierda) en el marco de la Cumbre de la OTAN en el Complejo Presidencial de Bestepe en Ankara, el 8 de julio de 2026.","title":"Siria ya no est\u00e1 designada como patrocinadora estatal del terrorismo","topic":null,"translation_language":"","url":"https://www.martinoticias.com/a/siria-ya-no-est%c3%a1-designada-como-patrocinadora-estatal-del-terrorismo/476736.html","video_url":null,"youtube_conversion_active":false,"youtube_conversion_error":"","youtube_conversion_status":""},{"article_body_paragraphs":[],"audio_source_url":null,"author":"Ariane Gonz\u00e1lez","available_dubs":[],"downloadable_assets":["https://gdb.martinoticias.com/9e5d78cb-4f8a-4445-5aa9-08decd6ea425_cx0_cy23_cw0_w1600_r1_n_s.jpg"],"duration_display":"0:00","duration_seconds":null,"embed_url":null,"id":12032,"image_caption":"Boinas Negras acordonan la calle durante una protesta por los apagones en el barrio habanero El Fanguito, en El Vedado, el 30 de agosto de 2026.","image_url":"https://gdb.martinoticias.com/9e5d78cb-4f8a-4445-5aa9-08decd6ea425_cx0_cy23_cw0_w1600_r1_n_s.jpg","is_clip":false,"is_youtube_embed":false,"item_type":"photo","item_type_label":"Photo","language_label":"Espa\u00f1ol","media_credit":"Ariane Gonz\u00e1lez","micro_label":"Photo","micro_label_kind":"gallery","network_label":"Mart\u00ed Noticias","network_logo_url":"/static/uploads/direct_network_logos/ocb_0888427dcb1d.svg","published_at":"2026-09-01T15:19:59","published_at_display":"1 Sep 2026, 15:19 GMT","sequence_badge_label":null,"sequence_count":null,"sequence_count_label":null,"sequence_frames":[],"sequence_kind":null,"source_name":"radiotelevisionmarti_com_rss","source_name_label":"Mart\u00ed Noticias RSS","source_type":"rss","summary":"Boinas Negras acordonan la calle durante una protesta por los apagones en el barrio habanero El Fanguito, en El Vedado, el 30 de agosto de 2026.","title":"Agotamiento y crisis econ\u00f3mica frenan las protestas callejeras en Cuba en agosto, seg\u00fan informe","topic":null,"translation_language":"","url":"https://www.martinoticias.com/a/agotamiento-y-crisis-econ%c3%b3mica-frenan-las-protestas-callejeras-en-cuba-en-agosto-seg%c3%ban-informe/476731.html","video_url":null,"youtube_conversion_active":false,"youtube_conversion_error":"","youtube_conversion_status":""},{"article_body_paragraphs":[],"audio_source_url":null,"author":"Comunicado Oficial Casa Blanca","available_dubs":[],"downloadable_assets":["https://gdb.martinoticias.com/b97f6946-d250-4181-a403-08de3cb86449_w1600_r1_n_s.jpg"],"duration_display":"0:00","duration_seconds":null,"embed_url":null,"id":11923,"image_caption":"El presidente Donald Trump y la mandataria interina de Venezuela, Delcy Rodr\u00edguez.","image_url":"https://gdb.martinoticias.com/b97f6946-d250-4181-a403-08de3cb86449_w1600_r1_n_s.jpg","is_clip":false,"is_youtube_embed":false,"item_type":"photo","item_type_label":"Photo","language_label":"Espa\u00f1ol","media_credit":"Comunicado Oficial Casa Blanca","micro_label":"Photo","micro_label_kind":"gallery","network_label":"Mart\u00ed Noticias","network_logo_url":"/static/uploads/direct_network_logos/ocb_0888427dcb1d.svg","published_at":"2026-09-01T14:35:22","published_at_display":"1 Sep 2026, 14:35 GMT","sequence_badge_label":null,"sequence_count":null,"sequence_count_label":null,"sequence_frames":[],"sequence_kind":null,"source_name":"radiotelevisionmarti_com_rss","source_name_label":"Mart\u00ed Noticias RSS","source_type":"rss","summary":"El presidente Donald Trump y la mandataria interina de Venezuela, Delcy Rodr\u00edguez.","title":"Hoja informativa: El presidente Donald J. Trump anuncia acuerdo petrolero hist\u00f3rico para asegurar el dominio energ\u00e9tico estadounidense e impulsar la recuperaci\u00f3n econ\u00f3mica de Venezuela","topic":null,"translation_language":"","url":"https://www.martinoticias.com/a/hoja-informativa-el-presidente-donald-j-trump-anuncia-acuerdo-petrolero-hist%c3%b3rico-venezuela/476732.html","video_url":null,"youtube_conversion_active":false,"youtube_conversion_error":"","youtube_conversion_status":""},{"article_body_paragraphs":[],"audio_source_url":null,"author":"Julieta Pelcastre /Di\u00e1logo Am\u00e9ricas","available_dubs":[],"downloadable_assets":["https://gdb.martinoticias.com/a11174a9-e0d8-4b0b-bc77-08def2b1d8dc_w1600_r1_n_s.jpg"],"duration_display":"0:00","duration_seconds":null,"embed_url":null,"id":11924,"image_caption":"La expansi\u00f3n de proveedores tecnol\u00f3gicos chinos en sectores como las telecomunicaciones y la inteligencia artificial ha intensificado el debate regional sobre ciberseguridad, infraestructura cr\u00edtica y protecci\u00f3n de datos sensibles.","image_url":"https://gdb.martinoticias.com/a11174a9-e0d8-4b0b-bc77-08def2b1d8dc_w1600_r1_n_s.jpg","is_clip":false,"is_youtube_embed":false,"item_type":"photo","item_type_label":"Photo","language_label":"Espa\u00f1ol","media_credit":"Julieta Pelcastre /Di\u00e1logo Am\u00e9ricas","micro_label":"Photo","micro_label_kind":"gallery","network_label":"Mart\u00ed Noticias","network_logo_url":"/static/uploads/direct_network_logos/ocb_0888427dcb1d.svg","published_at":"2026-09-01T13:20:18","published_at_display":"1 Sep 2026, 13:20 GMT","sequence_badge_label":null,"sequence_count":null,"sequence_count_label":null,"sequence_frames":[],"sequence_kind":null,"source_name":"radiotelevisionmarti_com_rss","source_name_label":"Mart\u00ed Noticias RSS","source_type":"rss","summary":"La expansi\u00f3n de proveedores tecnol\u00f3gicos chinos en sectores como las telecomunicaciones y la inteligencia artificial ha intensificado el debate regional sobre ciberseguridad, infraestructura cr\u00edtica y protecci\u00f3n de datos sensibles.","title":"Tecnolog\u00eda, datos y soberan\u00eda digital: la creciente presencia china en Latinoam\u00e9rica","topic":null,"translation_language":"","url":"https://www.martinoticias.com/a/tecnolog%c3%ada-datos-y-soberan%c3%ada-digital-la-creciente-presencia-china-en-latinoam%c3%a9rica/476728.html","video_url":null,"youtube_conversion_active":false,"youtube_conversion_error":"","youtube_conversion_status":""},{"article_body_paragraphs":[],"audio_source_url":null,"author":"Ariane Gonz\u00e1lez","available_dubs":[],"downloadable_assets":["https://gdb.martinoticias.com/b2c607fa-e327-4369-041f-08decd63a0c8_w1600_r1_n_s.jpeg"],"duration_display":"0:00","duration_seconds":null,"embed_url":null,"id":11926,"image_caption":"Citaci\u00f3n policial entregada a la periodista independiente Yunia Figueredo. Cortes\u00eda de Yunia Figueredo","image_url":"https://gdb.martinoticias.com/b2c607fa-e327-4369-041f-08decd63a0c8_w1600_r1_n_s.jpeg","is_clip":false,"is_youtube_embed":false,"item_type":"photo","item_type_label":"Photo","language_label":"Espa\u00f1ol","media_credit":"Ariane Gonz\u00e1lez","micro_label":"Photo","micro_label_kind":"gallery","network_label":"Mart\u00ed Noticias","network_logo_url":"/static/uploads/direct_network_logos/ocb_0888427dcb1d.svg","published_at":"2026-09-01T11:55:20","published_at_display":"1 Sep 2026, 11:55 GMT","sequence_badge_label":null,"sequence_count":null,"sequence_count_label":null,"sequence_frames":[],"sequence_kind":null,"source_name":"radiotelevisionmarti_com_rss","source_name_label":"Mart\u00ed Noticias RSS","source_type":"rss","summary":"Citaci\u00f3n policial entregada a la periodista independiente Yunia Figueredo. Cortes\u00eda de Yunia Figueredo","title":"Periodista independiente denuncia amenazas y una nueva citaci\u00f3n policial en La Habana","topic":null,"translation_language":"","url":"https://www.martinoticias.com/a/periodista-independiente-denuncia-amenazas-y-una-nueva-citaci%c3%b3n-policial-en-la-habana/476725.html","video_url":null,"youtube_conversion_active":false,"youtube_conversion_error":"","youtube_conversion_status":""},{"article_body_paragraphs":[],"audio_source_url":null,"author":"Rolando N\u00e1poles","available_dubs":[],"downloadable_assets":["https://gdb.martinoticias.com/bde0e9e1-f3fe-4c9b-7c92-08def2b1c8fe_w1600_r1_n_s.jpg"],"duration_display":"0:00","duration_seconds":null,"embed_url":null,"id":11927,"image_caption":"Turistas en La Habana Vieja. Foto: REUTERS/Norlys P\u00e9rez","image_url":"https://gdb.martinoticias.com/bde0e9e1-f3fe-4c9b-7c92-08def2b1c8fe_w1600_r1_n_s.jpg","is_clip":false,"is_youtube_embed":false,"item_type":"photo","item_type_label":"Photo","language_label":"Espa\u00f1ol","media_credit":"Rolando N\u00e1poles","micro_label":"Photo","micro_label_kind":"gallery","network_label":"Mart\u00ed Noticias","network_logo_url":"/static/uploads/direct_network_logos/ocb_0888427dcb1d.svg","published_at":"2026-09-01T00:30:51","published_at_display":"1 Sep 2026, 00:30 GMT","sequence_badge_label":null,"sequence_count":null,"sequence_count_label":null,"sequence_frames":[],"sequence_kind":null,"source_name":"radiotelevisionmarti_com_rss","source_name_label":"Mart\u00ed Noticias RSS","source_type":"rss","summary":"Turistas en La Habana Vieja. Foto: REUTERS/Norlys P\u00e9rez","title":"Investigaci\u00f3n revela c\u00f3mo el r\u00e9gimen prioriz\u00f3 la inversi\u00f3n extranjera en el turismo antes de producir alimentos","topic":null,"translation_language":"","url":"https://www.martinoticias.com/a/investigaci%c3%b3n-revela-c%c3%b3mo-el-r%c3%a9gimen-prioriz%c3%b3-la-inversi%c3%b3n-extranjera-en-el-turismo-antes-de-producir-alimentos/476676.html","video_url":null,"youtube_conversion_active":false,"youtube_conversion_error":"","youtube_conversion_status":""},{"article_body_paragraphs":[],"audio_source_url":null,"author":"Jos\u00e9 Pernalete","available_dubs":[],"downloadable_assets":["https://gdb.martinoticias.com/80226a29-3f62-48c4-7c90-08def2b1c8fe_w1600_r1_n_s.png"],"duration_display":"0:00","duration_seconds":null,"embed_url":null,"id":11929,"image_caption":"Alcalde de Medell\u00edn, Federico Guti\u00e9rrez, durante rueda de prensa en Miami este lunes. (OCB)","image_url":"https://gdb.martinoticias.com/80226a29-3f62-48c4-7c90-08def2b1c8fe_w1600_r1_n_s.png","is_clip":false,"is_youtube_embed":false,"item_type":"photo","item_type_label":"Photo","language_label":"Espa\u00f1ol","media_credit":"Jos\u00e9 Pernalete","micro_label":"Photo","micro_label_kind":"gallery","network_label":"Mart\u00ed Noticias","network_logo_url":"/static/uploads/direct_network_logos/ocb_0888427dcb1d.svg","published_at":"2026-09-01T00:17:05","published_at_display":"1 Sep 2026, 00:17 GMT","sequence_badge_label":null,"sequence_count":null,"sequence_count_label":null,"sequence_frames":[],"sequence_kind":null,"source_name":"radiotelevisionmarti_com_rss","source_name_label":"Mart\u00ed Noticias RSS","source_type":"rss","summary":"Alcalde de Medell\u00edn, Federico Guti\u00e9rrez, durante rueda de prensa en Miami este lunes. (OCB)","title":"Alcalde de Medell\u00edn: Cuba se ha prestado para el terrorismo y el narcotr\u00e1fico","topic":null,"translation_language":"","url":"https://www.martinoticias.com/a/alcalde-de-medell%c3%adn-cuba-se-ha-prestado-para-el-terrorismo-y-el-narcotr%c3%a1fico/476674.html","video_url":null,"youtube_conversion_active":false,"youtube_conversion_error":"","youtube_conversion_status":""},{"article_body_paragraphs":[],"audio_source_url":null,"author":"Redacci\u00f3n Mart\u00ed Noticias","available_dubs":[],"downloadable_assets":["https://gdb.martinoticias.com/f3773d0c-cc43-41aa-fa69-08debb0491f6_w1600_r1_n_s.png"],"duration_display":"0:00","duration_seconds":null,"embed_url":null,"id":11930,"image_caption":"L\u00edder ind\u00edgena Brooklyn Rivera","image_url":"https://gdb.martinoticias.com/f3773d0c-cc43-41aa-fa69-08debb0491f6_w1600_r1_n_s.png","is_clip":false,"is_youtube_embed":false,"item_type":"photo","item_type_label":"Photo","language_label":"Espa\u00f1ol","media_credit":"Redacci\u00f3n Mart\u00ed Noticias","micro_label":"Photo","micro_label_kind":"gallery","network_label":"Mart\u00ed Noticias","network_logo_url":"/static/uploads/direct_network_logos/ocb_0888427dcb1d.svg","published_at":"2026-08-31T23:33:05","published_at_display":"31 Aug 2026, 23:33 GMT","sequence_badge_label":null,"sequence_count":null,"sequence_count_label":null,"sequence_frames":[],"sequence_kind":null,"source_name":"radiotelevisionmarti_com_rss","source_name_label":"Mart\u00ed Noticias RSS","source_type":"rss","summary":"L\u00edder ind\u00edgena Brooklyn Rivera","title":"EEUU denuncia desaparici\u00f3n de familiares de Brooklyn Rivera en Nicaragua","topic":null,"translation_language":"","url":"https://www.martinoticias.com/a/eeuu-denuncia-desaparici%c3%b3n-de-familiares-de-brooklyn-rivera-en-nicaragua/476679.html","video_url":null,"youtube_conversion_active":false,"youtube_conversion_error":"","youtube_conversion_status":""},{"article_body_paragraphs":[],"audio_source_url":null,"author":"Redacci\u00f3n Mart\u00ed Noticias","available_dubs":[],"downloadable_assets":["https://gdb.martinoticias.com/49d8c240-8fb1-4461-bc76-08def2b1d8dc_cx0_cy5_cw0_w1600_r1_n_s.png"],"duration_display":"0:00","duration_seconds":null,"embed_url":null,"id":11931,"image_caption":"El jefe de misi\u00f3n Mike Hammer se reuni\u00f3 con el secretario de Estado, Marco Rubio","image_url":"https://gdb.martinoticias.com/49d8c240-8fb1-4461-bc76-08def2b1d8dc_cx0_cy5_cw0_w1600_r1_n_s.png","is_clip":false,"is_youtube_embed":false,"item_type":"photo","item_type_label":"Photo","language_label":"Espa\u00f1ol","media_credit":"Redacci\u00f3n Mart\u00ed Noticias","micro_label":"Photo","micro_label_kind":"gallery","network_label":"Mart\u00ed Noticias","network_logo_url":"/static/uploads/direct_network_logos/ocb_0888427dcb1d.svg","published_at":"2026-08-31T23:01:41","published_at_display":"31 Aug 2026, 23:01 GMT","sequence_badge_label":null,"sequence_count":null,"sequence_count_label":null,"sequence_frames":[],"sequence_kind":null,"source_name":"radiotelevisionmarti_com_rss","source_name_label":"Mart\u00ed Noticias RSS","source_type":"rss","summary":"El jefe de misi\u00f3n Mike Hammer se reuni\u00f3 con el secretario de Estado, Marco Rubio","title":"Hammer habla con Rubio sobre la situaci\u00f3n en Cuba","topic":null,"translation_language":"","url":"https://www.martinoticias.com/a/hammer-se-re%c3%bane-con-rubio-sobre-situaci%c3%b3n-en-cuba-y-distribuci%c3%b3n-de-ayuda-humanitaria-de-eeuu/476677.html","video_url":null,"youtube_conversion_active":false,"youtube_conversion_error":"","youtube_conversion_status":""},{"article_body_paragraphs":[],"audio_source_url":null,"author":"Janisset Rivero","available_dubs":[],"downloadable_assets":["https://gdb.martinoticias.com/173e2a06-9b5a-4d10-bc73-08def2b1d8dc_w1600_r1_n_s.jpg"],"duration_display":"0:00","duration_seconds":null,"embed_url":null,"id":11933,"image_caption":"Pen\u00e9lope N\u00fa\u00f1ez, estudiante cubana que iniciar\u00e1 el doceno grado ma\u00f1ana, sue\u00f1a con sus talentos cient\u00edficos en un pa\u00eds con libertad y oportunidades","image_url":"https://gdb.martinoticias.com/173e2a06-9b5a-4d10-bc73-08def2b1d8dc_w1600_r1_n_s.jpg","is_clip":false,"is_youtube_embed":false,"item_type":"photo","item_type_label":"Photo","language_label":"Espa\u00f1ol","media_credit":"Janisset Rivero","micro_label":"Photo","micro_label_kind":"gallery","network_label":"Mart\u00ed Noticias","network_logo_url":"/static/uploads/direct_network_logos/ocb_0888427dcb1d.svg","published_at":"2026-08-31T21:20:00","published_at_display":"31 Aug 2026, 21:20 GMT","sequence_badge_label":null,"sequence_count":null,"sequence_count_label":null,"sequence_frames":[],"sequence_kind":null,"source_name":"radiotelevisionmarti_com_rss","source_name_label":"Mart\u00ed Noticias RSS","source_type":"rss","summary":"Pen\u00e9lope N\u00fa\u00f1ez, estudiante cubana que iniciar\u00e1 el doceno grado ma\u00f1ana, sue\u00f1a con sus talentos cient\u00edficos en un pa\u00eds con libertad y oportunidades","title":"Joven estudiante cubana: Hace falta un cambio para que se abran nuevas oportunidades","topic":null,"translation_language":"","url":"https://www.martinoticias.com/a/joven-estudiante-cubana-hace-falta-un-cambio-para-que-se-abran-nuevas-oportunidades/476667.html","video_url":null,"youtube_conversion_active":false,"youtube_conversion_error":"","youtube_conversion_status":""},{"article_body_paragraphs":[],"audio_source_url":null,"author":"Jorge Morej\u00f3n","available_dubs":[],"downloadable_assets":["https://gdb.martinoticias.com/ed614afd-e431-42a5-b11c-1fdfc41534dc_w1600_r1_n_s.jpg"],"duration_display":"0:00","duration_seconds":null,"embed_url":null,"id":11934,"image_caption":"El cubano Luis Robert Jr. tiene una nueva oportunidad con los Orioles de Baltimore.","image_url":"https://gdb.martinoticias.com/ed614afd-e431-42a5-b11c-1fdfc41534dc_w1600_r1_n_s.jpg","is_clip":false,"is_youtube_embed":false,"item_type":"photo","item_type_label":"Photo","language_label":"Espa\u00f1ol","media_credit":"Jorge Morej\u00f3n","micro_label":"Photo","micro_label_kind":"gallery","network_label":"Mart\u00ed Noticias","network_logo_url":"/static/uploads/direct_network_logos/ocb_0888427dcb1d.svg","published_at":"2026-08-31T20:39:50","published_at_display":"31 Aug 2026, 20:39 GMT","sequence_badge_label":null,"sequence_count":null,"sequence_count_label":null,"sequence_frames":[],"sequence_kind":null,"source_name":"radiotelevisionmarti_com_rss","source_name_label":"Mart\u00ed Noticias RSS","source_type":"rss","summary":"El cubano Luis Robert Jr. tiene una nueva oportunidad con los Orioles de Baltimore.","title":"Los Orioles reclaman al cubano Luis Robert Jr. de la lista de waivers","topic":null,"translation_language":"","url":"https://www.martinoticias.com/a/los-orioles-reclaman-al-cubano-luis-robert-de-la-lista-de-waivers/476672.html","video_url":null,"youtube_conversion_active":false,"youtube_conversion_error":"","youtube_conversion_status":""},{"article_body_paragraphs":[],"audio_source_url":null,"author":"Redacci\u00f3n Mart\u00ed Noticias","available_dubs":[],"downloadable_assets":["https://gdb.martinoticias.com/782b30d8-b041-4a33-0417-08decd63a0c8_w1600_r1_n_s.png"],"duration_display":"0:00","duration_seconds":null,"embed_url":null,"id":11935,"image_caption":"Vecinos de Omaja protestan por falta de agua y apagones","image_url":"https://gdb.martinoticias.com/782b30d8-b041-4a33-0417-08decd63a0c8_w1600_r1_n_s.png","is_clip":false,"is_youtube_embed":false,"item_type":"photo","item_type_label":"Photo","language_label":"Espa\u00f1ol","media_credit":"Redacci\u00f3n Mart\u00ed Noticias","micro_label":"Photo","micro_label_kind":"gallery","network_label":"Mart\u00ed Noticias","network_logo_url":"/static/uploads/direct_network_logos/ocb_0888427dcb1d.svg","published_at":"2026-08-31T19:44:05","published_at_display":"31 Aug 2026, 19:44 GMT","sequence_badge_label":null,"sequence_count":null,"sequence_count_label":null,"sequence_frames":[],"sequence_kind":null,"source_name":"radiotelevisionmarti_com_rss","source_name_label":"Mart\u00ed Noticias RSS","source_type":"rss","summary":"Vecinos de Omaja protestan por falta de agua y apagones","title":"\"Este pueblo no aguanta m\u00e1s\": Vecinos de Omaja protestan por falta de agua y apagones","topic":null,"translation_language":"","url":"https://www.martinoticias.com/a/vecinos-de-omaja-protestan-por-falta-de-agua-y-apagones-tras-meses-sin-servicios/476664.html","video_url":null,"youtube_conversion_active":false,"youtube_conversion_error":"","youtube_conversion_status":""},{"article_body_paragraphs":[],"audio_source_url":null,"author":"Redacci\u00f3n Mart\u00ed Noticias","available_dubs":[],"downloadable_assets":["https://gdb.martinoticias.com/9902b8a6-5630-4411-5aa7-08decd6ea425_w1600_r1_n_s.png"],"duration_display":"0:00","duration_seconds":null,"embed_url":null,"id":11056,"image_caption":null,"image_url":"https://gdb.martinoticias.com/9902b8a6-5630-4411-5aa7-08decd6ea425_w1600_r1_n_s.png","is_clip":false,"is_youtube_embed":false,"item_type":"photo","item_type_label":"Photo","language_label":"Espa\u00f1ol","media_credit":"Redacci\u00f3n Mart\u00ed Noticias","micro_label":"Photo","micro_label_kind":"gallery","network_label":"Mart\u00ed Noticias","network_logo_url":"/static/uploads/direct_network_logos/ocb_0888427dcb1d.svg","published_at":"2026-08-31T19:25:32","published_at_display":"31 Aug 2026, 19:25 GMT","sequence_badge_label":null,"sequence_count":null,"sequence_count_label":null,"sequence_frames":[],"sequence_kind":null,"source_name":"radiotelevisionmarti_com_rss","source_name_label":"Mart\u00ed Noticias RSS","source_type":"rss","summary":"\u201cAcaban de soltar a mi hermano Andy Garc\u00eda\u201d, escribi\u00f3 Garc\u00eda Lorenzo en Facebook. \u201cEn los pr\u00f3ximos minutos podr\u00e1 hablar con la familia y los amigos\u201d, agreg\u00f3.","title":"Liberan al expreso pol\u00edtico cubano Andy Garc\u00eda Lorenzo tras m\u00e1s de 20 horas detenido","topic":null,"translation_language":"","url":"https://www.martinoticias.com/a/liberan-al-expreso-pol%c3%adtico-cubano-andy-garc%c3%ada-lorenzo-tras-m%c3%a1s-de-20-horas-detenido/476666.html","video_url":null,"youtube_conversion_active":false,"youtube_conversion_error":"","youtube_conversion_status":""},{"article_body_paragraphs":[],"audio_source_url":null,"author":"Ariane Gonz\u00e1lez","available_dubs":[],"downloadable_assets":["https://gdb.martinoticias.com/1afd1d44-4b20-4a35-0416-08decd63a0c8_cx0_cy10_cw0_w1600_r1_n_s.jpg"],"duration_display":"0:00","duration_seconds":null,"embed_url":null,"id":11057,"image_caption":null,"image_url":"https://gdb.martinoticias.com/1afd1d44-4b20-4a35-0416-08decd63a0c8_cx0_cy10_cw0_w1600_r1_n_s.jpg","is_clip":false,"is_youtube_embed":false,"item_type":"photo","item_type_label":"Photo","language_label":"Espa\u00f1ol","media_credit":"Ariane Gonz\u00e1lez","micro_label":"Photo","micro_label_kind":"gallery","network_label":"Mart\u00ed Noticias","network_logo_url":"/static/uploads/direct_network_logos/ocb_0888427dcb1d.svg","published_at":"2026-08-31T19:06:42","published_at_display":"31 Aug 2026, 19:06 GMT","sequence_badge_label":null,"sequence_count":null,"sequence_count_label":null,"sequence_frames":[],"sequence_kind":null,"source_name":"radiotelevisionmarti_com_rss","source_name_label":"Mart\u00ed Noticias RSS","source_type":"rss","summary":"\"Ra\u00edces de Esperanza\" celebr\u00f3 su 17 aniversario con actividades para ni\u00f1os de la di\u00e1spora cubana en Madrid y distribuci\u00f3n de mochilas y materiales escolares a menores de Pinar del R\u00edo.","title":"\"Ra\u00edces de Esperanza\" env\u00eda mochilas, materiales escolares y alimentos a ni\u00f1os de Pinar del R\u00edo","topic":null,"translation_language":"","url":"https://www.martinoticias.com/a/ra%c3%adces-de-esperanza-env%c3%ada-mochilas-materiales-escolares-y-alimentos-a-ni%c3%b1os-de-pinar-del-r%c3%ado/476660.html","video_url":null,"youtube_conversion_active":false,"youtube_conversion_error":"","youtube_conversion_status":""},{"article_body_paragraphs":[],"audio_source_url":null,"author":"Laura Artal","available_dubs":[],"downloadable_assets":["https://gdb.martinoticias.com/79319B7E-86E5-48E8-90D7-9D0B3F2EBDE4_w1600_r1_n_s.jpg"],"duration_display":"0:00","duration_seconds":null,"embed_url":null,"id":11030,"image_caption":null,"image_url":"https://gdb.martinoticias.com/79319B7E-86E5-48E8-90D7-9D0B3F2EBDE4_w1600_r1_n_s.jpg","is_clip":false,"is_youtube_embed":false,"item_type":"photo","item_type_label":"Photo","language_label":"Espa\u00f1ol","media_credit":"Laura Artal","micro_label":"Photo","micro_label_kind":"gallery","network_label":"Mart\u00ed Noticias","network_logo_url":"/static/uploads/direct_network_logos/ocb_0888427dcb1d.svg","published_at":"2026-08-31T18:06:33","published_at_display":"31 Aug 2026, 18:06 GMT","sequence_badge_label":null,"sequence_count":null,"sequence_count_label":null,"sequence_frames":[],"sequence_kind":null,"source_name":"radiotelevisionmarti_com_rss","source_name_label":"Mart\u00ed Noticias RSS","source_type":"rss","summary":"El apag\u00f3n masivo en Venezuela este fin de semana expone problemas que el sistema arrastra desde hace a\u00f1os, alerta experto. El ingeniero el\u00e9ctrico Marcelo Monnot explic\u00f3 que las fallas abarcan generaci\u00f3n, transmisi\u00f3n y distribuci\u00f3n. Una recuperaci\u00f3n integral del sistema podr\u00eda tomar entre 3 y 5 a\u00f1os.","title":"Apagones en Venezuela exponen deterioro del sistema el\u00e9ctrico","topic":null,"translation_language":"","url":"https://www.martinoticias.com/a/apagones-en-venezuela-exponen-deterioro-del-sistema-el%c3%a9ctrico/476663.html","video_url":null,"youtube_conversion_active":false,"youtube_conversion_error":"","youtube_conversion_status":""},{"article_body_paragraphs":[],"audio_source_url":null,"author":"Jorge Morej\u00f3n","available_dubs":[],"downloadable_assets":["https://gdb.martinoticias.com/494d0273-66ab-43db-81f1-afa32d7f9285_w1600_r1_n_s.jpg"],"duration_display":"0:00","duration_seconds":null,"embed_url":null,"id":10997,"image_caption":null,"image_url":"https://gdb.martinoticias.com/494d0273-66ab-43db-81f1-afa32d7f9285_w1600_r1_n_s.jpg","is_clip":false,"is_youtube_embed":false,"item_type":"photo","item_type_label":"Photo","language_label":"Espa\u00f1ol","media_credit":"Jorge Morej\u00f3n","micro_label":"Photo","micro_label_kind":"gallery","network_label":"Mart\u00ed Noticias","network_logo_url":"/static/uploads/direct_network_logos/ocb_0888427dcb1d.svg","published_at":"2026-08-31T17:29:50","published_at_display":"31 Aug 2026, 17:29 GMT","sequence_badge_label":null,"sequence_count":null,"sequence_count_label":null,"sequence_frames":[],"sequence_kind":null,"source_name":"radiotelevisionmarti_com_rss","source_name_label":"Mart\u00ed Noticias RSS","source_type":"rss","summary":"En una sentida carta publicada en Instagram, Lionel Messi anunci\u00f3 su retiro de la selecci\u00f3n argentina.","title":"Lionel Messi se retira de la selecci\u00f3n argentina... una vez m\u00e1s","topic":null,"translation_language":"","url":"https://www.martinoticias.com/a/lionel-messi-se-retira-de-la-seleccion-una-vez-m%c3%a1s/476661.html","video_url":null,"youtube_conversion_active":false,"youtube_conversion_error":"","youtube_conversion_status":""}],"next_num":5,"page":4,"pages":25,"per_page":20,"prev_num":3,"total":485}
