{"applied_filters":{"end_date":"","lang":"","language":"","network":"Mart\u00ed Noticias","page":5,"per_page":20,"search":"","source":"","start_date":"","topic":"","type":"photo"},"available_filters":{"language_choices":[{"label":"Choose Language","value":""},{"label":"English","value":"English"},{"label":"Espa\u00f1ol","value":"Espa\u00f1ol"}],"network_choices":[{"label":"All networks","value":""},{"label":"Mart\u00ed Noticias","value":"Mart\u00ed Noticias"}],"source_choices":[{"label":"All sources","value":""},{"label":"Mart\u00ed Noticias RSS","value":"radiotelevisionmarti_com_rss"}],"sources":["radiotelevisionmarti_com_rss"],"topics":[],"types":[["","All types"],["article","Articles"],["audio","Audio"],["video","Videos"],["clips","Clips"],["media","Media"]]},"has_next":true,"has_prev":true,"items":[{"article_body_paragraphs":[],"audio_source_url":null,"author":"Mario J. Pent\u00f3n","available_dubs":[],"downloadable_assets":["https://gdb.martinoticias.com/6087679e-ee4e-4558-96db-58170f01e40c_w1600_r1_n_s.jpg"],"duration_display":"0:00","duration_seconds":null,"embed_url":null,"id":10998,"image_caption":null,"image_url":"https://gdb.martinoticias.com/6087679e-ee4e-4558-96db-58170f01e40c_w1600_r1_n_s.jpg","is_clip":false,"is_youtube_embed":false,"item_type":"photo","item_type_label":"Photo","language_label":"Espa\u00f1ol","media_credit":"Mario J. Pent\u00f3n","micro_label":"Photo","micro_label_kind":"gallery","network_label":"Mart\u00ed Noticias","network_logo_url":"/static/uploads/direct_network_logos/ocb_0888427dcb1d.svg","published_at":"2026-08-31T17:01:56","published_at_display":"31 Aug 2026, 17:01 GMT","sequence_badge_label":null,"sequence_count":null,"sequence_count_label":null,"sequence_frames":[],"sequence_kind":null,"source_name":"radiotelevisionmarti_com_rss","source_name_label":"Mart\u00ed Noticias RSS","source_type":"rss","summary":"El acuerdo petrolero anunciado por Donald Trump y Delcy Rodr\u00edguez abre la puerta a una amplia participaci\u00f3n de EEUU en la explotaci\u00f3n de campos petroleros venezolanos, pero no implica la cesi\u00f3n de las reservas de crudo ni traer\u00e1 efectos inmediatos sobre el precio de la gasolina, advierte experto.","title":"EEUU no adquiri\u00f3 las reservas venezolanas y el acuerdo no abaratar\u00e1 pronto la gasolina, se\u00f1ala experto","topic":null,"translation_language":"","url":"https://www.martinoticias.com/a/eeuu-no-adquiri%c3%b3-las-reservas-venezolanas-y-el-acuerdo-no-abaratar%c3%a1-pronto-la-gasolina-se%c3%b1ala-experto/476659.html","video_url":null,"youtube_conversion_active":false,"youtube_conversion_error":"","youtube_conversion_status":""},{"article_body_paragraphs":[],"audio_source_url":null,"author":"Jorge Morej\u00f3n","available_dubs":[],"downloadable_assets":["https://gdb.martinoticias.com/856a2c05-c036-48bd-5aa5-08decd6ea425_w1600_r1_n_s.png"],"duration_display":"0:00","duration_seconds":null,"embed_url":null,"id":10962,"image_caption":null,"image_url":"https://gdb.martinoticias.com/856a2c05-c036-48bd-5aa5-08decd6ea425_w1600_r1_n_s.png","is_clip":false,"is_youtube_embed":false,"item_type":"photo","item_type_label":"Photo","language_label":"Espa\u00f1ol","media_credit":"Jorge Morej\u00f3n","micro_label":"Photo","micro_label_kind":"gallery","network_label":"Mart\u00ed Noticias","network_logo_url":"/static/uploads/direct_network_logos/ocb_0888427dcb1d.svg","published_at":"2026-08-31T16:39:11","published_at_display":"31 Aug 2026, 16:39 GMT","sequence_badge_label":null,"sequence_count":null,"sequence_count_label":null,"sequence_frames":[],"sequence_kind":null,"source_name":"radiotelevisionmarti_com_rss","source_name_label":"Mart\u00ed Noticias RSS","source_type":"rss","summary":"L\u00e1zaro Montes, el prospecto de los Marineros de Seattle a quien se le compara con Yord\u00e1n Alvarez, fue llamado a Grandes Ligas, tras destrozar las Menores con 38 jonrones.","title":"Termin\u00f3 la espera: el cubano L\u00e1zaro Montes es llamado a Grandes Ligas","topic":null,"translation_language":"","url":"https://www.martinoticias.com/a/termino-la-espera-el-cubano-lazaro-montes-es-llamado-a-grandes-ligas/476658.html","video_url":null,"youtube_conversion_active":false,"youtube_conversion_error":"","youtube_conversion_status":""},{"article_body_paragraphs":[],"audio_source_url":null,"author":"Redacci\u00f3n Mart\u00ed Noticias","available_dubs":[],"downloadable_assets":["https://gdb.martinoticias.com/2eb29ff9-b557-47ee-85dd-175e8160a613_w1600_r1_n_s.jpg"],"duration_display":"0:00","duration_seconds":null,"embed_url":null,"id":10934,"image_caption":null,"image_url":"https://gdb.martinoticias.com/2eb29ff9-b557-47ee-85dd-175e8160a613_w1600_r1_n_s.jpg","is_clip":false,"is_youtube_embed":false,"item_type":"photo","item_type_label":"Photo","language_label":"Espa\u00f1ol","media_credit":"Redacci\u00f3n Mart\u00ed Noticias","micro_label":"Photo","micro_label_kind":"gallery","network_label":"Mart\u00ed Noticias","network_logo_url":"/static/uploads/direct_network_logos/ocb_0888427dcb1d.svg","published_at":"2026-08-31T15:34:05","published_at_display":"31 Aug 2026, 15:34 GMT","sequence_badge_label":null,"sequence_count":null,"sequence_count_label":null,"sequence_frames":[],"sequence_kind":null,"source_name":"radiotelevisionmarti_com_rss","source_name_label":"Mart\u00ed Noticias RSS","source_type":"rss","summary":"Donald Trump calific\u00f3 a Ir\u00e1n como una \u201cnaci\u00f3n oficialmente fracasada\u201d, en medio de nuevas acusaciones sobre la crisis pol\u00edtica, econ\u00f3mica y militar que atraviesa el pa\u00eds y denuncias de represi\u00f3n contra manifestantes.","title":"\"Ir\u00e1n est\u00e1 muerta\", es una naci\u00f3n \"oficialmente fracasada\", afirma Trump","topic":null,"translation_language":"","url":"https://www.martinoticias.com/a/ir%c3%a1n-est%c3%a1-muerta-es-una-naci%c3%b3n-oficialmente-fracasada-afirma-trump/476652.html","video_url":null,"youtube_conversion_active":false,"youtube_conversion_error":"","youtube_conversion_status":""},{"article_body_paragraphs":[],"audio_source_url":null,"author":"Ariane Gonz\u00e1lez","available_dubs":[],"downloadable_assets":["https://gdb.martinoticias.com/85bf7d5a-6131-4a35-2c0b-08de3c04d4d2_w1600_r1_n_s.png"],"duration_display":"0:00","duration_seconds":null,"embed_url":null,"id":10898,"image_caption":null,"image_url":"https://gdb.martinoticias.com/85bf7d5a-6131-4a35-2c0b-08de3c04d4d2_w1600_r1_n_s.png","is_clip":false,"is_youtube_embed":false,"item_type":"photo","item_type_label":"Photo","language_label":"Espa\u00f1ol","media_credit":"Ariane Gonz\u00e1lez","micro_label":"Photo","micro_label_kind":"gallery","network_label":"Mart\u00ed Noticias","network_logo_url":"/static/uploads/direct_network_logos/ocb_0888427dcb1d.svg","published_at":"2026-08-31T14:25:54","published_at_display":"31 Aug 2026, 14:25 GMT","sequence_badge_label":null,"sequence_count":null,"sequence_count_label":null,"sequence_frames":[],"sequence_kind":null,"source_name":"radiotelevisionmarti_com_rss","source_name_label":"Mart\u00ed Noticias RSS","source_type":"rss","summary":"La muerte de una anciana de 81 a\u00f1os tras un ataque feminicida en G\u00fcines reaviv\u00f3 las alertas sobre el impacto devastador de la violencia de g\u00e9nero en las familias cubanas, mientras organizaciones independientes advierten sobre la desprotecci\u00f3n de personas mayores, menores y dependientes...","title":"Confirman feminicidio 48 en lo que va de 2026 en Cuba tras muerte de anciana en G\u00fcines","topic":null,"translation_language":"","url":"https://www.martinoticias.com/a/confirman-feminicidio-48-en-lo-que-va-de-2026-en-cuba-tras-muerte-de-anciana-en-g%c3%bcines/476649.html","video_url":null,"youtube_conversion_active":false,"youtube_conversion_error":"","youtube_conversion_status":""},{"article_body_paragraphs":[],"audio_source_url":null,"author":"Redacci\u00f3n Mart\u00ed Noticias","available_dubs":[],"downloadable_assets":["https://gdb.martinoticias.com/c6f9c2a5-0b71-4da8-7c8c-08def2b1c8fe_w1600_r1_n_s.jpg"],"duration_display":"0:00","duration_seconds":null,"embed_url":null,"id":10845,"image_caption":null,"image_url":"https://gdb.martinoticias.com/c6f9c2a5-0b71-4da8-7c8c-08def2b1c8fe_w1600_r1_n_s.jpg","is_clip":false,"is_youtube_embed":false,"item_type":"photo","item_type_label":"Photo","language_label":"Espa\u00f1ol","media_credit":"Redacci\u00f3n Mart\u00ed Noticias","micro_label":"Photo","micro_label_kind":"gallery","network_label":"Mart\u00ed Noticias","network_logo_url":"/static/uploads/direct_network_logos/ocb_0888427dcb1d.svg","published_at":"2026-08-31T12:41:29","published_at_display":"31 Aug 2026, 12:41 GMT","sequence_badge_label":null,"sequence_count":null,"sequence_count_label":null,"sequence_frames":[],"sequence_kind":null,"source_name":"radiotelevisionmarti_com_rss","source_name_label":"Mart\u00ed Noticias RSS","source_type":"rss","summary":"Emprender en Cuba se ha convertido en una carrera diaria contra los apagones, la escasez y la inflaci\u00f3n, mientras peque\u00f1os empresarios intentan mantener abiertos sus negocios en medio del desplome del turismo y nuevas presiones del Estado sobre el sector privado.","title":"Restaurantes privados en Cuba luchan por sobrevivir en medio de apagones, escasez e inflaci\u00f3n (VIDEO)","topic":null,"translation_language":"","url":"https://www.martinoticias.com/a/restaurantes-privados-en-cuba-luchan-por-sobrevivir-en-medio-de-apagones-escasez-e-inflaci%c3%b3n/476609.html","video_url":null,"youtube_conversion_active":false,"youtube_conversion_error":"","youtube_conversion_status":""},{"article_body_paragraphs":[],"audio_source_url":null,"author":"Redacci\u00f3n Mart\u00ed Noticias","available_dubs":[],"downloadable_assets":["https://gdb.martinoticias.com/94a30f61-20a2-4ce5-f549-08ddb878a439_w1600_r1_n_s.jpeg"],"duration_display":"0:00","duration_seconds":null,"embed_url":null,"id":10680,"image_caption":null,"image_url":"https://gdb.martinoticias.com/94a30f61-20a2-4ce5-f549-08ddb878a439_w1600_r1_n_s.jpeg","is_clip":false,"is_youtube_embed":false,"item_type":"photo","item_type_label":"Photo","language_label":"Espa\u00f1ol","media_credit":"Redacci\u00f3n Mart\u00ed Noticias","micro_label":"Photo","micro_label_kind":"gallery","network_label":"Mart\u00ed Noticias","network_logo_url":"/static/uploads/direct_network_logos/ocb_0888427dcb1d.svg","published_at":"2026-08-30T19:36:57","published_at_display":"30 Aug 2026, 19:36 GMT","sequence_badge_label":null,"sequence_count":null,"sequence_count_label":null,"sequence_frames":[],"sequence_kind":null,"source_name":"radiotelevisionmarti_com_rss","source_name_label":"Mart\u00ed Noticias RSS","source_type":"rss","summary":"El exprisionero pol\u00edtico cubano Andy Garc\u00eda Lorenzo fue detenido en Santa Clara, Villa Clara, confirm\u00f3 su madre a Mart\u00ed Noticias. Familiares de Garc\u00eda Lorenzo acudieron a la tercera unidad policial de Santa Clara para exigir su liberaci\u00f3n tras conocer el arresto.","title":"Detenido en Santa Clara exprisionero pol\u00edtico del 11J Andy Garc\u00eda Lorenzo","topic":null,"translation_language":"","url":"https://www.martinoticias.com/a/detenido-en-santa-clara-exprisionero-pol%c3%adtico-del-11j-andy-garc%c3%ada-lorenzo/476608.html","video_url":null,"youtube_conversion_active":false,"youtube_conversion_error":"","youtube_conversion_status":""},{"article_body_paragraphs":[],"audio_source_url":null,"author":"Rolando N\u00e1poles","available_dubs":[],"downloadable_assets":["https://gdb.martinoticias.com/631590bc-e713-4291-0414-08decd63a0c8_w1600_r1_n_s.jpg"],"duration_display":"0:00","duration_seconds":null,"embed_url":null,"id":10681,"image_caption":null,"image_url":"https://gdb.martinoticias.com/631590bc-e713-4291-0414-08decd63a0c8_w1600_r1_n_s.jpg","is_clip":false,"is_youtube_embed":false,"item_type":"photo","item_type_label":"Photo","language_label":"Espa\u00f1ol","media_credit":"Rolando N\u00e1poles","micro_label":"Photo","micro_label_kind":"gallery","network_label":"Mart\u00ed Noticias","network_logo_url":"/static/uploads/direct_network_logos/ocb_0888427dcb1d.svg","published_at":"2026-08-30T19:07:41","published_at_display":"30 Aug 2026, 19:07 GMT","sequence_badge_label":null,"sequence_count":null,"sequence_count_label":null,"sequence_frames":[],"sequence_kind":null,"source_name":"radiotelevisionmarti_com_rss","source_name_label":"Mart\u00ed Noticias RSS","source_type":"rss","summary":"El r\u00e9gimen cubano podr\u00eda anunciar esta semana nuevas medidas econ\u00f3micas que permitir\u00edan a negocios privados importar y exportar sin mediaci\u00f3n estatal, y ampliar\u00eda derechos de inversionistas extranjeros, en medio de crecientes dudas sobre el alcance real de las reformas impulsadas por La Habana.","title":"Cuba anunciar\u00eda nuevas reformas a inversiones y sector privado, seg\u00fan medio estadounidense","topic":null,"translation_language":"","url":"https://www.martinoticias.com/a/cuba-anunciar%c3%ada-nuevas-reformas-a-inversiones-y-sector-privado-seg%c3%ban-medio-estadounidense/476607.html","video_url":null,"youtube_conversion_active":false,"youtube_conversion_error":"","youtube_conversion_status":""},{"article_body_paragraphs":[],"audio_source_url":null,"author":"Yolanda Huerga","available_dubs":[],"downloadable_assets":["https://gdb.martinoticias.com/b16d4880-8e13-4b62-7c8a-08def2b1c8fe_cx0_cy46_cw0_w1600_r1_n_s.jpg"],"duration_display":"0:00","duration_seconds":null,"embed_url":null,"id":10664,"image_caption":null,"image_url":"https://gdb.martinoticias.com/b16d4880-8e13-4b62-7c8a-08def2b1c8fe_cx0_cy46_cw0_w1600_r1_n_s.jpg","is_clip":false,"is_youtube_embed":false,"item_type":"photo","item_type_label":"Photo","language_label":"Espa\u00f1ol","media_credit":"Yolanda Huerga","micro_label":"Photo","micro_label_kind":"gallery","network_label":"Mart\u00ed Noticias","network_logo_url":"/static/uploads/direct_network_logos/ocb_0888427dcb1d.svg","published_at":"2026-08-30T18:14:37","published_at_display":"30 Aug 2026, 18:14 GMT","sequence_badge_label":null,"sequence_count":null,"sequence_count_label":null,"sequence_frames":[],"sequence_kind":null,"source_name":"radiotelevisionmarti_com_rss","source_name_label":"Mart\u00ed Noticias RSS","source_type":"rss","summary":"Una red de corrupci\u00f3n, abuso de poder y violencia delegada controla los centros penitenciarios de la provincia de Granma.","title":"As\u00ed funciona la estructura de \"control y extorsi\u00f3n\" que opera en las c\u00e1rceles de Granma","topic":null,"translation_language":"","url":"https://www.martinoticias.com/a/as%c3%ad-funciona-la-estructura-de-control-y-extorsi%c3%b3n-que-opera-en-las-c%c3%a1rceles-de-granma/476602.html","video_url":null,"youtube_conversion_active":false,"youtube_conversion_error":"","youtube_conversion_status":""},{"article_body_paragraphs":[],"audio_source_url":null,"author":"Yolanda Huerga","available_dubs":[],"downloadable_assets":["https://gdb.martinoticias.com/baf972ac-927c-4493-5aa4-08decd6ea425_w1600_r1_n_s.jpg"],"duration_display":"0:00","duration_seconds":null,"embed_url":null,"id":10646,"image_caption":null,"image_url":"https://gdb.martinoticias.com/baf972ac-927c-4493-5aa4-08decd6ea425_w1600_r1_n_s.jpg","is_clip":false,"is_youtube_embed":false,"item_type":"photo","item_type_label":"Photo","language_label":"Espa\u00f1ol","media_credit":"Yolanda Huerga","micro_label":"Photo","micro_label_kind":"gallery","network_label":"Mart\u00ed Noticias","network_logo_url":"/static/uploads/direct_network_logos/ocb_0888427dcb1d.svg","published_at":"2026-08-30T17:30:05","published_at_display":"30 Aug 2026, 17:30 GMT","sequence_badge_label":null,"sequence_count":null,"sequence_count_label":null,"sequence_frames":[],"sequence_kind":null,"source_name":"radiotelevisionmarti_com_rss","source_name_label":"Mart\u00ed Noticias RSS","source_type":"rss","summary":"La verdad sali\u00f3 a la luz p\u00fablica a trav\u00e9s de una carta clandestina enviada por el propio prisionero desde el penal, en la que desmiente la versi\u00f3n que la Seguridad del Estado hab\u00eda comunicado previamente a sus allegados.","title":"Trasladan a r\u00e9gimen de mayor severidad al preso pol\u00edtico \u00c1ngel Serrano tras sufrir golpiza en prisi\u00f3n","topic":null,"translation_language":"","url":"https://www.martinoticias.com/a/trasladan-a-r%c3%a9gimen-de-mayor-severidad-al-preso-pol%c3%adtico-%c3%a1ngel-serrano-tras-sufrir-golpiza-en-prisi%c3%b3n/476604.html","video_url":null,"youtube_conversion_active":false,"youtube_conversion_error":"","youtube_conversion_status":""},{"article_body_paragraphs":[],"audio_source_url":null,"author":"Redacci\u00f3n Mart\u00ed Noticias","available_dubs":[],"downloadable_assets":["https://gdb.martinoticias.com/38b7d40c-303e-441c-8834-f83d561cbb61_w1600_r1_n_s.jpg"],"duration_display":"0:00","duration_seconds":null,"embed_url":null,"id":10635,"image_caption":null,"image_url":"https://gdb.martinoticias.com/38b7d40c-303e-441c-8834-f83d561cbb61_w1600_r1_n_s.jpg","is_clip":false,"is_youtube_embed":false,"item_type":"photo","item_type_label":"Photo","language_label":"Espa\u00f1ol","media_credit":"Redacci\u00f3n Mart\u00ed Noticias","micro_label":"Photo","micro_label_kind":"gallery","network_label":"Mart\u00ed Noticias","network_logo_url":"/static/uploads/direct_network_logos/ocb_0888427dcb1d.svg","published_at":"2026-08-30T16:47:31","published_at_display":"30 Aug 2026, 16:47 GMT","sequence_badge_label":null,"sequence_count":null,"sequence_count_label":null,"sequence_frames":[],"sequence_kind":null,"source_name":"radiotelevisionmarti_com_rss","source_name_label":"Mart\u00ed Noticias RSS","source_type":"rss","summary":"Trump anunci\u00f3 que utilizar\u00e1 petr\u00f3leo venezolano para reabastecer las Reservas Estrat\u00e9gicas de Petr\u00f3leo de EEUU. \"El proceso para llevarlas a su m\u00e1xima capacidad comenzar\u00e1 muy pronto, y es un regalo de Venezuela para el pueblo de los Estados Unidos\", afirm\u00f3 el presidente estadounidense.","title":"EEUU usar\u00e1 petr\u00f3leo venezolano para reabastecer su reserva estrat\u00e9gica, afirma Trump","topic":null,"translation_language":"","url":"https://www.martinoticias.com/a/eeuu-usar%c3%a1-petr%c3%b3leo-venezolano-para-reabastecer-su-reserva-estrat%c3%a9gica-afirma-trump/476603.html","video_url":null,"youtube_conversion_active":false,"youtube_conversion_error":"","youtube_conversion_status":""},{"article_body_paragraphs":[],"audio_source_url":null,"author":"Rolando N\u00e1poles","available_dubs":[],"downloadable_assets":["https://gdb.martinoticias.com/2C4B2DF0-1DFA-4767-B761-A287109F28E7_w1600_r1_n_s.jpg"],"duration_display":"0:00","duration_seconds":null,"embed_url":null,"id":10607,"image_caption":null,"image_url":"https://gdb.martinoticias.com/2C4B2DF0-1DFA-4767-B761-A287109F28E7_w1600_r1_n_s.jpg","is_clip":false,"is_youtube_embed":false,"item_type":"photo","item_type_label":"Photo","language_label":"Espa\u00f1ol","media_credit":"Rolando N\u00e1poles","micro_label":"Photo","micro_label_kind":"gallery","network_label":"Mart\u00ed Noticias","network_logo_url":"/static/uploads/direct_network_logos/ocb_0888427dcb1d.svg","published_at":"2026-08-30T15:09:40","published_at_display":"30 Aug 2026, 15:09 GMT","sequence_badge_label":null,"sequence_count":null,"sequence_count_label":null,"sequence_frames":[],"sequence_kind":null,"source_name":"radiotelevisionmarti_com_rss","source_name_label":"Mart\u00ed Noticias RSS","source_type":"rss","summary":"El padre del preso pol\u00edtico cubano Walnier Luis Aguilar denunci\u00f3 que las autoridades de la prisi\u00f3n de Sancti Sp\u00edritus le impidieron visitar a su hijo, pese a recorrer m\u00e1s de 300 kil\u00f3metros desde La Habana junto a su familia.","title":"Familia de Walnier Aguilar viaja m\u00e1s de 300 kil\u00f3metros y les niegan visita en c\u00e1rcel de Sancti Sp\u00edritus","topic":null,"translation_language":"","url":"https://www.martinoticias.com/a/familia-de-walnier-aguilar-viaja-m%c3%a1s-de-300-kil%c3%b3metros-y-les-niegan-visita-en-c%c3%a1rcel-de-sancti-sp%c3%adritus/476601.html","video_url":null,"youtube_conversion_active":false,"youtube_conversion_error":"","youtube_conversion_status":""},{"article_body_paragraphs":[],"audio_source_url":null,"author":"Jorge Morej\u00f3n","available_dubs":[],"downloadable_assets":["https://gdb.martinoticias.com/1e885b98-3883-441a-8c96-9547a89dc4a4_w1600_r1_n_s.jpg"],"duration_display":"0:00","duration_seconds":null,"embed_url":null,"id":10582,"image_caption":null,"image_url":"https://gdb.martinoticias.com/1e885b98-3883-441a-8c96-9547a89dc4a4_w1600_r1_n_s.jpg","is_clip":false,"is_youtube_embed":false,"item_type":"photo","item_type_label":"Photo","language_label":"Espa\u00f1ol","media_credit":"Jorge Morej\u00f3n","micro_label":"Photo","micro_label_kind":"gallery","network_label":"Mart\u00ed Noticias","network_logo_url":"/static/uploads/direct_network_logos/ocb_0888427dcb1d.svg","published_at":"2026-08-30T14:28:34","published_at_display":"30 Aug 2026, 14:28 GMT","sequence_badge_label":null,"sequence_count":null,"sequence_count_label":null,"sequence_frames":[],"sequence_kind":null,"source_name":"radiotelevisionmarti_com_rss","source_name_label":"Mart\u00ed Noticias RSS","source_type":"rss","summary":"Los Mets colocaron a Luis Robert Jr. en waivers, una decisi\u00f3n sorpresiva en medio del mejor momento ofensivo del cubano en 2026.","title":"Los Mets ponen al cubano Luis Robert Jr. en la lista de waivers","topic":null,"translation_language":"","url":"https://www.martinoticias.com/a/los-mets-ponen-al-cubano-luis-robert-en-la-lista-de-waivers/476600.html","video_url":null,"youtube_conversion_active":false,"youtube_conversion_error":"","youtube_conversion_status":""},{"article_body_paragraphs":[],"audio_source_url":null,"author":"Edgardo Pinell Medina","available_dubs":[],"downloadable_assets":["https://gdb.martinoticias.com/6f648729-5088-492b-a05d-2be07a24df63_w1600_r1_n_s.jpg"],"duration_display":"0:00","duration_seconds":null,"embed_url":null,"id":10565,"image_caption":null,"image_url":"https://gdb.martinoticias.com/6f648729-5088-492b-a05d-2be07a24df63_w1600_r1_n_s.jpg","is_clip":false,"is_youtube_embed":false,"item_type":"photo","item_type_label":"Photo","language_label":"Espa\u00f1ol","media_credit":"Edgardo Pinell Medina","micro_label":"Photo","micro_label_kind":"gallery","network_label":"Mart\u00ed Noticias","network_logo_url":"/static/uploads/direct_network_logos/ocb_0888427dcb1d.svg","published_at":"2026-08-30T13:45:50","published_at_display":"30 Aug 2026, 13:45 GMT","sequence_badge_label":null,"sequence_count":null,"sequence_count_label":null,"sequence_frames":[],"sequence_kind":null,"source_name":"radiotelevisionmarti_com_rss","source_name_label":"Mart\u00ed Noticias RSS","source_type":"rss","summary":"La reforma constitucional impulsada por el r\u00e9gimen de Daniel Ortega y Rosario Murillo ampliar\u00eda hasta 2029 el mandato de 153 alcaldes, 153 vicealcaldes y 6014 concejales de su gobierno, alineando los cargos municipales con el nuevo per\u00edodo presidencial de siete a\u00f1os.","title":"Reforma constitucional de Ortega tambi\u00e9n ampliar\u00e1 el per\u00edodo de los alcaldes sandinistas hasta 2029","topic":null,"translation_language":"","url":"https://www.martinoticias.com/a/reforma-constitucional-de-ortega-tambi%c3%a9n-ampliar%c3%a1-el-per%c3%adodo-de-los-alcaldes-sandinistas-hasta-2029/476599.html","video_url":null,"youtube_conversion_active":false,"youtube_conversion_error":"","youtube_conversion_status":""},{"article_body_paragraphs":[],"audio_source_url":null,"author":"Redacci\u00f3n Mart\u00ed Noticias","available_dubs":[],"downloadable_assets":["https://gdb.martinoticias.com/4bef4c08-7739-49be-bc6d-08def2b1d8dc_cx0_cy14_cw0_w1600_r1_n_s.jpg"],"duration_display":"0:00","duration_seconds":null,"embed_url":null,"id":10566,"image_caption":null,"image_url":"https://gdb.martinoticias.com/4bef4c08-7739-49be-bc6d-08def2b1d8dc_cx0_cy14_cw0_w1600_r1_n_s.jpg","is_clip":false,"is_youtube_embed":false,"item_type":"photo","item_type_label":"Photo","language_label":"Espa\u00f1ol","media_credit":"Redacci\u00f3n Mart\u00ed Noticias","micro_label":"Photo","micro_label_kind":"gallery","network_label":"Mart\u00ed Noticias","network_logo_url":"/static/uploads/direct_network_logos/ocb_0888427dcb1d.svg","published_at":"2026-08-30T12:52:18","published_at_display":"30 Aug 2026, 12:52 GMT","sequence_badge_label":null,"sequence_count":null,"sequence_count_label":null,"sequence_frames":[],"sequence_kind":null,"source_name":"radiotelevisionmarti_com_rss","source_name_label":"Mart\u00ed Noticias RSS","source_type":"rss","summary":"Vecinos de El Fanguito, en el Vedado habanero, volvieron a salir a las calles para protestar por los prolongados apagones que afectan al barrio, en medio de un creciente despliegue policial y militar reportado por medios independientes y usuarios en redes sociales.","title":"El Fanguito vuelve a lanzarse a la calle en protesta por los apagones","topic":null,"translation_language":"","url":"https://www.martinoticias.com/a/el-fanguito-vuelve-a-lanzarse-a-la-calle-en-protesta-por-los-apagones/476598.html","video_url":null,"youtube_conversion_active":false,"youtube_conversion_error":"","youtube_conversion_status":""},{"article_body_paragraphs":[],"audio_source_url":null,"author":"Ivette Pacheco","available_dubs":[],"downloadable_assets":["https://gdb.martinoticias.com/17d77bb5-8382-4d44-8fc5-5b47d5f847ca_cx0_cy5_cw0_w1600_r1_n_s.jpg"],"duration_display":"0:00","duration_seconds":null,"embed_url":null,"id":10463,"image_caption":null,"image_url":"https://gdb.martinoticias.com/17d77bb5-8382-4d44-8fc5-5b47d5f847ca_cx0_cy5_cw0_w1600_r1_n_s.jpg","is_clip":false,"is_youtube_embed":false,"item_type":"photo","item_type_label":"Photo","language_label":"Espa\u00f1ol","media_credit":"Ivette Pacheco","micro_label":"Photo","micro_label_kind":"gallery","network_label":"Mart\u00ed Noticias","network_logo_url":"/static/uploads/direct_network_logos/ocb_0888427dcb1d.svg","published_at":"2026-08-29T19:51:38","published_at_display":"29 Aug 2026, 19:51 GMT","sequence_badge_label":null,"sequence_count":null,"sequence_count_label":null,"sequence_frames":[],"sequence_kind":null,"source_name":"radiotelevisionmarti_com_rss","source_name_label":"Mart\u00ed Noticias RSS","source_type":"rss","summary":"Los contagios de dengue aumentan en varias provincias de Cuba en medio de denuncias por salideros de agua, acumulaci\u00f3n de basura y falta de medicamentos.","title":"\u201cLos mosquitos se est\u00e1n dando gusto con las personas\u201d, denuncian brote de dengue en Cuba","topic":null,"translation_language":"","url":"https://www.martinoticias.com/a/denuncian-brote-de-dengue-falta-de-fumigaci%c3%b3n-y-medicina-cavern%c3%adcola-en-cuba/476591.html","video_url":null,"youtube_conversion_active":false,"youtube_conversion_error":"","youtube_conversion_status":""},{"article_body_paragraphs":[],"audio_source_url":null,"author":"Jany Gonz\u00e1lez","available_dubs":[],"downloadable_assets":["https://gdb.martinoticias.com/12bbc34d-f174-4d24-cfe4-08decd5b38e4_w1600_r1_n_s.jpg"],"duration_display":"0:00","duration_seconds":null,"embed_url":null,"id":10461,"image_caption":null,"image_url":"https://gdb.martinoticias.com/12bbc34d-f174-4d24-cfe4-08decd5b38e4_w1600_r1_n_s.jpg","is_clip":false,"is_youtube_embed":false,"item_type":"photo","item_type_label":"Photo","language_label":"Espa\u00f1ol","media_credit":"Jany Gonz\u00e1lez","micro_label":"Photo","micro_label_kind":"gallery","network_label":"Mart\u00ed Noticias","network_logo_url":"/static/uploads/direct_network_logos/ocb_0888427dcb1d.svg","published_at":"2026-08-29T19:08:18","published_at_display":"29 Aug 2026, 19:08 GMT","sequence_badge_label":null,"sequence_count":null,"sequence_count_label":null,"sequence_frames":[],"sequence_kind":null,"source_name":"radiotelevisionmarti_com_rss","source_name_label":"Mart\u00ed Noticias RSS","source_type":"rss","summary":"Las largas filas y la saturaci\u00f3n en la Corte de Inmigraci\u00f3n de Miami est\u00e1n generando esperas de horas y temor entre miles de inmigrantes.","title":"\u201cNo deje de asistir\u201d: abogado advierte sobre las largas filas en la Corte de Inmigraci\u00f3n de Miami","topic":null,"translation_language":"","url":"https://www.martinoticias.com/a/no-deje-de-asistir-abogado-advierte-sobre-las-largas-filas-en-la-corte-de-inmigraci%c3%b3n-de-miami/476588.html","video_url":null,"youtube_conversion_active":false,"youtube_conversion_error":"","youtube_conversion_status":""},{"article_body_paragraphs":[],"audio_source_url":null,"author":"Redacci\u00f3n Mart\u00ed Noticias","available_dubs":[],"downloadable_assets":["https://gdb.martinoticias.com/3C741579-79CF-4D31-BAF6-02E86C4DBE96_w1600_r1_n_s.png"],"duration_display":"0:00","duration_seconds":null,"embed_url":null,"id":10436,"image_caption":null,"image_url":"https://gdb.martinoticias.com/3C741579-79CF-4D31-BAF6-02E86C4DBE96_w1600_r1_n_s.png","is_clip":false,"is_youtube_embed":false,"item_type":"photo","item_type_label":"Photo","language_label":"Espa\u00f1ol","media_credit":"Redacci\u00f3n Mart\u00ed Noticias","micro_label":"Photo","micro_label_kind":"gallery","network_label":"Mart\u00ed Noticias","network_logo_url":"/static/uploads/direct_network_logos/ocb_0888427dcb1d.svg","published_at":"2026-08-29T17:21:48","published_at_display":"29 Aug 2026, 17:21 GMT","sequence_badge_label":null,"sequence_count":null,"sequence_count_label":null,"sequence_frames":[],"sequence_kind":null,"source_name":"radiotelevisionmarti_com_rss","source_name_label":"Mart\u00ed Noticias RSS","source_type":"rss","summary":"El opositor y periodista independiente cubano Guillermo del Sol puso fin este s\u00e1bado a la huelga de hambre que mantuvo durante 72 d\u00edas para exigir la liberaci\u00f3n de presos pol\u00edticos.","title":"Guillermo Del Sol depone huelga de hambre (VIDEO)","topic":null,"translation_language":"","url":"https://www.martinoticias.com/a/guillermo-del-sol-depone-huelga-de-hambre/476587.html","video_url":null,"youtube_conversion_active":false,"youtube_conversion_error":"","youtube_conversion_status":""},{"article_body_paragraphs":[],"audio_source_url":null,"author":"Redacci\u00f3n Mart\u00ed Noticias","available_dubs":[],"downloadable_assets":["https://gdb.martinoticias.com/79c226f8-4b99-4693-5aa0-08decd6ea425_cx0_cy9_cw0_w1600_r1_n_s.jpg"],"duration_display":"0:00","duration_seconds":null,"embed_url":null,"id":10414,"image_caption":null,"image_url":"https://gdb.martinoticias.com/79c226f8-4b99-4693-5aa0-08decd6ea425_cx0_cy9_cw0_w1600_r1_n_s.jpg","is_clip":false,"is_youtube_embed":false,"item_type":"photo","item_type_label":"Photo","language_label":"Espa\u00f1ol","media_credit":"Redacci\u00f3n Mart\u00ed Noticias","micro_label":"Photo","micro_label_kind":"gallery","network_label":"Mart\u00ed Noticias","network_logo_url":"/static/uploads/direct_network_logos/ocb_0888427dcb1d.svg","published_at":"2026-08-29T15:53:31","published_at_display":"29 Aug 2026, 15:53 GMT","sequence_badge_label":null,"sequence_count":null,"sequence_count_label":null,"sequence_frames":[],"sequence_kind":null,"source_name":"radiotelevisionmarti_com_rss","source_name_label":"Mart\u00ed Noticias RSS","source_type":"rss","summary":"El periodista italiano y exdiputado del Movimiento 5 Estrellas Alessandro Di Battista permanece hospitalizado en estado grave en Cuba, tras sufrir un fuerte dolor de cabeza mientras realizaba reportajes en Santa Clara.","title":"Canciller de Italia intercede por periodista hospitalizado en Cuba en estado grave","topic":null,"translation_language":"","url":"https://www.martinoticias.com/a/canciller-de-italia-intercede-por-periodista-hospitalizado-en-cuba-en-estado-grave/476585.html","video_url":null,"youtube_conversion_active":false,"youtube_conversion_error":"","youtube_conversion_status":""},{"article_body_paragraphs":[],"audio_source_url":null,"author":"Iv\u00e1n Kasanzew","available_dubs":[],"downloadable_assets":["https://gdb.martinoticias.com/42cf05bb-3776-458d-be40-5a2c14b06455_w1600_r1_n_s.jpg"],"duration_display":"0:00","duration_seconds":null,"embed_url":null,"id":10384,"image_caption":null,"image_url":"https://gdb.martinoticias.com/42cf05bb-3776-458d-be40-5a2c14b06455_w1600_r1_n_s.jpg","is_clip":false,"is_youtube_embed":false,"item_type":"photo","item_type_label":"Photo","language_label":"Espa\u00f1ol","media_credit":"Iv\u00e1n Kasanzew","micro_label":"Photo","micro_label_kind":"gallery","network_label":"Mart\u00ed Noticias","network_logo_url":"/static/uploads/direct_network_logos/ocb_0888427dcb1d.svg","published_at":"2026-08-29T14:07:49","published_at_display":"29 Aug 2026, 14:07 GMT","sequence_badge_label":null,"sequence_count":null,"sequence_count_label":null,"sequence_frames":[],"sequence_kind":null,"source_name":"radiotelevisionmarti_com_rss","source_name_label":"Mart\u00ed Noticias RSS","source_type":"rss","summary":"El expresidente de Ecuador Len\u00edn Moreno fue condenado este viernes a cinco a\u00f1os de prisi\u00f3n por cohecho. El tribunal lo hall\u00f3 autor directo de recibir sobornos de la empresa china Sinohydro, vinculados a la hidroel\u00e9ctrica Coca Codo Sinclair cuando era vicepresidente de Rafael Correa (2007-2013).","title":"Condenan a expresidente de Ecuador a cinco a\u00f1os de c\u00e1rcel por corrupci\u00f3n","topic":null,"translation_language":"","url":"https://www.martinoticias.com/a/la-justicia-de-ecuador-condena-al-expresidente-lenin-moreno-a-cinco-a%c3%b1os-de-carcel-por-corrupcion/476583.html","video_url":null,"youtube_conversion_active":false,"youtube_conversion_error":"","youtube_conversion_status":""},{"article_body_paragraphs":[],"audio_source_url":null,"author":"Ivette Pacheco","available_dubs":[],"downloadable_assets":["https://gdb.martinoticias.com/e76886ad-5668-4295-a741-eb035830d8b3_cx0_cy8_cw0_w1600_r1_n_s.jpg"],"duration_display":"0:00","duration_seconds":null,"embed_url":null,"id":10364,"image_caption":null,"image_url":"https://gdb.martinoticias.com/e76886ad-5668-4295-a741-eb035830d8b3_cx0_cy8_cw0_w1600_r1_n_s.jpg","is_clip":false,"is_youtube_embed":false,"item_type":"photo","item_type_label":"Photo","language_label":"Espa\u00f1ol","media_credit":"Ivette Pacheco","micro_label":"Photo","micro_label_kind":"gallery","network_label":"Mart\u00ed Noticias","network_logo_url":"/static/uploads/direct_network_logos/ocb_0888427dcb1d.svg","published_at":"2026-08-29T13:06:37","published_at_display":"29 Aug 2026, 13:06 GMT","sequence_badge_label":null,"sequence_count":null,"sequence_count_label":null,"sequence_frames":[],"sequence_kind":null,"source_name":"radiotelevisionmarti_com_rss","source_name_label":"Mart\u00ed Noticias RSS","source_type":"rss","summary":"La entrada en vigor del Decreto 160 ha abierto oficialmente las puertas a las farmacias privadas en Cuba, pero la medida llega acompa\u00f1ada de fuertes cuestionamientos por los altos precios de los medicamentos y las dudas sobre los controles sanitarios.","title":"Farmacias privadas en Cuba, precios altos y pocas garant\u00edas de calidad","topic":null,"translation_language":"","url":"https://www.martinoticias.com/a/farmacias-privadas-en-cuba-precios-altos-y-pocas-garant%c3%adas-de-calidad/476407.html","video_url":null,"youtube_conversion_active":false,"youtube_conversion_error":"","youtube_conversion_status":""}],"next_num":6,"page":5,"pages":25,"per_page":20,"prev_num":4,"total":485}
