{"applied_filters":{"end_date":"","lang":"","language":"","network":"Mart\u00ed Noticias","page":5,"per_page":20,"search":"","source":"","start_date":"","topic":"","type":"video"},"available_filters":{"language_choices":[{"label":"Choose Language","value":""},{"label":"English","value":"English"},{"label":"Espa\u00f1ol","value":"Espa\u00f1ol"}],"network_choices":[{"label":"All networks","value":""},{"label":"Mart\u00ed Noticias","value":"Mart\u00ed Noticias"}],"source_choices":[{"label":"All sources","value":""},{"label":"Manual Ocb Espanol","value":"manual_ocb_espanol"},{"label":"Mart\u00ed Noticias Video","value":"ocb_spanish_video_scrape"},{"label":"Mart\u00ed Noticias RSS","value":"radiotelevisionmarti_com_rss"},{"label":"TV Mart\u00ed Noticias YouTube","value":"tv_marti_noticias_youtube_playlists"}],"sources":["manual_ocb_espanol","ocb_spanish_video_scrape","radiotelevisionmarti_com_rss","tv_marti_noticias_youtube_playlists"],"topics":["Am\u00e9rica Latina, VENEZUELA, Maiquetia","Asuntos de Estado","Audiovisuales Mart\u00ed","Audiovisuales Mart\u00ed, Cuba turismo, crisis del turismo en Cuba","Audiovisuales Mart\u00ed, VENEZUELA, apagones","Como Come Cuba, cuba, Como Come Cuba","Cuba Habla","Cuba Habla, Cuba","Cuba al D\u00eda, Cuba","Derechos Humanos, cuba, exilio, c\u00e1ncer, Ram\u00f3n Sa\u00fal S\u00e1nchez","Especiales, Exilio cubano, Freedom tower, \"Libertad\", Torre de la Libertad de Miami, Exilio cubano en Miami","Especiales, jos\u00e9 mart\u00ed, Exilio cubano","Esperando un techo, cuba, crisis, vivienda, derrumbes, techo, paredes, EsperandounTecho","Info Mart\u00ed","Info Mart\u00ed , Brigada 2506","Info Mart\u00ed , Cuba","Info Mart\u00ed , Estados Unidos, Colombia","Info Mart\u00ed , Estados Unidos, VENEZUELA","Info Mart\u00ed , estados unidos, Venezuela","Info Mart\u00ed , presos politicos, torturas, VENEZUELA","Kentu-Cubano, cuba, cubanos, Kentucky, migrantes, KentoCubano","Las Noticias Como Son, Cuba","Mart\u00ed Noticias AM","Mart\u00ed en el Mundial 2026","Noticiero Mart\u00ed Noticias","Noticiero Mart\u00ed Noticias, Cuba","Ser Madre en cuba, cuba, hambre, r\u00e9gimen, madre, negligencia, Testimonios, Crisis Econ\u00f3mica, madre cubana, Crisis Alimentaria","Ser viejo en Cuba, cuba, cubanos, crisis, alimentos, ancianos, viejos, vejez"],"types":[["","All types"],["article","Articles"],["audio","Audio"],["video","Videos"],["clips","Clips"],["media","Media"]]},"has_next":true,"has_prev":true,"items":[{"article_body_paragraphs":[],"audio_source_url":null,"author":"Mart\u00ed Noticias","available_dubs":[],"downloadable_assets":[],"duration_display":"1:58:51","duration_seconds":7131.0,"embed_url":"https://www.youtube.com/embed/liOlQfTVBGQ","id":14472,"image_caption":null,"image_url":"https://i.ytimg.com/vi/liOlQfTVBGQ/hqdefault.jpg?sqp=-oaymwEcCNACELwBSFXyq4qpAw4IARUAAIhCGAFwAcABBg==&rs=AOn4CLAHAXYgFqs9r_q527CEVRhJlhSg0w","is_clip":false,"is_youtube_embed":true,"item_type":"video","item_type_label":"Video","language_label":"Espa\u00f1ol","media_credit":"Mart\u00ed Noticias","micro_label":"Video report","micro_label_kind":"video","network_label":"Mart\u00ed Noticias","network_logo_url":"/static/uploads/direct_network_logos/ocb_0888427dcb1d.svg","published_at":"2026-07-22T00:00:00","published_at_display":"22 Jul 2026, 00:00 GMT","sequence_badge_label":null,"sequence_count":null,"sequence_count_label":null,"sequence_frames":[],"sequence_kind":null,"source_name":"tv_marti_noticias_youtube_playlists","source_name_label":"Mart\u00ed Noticias","source_type":"scrape","summary":null,"title":"Mart\u00ed Noticias AM","topic":"Mart\u00ed Noticias AM","translation_language":"","url":"https://www.youtube.com/watch?v=liOlQfTVBGQ","video_url":null,"youtube_conversion_active":false,"youtube_conversion_error":"","youtube_conversion_status":""},{"article_body_paragraphs":[],"audio_source_url":null,"author":"Mart\u00ed Noticias","available_dubs":[],"downloadable_assets":[],"duration_display":"1:59:59","duration_seconds":7199.0,"embed_url":"https://www.youtube.com/embed/4KVsUzllscA","id":14474,"image_caption":null,"image_url":"https://i.ytimg.com/vi/4KVsUzllscA/hqdefault.jpg?sqp=-oaymwEcCNACELwBSFXyq4qpAw4IARUAAIhCGAFwAcABBg==&rs=AOn4CLBF2F3aVagHEXvHJ2w6MLNPVh0RGA","is_clip":false,"is_youtube_embed":true,"item_type":"video","item_type_label":"Video","language_label":"Espa\u00f1ol","media_credit":"Mart\u00ed Noticias","micro_label":"Video report","micro_label_kind":"video","network_label":"Mart\u00ed Noticias","network_logo_url":"/static/uploads/direct_network_logos/ocb_0888427dcb1d.svg","published_at":"2026-07-21T00:00:00","published_at_display":"21 Jul 2026, 00:00 GMT","sequence_badge_label":null,"sequence_count":null,"sequence_count_label":null,"sequence_frames":[],"sequence_kind":null,"source_name":"tv_marti_noticias_youtube_playlists","source_name_label":"Mart\u00ed Noticias","source_type":"scrape","summary":null,"title":"Mart\u00ed News AM","topic":"Mart\u00ed Noticias AM","translation_language":"","url":"https://www.youtube.com/watch?v=4KVsUzllscA","video_url":null,"youtube_conversion_active":false,"youtube_conversion_error":"","youtube_conversion_status":""},{"article_body_paragraphs":[],"audio_source_url":null,"author":"Mart\u00ed Noticias","available_dubs":[],"downloadable_assets":[],"duration_display":"3:02:17","duration_seconds":10937.0,"embed_url":"https://www.youtube.com/embed/IF107Fh_9MM","id":14475,"image_caption":null,"image_url":"https://i.ytimg.com/vi/IF107Fh_9MM/hqdefault.jpg?sqp=-oaymwE2CNACELwBSFXyq4qpAygIARUAAIhCGAFwAcABBvABAfgB_gmAAtAFigIMCAAQARgTICEofzAP&rs=AOn4CLAlSUwGvOrh-mjAXgDmdKySVabklw","is_clip":false,"is_youtube_embed":true,"item_type":"video","item_type_label":"Video","language_label":"Espa\u00f1ol","media_credit":"Mart\u00ed Noticias","micro_label":"Video report","micro_label_kind":"video","network_label":"Mart\u00ed Noticias","network_logo_url":"/static/uploads/direct_network_logos/ocb_0888427dcb1d.svg","published_at":"2026-07-20T00:00:00","published_at_display":"20 Jul 2026, 00:00 GMT","sequence_badge_label":null,"sequence_count":null,"sequence_count_label":null,"sequence_frames":[],"sequence_kind":null,"source_name":"tv_marti_noticias_youtube_playlists","source_name_label":"Mart\u00ed Noticias","source_type":"scrape","summary":null,"title":"Mart\u00ed Noticias AM","topic":"Mart\u00ed Noticias AM","translation_language":"","url":"https://www.youtube.com/watch?v=IF107Fh_9MM","video_url":null,"youtube_conversion_active":false,"youtube_conversion_error":"","youtube_conversion_status":""},{"article_body_paragraphs":["An\u00e1lisis, emoci\u00f3n y toda la informaci\u00f3n del torneo m\u00e1s grande de la historia, con 48 selecciones y tres sedes, directo al pueblo de Cuba."],"audio_source_url":null,"author":"Jos\u00e9 \"Pepe\" Lacayo","available_dubs":[],"downloadable_assets":["https://focalgroup.s3.us-east-1.amazonaws.com/direct/uploads/manual/videos/2026/09/03/user_4/20260903121938_a786d2232cae.mp4"],"duration_display":"0:00","duration_seconds":null,"embed_url":null,"id":13936,"image_caption":null,"image_url":"https://focalgroup.s3.us-east-1.amazonaws.com/direct/uploads/manual/images/2026/09/03/user_4/20260903122704_80a7eabc6f8c.avif","is_clip":false,"is_youtube_embed":false,"item_type":"video","item_type_label":"Video","language_label":"Espa\u00f1ol","media_credit":"Jos\u00e9 \"Pepe\" Lacayo","micro_label":"Video report","micro_label_kind":"video","network_label":"Mart\u00ed Noticias","network_logo_url":"/static/uploads/direct_network_logos/ocb_0888427dcb1d.svg","published_at":"2026-07-17T12:00:00","published_at_display":"17 Jul 2026, 12:00 GMT","sequence_badge_label":null,"sequence_count":null,"sequence_count_label":null,"sequence_frames":[],"sequence_kind":null,"source_name":"manual_ocb_espanol","source_name_label":"OCB","source_type":"manual","summary":"Comienza \u201cMart\u00ed en el Mundial\u201d, la cobertura especial de Radio Mart\u00ed para vivir la Copa del Mundo 2026 d\u00eda a d\u00eda.","title":"Mart\u00ed en el Mundial 2026","topic":"Mart\u00ed en el Mundial 2026","translation_language":"","url":"https://www.martinoticias.com/a/mart%C3%AD-en-el-mundial-2026/471513.html?withmediaplayer=1","video_url":"https://focalgroup.s3.us-east-1.amazonaws.com/direct/uploads/manual/videos/2026/09/03/user_4/20260903121938_a786d2232cae.mp4","youtube_conversion_active":false,"youtube_conversion_error":"","youtube_conversion_status":""},{"article_body_paragraphs":[],"audio_source_url":null,"author":"Mart\u00ed Noticias","available_dubs":[],"downloadable_assets":[],"duration_display":"1:28:44","duration_seconds":5324.0,"embed_url":"https://www.youtube.com/embed/91ZCj3PSP3k","id":14476,"image_caption":null,"image_url":"https://i.ytimg.com/vi/91ZCj3PSP3k/hqdefault.jpg?sqp=-oaymwEcCNACELwBSFXyq4qpAw4IARUAAIhCGAFwAcABBg==&rs=AOn4CLDpzE5VKkhnxkUCTvzjk2S8iN1SHw","is_clip":false,"is_youtube_embed":true,"item_type":"video","item_type_label":"Video","language_label":"Espa\u00f1ol","media_credit":"Mart\u00ed Noticias","micro_label":"Video report","micro_label_kind":"video","network_label":"Mart\u00ed Noticias","network_logo_url":"/static/uploads/direct_network_logos/ocb_0888427dcb1d.svg","published_at":"2026-07-17T00:00:00","published_at_display":"17 Jul 2026, 00:00 GMT","sequence_badge_label":null,"sequence_count":null,"sequence_count_label":null,"sequence_frames":[],"sequence_kind":null,"source_name":"tv_marti_noticias_youtube_playlists","source_name_label":"Mart\u00ed Noticias","source_type":"scrape","summary":null,"title":"Mart\u00ed News AM","topic":"Mart\u00ed Noticias AM","translation_language":"","url":"https://www.youtube.com/watch?v=91ZCj3PSP3k","video_url":null,"youtube_conversion_active":false,"youtube_conversion_error":"","youtube_conversion_status":""},{"article_body_paragraphs":[],"audio_source_url":null,"author":"Mart\u00ed Noticias","available_dubs":[],"downloadable_assets":[],"duration_display":"1:28:45","duration_seconds":5325.0,"embed_url":"https://www.youtube.com/embed/RUJ3Rp8Fiw0","id":14477,"image_caption":null,"image_url":"https://i.ytimg.com/vi/RUJ3Rp8Fiw0/hqdefault.jpg?sqp=-oaymwE2CNACELwBSFXyq4qpAygIARUAAIhCGAFwAcABBvABAfgB_gmAAtAFigIMCAAQARhbIGUoXTAP&rs=AOn4CLBp3J4Cj8Bg8sadNH2q2dq8vggApQ","is_clip":false,"is_youtube_embed":true,"item_type":"video","item_type_label":"Video","language_label":"Espa\u00f1ol","media_credit":"Mart\u00ed Noticias","micro_label":"Video report","micro_label_kind":"video","network_label":"Mart\u00ed Noticias","network_logo_url":"/static/uploads/direct_network_logos/ocb_0888427dcb1d.svg","published_at":"2026-07-14T00:00:00","published_at_display":"14 Jul 2026, 00:00 GMT","sequence_badge_label":null,"sequence_count":null,"sequence_count_label":null,"sequence_frames":[],"sequence_kind":null,"source_name":"tv_marti_noticias_youtube_playlists","source_name_label":"Mart\u00ed Noticias","source_type":"scrape","summary":null,"title":"Mart\u00ed News AM","topic":"Mart\u00ed Noticias AM","translation_language":"","url":"https://www.youtube.com/watch?v=RUJ3Rp8Fiw0","video_url":null,"youtube_conversion_active":false,"youtube_conversion_error":"","youtube_conversion_status":""},{"article_body_paragraphs":[],"audio_source_url":null,"author":"Jany Gonz\u00e1lez","available_dubs":[],"downloadable_assets":["https://ocb-video-ns.akamaized.net/pangeavideo/2026/06/4/4a/4ac2c504-c984-4315-02b2-08decd63a0c8_1080p.mp4?cb=ee1d61e6b"],"duration_display":"17:29","duration_seconds":1049.0,"embed_url":null,"id":12736,"image_caption":null,"image_url":"https://gdb.martinoticias.com/4ac2c504-c984-4315-02b2-08decd63a0c8_tv_w1080_h608.jpg","is_clip":false,"is_youtube_embed":false,"item_type":"video","item_type_label":"Video","language_label":"Espa\u00f1ol","media_credit":"Jany Gonz\u00e1lez","micro_label":"Video report","micro_label_kind":"video","network_label":"Mart\u00ed Noticias","network_logo_url":"/static/uploads/direct_network_logos/ocb_0888427dcb1d.svg","published_at":"2026-06-30T20:30:20","published_at_display":"30 Jun 2026, 20:30 GMT","sequence_badge_label":null,"sequence_count":null,"sequence_count_label":null,"sequence_frames":[],"sequence_kind":null,"source_name":"ocb_spanish_video_scrape","source_name_label":"Mart\u00ed Noticias Video","source_type":"scrape","summary":"Jos\u00e9 Daniel Ferrer es mucho m\u00e1s que un l\u00edder opositor. Es un padre, un esposo y un hombre que ha pagado un alto precio por mantenerse firme en sus convicciones. Esta es la historia de su lucha y resistencia.","title":"\u201cMe humillaron pero no me doblegaron\u201d: La historia de Jos\u00e9 Daniel Ferrer","topic":"Audiovisuales Mart\u00ed","translation_language":"","url":"https://www.martinoticias.com/a/me-humillaron-pero-no-me-doblegaron-la-historia-de-jos%C3%A9-daniel-ferrer/469805.html","video_url":"https://ocb-video-ns.akamaized.net/pangeavideo/2026/06/4/4a/4ac2c504-c984-4315-02b2-08decd63a0c8_1080p.mp4?cb=ee1d61e6b","youtube_conversion_active":false,"youtube_conversion_error":"","youtube_conversion_status":""},{"article_body_paragraphs":[],"audio_source_url":null,"author":"Mart\u00ed Noticias","available_dubs":[],"downloadable_assets":["https://ocb-video-ns.akamaized.net/pangeavideo/2026/06/8/87/87953cd7-c533-4db5-abec-08decd4f1c2d_1080p.mp4?cb=ee1d61dcc"],"duration_display":"24:35","duration_seconds":1475.0,"embed_url":null,"id":12740,"image_caption":null,"image_url":"https://gdb.martinoticias.com/87953cd7-c533-4db5-abec-08decd4f1c2d_tv_w1080_h608.jpg","is_clip":false,"is_youtube_embed":false,"item_type":"video","item_type_label":"Video","language_label":"Espa\u00f1ol","media_credit":"Mart\u00ed Noticias","micro_label":"Video report","micro_label_kind":"video","network_label":"Mart\u00ed Noticias","network_logo_url":"/static/uploads/direct_network_logos/ocb_0888427dcb1d.svg","published_at":"2026-06-30T20:27:56","published_at_display":"30 Jun 2026, 20:27 GMT","sequence_badge_label":null,"sequence_count":null,"sequence_count_label":null,"sequence_frames":[],"sequence_kind":null,"source_name":"ocb_spanish_video_scrape","source_name_label":"Mart\u00ed Noticias Video","source_type":"scrape","summary":"Especial que sigue la trayectoria hist\u00f3rica de los 15 a\u00f1os de Jos\u00e9 Mart\u00ed en el exilio","title":"El Exilio de Mart\u00ed","topic":"Especiales, jos\u00e9 mart\u00ed, Exilio cubano","translation_language":"","url":"https://www.martinoticias.com/a/el-exilio-de-mart%C3%AD/469803.html","video_url":"https://ocb-video-ns.akamaized.net/pangeavideo/2026/06/8/87/87953cd7-c533-4db5-abec-08decd4f1c2d_1080p.mp4?cb=ee1d61dcc","youtube_conversion_active":false,"youtube_conversion_error":"","youtube_conversion_status":""},{"article_body_paragraphs":[],"audio_source_url":null,"author":"Mario J. Pent\u00f3n","available_dubs":[],"downloadable_assets":["https://ocb-video-ns.akamaized.net/pangeavideo/2026/06/e/eb/eb97d38d-cc14-49f4-593d-08decd6ea425_1080p.mp4?cb=ee1d4e212"],"duration_display":"9:38","duration_seconds":578.0,"embed_url":null,"id":12739,"image_caption":null,"image_url":"https://gdb.martinoticias.com/eb97d38d-cc14-49f4-593d-08decd6ea425_tv_w1080_h608.jpg","is_clip":false,"is_youtube_embed":false,"item_type":"video","item_type_label":"Video","language_label":"Espa\u00f1ol","media_credit":"Mario J. Pent\u00f3n","micro_label":"Video report","micro_label_kind":"video","network_label":"Mart\u00ed Noticias","network_logo_url":"/static/uploads/direct_network_logos/ocb_0888427dcb1d.svg","published_at":"2026-06-29T21:54:51","published_at_display":"29 Jun 2026, 21:54 GMT","sequence_badge_label":null,"sequence_count":null,"sequence_count_label":null,"sequence_frames":[],"sequence_kind":null,"source_name":"ocb_spanish_video_scrape","source_name_label":"Mart\u00ed Noticias Video","source_type":"scrape","summary":"Libertad: una palabra breve, pero inmensa. Para quienes han vivido bajo el autoritarismo, como en Cuba es una necesidad vital. En Miami, esa palabra tiene forma, silueta y memoria: la Torre de la Libertad, que acaba de cumplir 100 a\u00f1os de historia.","title":"Los 100 de la Torre","topic":"Especiales, Exilio cubano, Freedom tower, \"Libertad\", Torre de la Libertad de Miami, Exilio cubano en Miami","translation_language":"","url":"https://www.martinoticias.com/a/los-100-de-la-torre/469723.html","video_url":"https://ocb-video-ns.akamaized.net/pangeavideo/2026/06/e/eb/eb97d38d-cc14-49f4-593d-08decd6ea425_1080p.mp4?cb=ee1d4e212","youtube_conversion_active":false,"youtube_conversion_error":"","youtube_conversion_status":""},{"article_body_paragraphs":[],"audio_source_url":null,"author":"Rolando N\u00e1poles","available_dubs":[],"downloadable_assets":["https://ocb-video-ns.akamaized.net/pangeavideo/2026/06/5/5e/5e6451c6-27a2-44bd-fb57-08decd3a80a4_1080p.mp4?cb=ee1d48a19"],"duration_display":"9:42","duration_seconds":582.0,"embed_url":null,"id":12734,"image_caption":null,"image_url":"https://gdb.martinoticias.com/5e6451c6-27a2-44bd-fb57-08decd3a80a4_tv_w1080_h608.jpg","is_clip":false,"is_youtube_embed":false,"item_type":"video","item_type_label":"Video","language_label":"Espa\u00f1ol","media_credit":"Rolando N\u00e1poles","micro_label":"Video report","micro_label_kind":"video","network_label":"Mart\u00ed Noticias","network_logo_url":"/static/uploads/direct_network_logos/ocb_0888427dcb1d.svg","published_at":"2026-06-29T15:45:29","published_at_display":"29 Jun 2026, 15:45 GMT","sequence_badge_label":null,"sequence_count":null,"sequence_count_label":null,"sequence_frames":[],"sequence_kind":null,"source_name":"ocb_spanish_video_scrape","source_name_label":"Mart\u00ed Noticias Video","source_type":"scrape","summary":"Legado 2506: el nuevo museo que mantiene viva la gesta que pudo cambiar el destino de Cuba.","title":"El museo en Miami que mantiene vivo el Legado 2506","topic":"Info Mart\u00ed , Brigada 2506","translation_language":"","url":"https://www.martinoticias.com/a/el-museo-en-miami-que-mantiene-vivo-el-legado-2506/469706.html","video_url":"https://ocb-video-ns.akamaized.net/pangeavideo/2026/06/5/5e/5e6451c6-27a2-44bd-fb57-08decd3a80a4_1080p.mp4?cb=ee1d48a19","youtube_conversion_active":false,"youtube_conversion_error":"","youtube_conversion_status":""},{"article_body_paragraphs":[],"audio_source_url":null,"author":"Mart\u00ed Noticias","available_dubs":[],"downloadable_assets":["https://ocb-video-ns.akamaized.net/pangeavideo/2026/06/e/e7/e788bf4e-a46c-42de-abcb-08decd4f1c2d_1080p.mp4?cb=ee1e0a1bd"],"duration_display":"8:59","duration_seconds":539.0,"embed_url":null,"id":12735,"image_caption":null,"image_url":"https://gdb.martinoticias.com/e788bf4e-a46c-42de-abcb-08decd4f1c2d_tv_w1080_h608.jpg","is_clip":false,"is_youtube_embed":false,"item_type":"video","item_type_label":"Video","language_label":"Espa\u00f1ol","media_credit":"Mart\u00ed Noticias","micro_label":"Video report","micro_label_kind":"video","network_label":"Mart\u00ed Noticias","network_logo_url":"/static/uploads/direct_network_logos/ocb_0888427dcb1d.svg","published_at":"2026-06-26T19:54:26","published_at_display":"26 Jun 2026, 19:54 GMT","sequence_badge_label":null,"sequence_count":null,"sequence_count_label":null,"sequence_frames":[],"sequence_kind":null,"source_name":"ocb_spanish_video_scrape","source_name_label":"Mart\u00ed Noticias Video","source_type":"scrape","summary":"En este reportaje especial, el periodista Jos\u00e9 Pernalete nos sumerge en las historias de los \"Caza-Huracanes\": cient\u00edficos y tripulantes que desaf\u00edan turbulencias brutales y vientos de 250 km/h, arriesg\u00e1ndolo todo en el cielo para proteger a millones de vidas en tierra.","title":"Cazadores de huracanes: Los cient\u00edficos que vuelan al coraz\u00f3n del infierno.","topic":"Audiovisuales Mart\u00ed","translation_language":"","url":"https://www.martinoticias.com/a/cazadores-de-tormentas-los-cient%C3%ADficos-que-vuelan-al-coraz%C3%B3n-del-infierno/469528.html","video_url":"https://ocb-video-ns.akamaized.net/pangeavideo/2026/06/e/e7/e788bf4e-a46c-42de-abcb-08decd4f1c2d_1080p.mp4?cb=ee1e0a1bd","youtube_conversion_active":false,"youtube_conversion_error":"","youtube_conversion_status":""},{"article_body_paragraphs":[],"audio_source_url":null,"author":"Mart\u00ed Noticias","available_dubs":[],"downloadable_assets":[],"duration_display":"1:29:59","duration_seconds":5399.0,"embed_url":"https://www.youtube.com/embed/2s-cCpwScNU","id":14478,"image_caption":null,"image_url":"https://i.ytimg.com/vi/2s-cCpwScNU/hqdefault.jpg?sqp=-oaymwEcCNACELwBSFXyq4qpAw4IARUAAIhCGAFwAcABBg==&rs=AOn4CLBUab7nSpdF_emEInjlKs-U3HACWg","is_clip":false,"is_youtube_embed":true,"item_type":"video","item_type_label":"Video","language_label":"Espa\u00f1ol","media_credit":"Mart\u00ed Noticias","micro_label":"Video report","micro_label_kind":"video","network_label":"Mart\u00ed Noticias","network_logo_url":"/static/uploads/direct_network_logos/ocb_0888427dcb1d.svg","published_at":"2026-06-26T00:00:00","published_at_display":"26 Jun 2026, 00:00 GMT","sequence_badge_label":null,"sequence_count":null,"sequence_count_label":null,"sequence_frames":[],"sequence_kind":null,"source_name":"tv_marti_noticias_youtube_playlists","source_name_label":"Mart\u00ed Noticias","source_type":"scrape","summary":null,"title":"Mart\u00ed News AM","topic":"Mart\u00ed Noticias AM","translation_language":"","url":"https://www.youtube.com/watch?v=2s-cCpwScNU","video_url":null,"youtube_conversion_active":false,"youtube_conversion_error":"","youtube_conversion_status":""},{"article_body_paragraphs":[],"audio_source_url":null,"author":"Mart\u00ed Noticias","available_dubs":[],"downloadable_assets":[],"duration_display":"2:56:22","duration_seconds":10582.0,"embed_url":"https://www.youtube.com/embed/ufRZwyGC59A","id":14479,"image_caption":null,"image_url":"https://i.ytimg.com/vi/ufRZwyGC59A/hqdefault.jpg?sqp=-oaymwE2CNACELwBSFXyq4qpAygIARUAAIhCGAFwAcABBvABAfgB_gmAAtAFigIMCAAQARhIIFooZTAP&rs=AOn4CLDxwTLBOiQ5M6dRNGQWV9Wd0LYYng","is_clip":false,"is_youtube_embed":true,"item_type":"video","item_type_label":"Video","language_label":"Espa\u00f1ol","media_credit":"Mart\u00ed Noticias","micro_label":"Video report","micro_label_kind":"video","network_label":"Mart\u00ed Noticias","network_logo_url":"/static/uploads/direct_network_logos/ocb_0888427dcb1d.svg","published_at":"2026-06-25T00:00:00","published_at_display":"25 Jun 2026, 00:00 GMT","sequence_badge_label":null,"sequence_count":null,"sequence_count_label":null,"sequence_frames":[],"sequence_kind":null,"source_name":"tv_marti_noticias_youtube_playlists","source_name_label":"Mart\u00ed Noticias","source_type":"scrape","summary":null,"title":"Mart\u00ed Noticias AM","topic":"Mart\u00ed Noticias AM","translation_language":"","url":"https://www.youtube.com/watch?v=ufRZwyGC59A","video_url":null,"youtube_conversion_active":false,"youtube_conversion_error":"","youtube_conversion_status":""},{"article_body_paragraphs":[],"audio_source_url":null,"author":"Jany Gonz\u00e1lez","available_dubs":[],"downloadable_assets":["https://ocb-video-ns.akamaized.net/pangeavideo/2026/06/5/59/597d071d-a3c8-442a-e43d-08decd478c11_1080p.mp4?cb=ee1ec46b0"],"duration_display":"12:24","duration_seconds":744.0,"embed_url":null,"id":12731,"image_caption":null,"image_url":"https://gdb.martinoticias.com/597d071d-a3c8-442a-e43d-08decd478c11_tv_w1080_h608.jpg","is_clip":false,"is_youtube_embed":false,"item_type":"video","item_type_label":"Video","language_label":"Espa\u00f1ol","media_credit":"Jany Gonz\u00e1lez","micro_label":"Video report","micro_label_kind":"video","network_label":"Mart\u00ed Noticias","network_logo_url":"/static/uploads/direct_network_logos/ocb_0888427dcb1d.svg","published_at":"2026-06-24T21:05:30","published_at_display":"24 Jun 2026, 21:05 GMT","sequence_badge_label":null,"sequence_count":null,"sequence_count_label":null,"sequence_frames":[],"sequence_kind":null,"source_name":"ocb_spanish_video_scrape","source_name_label":"Mart\u00ed Noticias Video","source_type":"scrape","summary":"En un reportaje desde el Centro Espacial Kennedy, un equipo de Mart\u00ed Noticias documenta la huella, el talento y la pasi\u00f3n de los profesionales hispanos de la NASA que lideran el hist\u00f3rico regreso a la Luna con la misi\u00f3n Artemis II.","title":"Hispanos en la NASA: Regreso a la Luna con el Artemis II","topic":"Info Mart\u00ed","translation_language":"","url":"https://www.martinoticias.com/a/hispanos-en-la-nasa-regreso-a-la-luna-con-el-artemis-ii/469367.html","video_url":"https://ocb-video-ns.akamaized.net/pangeavideo/2026/06/5/59/597d071d-a3c8-442a-e43d-08decd478c11_1080p.mp4?cb=ee1ec46b0","youtube_conversion_active":false,"youtube_conversion_error":"","youtube_conversion_status":""},{"article_body_paragraphs":[],"audio_source_url":null,"author":"Mart\u00ed Noticias","available_dubs":[],"downloadable_assets":[],"duration_display":"1:33:49","duration_seconds":5629.0,"embed_url":"https://www.youtube.com/embed/uYyBPt-L-VI","id":14480,"image_caption":null,"image_url":"https://i.ytimg.com/vi/uYyBPt-L-VI/hqdefault.jpg?sqp=-oaymwE2CNACELwBSFXyq4qpAygIARUAAIhCGAFwAcABBvABAfgB_gmAAtAFigIMCAAQARhOIF0oZTAP&rs=AOn4CLAHRSLPOLid0yZOSfm0FTBgFdnleg","is_clip":false,"is_youtube_embed":true,"item_type":"video","item_type_label":"Video","language_label":"Espa\u00f1ol","media_credit":"Mart\u00ed Noticias","micro_label":"Video report","micro_label_kind":"video","network_label":"Mart\u00ed Noticias","network_logo_url":"/static/uploads/direct_network_logos/ocb_0888427dcb1d.svg","published_at":"2026-06-24T00:00:00","published_at_display":"24 Jun 2026, 00:00 GMT","sequence_badge_label":null,"sequence_count":null,"sequence_count_label":null,"sequence_frames":[],"sequence_kind":null,"source_name":"tv_marti_noticias_youtube_playlists","source_name_label":"Mart\u00ed Noticias","source_type":"scrape","summary":null,"title":"Mart\u00ed Noticias AM","topic":"Mart\u00ed Noticias AM","translation_language":"","url":"https://www.youtube.com/watch?v=uYyBPt-L-VI","video_url":null,"youtube_conversion_active":false,"youtube_conversion_error":"","youtube_conversion_status":""},{"article_body_paragraphs":[],"audio_source_url":null,"author":"Mart\u00ed Noticias","available_dubs":[],"downloadable_assets":[],"duration_display":"1:51:19","duration_seconds":6679.0,"embed_url":"https://www.youtube.com/embed/AjthUuuueic","id":14481,"image_caption":null,"image_url":"https://i.ytimg.com/vi/AjthUuuueic/hqdefault.jpg?sqp=-oaymwE2CNACELwBSFXyq4qpAygIARUAAIhCGAFwAcABBvABAfgB_gmAAtAFigIMCAAQARhkIGQoZDAP&rs=AOn4CLCp_fI95sOnP_z0ubmhji6E4wrsYQ","is_clip":false,"is_youtube_embed":true,"item_type":"video","item_type_label":"Video","language_label":"Espa\u00f1ol","media_credit":"Mart\u00ed Noticias","micro_label":"Video report","micro_label_kind":"video","network_label":"Mart\u00ed Noticias","network_logo_url":"/static/uploads/direct_network_logos/ocb_0888427dcb1d.svg","published_at":"2026-06-22T00:00:00","published_at_display":"22 Jun 2026, 00:00 GMT","sequence_badge_label":null,"sequence_count":null,"sequence_count_label":null,"sequence_frames":[],"sequence_kind":null,"source_name":"tv_marti_noticias_youtube_playlists","source_name_label":"Mart\u00ed Noticias","source_type":"scrape","summary":null,"title":"Mart\u00ed Noticias AM","topic":"Mart\u00ed Noticias AM","translation_language":"","url":"https://www.youtube.com/watch?v=AjthUuuueic","video_url":null,"youtube_conversion_active":false,"youtube_conversion_error":"","youtube_conversion_status":""},{"article_body_paragraphs":[],"audio_source_url":null,"author":"Mart\u00ed Noticias","available_dubs":[],"downloadable_assets":["https://ocb-video-ns.akamaized.net/pangeavideo/2026/06/d/de/de56b006-6f97-4769-5908-08decd6ea425_1080p.mp4?cb=ee1ca4806"],"duration_display":"13:33","duration_seconds":813.0,"embed_url":null,"id":12732,"image_caption":null,"image_url":"https://gdb.martinoticias.com/de56b006-6f97-4769-5908-08decd6ea425_tv_w1080_h608.jpg","is_clip":false,"is_youtube_embed":false,"item_type":"video","item_type_label":"Video","language_label":"Espa\u00f1ol","media_credit":"Mart\u00ed Noticias","micro_label":"Video report","micro_label_kind":"video","network_label":"Mart\u00ed Noticias","network_logo_url":"/static/uploads/direct_network_logos/ocb_0888427dcb1d.svg","published_at":"2026-06-21T21:00:54","published_at_display":"21 Jun 2026, 21:00 GMT","sequence_badge_label":null,"sequence_count":null,"sequence_count_label":null,"sequence_frames":[],"sequence_kind":null,"source_name":"ocb_spanish_video_scrape","source_name_label":"Mart\u00ed Noticias Video","source_type":"scrape","summary":"Desde los campos de Mount Vernon hasta el Capitolio y el Cementerio Nacional de Arlington, este reportaje explora los momentos, l\u00edderes pol\u00edticos y desaf\u00edos que han marcado a los Estados Unidos en sus 250 a\u00f1os de Independencia, una naci\u00f3n construida sobre las bases de la libertad.","title":"Estampas de Libertad: 250 a\u00f1os de Independencia","topic":"Audiovisuales Mart\u00ed","translation_language":"","url":"https://www.martinoticias.com/a/estampas-de-libertad-250-a%C3%B1os-de-independencia/469115.html","video_url":"https://ocb-video-ns.akamaized.net/pangeavideo/2026/06/d/de/de56b006-6f97-4769-5908-08decd6ea425_1080p.mp4?cb=ee1ca4806","youtube_conversion_active":false,"youtube_conversion_error":"","youtube_conversion_status":""},{"article_body_paragraphs":[],"audio_source_url":null,"author":"Mart\u00ed Noticias","available_dubs":[],"downloadable_assets":[],"duration_display":"1:19:46","duration_seconds":4786.0,"embed_url":"https://www.youtube.com/embed/frpI5YNCAU8","id":14482,"image_caption":null,"image_url":"https://i.ytimg.com/vi/frpI5YNCAU8/hqdefault.jpg?sqp=-oaymwE2CNACELwBSFXyq4qpAygIARUAAIhCGAFwAcABBvABAfgB_gmAAtAFigIMCAAQARh_IBMoHzAP&rs=AOn4CLCNTMA3gCNOyiKRGFrzJ56WL9I8Vw","is_clip":false,"is_youtube_embed":true,"item_type":"video","item_type_label":"Video","language_label":"Espa\u00f1ol","media_credit":"Mart\u00ed Noticias","micro_label":"Video report","micro_label_kind":"video","network_label":"Mart\u00ed Noticias","network_logo_url":"/static/uploads/direct_network_logos/ocb_0888427dcb1d.svg","published_at":"2026-06-19T00:00:00","published_at_display":"19 Jun 2026, 00:00 GMT","sequence_badge_label":null,"sequence_count":null,"sequence_count_label":null,"sequence_frames":[],"sequence_kind":null,"source_name":"tv_marti_noticias_youtube_playlists","source_name_label":"Mart\u00ed Noticias","source_type":"scrape","summary":null,"title":"Mart\u00ed Noticias AM","topic":"Mart\u00ed Noticias AM","translation_language":"","url":"https://www.youtube.com/watch?v=frpI5YNCAU8","video_url":null,"youtube_conversion_active":false,"youtube_conversion_error":"","youtube_conversion_status":""},{"article_body_paragraphs":[],"audio_source_url":null,"author":"Mart\u00ed Noticias","available_dubs":[],"downloadable_assets":[],"duration_display":"1:26:20","duration_seconds":5180.0,"embed_url":"https://www.youtube.com/embed/y9KjVeLEL7E","id":14483,"image_caption":null,"image_url":"https://i.ytimg.com/vi/y9KjVeLEL7E/hqdefault.jpg?sqp=-oaymwE2CNACELwBSFXyq4qpAygIARUAAIhCGAFwAcABBvABAfgB_gmAAtAFigIMCAAQARgTICYofzAP&rs=AOn4CLAQQbU6hO_L3yCAaegP7i2YDng8gQ","is_clip":false,"is_youtube_embed":true,"item_type":"video","item_type_label":"Video","language_label":"Espa\u00f1ol","media_credit":"Mart\u00ed Noticias","micro_label":"Video report","micro_label_kind":"video","network_label":"Mart\u00ed Noticias","network_logo_url":"/static/uploads/direct_network_logos/ocb_0888427dcb1d.svg","published_at":"2026-06-18T00:00:00","published_at_display":"18 Jun 2026, 00:00 GMT","sequence_badge_label":null,"sequence_count":null,"sequence_count_label":null,"sequence_frames":[],"sequence_kind":null,"source_name":"tv_marti_noticias_youtube_playlists","source_name_label":"Mart\u00ed Noticias","source_type":"scrape","summary":null,"title":"Mart\u00ed Not\u00edcias AM","topic":"Mart\u00ed Noticias AM","translation_language":"","url":"https://www.youtube.com/watch?v=y9KjVeLEL7E","video_url":null,"youtube_conversion_active":false,"youtube_conversion_error":"","youtube_conversion_status":""},{"article_body_paragraphs":[],"audio_source_url":null,"author":"Mart\u00ed Noticias","available_dubs":[],"downloadable_assets":[],"duration_display":"1:29:59","duration_seconds":5399.0,"embed_url":"https://www.youtube.com/embed/ClHnfR-PW_A","id":14484,"image_caption":null,"image_url":"https://i.ytimg.com/vi/ClHnfR-PW_A/hqdefault.jpg?sqp=-oaymwE2CNACELwBSFXyq4qpAygIARUAAIhCGAFwAcABBvABAfgB_gmAAtAFigIMCAAQARhyIGEoOjAP&rs=AOn4CLAwU0lCwuNSP--iiIFuqx8L-IXP7Q","is_clip":false,"is_youtube_embed":true,"item_type":"video","item_type_label":"Video","language_label":"Espa\u00f1ol","media_credit":"Mart\u00ed Noticias","micro_label":"Video report","micro_label_kind":"video","network_label":"Mart\u00ed Noticias","network_logo_url":"/static/uploads/direct_network_logos/ocb_0888427dcb1d.svg","published_at":"2026-06-17T00:00:00","published_at_display":"17 Jun 2026, 00:00 GMT","sequence_badge_label":null,"sequence_count":null,"sequence_count_label":null,"sequence_frames":[],"sequence_kind":null,"source_name":"tv_marti_noticias_youtube_playlists","source_name_label":"Mart\u00ed Noticias","source_type":"scrape","summary":null,"title":"Mart\u00ed Noticias AM","topic":"Mart\u00ed Noticias AM","translation_language":"","url":"https://www.youtube.com/watch?v=ClHnfR-PW_A","video_url":null,"youtube_conversion_active":false,"youtube_conversion_error":"","youtube_conversion_status":""}],"next_num":6,"page":5,"pages":9,"per_page":20,"prev_num":4,"total":165}
