{"applied_filters":{"end_date":"","lang":"","language":"","network":"Mart\u00ed Noticias","page":6,"per_page":20,"search":"","source":"","start_date":"","topic":"","type":"audio"},"available_filters":{"language_choices":[{"label":"Choose Language","value":""},{"label":"English","value":"English"},{"label":"Espa\u00f1ol","value":"Espa\u00f1ol"}],"network_choices":[{"label":"All networks","value":""},{"label":"Mart\u00ed Noticias","value":"Mart\u00ed Noticias"}],"source_choices":[{"label":"All sources","value":""},{"label":"Mart\u00ed Noticias \u00b7 Caf\u00e9 Digital","value":"ocb_spanish_audio_html_scrape"},{"label":"Mart\u00ed Noticias \u00b7 Liberaci\u00f3n","value":"ocb_spanish_audio_html_scrape_1001"},{"label":"Mart\u00ed Noticias \u00b7 Programas de Radio Nuestra Am\u00e9rica","value":"ocb_spanish_audio_html_scrape_1016"},{"label":"Mart\u00ed Noticias \u00b7 Agenda hemisf\u00e9rica","value":"ocb_spanish_audio_html_scrape_1028"},{"label":"Mart\u00ed Noticias \u00b7 El futuro es ya","value":"ocb_spanish_audio_html_scrape_1056"},{"label":"Mart\u00ed Noticias \u00b7 Foro abierto","value":"ocb_spanish_audio_html_scrape_1061"},{"label":"Mart\u00ed Noticias \u00b7 Nicaragua al d\u00eda","value":"ocb_spanish_audio_html_scrape_1077"},{"label":"Mart\u00ed Noticias \u00b7 La bola nostra","value":"ocb_spanish_audio_html_scrape_1078"},{"label":"Mart\u00ed Noticias \u00b7 Taller de prensa","value":"ocb_spanish_audio_html_scrape_1103"},{"label":"Mart\u00ed Noticias \u00b7 Las noticias como son","value":"ocb_spanish_audio_html_scrape_142"},{"label":"Mart\u00ed Noticias \u00b7 Abriendo Espacios","value":"ocb_spanish_audio_html_scrape_562"},{"label":"Mart\u00ed Noticias \u00b7 Mart\u00ed Noticias A.M.","value":"ocb_spanish_audio_html_scrape_668"},{"label":"Mart\u00ed Noticias Audio","value":"ocb_spanish_audio_scrape"},{"label":"Mart\u00ed Noticias Direct","value":"radiotelevisionmarti_com_direct"},{"label":"Mart\u00ed Noticias RSS","value":"radiotelevisionmarti_com_rss"}],"sources":["ocb_spanish_audio_html_scrape","ocb_spanish_audio_html_scrape_1001","ocb_spanish_audio_html_scrape_1016","ocb_spanish_audio_html_scrape_1028","ocb_spanish_audio_html_scrape_1056","ocb_spanish_audio_html_scrape_1061","ocb_spanish_audio_html_scrape_1077","ocb_spanish_audio_html_scrape_1078","ocb_spanish_audio_html_scrape_1103","ocb_spanish_audio_html_scrape_142","ocb_spanish_audio_html_scrape_562","ocb_spanish_audio_html_scrape_668","ocb_spanish_audio_scrape","radiotelevisionmarti_com_direct","radiotelevisionmarti_com_rss"],"topics":["Abriendo Espacios","Agenda hemisf\u00e9rica","Barrio Adentro","Caf\u00e9 Digital","Cuba al D\u00eda","Cuba en la Memoria","De cara al sol","El futuro es ya","Foro abierto","Hablando claro","La libertad es una librer\u00eda","Las noticias como son","Lawton Libre","Liberaci\u00f3n","Mart\u00ed Noticias A.M.","Nicaragua al d\u00eda","Programas de Radio Nuestra Am\u00e9rica","Radio Mart\u00ed","Taller de prensa","adri%C3%A1n del sol mi padre est%C3%A1 muy d%C3%A9bil","atienden a mas de 50 personas en santiago de cuba por presunta intoxicacion alimentaria","auge en contagios de dengue en cuba","aumenta a 379 la cifra de desaparecidos por terremoto en colombia hay 285 fallecidos","banco mundial desembolsa millonaria ayuda para afectados por terremoto en colombia","brote de enfermedades diarreicas se extiende en cuba","casi 300 fallecidos almenos 4 000 heridos y 140 desaparecidos a 7 dias del terremoto en colombia","cifra de muertos por el terremoto en colombia supera las 200 personas seg%C3%BAn reporte","colombia declara estado de emergencia durante 30 dias por grave calamidad","colombia ingresa formalmente al escudo de las am%C3%A9ricas liderado por washington","convocan marcha pac%C3%ADfica por la libertad de todos los presos pol%C3%ADticos en venezuela","crece reclutamiento de ni%C3%B1os y ni%C3%B1as en colombia por parte de grupos ilegales seg%C3%BAn hrw","creo que el presidente trump ir%C3%A1 a la habana antes de que termine su mandato","eeuu cierra acuerdo petrolero que le dar%C3%A1 importante control de reservas venezolanas","eeuu ecuador y colombia se reunen para acordar lucha contra mafias del narcotr%C3%A1fico","eeuu sostiene operaciones militares junto a ecuador cerca de la frontera con colombia","el papel peri%C3%B3dico de la habana autores sociedad patri%C3%B3tica de la habana y sociedad econ%C3%B3mica de amigos del pa%C3","el socialismo es la peor tentaci%C3%B3n pol%C3%ADtica de nuestro hemisferio sara b rogers","gobierno de colombia da por terminada conversaciones con otros tres grupos armados ilegales","informe pide mayor presencia militar en cuba","jeffrey bartos en la onu","joven con vih permanece encarcelado tras protesta por apagones en guanabacoa","la bola nostra","la ola de robos a la infraestructura publica y privada agrava la crisis en cuba","la periodista independiente yoanni limonta reporta una protesta frente al gobierno provincial de cienfuegos tras apagones de mas","las farmacias privadas abren en cuba entre criticas por sus altos precios y dudas medicas sobre sus controles","m%C3%A1s hoteles menos hospitales","oea aprueba convocatoria urgente de cancilleres para condenar a la dictadura de nicaragua","padre castor %C3%A1lvarez devesa","rechazo en cuba a los festejos estatales durante el colapso de los servicios basicos","sismo de 7 4 en colombia deja m%C3%A1s de 100 muertos 87 heridos y 61 edificios colapsados","trump asegura que eeuu y venezuela est%C3%A1n haciendo una fortuna con acuerdo petrolero","venezuela todav%C3%ADa no est%C3%A1 preparada para celebrar elecciones reafirma donaldtrump","y solo estamos en verano autora grethel delgado %C3%A1lvarez"],"types":[["","All types"],["article","Articles"],["audio","Audio"],["video","Videos"],["clips","Clips"],["media","Media"]]},"has_next":true,"has_prev":true,"items":[{"article_body_paragraphs":[],"audio_source_url":"https://ocb-audio-ns.akamaized.net/cu/2026/08/27/20260827-120000-cu004-program.mp3","author":null,"available_dubs":[],"downloadable_assets":["https://ocb-audio-ns.akamaized.net/cu/2026/08/27/20260827-120000-cu004-program.mp3"],"duration_display":"1:59:58","duration_seconds":7198.0,"embed_url":null,"id":13462,"image_caption":null,"image_url":"https://gdb.martinoticias.com/01000000-0a00-0242-bdd1-08dbc11b65e6_w1200_h630.jpg","is_clip":false,"is_youtube_embed":false,"item_type":"audio","item_type_label":"Audio","language_label":"Espa\u00f1ol","media_credit":null,"micro_label":"Audio program","micro_label_kind":"audio","network_label":"Mart\u00ed Noticias","network_logo_url":"/static/uploads/direct_network_logos/ocb_0888427dcb1d.svg","published_at":"2026-08-27T12:00:00","published_at_display":"27 Aug 2026, 12:00 GMT","sequence_badge_label":null,"sequence_count":null,"sequence_count_label":null,"sequence_frames":[],"sequence_kind":null,"source_name":"ocb_spanish_audio_html_scrape_668","source_name_label":"Mart\u00ed Noticias \u00b7 Mart\u00ed Noticias A.M.","source_type":"scrape","summary":"Revista informativa con los \u00faltimos acontecimientos ocurridos en Cuba y el mundo. Con entrevistas y temas de actualidad relacionados a la pol\u00edtica, la econom\u00eda y de inter\u00e9s general.","title":"Martinoticias AM","topic":"Mart\u00ed Noticias A.M.","translation_language":"","url":"https://www.martinoticias.com/a/474980.html","video_url":null,"youtube_conversion_active":false,"youtube_conversion_error":"","youtube_conversion_status":""},{"article_body_paragraphs":[],"audio_source_url":"https://ocb-audio-ns.akamaized.net/cu/2026/08/26/53b53c8e-079d-4162-5a90-08decd6ea425.mp3","author":null,"available_dubs":[],"downloadable_assets":["https://ocb-audio-ns.akamaized.net/cu/2026/08/26/53b53c8e-079d-4162-5a90-08decd6ea425.mp3"],"duration_display":"27:58","duration_seconds":1678.0,"embed_url":null,"id":13419,"image_caption":null,"image_url":"https://gdb.martinoticias.com/84acd38a-4029-40b0-7c75-08def2b1c8fe_w1200_h630.jpg","is_clip":false,"is_youtube_embed":false,"item_type":"audio","item_type_label":"Audio","language_label":"Espa\u00f1ol","media_credit":null,"micro_label":"Audio program","micro_label_kind":"audio","network_label":"Mart\u00ed Noticias","network_logo_url":"/static/uploads/direct_network_logos/ocb_0888427dcb1d.svg","published_at":"2026-08-26T19:45:50","published_at_display":"26 Aug 2026, 19:45 GMT","sequence_badge_label":null,"sequence_count":null,"sequence_count_label":null,"sequence_frames":[],"sequence_kind":null,"source_name":"ocb_spanish_audio_html_scrape_142","source_name_label":"Mart\u00ed Noticias \u00b7 Las noticias como son","source_type":"scrape","summary":"Amado Gil y Jos\u00e9 Luis Ramos, en Tertulia con Reinaldo Escobar y el economista Julio Smith, desde La Habana, opinan sobre la reuni\u00f3n entre D\u00edaz Canel y el sector privado donde le pide a este \u00faltimo m\u00e1s producci\u00f3n y menos ganancias. Pedro Monreal escribi\u00f3 que esto es un sabotaje a las 176 medidas.","title":"Las noticias como son","topic":"Las noticias como son","translation_language":"","url":"https://www.martinoticias.com/a/476333.html","video_url":null,"youtube_conversion_active":false,"youtube_conversion_error":"","youtube_conversion_status":""},{"article_body_paragraphs":[],"audio_source_url":"https://ocb-audio-ns.akamaized.net/cu/2026/08/26/12a38d0f-9b1b-44f1-68f4-08def2ff2efe.mp3","author":null,"available_dubs":[],"downloadable_assets":["https://ocb-audio-ns.akamaized.net/cu/2026/08/26/12a38d0f-9b1b-44f1-68f4-08def2ff2efe.mp3"],"duration_display":"30:00","duration_seconds":1800.0,"embed_url":null,"id":13520,"image_caption":null,"image_url":"https://gdb.martinoticias.com/7f93a5e8-6e2f-4559-aae0-b8da6ad26520_cx0_cy1_cw100_w1200_h630.jpg","is_clip":false,"is_youtube_embed":false,"item_type":"audio","item_type_label":"Audio","language_label":"Espa\u00f1ol","media_credit":null,"micro_label":"Audio program","micro_label_kind":"audio","network_label":"Mart\u00ed Noticias","network_logo_url":"/static/uploads/direct_network_logos/ocb_0888427dcb1d.svg","published_at":"2026-08-26T18:32:30","published_at_display":"26 Aug 2026, 18:32 GMT","sequence_badge_label":null,"sequence_count":null,"sequence_count_label":null,"sequence_frames":[],"sequence_kind":null,"source_name":"ocb_spanish_audio_html_scrape_1016","source_name_label":"Mart\u00ed Noticias \u00b7 Programas de Radio Nuestra Am\u00e9rica","source_type":"scrape","summary":"El gobernador de Sinaloa, Rub\u00e9n Rocha Moya, se\u00f1alado de presuntos nexos con el c\u00e1rtel local, luego de 112 dias separado del cargo regresa a su puesto, pero a s\u00f3lo horas de haber reasumido solicita nueva licencia para ausentarse en medio de una fuerte presi\u00f3n de la Presidenta y su partido Morena","title":"Caso del Gobernador de Sinaloa, Rub\u00e9n Rocha Moya, aumenta tensi\u00f3n pol\u00edtica en M\u00e9xico","topic":"Programas de Radio Nuestra Am\u00e9rica","translation_language":"","url":"https://www.martinoticias.com/a/476325.html","video_url":null,"youtube_conversion_active":false,"youtube_conversion_error":"","youtube_conversion_status":""},{"article_body_paragraphs":[],"audio_source_url":"https://ocb-audio-ns.akamaized.net/cu/2026/08/26/20260826-180000-cu004-program_hq.mp3","author":"Mario J. Pent\u00f3n","available_dubs":[],"downloadable_assets":["https://ocb-audio-ns.akamaized.net/cu/2026/08/26/20260826-180000-cu004-program_hq.mp3"],"duration_display":"29:59","duration_seconds":1799.0,"embed_url":null,"id":9336,"image_caption":null,"image_url":"https://gdb.martinoticias.com/cb75a074-a814-4e7a-df7e-08de31a8b205_mw2048_mh2048_n.jpg","is_clip":false,"is_youtube_embed":false,"item_type":"audio","item_type_label":"Audio","language_label":"Espa\u00f1ol","media_credit":"OCB","micro_label":"Audio program","micro_label_kind":"audio","network_label":"Mart\u00ed Noticias","network_logo_url":"/static/uploads/direct_network_logos/ocb_0888427dcb1d.svg","published_at":"2026-08-26T18:00:00","published_at_display":"26 Aug 2026, 18:00 GMT","sequence_badge_label":null,"sequence_count":null,"sequence_count_label":null,"sequence_frames":[],"sequence_kind":null,"source_name":"radiotelevisionmarti_com_direct","source_name_label":"Mart\u00ed Noticias Direct","source_type":"direct_api","summary":"En entrevista con el jefe de gabinete en Washington del congresista republicano Carlos Gim\u00e9nez, hablamos sobre el tema migratorio, las actuaciones de ICE, la cancelaci\u00f3n de CBP One y el parole humanitario, adem\u00e1s sobre los casos pendientes bajo la Ley de Ajuste Cubano y las restricciones de visas","title":"Cuba al D\u00eda con Rey Anthony","topic":"Cuba al D\u00eda","translation_language":"","url":"https://ocb-audio-ns.akamaized.net/cu/2026/08/26/20260826-180000-cu004-program_hq.mp3","video_url":null,"youtube_conversion_active":false,"youtube_conversion_error":"","youtube_conversion_status":""},{"article_body_paragraphs":[],"audio_source_url":"https://ocb-audio-ns.akamaized.net/cu/2026/08/26/20260826-153000-cu004-program_hq.mp3","author":"Janisset Rivero","available_dubs":[],"downloadable_assets":["https://ocb-audio-ns.akamaized.net/cu/2026/08/26/20260826-153000-cu004-program_hq.mp3"],"duration_display":"29:59","duration_seconds":1799.0,"embed_url":null,"id":9267,"image_caption":null,"image_url":"https://gdb.martinoticias.com/e4ea45fa-9d9b-4bf5-a3fc-20ab3cf12810_mw2048_mh2048_n.png","is_clip":false,"is_youtube_embed":false,"item_type":"audio","item_type_label":"Audio","language_label":"Espa\u00f1ol","media_credit":"OCB","micro_label":"Audio program","micro_label_kind":"audio","network_label":"Mart\u00ed Noticias","network_logo_url":"/static/uploads/direct_network_logos/ocb_0888427dcb1d.svg","published_at":"2026-08-26T15:30:00","published_at_display":"26 Aug 2026, 15:30 GMT","sequence_badge_label":null,"sequence_count":null,"sequence_count_label":null,"sequence_frames":[],"sequence_kind":null,"source_name":"radiotelevisionmarti_com_direct","source_name_label":"Mart\u00ed Noticias Direct","source_type":"direct_api","summary":"La realidad de Cuba a trav\u00e9s del testimonio de residentes dentro de la isla, quienes actualizar\u00e1n el panorama interno de la mano de su conductora, la activista y escritora cubana Janisset Rivero.","title":"Barrio adentro","topic":"Barrio Adentro","translation_language":"","url":"https://ocb-audio-ns.akamaized.net/cu/2026/08/26/20260826-153000-cu004-program_hq.mp3","video_url":null,"youtube_conversion_active":false,"youtube_conversion_error":"","youtube_conversion_status":""},{"article_body_paragraphs":[],"audio_source_url":"https://ocb-audio-ns.akamaized.net/cu/2026/08/26/20260826-150000-cu004-program.mp3","author":null,"available_dubs":[],"downloadable_assets":["https://ocb-audio-ns.akamaized.net/cu/2026/08/26/20260826-150000-cu004-program.mp3"],"duration_display":"29:59","duration_seconds":1799.0,"embed_url":null,"id":13544,"image_caption":null,"image_url":"https://gdb.martinoticias.com/b2b59104-d36d-4dfd-2e75-08de3c04d4d2_w1200_h630.jpg","is_clip":false,"is_youtube_embed":false,"item_type":"audio","item_type_label":"Audio","language_label":"Espa\u00f1ol","media_credit":null,"micro_label":"Audio program","micro_label_kind":"audio","network_label":"Mart\u00ed Noticias","network_logo_url":"/static/uploads/direct_network_logos/ocb_0888427dcb1d.svg","published_at":"2026-08-26T15:00:00","published_at_display":"26 Aug 2026, 15:00 GMT","sequence_badge_label":null,"sequence_count":null,"sequence_count_label":null,"sequence_frames":[],"sequence_kind":null,"source_name":"ocb_spanish_audio_html_scrape_1077","source_name_label":"Mart\u00ed Noticias \u00b7 Nicaragua al d\u00eda","source_type":"scrape","summary":"Un espacio de Radio Mart\u00ed para comentar, analizar y debatir las noticias que marcan el presente de Nicaragua. Una cita semanal de quienes aman la libertad, la democracia y la verdad; con quienes resisten desde adentro y desde el exilio, por una patria libre, pr\u00f3spera y democr\u00e1tica.","title":"Nicaragua al d\u00eda","topic":"Nicaragua al d\u00eda","translation_language":"","url":"https://www.martinoticias.com/a/474904.html","video_url":null,"youtube_conversion_active":false,"youtube_conversion_error":"","youtube_conversion_status":""},{"article_body_paragraphs":[],"audio_source_url":"https://ocb-audio-ns.akamaized.net/cu/2026/08/26/20260826-140000-cu004-program.mp3","author":null,"available_dubs":[],"downloadable_assets":["https://ocb-audio-ns.akamaized.net/cu/2026/08/26/20260826-140000-cu004-program.mp3"],"duration_display":"59:59","duration_seconds":3599.0,"embed_url":null,"id":13449,"image_caption":null,"image_url":"https://gdb.martinoticias.com/757bc839-4e1d-4e4d-640c-08de3c08cd61_w1200_h630.png","is_clip":false,"is_youtube_embed":false,"item_type":"audio","item_type_label":"Audio","language_label":"Espa\u00f1ol","media_credit":null,"micro_label":"Audio program","micro_label_kind":"audio","network_label":"Mart\u00ed Noticias","network_logo_url":"/static/uploads/direct_network_logos/ocb_0888427dcb1d.svg","published_at":"2026-08-26T14:00:00","published_at_display":"26 Aug 2026, 14:00 GMT","sequence_badge_label":null,"sequence_count":null,"sequence_count_label":null,"sequence_frames":[],"sequence_kind":null,"source_name":"ocb_spanish_audio_html_scrape_1056","source_name_label":"Mart\u00ed Noticias \u00b7 El futuro es ya","source_type":"scrape","summary":"Un espacio donde analistas, expertos y activistas examinan y debaten las \u00faltimas noticias y acontecimientos que marcan la realidad cubana.\u201d","title":"El futuro es ya","topic":"El futuro es ya","translation_language":"","url":"https://www.martinoticias.com/a/474902.html","video_url":null,"youtube_conversion_active":false,"youtube_conversion_error":"","youtube_conversion_status":""},{"article_body_paragraphs":[],"audio_source_url":"https://ocb-audio-ns.akamaized.net/cu/2026/08/26/20260826-120000-cu004-program.mp3","author":null,"available_dubs":[],"downloadable_assets":["https://ocb-audio-ns.akamaized.net/cu/2026/08/26/20260826-120000-cu004-program.mp3"],"duration_display":"1:59:59","duration_seconds":7199.0,"embed_url":null,"id":13463,"image_caption":null,"image_url":"https://gdb.martinoticias.com/01000000-0a00-0242-bdd1-08dbc11b65e6_w1200_h630.jpg","is_clip":false,"is_youtube_embed":false,"item_type":"audio","item_type_label":"Audio","language_label":"Espa\u00f1ol","media_credit":null,"micro_label":"Audio program","micro_label_kind":"audio","network_label":"Mart\u00ed Noticias","network_logo_url":"/static/uploads/direct_network_logos/ocb_0888427dcb1d.svg","published_at":"2026-08-26T12:00:00","published_at_display":"26 Aug 2026, 12:00 GMT","sequence_badge_label":null,"sequence_count":null,"sequence_count_label":null,"sequence_frames":[],"sequence_kind":null,"source_name":"ocb_spanish_audio_html_scrape_668","source_name_label":"Mart\u00ed Noticias \u00b7 Mart\u00ed Noticias A.M.","source_type":"scrape","summary":"Revista informativa con los \u00faltimos acontecimientos ocurridos en Cuba y el mundo. Con entrevistas y temas de actualidad relacionados a la pol\u00edtica, la econom\u00eda y de inter\u00e9s general.","title":"Martinoticias AM","topic":"Mart\u00ed Noticias A.M.","translation_language":"","url":"https://www.martinoticias.com/a/474901.html","video_url":null,"youtube_conversion_active":false,"youtube_conversion_error":"","youtube_conversion_status":""},{"article_body_paragraphs":[],"audio_source_url":"https://ocb-audio-ns.akamaized.net/cu/2026/08/26/0f9be26f-66e0-40d2-cfce-08decd5b38e4.mp3","author":null,"available_dubs":[],"downloadable_assets":["https://ocb-audio-ns.akamaized.net/cu/2026/08/26/0f9be26f-66e0-40d2-cfce-08decd5b38e4.mp3"],"duration_display":"2:41","duration_seconds":161.0,"embed_url":null,"id":13348,"image_caption":null,"image_url":"https://gdb.martinoticias.com/7d118c48-5ba6-4573-0b8d-08ddd97a3803_w1200_h630.jpg","is_clip":false,"is_youtube_embed":false,"item_type":"audio","item_type_label":"Audio","language_label":"Espa\u00f1ol","media_credit":null,"micro_label":"Audio program","micro_label_kind":"audio","network_label":"Mart\u00ed Noticias","network_logo_url":"/static/uploads/direct_network_logos/ocb_0888427dcb1d.svg","published_at":"2026-08-26T00:23:06","published_at_display":"26 Aug 2026, 00:23 GMT","sequence_badge_label":null,"sequence_count":null,"sequence_count_label":null,"sequence_frames":[],"sequence_kind":null,"source_name":"ocb_spanish_audio_scrape","source_name_label":"Mart\u00ed Noticias Audio","source_type":"scrape","summary":"El panel de jueces encabezado por el magistrado Bradley N. Garc\u00eda remarc\u00f3 que, tras casi ocho a\u00f1os de litigio, las constantes apelaciones de la entidad solo han servido para dilatar la resoluci\u00f3n sobre el fondo del asunto.","title":"Tribunal da luz verde para que contin\u00fae proceso legal contra la OPS por misiones m\u00e9dicas cubanas en Brasil","topic":"Radio Mart\u00ed","translation_language":"","url":"https://www.martinoticias.com/a/476307.html","video_url":null,"youtube_conversion_active":false,"youtube_conversion_error":"","youtube_conversion_status":""},{"article_body_paragraphs":[],"audio_source_url":"https://ocb-audio-ns.akamaized.net/cu/2026/08/25/ad3abeb2-1941-4dab-03fc-08decd63a0c8.mp3","author":null,"available_dubs":[],"downloadable_assets":["https://ocb-audio-ns.akamaized.net/cu/2026/08/25/ad3abeb2-1941-4dab-03fc-08decd63a0c8.mp3"],"duration_display":"28:26","duration_seconds":1706.0,"embed_url":null,"id":13420,"image_caption":null,"image_url":"https://gdb.martinoticias.com/a9443556-5252-4c77-03fa-08decd63a0c8_w1200_h630.jpg","is_clip":false,"is_youtube_embed":false,"item_type":"audio","item_type_label":"Audio","language_label":"Espa\u00f1ol","media_credit":null,"micro_label":"Audio program","micro_label_kind":"audio","network_label":"Mart\u00ed Noticias","network_logo_url":"/static/uploads/direct_network_logos/ocb_0888427dcb1d.svg","published_at":"2026-08-25T19:09:41","published_at_display":"25 Aug 2026, 19:09 GMT","sequence_badge_label":null,"sequence_count":null,"sequence_count_label":null,"sequence_frames":[],"sequence_kind":null,"source_name":"ocb_spanish_audio_html_scrape_142","source_name_label":"Mart\u00ed Noticias \u00b7 Las noticias como son","source_type":"scrape","summary":"Amado Gil, en tertulia con Vladimir Turr\u00f3 y Jos\u00e9 Luis Tan Estrada, comentan la aceptaci\u00f3n de Havanatur de clientes cubanos que paguen en d\u00f3lares. Uno de los efectos de la baja del turismo es la perdida de empleos en medio de la crisis. Y sigue el robo de aceite diel\u00e9ctrico.","title":"Las noticias como son","topic":"Las noticias como son","translation_language":"","url":"https://www.martinoticias.com/a/476248.html","video_url":null,"youtube_conversion_active":false,"youtube_conversion_error":"","youtube_conversion_status":""},{"article_body_paragraphs":[],"audio_source_url":"https://ocb-audio-ns.akamaized.net/cu/2026/08/15/714369da-2b6b-42cf-689a-08def2ff2efe_hq.mp3","author":"Pedro Corzo","available_dubs":[],"downloadable_assets":["https://ocb-audio-ns.akamaized.net/cu/2026/08/15/714369da-2b6b-42cf-689a-08def2ff2efe_hq.mp3"],"duration_display":"25:16","duration_seconds":1516.0,"embed_url":null,"id":5559,"image_caption":null,"image_url":"https://gdb.martinoticias.com/3f5ab296-2eb5-4fc1-f592-08ddb878a439_mw2048_mh2048_n.jpg","is_clip":false,"is_youtube_embed":false,"item_type":"audio","item_type_label":"Audio","language_label":"Espa\u00f1ol","media_credit":"OCB","micro_label":"Audio program","micro_label_kind":"audio","network_label":"Mart\u00ed Noticias","network_logo_url":"/static/uploads/direct_network_logos/ocb_0888427dcb1d.svg","published_at":"2026-08-25T18:46:41.037000","published_at_display":"25 Aug 2026, 18:46 GMT","sequence_badge_label":null,"sequence_count":null,"sequence_count_label":null,"sequence_frames":[],"sequence_kind":null,"source_name":"radiotelevisionmarti_com_direct","source_name_label":"Mart\u00ed Noticias Direct","source_type":"direct_api","summary":"Una conversaci\u00f3n sobre la realidad cubana. La lucha, el presidio pol\u00edtico, la denuncia internacional, el activismo pac\u00edfico en las voces de sus protagonistas.","title":"Cuba en la Memoria con el expreso pol\u00edtico con Ernesto Diaz","topic":"Cuba en la Memoria","translation_language":"","url":"https://ocb-audio-ns.akamaized.net/cu/2026/08/15/714369da-2b6b-42cf-689a-08def2ff2efe_hq.mp3","video_url":null,"youtube_conversion_active":false,"youtube_conversion_error":"","youtube_conversion_status":""},{"article_body_paragraphs":[],"audio_source_url":"https://ocb-audio-ns.akamaized.net/cu/2026/08/25/639c03c3-9bef-4e21-68e5-08def2ff2efe.mp3","author":null,"available_dubs":[],"downloadable_assets":["https://ocb-audio-ns.akamaized.net/cu/2026/08/25/639c03c3-9bef-4e21-68e5-08def2ff2efe.mp3"],"duration_display":"2:54","duration_seconds":174.0,"embed_url":null,"id":13349,"image_caption":null,"image_url":"https://gdb.martinoticias.com/f617cca3-512c-405c-aca4-08decd4f1c2d_cx0_cy58_cw100_w1200_h630.jpg","is_clip":false,"is_youtube_embed":false,"item_type":"audio","item_type_label":"Audio","language_label":"Espa\u00f1ol","media_credit":null,"micro_label":"Audio program","micro_label_kind":"audio","network_label":"Mart\u00ed Noticias","network_logo_url":"/static/uploads/direct_network_logos/ocb_0888427dcb1d.svg","published_at":"2026-08-25T18:46:16","published_at_display":"25 Aug 2026, 18:46 GMT","sequence_badge_label":null,"sequence_count":null,"sequence_count_label":null,"sequence_frames":[],"sequence_kind":null,"source_name":"ocb_spanish_audio_scrape","source_name_label":"Mart\u00ed Noticias Audio","source_type":"scrape","summary":"Brote de intoxicaci\u00f3n alimentaria en Santiago de Cuba activa alarmas por venta de sal de nitro y pan en mal estado.","title":"Atienden a m\u00e1s de 50 personas en Santiago de Cuba por presunta intoxicaci\u00f3n alimentaria","topic":"atienden a mas de 50 personas en santiago de cuba por presunta intoxicacion alimentaria","translation_language":"","url":"https://www.martinoticias.com/a/atienden-a-mas-de-50-personas-en-santiago-de-cuba-por-presunta-intoxicacion-alimentaria/476239.html","video_url":null,"youtube_conversion_active":false,"youtube_conversion_error":"","youtube_conversion_status":""},{"article_body_paragraphs":[],"audio_source_url":"https://ocb-audio-ns.akamaized.net/cu/2026/08/25/20260825-180000-cu004-program_hq.mp3","author":"Mario J. Pent\u00f3n","available_dubs":[],"downloadable_assets":["https://ocb-audio-ns.akamaized.net/cu/2026/08/25/20260825-180000-cu004-program_hq.mp3"],"duration_display":"29:57","duration_seconds":1797.0,"embed_url":null,"id":8910,"image_caption":null,"image_url":"https://gdb.martinoticias.com/cb75a074-a814-4e7a-df7e-08de31a8b205_mw2048_mh2048_n.jpg","is_clip":false,"is_youtube_embed":false,"item_type":"audio","item_type_label":"Audio","language_label":"Espa\u00f1ol","media_credit":"OCB","micro_label":"Audio program","micro_label_kind":"audio","network_label":"Mart\u00ed Noticias","network_logo_url":"/static/uploads/direct_network_logos/ocb_0888427dcb1d.svg","published_at":"2026-08-25T18:00:00","published_at_display":"25 Aug 2026, 18:00 GMT","sequence_badge_label":null,"sequence_count":null,"sequence_count_label":null,"sequence_frames":[],"sequence_kind":null,"source_name":"radiotelevisionmarti_com_direct","source_name_label":"Mart\u00ed Noticias Direct","source_type":"direct_api","summary":"Analizamos la entrevista realizada a Miguel D\u00edaz-Canel por la periodista Monica Bergamo del diario Folha de Sao Paulo","title":"Cuba al D\u00eda con Miguel Coss\u00edo y Sebastian Arcos","topic":"Cuba al D\u00eda","translation_language":"","url":"https://ocb-audio-ns.akamaized.net/cu/2026/08/25/20260825-180000-cu004-program_hq.mp3","video_url":null,"youtube_conversion_active":false,"youtube_conversion_error":"","youtube_conversion_status":""},{"article_body_paragraphs":[],"audio_source_url":"https://ocb-audio-ns.akamaized.net/cu/2026/08/25/95089d2f-4f9c-4ca8-5a83-08decd6ea425.mp3","author":null,"available_dubs":[],"downloadable_assets":["https://ocb-audio-ns.akamaized.net/cu/2026/08/25/95089d2f-4f9c-4ca8-5a83-08decd6ea425.mp3"],"duration_display":"3:00","duration_seconds":180.0,"embed_url":null,"id":13335,"image_caption":null,"image_url":"https://gdb.martinoticias.com/01000000-0aff-0242-f111-08db473e2066_cx0_cy6_cw100_w1200_h630.png","is_clip":false,"is_youtube_embed":false,"item_type":"audio","item_type_label":"Audio","language_label":"Espa\u00f1ol","media_credit":null,"micro_label":"Audio program","micro_label_kind":"audio","network_label":"Mart\u00ed Noticias","network_logo_url":"/static/uploads/direct_network_logos/ocb_0888427dcb1d.svg","published_at":"2026-08-25T16:06:51","published_at_display":"25 Aug 2026, 16:06 GMT","sequence_badge_label":null,"sequence_count":null,"sequence_count_label":null,"sequence_frames":[],"sequence_kind":null,"source_name":"ocb_spanish_audio_scrape","source_name_label":"Mart\u00ed Noticias Audio","source_type":"scrape","summary":"La directora para las Am\u00e9ricas de Human Rights Watch, Juanita Goebertus, alerta durante presentaci\u00f3n de informe en Bogot\u00e1, que ha crecido el reclutamiento de ni\u00f1os y ni\u00f1as por parte de grupos armados ilegales en Colombia usando redes sociales y estas no estar\u00edan tomando las medidas para evitarlo","title":"Crece reclutamiento de ni\u00f1os y ni\u00f1as en Colombia por parte de grupos ilegales, seg\u00fan HRW","topic":"crece reclutamiento de ni%C3%B1os y ni%C3%B1as en colombia por parte de grupos ilegales seg%C3%BAn hrw","translation_language":"","url":"https://www.martinoticias.com/a/crece-reclutamiento-de-ni%C3%B1os-y-ni%C3%B1as-en-colombia-por-parte-de-grupos-ilegales-seg%C3%BAn-hrw/476229.html","video_url":null,"youtube_conversion_active":false,"youtube_conversion_error":"","youtube_conversion_status":""},{"article_body_paragraphs":[],"audio_source_url":"https://ocb-audio-ns.akamaized.net/cu/2026/08/25/20260825-153000-cu004-program_hq.mp3","author":"Janisset Rivero","available_dubs":[],"downloadable_assets":["https://ocb-audio-ns.akamaized.net/cu/2026/08/25/20260825-153000-cu004-program_hq.mp3"],"duration_display":"29:59","duration_seconds":1799.0,"embed_url":null,"id":8846,"image_caption":null,"image_url":"https://gdb.martinoticias.com/e4ea45fa-9d9b-4bf5-a3fc-20ab3cf12810_mw2048_mh2048_n.png","is_clip":false,"is_youtube_embed":false,"item_type":"audio","item_type_label":"Audio","language_label":"Espa\u00f1ol","media_credit":"OCB","micro_label":"Audio program","micro_label_kind":"audio","network_label":"Mart\u00ed Noticias","network_logo_url":"/static/uploads/direct_network_logos/ocb_0888427dcb1d.svg","published_at":"2026-08-25T15:30:00","published_at_display":"25 Aug 2026, 15:30 GMT","sequence_badge_label":null,"sequence_count":null,"sequence_count_label":null,"sequence_frames":[],"sequence_kind":null,"source_name":"radiotelevisionmarti_com_direct","source_name_label":"Mart\u00ed Noticias Direct","source_type":"direct_api","summary":"La realidad de Cuba a trav\u00e9s del testimonio de residentes dentro de la isla, quienes actualizar\u00e1n el panorama interno de la mano de su conductora, la activista y escritora cubana Janisset Rivero.","title":"Barrio adentro","topic":"Barrio Adentro","translation_language":"","url":"https://ocb-audio-ns.akamaized.net/cu/2026/08/25/20260825-153000-cu004-program_hq.mp3","video_url":null,"youtube_conversion_active":false,"youtube_conversion_error":"","youtube_conversion_status":""},{"article_body_paragraphs":[],"audio_source_url":"https://ocb-audio-ns.akamaized.net/cu/2026/08/25/20260825-150000-cu004-program_hq.mp3","author":"Oscar El\u00edas Biscet","available_dubs":[],"downloadable_assets":["https://ocb-audio-ns.akamaized.net/cu/2026/08/25/20260825-150000-cu004-program_hq.mp3"],"duration_display":"29:59","duration_seconds":1799.0,"embed_url":null,"id":8807,"image_caption":null,"image_url":"https://gdb.martinoticias.com/01000000-0aff-0242-2f63-08dbcb434ef2_mw2048_mh2048_n.png","is_clip":false,"is_youtube_embed":false,"item_type":"audio","item_type_label":"Audio","language_label":"Espa\u00f1ol","media_credit":"OCB","micro_label":"Audio program","micro_label_kind":"audio","network_label":"Mart\u00ed Noticias","network_logo_url":"/static/uploads/direct_network_logos/ocb_0888427dcb1d.svg","published_at":"2026-08-25T15:00:00","published_at_display":"25 Aug 2026, 15:00 GMT","sequence_badge_label":null,"sequence_count":null,"sequence_count_label":null,"sequence_frames":[],"sequence_kind":null,"source_name":"radiotelevisionmarti_com_direct","source_name_label":"Mart\u00ed Noticias Direct","source_type":"direct_api","summary":"El reconocido opositor cubano Dr. Oscar El\u00edas Biscet aborda la situaci\u00f3n de los derechos humanos en Cuba y la conquista de las libertades b\u00e1sicas de los cubanos, bajo el precepto de que \u201csi aprendes a ser libre, todos los seremos\u201d. Correo Electr\u00f3nico: lawtonlibremarti@gmail.com","title":"Lawton Libre","topic":"Lawton Libre","translation_language":"","url":"https://ocb-audio-ns.akamaized.net/cu/2026/08/25/20260825-150000-cu004-program_hq.mp3","video_url":null,"youtube_conversion_active":false,"youtube_conversion_error":"","youtube_conversion_status":""},{"article_body_paragraphs":[],"audio_source_url":"https://ocb-audio-ns.akamaized.net/cu/2026/08/25/20260825-140000-cu004-program.mp3","author":null,"available_dubs":[],"downloadable_assets":["https://ocb-audio-ns.akamaized.net/cu/2026/08/25/20260825-140000-cu004-program.mp3"],"duration_display":"59:59","duration_seconds":3599.0,"embed_url":null,"id":13472,"image_caption":null,"image_url":"https://gdb.martinoticias.com/1d24f0db-a2ce-4972-643e-08de3c08cd61_w1200_h630.png","is_clip":false,"is_youtube_embed":false,"item_type":"audio","item_type_label":"Audio","language_label":"Espa\u00f1ol","media_credit":null,"micro_label":"Audio program","micro_label_kind":"audio","network_label":"Mart\u00ed Noticias","network_logo_url":"/static/uploads/direct_network_logos/ocb_0888427dcb1d.svg","published_at":"2026-08-25T14:00:00","published_at_display":"25 Aug 2026, 14:00 GMT","sequence_badge_label":null,"sequence_count":null,"sequence_count_label":null,"sequence_frames":[],"sequence_kind":null,"source_name":"ocb_spanish_audio_html_scrape_1061","source_name_label":"Mart\u00ed Noticias \u00b7 Foro abierto","source_type":"scrape","summary":"Noticias, an\u00e1lisis, opini\u00f3n y entrevistas. El pulso pol\u00edtico e informativo con Andr\u00e9s Reynaldo y Miguel Coss\u00edo.","title":"Foro abierto","topic":"Foro abierto","translation_language":"","url":"https://www.martinoticias.com/a/474489.html","video_url":null,"youtube_conversion_active":false,"youtube_conversion_error":"","youtube_conversion_status":""},{"article_body_paragraphs":[],"audio_source_url":"https://ocb-audio-ns.akamaized.net/cu/2026/08/25/20260825-120000-cu004-program.mp3","author":null,"available_dubs":[],"downloadable_assets":["https://ocb-audio-ns.akamaized.net/cu/2026/08/25/20260825-120000-cu004-program.mp3"],"duration_display":"1:59:59","duration_seconds":7199.0,"embed_url":null,"id":13464,"image_caption":null,"image_url":"https://gdb.martinoticias.com/01000000-0a00-0242-bdd1-08dbc11b65e6_w1200_h630.jpg","is_clip":false,"is_youtube_embed":false,"item_type":"audio","item_type_label":"Audio","language_label":"Espa\u00f1ol","media_credit":null,"micro_label":"Audio program","micro_label_kind":"audio","network_label":"Mart\u00ed Noticias","network_logo_url":"/static/uploads/direct_network_logos/ocb_0888427dcb1d.svg","published_at":"2026-08-25T12:00:00","published_at_display":"25 Aug 2026, 12:00 GMT","sequence_badge_label":null,"sequence_count":null,"sequence_count_label":null,"sequence_frames":[],"sequence_kind":null,"source_name":"ocb_spanish_audio_html_scrape_668","source_name_label":"Mart\u00ed Noticias \u00b7 Mart\u00ed Noticias A.M.","source_type":"scrape","summary":"Revista informativa con los \u00faltimos acontecimientos ocurridos en Cuba y el mundo. Con entrevistas y temas de actualidad relacionados a la pol\u00edtica, la econom\u00eda y de inter\u00e9s general.","title":"Martinoticias AM","topic":"Mart\u00ed Noticias A.M.","translation_language":"","url":"https://www.martinoticias.com/a/474488.html","video_url":null,"youtube_conversion_active":false,"youtube_conversion_error":"","youtube_conversion_status":""},{"article_body_paragraphs":[],"audio_source_url":"https://ocb-audio-ns.akamaized.net/cu/2026/08/24/c64db004-b44f-490f-5a7f-08decd6ea425.mp3","author":null,"available_dubs":[],"downloadable_assets":["https://ocb-audio-ns.akamaized.net/cu/2026/08/24/c64db004-b44f-490f-5a7f-08decd6ea425.mp3"],"duration_display":"28:06","duration_seconds":1686.0,"embed_url":null,"id":13421,"image_caption":null,"image_url":"https://gdb.martinoticias.com/a3fa00ad-a794-48f6-03ef-08decd63a0c8_w1200_h630.jpg","is_clip":false,"is_youtube_embed":false,"item_type":"audio","item_type_label":"Audio","language_label":"Espa\u00f1ol","media_credit":null,"micro_label":"Audio program","micro_label_kind":"audio","network_label":"Mart\u00ed Noticias","network_logo_url":"/static/uploads/direct_network_logos/ocb_0888427dcb1d.svg","published_at":"2026-08-24T19:04:08","published_at_display":"24 Aug 2026, 19:04 GMT","sequence_badge_label":null,"sequence_count":null,"sequence_count_label":null,"sequence_frames":[],"sequence_kind":null,"source_name":"ocb_spanish_audio_html_scrape_142","source_name_label":"Mart\u00ed Noticias \u00b7 Las noticias como son","source_type":"scrape","summary":"Amado Gil y Jos\u00e9 Luis Ramos, en Tertulia con Luz Escobar y Dimas Castellanos, comentan las declaraciones de un acad\u00e9mico del PCC preocupado por la aparici\u00f3n de \u201cricos\u201d en Cuba. D\u00edaz Canel dice que la isla NO est\u00e1 al borde del precipicio. Las protestas no se detienen, el descontento aumenta.","title":"Las noticias como son","topic":"Las noticias como son","translation_language":"","url":"https://www.martinoticias.com/a/476161.html","video_url":null,"youtube_conversion_active":false,"youtube_conversion_error":"","youtube_conversion_status":""},{"article_body_paragraphs":[],"audio_source_url":"https://ocb-audio-ns.akamaized.net/cu/2026/08/24/20260824-180000-cu004-program_hq.mp3","author":"Mario J. Pent\u00f3n","available_dubs":[],"downloadable_assets":["https://ocb-audio-ns.akamaized.net/cu/2026/08/24/20260824-180000-cu004-program_hq.mp3"],"duration_display":"29:59","duration_seconds":1799.0,"embed_url":null,"id":8478,"image_caption":null,"image_url":"https://gdb.martinoticias.com/cb75a074-a814-4e7a-df7e-08de31a8b205_mw2048_mh2048_n.jpg","is_clip":false,"is_youtube_embed":false,"item_type":"audio","item_type_label":"Audio","language_label":"Espa\u00f1ol","media_credit":"OCB","micro_label":"Audio program","micro_label_kind":"audio","network_label":"Mart\u00ed Noticias","network_logo_url":"/static/uploads/direct_network_logos/ocb_0888427dcb1d.svg","published_at":"2026-08-24T18:00:00","published_at_display":"24 Aug 2026, 18:00 GMT","sequence_badge_label":null,"sequence_count":null,"sequence_count_label":null,"sequence_frames":[],"sequence_kind":null,"source_name":"radiotelevisionmarti_com_direct","source_name_label":"Mart\u00ed Noticias Direct","source_type":"direct_api","summary":"\\","title":"Cuba al D\u00eda","topic":"Cuba al D\u00eda","translation_language":"","url":"https://ocb-audio-ns.akamaized.net/cu/2026/08/24/20260824-180000-cu004-program_hq.mp3","video_url":null,"youtube_conversion_active":false,"youtube_conversion_error":"","youtube_conversion_status":""}],"next_num":7,"page":6,"pages":17,"per_page":20,"prev_num":5,"total":339}
