{"applied_filters":{"end_date":"","lang":"","language":"","network":"Mart\u00ed Noticias","page":6,"per_page":20,"search":"","source":"","start_date":"","topic":"","type":"photo"},"available_filters":{"language_choices":[{"label":"Choose Language","value":""},{"label":"English","value":"English"},{"label":"Espa\u00f1ol","value":"Espa\u00f1ol"}],"network_choices":[{"label":"All networks","value":""},{"label":"Mart\u00ed Noticias","value":"Mart\u00ed Noticias"}],"source_choices":[{"label":"All sources","value":""},{"label":"Mart\u00ed Noticias RSS","value":"radiotelevisionmarti_com_rss"}],"sources":["radiotelevisionmarti_com_rss"],"topics":[],"types":[["","All types"],["article","Articles"],["audio","Audio"],["video","Videos"],["clips","Clips"],["media","Media"]]},"has_next":true,"has_prev":true,"items":[{"article_body_paragraphs":[],"audio_source_url":null,"author":"Yaima Pardo","available_dubs":[],"downloadable_assets":["https://gdb.martinoticias.com/cadba459-f3db-4f81-7c87-08def2b1c8fe_w1600_r1_n_s.png"],"duration_display":"0:00","duration_seconds":null,"embed_url":null,"id":10274,"image_caption":null,"image_url":"https://gdb.martinoticias.com/cadba459-f3db-4f81-7c87-08def2b1c8fe_w1600_r1_n_s.png","is_clip":false,"is_youtube_embed":false,"item_type":"photo","item_type_label":"Photo","language_label":"Espa\u00f1ol","media_credit":"Yaima Pardo","micro_label":"Photo","micro_label_kind":"gallery","network_label":"Mart\u00ed Noticias","network_logo_url":"/static/uploads/direct_network_logos/ocb_0888427dcb1d.svg","published_at":"2026-08-29T00:49:28","published_at_display":"29 Aug 2026, 00:49 GMT","sequence_badge_label":null,"sequence_count":null,"sequence_count_label":null,"sequence_frames":[],"sequence_kind":null,"source_name":"radiotelevisionmarti_com_rss","source_name_label":"Mart\u00ed Noticias RSS","source_type":"rss","summary":"Autoridades cubanas detuvieron a Sady R. Companioni, madre que hab\u00eda denunciado p\u00fablicamente la falta de agua y presuntas amenazas tras reclamar por el servicio.","title":"Arrestan a madre cubana que denunci\u00f3 la crisis del agua en La Habana","topic":null,"translation_language":"","url":"https://www.martinoticias.com/a/arrestan-a-madre-cubana-que-denunci%c3%b3-la-crisis-del-agua-en-la-habana/476582.html","video_url":null,"youtube_conversion_active":false,"youtube_conversion_error":"","youtube_conversion_status":""},{"article_body_paragraphs":[],"audio_source_url":null,"author":"Redacci\u00f3n Mart\u00ed Noticias","available_dubs":[],"downloadable_assets":["https://gdb.martinoticias.com/5ecfda13-79d7-498a-cf4a-08decd5b38e4_w1600_r1_n_s.jpg"],"duration_display":"0:00","duration_seconds":null,"embed_url":null,"id":10272,"image_caption":null,"image_url":"https://gdb.martinoticias.com/5ecfda13-79d7-498a-cf4a-08decd5b38e4_w1600_r1_n_s.jpg","is_clip":false,"is_youtube_embed":false,"item_type":"photo","item_type_label":"Photo","language_label":"Espa\u00f1ol","media_credit":"Redacci\u00f3n Mart\u00ed Noticias","micro_label":"Photo","micro_label_kind":"gallery","network_label":"Mart\u00ed Noticias","network_logo_url":"/static/uploads/direct_network_logos/ocb_0888427dcb1d.svg","published_at":"2026-08-29T00:08:28","published_at_display":"29 Aug 2026, 00:08 GMT","sequence_badge_label":null,"sequence_count":null,"sequence_count_label":null,"sequence_frames":[],"sequence_kind":null,"source_name":"radiotelevisionmarti_com_rss","source_name_label":"Mart\u00ed Noticias RSS","source_type":"rss","summary":"En una alerta sanitaria, la sede diplom\u00e1tica cit\u00f3 reportes sobre zonas residenciales que han permanecido durante largos per\u00edodos sin recibir agua de las redes municipales o p\u00fablicas.","title":"Embajada de EEUU alerta sobre riesgos sanitarios por crisis de agua en Cuba","topic":null,"translation_language":"","url":"https://www.martinoticias.com/a/embajada-de-eeuu-alerta-sobre-riesgos-sanitarios-por-crisis-de-agua-en-cuba/476512.html","video_url":null,"youtube_conversion_active":false,"youtube_conversion_error":"","youtube_conversion_status":""},{"article_body_paragraphs":[],"audio_source_url":null,"author":"Redacci\u00f3n Mart\u00ed Noticias","available_dubs":[],"downloadable_assets":["https://gdb.martinoticias.com/d946bcf4-0ff5-4ea3-997e-560dc9ce8f1d_w1600_r1_n_s.jpg"],"duration_display":"0:00","duration_seconds":null,"embed_url":null,"id":10259,"image_caption":null,"image_url":"https://gdb.martinoticias.com/d946bcf4-0ff5-4ea3-997e-560dc9ce8f1d_w1600_r1_n_s.jpg","is_clip":false,"is_youtube_embed":false,"item_type":"photo","item_type_label":"Photo","language_label":"Espa\u00f1ol","media_credit":"Redacci\u00f3n Mart\u00ed Noticias","micro_label":"Photo","micro_label_kind":"gallery","network_label":"Mart\u00ed Noticias","network_logo_url":"/static/uploads/direct_network_logos/ocb_0888427dcb1d.svg","published_at":"2026-08-28T23:19:01","published_at_display":"28 Aug 2026, 23:19 GMT","sequence_badge_label":null,"sequence_count":null,"sequence_count_label":null,"sequence_frames":[],"sequence_kind":null,"source_name":"radiotelevisionmarti_com_rss","source_name_label":"Mart\u00ed Noticias RSS","source_type":"rss","summary":"Los funcionarios estadounidenses \u201chan asegurado el control mayoritario estadounidense sobre m\u00e1s de 65.000 millones de barriles de reservas probadas de petr\u00f3leo en Venezuela, sin costo alguno para el contribuyente estadounidense\u201d","title":"Trump anuncia que EEUU lleg\u00f3 al mayor acuerdo petrolero de la historia con Venezuela","topic":null,"translation_language":"","url":"https://www.martinoticias.com/a/trump-anuncia-que-eeuu-lleg%c3%b3-al-mayor-acuerdo-petrolero-de-la-historia-con-venezuela/476513.html","video_url":null,"youtube_conversion_active":false,"youtube_conversion_error":"","youtube_conversion_status":""},{"article_body_paragraphs":[],"audio_source_url":null,"author":"Ariane Gonz\u00e1lez","available_dubs":[],"downloadable_assets":["https://gdb.martinoticias.com/6a778b78-c00a-41c2-cfe2-08decd5b38e4_w1600_r1_n_s.png"],"duration_display":"0:00","duration_seconds":null,"embed_url":null,"id":10232,"image_caption":null,"image_url":"https://gdb.martinoticias.com/6a778b78-c00a-41c2-cfe2-08decd5b38e4_w1600_r1_n_s.png","is_clip":false,"is_youtube_embed":false,"item_type":"photo","item_type_label":"Photo","language_label":"Espa\u00f1ol","media_credit":"Ariane Gonz\u00e1lez","micro_label":"Photo","micro_label_kind":"gallery","network_label":"Mart\u00ed Noticias","network_logo_url":"/static/uploads/direct_network_logos/ocb_0888427dcb1d.svg","published_at":"2026-08-28T21:45:06","published_at_display":"28 Aug 2026, 21:45 GMT","sequence_badge_label":null,"sequence_count":null,"sequence_count_label":null,"sequence_frames":[],"sequence_kind":null,"source_name":"radiotelevisionmarti_com_rss","source_name_label":"Mart\u00ed Noticias RSS","source_type":"rss","summary":"El opositor y periodista independiente cubano Guillermo del Sol fue trasladado este viernes al Hospital Provincial Arnaldo Mili\u00e1n Castro, en Santa Clara, tras presentar una presi\u00f3n arterial de 220/130, niveles muy bajos de glucosa y un fuerte dolor en el pecho, inform\u00f3 a Mart\u00ed Noticias su hijo, Adri\u00e1n del Sol. El activista, quien cumple 72 d\u00edas en huelga de hambre, permaneci\u00f3 consciente durante el traslado, aclar\u00f3 su hijo. \u201cTen\u00eda la presi\u00f3n muy elevada, 220 con 130; su glicemia estaba en un rango muy bajo y ten\u00eda un dolor muy fuerte en el pecho\u201d, declar\u00f3 Adri\u00e1n. El familiar explic\u00f3 que decidi\u00f3 llevarlo al hospital ante el visible deterioro de su salud y el temor de que sufriera una complicaci\u00f3n card\u00edaca. \u201cLo traslad\u00e9 como familiar porque lo vi en un estado bastante malo. La presi\u00f3n estaba muy alta y ya no pod\u00eda correr el riesgo de que continuara subiendo\u201d, se\u00f1al\u00f3. Adri\u00e1n dijo que el entumecimiento que observ\u00f3 en las manos de su padre aument\u00f3 su preocupaci\u00f3n. \u201cPens\u00e9 que pudiera darle un infarto y trat\u00e9 de trasladarlo lo m\u00e1s r\u00e1pido posible\u201d, relat\u00f3. El hijo del opositor localiz\u00f3 un veh\u00edculo y lo llev\u00f3 por sus propios medios al cuerpo de guardia del hospital. \u201cQuiero aclarar que Guillermo no estaba inconsciente; estaba consciente. Yo lo llev\u00e9 bajo mi responsabilidad porque presentaba una hipertensi\u00f3n arterial demasiado elevada y dolor en el pecho, una angina de pecho\u201d, afirm\u00f3. Seg\u00fan explic\u00f3 Adri\u00e1n, el activista recibi\u00f3 atenci\u00f3n m\u00e9dica con rapidez tras llegar al centro hospitalario. Guillermo del Sol lleva m\u00e1s de 70 d\u00edas en huelga de hambre \u201cEntr\u00f3 por urgencias y enseguida lo atendi\u00f3 un equipo m\u00e9dico. Le tomaron la presi\u00f3n, lo vio un cardi\u00f3logo y acudieron especialistas de terapia intensiva\u201d, dijo. Los m\u00e9dicos le administraron dos frascos de soluci\u00f3n Ringer por v\u00eda intravenosa durante aproximadamente dos horas y comprobaron varias veces sus niveles de glucosa. \u201cDespu\u00e9s de ponerle la soluci\u00f3n Ringer, la glicemia ya estaba en un rango de 4,1\u201d, indic\u00f3 Adri\u00e1n. El cardi\u00f3logo evalu\u00f3 la posibilidad de ingresar a Del Sol en terapia intensiva cardiovascular debido a la presi\u00f3n arterial y al dolor en el pecho. Sin embargo, la familia fue informada de que no hab\u00eda una cama disponible. Ante la demora y despu\u00e9s de que su padre recibiera hidrataci\u00f3n intravenosa, Adri\u00e1n decidi\u00f3 regresar con \u00e9l a la vivienda. \u201cComo se prolongaba el ingreso y pr\u00e1cticamente no hab\u00eda respuesta, decidimos regresar a la casa despu\u00e9s de que fuera hidratado\u201d, afirm\u00f3. El opositor se encontraba nuevamente en su domicilio y hab\u00eda recuperado algo de fuerza, aunque continuaba sin ingerir alimentos. \u201cYa est\u00e1 en la casa, se siente un poco mejor y tiene un poco m\u00e1s de fuerza, pero sigue sin ingerir alimentos\u201d, inform\u00f3 su hijo. Los especialistas recomendaron que pusiera fin a la huelga ante las graves complicaciones que presenta, especialmente los problemas cardiovasculares asociados con la hipertensi\u00f3n. \u201cLe aconsejaron que, por su salud, deb\u00eda detener el ayuno, porque ya est\u00e1 presentando problemas serios, sobre todo card\u00edacos por su presi\u00f3n arterial\u201d, a\u00f1adi\u00f3 Adri\u00e1n. Del Sol comenz\u00f3 la huelga el 18 de junio para exigir la liberaci\u00f3n de 18 presos pol\u00edticos cubanos cuyas condiciones de salud y encarcelamiento considera especialmente graves. Entre ellos figuran Mayel\u00edn Rodr\u00edguez Prado, Donaida P\u00e9rez Paseiro, Sayl\u00ed Navarro \u00c1lvarez, Lizandra G\u00f3ngora Espinoza, Mar\u00eda Cristina Garrido Rodr\u00edguez, Miguel D\u00edaz Bauz\u00e1, Loreto Hern\u00e1ndez Garc\u00eda, F\u00e9lix Navarro Rodr\u00edguez, Jos\u00e9 Gabriel Barrenechea Ch\u00e1vez y los hermanos Jorge y Nadir Mart\u00edn Perdomo, entre otros. La protesta tambi\u00e9n reclama la libertad de Leonel Trist\u00e1 Garc\u00eda, manifestante de las protestas antigubernamentales del 11 de julio de 2021 cuya licencia extrapenal fue revocada.","title":"Guillermo del Sol permanece en huelga pese a nueva emergencia m\u00e9dica","topic":null,"translation_language":"","url":"https://www.martinoticias.com/a/476511.html","video_url":null,"youtube_conversion_active":false,"youtube_conversion_error":"","youtube_conversion_status":""},{"article_body_paragraphs":[],"audio_source_url":null,"author":"Jos\u00e9 Pernalete","available_dubs":[],"downloadable_assets":["https://gdb.martinoticias.com/7ff0feef-7216-4975-6904-08def2ff2efe_w1600_r1_n_s.png"],"duration_display":"0:00","duration_seconds":null,"embed_url":null,"id":10233,"image_caption":null,"image_url":"https://gdb.martinoticias.com/7ff0feef-7216-4975-6904-08def2ff2efe_w1600_r1_n_s.png","is_clip":false,"is_youtube_embed":false,"item_type":"photo","item_type_label":"Photo","language_label":"Espa\u00f1ol","media_credit":"Jos\u00e9 Pernalete","micro_label":"Photo","micro_label_kind":"gallery","network_label":"Mart\u00ed Noticias","network_logo_url":"/static/uploads/direct_network_logos/ocb_0888427dcb1d.svg","published_at":"2026-08-28T21:06:47","published_at_display":"28 Aug 2026, 21:06 GMT","sequence_badge_label":null,"sequence_count":null,"sequence_count_label":null,"sequence_frames":[],"sequence_kind":null,"source_name":"radiotelevisionmarti_com_rss","source_name_label":"Mart\u00ed Noticias RSS","source_type":"rss","summary":"Habitantes de Maracaibo, en el occidente de Venezuela, denuncian que los prolongados cortes el\u00e9ctricos est\u00e1n provocando un grave deterioro de sus condiciones de vida, con consecuencias sobre el descanso, la alimentaci\u00f3n y la salud f\u00edsica y mental.","title":"Apagones y calor obligan a habitantes de Maracaibo a dormir en las calles","topic":null,"translation_language":"","url":"https://www.martinoticias.com/a/apagones-y-calor-obligan-a-habitantes-de-maracaibo-a-dormir-en-las-calles/476503.html","video_url":null,"youtube_conversion_active":false,"youtube_conversion_error":"","youtube_conversion_status":""},{"article_body_paragraphs":[],"audio_source_url":null,"author":"Redacci\u00f3n Mart\u00ed Noticias","available_dubs":[],"downloadable_assets":["https://gdb.martinoticias.com/b0919198-193b-42e1-ac54-08decd4f1c2d_w1600_r1_n_s.jpg"],"duration_display":"0:00","duration_seconds":null,"embed_url":null,"id":10217,"image_caption":null,"image_url":"https://gdb.martinoticias.com/b0919198-193b-42e1-ac54-08decd4f1c2d_w1600_r1_n_s.jpg","is_clip":false,"is_youtube_embed":false,"item_type":"photo","item_type_label":"Photo","language_label":"Espa\u00f1ol","media_credit":"Redacci\u00f3n Mart\u00ed Noticias","micro_label":"Photo","micro_label_kind":"gallery","network_label":"Mart\u00ed Noticias","network_logo_url":"/static/uploads/direct_network_logos/ocb_0888427dcb1d.svg","published_at":"2026-08-28T20:40:04","published_at_display":"28 Aug 2026, 20:40 GMT","sequence_badge_label":null,"sequence_count":null,"sequence_count_label":null,"sequence_frames":[],"sequence_kind":null,"source_name":"radiotelevisionmarti_com_rss","source_name_label":"Mart\u00ed Noticias RSS","source_type":"rss","summary":"La mujer, detenida desde el 9 de julio, fue arrestada despu\u00e9s de publicar y transmitir en Facebook cr\u00edticas al r\u00e9gimen cubano y protestas por apagones de m\u00e1s de 90 horas en Alamar, La Habana.","title":"Excarcelan bajo fianza a cubana detenida tras criticar los apagones en La Habana","topic":null,"translation_language":"","url":"https://www.martinoticias.com/a/excarcelan-bajo-fianza-a-cubana-detenida-tras-criticar-los-apagones-en-la-habana/476485.html","video_url":null,"youtube_conversion_active":false,"youtube_conversion_error":"","youtube_conversion_status":""},{"article_body_paragraphs":[],"audio_source_url":null,"author":"Laura Artal","available_dubs":[],"downloadable_assets":["https://gdb.martinoticias.com/c14daaf4-307e-42b1-040e-08decd63a0c8_cx0_cy31_cw0_w1600_r1_n_s.png"],"duration_display":"0:00","duration_seconds":null,"embed_url":null,"id":10218,"image_caption":null,"image_url":"https://gdb.martinoticias.com/c14daaf4-307e-42b1-040e-08decd63a0c8_cx0_cy31_cw0_w1600_r1_n_s.png","is_clip":false,"is_youtube_embed":false,"item_type":"photo","item_type_label":"Photo","language_label":"Espa\u00f1ol","media_credit":"Laura Artal","micro_label":"Photo","micro_label_kind":"gallery","network_label":"Mart\u00ed Noticias","network_logo_url":"/static/uploads/direct_network_logos/ocb_0888427dcb1d.svg","published_at":"2026-08-28T20:10:41","published_at_display":"28 Aug 2026, 20:10 GMT","sequence_badge_label":null,"sequence_count":null,"sequence_count_label":null,"sequence_frames":[],"sequence_kind":null,"source_name":"radiotelevisionmarti_com_rss","source_name_label":"Mart\u00ed Noticias RSS","source_type":"rss","summary":"\u201cMar\u00eda Corina me pidi\u00f3 que le abriera el paso\", dijo el dirigente opositor Omar Gonz\u00e1lez tras m\u00e1s de un a\u00f1o refugiado en la Embajada de Argentina en Caracas.","title":"Opositor regresa a Venezuela tras m\u00e1s de un a\u00f1o en el exilio (VIDEO)","topic":null,"translation_language":"","url":"https://www.martinoticias.com/a/dirigente-opositor-regresa-a-venezuela-tras-m%c3%a1s-de-un-a%c3%b1o-en-el-exilio/476504.html","video_url":null,"youtube_conversion_active":false,"youtube_conversion_error":"","youtube_conversion_status":""},{"article_body_paragraphs":[],"audio_source_url":null,"author":"Jany Gonz\u00e1lez","available_dubs":[],"downloadable_assets":["https://gdb.martinoticias.com/b2d55681-0d97-45e7-7c85-08def2b1c8fe_w1600_r1_n_s.png"],"duration_display":"0:00","duration_seconds":null,"embed_url":null,"id":10181,"image_caption":null,"image_url":"https://gdb.martinoticias.com/b2d55681-0d97-45e7-7c85-08def2b1c8fe_w1600_r1_n_s.png","is_clip":false,"is_youtube_embed":false,"item_type":"photo","item_type_label":"Photo","language_label":"Espa\u00f1ol","media_credit":"Jany Gonz\u00e1lez","micro_label":"Photo","micro_label_kind":"gallery","network_label":"Mart\u00ed Noticias","network_logo_url":"/static/uploads/direct_network_logos/ocb_0888427dcb1d.svg","published_at":"2026-08-28T19:45:40","published_at_display":"28 Aug 2026, 19:45 GMT","sequence_badge_label":null,"sequence_count":null,"sequence_count_label":null,"sequence_frames":[],"sequence_kind":null,"source_name":"radiotelevisionmarti_com_rss","source_name_label":"Mart\u00ed Noticias RSS","source_type":"rss","summary":"El compositor y ejecutivo nacido en Estados Unidos e hijo del exilio cubano, present\u00f3 \u201cSu Majestad\u201d, una canci\u00f3n dedicada a los cubanos que apuesta por la reconciliaci\u00f3n, la libertad y la reconstrucci\u00f3n de Cuba.","title":"\u201cSentimos Cuba profundamente\u201d: Julio Rebull dedica canci\u00f3n a los cubanos dentro de la isla","topic":null,"translation_language":"","url":"https://www.martinoticias.com/a/sentimos-cuba-profundamente-julio-rebull-dedica-canci%c3%b3n-a-los-cubanos-dentro-de-la-isla/476492.html","video_url":null,"youtube_conversion_active":false,"youtube_conversion_error":"","youtube_conversion_status":""},{"article_body_paragraphs":[],"audio_source_url":null,"author":"Redacci\u00f3n Mart\u00ed Noticias","available_dubs":[],"downloadable_assets":["https://gdb.martinoticias.com/7C1C4AAD-28ED-41F4-A42F-C66B3DDE68B8_w1600_r1_n_s.jpg"],"duration_display":"0:00","duration_seconds":null,"embed_url":null,"id":10151,"image_caption":null,"image_url":"https://gdb.martinoticias.com/7C1C4AAD-28ED-41F4-A42F-C66B3DDE68B8_w1600_r1_n_s.jpg","is_clip":false,"is_youtube_embed":false,"item_type":"photo","item_type_label":"Photo","language_label":"Espa\u00f1ol","media_credit":"Redacci\u00f3n Mart\u00ed Noticias","micro_label":"Photo","micro_label_kind":"gallery","network_label":"Mart\u00ed Noticias","network_logo_url":"/static/uploads/direct_network_logos/ocb_0888427dcb1d.svg","published_at":"2026-08-28T18:20:32","published_at_display":"28 Aug 2026, 18:20 GMT","sequence_badge_label":null,"sequence_count":null,"sequence_count_label":null,"sequence_frames":[],"sequence_kind":null,"source_name":"radiotelevisionmarti_com_rss","source_name_label":"Mart\u00ed Noticias RSS","source_type":"rss","summary":"El congresista cubanoamericano Carlos Gim\u00e9nez asegur\u00f3 que la dictadura cubana debe temer la llegada de los cazas furtivos F-35 Lightning II a la Base de la Reserva A\u00e9rea de Homestead, en el sur de Florida.","title":"\"Los cubanos ni van a saber que est\u00e1 en su \u00e1rea\", congresista advierte sobre los F-35","topic":null,"translation_language":"","url":"https://www.martinoticias.com/a/los-cubanos-ni-van-a-saber-que-est%c3%a1-en-su-%c3%a1rea-congresista-advierte-sobre-los-f-35/476490.html","video_url":null,"youtube_conversion_active":false,"youtube_conversion_error":"","youtube_conversion_status":""},{"article_body_paragraphs":[],"audio_source_url":null,"author":"Redacci\u00f3n Mart\u00ed Noticias","available_dubs":[],"downloadable_assets":["https://gdb.martinoticias.com/d33e6083-e65f-4719-cfdf-08decd5b38e4_w1600_r1_n_s.png"],"duration_display":"0:00","duration_seconds":null,"embed_url":null,"id":10112,"image_caption":null,"image_url":"https://gdb.martinoticias.com/d33e6083-e65f-4719-cfdf-08decd5b38e4_w1600_r1_n_s.png","is_clip":false,"is_youtube_embed":false,"item_type":"photo","item_type_label":"Photo","language_label":"Espa\u00f1ol","media_credit":"Redacci\u00f3n Mart\u00ed Noticias","micro_label":"Photo","micro_label_kind":"gallery","network_label":"Mart\u00ed Noticias","network_logo_url":"/static/uploads/direct_network_logos/ocb_0888427dcb1d.svg","published_at":"2026-08-28T16:47:48","published_at_display":"28 Aug 2026, 16:47 GMT","sequence_badge_label":null,"sequence_count":null,"sequence_count_label":null,"sequence_frames":[],"sequence_kind":null,"source_name":"radiotelevisionmarti_com_rss","source_name_label":"Mart\u00ed Noticias RSS","source_type":"rss","summary":"El ej\u00e9rcito de Estados Unidos derrib\u00f3 tres drones vinculados a c\u00e1rteles en la frontera sur mediante un sistema l\u00e1ser de alta energ\u00eda.","title":"Ej\u00e9rcito de EEUU utiliza un sistema l\u00e1ser contra drones vinculados a c\u00e1rteles","topic":null,"translation_language":"","url":"https://www.martinoticias.com/a/ej%c3%a9rcito-de-eeuu-utiliza-un-sistema-l%c3%a1ser-contra-drones-vinculados-a-c%c3%a1rteles/476488.html","video_url":null,"youtube_conversion_active":false,"youtube_conversion_error":"","youtube_conversion_status":""},{"article_body_paragraphs":[],"audio_source_url":null,"author":"Iv\u00e1n Kasanzew","available_dubs":[],"downloadable_assets":["https://gdb.martinoticias.com/6fe27394-cf84-4dde-821c-8560d2f55321_w1600_r1_n_s.jpg"],"duration_display":"0:00","duration_seconds":null,"embed_url":null,"id":10066,"image_caption":null,"image_url":"https://gdb.martinoticias.com/6fe27394-cf84-4dde-821c-8560d2f55321_w1600_r1_n_s.jpg","is_clip":false,"is_youtube_embed":false,"item_type":"photo","item_type_label":"Photo","language_label":"Espa\u00f1ol","media_credit":"Iv\u00e1n Kasanzew","micro_label":"Photo","micro_label_kind":"gallery","network_label":"Mart\u00ed Noticias","network_logo_url":"/static/uploads/direct_network_logos/ocb_0888427dcb1d.svg","published_at":"2026-08-28T15:36:49","published_at_display":"28 Aug 2026, 15:36 GMT","sequence_badge_label":null,"sequence_count":null,"sequence_count_label":null,"sequence_frames":[],"sequence_kind":null,"source_name":"radiotelevisionmarti_com_rss","source_name_label":"Mart\u00ed Noticias RSS","source_type":"rss","summary":"Las labores de rescate en la frontera Nepal-T\u00edbet se suspendieron brevemente por el riesgo de desborde de un embalse natural formado tras el colapso glaciar en el Langtang Lirung. Hay al menos 500 muertos y m\u00e1s de mil desaparecidos, muchos de ellos turistas extranjeros.","title":"Deslave en Nepal deja 584 muertos y m\u00e1s de 1900 desaparecidos: crece el riesgo de nuevas inundaciones","topic":null,"translation_language":"","url":"https://www.martinoticias.com/a/deslave-en-nepal-deja-584-muertos-y-m%c3%a1s-de-1900-desaparecidos-crece-el-riesgo-de-nuevas-inundaciones/476483.html","video_url":null,"youtube_conversion_active":false,"youtube_conversion_error":"","youtube_conversion_status":""},{"article_body_paragraphs":[],"audio_source_url":null,"author":"Oficina de Pol\u00edticas","available_dubs":[],"downloadable_assets":["https://gdb.martinoticias.com/c18ed9de-ce8e-4f42-81d1-c5ede4505e07_w1600_r1_n_s.jpg"],"duration_display":"0:00","duration_seconds":null,"embed_url":null,"id":10033,"image_caption":null,"image_url":"https://gdb.martinoticias.com/c18ed9de-ce8e-4f42-81d1-c5ede4505e07_w1600_r1_n_s.jpg","is_clip":false,"is_youtube_embed":false,"item_type":"photo","item_type_label":"Photo","language_label":"Espa\u00f1ol","media_credit":"Oficina de Pol\u00edticas","micro_label":"Photo","micro_label_kind":"gallery","network_label":"Mart\u00ed Noticias","network_logo_url":"/static/uploads/direct_network_logos/ocb_0888427dcb1d.svg","published_at":"2026-08-28T14:31:07","published_at_display":"28 Aug 2026, 14:31 GMT","sequence_badge_label":null,"sequence_count":null,"sequence_count_label":null,"sequence_frames":[],"sequence_kind":null,"source_name":"radiotelevisionmarti_com_rss","source_name_label":"Mart\u00ed Noticias RSS","source_type":"rss","summary":"EEUU advirti\u00f3 ante la ONU que los conflictos y las acciones de Ir\u00e1n en el estrecho de Ormuz agravan la inseguridad alimentaria mundial, al elevar los costos de energ\u00eda y fertilizantes y amenazar el acceso a alimentos de millones de personas, especialmente en \u00c1frica y Oriente Medio.","title":"EEUU acusa a Ir\u00e1n de agravar la inseguridad alimentaria a nivel mundial","topic":null,"translation_language":"","url":"https://www.martinoticias.com/a/eeuu-sigue-comprometido-con-alimentar-a-quienes-pasan-hambre/476406.html","video_url":null,"youtube_conversion_active":false,"youtube_conversion_error":"","youtube_conversion_status":""},{"article_body_paragraphs":[],"audio_source_url":null,"author":"Yaima Pardo","available_dubs":[],"downloadable_assets":["https://gdb.martinoticias.com/908320be-8451-44c3-cfde-08decd5b38e4_w1600_r1_n_s.jpg"],"duration_display":"0:00","duration_seconds":null,"embed_url":null,"id":10034,"image_caption":null,"image_url":"https://gdb.martinoticias.com/908320be-8451-44c3-cfde-08decd5b38e4_w1600_r1_n_s.jpg","is_clip":false,"is_youtube_embed":false,"item_type":"photo","item_type_label":"Photo","language_label":"Espa\u00f1ol","media_credit":"Yaima Pardo","micro_label":"Photo","micro_label_kind":"gallery","network_label":"Mart\u00ed Noticias","network_logo_url":"/static/uploads/direct_network_logos/ocb_0888427dcb1d.svg","published_at":"2026-08-28T14:04:10","published_at_display":"28 Aug 2026, 14:04 GMT","sequence_badge_label":null,"sequence_count":null,"sequence_count_label":null,"sequence_frames":[],"sequence_kind":null,"source_name":"radiotelevisionmarti_com_rss","source_name_label":"Mart\u00ed Noticias RSS","source_type":"rss","summary":"Food Monitor Program advirti\u00f3 que la inseguridad alimentaria en Cuba afecta de forma desproporcionada a las mujeres, quienes adem\u00e1s asumen la mayor carga en la b\u00fasqueda, administraci\u00f3n y preparaci\u00f3n de alimentos.","title":"El hambre afecta casi al doble de mujeres que de hombres en Cuba","topic":null,"translation_language":"","url":"https://www.martinoticias.com/a/el-hambre-afecta-casi-al-doble-de-mujeres-que-de-hombres-en-cuba/476429.html","video_url":null,"youtube_conversion_active":false,"youtube_conversion_error":"","youtube_conversion_status":""},{"article_body_paragraphs":[],"audio_source_url":null,"author":"Yolanda Huerga","available_dubs":[],"downloadable_assets":["https://gdb.martinoticias.com/a6812769-b076-46be-21ca-08ddfa7b3e98_w1600_r1_n_s.jpg"],"duration_display":"0:00","duration_seconds":null,"embed_url":null,"id":9986,"image_caption":null,"image_url":"https://gdb.martinoticias.com/a6812769-b076-46be-21ca-08ddfa7b3e98_w1600_r1_n_s.jpg","is_clip":false,"is_youtube_embed":false,"item_type":"photo","item_type_label":"Photo","language_label":"Espa\u00f1ol","media_credit":"Yolanda Huerga","micro_label":"Photo","micro_label_kind":"gallery","network_label":"Mart\u00ed Noticias","network_logo_url":"/static/uploads/direct_network_logos/ocb_0888427dcb1d.svg","published_at":"2026-08-28T12:18:01","published_at_display":"28 Aug 2026, 12:18 GMT","sequence_badge_label":null,"sequence_count":null,"sequence_count_label":null,"sequence_frames":[],"sequence_kind":null,"source_name":"radiotelevisionmarti_com_rss","source_name_label":"Mart\u00ed Noticias RSS","source_type":"rss","summary":"El preso pol\u00edtico se encuentra incomunicado en un local de aislamiento del correccional La Lima, en Guanabacoa.","title":"Denuncian golpiza y aislamiento contra el preso pol\u00edtico \u00c1ngel Serrano","topic":null,"translation_language":"","url":"https://www.martinoticias.com/a/denuncian-golpiza-y-aislamiento-contra-el-preso-pol%c3%adtico-%c3%a1ngel-serrano/476430.html","video_url":null,"youtube_conversion_active":false,"youtube_conversion_error":"","youtube_conversion_status":""},{"article_body_paragraphs":[],"audio_source_url":null,"author":"Redacci\u00f3n Mart\u00ed Noticias","available_dubs":[],"downloadable_assets":["https://gdb.martinoticias.com/c5d7184d-2771-4062-bb9f-aac0a7874409_cx0_cy4_cw0_w1600_r1_n_s.jpg"],"duration_display":"0:00","duration_seconds":null,"embed_url":null,"id":9864,"image_caption":null,"image_url":"https://gdb.martinoticias.com/c5d7184d-2771-4062-bb9f-aac0a7874409_cx0_cy4_cw0_w1600_r1_n_s.jpg","is_clip":false,"is_youtube_embed":false,"item_type":"photo","item_type_label":"Photo","language_label":"Espa\u00f1ol","media_credit":"Redacci\u00f3n Mart\u00ed Noticias","micro_label":"Photo","micro_label_kind":"gallery","network_label":"Mart\u00ed Noticias","network_logo_url":"/static/uploads/direct_network_logos/ocb_0888427dcb1d.svg","published_at":"2026-08-28T00:46:46","published_at_display":"28 Aug 2026, 00:46 GMT","sequence_badge_label":null,"sequence_count":null,"sequence_count_label":null,"sequence_frames":[],"sequence_kind":null,"source_name":"radiotelevisionmarti_com_rss","source_name_label":"Mart\u00ed Noticias RSS","source_type":"rss","summary":"El Departamento de Estado difundi\u00f3 en X un art\u00edculo de la congresista republicana Nicole Malliotakis en el que advierte sobre la \u201cinfluencia maligna\u201d de La Habana en Estados Unidos.","title":"Congresista Malliotakis pide hacer frente a la \u201cinfluencia maligna\u201d del r\u00e9gimen cubano","topic":null,"translation_language":"","url":"https://www.martinoticias.com/a/congresista-malliotakis-pide-hacer-frente-a-la-influencia-maligna-del-r%c3%a9gimen-cubano/476481.html","video_url":null,"youtube_conversion_active":false,"youtube_conversion_error":"","youtube_conversion_status":""},{"article_body_paragraphs":[],"audio_source_url":null,"author":"Redacci\u00f3n Mart\u00ed Noticias","available_dubs":[],"downloadable_assets":["https://gdb.martinoticias.com/81a94b07-7031-4b1b-8fe9-5da4e45ba954_w1600_r1_n_s.jpg"],"duration_display":"0:00","duration_seconds":null,"embed_url":null,"id":9862,"image_caption":null,"image_url":"https://gdb.martinoticias.com/81a94b07-7031-4b1b-8fe9-5da4e45ba954_w1600_r1_n_s.jpg","is_clip":false,"is_youtube_embed":false,"item_type":"photo","item_type_label":"Photo","language_label":"Espa\u00f1ol","media_credit":"Redacci\u00f3n Mart\u00ed Noticias","micro_label":"Photo","micro_label_kind":"gallery","network_label":"Mart\u00ed Noticias","network_logo_url":"/static/uploads/direct_network_logos/ocb_0888427dcb1d.svg","published_at":"2026-08-28T00:08:07","published_at_display":"28 Aug 2026, 00:08 GMT","sequence_badge_label":null,"sequence_count":null,"sequence_count_label":null,"sequence_frames":[],"sequence_kind":null,"source_name":"radiotelevisionmarti_com_rss","source_name_label":"Mart\u00ed Noticias RSS","source_type":"rss","summary":"El primer ministro catar\u00ed, Mohamed bin Abdulrahman Al Thani, lleg\u00f3 a Teher\u00e1n con la misi\u00f3n de reactivar el di\u00e1logo, desescalar las tensiones y negociar la reapertura del Estrecho de Ormuz.","title":"EEUU aumenta la presi\u00f3n sobre Ir\u00e1n","topic":null,"translation_language":"","url":"https://www.martinoticias.com/a/eeuu-aumenta-la-presi%c3%b3n-sobre-ir%c3%a1n/476425.html","video_url":null,"youtube_conversion_active":false,"youtube_conversion_error":"","youtube_conversion_status":""},{"article_body_paragraphs":[],"audio_source_url":null,"author":"Jos\u00e9 Pernalete","available_dubs":[],"downloadable_assets":["https://gdb.martinoticias.com/82a9ac84-a88d-4dca-68ff-08def2ff2efe_w1600_r1_n_s.png"],"duration_display":"0:00","duration_seconds":null,"embed_url":null,"id":9854,"image_caption":null,"image_url":"https://gdb.martinoticias.com/82a9ac84-a88d-4dca-68ff-08def2ff2efe_w1600_r1_n_s.png","is_clip":false,"is_youtube_embed":false,"item_type":"photo","item_type_label":"Photo","language_label":"Espa\u00f1ol","media_credit":"Jos\u00e9 Pernalete","micro_label":"Photo","micro_label_kind":"gallery","network_label":"Mart\u00ed Noticias","network_logo_url":"/static/uploads/direct_network_logos/ocb_0888427dcb1d.svg","published_at":"2026-08-27T22:58:35","published_at_display":"27 Aug 2026, 22:58 GMT","sequence_badge_label":null,"sequence_count":null,"sequence_count_label":null,"sequence_frames":[],"sequence_kind":null,"source_name":"radiotelevisionmarti_com_rss","source_name_label":"Mart\u00ed Noticias RSS","source_type":"rss","summary":"Una de sus denunciantes, Mar\u00eda Elena Uzc\u00e1tegui Castro, asegura que fue detenida en 2014 durante un allanamiento dirigido por Quero Silva.","title":"V\u00edctima de Quero Silva teme represalias contra su familia tras su deportaci\u00f3n a Venezuela","topic":null,"translation_language":"","url":"https://www.martinoticias.com/a/v%c3%adctima-de-quero-silva-teme-represalias-contra-su-familia-tras-su-deportaci%c3%b3n-a-venezuela/476423.html","video_url":null,"youtube_conversion_active":false,"youtube_conversion_error":"","youtube_conversion_status":""},{"article_body_paragraphs":[],"audio_source_url":null,"author":"Jany Gonz\u00e1lez","available_dubs":[],"downloadable_assets":["https://gdb.martinoticias.com/e5128f33-a948-48ec-687f-08def2ff2efe_w1600_r1_n_s.jpg"],"duration_display":"0:00","duration_seconds":null,"embed_url":null,"id":9827,"image_caption":null,"image_url":"https://gdb.martinoticias.com/e5128f33-a948-48ec-687f-08def2ff2efe_w1600_r1_n_s.jpg","is_clip":false,"is_youtube_embed":false,"item_type":"photo","item_type_label":"Photo","language_label":"Espa\u00f1ol","media_credit":"Jany Gonz\u00e1lez","micro_label":"Photo","micro_label_kind":"gallery","network_label":"Mart\u00ed Noticias","network_logo_url":"/static/uploads/direct_network_logos/ocb_0888427dcb1d.svg","published_at":"2026-08-27T21:42:58","published_at_display":"27 Aug 2026, 21:42 GMT","sequence_badge_label":null,"sequence_count":null,"sequence_count_label":null,"sequence_frames":[],"sequence_kind":null,"source_name":"radiotelevisionmarti_com_rss","source_name_label":"Mart\u00ed Noticias RSS","source_type":"rss","summary":"El r\u00e9gimen cubano busca ahora una mayor participaci\u00f3n del sector privado para intentar impulsar la producci\u00f3n, captar recursos y aliviar la crisis.","title":"Tienen un pie dentro y otro afuera: economista advierte que el r\u00e9gimen no suelta el control de los privados","topic":null,"translation_language":"","url":"https://www.martinoticias.com/a/tienen-un-pie-afuera-y-uno-dentro-economista-advierte-que-el-r%c3%a9gimen-no-suelta-el-control-de-los-privados/476417.html","video_url":null,"youtube_conversion_active":false,"youtube_conversion_error":"","youtube_conversion_status":""},{"article_body_paragraphs":[],"audio_source_url":null,"author":"Rolando N\u00e1poles","available_dubs":[],"downloadable_assets":["https://gdb.martinoticias.com/1eefd608-e497-4c2c-cfd7-08decd5b38e4_cx0_cy15_cw0_w1600_r1_n_s.jpeg"],"duration_display":"0:00","duration_seconds":null,"embed_url":null,"id":9821,"image_caption":null,"image_url":"https://gdb.martinoticias.com/1eefd608-e497-4c2c-cfd7-08decd5b38e4_cx0_cy15_cw0_w1600_r1_n_s.jpeg","is_clip":false,"is_youtube_embed":false,"item_type":"photo","item_type_label":"Photo","language_label":"Espa\u00f1ol","media_credit":"Rolando N\u00e1poles","micro_label":"Photo","micro_label_kind":"gallery","network_label":"Mart\u00ed Noticias","network_logo_url":"/static/uploads/direct_network_logos/ocb_0888427dcb1d.svg","published_at":"2026-08-27T20:59:37","published_at_display":"27 Aug 2026, 20:59 GMT","sequence_badge_label":null,"sequence_count":null,"sequence_count_label":null,"sequence_frames":[],"sequence_kind":null,"source_name":"radiotelevisionmarti_com_rss","source_name_label":"Mart\u00ed Noticias RSS","source_type":"rss","summary":"La intensa agenda del embajador cubano \u00d3scar Cornelio Oliva en Chile ha despertado cuestionamientos. M\u00e1s de 60 actividades en distintas comunas del pa\u00eds est\u00e1n vinculadas al Partido Comunista chileno.","title":"Intenso despliegue del embajador cubano por territorio chileno enciende las alarmas","topic":null,"translation_language":"","url":"https://www.martinoticias.com/a/intenso-despliegue-del-embajador-cubano-por-territorio-chileno-enciende-las-alarmas/476404.html","video_url":null,"youtube_conversion_active":false,"youtube_conversion_error":"","youtube_conversion_status":""},{"article_body_paragraphs":[],"audio_source_url":null,"author":"Jorge Morej\u00f3n","available_dubs":[],"downloadable_assets":["https://gdb.martinoticias.com/2551063a-d275-453c-be8b-55e0e52a9936_cx0_cy6_cw0_w1600_r1_n_s.jpg"],"duration_display":"0:00","duration_seconds":null,"embed_url":null,"id":9816,"image_caption":null,"image_url":"https://gdb.martinoticias.com/2551063a-d275-453c-be8b-55e0e52a9936_cx0_cy6_cw0_w1600_r1_n_s.jpg","is_clip":false,"is_youtube_embed":false,"item_type":"photo","item_type_label":"Photo","language_label":"Espa\u00f1ol","media_credit":"Jorge Morej\u00f3n","micro_label":"Photo","micro_label_kind":"gallery","network_label":"Mart\u00ed Noticias","network_logo_url":"/static/uploads/direct_network_logos/ocb_0888427dcb1d.svg","published_at":"2026-08-27T20:44:27","published_at_display":"27 Aug 2026, 20:44 GMT","sequence_badge_label":null,"sequence_count":null,"sequence_count_label":null,"sequence_frames":[],"sequence_kind":null,"source_name":"radiotelevisionmarti_com_rss","source_name_label":"Mart\u00ed Noticias RSS","source_type":"rss","summary":"El campe\u00f3n Par\u00eds Saint Germain, enfrentar\u00e1 al Barcelona, al Manchester City, a la Roma, al Aston Villa, al Galatasaray, al Villarreal, al Slovan Bratislava y al Como italiano en la primera fase de la Champios, luego de que este jueves se llevase a cabo el sorteo entre los 36 equipos participantes.","title":"Tras el sorteo, todo est\u00e1 listo para el arranque de la Champions","topic":null,"translation_language":"","url":"https://www.martinoticias.com/a/tras-el-sorteo-todo-esta-listo-para-el-arranque-de-la-champions/476420.html","video_url":null,"youtube_conversion_active":false,"youtube_conversion_error":"","youtube_conversion_status":""}],"next_num":7,"page":6,"pages":25,"per_page":20,"prev_num":5,"total":485}
