{"applied_filters":{"end_date":"","lang":"","language":"","network":"Mart\u00ed Noticias","page":7,"per_page":20,"search":"","source":"","start_date":"","topic":"","type":"photo"},"available_filters":{"language_choices":[{"label":"Choose Language","value":""},{"label":"English","value":"English"},{"label":"Espa\u00f1ol","value":"Espa\u00f1ol"}],"network_choices":[{"label":"All networks","value":""},{"label":"Mart\u00ed Noticias","value":"Mart\u00ed Noticias"}],"source_choices":[{"label":"All sources","value":""},{"label":"Mart\u00ed Noticias RSS","value":"radiotelevisionmarti_com_rss"}],"sources":["radiotelevisionmarti_com_rss"],"topics":[],"types":[["","All types"],["article","Articles"],["audio","Audio"],["video","Videos"],["clips","Clips"],["media","Media"]]},"has_next":true,"has_prev":true,"items":[{"article_body_paragraphs":[],"audio_source_url":null,"author":"Mario J. Pent\u00f3n, Georgina Toledo","available_dubs":[],"downloadable_assets":["https://gdb.martinoticias.com/c47df173-4979-4a36-7c7e-08def2b1c8fe_w1600_r1_n_s.png"],"duration_display":"0:00","duration_seconds":null,"embed_url":null,"id":9792,"image_caption":null,"image_url":"https://gdb.martinoticias.com/c47df173-4979-4a36-7c7e-08def2b1c8fe_w1600_r1_n_s.png","is_clip":false,"is_youtube_embed":false,"item_type":"photo","item_type_label":"Photo","language_label":"Espa\u00f1ol","media_credit":"Mario J. Pent\u00f3n, Georgina Toledo","micro_label":"Photo","micro_label_kind":"gallery","network_label":"Mart\u00ed Noticias","network_logo_url":"/static/uploads/direct_network_logos/ocb_0888427dcb1d.svg","published_at":"2026-08-27T19:38:01","published_at_display":"27 Aug 2026, 19:38 GMT","sequence_badge_label":null,"sequence_count":null,"sequence_count_label":null,"sequence_frames":[],"sequence_kind":null,"source_name":"radiotelevisionmarti_com_rss","source_name_label":"Mart\u00ed Noticias RSS","source_type":"rss","summary":"Cudeiro, de 31 a\u00f1os, ha reaparecido en la televisi\u00f3n estatal como uno de los impulsores de un proyecto familiar dedicado a la producci\u00f3n de caf\u00e9 en el municipio Segundo Frente, en Santiago de Cuba. Un vocero del Servicio de Inmigraci\u00f3n y Control de Aduanas (ICE) confirm\u00f3 que el joven se fue a Cuba.","title":"Fugitivo de la justicia en EEUU reaparece en Cuba como pr\u00f3spero productor de caf\u00e9","topic":null,"translation_language":"","url":"https://www.martinoticias.com/a/fugitivo-de-la-justicia-en-eeuu-reaparece-en-cuba-como-pr%c3%b3spero-productor-de-caf%c3%a9/476403.html","video_url":null,"youtube_conversion_active":false,"youtube_conversion_error":"","youtube_conversion_status":""},{"article_body_paragraphs":[],"audio_source_url":null,"author":"Redacci\u00f3n Mart\u00ed Noticias","available_dubs":[],"downloadable_assets":["https://gdb.martinoticias.com/ca8f4431-da88-4711-8a6d-c617e211b215_w1600_r1_n_s.jpg"],"duration_display":"0:00","duration_seconds":null,"embed_url":null,"id":9766,"image_caption":null,"image_url":"https://gdb.martinoticias.com/ca8f4431-da88-4711-8a6d-c617e211b215_w1600_r1_n_s.jpg","is_clip":false,"is_youtube_embed":false,"item_type":"photo","item_type_label":"Photo","language_label":"Espa\u00f1ol","media_credit":"Redacci\u00f3n Mart\u00ed Noticias","micro_label":"Photo","micro_label_kind":"gallery","network_label":"Mart\u00ed Noticias","network_logo_url":"/static/uploads/direct_network_logos/ocb_0888427dcb1d.svg","published_at":"2026-08-27T18:51:59","published_at_display":"27 Aug 2026, 18:51 GMT","sequence_badge_label":null,"sequence_count":null,"sequence_count_label":null,"sequence_frames":[],"sequence_kind":null,"source_name":"radiotelevisionmarti_com_rss","source_name_label":"Mart\u00ed Noticias RSS","source_type":"rss","summary":"\u201cVamos a cambiar el nombre del Lago Ontario a Lago Am\u00e9rica. Con efecto inmediato\u201d, dijo Trump durante la firma de la orden.","title":"Trump firma orden para renombrar oficialmente el Lago Ontario como Lago Am\u00e9rica","topic":null,"translation_language":"","url":"https://www.martinoticias.com/a/trump-firma-orden-para-renombrar-oficialmente-el-lago-ontario-como-lago-am%c3%a9rica/476412.html","video_url":null,"youtube_conversion_active":false,"youtube_conversion_error":"","youtube_conversion_status":""},{"article_body_paragraphs":[],"audio_source_url":null,"author":"Redacci\u00f3n Mart\u00ed Noticias","available_dubs":[],"downloadable_assets":["https://gdb.martinoticias.com/da130159-f035-44ed-68f8-08def2ff2efe_w1600_r1_n_s.png"],"duration_display":"0:00","duration_seconds":null,"embed_url":null,"id":9729,"image_caption":null,"image_url":"https://gdb.martinoticias.com/da130159-f035-44ed-68f8-08def2ff2efe_w1600_r1_n_s.png","is_clip":false,"is_youtube_embed":false,"item_type":"photo","item_type_label":"Photo","language_label":"Espa\u00f1ol","media_credit":"Redacci\u00f3n Mart\u00ed Noticias","micro_label":"Photo","micro_label_kind":"gallery","network_label":"Mart\u00ed Noticias","network_logo_url":"/static/uploads/direct_network_logos/ocb_0888427dcb1d.svg","published_at":"2026-08-27T17:41:52","published_at_display":"27 Aug 2026, 17:41 GMT","sequence_badge_label":null,"sequence_count":null,"sequence_count_label":null,"sequence_frames":[],"sequence_kind":null,"source_name":"radiotelevisionmarti_com_rss","source_name_label":"Mart\u00ed Noticias RSS","source_type":"rss","summary":"\"Nuestra regi\u00f3n est\u00e1 plagada de proyectos liderados por empresas estatales chinas\", indic\u00f3 el subsecretario de Estado para Asuntos del Hemisferio Occidental, Juan Pablo Segura.","title":"Washington advierte sobre riesgos de empresas chinas en el Hemisferio","topic":null,"translation_language":"","url":"https://www.martinoticias.com/a/washington-advierte-sobre-riesgos-de-empresas-chinas-en-el-hemisferio/476402.html","video_url":null,"youtube_conversion_active":false,"youtube_conversion_error":"","youtube_conversion_status":""},{"article_body_paragraphs":[],"audio_source_url":null,"author":"Ariane Gonz\u00e1lez","available_dubs":[],"downloadable_assets":["https://gdb.martinoticias.com/518d2455-c4f1-4b25-0405-08decd63a0c8_w1600_r1_n_s.png"],"duration_display":"0:00","duration_seconds":null,"embed_url":null,"id":9690,"image_caption":null,"image_url":"https://gdb.martinoticias.com/518d2455-c4f1-4b25-0405-08decd63a0c8_w1600_r1_n_s.png","is_clip":false,"is_youtube_embed":false,"item_type":"photo","item_type_label":"Photo","language_label":"Espa\u00f1ol","media_credit":"Ariane Gonz\u00e1lez","micro_label":"Photo","micro_label_kind":"gallery","network_label":"Mart\u00ed Noticias","network_logo_url":"/static/uploads/direct_network_logos/ocb_0888427dcb1d.svg","published_at":"2026-08-27T16:24:52","published_at_display":"27 Aug 2026, 16:24 GMT","sequence_badge_label":null,"sequence_count":null,"sequence_count_label":null,"sequence_frames":[],"sequence_kind":null,"source_name":"radiotelevisionmarti_com_rss","source_name_label":"Mart\u00ed Noticias RSS","source_type":"rss","summary":"El proyecto independiente Di.Verso cumple en 2026 una d\u00e9cada de trabajo dirigido a promover la inclusi\u00f3n social y la participaci\u00f3n ciudadana en Cuba mediante tres pilares: el civismo, la cultura y la comunidad. \u201cEmpezamos en 2016 con el objetivo de fortalecer procesos de inclusi\u00f3n social y construcci\u00f3n de ciudadan\u00eda con tres pilares esenciales: el civismo, la cultura y la comunidad\u201d, explic\u00f3 su director, el m\u00fasico y activista Osvaldo Navarro, en declaraciones a Mart\u00ed Noticias. Navarro se\u00f1al\u00f3 que la labor comunitaria de la iniciativa parte del contacto directo con los ciudadanos y de las propuestas surgidas dentro de los barrios. \u201cEntendemos la comunidad como el trabajo con las bases sociales, desde donde emergen las iniciativas\u201d, afirm\u00f3. El hip hop ha ocupado un lugar central desde la fundaci\u00f3n de Di.Verso. El proyecto ha colaborado con artistas de diversas manifestaciones, pero ha encontrado en el rap una herramienta para denunciar violaciones de derechos humanos, transmitir mensajes c\u00edvicos y acercarse a los sectores m\u00e1s vulnerables de la poblaci\u00f3n. \u201cEl hip hop es la base de nuestra g\u00e9nesis y el elemento que m\u00e1s aportes ha hecho a nuestro desarrollo\u201d, dijo Navarro. El activista explic\u00f3 que Di.Verso no se ha limitado a recurrir a las letras del rap y a las alianzas con artistas para denunciar \u201clas atrocidades y las violaciones de derechos humanos que comete el gobierno cubano contra su poblaci\u00f3n\u201d, sino que tambi\u00e9n ha empleado las metodolog\u00edas propias de esa expresi\u00f3n cultural para trabajar con las comunidades. La trayectoria de Di.Verso ha estado marcada, adem\u00e1s, por episodios de censura . En 2018, las autoridades impidieron la celebraci\u00f3n de una actividad del proyecto en La Habana, mientras Navarro advert\u00eda sobre el impacto de las restricciones oficiales contra los artistas independientes. En sus declaraciones, el director de Di.Verso destac\u00f3 el trabajo realizado en las \u00e1reas c\u00edvica y comunitaria, especialmente junto a observadores de derechos electorales. \u201cDestacamos el trabajo que hemos venido realizando con observadores de derechos electorales desde el monitoreo ciudadano, el monitoreo comunitario y las veedur\u00edas ciudadanas\u201d, indic\u00f3. Seg\u00fan Navarro, estas acciones complementan la fiscalizaci\u00f3n de los gobiernos locales y permiten incorporar a los propios ciudadanos en los procesos de observaci\u00f3n, m\u00e1s all\u00e1 de la denuncia. El proyecto tambi\u00e9n ha participado en iniciativas destinadas a debatir la pobreza , las desigualdades sociales, la discriminaci\u00f3n racial y las condiciones de las comunidades m\u00e1s vulnerables. En 2024 colabor\u00f3 con el Comit\u00e9 Ciudadano por la Integraci\u00f3n Racial en un foro comunitario dedicado a analizar estos problemas y el trabajo desarrollado por organizaciones independientes dentro de los barrios cubanos. Di.Verso impulsa actualmente la iniciativa \u201cMiremos por dentro\u201d, que Navarro describi\u00f3 como un programa de incidencia orientado a fomentar una ciudadan\u00eda activa. \u201cEstamos desarrollando diferentes actividades en comunidades y espacios p\u00fablicos, entregando postales, volantes y mensajes\u201d, explic\u00f3. La campa\u00f1a tiene como lema \u201cVoces que construyen ciudadan\u00eda\u201d, una frase que resume, seg\u00fan el activista, la intenci\u00f3n de involucrar a la poblaci\u00f3n en la identificaci\u00f3n de sus problemas y en la b\u00fasqueda de soluciones. \u201cNuestro compromiso sigue siendo el activismo, el cambio en Cuba y una sociedad mucho m\u00e1s plural y diversa para todas y todos\u201d, concluy\u00f3 Navarro.","title":"Di.Verso celebra una d\u00e9cada de civismo, cultura y trabajo comunitario en Cuba","topic":null,"translation_language":"","url":"https://www.martinoticias.com/a/di-verso-celebra-una-d%c3%a9cada-de-civismo-cultura-y-trabajo-comunitario-en-cuba/476399.html","video_url":null,"youtube_conversion_active":false,"youtube_conversion_error":"","youtube_conversion_status":""},{"article_body_paragraphs":[],"audio_source_url":null,"author":"Jorge Morej\u00f3n","available_dubs":[],"downloadable_assets":["https://gdb.martinoticias.com/bdc1e05f-fd6d-4f15-8cf4-a75fc6074455_cx0_cy7_cw0_w1600_r1_n_s.jpg"],"duration_display":"0:00","duration_seconds":null,"embed_url":null,"id":9668,"image_caption":null,"image_url":"https://gdb.martinoticias.com/bdc1e05f-fd6d-4f15-8cf4-a75fc6074455_cx0_cy7_cw0_w1600_r1_n_s.jpg","is_clip":false,"is_youtube_embed":false,"item_type":"photo","item_type_label":"Photo","language_label":"Espa\u00f1ol","media_credit":"Jorge Morej\u00f3n","micro_label":"Photo","micro_label_kind":"gallery","network_label":"Mart\u00ed Noticias","network_logo_url":"/static/uploads/direct_network_logos/ocb_0888427dcb1d.svg","published_at":"2026-08-27T15:52:21","published_at_display":"27 Aug 2026, 15:52 GMT","sequence_badge_label":null,"sequence_count":null,"sequence_count_label":null,"sequence_frames":[],"sequence_kind":null,"source_name":"radiotelevisionmarti_com_rss","source_name_label":"Mart\u00ed Noticias RSS","source_type":"rss","summary":"Ganar la Triple Corona ofensiva es uno de los actos m\u00e1s dif\u00edciles de lograr en cualquier liga del mundo. Luego de dominar la Liga Americana en average, jonrones y carreras impulsadas, los tres departamentos que componen la Triple Corona, el cubano Yord\u00e1n Alvarez, de los Astros de Houston, ve seriamente amenazadas sus intenciones de conseguir algo que s\u00f3lo el venezolano Miguel Cabrera, en 2012, lo ha hecho en lo que va del siglo XXI. Air Yord\u00e1n lidera a todos los bateadores del joven circuito en promedio, con .322, jonrones, con 36, y remolcadas, con 91, pero ha entrado en una sequ\u00eda de poder en el mes de agosto, que ha permitido a otros acerc\u00e1rsele peligrosamente para tratar de desbancarlo de esos liderazgos. Mientras Alvarez va c\u00f3modo en average, con 13 puntos por delante de Chandler Simpson, jardinero de los Rays de Tampa Bay, tiene al dominicano Junior Caminero, de ese mismo equipo, y a Ben Rice, de los Yankees de Nueva York, respir\u00e1ndole en la nuca en el departamento de los cuadrangulares, ambos con 35. Y en las empujadas, Pete Alonso, de los Orioles de Baltimore, ya lo empat\u00f3 con 91. Luego de promediar alrededor de nueve jonrones y 20 impulsadas por mes hasta julio, en agosto Yord\u00e1n s\u00f3lo ha sacado una pelota sobre las cercas y empujado nueve carreras. En lo que s\u00ed no tiene competencia es en la llamada Triple Corona moderna, que componen el promedio de embasamiento (OBP), el slugging y el OPS (la suma del OBP y el slugging). El tunero muestra un OBP de .437, un slugging de .614 y un OPS de 1.051, sin nadie que le haga sombra en esos departamentos no s\u00f3lo en el joven circuito, sino en todas las Grandes Ligas. Todav\u00eda queda un mes en el calendario regular y Alvarez, considerado por muchos como el mejor bateador de la actualidad en las Mayores, puede recuperar su paso habitual y despegarse nuevamente de Caminero, Rice y Alonso, pero eso s\u00f3lo lo dictar\u00e1 la realidad sobre el terreno. Y aun cuando no consiga convertirse en el primer cubano en ganar la Triple Corona, es el favorito para llevarse, quiz\u00e1s hasta por unanimidad, el premio de Jugador M\u00e1s Valioso de la Liga Americana.","title":"Peligra la Triple Corona de Yord\u00e1n","topic":null,"translation_language":"","url":"https://www.martinoticias.com/a/476400.html","video_url":null,"youtube_conversion_active":false,"youtube_conversion_error":"","youtube_conversion_status":""},{"article_body_paragraphs":[],"audio_source_url":null,"author":"Karla P\u00e9rez/ADN Cuba","available_dubs":[],"downloadable_assets":["https://gdb.martinoticias.com/504946d8-afc9-4af2-cfd1-08decd5b38e4_cx14_cy22_cw70_w1600_r1_n_s.jpg"],"duration_display":"0:00","duration_seconds":null,"embed_url":null,"id":9664,"image_caption":null,"image_url":"https://gdb.martinoticias.com/504946d8-afc9-4af2-cfd1-08decd5b38e4_cx14_cy22_cw70_w1600_r1_n_s.jpg","is_clip":false,"is_youtube_embed":false,"item_type":"photo","item_type_label":"Photo","language_label":"Espa\u00f1ol","media_credit":"Karla P\u00e9rez/ADN Cuba","micro_label":"Photo","micro_label_kind":"gallery","network_label":"Mart\u00ed Noticias","network_logo_url":"/static/uploads/direct_network_logos/ocb_0888427dcb1d.svg","published_at":"2026-08-27T15:44:13","published_at_display":"27 Aug 2026, 15:44 GMT","sequence_badge_label":null,"sequence_count":null,"sequence_count_label":null,"sequence_frames":[],"sequence_kind":null,"source_name":"radiotelevisionmarti_com_rss","source_name_label":"Mart\u00ed Noticias RSS","source_type":"rss","summary":"Falta de electricidad, escasez de alimentos, inflaci\u00f3n, deterioro de instalaciones educativas y d\u00e9ficit de docentes se combinan para complicar un curso escolar en Cuba que las autoridades presentan como preparado para comenzar.","title":"Cuba volver\u00e1 a las aulas entre apagones, falta de maestros y familias al l\u00edmite","topic":null,"translation_language":"","url":"https://www.martinoticias.com/a/cuba-volver%c3%a1-a-las-aulas-entre-apagones-falta-de-maestros-y-familias-al-l%c3%admite/476396.html","video_url":null,"youtube_conversion_active":false,"youtube_conversion_error":"","youtube_conversion_status":""},{"article_body_paragraphs":[],"audio_source_url":null,"author":"Redacci\u00f3n Mart\u00ed Noticias","available_dubs":[],"downloadable_assets":["https://gdb.martinoticias.com/bd794192-f9a4-4b03-fb7e-08decd3a80a4_w1600_r1_n_s.png"],"duration_display":"0:00","duration_seconds":null,"embed_url":null,"id":9627,"image_caption":null,"image_url":"https://gdb.martinoticias.com/bd794192-f9a4-4b03-fb7e-08decd3a80a4_w1600_r1_n_s.png","is_clip":false,"is_youtube_embed":false,"item_type":"photo","item_type_label":"Photo","language_label":"Espa\u00f1ol","media_credit":"Redacci\u00f3n Mart\u00ed Noticias","micro_label":"Photo","micro_label_kind":"gallery","network_label":"Mart\u00ed Noticias","network_logo_url":"/static/uploads/direct_network_logos/ocb_0888427dcb1d.svg","published_at":"2026-08-27T14:32:09","published_at_display":"27 Aug 2026, 14:32 GMT","sequence_badge_label":null,"sequence_count":null,"sequence_count_label":null,"sequence_frames":[],"sequence_kind":null,"source_name":"radiotelevisionmarti_com_rss","source_name_label":"Mart\u00ed Noticias RSS","source_type":"rss","summary":"El embajador estadounidense Jeffrey A. Bartos denunci\u00f3 ante el Consejo de Seguridad de la ONU que los l\u00edderes cubanos mantienen lujos y opulencia mientras la poblaci\u00f3n enfrenta escasez de alimentos y crisis econ\u00f3mica.","title":"EEUU desmiente al r\u00e9gimen en la ONU: l\u00edderes cubanos viven con lujos mientras la poblaci\u00f3n pasa hambre","topic":null,"translation_language":"","url":"https://www.martinoticias.com/a/eeuu-desmiente-al-r%c3%a9gimen-en-la-onu-l%c3%adderes-cubanos-viven-con-lujos-mientras-la-poblaci%c3%b3n-pasa-hambre/476394.html","video_url":null,"youtube_conversion_active":false,"youtube_conversion_error":"","youtube_conversion_status":""},{"article_body_paragraphs":[],"audio_source_url":null,"author":"Yolanda Huerga","available_dubs":[],"downloadable_assets":["https://gdb.martinoticias.com/d04d82a9-ab9d-4fe7-7c78-08def2b1c8fe_w1600_r1_n_s.jpeg"],"duration_display":"0:00","duration_seconds":null,"embed_url":null,"id":9432,"image_caption":null,"image_url":"https://gdb.martinoticias.com/d04d82a9-ab9d-4fe7-7c78-08def2b1c8fe_w1600_r1_n_s.jpeg","is_clip":false,"is_youtube_embed":false,"item_type":"photo","item_type_label":"Photo","language_label":"Espa\u00f1ol","media_credit":"Yolanda Huerga","micro_label":"Photo","micro_label_kind":"gallery","network_label":"Mart\u00ed Noticias","network_logo_url":"/static/uploads/direct_network_logos/ocb_0888427dcb1d.svg","published_at":"2026-08-27T00:16:59","published_at_display":"27 Aug 2026, 00:16 GMT","sequence_badge_label":null,"sequence_count":null,"sequence_count_label":null,"sequence_frames":[],"sequence_kind":null,"source_name":"radiotelevisionmarti_com_rss","source_name_label":"Mart\u00ed Noticias RSS","source_type":"rss","summary":"Setenta d\u00edas se dicen r\u00e1pido, pero para una familia en el centro de Cuba, significan cada segundo de una cuenta regresiva. La huelga de hambre de Guillermo del Sol revela el peso de tres generaciones marcadas por la prisi\u00f3n pol\u00edtica y una protesta que hoy roza un desenlace fatal.","title":"Entre la angustia y el orgullo: el testimonio del hijo de Guillermo del Sol tras prolongada huelga de hambre de su padre","topic":null,"translation_language":"","url":"https://www.martinoticias.com/a/entre-la-angustia-y-el-orgullo-el-testimonio-del-hijo-de-guillermo-del-sol-tras-70-d%c3%adas-de-huelga-de-hambre/476345.html","video_url":null,"youtube_conversion_active":false,"youtube_conversion_error":"","youtube_conversion_status":""},{"article_body_paragraphs":[],"audio_source_url":null,"author":"Yolanda Huerga","available_dubs":[],"downloadable_assets":["https://gdb.martinoticias.com/C877B418-6812-48D6-A19D-4EF9BFB64C94_w1600_r1_n_s.jpg"],"duration_display":"0:00","duration_seconds":null,"embed_url":null,"id":9423,"image_caption":null,"image_url":"https://gdb.martinoticias.com/C877B418-6812-48D6-A19D-4EF9BFB64C94_w1600_r1_n_s.jpg","is_clip":false,"is_youtube_embed":false,"item_type":"photo","item_type_label":"Photo","language_label":"Espa\u00f1ol","media_credit":"Yolanda Huerga","micro_label":"Photo","micro_label_kind":"gallery","network_label":"Mart\u00ed Noticias","network_logo_url":"/static/uploads/direct_network_logos/ocb_0888427dcb1d.svg","published_at":"2026-08-26T23:20:45","published_at_display":"26 Aug 2026, 23:20 GMT","sequence_badge_label":null,"sequence_count":null,"sequence_count_label":null,"sequence_frames":[],"sequence_kind":null,"source_name":"radiotelevisionmarti_com_rss","source_name_label":"Mart\u00ed Noticias RSS","source_type":"rss","summary":"El informe de Defensa CD destaca el bloqueo de eventos religiosos y la detenci\u00f3n temporal de un l\u00edder ortodoxo griego, revelando un patr\u00f3n de represi\u00f3n y hostigamiento contra comunidades no reconocidas por el r\u00e9gimen.","title":"Defensa CD alerta sobre represi\u00f3n e intimidaci\u00f3n a grupos de fe en Cuba","topic":null,"translation_language":"","url":"https://www.martinoticias.com/a/defensa-cd-alerta-sobre-represi%c3%b3n-e-intimidaci%c3%b3n-a-grupos-de-fe-en-cuba/476343.html","video_url":null,"youtube_conversion_active":false,"youtube_conversion_error":"","youtube_conversion_status":""},{"article_body_paragraphs":[],"audio_source_url":null,"author":"Redacci\u00f3n Mart\u00ed Noticias","available_dubs":[],"downloadable_assets":["https://gdb.martinoticias.com/9ecadcff-6b14-430e-b898-12d27883a92b_w1600_r1_n_s.jpg"],"duration_display":"0:00","duration_seconds":null,"embed_url":null,"id":9420,"image_caption":null,"image_url":"https://gdb.martinoticias.com/9ecadcff-6b14-430e-b898-12d27883a92b_w1600_r1_n_s.jpg","is_clip":false,"is_youtube_embed":false,"item_type":"photo","item_type_label":"Photo","language_label":"Espa\u00f1ol","media_credit":"Redacci\u00f3n Mart\u00ed Noticias","micro_label":"Photo","micro_label_kind":"gallery","network_label":"Mart\u00ed Noticias","network_logo_url":"/static/uploads/direct_network_logos/ocb_0888427dcb1d.svg","published_at":"2026-08-26T22:34:58","published_at_display":"26 Aug 2026, 22:34 GMT","sequence_badge_label":null,"sequence_count":null,"sequence_count_label":null,"sequence_frames":[],"sequence_kind":null,"source_name":"radiotelevisionmarti_com_rss","source_name_label":"Mart\u00ed Noticias RSS","source_type":"rss","summary":"Equipos de rescate buscaban el jueves a cientos de desaparecidos en la frontera entre Nepal y T\u00edbet, despu\u00e9s de inundaciones repentinas y deslizamientos de tierra que dejaron al menos 160 muertos y arrasaron comunidades en una zona monta\u00f1osa de dif\u00edcil acceso. La polic\u00eda de Nepal inform\u00f3 de la recuperaci\u00f3n de 157 cuerpos, mientras que medios estatales chinos reportaron tres fallecidos y 265 desaparecidos en el lado tibetano. Las autoridades advirtieron que el balance podr\u00eda aumentar a medida que avancen las operaciones de b\u00fasqueda. Entre las personas cuyo paradero se desconoce figuran numerosos turistas. El Ministerio de Turismo de Nepal indic\u00f3 que 403 visitantes, incluidos 341 extranjeros, no hab\u00edan sido localizados horas despu\u00e9s del desastre. Entre ellos hab\u00eda ciudadanos de India, Australia, Reino Unido, Malasia, Pa\u00edses Bajos, Portugal, Sud\u00e1frica, Corea del Sur, Ucrania y Estados Unidos. \u201cPueblos enteros y zonas de mercados fueron arrasados\u201d, dijo David Fisher, director para Nepal de la Federaci\u00f3n Internacional de Sociedades de la Cruz Roja y de la Media Luna Roja. Una fotograf\u00eda tomada el 26 de agosto de 2026 muestra una casa parcialmente sumergida en el barro tras unas inundaciones repentinas y un deslizamiento de tierra en Trishuli Bazar, en el distrito nepal\u00ed de Nuwakot. En T\u00edbet, las autoridades desplegaron cerca de 800 trabajadores de emergencia, 150 veh\u00edculos, perros rastreadores y lanchas r\u00e1pidas, seg\u00fan la agencia estatal china Xinhua. El Ej\u00e9rcito nepal\u00ed tambi\u00e9n realizaba b\u00fasquedas a\u00e9reas y hab\u00eda rescatado a decenas de personas en el distrito de Rasuwa. La agencia de gesti\u00f3n de desastres de Nepal cit\u00f3 im\u00e1genes satelitales que apuntan a un posible desprendimiento de nieve y rocas cerca de la frontera. Las autoridades tambi\u00e9n vigilaban el riesgo de nuevas inundaciones debido a un posible bloqueo en la parte alta de un r\u00edo fronterizo.","title":"Inundaciones y deslizamientos en Nepal y T\u00edbet dejan al menos 160 muertos y cientos de desaparecidos","topic":null,"translation_language":"","url":"https://www.martinoticias.com/a/476346.html","video_url":null,"youtube_conversion_active":false,"youtube_conversion_error":"","youtube_conversion_status":""},{"article_body_paragraphs":[],"audio_source_url":null,"author":"Ivette Pacheco","available_dubs":[],"downloadable_assets":["https://gdb.martinoticias.com/5D3A64D1-43A7-439A-AD89-77F2B210D828_w1600_r1_n_s.jpg"],"duration_display":"0:00","duration_seconds":null,"embed_url":null,"id":9413,"image_caption":null,"image_url":"https://gdb.martinoticias.com/5D3A64D1-43A7-439A-AD89-77F2B210D828_w1600_r1_n_s.jpg","is_clip":false,"is_youtube_embed":false,"item_type":"photo","item_type_label":"Photo","language_label":"Espa\u00f1ol","media_credit":"Ivette Pacheco","micro_label":"Photo","micro_label_kind":"gallery","network_label":"Mart\u00ed Noticias","network_logo_url":"/static/uploads/direct_network_logos/ocb_0888427dcb1d.svg","published_at":"2026-08-26T21:06:48","published_at_display":"26 Aug 2026, 21:06 GMT","sequence_badge_label":null,"sequence_count":null,"sequence_count_label":null,"sequence_frames":[],"sequence_kind":null,"source_name":"radiotelevisionmarti_com_rss","source_name_label":"Mart\u00ed Noticias RSS","source_type":"rss","summary":"Alumnos cuestionan la falta de condiciones b\u00e1sicas para el regreso a la facultad, incluyendo problemas de alimentaci\u00f3n, transporte, agua y alojamiento, adem\u00e1s del alto costo de los pasajes y la crisis en el pa\u00eds.","title":"Sin comida ni transporte: Estudiantes de Medicina rechazan regresar a clases en Santiago de Cuba","topic":null,"translation_language":"","url":"https://www.martinoticias.com/a/sin-comida-ni-transporte-estudiantes-de-medicina-rechazan-regresar-a-clases-en-santiago-de-cuba/476332.html","video_url":null,"youtube_conversion_active":false,"youtube_conversion_error":"","youtube_conversion_status":""},{"article_body_paragraphs":[],"audio_source_url":null,"author":"Laura Artal","available_dubs":[],"downloadable_assets":["https://gdb.martinoticias.com/3EE22429-0ADF-467F-A148-34166BAC7F6C_w1600_r1_n_s.jpg"],"duration_display":"0:00","duration_seconds":null,"embed_url":null,"id":9408,"image_caption":null,"image_url":"https://gdb.martinoticias.com/3EE22429-0ADF-467F-A148-34166BAC7F6C_w1600_r1_n_s.jpg","is_clip":false,"is_youtube_embed":false,"item_type":"photo","item_type_label":"Photo","language_label":"Espa\u00f1ol","media_credit":"Laura Artal","micro_label":"Photo","micro_label_kind":"gallery","network_label":"Mart\u00ed Noticias","network_logo_url":"/static/uploads/direct_network_logos/ocb_0888427dcb1d.svg","published_at":"2026-08-26T20:52:57","published_at_display":"26 Aug 2026, 20:52 GMT","sequence_badge_label":null,"sequence_count":null,"sequence_count_label":null,"sequence_frames":[],"sequence_kind":null,"source_name":"radiotelevisionmarti_com_rss","source_name_label":"Mart\u00ed Noticias RSS","source_type":"rss","summary":"El Aeropuerto Internacional Sim\u00f3n Bol\u00edvar de Maiquet\u00eda, ubicado en el estado La Guaira y principal terminal a\u00e9rea internacional de Venezuela, reanudar\u00e1 los vuelos comerciales de pasajeros a partir del pr\u00f3ximo 1 de septiembre, tanto en rutas nacionales como internacionales. Principal aeropuerto de Venezuela reanudar\u00e1 vuelos comerciales desde terminales temporales Conocido com\u00fanmente como el aeropuerto de Maiquet\u00eda y ubicado a unos 20 kil\u00f3metros de Caracas, es la principal puerta a\u00e9rea de entrada y salida del pa\u00eds. Sus terminales permanecen cerradas a los vuelos comerciales de pasajeros desde el doble terremoto del 24 de junio, que provoc\u00f3 da\u00f1os en su infraestructura. No obstante, la reapertura no significar\u00e1 el regreso inmediato a las instalaciones que utilizaban los viajeros antes de los sismos. Las operaciones se realizar\u00e1n inicialmente desde terminales temporales instaladas en el \u00e1rea del estacionamiento del aeropuerto, mientras contin\u00faan los trabajos de recuperaci\u00f3n de la infraestructura afectada. De acuerdo con la informaci\u00f3n divulgada por el Instituto Aeropuerto Internacional de Maiquet\u00eda, la terminal temporal destinada a las salidas internacionales contar\u00e1 con cuatro puertas de embarque y capacidad para atender hasta 780 pasajeros. Para los vuelos nacionales se habilitar\u00e1n tres puertas, con capacidad para aproximadamente 480 viajeros de manera simult\u00e1nea. El inicio de las operaciones permitir\u00e1 comprobar c\u00f3mo responden estas instalaciones provisionales ante el movimiento de pasajeros y la actividad de las aerol\u00edneas. Mart\u00ed Noticias consult\u00f3 al abogado aeron\u00e1utico Rodolfo Ruiz A. sobre las condiciones previstas para la reapertura y la capacidad de las terminales temporales. \u201cSolamente la pr\u00e1ctica y la din\u00e1mica, una vez se inicien las operaciones, es lo que va a determinar si en efecto el trabajo fue bien hecho\u201d, se\u00f1al\u00f3 Ruiz. La reactivaci\u00f3n del principal aeropuerto venezolano ser\u00e1 gradual. El sector a\u00e9reo estima que durante una primera fase podr\u00edan realizarse alrededor de ocho vuelos diarios. Ruiz explic\u00f3 que, seg\u00fan lo anunciado por las autoridades de Transporte venezolanas, el plan inicial contempla trabajar aproximadamente a una cuarta parte de la operaci\u00f3n comercial habitual. \u201cSeg\u00fan declaraciones del ministro de Transporte, la operaci\u00f3n va a ser en 25% aproximadamente de lo que tradicionalmente tiene Maiquet\u00eda como operaciones a\u00e9reas comerciales\u201d, indic\u00f3. El funcionamiento con capacidad reducida implica que el regreso de los vuelos no ser\u00e1 inmediato para todas las rutas y frecuencias que operaban antes del cierre. La evoluci\u00f3n de esta primera etapa ser\u00e1 clave para determinar el ritmo con el que pueda incrementarse posteriormente la actividad a\u00e9rea. Ante el reinicio de las operaciones, el Instituto Aeropuerto Internacional de Maiquet\u00eda pidi\u00f3 a los pasajeros comunicarse directamente con sus respectivas aerol\u00edneas para confirmar el estatus y la reprogramaci\u00f3n de sus vuelos. Las terminales temporales deber\u00e1n asumir el flujo de pasajeros mientras contin\u00faan las labores relacionadas con la recuperaci\u00f3n de las instalaciones afectadas por los terremotos.","title":"Principal aeropuerto de Venezuela reanudar\u00e1 vuelos desde terminales temporales","topic":null,"translation_language":"","url":"https://www.martinoticias.com/a/476331.html","video_url":null,"youtube_conversion_active":false,"youtube_conversion_error":"","youtube_conversion_status":""},{"article_body_paragraphs":[],"audio_source_url":null,"author":"Jos\u00e9 Pernalete","available_dubs":[],"downloadable_assets":["https://gdb.martinoticias.com/f605fdd9-ed34-4745-7c76-08def2b1c8fe_w1600_r1_n_s.png"],"duration_display":"0:00","duration_seconds":null,"embed_url":null,"id":9402,"image_caption":null,"image_url":"https://gdb.martinoticias.com/f605fdd9-ed34-4745-7c76-08def2b1c8fe_w1600_r1_n_s.png","is_clip":false,"is_youtube_embed":false,"item_type":"photo","item_type_label":"Photo","language_label":"Espa\u00f1ol","media_credit":"Jos\u00e9 Pernalete","micro_label":"Photo","micro_label_kind":"gallery","network_label":"Mart\u00ed Noticias","network_logo_url":"/static/uploads/direct_network_logos/ocb_0888427dcb1d.svg","published_at":"2026-08-26T20:12:10","published_at_display":"26 Aug 2026, 20:12 GMT","sequence_badge_label":null,"sequence_count":null,"sequence_count_label":null,"sequence_frames":[],"sequence_kind":null,"source_name":"radiotelevisionmarti_com_rss","source_name_label":"Mart\u00ed Noticias RSS","source_type":"rss","summary":"Las autoridades estadounidenses sostienen que, en 2013, Rafael Jos\u00e9 Quero Silva supervis\u00f3 directamente las torturas de al menos 74 manifestantes pac\u00edficos.","title":"EEUU deporta a Venezuela a excoronel se\u00f1alado por torturar a decenas de manifestantes","topic":null,"translation_language":"","url":"https://www.martinoticias.com/a/eeuu-deporta-a-venezuela-a-excoronel-se%c3%b1alado-por-torturar-a-manifestantes/476334.html","video_url":null,"youtube_conversion_active":false,"youtube_conversion_error":"","youtube_conversion_status":""},{"article_body_paragraphs":[],"audio_source_url":null,"author":"Mario J. Pent\u00f3n","available_dubs":[],"downloadable_assets":["https://gdb.martinoticias.com/16f32149-28f0-4f48-bc5b-08def2b1d8dc_cx41_cy43_cw58_w1600_r1_n_s.jpeg"],"duration_display":"0:00","duration_seconds":null,"embed_url":null,"id":9403,"image_caption":null,"image_url":"https://gdb.martinoticias.com/16f32149-28f0-4f48-bc5b-08def2b1d8dc_cx41_cy43_cw58_w1600_r1_n_s.jpeg","is_clip":false,"is_youtube_embed":false,"item_type":"photo","item_type_label":"Photo","language_label":"Espa\u00f1ol","media_credit":"Mario J. Pent\u00f3n","micro_label":"Photo","micro_label_kind":"gallery","network_label":"Mart\u00ed Noticias","network_logo_url":"/static/uploads/direct_network_logos/ocb_0888427dcb1d.svg","published_at":"2026-08-26T20:00:56","published_at_display":"26 Aug 2026, 20:00 GMT","sequence_badge_label":null,"sequence_count":null,"sequence_count_label":null,"sequence_frames":[],"sequence_kind":null,"source_name":"radiotelevisionmarti_com_rss","source_name_label":"Mart\u00ed Noticias RSS","source_type":"rss","summary":"El jefe de gabinete del congresista republicano Carlos Gim\u00e9nez, Rey Anthony, durante una entrevista con Mart\u00ed Noticias defendi\u00f3 las restricciones migratorias actuales, respald\u00f3 la aplicaci\u00f3n de la Ley de Ajuste Cubano para quienes califiquen.","title":"Jefe de gabinete explica a qu\u00e9 inmigrantes cubanos respalda el congresista Gim\u00e9nez","topic":null,"translation_language":"","url":"https://www.martinoticias.com/a/jefe-de-gabinete-explica-a-qu%c3%a9-inmigrantes-cubanos-respalda-el-congresista-gim%c3%a9nez/476330.html","video_url":null,"youtube_conversion_active":false,"youtube_conversion_error":"","youtube_conversion_status":""},{"article_body_paragraphs":[],"audio_source_url":null,"author":"Jos\u00e9 Pernalete","available_dubs":[],"downloadable_assets":["https://gdb.martinoticias.com/29d6234d-462a-4ce5-68f5-08def2ff2efe_w1600_r1_n_s.png"],"duration_display":"0:00","duration_seconds":null,"embed_url":null,"id":9392,"image_caption":null,"image_url":"https://gdb.martinoticias.com/29d6234d-462a-4ce5-68f5-08def2ff2efe_w1600_r1_n_s.png","is_clip":false,"is_youtube_embed":false,"item_type":"photo","item_type_label":"Photo","language_label":"Espa\u00f1ol","media_credit":"Jos\u00e9 Pernalete","micro_label":"Photo","micro_label_kind":"gallery","network_label":"Mart\u00ed Noticias","network_logo_url":"/static/uploads/direct_network_logos/ocb_0888427dcb1d.svg","published_at":"2026-08-26T19:45:54","published_at_display":"26 Aug 2026, 19:45 GMT","sequence_badge_label":null,"sequence_count":null,"sequence_count_label":null,"sequence_frames":[],"sequence_kind":null,"source_name":"radiotelevisionmarti_com_rss","source_name_label":"Mart\u00ed Noticias RSS","source_type":"rss","summary":"La operaci\u00f3n forma parte de una red de solidaridad que moviliza donaciones desde varias ciudades y pa\u00edses, mientras el balance oficial de la tragedia supera los 300 muertos y las 324 mil personas afectadas.","title":"Ayuda humanitaria despega desde Miami hacia zonas golpeadas por terremoto en Colombia","topic":null,"translation_language":"","url":"https://www.martinoticias.com/a/ayuda-humanitaria-despega-desde-miami-hacia-zonas-golpeadas-por-terremoto-en-colombia/476329.html","video_url":null,"youtube_conversion_active":false,"youtube_conversion_error":"","youtube_conversion_status":""},{"article_body_paragraphs":[],"audio_source_url":null,"author":"Edgardo Pinell Medina","available_dubs":[],"downloadable_assets":["https://gdb.martinoticias.com/15743c5d-aa67-492f-68f6-08def2ff2efe_w1600_r1_n_s.jpg"],"duration_display":"0:00","duration_seconds":null,"embed_url":null,"id":9380,"image_caption":null,"image_url":"https://gdb.martinoticias.com/15743c5d-aa67-492f-68f6-08def2ff2efe_w1600_r1_n_s.jpg","is_clip":false,"is_youtube_embed":false,"item_type":"photo","item_type_label":"Photo","language_label":"Espa\u00f1ol","media_credit":"Edgardo Pinell Medina","micro_label":"Photo","micro_label_kind":"gallery","network_label":"Mart\u00ed Noticias","network_logo_url":"/static/uploads/direct_network_logos/ocb_0888427dcb1d.svg","published_at":"2026-08-26T19:20:29","published_at_display":"26 Aug 2026, 19:20 GMT","sequence_badge_label":null,"sequence_count":null,"sequence_count_label":null,"sequence_frames":[],"sequence_kind":null,"source_name":"radiotelevisionmarti_com_rss","source_name_label":"Mart\u00ed Noticias RSS","source_type":"rss","summary":"La inauguraci\u00f3n en Managua de un megacentro de monitoreo marca un nuevo paso en la alianza entre el r\u00e9gimen de Daniel Ortega y Pek\u00edn, en medio de advertencias de EEUU sobre posibles riesgos de espionaje y uso de sistemas de vigilancia con tecnolog\u00eda china en la regi\u00f3n.","title":"R\u00e9gimen de Nicaragua instala un megacentro de monitoreo con tecnolog\u00eda china","topic":null,"translation_language":"","url":"https://www.martinoticias.com/a/r%c3%a9gimen-de-nicaragua-instala-un-megacentro-de-monitoreo-con-tecnolog%c3%ada-china/476328.html","video_url":null,"youtube_conversion_active":false,"youtube_conversion_error":"","youtube_conversion_status":""},{"article_body_paragraphs":[],"audio_source_url":null,"author":"Redacci\u00f3n Mart\u00ed Noticias","available_dubs":[],"downloadable_assets":["https://gdb.martinoticias.com/809a04a7-44d7-44c5-8d5d-f5352087e5f5_w1600_r1_n_s.jpg"],"duration_display":"0:00","duration_seconds":null,"embed_url":null,"id":9361,"image_caption":null,"image_url":"https://gdb.martinoticias.com/809a04a7-44d7-44c5-8d5d-f5352087e5f5_w1600_r1_n_s.jpg","is_clip":false,"is_youtube_embed":false,"item_type":"photo","item_type_label":"Photo","language_label":"Espa\u00f1ol","media_credit":"Redacci\u00f3n Mart\u00ed Noticias","micro_label":"Photo","micro_label_kind":"gallery","network_label":"Mart\u00ed Noticias","network_logo_url":"/static/uploads/direct_network_logos/ocb_0888427dcb1d.svg","published_at":"2026-08-26T18:58:32","published_at_display":"26 Aug 2026, 18:58 GMT","sequence_badge_label":null,"sequence_count":null,"sequence_count_label":null,"sequence_frames":[],"sequence_kind":null,"source_name":"radiotelevisionmarti_com_rss","source_name_label":"Mart\u00ed Noticias RSS","source_type":"rss","summary":"El secretario de Estado Marco Rubio y el canciller mexicano, Roberto Velasco, se reunieron en Washington para abordar prioridades regionales como migraci\u00f3n, seguridad y cooperaci\u00f3n bilateral.","title":"Secretario de Estado Rubio recibe en Washington al canciller mexicano","topic":null,"translation_language":"","url":"https://www.martinoticias.com/a/secretario-de-estado-rubio-recibe-en-washington-al-canciller-mexicano/476326.html","video_url":null,"youtube_conversion_active":false,"youtube_conversion_error":"","youtube_conversion_status":""},{"article_body_paragraphs":[],"audio_source_url":null,"author":"Janisset Rivero","available_dubs":[],"downloadable_assets":["https://gdb.martinoticias.com/ce881359-7d48-4770-03ff-08decd63a0c8_cx0_cy10_cw0_w1600_r1_n_s.jpg"],"duration_display":"0:00","duration_seconds":null,"embed_url":null,"id":9351,"image_caption":null,"image_url":"https://gdb.martinoticias.com/ce881359-7d48-4770-03ff-08decd63a0c8_cx0_cy10_cw0_w1600_r1_n_s.jpg","is_clip":false,"is_youtube_embed":false,"item_type":"photo","item_type_label":"Photo","language_label":"Espa\u00f1ol","media_credit":"Janisset Rivero","micro_label":"Photo","micro_label_kind":"gallery","network_label":"Mart\u00ed Noticias","network_logo_url":"/static/uploads/direct_network_logos/ocb_0888427dcb1d.svg","published_at":"2026-08-26T18:07:52","published_at_display":"26 Aug 2026, 18:07 GMT","sequence_badge_label":null,"sequence_count":null,"sequence_count_label":null,"sequence_frames":[],"sequence_kind":null,"source_name":"radiotelevisionmarti_com_rss","source_name_label":"Mart\u00ed Noticias RSS","source_type":"rss","summary":"Madres cubanas denuncian graves dificultades para el inicio del curso escolar por la escasez de alimentos, agua potable, electricidad y otros recursos b\u00e1sicos. Se\u00f1alaron que el gobierno deber\u00eda replantear el modelo educativo, incluyendo opciones como clases virtuales y escuelas privadas.","title":"Escasez de alimentos, apagones y falta de recursos complican el regreso a clases en Cuba (VIDEO)","topic":null,"translation_language":"","url":"https://www.martinoticias.com/a/escasez-de-alimentos-apagones-y-falta-de-recursos-complican-el-regreso-a-clases-en-cuba/476321.html","video_url":null,"youtube_conversion_active":false,"youtube_conversion_error":"","youtube_conversion_status":""},{"article_body_paragraphs":[],"audio_source_url":null,"author":"Redacci\u00f3n Mart\u00ed Noticias","available_dubs":[],"downloadable_assets":["https://gdb.martinoticias.com/1aeabe0f-e71e-4093-8be6-232b641da058_cx0_cy10_cw0_w1600_r1_n_s.jpg"],"duration_display":"0:00","duration_seconds":null,"embed_url":null,"id":9352,"image_caption":null,"image_url":"https://gdb.martinoticias.com/1aeabe0f-e71e-4093-8be6-232b641da058_cx0_cy10_cw0_w1600_r1_n_s.jpg","is_clip":false,"is_youtube_embed":false,"item_type":"photo","item_type_label":"Photo","language_label":"Espa\u00f1ol","media_credit":"Redacci\u00f3n Mart\u00ed Noticias","micro_label":"Photo","micro_label_kind":"gallery","network_label":"Mart\u00ed Noticias","network_logo_url":"/static/uploads/direct_network_logos/ocb_0888427dcb1d.svg","published_at":"2026-08-26T17:47:26","published_at_display":"26 Aug 2026, 17:47 GMT","sequence_badge_label":null,"sequence_count":null,"sequence_count_label":null,"sequence_frames":[],"sequence_kind":null,"source_name":"radiotelevisionmarti_com_rss","source_name_label":"Mart\u00ed Noticias RSS","source_type":"rss","summary":"Seg\u00fan una hoja informativa divulgada por el Departamento de Estado, A/I desarrolla y administra herramientas que incluyen servicios de correo electr\u00f3nico y chats cifrados, alojamiento web, videoconferencias seguras, transmisiones y mecanismos para preservar el anonimato.","title":"EEUU designa al colectivo tecnol\u00f3gico Autistici/Inventati como organizaci\u00f3n terrorista global","topic":null,"translation_language":"","url":"https://www.martinoticias.com/a/eeuu-designa-al-colectivo-tecnol%c3%b3gico-autistici-inventati-como-organizaci%c3%b3n-terrorista-global/476324.html","video_url":null,"youtube_conversion_active":false,"youtube_conversion_error":"","youtube_conversion_status":""},{"article_body_paragraphs":[],"audio_source_url":null,"author":"Iv\u00e1n Kasanzew","available_dubs":[],"downloadable_assets":["https://gdb.martinoticias.com/bf663f1a-98d4-4ab5-b273-74d4b3affa36_w1600_r1_n_s.jpg"],"duration_display":"0:00","duration_seconds":null,"embed_url":null,"id":9285,"image_caption":null,"image_url":"https://gdb.martinoticias.com/bf663f1a-98d4-4ab5-b273-74d4b3affa36_w1600_r1_n_s.jpg","is_clip":false,"is_youtube_embed":false,"item_type":"photo","item_type_label":"Photo","language_label":"Espa\u00f1ol","media_credit":"Iv\u00e1n Kasanzew","micro_label":"Photo","micro_label_kind":"gallery","network_label":"Mart\u00ed Noticias","network_logo_url":"/static/uploads/direct_network_logos/ocb_0888427dcb1d.svg","published_at":"2026-08-26T16:39:06","published_at_display":"26 Aug 2026, 16:39 GMT","sequence_badge_label":null,"sequence_count":null,"sequence_count_label":null,"sequence_frames":[],"sequence_kind":null,"source_name":"radiotelevisionmarti_com_rss","source_name_label":"Mart\u00ed Noticias RSS","source_type":"rss","summary":"Donald Trump, afirm\u00f3 en The Glenn Beck Program que el l\u00edder supremo de Ir\u00e1n, Mojtaba Khamenei, est\u00e1 gravemente herido, desmintiendo su muerte y augurando una \"gran victoria\". Adem\u00e1s, critic\u00f3 la ley Sharia y asegur\u00f3 que la prohibir\u00e1 por completo para defender el sistema legal estadounidense.","title":"Trump desmiente la muerte de l\u00edder de Ir\u00e1n","topic":null,"translation_language":"","url":"https://www.martinoticias.com/a/trump-l%c3%adder-de-iran-herido-de-gravedad-desmiente-su-muerte-y-ataca-a-la-cupula-y-la-sharia/476316.html","video_url":null,"youtube_conversion_active":false,"youtube_conversion_error":"","youtube_conversion_status":""}],"next_num":8,"page":7,"pages":25,"per_page":20,"prev_num":6,"total":485}
