{"applied_filters":{"end_date":"","lang":"","language":"","network":"Mart\u00ed Noticias","page":8,"per_page":20,"search":"","source":"","start_date":"","topic":"","type":"audio"},"available_filters":{"language_choices":[{"label":"Choose Language","value":""},{"label":"English","value":"English"},{"label":"Espa\u00f1ol","value":"Espa\u00f1ol"}],"network_choices":[{"label":"All networks","value":""},{"label":"Mart\u00ed Noticias","value":"Mart\u00ed Noticias"}],"source_choices":[{"label":"All sources","value":""},{"label":"Mart\u00ed Noticias \u00b7 Caf\u00e9 Digital","value":"ocb_spanish_audio_html_scrape"},{"label":"Mart\u00ed Noticias \u00b7 Liberaci\u00f3n","value":"ocb_spanish_audio_html_scrape_1001"},{"label":"Mart\u00ed Noticias \u00b7 Programas de Radio Nuestra Am\u00e9rica","value":"ocb_spanish_audio_html_scrape_1016"},{"label":"Mart\u00ed Noticias \u00b7 Agenda hemisf\u00e9rica","value":"ocb_spanish_audio_html_scrape_1028"},{"label":"Mart\u00ed Noticias \u00b7 El futuro es ya","value":"ocb_spanish_audio_html_scrape_1056"},{"label":"Mart\u00ed Noticias \u00b7 Foro abierto","value":"ocb_spanish_audio_html_scrape_1061"},{"label":"Mart\u00ed Noticias \u00b7 Nicaragua al d\u00eda","value":"ocb_spanish_audio_html_scrape_1077"},{"label":"Mart\u00ed Noticias \u00b7 La bola nostra","value":"ocb_spanish_audio_html_scrape_1078"},{"label":"Mart\u00ed Noticias \u00b7 Taller de prensa","value":"ocb_spanish_audio_html_scrape_1103"},{"label":"Mart\u00ed Noticias \u00b7 Las noticias como son","value":"ocb_spanish_audio_html_scrape_142"},{"label":"Mart\u00ed Noticias \u00b7 Abriendo Espacios","value":"ocb_spanish_audio_html_scrape_562"},{"label":"Mart\u00ed Noticias \u00b7 Mart\u00ed Noticias A.M.","value":"ocb_spanish_audio_html_scrape_668"},{"label":"Mart\u00ed Noticias Audio","value":"ocb_spanish_audio_scrape"},{"label":"Mart\u00ed Noticias Direct","value":"radiotelevisionmarti_com_direct"},{"label":"Mart\u00ed Noticias RSS","value":"radiotelevisionmarti_com_rss"}],"sources":["ocb_spanish_audio_html_scrape","ocb_spanish_audio_html_scrape_1001","ocb_spanish_audio_html_scrape_1016","ocb_spanish_audio_html_scrape_1028","ocb_spanish_audio_html_scrape_1056","ocb_spanish_audio_html_scrape_1061","ocb_spanish_audio_html_scrape_1077","ocb_spanish_audio_html_scrape_1078","ocb_spanish_audio_html_scrape_1103","ocb_spanish_audio_html_scrape_142","ocb_spanish_audio_html_scrape_562","ocb_spanish_audio_html_scrape_668","ocb_spanish_audio_scrape","radiotelevisionmarti_com_direct","radiotelevisionmarti_com_rss"],"topics":["Abriendo Espacios","Agenda hemisf\u00e9rica","Barrio Adentro","Caf\u00e9 Digital","Cuba al D\u00eda","Cuba en la Memoria","De cara al sol","El futuro es ya","Foro abierto","Hablando claro","La libertad es una librer\u00eda","Las noticias como son","Lawton Libre","Liberaci\u00f3n","Mart\u00ed Noticias A.M.","Nicaragua al d\u00eda","Programas de Radio Nuestra Am\u00e9rica","Radio Mart\u00ed","Taller de prensa","adri%C3%A1n del sol mi padre est%C3%A1 muy d%C3%A9bil","atienden a mas de 50 personas en santiago de cuba por presunta intoxicacion alimentaria","auge en contagios de dengue en cuba","aumenta a 379 la cifra de desaparecidos por terremoto en colombia hay 285 fallecidos","banco mundial desembolsa millonaria ayuda para afectados por terremoto en colombia","brote de enfermedades diarreicas se extiende en cuba","casi 300 fallecidos almenos 4 000 heridos y 140 desaparecidos a 7 dias del terremoto en colombia","cifra de muertos por el terremoto en colombia supera las 200 personas seg%C3%BAn reporte","colombia declara estado de emergencia durante 30 dias por grave calamidad","colombia ingresa formalmente al escudo de las am%C3%A9ricas liderado por washington","convocan marcha pac%C3%ADfica por la libertad de todos los presos pol%C3%ADticos en venezuela","crece reclutamiento de ni%C3%B1os y ni%C3%B1as en colombia por parte de grupos ilegales seg%C3%BAn hrw","creo que el presidente trump ir%C3%A1 a la habana antes de que termine su mandato","eeuu cierra acuerdo petrolero que le dar%C3%A1 importante control de reservas venezolanas","eeuu ecuador y colombia se reunen para acordar lucha contra mafias del narcotr%C3%A1fico","eeuu sostiene operaciones militares junto a ecuador cerca de la frontera con colombia","el papel peri%C3%B3dico de la habana autores sociedad patri%C3%B3tica de la habana y sociedad econ%C3%B3mica de amigos del pa%C3","el socialismo es la peor tentaci%C3%B3n pol%C3%ADtica de nuestro hemisferio sara b rogers","gobierno de colombia da por terminada conversaciones con otros tres grupos armados ilegales","informe pide mayor presencia militar en cuba","jeffrey bartos en la onu","joven con vih permanece encarcelado tras protesta por apagones en guanabacoa","la bola nostra","la ola de robos a la infraestructura publica y privada agrava la crisis en cuba","la periodista independiente yoanni limonta reporta una protesta frente al gobierno provincial de cienfuegos tras apagones de mas","las farmacias privadas abren en cuba entre criticas por sus altos precios y dudas medicas sobre sus controles","m%C3%A1s hoteles menos hospitales","oea aprueba convocatoria urgente de cancilleres para condenar a la dictadura de nicaragua","padre castor %C3%A1lvarez devesa","rechazo en cuba a los festejos estatales durante el colapso de los servicios basicos","sismo de 7 4 en colombia deja m%C3%A1s de 100 muertos 87 heridos y 61 edificios colapsados","trump asegura que eeuu y venezuela est%C3%A1n haciendo una fortuna con acuerdo petrolero","venezuela todav%C3%ADa no est%C3%A1 preparada para celebrar elecciones reafirma donaldtrump","y solo estamos en verano autora grethel delgado %C3%A1lvarez"],"types":[["","All types"],["article","Articles"],["audio","Audio"],["video","Videos"],["clips","Clips"],["media","Media"]]},"has_next":true,"has_prev":true,"items":[{"article_body_paragraphs":[],"audio_source_url":"https://ocb-audio-ns.akamaized.net/cu/2026/08/20/20260820-223000-cu004-program.mp3","author":null,"available_dubs":[],"downloadable_assets":["https://ocb-audio-ns.akamaized.net/cu/2026/08/20/20260820-223000-cu004-program.mp3"],"duration_display":"29:59","duration_seconds":1799.0,"embed_url":null,"id":13495,"image_caption":null,"image_url":"https://gdb.martinoticias.com/096178d6-ac3e-454d-263c-08de274e8135_w1200_h630.jpg","is_clip":false,"is_youtube_embed":false,"item_type":"audio","item_type_label":"Audio","language_label":"Espa\u00f1ol","media_credit":null,"micro_label":"Audio program","micro_label_kind":"audio","network_label":"Mart\u00ed Noticias","network_logo_url":"/static/uploads/direct_network_logos/ocb_0888427dcb1d.svg","published_at":"2026-08-20T22:30:00","published_at_display":"20 Aug 2026, 22:30 GMT","sequence_badge_label":null,"sequence_count":null,"sequence_count_label":null,"sequence_frames":[],"sequence_kind":null,"source_name":"ocb_spanish_audio_html_scrape_1001","source_name_label":"Mart\u00ed Noticias \u00b7 Liberaci\u00f3n","source_type":"scrape","summary":"Liberaci\u00f3n es un espacio radial con Regis Iglesias, portavoz del Movimiento Cristiano Liberaci\u00f3n, para abordar temas de actualidad y fomentar las voces e iniciativas que buscan transformar positivamente la sociedad cubana.","title":"Liberaci\u00f3n con Santiago C\u00e1rdenas","topic":"Liberaci\u00f3n","translation_language":"","url":"https://www.martinoticias.com/a/475327.html","video_url":null,"youtube_conversion_active":false,"youtube_conversion_error":"","youtube_conversion_status":""},{"article_body_paragraphs":[],"audio_source_url":"https://ocb-audio-ns.akamaized.net/cu/2026/08/20/20260820-223000-cu004-program_hq.mp3","author":"Regis Iglesias","available_dubs":[],"downloadable_assets":["https://ocb-audio-ns.akamaized.net/cu/2026/08/20/20260820-223000-cu004-program_hq.mp3"],"duration_display":"29:59","duration_seconds":1799.0,"embed_url":null,"id":7429,"image_caption":null,"image_url":"https://gdb.martinoticias.com/096178d6-ac3e-454d-263c-08de274e8135_mw2048_mh2048_n.jpg","is_clip":false,"is_youtube_embed":false,"item_type":"audio","item_type_label":"Audio","language_label":"Espa\u00f1ol","media_credit":"OCB","micro_label":"Audio program","micro_label_kind":"audio","network_label":"Mart\u00ed Noticias","network_logo_url":"/static/uploads/direct_network_logos/ocb_0888427dcb1d.svg","published_at":"2026-08-20T22:30:00","published_at_display":"20 Aug 2026, 22:30 GMT","sequence_badge_label":null,"sequence_count":null,"sequence_count_label":null,"sequence_frames":[],"sequence_kind":null,"source_name":"radiotelevisionmarti_com_direct","source_name_label":"Mart\u00ed Noticias Direct","source_type":"direct_api","summary":"Liberaci\u00f3n es un espacio radial con Regis Iglesias, portavoz del Movimiento Cristiano Liberaci\u00f3n, para abordar temas de actualidad y fomentar las voces e iniciativas que buscan transformar positivamente la sociedad cubana.","title":"Liberaci\u00f3n con Santiago C\u00e1rdenas","topic":"Liberaci\u00f3n","translation_language":"","url":"https://ocb-audio-ns.akamaized.net/cu/2026/08/20/20260820-223000-cu004-program_hq.mp3","video_url":null,"youtube_conversion_active":false,"youtube_conversion_error":"","youtube_conversion_status":""},{"article_body_paragraphs":[],"audio_source_url":"https://ocb-audio-ns.akamaized.net/cu/2026/08/20/49a5f910-591a-4b13-68bf-08def2ff2efe.mp3","author":null,"available_dubs":[],"downloadable_assets":["https://ocb-audio-ns.akamaized.net/cu/2026/08/20/49a5f910-591a-4b13-68bf-08def2ff2efe.mp3"],"duration_display":"29:15","duration_seconds":1755.0,"embed_url":null,"id":13423,"image_caption":null,"image_url":"https://gdb.martinoticias.com/4d53e881-498a-42e6-03da-08decd63a0c8_w1200_h630.jpg","is_clip":false,"is_youtube_embed":false,"item_type":"audio","item_type_label":"Audio","language_label":"Espa\u00f1ol","media_credit":null,"micro_label":"Audio program","micro_label_kind":"audio","network_label":"Mart\u00ed Noticias","network_logo_url":"/static/uploads/direct_network_logos/ocb_0888427dcb1d.svg","published_at":"2026-08-20T19:03:28","published_at_display":"20 Aug 2026, 19:03 GMT","sequence_badge_label":null,"sequence_count":null,"sequence_count_label":null,"sequence_frames":[],"sequence_kind":null,"source_name":"ocb_spanish_audio_html_scrape_142","source_name_label":"Mart\u00ed Noticias \u00b7 Las noticias como son","source_type":"scrape","summary":"Amado Gil y Jos\u00e9 Luis Ramos, en tertulia con Jos\u00e9 Daniel Ferrer, comentan sobre la vigencia de las palabras: \u201cUstedes son y deben ser los protagonistas de su propia historia personal y nacional\u201d. Tambi\u00e9n, conversamos con nuestro colega Iv\u00e1n Kasansew, sobre su visita a El Salvador.","title":"Las noticias como son","topic":"Las noticias como son","translation_language":"","url":"https://www.martinoticias.com/a/475884.html","video_url":null,"youtube_conversion_active":false,"youtube_conversion_error":"","youtube_conversion_status":""},{"article_body_paragraphs":[],"audio_source_url":"https://ocb-audio-ns.akamaized.net/cu/2026/08/20/db49dc5d-ec45-4ce2-7c53-08def2b1c8fe.mp3","author":null,"available_dubs":[],"downloadable_assets":["https://ocb-audio-ns.akamaized.net/cu/2026/08/20/db49dc5d-ec45-4ce2-7c53-08def2b1c8fe.mp3"],"duration_display":"30:00","duration_seconds":1800.0,"embed_url":null,"id":13521,"image_caption":null,"image_url":"https://gdb.martinoticias.com/e9dab06a-be26-40e8-85f5-a8bd1df1d557_w1200_h630.jpg","is_clip":false,"is_youtube_embed":false,"item_type":"audio","item_type_label":"Audio","language_label":"Espa\u00f1ol","media_credit":null,"micro_label":"Audio program","micro_label_kind":"audio","network_label":"Mart\u00ed Noticias","network_logo_url":"/static/uploads/direct_network_logos/ocb_0888427dcb1d.svg","published_at":"2026-08-20T18:46:12","published_at_display":"20 Aug 2026, 18:46 GMT","sequence_badge_label":null,"sequence_count":null,"sequence_count_label":null,"sequence_frames":[],"sequence_kind":null,"source_name":"ocb_spanish_audio_html_scrape_1016","source_name_label":"Mart\u00ed Noticias \u00b7 Programas de Radio Nuestra Am\u00e9rica","source_type":"scrape","summary":"La Coalici\u00f3n de las Am\u00e9ricas contra los c\u00e1rteles de la droga se consolida como una alianza regional encabezada por Washington, tras la realizaci\u00f3n en Panam\u00e1 del ejercicio militar multinacional Panamax 2026. Colombia ingresa como el miembro n\u00famero 19.","title":"La Coalici\u00f3n de las Am\u00e9ricas liderada por EEUU, se consolida como una alianza regional","topic":"Programas de Radio Nuestra Am\u00e9rica","translation_language":"","url":"https://www.martinoticias.com/a/475881.html","video_url":null,"youtube_conversion_active":false,"youtube_conversion_error":"","youtube_conversion_status":""},{"article_body_paragraphs":[],"audio_source_url":"https://ocb-audio-ns.akamaized.net/cu/2026/08/20/c08d52bf-9495-4f69-5a5f-08decd6ea425.mp3","author":null,"available_dubs":[],"downloadable_assets":["https://ocb-audio-ns.akamaized.net/cu/2026/08/20/c08d52bf-9495-4f69-5a5f-08decd6ea425.mp3"],"duration_display":"3:00","duration_seconds":180.0,"embed_url":null,"id":13338,"image_caption":null,"image_url":"https://gdb.martinoticias.com/87304b38-56fe-4a50-86c7-52df0b54fa8f_w1200_h630.jpg","is_clip":false,"is_youtube_embed":false,"item_type":"audio","item_type_label":"Audio","language_label":"Espa\u00f1ol","media_credit":null,"micro_label":"Audio program","micro_label_kind":"audio","network_label":"Mart\u00ed Noticias","network_logo_url":"/static/uploads/direct_network_logos/ocb_0888427dcb1d.svg","published_at":"2026-08-20T18:26:57","published_at_display":"20 Aug 2026, 18:26 GMT","sequence_badge_label":null,"sequence_count":null,"sequence_count_label":null,"sequence_frames":[],"sequence_kind":null,"source_name":"ocb_spanish_audio_scrape","source_name_label":"Mart\u00ed Noticias Audio","source_type":"scrape","summary":"El Presidente de Colombia,Abelardo de la Espriella,declara el estado de emergencia econ\u00f3mica, social y ecol\u00f3gica por grave calamidad p\u00fablica, durante 30 dias, tras el terremoto del 10 de agosto que deja parcialmente m\u00e1s de 300 fallecios, 4.469 heridos, 260 desaparecidos y miles de daminificados","title":"Colombia declara \"estado de emergencia \" durante 30 dias, por grave calamidad p\u00fablica.","topic":"colombia declara estado de emergencia durante 30 dias por grave calamidad","translation_language":"","url":"https://www.martinoticias.com/a/colombia-declara-estado-de-emergencia-durante-30-dias-por-grave-calamidad/475878.html","video_url":null,"youtube_conversion_active":false,"youtube_conversion_error":"","youtube_conversion_status":""},{"article_body_paragraphs":[],"audio_source_url":"https://ocb-audio-ns.akamaized.net/cu/2026/08/20/20260820-180000-cu004-program_hq.mp3","author":"Mario J. Pent\u00f3n","available_dubs":[],"downloadable_assets":["https://ocb-audio-ns.akamaized.net/cu/2026/08/20/20260820-180000-cu004-program_hq.mp3"],"duration_display":"29:59","duration_seconds":1799.0,"embed_url":null,"id":7318,"image_caption":null,"image_url":"https://gdb.martinoticias.com/cb75a074-a814-4e7a-df7e-08de31a8b205_mw2048_mh2048_n.jpg","is_clip":false,"is_youtube_embed":false,"item_type":"audio","item_type_label":"Audio","language_label":"Espa\u00f1ol","media_credit":"OCB","micro_label":"Audio program","micro_label_kind":"audio","network_label":"Mart\u00ed Noticias","network_logo_url":"/static/uploads/direct_network_logos/ocb_0888427dcb1d.svg","published_at":"2026-08-20T18:00:00","published_at_display":"20 Aug 2026, 18:00 GMT","sequence_badge_label":null,"sequence_count":null,"sequence_count_label":null,"sequence_frames":[],"sequence_kind":null,"source_name":"radiotelevisionmarti_com_direct","source_name_label":"Mart\u00ed Noticias Direct","source_type":"direct_api","summary":"Una familia de Nueva Paz exige justicia por la muerte de Ferrer Ortiz, seg\u00fan denuncian sus allegados fue brutalmente golpeado tras sufrir un accidente de tr\u00e1nsito y permaneci\u00f3 bajo custodia policial largas horas antes de ser trasladado a un hospital, donde falleci\u00f3 posteriormente","title":"Cuba al D\u00eda con Erika Canet y Samir Estefan","topic":"Cuba al D\u00eda","translation_language":"","url":"https://ocb-audio-ns.akamaized.net/cu/2026/08/20/20260820-180000-cu004-program_hq.mp3","video_url":null,"youtube_conversion_active":false,"youtube_conversion_error":"","youtube_conversion_status":""},{"article_body_paragraphs":[],"audio_source_url":"https://ocb-audio-ns.akamaized.net/cu/2026/08/20/20260820-153000-cu004-program_hq.mp3","author":"Janisset Rivero","available_dubs":[],"downloadable_assets":["https://ocb-audio-ns.akamaized.net/cu/2026/08/20/20260820-153000-cu004-program_hq.mp3"],"duration_display":"29:59","duration_seconds":1799.0,"embed_url":null,"id":7261,"image_caption":null,"image_url":"https://gdb.martinoticias.com/e4ea45fa-9d9b-4bf5-a3fc-20ab3cf12810_mw2048_mh2048_n.png","is_clip":false,"is_youtube_embed":false,"item_type":"audio","item_type_label":"Audio","language_label":"Espa\u00f1ol","media_credit":"OCB","micro_label":"Audio program","micro_label_kind":"audio","network_label":"Mart\u00ed Noticias","network_logo_url":"/static/uploads/direct_network_logos/ocb_0888427dcb1d.svg","published_at":"2026-08-20T15:30:00","published_at_display":"20 Aug 2026, 15:30 GMT","sequence_badge_label":null,"sequence_count":null,"sequence_count_label":null,"sequence_frames":[],"sequence_kind":null,"source_name":"radiotelevisionmarti_com_direct","source_name_label":"Mart\u00ed Noticias Direct","source_type":"direct_api","summary":"La realidad de Cuba a trav\u00e9s del testimonio de residentes dentro de la isla, quienes actualizar\u00e1n el panorama interno de la mano de su conductora, la activista y escritora cubana Janisset Rivero.","title":"Barrio adentro","topic":"Barrio Adentro","translation_language":"","url":"https://ocb-audio-ns.akamaized.net/cu/2026/08/20/20260820-153000-cu004-program_hq.mp3","video_url":null,"youtube_conversion_active":false,"youtube_conversion_error":"","youtube_conversion_status":""},{"article_body_paragraphs":[],"audio_source_url":"https://ocb-audio-ns.akamaized.net/cu/2026/08/20/20260820-150000-cu004-program_hq.mp3","author":"Oscar El\u00edas Biscet","available_dubs":[],"downloadable_assets":["https://ocb-audio-ns.akamaized.net/cu/2026/08/20/20260820-150000-cu004-program_hq.mp3"],"duration_display":"29:59","duration_seconds":1799.0,"embed_url":null,"id":7223,"image_caption":null,"image_url":"https://gdb.martinoticias.com/01000000-0aff-0242-2f63-08dbcb434ef2_mw2048_mh2048_n.png","is_clip":false,"is_youtube_embed":false,"item_type":"audio","item_type_label":"Audio","language_label":"Espa\u00f1ol","media_credit":"OCB","micro_label":"Audio program","micro_label_kind":"audio","network_label":"Mart\u00ed Noticias","network_logo_url":"/static/uploads/direct_network_logos/ocb_0888427dcb1d.svg","published_at":"2026-08-20T15:00:00","published_at_display":"20 Aug 2026, 15:00 GMT","sequence_badge_label":null,"sequence_count":null,"sequence_count_label":null,"sequence_frames":[],"sequence_kind":null,"source_name":"radiotelevisionmarti_com_direct","source_name_label":"Mart\u00ed Noticias Direct","source_type":"direct_api","summary":"El reconocido opositor cubano Dr. Oscar El\u00edas Biscet aborda la situaci\u00f3n de los derechos humanos en Cuba y la conquista de las libertades b\u00e1sicas de los cubanos, bajo el precepto de que \u201csi aprendes a ser libre, todos los seremos\u201d. Correo Electr\u00f3nico: lawtonlibremarti@gmail.com","title":"Lawton Libre","topic":"Lawton Libre","translation_language":"","url":"https://ocb-audio-ns.akamaized.net/cu/2026/08/20/20260820-150000-cu004-program_hq.mp3","video_url":null,"youtube_conversion_active":false,"youtube_conversion_error":"","youtube_conversion_status":""},{"article_body_paragraphs":[],"audio_source_url":"https://ocb-audio-ns.akamaized.net/cu/2026/08/20/20260820-140000-cu004-program.mp3","author":null,"available_dubs":[],"downloadable_assets":["https://ocb-audio-ns.akamaized.net/cu/2026/08/20/20260820-140000-cu004-program.mp3"],"duration_display":"59:59","duration_seconds":3599.0,"embed_url":null,"id":13473,"image_caption":null,"image_url":"https://gdb.martinoticias.com/1d24f0db-a2ce-4972-643e-08de3c08cd61_w1200_h630.png","is_clip":false,"is_youtube_embed":false,"item_type":"audio","item_type_label":"Audio","language_label":"Espa\u00f1ol","media_credit":null,"micro_label":"Audio program","micro_label_kind":"audio","network_label":"Mart\u00ed Noticias","network_logo_url":"/static/uploads/direct_network_logos/ocb_0888427dcb1d.svg","published_at":"2026-08-20T14:00:00","published_at_display":"20 Aug 2026, 14:00 GMT","sequence_badge_label":null,"sequence_count":null,"sequence_count_label":null,"sequence_frames":[],"sequence_kind":null,"source_name":"ocb_spanish_audio_html_scrape_1061","source_name_label":"Mart\u00ed Noticias \u00b7 Foro abierto","source_type":"scrape","summary":"Noticias, an\u00e1lisis, opini\u00f3n y entrevistas. El pulso pol\u00edtico e informativo con Andr\u00e9s Reynaldo y Miguel Coss\u00edo.","title":"Foro abierto","topic":"Foro abierto","translation_language":"","url":"https://www.martinoticias.com/a/475292.html","video_url":null,"youtube_conversion_active":false,"youtube_conversion_error":"","youtube_conversion_status":""},{"article_body_paragraphs":[],"audio_source_url":"https://ocb-audio-ns.akamaized.net/cu/2026/08/20/20260820-120000-cu004-program.mp3","author":null,"available_dubs":[],"downloadable_assets":["https://ocb-audio-ns.akamaized.net/cu/2026/08/20/20260820-120000-cu004-program.mp3"],"duration_display":"1:59:59","duration_seconds":7199.0,"embed_url":null,"id":13467,"image_caption":null,"image_url":"https://gdb.martinoticias.com/01000000-0a00-0242-bdd1-08dbc11b65e6_w1200_h630.jpg","is_clip":false,"is_youtube_embed":false,"item_type":"audio","item_type_label":"Audio","language_label":"Espa\u00f1ol","media_credit":null,"micro_label":"Audio program","micro_label_kind":"audio","network_label":"Mart\u00ed Noticias","network_logo_url":"/static/uploads/direct_network_logos/ocb_0888427dcb1d.svg","published_at":"2026-08-20T12:00:00","published_at_display":"20 Aug 2026, 12:00 GMT","sequence_badge_label":null,"sequence_count":null,"sequence_count_label":null,"sequence_frames":[],"sequence_kind":null,"source_name":"ocb_spanish_audio_html_scrape_668","source_name_label":"Mart\u00ed Noticias \u00b7 Mart\u00ed Noticias A.M.","source_type":"scrape","summary":"Revista informativa con los \u00faltimos acontecimientos ocurridos en Cuba y el mundo. Con entrevistas y temas de actualidad relacionados a la pol\u00edtica, la econom\u00eda y de inter\u00e9s general.","title":"Martinoticias AM","topic":"Mart\u00ed Noticias A.M.","translation_language":"","url":"https://www.martinoticias.com/a/475291.html","video_url":null,"youtube_conversion_active":false,"youtube_conversion_error":"","youtube_conversion_status":""},{"article_body_paragraphs":[],"audio_source_url":"https://ocb-audio-ns.akamaized.net/cu/2026/08/19/3572fb3c-27c7-4aa5-68b6-08def2ff2efe.mp3","author":null,"available_dubs":[],"downloadable_assets":["https://ocb-audio-ns.akamaized.net/cu/2026/08/19/3572fb3c-27c7-4aa5-68b6-08def2ff2efe.mp3"],"duration_display":"28:53","duration_seconds":1733.0,"embed_url":null,"id":13424,"image_caption":null,"image_url":"https://gdb.martinoticias.com/2709edf9-32a1-4a78-5a58-08decd6ea425_w1200_h630.jpg","is_clip":false,"is_youtube_embed":false,"item_type":"audio","item_type_label":"Audio","language_label":"Espa\u00f1ol","media_credit":null,"micro_label":"Audio program","micro_label_kind":"audio","network_label":"Mart\u00ed Noticias","network_logo_url":"/static/uploads/direct_network_logos/ocb_0888427dcb1d.svg","published_at":"2026-08-19T19:09:04","published_at_display":"19 Aug 2026, 19:09 GMT","sequence_badge_label":null,"sequence_count":null,"sequence_count_label":null,"sequence_frames":[],"sequence_kind":null,"source_name":"ocb_spanish_audio_html_scrape_142","source_name_label":"Mart\u00ed Noticias \u00b7 Las noticias como son","source_type":"scrape","summary":"Amado Gil , en Tertulia con Reinaldo Escobar y Alejandro Tur Valladares comentan sobre la cantidad de negocios privados que est\u00e1n cerrando por los precios topados. Iberia dice que no regresa a Cuba hasta el verano de 2027 y el comercio con M\u00e9xico es casi inexistente.","title":"Las noticias como son","topic":"Las noticias como son","translation_language":"","url":"https://www.martinoticias.com/a/475805.html","video_url":null,"youtube_conversion_active":false,"youtube_conversion_error":"","youtube_conversion_status":""},{"article_body_paragraphs":[],"audio_source_url":"https://ocb-audio-ns.akamaized.net/cu/2026/08/19/7af9f664-9bce-42cc-bc39-08def2b1d8dc.mp3","author":null,"available_dubs":[],"downloadable_assets":["https://ocb-audio-ns.akamaized.net/cu/2026/08/19/7af9f664-9bce-42cc-bc39-08def2b1d8dc.mp3"],"duration_display":"1:37","duration_seconds":97.0,"embed_url":null,"id":13352,"image_caption":null,"image_url":"https://gdb.martinoticias.com/1c84d6c5-841a-46ac-01cb-08debb4c862b_w1200_h630.jpg","is_clip":false,"is_youtube_embed":false,"item_type":"audio","item_type_label":"Audio","language_label":"Espa\u00f1ol","media_credit":null,"micro_label":"Audio program","micro_label_kind":"audio","network_label":"Mart\u00ed Noticias","network_logo_url":"/static/uploads/direct_network_logos/ocb_0888427dcb1d.svg","published_at":"2026-08-19T18:50:20","published_at_display":"19 Aug 2026, 18:50 GMT","sequence_badge_label":null,"sequence_count":null,"sequence_count_label":null,"sequence_frames":[],"sequence_kind":null,"source_name":"ocb_spanish_audio_scrape","source_name_label":"Mart\u00ed Noticias Audio","source_type":"scrape","summary":"El America First Policy Institute, un centro de estudios de pol\u00edticas p\u00fablicas alineado con la visi\u00f3n \u201cAmerica First\u201d y cercano al entorno del presidente Donald Trump, dio a conocer hoy el informe La dictadura de al lado: Cuba y la lucha por el hemisferio occidental.","title":"Informe pide mayor presencia militar de EEUU en el Caribe","topic":"informe pide mayor presencia militar en cuba","translation_language":"","url":"https://www.martinoticias.com/a/informe-pide-mayor-presencia-militar-en-cuba/475801.html","video_url":null,"youtube_conversion_active":false,"youtube_conversion_error":"","youtube_conversion_status":""},{"article_body_paragraphs":[],"audio_source_url":"https://ocb-audio-ns.akamaized.net/cu/2026/08/19/80751d99-4158-44d1-cf9a-08decd5b38e4.mp3","author":null,"available_dubs":[],"downloadable_assets":["https://ocb-audio-ns.akamaized.net/cu/2026/08/19/80751d99-4158-44d1-cf9a-08decd5b38e4.mp3"],"duration_display":"3:00","duration_seconds":180.0,"embed_url":null,"id":13339,"image_caption":null,"image_url":"https://gdb.martinoticias.com/01000000-c0a8-0242-8244-08dcb1b56a8f_cx5_cy0_cw88_w1200_h630.png","is_clip":false,"is_youtube_embed":false,"item_type":"audio","item_type_label":"Audio","language_label":"Espa\u00f1ol","media_credit":null,"micro_label":"Audio program","micro_label_kind":"audio","network_label":"Mart\u00ed Noticias","network_logo_url":"/static/uploads/direct_network_logos/ocb_0888427dcb1d.svg","published_at":"2026-08-19T18:27:23","published_at_display":"19 Aug 2026, 18:27 GMT","sequence_badge_label":null,"sequence_count":null,"sequence_count_label":null,"sequence_frames":[],"sequence_kind":null,"source_name":"ocb_spanish_audio_scrape","source_name_label":"Mart\u00ed Noticias Audio","source_type":"scrape","summary":"La OEA aprueba convocatoria urgente de cancilleres de toda la regi\u00f3n para condenar a la dictadura de Nicaragua, que desde septiembre planea eliminar las elecciones presidenciales y legislativas. La decisi\u00f3n fue aprobada por 29 pa\u00edses, Brasil vot\u00f3 en contra y M\u00e9xico se abstuvo.","title":"OEA aprueba convocatoria urgente de cancilleres para tratar cr\u00edsis en Nicaragua","topic":"oea aprueba convocatoria urgente de cancilleres para condenar a la dictadura de nicaragua","translation_language":"","url":"https://www.martinoticias.com/a/oea-aprueba-convocatoria-urgente-de-cancilleres-para-condenar-a-la-dictadura-de-nicaragua/475796.html","video_url":null,"youtube_conversion_active":false,"youtube_conversion_error":"","youtube_conversion_status":""},{"article_body_paragraphs":[],"audio_source_url":"https://ocb-audio-ns.akamaized.net/cu/2026/08/19/20260819-180000-cu004-program_hq.mp3","author":"Mario J. Pent\u00f3n","available_dubs":[],"downloadable_assets":["https://ocb-audio-ns.akamaized.net/cu/2026/08/19/20260819-180000-cu004-program_hq.mp3"],"duration_display":"29:59","duration_seconds":1799.0,"embed_url":null,"id":6944,"image_caption":null,"image_url":"https://gdb.martinoticias.com/cb75a074-a814-4e7a-df7e-08de31a8b205_mw2048_mh2048_n.jpg","is_clip":false,"is_youtube_embed":false,"item_type":"audio","item_type_label":"Audio","language_label":"Espa\u00f1ol","media_credit":"OCB","micro_label":"Audio program","micro_label_kind":"audio","network_label":"Mart\u00ed Noticias","network_logo_url":"/static/uploads/direct_network_logos/ocb_0888427dcb1d.svg","published_at":"2026-08-19T18:00:00","published_at_display":"19 Aug 2026, 18:00 GMT","sequence_badge_label":null,"sequence_count":null,"sequence_count_label":null,"sequence_frames":[],"sequence_kind":null,"source_name":"radiotelevisionmarti_com_direct","source_name_label":"Mart\u00ed Noticias Direct","source_type":"direct_api","summary":"La influencer y activista Anna Sof\u00eda Ben\u00edtez y su madre, Caridad Silvente, ser\u00e1n juzgadas por grabar y publicar al polic\u00eda que llev\u00f3 la citaci\u00f3n de la SE a su vivienda. Cuba-Demanda denuncia al Tribunal Municipal de Alamar al ignorar la posibilidad de una conciliaci\u00f3n solicitada por el querellante","title":"Cuba al D\u00eda con Santiago Alp\u00edzar y Juan Manuel Gonz\u00e1lez","topic":"Cuba al D\u00eda","translation_language":"","url":"https://ocb-audio-ns.akamaized.net/cu/2026/08/19/20260819-180000-cu004-program_hq.mp3","video_url":null,"youtube_conversion_active":false,"youtube_conversion_error":"","youtube_conversion_status":""},{"article_body_paragraphs":[],"audio_source_url":"https://ocb-audio-ns.akamaized.net/cu/2026/08/19/20260819-153000-cu004-program_hq.mp3","author":"Janisset Rivero","available_dubs":[],"downloadable_assets":["https://ocb-audio-ns.akamaized.net/cu/2026/08/19/20260819-153000-cu004-program_hq.mp3"],"duration_display":"29:59","duration_seconds":1799.0,"embed_url":null,"id":6891,"image_caption":null,"image_url":"https://gdb.martinoticias.com/ac66f1a4-4d89-4b78-68de-08def2ff2efe_mw2048_mh2048_n.jpg","is_clip":false,"is_youtube_embed":false,"item_type":"audio","item_type_label":"Audio","language_label":"Espa\u00f1ol","media_credit":"OCB","micro_label":"Audio program","micro_label_kind":"audio","network_label":"Mart\u00ed Noticias","network_logo_url":"/static/uploads/direct_network_logos/ocb_0888427dcb1d.svg","published_at":"2026-08-19T15:30:00","published_at_display":"19 Aug 2026, 15:30 GMT","sequence_badge_label":null,"sequence_count":null,"sequence_count_label":null,"sequence_frames":[],"sequence_kind":null,"source_name":"radiotelevisionmarti_com_direct","source_name_label":"Mart\u00ed Noticias Direct","source_type":"direct_api","summary":"La realidad de Cuba a trav\u00e9s del testimonio de residentes dentro de la isla, quienes actualizar\u00e1n el panorama interno de la mano de su conductora, la activista y escritora cubana Janisset Rivero.","title":"Fernando Boix, Veterano de las guerras de Africa","topic":"Barrio Adentro","translation_language":"","url":"https://ocb-audio-ns.akamaized.net/cu/2026/08/19/20260819-153000-cu004-program_hq.mp3","video_url":null,"youtube_conversion_active":false,"youtube_conversion_error":"","youtube_conversion_status":""},{"article_body_paragraphs":[],"audio_source_url":"https://ocb-audio-ns.akamaized.net/cu/2026/08/19/20260819-140000-cu004-program.mp3","author":null,"available_dubs":[],"downloadable_assets":["https://ocb-audio-ns.akamaized.net/cu/2026/08/19/20260819-140000-cu004-program.mp3"],"duration_display":"59:59","duration_seconds":3599.0,"embed_url":null,"id":13452,"image_caption":null,"image_url":"https://gdb.martinoticias.com/757bc839-4e1d-4e4d-640c-08de3c08cd61_w1200_h630.png","is_clip":false,"is_youtube_embed":false,"item_type":"audio","item_type_label":"Audio","language_label":"Espa\u00f1ol","media_credit":null,"micro_label":"Audio program","micro_label_kind":"audio","network_label":"Mart\u00ed Noticias","network_logo_url":"/static/uploads/direct_network_logos/ocb_0888427dcb1d.svg","published_at":"2026-08-19T14:00:00","published_at_display":"19 Aug 2026, 14:00 GMT","sequence_badge_label":null,"sequence_count":null,"sequence_count_label":null,"sequence_frames":[],"sequence_kind":null,"source_name":"ocb_spanish_audio_html_scrape_1056","source_name_label":"Mart\u00ed Noticias \u00b7 El futuro es ya","source_type":"scrape","summary":"Un espacio donde analistas, expertos y activistas examinan y debaten las \u00faltimas noticias y acontecimientos que marcan la realidad cubana.\u201d","title":"El futuro es ya","topic":"El futuro es ya","translation_language":"","url":"https://www.martinoticias.com/a/475256.html","video_url":null,"youtube_conversion_active":false,"youtube_conversion_error":"","youtube_conversion_status":""},{"article_body_paragraphs":[],"audio_source_url":"https://ocb-audio-ns.akamaized.net/cu/2026/08/19/20260819-120000-cu004-program.mp3","author":null,"available_dubs":[],"downloadable_assets":["https://ocb-audio-ns.akamaized.net/cu/2026/08/19/20260819-120000-cu004-program.mp3"],"duration_display":"0:00","duration_seconds":null,"embed_url":null,"id":13468,"image_caption":null,"image_url":"https://gdb.martinoticias.com/01000000-0a00-0242-bdd1-08dbc11b65e6_w1200_h630.jpg","is_clip":false,"is_youtube_embed":false,"item_type":"audio","item_type_label":"Audio","language_label":"Espa\u00f1ol","media_credit":null,"micro_label":"Audio program","micro_label_kind":"audio","network_label":"Mart\u00ed Noticias","network_logo_url":"/static/uploads/direct_network_logos/ocb_0888427dcb1d.svg","published_at":"2026-08-19T12:00:00","published_at_display":"19 Aug 2026, 12:00 GMT","sequence_badge_label":null,"sequence_count":null,"sequence_count_label":null,"sequence_frames":[],"sequence_kind":null,"source_name":"ocb_spanish_audio_html_scrape_668","source_name_label":"Mart\u00ed Noticias \u00b7 Mart\u00ed Noticias A.M.","source_type":"scrape","summary":"Revista informativa con los \u00faltimos acontecimientos ocurridos en Cuba y el mundo. Con entrevistas y temas de actualidad relacionados a la pol\u00edtica, la econom\u00eda y de inter\u00e9s general.","title":"Martinoticias AM","topic":"Mart\u00ed Noticias A.M.","translation_language":"","url":"https://www.martinoticias.com/a/475255.html","video_url":null,"youtube_conversion_active":false,"youtube_conversion_error":"","youtube_conversion_status":""},{"article_body_paragraphs":[],"audio_source_url":"https://ocb-audio-ns.akamaized.net/cu/2026/08/18/4393b106-3304-4ffd-cf91-08decd5b38e4.mp3","author":null,"available_dubs":[],"downloadable_assets":["https://ocb-audio-ns.akamaized.net/cu/2026/08/18/4393b106-3304-4ffd-cf91-08decd5b38e4.mp3"],"duration_display":"0:00","duration_seconds":null,"embed_url":null,"id":13425,"image_caption":null,"image_url":"https://gdb.martinoticias.com/dda0b93f-b342-432a-7c4c-08def2b1c8fe_w1200_h630.jpg","is_clip":false,"is_youtube_embed":false,"item_type":"audio","item_type_label":"Audio","language_label":"Espa\u00f1ol","media_credit":null,"micro_label":"Audio program","micro_label_kind":"audio","network_label":"Mart\u00ed Noticias","network_logo_url":"/static/uploads/direct_network_logos/ocb_0888427dcb1d.svg","published_at":"2026-08-18T19:13:04","published_at_display":"18 Aug 2026, 19:13 GMT","sequence_badge_label":null,"sequence_count":null,"sequence_count_label":null,"sequence_frames":[],"sequence_kind":null,"source_name":"ocb_spanish_audio_html_scrape_142","source_name_label":"Mart\u00ed Noticias \u00b7 Las noticias como son","source_type":"scrape","summary":"Jos\u00e9 Luis Ramos, en tertulia con Yoani S\u00e1nchez y Omar L\u00f3pez Montengro, analizan el reporte sobre el embarazo adolescente, a partir de los 10 a\u00f1os en Cuba, considerado como un \u201cserio problema social y de salud\u201d","title":"Las noticias como son","topic":"Las noticias como son","translation_language":"","url":"https://www.martinoticias.com/a/475722.html","video_url":null,"youtube_conversion_active":false,"youtube_conversion_error":"","youtube_conversion_status":""},{"article_body_paragraphs":[],"audio_source_url":"https://ocb-audio-ns.akamaized.net/cu/2026/08/18/28f368b8-d53f-45c7-7c4b-08def2b1c8fe.mp3","author":null,"available_dubs":[],"downloadable_assets":["https://ocb-audio-ns.akamaized.net/cu/2026/08/18/28f368b8-d53f-45c7-7c4b-08def2b1c8fe.mp3"],"duration_display":"2:56","duration_seconds":176.0,"embed_url":null,"id":13353,"image_caption":null,"image_url":"https://gdb.martinoticias.com/391a9e86-784a-4894-fa8c-08debb0491f6_w1200_h630.jpg","is_clip":false,"is_youtube_embed":false,"item_type":"audio","item_type_label":"Audio","language_label":"Espa\u00f1ol","media_credit":null,"micro_label":"Audio program","micro_label_kind":"audio","network_label":"Mart\u00ed Noticias","network_logo_url":"/static/uploads/direct_network_logos/ocb_0888427dcb1d.svg","published_at":"2026-08-18T18:57:15","published_at_display":"18 Aug 2026, 18:57 GMT","sequence_badge_label":null,"sequence_count":null,"sequence_count_label":null,"sequence_frames":[],"sequence_kind":null,"source_name":"ocb_spanish_audio_scrape","source_name_label":"Mart\u00ed Noticias Audio","source_type":"scrape","summary":"Denuncian golpiza policial, denegaci\u00f3n de fianza y desnutrici\u00f3n de joven preso tras manifestaci\u00f3n en Guanabacoa.","title":"Joven con VIH permanece encarcelado tras protesta por apagones en Guanabacoa","topic":"joven con vih permanece encarcelado tras protesta por apagones en guanabacoa","translation_language":"","url":"https://www.martinoticias.com/a/joven-con-vih-permanece-encarcelado-tras-protesta-por-apagones-en-guanabacoa/475721.html","video_url":null,"youtube_conversion_active":false,"youtube_conversion_error":"","youtube_conversion_status":""},{"article_body_paragraphs":[],"audio_source_url":"https://ocb-audio-ns.akamaized.net/cu/2026/08/18/a5c87626-e2c8-4195-bc32-08def2b1d8dc.mp3","author":null,"available_dubs":[],"downloadable_assets":["https://ocb-audio-ns.akamaized.net/cu/2026/08/18/a5c87626-e2c8-4195-bc32-08def2b1d8dc.mp3"],"duration_display":"30:00","duration_seconds":1800.0,"embed_url":null,"id":13522,"image_caption":null,"image_url":"https://gdb.martinoticias.com/55f445da-53bb-4eaf-b1d6-c7c210db72ca_cx0_cy1_cw100_w1200_h630.jpg","is_clip":false,"is_youtube_embed":false,"item_type":"audio","item_type_label":"Audio","language_label":"Espa\u00f1ol","media_credit":null,"micro_label":"Audio program","micro_label_kind":"audio","network_label":"Mart\u00ed Noticias","network_logo_url":"/static/uploads/direct_network_logos/ocb_0888427dcb1d.svg","published_at":"2026-08-18T18:39:25","published_at_display":"18 Aug 2026, 18:39 GMT","sequence_badge_label":null,"sequence_count":null,"sequence_count_label":null,"sequence_frames":[],"sequence_kind":null,"source_name":"ocb_spanish_audio_html_scrape_1016","source_name_label":"Mart\u00ed Noticias \u00b7 Programas de Radio Nuestra Am\u00e9rica","source_type":"scrape","summary":"Pereira, capital del Departamento de Risaralda,una de las ciudades m\u00e1s golpeadas por el terremoto del pasado 10 de agosto en Colombia se convierte en ejemplo de solidaridad...Chile apunta a la aprobaci\u00f3n de una agenda contra el cr\u00edmen organizado y terrorismo, bajo la iniciativa del presidente Kast","title":"Pereira, una ciudad de las m\u00e1s golpeadas por el terremoto es ejemplo de solidaridad","topic":"Programas de Radio Nuestra Am\u00e9rica","translation_language":"","url":"https://www.martinoticias.com/a/475719.html","video_url":null,"youtube_conversion_active":false,"youtube_conversion_error":"","youtube_conversion_status":""}],"next_num":9,"page":8,"pages":17,"per_page":20,"prev_num":7,"total":339}
