{"applied_filters":{"end_date":"","lang":"","language":"","network":"Mart\u00ed Noticias","page":8,"per_page":20,"search":"","source":"","start_date":"","topic":"","type":"photo"},"available_filters":{"language_choices":[{"label":"Choose Language","value":""},{"label":"English","value":"English"},{"label":"Espa\u00f1ol","value":"Espa\u00f1ol"}],"network_choices":[{"label":"All networks","value":""},{"label":"Mart\u00ed Noticias","value":"Mart\u00ed Noticias"}],"source_choices":[{"label":"All sources","value":""},{"label":"Mart\u00ed Noticias RSS","value":"radiotelevisionmarti_com_rss"}],"sources":["radiotelevisionmarti_com_rss"],"topics":[],"types":[["","All types"],["article","Articles"],["audio","Audio"],["video","Videos"],["clips","Clips"],["media","Media"]]},"has_next":true,"has_prev":true,"items":[{"article_body_paragraphs":[],"audio_source_url":null,"author":"Iv\u00e1n Kasanzew","available_dubs":[],"downloadable_assets":["https://gdb.martinoticias.com/bf663f1a-98d4-4ab5-b273-74d4b3affa36_w1600_r1_n_s.jpg"],"duration_display":"0:00","duration_seconds":null,"embed_url":null,"id":9285,"image_caption":null,"image_url":"https://gdb.martinoticias.com/bf663f1a-98d4-4ab5-b273-74d4b3affa36_w1600_r1_n_s.jpg","is_clip":false,"is_youtube_embed":false,"item_type":"photo","item_type_label":"Photo","language_label":"Espa\u00f1ol","media_credit":"Iv\u00e1n Kasanzew","micro_label":"Photo","micro_label_kind":"gallery","network_label":"Mart\u00ed Noticias","network_logo_url":"/static/uploads/direct_network_logos/ocb_0888427dcb1d.svg","published_at":"2026-08-26T16:39:06","published_at_display":"26 Aug 2026, 16:39 GMT","sequence_badge_label":null,"sequence_count":null,"sequence_count_label":null,"sequence_frames":[],"sequence_kind":null,"source_name":"radiotelevisionmarti_com_rss","source_name_label":"Mart\u00ed Noticias RSS","source_type":"rss","summary":"Donald Trump, afirm\u00f3 en The Glenn Beck Program que el l\u00edder supremo de Ir\u00e1n, Mojtaba Khamenei, est\u00e1 gravemente herido, desmintiendo su muerte y augurando una \"gran victoria\". Adem\u00e1s, critic\u00f3 la ley Sharia y asegur\u00f3 que la prohibir\u00e1 por completo para defender el sistema legal estadounidense.","title":"Trump desmiente la muerte de l\u00edder de Ir\u00e1n","topic":null,"translation_language":"","url":"https://www.martinoticias.com/a/trump-l%c3%adder-de-iran-herido-de-gravedad-desmiente-su-muerte-y-ataca-a-la-cupula-y-la-sharia/476316.html","video_url":null,"youtube_conversion_active":false,"youtube_conversion_error":"","youtube_conversion_status":""},{"article_body_paragraphs":[],"audio_source_url":null,"author":"Rolando N\u00e1poles","available_dubs":[],"downloadable_assets":["https://gdb.martinoticias.com/24031d98-a7c6-485d-bc5a-08def2b1d8dc_cx0_cy14_cw0_w1600_r1_n_s.jpg"],"duration_display":"0:00","duration_seconds":null,"embed_url":null,"id":9286,"image_caption":null,"image_url":"https://gdb.martinoticias.com/24031d98-a7c6-485d-bc5a-08def2b1d8dc_cx0_cy14_cw0_w1600_r1_n_s.jpg","is_clip":false,"is_youtube_embed":false,"item_type":"photo","item_type_label":"Photo","language_label":"Espa\u00f1ol","media_credit":"Rolando N\u00e1poles","micro_label":"Photo","micro_label_kind":"gallery","network_label":"Mart\u00ed Noticias","network_logo_url":"/static/uploads/direct_network_logos/ocb_0888427dcb1d.svg","published_at":"2026-08-26T16:30:35","published_at_display":"26 Aug 2026, 16:30 GMT","sequence_badge_label":null,"sequence_count":null,"sequence_count_label":null,"sequence_frames":[],"sequence_kind":null,"source_name":"radiotelevisionmarti_com_rss","source_name_label":"Mart\u00ed Noticias RSS","source_type":"rss","summary":"El pastor bautista cubano Jos\u00e9 Ra\u00fal Palacio denunci\u00f3 en una publicaci\u00f3n enviada a Mart\u00ed Noticias la detenci\u00f3n que sufri\u00f3 por m\u00e1s de ocho horas este martes 25 de agosto por parte de polic\u00edas y guardabosques en el punto de control de El Cristo, en Santiago de Cuba, y la confiscaci\u00f3n de una mesa de madera que trasladaba de Palma Soriano a la capital provincial. \u201cCu\u00e1n dif\u00edcil se constituye vivir en lugares donde la burocracia y los extremos van de lo sublime a lo rid\u00edculo, pero se constituye m\u00e1s dif\u00edcil cuando t\u00fa no quieres ser parte de un mecanismo de corrupci\u00f3n donde los agentes del supuesto orden p\u00fablico vienen y te decomisan un paquetico de agujas compradas en calle 13, Holgu\u00edn, y se hacen de la vista gorda y permiten que negocien con toneladas de comida de ayudas al pueblo, o se negocie con donaciones destinadas al pueblo, y todo esto pasa por el punto de control del Cristo\u201d, afirm\u00f3 Palacio. En su escrito, el religioso cubano confirm\u00f3 que a las 10:30 de la ma\u00f1ana del martes, 25 de agosto, le formularon el acta de decomiso de la mesa que \u00e9l hab\u00eda hecho para regalar a unos amigos que tienen un ni\u00f1o peque\u00f1o, y denunci\u00f3 la manera en que la guardabosques hicieron esta confiscaci\u00f3n, pidi\u00e9ndole hasta pruebas de d\u00f3nde hab\u00eda sacado la madera para fabricarla. \u201cLe respondo que esos fueron unos trozos de algarroba que aserraron de lo que tumb\u00f3 el cicl\u00f3n, no llegaba ni a 15 pies. Ella contin\u00faa dici\u00e9ndome que eso es ilegal porque hasta para hacer el carb\u00f3n hay que sacar papeles de corte, o sea que hasta para picar el marab\u00fa que est\u00e1 dentro del campo del campesino hay que buscar un papel, porque si \u00e9l se atreve a hacer carb\u00f3n lo pueden multar\u201d, explic\u00f3 Palacio. La publicaci\u00f3n del pastor bautista confirm\u00f3 lo que, desde que se conoci\u00f3 su detenci\u00f3n, religiosos y activistas cubanos comenzaron a denunciar en las redes sociales: que estuvo ah\u00ed por m\u00e1s de ocho horas en ese punto de control sin comer nada mientras, m\u00e1s tarde, por ese mismo sitio, pas\u00f3 tranquilamente una camioneta con muebles sin que llamara la atenci\u00f3n de las autoridades que lo hab\u00edan retenido. \u201cPas\u00f3 una camioneta con muebles sin ninguna gu\u00eda de tr\u00e1nsito ni documentaci\u00f3n visible y, a diferencia de lo que pas\u00f3 conmigo, continu\u00f3 su camino sin ning\u00fan tipo de retenci\u00f3n ni acta, luego de una breve conversaci\u00f3n apartada (y un peque\u00f1o regalito) con el personal de guardia. Todo transcurri\u00f3 con total normalidad\u201d, afirm\u00f3. De Palma pudo regresar a su casa en Palma Soriano el mismo martes. pero sin la mesa. En su nota de confirmaci\u00f3n sobre lo sucedido, denunci\u00f3 la corrupci\u00f3n en la isla. \u201cEsta es la cruel realidad que nos toca vivir d\u00eda a d\u00eda, que el Se\u00f1or nos ayude y nos d\u00e9 fuerzas para poder permanecer fiel en medio de tanta corrupci\u00f3n y en medio de este tiempo que nos ha tocado vivir\u201d, escribi\u00f3. La detenci\u00f3n del pastor bautista en Santiago de Cuba ocurre en un pa\u00eds se\u00f1alado nuevamente, en marzo de este 2026, por la Comisi\u00f3n de Estados Unidos para la Libertad Religiosa Internacional entre entre las naciones donde se cometen violaciones graves y sistem\u00e1ticas contra la libertad de religi\u00f3n o creencias. En su informe anual de 2026, la Comisi\u00f3n report\u00f3 que en 2025 \u201clas condiciones de libertad religiosa en Cuba continuaron siendo deficientes\u201d, y describi\u00f3 un sistema legal que permite al gobierno controlar estrictamente la actividad religiosa y ejercer presi\u00f3n contra l\u00edderes y comunidades de fe.","title":"Detenci\u00f3n de pastor en Cuba reaviva denuncias sobre violaciones a la libertad religiosa","topic":null,"translation_language":"","url":"https://www.martinoticias.com/a/detenci%c3%b3n-de-pastor-en-cuba-reaviva-denuncias-sobre-violaciones-a-la-libertad-religiosa/476317.html","video_url":null,"youtube_conversion_active":false,"youtube_conversion_error":"","youtube_conversion_status":""},{"article_body_paragraphs":[],"audio_source_url":null,"author":"Redacci\u00f3n Mart\u00ed Noticias","available_dubs":[],"downloadable_assets":["https://gdb.martinoticias.com/d5d6a703-e20f-40b3-b4be-a3b7326d7f71_w1600_r1_n_s.jpg"],"duration_display":"0:00","duration_seconds":null,"embed_url":null,"id":9255,"image_caption":null,"image_url":"https://gdb.martinoticias.com/d5d6a703-e20f-40b3-b4be-a3b7326d7f71_w1600_r1_n_s.jpg","is_clip":false,"is_youtube_embed":false,"item_type":"photo","item_type_label":"Photo","language_label":"Espa\u00f1ol","media_credit":"Redacci\u00f3n Mart\u00ed Noticias","micro_label":"Photo","micro_label_kind":"gallery","network_label":"Mart\u00ed Noticias","network_logo_url":"/static/uploads/direct_network_logos/ocb_0888427dcb1d.svg","published_at":"2026-08-26T15:55:25","published_at_display":"26 Aug 2026, 15:55 GMT","sequence_badge_label":null,"sequence_count":null,"sequence_count_label":null,"sequence_frames":[],"sequence_kind":null,"source_name":"radiotelevisionmarti_com_rss","source_name_label":"Mart\u00ed Noticias RSS","source_type":"rss","summary":"Economistas cuestionan la coherencia de la estrategia econ\u00f3mica del r\u00e9gimen cubano tras las recientes medidas de control sobre el sector privado, mientras Miguel D\u00edaz-Canel insiste en defender las sanciones y los l\u00edmites a las ganancias como parte de una reforma que, seg\u00fan cr\u00edticos, termina castigando al mercado y profundizando la crisis de escasez e inflaci\u00f3n en la isla.","title":"\u00bfReforma o castigo al mercado? Crecen las dudas tras reuni\u00f3n de D\u00edaz-Canel con privados","topic":null,"translation_language":"","url":"https://www.martinoticias.com/a/reforma-o-castigo-al-mercado-crecen-las-dudas-tras-reuni%c3%b3n-de-d%c3%adaz-canel-con-privados/476314.html","video_url":null,"youtube_conversion_active":false,"youtube_conversion_error":"","youtube_conversion_status":""},{"article_body_paragraphs":[],"audio_source_url":null,"author":"Oficina de Pol\u00edticas","available_dubs":[],"downloadable_assets":["https://gdb.martinoticias.com/b6aa947d-4d2d-4404-9a9c-aca0ddc4e7aa_w1600_r1_n_s.jpg"],"duration_display":"0:00","duration_seconds":null,"embed_url":null,"id":9242,"image_caption":null,"image_url":"https://gdb.martinoticias.com/b6aa947d-4d2d-4404-9a9c-aca0ddc4e7aa_w1600_r1_n_s.jpg","is_clip":false,"is_youtube_embed":false,"item_type":"photo","item_type_label":"Photo","language_label":"Espa\u00f1ol","media_credit":"Oficina de Pol\u00edticas","micro_label":"Photo","micro_label_kind":"gallery","network_label":"Mart\u00ed Noticias","network_logo_url":"/static/uploads/direct_network_logos/ocb_0888427dcb1d.svg","published_at":"2026-08-26T15:36:30","published_at_display":"26 Aug 2026, 15:36 GMT","sequence_badge_label":null,"sequence_count":null,"sequence_count_label":null,"sequence_frames":[],"sequence_kind":null,"source_name":"radiotelevisionmarti_com_rss","source_name_label":"Mart\u00ed Noticias RSS","source_type":"rss","summary":"El gobierno de Estados Unidos intensific\u00f3 su ofensiva contra el r\u00e9gimen cubano con nuevas sanciones por promover actividades subversivas, espionaje y apoyo a actores hostiles contra la seguridad nacional estadounidense.","title":"EEUU sanciona a La Habana por \"exportar el marxismo, el resentimiento racial y la violencia comunista\"","topic":null,"translation_language":"","url":"https://www.martinoticias.com/a/eeuu-sanciona-a-la-habana-por-exportar-el-marxismo-el-resentimiento-racial-y-la-violencia-comunista/476318.html","video_url":null,"youtube_conversion_active":false,"youtube_conversion_error":"","youtube_conversion_status":""},{"article_body_paragraphs":[],"audio_source_url":null,"author":"Redacci\u00f3n Mart\u00ed Noticias","available_dubs":[],"downloadable_assets":["https://gdb.martinoticias.com/2eb0f6c1-99cf-4242-5a8f-08decd6ea425_w1600_r1_n_s.png"],"duration_display":"0:00","duration_seconds":null,"embed_url":null,"id":9169,"image_caption":null,"image_url":"https://gdb.martinoticias.com/2eb0f6c1-99cf-4242-5a8f-08decd6ea425_w1600_r1_n_s.png","is_clip":false,"is_youtube_embed":false,"item_type":"photo","item_type_label":"Photo","language_label":"Espa\u00f1ol","media_credit":"Redacci\u00f3n Mart\u00ed Noticias","micro_label":"Photo","micro_label_kind":"gallery","network_label":"Mart\u00ed Noticias","network_logo_url":"/static/uploads/direct_network_logos/ocb_0888427dcb1d.svg","published_at":"2026-08-26T13:29:17","published_at_display":"26 Aug 2026, 13:29 GMT","sequence_badge_label":null,"sequence_count":null,"sequence_count_label":null,"sequence_frames":[],"sequence_kind":null,"source_name":"radiotelevisionmarti_com_rss","source_name_label":"Mart\u00ed Noticias RSS","source_type":"rss","summary":"Una operaci\u00f3n militar de Estados Unidos contra una lancha vinculada al narcotr\u00e1fico en el Caribe dej\u00f3 cuatro muertos, en el marco de una ofensiva del Comando Sur para reforzar el combate contra las redes criminales que operan en la regi\u00f3n.","title":"Southcom informa sobre ataque letal contra lancha vinculada al narcotr\u00e1fico en el Caribe","topic":null,"translation_language":"","url":"https://www.martinoticias.com/a/southcom-informa-sobre-ataque-letal-contra-lancha-vinculada-al-narcotr%c3%a1fico-en-el-caribe/476311.html","video_url":null,"youtube_conversion_active":false,"youtube_conversion_error":"","youtube_conversion_status":""},{"article_body_paragraphs":[],"audio_source_url":null,"author":"Jany Gonz\u00e1lez","available_dubs":[],"downloadable_assets":["https://gdb.martinoticias.com/01000000-0aff-0242-3b78-08dc2419ad75_w1600_r1_n_s.png"],"duration_display":"0:00","duration_seconds":null,"embed_url":null,"id":9152,"image_caption":null,"image_url":"https://gdb.martinoticias.com/01000000-0aff-0242-3b78-08dc2419ad75_w1600_r1_n_s.png","is_clip":false,"is_youtube_embed":false,"item_type":"photo","item_type_label":"Photo","language_label":"Espa\u00f1ol","media_credit":"Jany Gonz\u00e1lez","micro_label":"Photo","micro_label_kind":"gallery","network_label":"Mart\u00ed Noticias","network_logo_url":"/static/uploads/direct_network_logos/ocb_0888427dcb1d.svg","published_at":"2026-08-26T12:23:30","published_at_display":"26 Aug 2026, 12:23 GMT","sequence_badge_label":null,"sequence_count":null,"sequence_count_label":null,"sequence_frames":[],"sequence_kind":null,"source_name":"radiotelevisionmarti_com_rss","source_name_label":"Mart\u00ed Noticias RSS","source_type":"rss","summary":"Los cambios que USCIS aplicar\u00e1 desde el 18 de septiembre sobre la regla de \u201ccarga p\u00fablica\u201d han generado incertidumbre entre inmigrantes que reciben ayudas gubernamentales, abogados aclaran c\u00f3mo aplica la medida a los cubanos que solicitan la residencia...","title":"Carga p\u00fablica: \u00bfpueden Medicaid, SNAP u otras ayudas afectar la residencia de los cubanos?","topic":null,"translation_language":"","url":"https://www.martinoticias.com/a/carga-p%c3%bablica-pueden-medicaid-snap-u-otras-ayudas-afectar-la-residencia-de-los-cubanos/476310.html","video_url":null,"youtube_conversion_active":false,"youtube_conversion_error":"","youtube_conversion_status":""},{"article_body_paragraphs":[],"audio_source_url":null,"author":"Yolanda Huerga","available_dubs":[],"downloadable_assets":["https://gdb.martinoticias.com/06a30000-0aff-0242-f596-08db0397229f_cx0_cy10_cw0_w1600_r1_n_s.jpg"],"duration_display":"0:00","duration_seconds":null,"embed_url":null,"id":9022,"image_caption":null,"image_url":"https://gdb.martinoticias.com/06a30000-0aff-0242-f596-08db0397229f_cx0_cy10_cw0_w1600_r1_n_s.jpg","is_clip":false,"is_youtube_embed":false,"item_type":"photo","item_type_label":"Photo","language_label":"Espa\u00f1ol","media_credit":"Yolanda Huerga","micro_label":"Photo","micro_label_kind":"gallery","network_label":"Mart\u00ed Noticias","network_logo_url":"/static/uploads/direct_network_logos/ocb_0888427dcb1d.svg","published_at":"2026-08-26T00:19:48","published_at_display":"26 Aug 2026, 00:19 GMT","sequence_badge_label":null,"sequence_count":null,"sequence_count_label":null,"sequence_frames":[],"sequence_kind":null,"source_name":"radiotelevisionmarti_com_rss","source_name_label":"Mart\u00ed Noticias RSS","source_type":"rss","summary":"Un tribunal de apelaciones de Estados Unidos rechaz\u00f3 la inmunidad diplom\u00e1tica de la Organizaci\u00f3n Panamericana de la Salud (OPS) y permiti\u00f3 que avance la demanda colectiva presentada por m\u00e9dicos cubanos.","title":"Tribunal federal de EEUU permite avanzar demanda contra la OPS por misiones m\u00e9dicas cubanas en Brasil","topic":null,"translation_language":"","url":"https://www.martinoticias.com/a/avanza-la-demanda-hist%c3%b3rica-de-m%c3%a9dicos-cubanos-en-brasil/476264.html","video_url":null,"youtube_conversion_active":false,"youtube_conversion_error":"","youtube_conversion_status":""},{"article_body_paragraphs":[],"audio_source_url":null,"author":"Ariane Gonz\u00e1lez","available_dubs":[],"downloadable_assets":["https://gdb.martinoticias.com/01000000-0a00-0242-e37a-08db3badce84_w1600_r1_n_s.jpg"],"duration_display":"0:00","duration_seconds":null,"embed_url":null,"id":9023,"image_caption":null,"image_url":"https://gdb.martinoticias.com/01000000-0a00-0242-e37a-08db3badce84_w1600_r1_n_s.jpg","is_clip":false,"is_youtube_embed":false,"item_type":"photo","item_type_label":"Photo","language_label":"Espa\u00f1ol","media_credit":"Ariane Gonz\u00e1lez","micro_label":"Photo","micro_label_kind":"gallery","network_label":"Mart\u00ed Noticias","network_logo_url":"/static/uploads/direct_network_logos/ocb_0888427dcb1d.svg","published_at":"2026-08-26T00:01:47","published_at_display":"26 Aug 2026, 00:01 GMT","sequence_badge_label":null,"sequence_count":null,"sequence_count_label":null,"sequence_frames":[],"sequence_kind":null,"source_name":"radiotelevisionmarti_com_rss","source_name_label":"Mart\u00ed Noticias RSS","source_type":"rss","summary":"Documentos internos de la misi\u00f3n m\u00e9dica cubana en Botswana muestran restricciones sobre movilidad, visitas, relaciones personales, salidas nocturnas y uso de veh\u00edculos, adem\u00e1s de inspecciones sorpresivas y sanciones disciplinarias.","title":"M\u00e9dicos cubanos en Botswana, bajo vigilancia y con m\u00e1s del 75% de sus pagos retenidos","topic":null,"translation_language":"","url":"https://www.martinoticias.com/a/m%c3%a9dicos-cubanos-en-botswana-bajo-vigilancia-y-con-m%c3%a1s-del-75-de-sus-pagos-retenidos/476234.html","video_url":null,"youtube_conversion_active":false,"youtube_conversion_error":"","youtube_conversion_status":""},{"article_body_paragraphs":[],"audio_source_url":null,"author":"Iv\u00e1n Kasanzew","available_dubs":[],"downloadable_assets":["https://gdb.martinoticias.com/af6af0bb-661e-4e34-b2bf-ae130cd624e8_w1600_r1_n_s.jpg"],"duration_display":"0:00","duration_seconds":null,"embed_url":null,"id":9006,"image_caption":null,"image_url":"https://gdb.martinoticias.com/af6af0bb-661e-4e34-b2bf-ae130cd624e8_w1600_r1_n_s.jpg","is_clip":false,"is_youtube_embed":false,"item_type":"photo","item_type_label":"Photo","language_label":"Espa\u00f1ol","media_credit":"Iv\u00e1n Kasanzew","micro_label":"Photo","micro_label_kind":"gallery","network_label":"Mart\u00ed Noticias","network_logo_url":"/static/uploads/direct_network_logos/ocb_0888427dcb1d.svg","published_at":"2026-08-25T22:30:18","published_at_display":"25 Aug 2026, 22:30 GMT","sequence_badge_label":null,"sequence_count":null,"sequence_count_label":null,"sequence_frames":[],"sequence_kind":null,"source_name":"radiotelevisionmarti_com_rss","source_name_label":"Mart\u00ed Noticias RSS","source_type":"rss","summary":"Trump anunci\u00f3 que la Marina de EE.UU. retir\u00f3 o deton\u00f3 todas las minas del Estrecho de Ormuz y advirti\u00f3 que cualquier embarcaci\u00f3n que coloque nuevas ser\u00e1 destruida de inmediato, con vigilancia total v\u00eda Fuerza Espacial y \u201ctolerancia cero\u201d.","title":"Trump: EEUU retir\u00f3 todas las minas del estrecho de Ormuz","topic":null,"translation_language":"","url":"https://www.martinoticias.com/a/trump-eeuu-retir%c3%b3-todas-las-minas-del-estrecho-de-ormuz/476253.html","video_url":null,"youtube_conversion_active":false,"youtube_conversion_error":"","youtube_conversion_status":""},{"article_body_paragraphs":[],"audio_source_url":null,"author":"Ivette Pacheco","available_dubs":[],"downloadable_assets":["https://gdb.martinoticias.com/01000000-0aff-0242-066f-08dc0faef396_cx0_cy12_cw0_w1600_r1_n_s.jpg"],"duration_display":"0:00","duration_seconds":null,"embed_url":null,"id":8998,"image_caption":null,"image_url":"https://gdb.martinoticias.com/01000000-0aff-0242-066f-08dc0faef396_cx0_cy12_cw0_w1600_r1_n_s.jpg","is_clip":false,"is_youtube_embed":false,"item_type":"photo","item_type_label":"Photo","language_label":"Espa\u00f1ol","media_credit":"Ivette Pacheco","micro_label":"Photo","micro_label_kind":"gallery","network_label":"Mart\u00ed Noticias","network_logo_url":"/static/uploads/direct_network_logos/ocb_0888427dcb1d.svg","published_at":"2026-08-25T21:31:54","published_at_display":"25 Aug 2026, 21:31 GMT","sequence_badge_label":null,"sequence_count":null,"sequence_count_label":null,"sequence_frames":[],"sequence_kind":null,"source_name":"radiotelevisionmarti_com_rss","source_name_label":"Mart\u00ed Noticias RSS","source_type":"rss","summary":"M\u00e1s de 50 personas fueron atendidas en Santiago de Cuba tras una presunta intoxicaci\u00f3n alimentaria vinculada al consumo de sal de nitro y pan elaborado con aceite no comestible, en un caso que ha generado alarma entre residentes y mantiene bajo investigaci\u00f3n a las autoridades sanitarias.","title":"Qu\u00e9 hay detr\u00e1s de la intoxicaci\u00f3n masiva en Santiago de Cuba","topic":null,"translation_language":"","url":"https://www.martinoticias.com/a/qu%c3%a9-hay-detr%c3%a1s-de-la-intoxicaci%c3%b3n-masiva-en-santiago-de-cuba/476249.html","video_url":null,"youtube_conversion_active":false,"youtube_conversion_error":"","youtube_conversion_status":""},{"article_body_paragraphs":[],"audio_source_url":null,"author":"Jos\u00e9 Pernalete","available_dubs":[],"downloadable_assets":["https://gdb.martinoticias.com/dd56deea-f2c1-4b73-68e6-08def2ff2efe_w1600_r1_n_s.jpg"],"duration_display":"0:00","duration_seconds":null,"embed_url":null,"id":8986,"image_caption":null,"image_url":"https://gdb.martinoticias.com/dd56deea-f2c1-4b73-68e6-08def2ff2efe_w1600_r1_n_s.jpg","is_clip":false,"is_youtube_embed":false,"item_type":"photo","item_type_label":"Photo","language_label":"Espa\u00f1ol","media_credit":"Jos\u00e9 Pernalete","micro_label":"Photo","micro_label_kind":"gallery","network_label":"Mart\u00ed Noticias","network_logo_url":"/static/uploads/direct_network_logos/ocb_0888427dcb1d.svg","published_at":"2026-08-25T20:55:55","published_at_display":"25 Aug 2026, 20:55 GMT","sequence_badge_label":null,"sequence_count":null,"sequence_count_label":null,"sequence_frames":[],"sequence_kind":null,"source_name":"radiotelevisionmarti_com_rss","source_name_label":"Mart\u00ed Noticias RSS","source_type":"rss","summary":"Foro Penal advirti\u00f3 sobre un aumento significativo de denuncias relacionadas con presuntos presos pol\u00edticos en Venezuela, mientras la organizaci\u00f3n revisa nuevos casos de posibles detenciones arbitrarias y reportes de malos tratos, amenazas e intimidaciones contra familiares de los detenidos.","title":"Foro Penal recibe \u201cavalancha\u201d de denuncias sobre presos pol\u00edticos, torturas y amenazas en Venezuela","topic":null,"translation_language":"","url":"https://www.martinoticias.com/a/foro-penal-recibe-avalancha-de-denuncias-sobre-presos-pol%c3%adticos-torturas-y-amenazas-en-venezuela/476251.html","video_url":null,"youtube_conversion_active":false,"youtube_conversion_error":"","youtube_conversion_status":""},{"article_body_paragraphs":[],"audio_source_url":null,"author":"Redacci\u00f3n Mart\u00ed Noticias","available_dubs":[],"downloadable_assets":["https://gdb.martinoticias.com/e91c0517-8ef3-44d9-cfc9-08decd5b38e4_w1600_r1_n_s.png"],"duration_display":"0:00","duration_seconds":null,"embed_url":null,"id":8981,"image_caption":null,"image_url":"https://gdb.martinoticias.com/e91c0517-8ef3-44d9-cfc9-08decd5b38e4_w1600_r1_n_s.png","is_clip":false,"is_youtube_embed":false,"item_type":"photo","item_type_label":"Photo","language_label":"Espa\u00f1ol","media_credit":"Redacci\u00f3n Mart\u00ed Noticias","micro_label":"Photo","micro_label_kind":"gallery","network_label":"Mart\u00ed Noticias","network_logo_url":"/static/uploads/direct_network_logos/ocb_0888427dcb1d.svg","published_at":"2026-08-25T20:04:01","published_at_display":"25 Aug 2026, 20:04 GMT","sequence_badge_label":null,"sequence_count":null,"sequence_count_label":null,"sequence_frames":[],"sequence_kind":null,"source_name":"radiotelevisionmarti_com_rss","source_name_label":"Mart\u00ed Noticias RSS","source_type":"rss","summary":"El senador estatal cubanoamericano Bryan Avila, fue el escogido como compa\u00f1ero de f\u00f3rmula por Byron Donalds, candidato republicano a gobernador de La Florida, para las elecciones de noviembre pr\u00f3ximo. \u00c1vila, de 42 a\u00f1os, naci\u00f3 en Hialeah y es hijo de Bryan y Rosa Mar\u00eda \u00c1vila, dos exiliados cubanos que huyeron del r\u00e9gimen y se establecieron en Estados Unidos. Al anunciar su selecci\u00f3n en la hist\u00f3rica Torre de la Libertad, en Miami, Donalds explic\u00f3 que \u201ces hijo de exiliados cubanos. Este es un hombre que entiende el Sue\u00f1o de Florida y por qu\u00e9 debemos defenderlo\u201d. \"Estoy orgulloso de haber nacido y crecido en la ciudad de Hialeah. Mis padres vinieron de Cuba buscando algo muy especial para todos nosotros: libertad. Para m\u00ed es un honor estar aqu\u00ed, en la Torre de la Libertad, porque es un faro de libertad\", dijo el senador estatal al aceptar la candidatura a vicegobernador. \u00c1vila representa desde el 2022 el Distrito 39 en el Senado Estatal, que incluye Hialeah, Hialeah Gardens y Miami Lakes. Antes de llegar al Senado, sirvi\u00f3 por ocho a\u00f1os en la Legislatura Estatal y ocup\u00f3 posiciones de liderazgo en el capitolio de Tallahassee. Veterano de las Fuerzas Armadas, Avila estaba vinculado a la campa\u00f1a de Donalds, como copresidente de la coalici\u00f3n Veterans for Byron. En mayo pasado, acompa\u00f1\u00f3 al candidato republicano a gobernador durante el lanzamiento de Latinos for Byron en Hialeah. De ser elegida la f\u00f3rmula Donalds-Avila en noviembre, ser\u00eda la segunda vez que el vicegobernador de la Florida es cubanoamericano. Jeanette N\u00fa\u00f1ez, actual presidente de la Universidad Internacional de la Florida, sirvi\u00f3 en el cargo del saliente gobernador Ron DeSantis.","title":"Cubanoamericano Bryan Avila ser\u00e1 el compa\u00f1ero de f\u00f3rmula de Byron Donalds","topic":null,"translation_language":"","url":"https://www.martinoticias.com/a/cubanoamericano-bryan-avila-sera-el-companero-de-formula-de-byron-donalds/476257.html","video_url":null,"youtube_conversion_active":false,"youtube_conversion_error":"","youtube_conversion_status":""},{"article_body_paragraphs":[],"audio_source_url":null,"author":"Yolanda Huerga","available_dubs":[],"downloadable_assets":["https://gdb.martinoticias.com/d7a1d10e-20b0-4bc2-ac3c-08decd4f1c2d_w1600_r1_n_s.jpg"],"duration_display":"0:00","duration_seconds":null,"embed_url":null,"id":8959,"image_caption":null,"image_url":"https://gdb.martinoticias.com/d7a1d10e-20b0-4bc2-ac3c-08decd4f1c2d_w1600_r1_n_s.jpg","is_clip":false,"is_youtube_embed":false,"item_type":"photo","item_type_label":"Photo","language_label":"Espa\u00f1ol","media_credit":"Yolanda Huerga","micro_label":"Photo","micro_label_kind":"gallery","network_label":"Mart\u00ed Noticias","network_logo_url":"/static/uploads/direct_network_logos/ocb_0888427dcb1d.svg","published_at":"2026-08-25T19:26:15","published_at_display":"25 Aug 2026, 19:26 GMT","sequence_badge_label":null,"sequence_count":null,"sequence_count_label":null,"sequence_frames":[],"sequence_kind":null,"source_name":"radiotelevisionmarti_com_rss","source_name_label":"Mart\u00ed Noticias RSS","source_type":"rss","summary":"La Seguridad del Estado impone elegir entre la c\u00e1rcel y el exilio al director del medio independiente Amanecer Habanero, Agust\u00edn Llerandi.","title":"Seguridad del Estado amenaza con c\u00e1rcel o exilio al periodista independiente Austin Llerandi","topic":null,"translation_language":"","url":"https://www.martinoticias.com/a/seguridad-del-estado-amenaza-con-c%c3%a1rcel-o-exilio-al-periodista-independiente-austin-llerandi/476241.html","video_url":null,"youtube_conversion_active":false,"youtube_conversion_error":"","youtube_conversion_status":""},{"article_body_paragraphs":[],"audio_source_url":null,"author":"Redacci\u00f3n Mart\u00ed Noticias","available_dubs":[],"downloadable_assets":["https://gdb.martinoticias.com/09ceab0f-8a25-46fb-5a86-08decd6ea425_w1600_r1_n_s.png"],"duration_display":"0:00","duration_seconds":null,"embed_url":null,"id":8960,"image_caption":null,"image_url":"https://gdb.martinoticias.com/09ceab0f-8a25-46fb-5a86-08decd6ea425_w1600_r1_n_s.png","is_clip":false,"is_youtube_embed":false,"item_type":"photo","item_type_label":"Photo","language_label":"Espa\u00f1ol","media_credit":"Redacci\u00f3n Mart\u00ed Noticias","micro_label":"Photo","micro_label_kind":"gallery","network_label":"Mart\u00ed Noticias","network_logo_url":"/static/uploads/direct_network_logos/ocb_0888427dcb1d.svg","published_at":"2026-08-25T19:07:19","published_at_display":"25 Aug 2026, 19:07 GMT","sequence_badge_label":null,"sequence_count":null,"sequence_count_label":null,"sequence_frames":[],"sequence_kind":null,"source_name":"radiotelevisionmarti_com_rss","source_name_label":"Mart\u00ed Noticias RSS","source_type":"rss","summary":"Guti\u00e9rrez Boronat integr\u00f3 una delegaci\u00f3n con parlamentarios europeos vinculados a comit\u00e9s de pol\u00edtica exterior, asuntos europeos y defensa, y sostuvo encuentros con autoridades ucranianas.","title":"Guti\u00e9rrez Boronat: Europa debe dejar de financiar al r\u00e9gimen cubano y apoyar a Ucrania","topic":null,"translation_language":"","url":"https://www.martinoticias.com/a/guti%c3%a9rrez-boronat-europa-debe-dejar-de-financiar-al-r%c3%a9gimen-cubano-y-apoyar-a-ucrania/476240.html","video_url":null,"youtube_conversion_active":false,"youtube_conversion_error":"","youtube_conversion_status":""},{"article_body_paragraphs":[],"audio_source_url":null,"author":"Jorge Morej\u00f3n","available_dubs":[],"downloadable_assets":["https://gdb.martinoticias.com/66355c5a-a14e-47c5-ac1a-4221e92c5e06_w1600_r1_n_s.jpg"],"duration_display":"0:00","duration_seconds":null,"embed_url":null,"id":8925,"image_caption":null,"image_url":"https://gdb.martinoticias.com/66355c5a-a14e-47c5-ac1a-4221e92c5e06_w1600_r1_n_s.jpg","is_clip":false,"is_youtube_embed":false,"item_type":"photo","item_type_label":"Photo","language_label":"Espa\u00f1ol","media_credit":"Jorge Morej\u00f3n","micro_label":"Photo","micro_label_kind":"gallery","network_label":"Mart\u00ed Noticias","network_logo_url":"/static/uploads/direct_network_logos/ocb_0888427dcb1d.svg","published_at":"2026-08-25T18:35:17","published_at_display":"25 Aug 2026, 18:35 GMT","sequence_badge_label":null,"sequence_count":null,"sequence_count_label":null,"sequence_frames":[],"sequence_kind":null,"source_name":"radiotelevisionmarti_com_rss","source_name_label":"Mart\u00ed Noticias RSS","source_type":"rss","summary":"El zurdo cubano Aroldis Chapman se acerca a dos cifras redondas en su carrera, que pavimentar\u00edan -a\u00fan m\u00e1s- su camino hacia el Sal\u00f3n de la Fama de Cooperstown.","title":"El Misil Cubano cada vez m\u00e1s cerca de la inmortalidad (VIDEO)","topic":null,"translation_language":"","url":"https://www.martinoticias.com/a/el-misil-cubano-cada-vez-mas-cerca-de-la-inmortalidad/476243.html","video_url":null,"youtube_conversion_active":false,"youtube_conversion_error":"","youtube_conversion_status":""},{"article_body_paragraphs":[],"audio_source_url":null,"author":"Redacci\u00f3n Mart\u00ed Noticias","available_dubs":[],"downloadable_assets":["https://gdb.martinoticias.com/d4983163-2bdc-4230-5a84-08decd6ea425_cx0_cy15_cw0_w1600_r1_n_s.png"],"duration_display":"0:00","duration_seconds":null,"embed_url":null,"id":8893,"image_caption":null,"image_url":"https://gdb.martinoticias.com/d4983163-2bdc-4230-5a84-08decd6ea425_cx0_cy15_cw0_w1600_r1_n_s.png","is_clip":false,"is_youtube_embed":false,"item_type":"photo","item_type_label":"Photo","language_label":"Espa\u00f1ol","media_credit":"Redacci\u00f3n Mart\u00ed Noticias","micro_label":"Photo","micro_label_kind":"gallery","network_label":"Mart\u00ed Noticias","network_logo_url":"/static/uploads/direct_network_logos/ocb_0888427dcb1d.svg","published_at":"2026-08-25T17:30:09","published_at_display":"25 Aug 2026, 17:30 GMT","sequence_badge_label":null,"sequence_count":null,"sequence_count_label":null,"sequence_frames":[],"sequence_kind":null,"source_name":"radiotelevisionmarti_com_rss","source_name_label":"Mart\u00ed Noticias RSS","source_type":"rss","summary":"\u201cMar\u00eda Cristina Garrido, directora ejecutiva nacional del Partido Republicano de Cuba y v\u00edctima de la represi\u00f3n del 11J, sigue injustamente encarcelada\u201d, se\u00f1al\u00f3 la sede diplom\u00e1tica en una publicaci\u00f3n en redes sociales.","title":"Embajada de EEUU en La Habana exige la liberaci\u00f3n de Mar\u00eda Cristina Garrido y el resto de los presos pol\u00edticos en Cuba","topic":null,"translation_language":"","url":"https://www.martinoticias.com/a/embajada-de-eeuu-en-la-habana-exige-la-liberaci%c3%b3n-de-mar%c3%ada-cristina-garrido-y-el-resto-de-los-presos-pol%c3%adticos-en-cuba/476238.html","video_url":null,"youtube_conversion_active":false,"youtube_conversion_error":"","youtube_conversion_status":""},{"article_body_paragraphs":[],"audio_source_url":null,"author":"Laura Artal","available_dubs":[],"downloadable_assets":["https://gdb.martinoticias.com/57a9157c-18cc-4043-bc28-9ac80e29030b_w1600_r1_n_s.jpg"],"duration_display":"0:00","duration_seconds":null,"embed_url":null,"id":8894,"image_caption":null,"image_url":"https://gdb.martinoticias.com/57a9157c-18cc-4043-bc28-9ac80e29030b_w1600_r1_n_s.jpg","is_clip":false,"is_youtube_embed":false,"item_type":"photo","item_type_label":"Photo","language_label":"Espa\u00f1ol","media_credit":"Laura Artal","micro_label":"Photo","micro_label_kind":"gallery","network_label":"Mart\u00ed Noticias","network_logo_url":"/static/uploads/direct_network_logos/ocb_0888427dcb1d.svg","published_at":"2026-08-25T17:19:15","published_at_display":"25 Aug 2026, 17:19 GMT","sequence_badge_label":null,"sequence_count":null,"sequence_count_label":null,"sequence_frames":[],"sequence_kind":null,"source_name":"radiotelevisionmarti_com_rss","source_name_label":"Mart\u00ed Noticias RSS","source_type":"rss","summary":"El president de Colombia Abelardo De La Espriella orden\u00f3 iniciar operativos contra extranjeros en situaci\u00f3n irregular. Activistas venezolanos piden diferenciar entre quienes cometen delitos y quienes se atienen a las leyes pero no han logrado regularizar su permanencia en el pa\u00eds.","title":"Orden de deportaciones en Colombia genera preocupaci\u00f3n entre migrantes venezolanos","topic":null,"translation_language":"","url":"https://www.martinoticias.com/a/orden-de-deportaciones-en-colombia-genera-preocupaci%c3%b3n-entre-migrantes-venezolanos/476232.html","video_url":null,"youtube_conversion_active":false,"youtube_conversion_error":"","youtube_conversion_status":""},{"article_body_paragraphs":[],"audio_source_url":null,"author":"Oficina de Pol\u00edticas","available_dubs":[],"downloadable_assets":["https://gdb.martinoticias.com/a2dd9ef2-7109-4827-b695-2642b4fbe37d_w1600_r1_n_s.jpg"],"duration_display":"0:00","duration_seconds":null,"embed_url":null,"id":8895,"image_caption":null,"image_url":"https://gdb.martinoticias.com/a2dd9ef2-7109-4827-b695-2642b4fbe37d_w1600_r1_n_s.jpg","is_clip":false,"is_youtube_embed":false,"item_type":"photo","item_type_label":"Photo","language_label":"Espa\u00f1ol","media_credit":"Oficina de Pol\u00edticas","micro_label":"Photo","micro_label_kind":"gallery","network_label":"Mart\u00ed Noticias","network_logo_url":"/static/uploads/direct_network_logos/ocb_0888427dcb1d.svg","published_at":"2026-08-25T17:18:42","published_at_display":"25 Aug 2026, 17:18 GMT","sequence_badge_label":null,"sequence_count":null,"sequence_count_label":null,"sequence_frames":[],"sequence_kind":null,"source_name":"radiotelevisionmarti_com_rss","source_name_label":"Mart\u00ed Noticias RSS","source_type":"rss","summary":"Estados Unidos lanz\u00f3 la \u201cOperaci\u00f3n Marginaci\u00f3n Econ\u00f3mica\u201d, una nueva ofensiva contra Ir\u00e1n que busca endurecer las sanciones, aislar al r\u00e9gimen y cortar las fuentes de financiaci\u00f3n de sus actividades militares, nucleares y de apoyo al terrorismo.","title":"Washington alerta a l\u00edderes mundiales que no hay medias tintas en relaci\u00f3n con Ir\u00e1n","topic":null,"translation_language":"","url":"https://www.martinoticias.com/a/washington-alerta-a-l%c3%adderes-mundiales-que-no-hay-medias-tintas-en-relaci%c3%b3n-con-ir%c3%a1n/476233.html","video_url":null,"youtube_conversion_active":false,"youtube_conversion_error":"","youtube_conversion_status":""},{"article_body_paragraphs":[],"audio_source_url":null,"author":"Redacci\u00f3n Mart\u00ed Noticias","available_dubs":[],"downloadable_assets":["https://gdb.martinoticias.com/47417ccd-5c5b-4071-a0f2-a7a1bad0ad57_w1600_r1_n_s.jpg"],"duration_display":"0:00","duration_seconds":null,"embed_url":null,"id":8858,"image_caption":null,"image_url":"https://gdb.martinoticias.com/47417ccd-5c5b-4071-a0f2-a7a1bad0ad57_w1600_r1_n_s.jpg","is_clip":false,"is_youtube_embed":false,"item_type":"photo","item_type_label":"Photo","language_label":"Espa\u00f1ol","media_credit":"Redacci\u00f3n Mart\u00ed Noticias","micro_label":"Photo","micro_label_kind":"gallery","network_label":"Mart\u00ed Noticias","network_logo_url":"/static/uploads/direct_network_logos/ocb_0888427dcb1d.svg","published_at":"2026-08-25T16:29:46","published_at_display":"25 Aug 2026, 16:29 GMT","sequence_badge_label":null,"sequence_count":null,"sequence_count_label":null,"sequence_frames":[],"sequence_kind":null,"source_name":"radiotelevisionmarti_com_rss","source_name_label":"Mart\u00ed Noticias RSS","source_type":"rss","summary":"El presidente de Estados Unidos, Donald Trump, prorrog\u00f3 por un a\u00f1o las facultades contempladas en la Ley de Comercio con el Enemigo respecto a Cuba, una decisi\u00f3n que mantiene vigentes las regulaciones que sustentan el embargo econ\u00f3mico.","title":"Trump extiende por otro a\u00f1o el embargo a Cuba","topic":null,"translation_language":"","url":"https://www.martinoticias.com/a/trump-extiende-por-otro-a%c3%b1o-el-embargo-a-cuba/476230.html","video_url":null,"youtube_conversion_active":false,"youtube_conversion_error":"","youtube_conversion_status":""},{"article_body_paragraphs":[],"audio_source_url":null,"author":"Oficina de Pol\u00edticas","available_dubs":[],"downloadable_assets":["https://gdb.martinoticias.com/e511332a-f4be-4679-840c-6a205fe46b61_w1600_r1_n_s.jpg"],"duration_display":"0:00","duration_seconds":null,"embed_url":null,"id":8835,"image_caption":null,"image_url":"https://gdb.martinoticias.com/e511332a-f4be-4679-840c-6a205fe46b61_w1600_r1_n_s.jpg","is_clip":false,"is_youtube_embed":false,"item_type":"photo","item_type_label":"Photo","language_label":"Espa\u00f1ol","media_credit":"Oficina de Pol\u00edticas","micro_label":"Photo","micro_label_kind":"gallery","network_label":"Mart\u00ed Noticias","network_logo_url":"/static/uploads/direct_network_logos/ocb_0888427dcb1d.svg","published_at":"2026-08-25T15:54:30","published_at_display":"25 Aug 2026, 15:54 GMT","sequence_badge_label":null,"sequence_count":null,"sequence_count_label":null,"sequence_frames":[],"sequence_kind":null,"source_name":"radiotelevisionmarti_com_rss","source_name_label":"Mart\u00ed Noticias RSS","source_type":"rss","summary":"Se declar\u00f3 culpable en Estados Unidos por integrar una red de tr\u00e1fico de migrantes que utilizaba solicitudes fraudulentas del sistema ESTA y empresas pantalla para introducir ilegalmente a miles de personas al pa\u00eds, lavado de dinero y explotaci\u00f3n de cubanas.","title":"Condenan a 20 a\u00f1os a cubano l\u00edder de red de fraude con el ESTA, tr\u00e1fico para la prostituci\u00f3n y lavado","topic":null,"translation_language":"","url":"https://www.martinoticias.com/a/condenan-a-20-a%c3%b1os-a-cubano-l%c3%adder-de-red-de-fraude-con-el-esta-tr%c3%a1fico-para-la-prostituci%c3%b3n-y-lavado/476228.html","video_url":null,"youtube_conversion_active":false,"youtube_conversion_error":"","youtube_conversion_status":""}],"next_num":9,"page":8,"pages":25,"per_page":20,"prev_num":7,"total":486}
