{"applied_filters":{"end_date":"","lang":"","language":"","network":"Mart\u00ed Noticias","page":9,"per_page":20,"search":"","source":"","start_date":"","topic":"","type":"photo"},"available_filters":{"language_choices":[{"label":"Choose Language","value":""},{"label":"English","value":"English"},{"label":"Espa\u00f1ol","value":"Espa\u00f1ol"}],"network_choices":[{"label":"All networks","value":""},{"label":"Mart\u00ed Noticias","value":"Mart\u00ed Noticias"}],"source_choices":[{"label":"All sources","value":""},{"label":"Mart\u00ed Noticias RSS","value":"radiotelevisionmarti_com_rss"}],"sources":["radiotelevisionmarti_com_rss"],"topics":[],"types":[["","All types"],["article","Articles"],["audio","Audio"],["video","Videos"],["clips","Clips"],["media","Media"]]},"has_next":true,"has_prev":true,"items":[{"article_body_paragraphs":[],"audio_source_url":null,"author":"Oficina de Pol\u00edticas","available_dubs":[],"downloadable_assets":["https://gdb.martinoticias.com/e511332a-f4be-4679-840c-6a205fe46b61_w1600_r1_n_s.jpg"],"duration_display":"0:00","duration_seconds":null,"embed_url":null,"id":8835,"image_caption":null,"image_url":"https://gdb.martinoticias.com/e511332a-f4be-4679-840c-6a205fe46b61_w1600_r1_n_s.jpg","is_clip":false,"is_youtube_embed":false,"item_type":"photo","item_type_label":"Photo","language_label":"Espa\u00f1ol","media_credit":"Oficina de Pol\u00edticas","micro_label":"Photo","micro_label_kind":"gallery","network_label":"Mart\u00ed Noticias","network_logo_url":"/static/uploads/direct_network_logos/ocb_0888427dcb1d.svg","published_at":"2026-08-25T15:54:30","published_at_display":"25 Aug 2026, 15:54 GMT","sequence_badge_label":null,"sequence_count":null,"sequence_count_label":null,"sequence_frames":[],"sequence_kind":null,"source_name":"radiotelevisionmarti_com_rss","source_name_label":"Mart\u00ed Noticias RSS","source_type":"rss","summary":"Se declar\u00f3 culpable en Estados Unidos por integrar una red de tr\u00e1fico de migrantes que utilizaba solicitudes fraudulentas del sistema ESTA y empresas pantalla para introducir ilegalmente a miles de personas al pa\u00eds, lavado de dinero y explotaci\u00f3n de cubanas.","title":"Condenan a 20 a\u00f1os a cubano l\u00edder de red de fraude con el ESTA, tr\u00e1fico para la prostituci\u00f3n y lavado","topic":null,"translation_language":"","url":"https://www.martinoticias.com/a/condenan-a-20-a%c3%b1os-a-cubano-l%c3%adder-de-red-de-fraude-con-el-esta-tr%c3%a1fico-para-la-prostituci%c3%b3n-y-lavado/476228.html","video_url":null,"youtube_conversion_active":false,"youtube_conversion_error":"","youtube_conversion_status":""},{"article_body_paragraphs":[],"audio_source_url":null,"author":"Redacci\u00f3n Mart\u00ed Noticias","available_dubs":[],"downloadable_assets":["https://gdb.martinoticias.com/d2d05f5c-5aee-4d14-65aa-08de3c08cd61_cx0_cy32_cw0_w1600_r1_n_s.jpg"],"duration_display":"0:00","duration_seconds":null,"embed_url":null,"id":8811,"image_caption":null,"image_url":"https://gdb.martinoticias.com/d2d05f5c-5aee-4d14-65aa-08de3c08cd61_cx0_cy32_cw0_w1600_r1_n_s.jpg","is_clip":false,"is_youtube_embed":false,"item_type":"photo","item_type_label":"Photo","language_label":"Espa\u00f1ol","media_credit":"Redacci\u00f3n Mart\u00ed Noticias","micro_label":"Photo","micro_label_kind":"gallery","network_label":"Mart\u00ed Noticias","network_logo_url":"/static/uploads/direct_network_logos/ocb_0888427dcb1d.svg","published_at":"2026-08-25T15:12:13","published_at_display":"25 Aug 2026, 15:12 GMT","sequence_badge_label":null,"sequence_count":null,"sequence_count_label":null,"sequence_frames":[],"sequence_kind":null,"source_name":"radiotelevisionmarti_com_rss","source_name_label":"Mart\u00ed Noticias RSS","source_type":"rss","summary":"El subsecretario de Estado para Asuntos del Hemisferio Occidental de EEUU, Juan Pablo Segura, critic\u00f3 el modelo econ\u00f3mico cubano y lo calific\u00f3 de \u201ccleptocracia\u201d controlada por militares. Segura afirm\u00f3 que el sistema concentra riqueza y poder en una \u00e9lite vinculada al r\u00e9gimen, y mientras limita las oportunidades econ\u00f3micas para la poblaci\u00f3n cubana.","title":"EEUU califica de \"cleptocracia\" al sistema econ\u00f3mico de Cuba y critica el control militar","topic":null,"translation_language":"","url":"https://www.martinoticias.com/a/eeuu-califica-al-sistema-econ%c3%b3mico-de-cuba-de-cleptocracia-y-critica-el-control-militar/476225.html","video_url":null,"youtube_conversion_active":false,"youtube_conversion_error":"","youtube_conversion_status":""},{"article_body_paragraphs":[],"audio_source_url":null,"author":"Yolanda Huerga","available_dubs":[],"downloadable_assets":["https://gdb.martinoticias.com/6e4fddba-cb91-41dc-e486-08decd478c11_w1600_r1_n_s.jpg"],"duration_display":"0:00","duration_seconds":null,"embed_url":null,"id":8609,"image_caption":null,"image_url":"https://gdb.martinoticias.com/6e4fddba-cb91-41dc-e486-08decd478c11_w1600_r1_n_s.jpg","is_clip":false,"is_youtube_embed":false,"item_type":"photo","item_type_label":"Photo","language_label":"Espa\u00f1ol","media_credit":"Yolanda Huerga","micro_label":"Photo","micro_label_kind":"gallery","network_label":"Mart\u00ed Noticias","network_logo_url":"/static/uploads/direct_network_logos/ocb_0888427dcb1d.svg","published_at":"2026-08-25T00:29:29","published_at_display":"25 Aug 2026, 00:29 GMT","sequence_badge_label":null,"sequence_count":null,"sequence_count_label":null,"sequence_frames":[],"sequence_kind":null,"source_name":"radiotelevisionmarti_com_rss","source_name_label":"Mart\u00ed Noticias RSS","source_type":"rss","summary":"Integrantes del Grupo de los 75 urgieron a organizaciones internacionales y a gobiernos democr\u00e1ticos a intervenir ante los 67 d\u00edas en huelga de hambre del activista Guillermo del Sol, quien se encuentra en grave estado de salud exigiendo la liberaci\u00f3n de 18 presos pol\u00edticos en Cuba.","title":"Exprisioneros de la Primavera Negra exigen acci\u00f3n internacional para salvar la vida de Guillermo del Sol","topic":null,"translation_language":"","url":"https://www.martinoticias.com/a/exprisioneros-de-la-primavera-negra-exigen-acci%c3%b3n-internacional-para-salvar-la-vida-de-guillermo-del-sol/476170.html","video_url":null,"youtube_conversion_active":false,"youtube_conversion_error":"","youtube_conversion_status":""},{"article_body_paragraphs":[],"audio_source_url":null,"author":"Yolanda Huerga","available_dubs":[],"downloadable_assets":["https://gdb.martinoticias.com/90c93fa1-c02d-408f-68e2-08def2ff2efe_w1600_r1_n_s.png"],"duration_display":"0:00","duration_seconds":null,"embed_url":null,"id":8604,"image_caption":null,"image_url":"https://gdb.martinoticias.com/90c93fa1-c02d-408f-68e2-08def2ff2efe_w1600_r1_n_s.png","is_clip":false,"is_youtube_embed":false,"item_type":"photo","item_type_label":"Photo","language_label":"Espa\u00f1ol","media_credit":"Yolanda Huerga","micro_label":"Photo","micro_label_kind":"gallery","network_label":"Mart\u00ed Noticias","network_logo_url":"/static/uploads/direct_network_logos/ocb_0888427dcb1d.svg","published_at":"2026-08-24T23:49:48","published_at_display":"24 Aug 2026, 23:49 GMT","sequence_badge_label":null,"sequence_count":null,"sequence_count_label":null,"sequence_frames":[],"sequence_kind":null,"source_name":"radiotelevisionmarti_com_rss","source_name_label":"Mart\u00ed Noticias RSS","source_type":"rss","summary":"Un joven gravemente herido tras una agresi\u00f3n en La Habana, 17 horas detenido sin atenci\u00f3n m\u00e9dica adecuada y un desenlace fatal. Hoy, la familia de Ferrer Ortiz Alay\u00f3n exige justicia y denuncia presunta negligencia tanto m\u00e9dica como policial.","title":"Familia de joven muerto tras una golpiza en La Habana denuncia negligencia policial y m\u00e9dica","topic":null,"translation_language":"","url":"https://www.martinoticias.com/a/familia-de-joven-muerto-tras-una-golpiza-en-la-habana-denuncia-negligencia-policial-y-m%c3%a9dica/476153.html","video_url":null,"youtube_conversion_active":false,"youtube_conversion_error":"","youtube_conversion_status":""},{"article_body_paragraphs":[],"audio_source_url":null,"author":"Jos\u00e9 Pernalete","available_dubs":[],"downloadable_assets":["https://gdb.martinoticias.com/4efe137d-ea56-4b54-7c6e-08def2b1c8fe_w1600_r1_n_s.jpg"],"duration_display":"0:00","duration_seconds":null,"embed_url":null,"id":8587,"image_caption":null,"image_url":"https://gdb.martinoticias.com/4efe137d-ea56-4b54-7c6e-08def2b1c8fe_w1600_r1_n_s.jpg","is_clip":false,"is_youtube_embed":false,"item_type":"photo","item_type_label":"Photo","language_label":"Espa\u00f1ol","media_credit":"Jos\u00e9 Pernalete","micro_label":"Photo","micro_label_kind":"gallery","network_label":"Mart\u00ed Noticias","network_logo_url":"/static/uploads/direct_network_logos/ocb_0888427dcb1d.svg","published_at":"2026-08-24T22:08:35","published_at_display":"24 Aug 2026, 22:08 GMT","sequence_badge_label":null,"sequence_count":null,"sequence_count_label":null,"sequence_frames":[],"sequence_kind":null,"source_name":"radiotelevisionmarti_com_rss","source_name_label":"Mart\u00ed Noticias RSS","source_type":"rss","summary":"A dos meses de los terremotos que golpearon Venezuela, la desolaci\u00f3n persiste en comunidades de La Guaira, donde familias que perdieron sus viviendas contin\u00faan viviendo en carpas y denuncian falta de ayuda oportuna y fallas en servicios b\u00e1sicos.","title":"Dos meses despu\u00e9s de los terremotos, miles de venezolanos siguen sin hogar","topic":null,"translation_language":"","url":"https://www.martinoticias.com/a/dos-meses-despu%c3%a9s-de-los-terremotos-miles-de-venezolanos-siguen-sin-hogar/476173.html","video_url":null,"youtube_conversion_active":false,"youtube_conversion_error":"","youtube_conversion_status":""},{"article_body_paragraphs":[],"audio_source_url":null,"author":"Laura Artal","available_dubs":[],"downloadable_assets":["https://gdb.martinoticias.com/65420280-6c65-44e1-7c6a-08def2b1c8fe_w1600_r1_n_s.jpeg"],"duration_display":"0:00","duration_seconds":null,"embed_url":null,"id":8571,"image_caption":null,"image_url":"https://gdb.martinoticias.com/65420280-6c65-44e1-7c6a-08def2b1c8fe_w1600_r1_n_s.jpeg","is_clip":false,"is_youtube_embed":false,"item_type":"photo","item_type_label":"Photo","language_label":"Espa\u00f1ol","media_credit":"Laura Artal","micro_label":"Photo","micro_label_kind":"gallery","network_label":"Mart\u00ed Noticias","network_logo_url":"/static/uploads/direct_network_logos/ocb_0888427dcb1d.svg","published_at":"2026-08-24T21:13:43","published_at_display":"24 Aug 2026, 21:13 GMT","sequence_badge_label":null,"sequence_count":null,"sequence_count_label":null,"sequence_frames":[],"sequence_kind":null,"source_name":"radiotelevisionmarti_com_rss","source_name_label":"Mart\u00ed Noticias RSS","source_type":"rss","summary":"Los manifestantes lograron superar varios cordones policiales durante una movilizaci\u00f3n desde el Ministerio P\u00fablico hasta las inmediaciones del Ministerio de Interior, Justicia y Paz, donde entregaron un documento dirigido a Diosdado Cabello.","title":"Familiares de presos pol\u00edticos protestan en Caracas y exigen la liberaci\u00f3n de todos los detenidos","topic":null,"translation_language":"","url":"https://www.martinoticias.com/a/familiares-de-presos-pol%c3%adticos-protestan-en-caracas-y-exigen-la-liberaci%c3%b3n-de-todos-los-detenidos/476165.html","video_url":null,"youtube_conversion_active":false,"youtube_conversion_error":"","youtube_conversion_status":""},{"article_body_paragraphs":[],"audio_source_url":null,"author":"Redacci\u00f3n Mart\u00ed Noticias","available_dubs":[],"downloadable_assets":["https://gdb.martinoticias.com/b7798f39-8fb0-471d-03f4-08decd63a0c8_w1600_r1_n_s.jpg"],"duration_display":"0:00","duration_seconds":null,"embed_url":null,"id":8519,"image_caption":null,"image_url":"https://gdb.martinoticias.com/b7798f39-8fb0-471d-03f4-08decd63a0c8_w1600_r1_n_s.jpg","is_clip":false,"is_youtube_embed":false,"item_type":"photo","item_type_label":"Photo","language_label":"Espa\u00f1ol","media_credit":"Redacci\u00f3n Mart\u00ed Noticias","micro_label":"Photo","micro_label_kind":"gallery","network_label":"Mart\u00ed Noticias","network_logo_url":"/static/uploads/direct_network_logos/ocb_0888427dcb1d.svg","published_at":"2026-08-24T19:17:49","published_at_display":"24 Aug 2026, 19:17 GMT","sequence_badge_label":null,"sequence_count":null,"sequence_count_label":null,"sequence_frames":[],"sequence_kind":null,"source_name":"radiotelevisionmarti_com_rss","source_name_label":"Mart\u00ed Noticias RSS","source_type":"rss","summary":"EEUU y Corea del Sur acordaron reforzar su coordinaci\u00f3n para avanzar hacia la paz en la pen\u00ednsula coreana y abordar el desaf\u00edo nuclear norcoreano, en medio de ajustes en los ejercicios militares conjuntos tras la decisi\u00f3n de Washington de reducir su participaci\u00f3n en los mismos.","title":"Rubio y canciller surcoreano acuerdan reforzar coordinaci\u00f3n sobre Corea del Norte","topic":null,"translation_language":"","url":"https://www.martinoticias.com/a/rubio-y-canciller-surcoreano-acuerdan-reforzar-coordinaci%c3%b3n-sobre-corea-del-norte/476159.html","video_url":null,"youtube_conversion_active":false,"youtube_conversion_error":"","youtube_conversion_status":""},{"article_body_paragraphs":[],"audio_source_url":null,"author":"Redacci\u00f3n Mart\u00ed Noticias","available_dubs":[],"downloadable_assets":["https://gdb.martinoticias.com/69e3aa8d-70ba-4182-03f3-08decd63a0c8_w1600_r1_n_s.jpg"],"duration_display":"0:00","duration_seconds":null,"embed_url":null,"id":8520,"image_caption":null,"image_url":"https://gdb.martinoticias.com/69e3aa8d-70ba-4182-03f3-08decd63a0c8_w1600_r1_n_s.jpg","is_clip":false,"is_youtube_embed":false,"item_type":"photo","item_type_label":"Photo","language_label":"Espa\u00f1ol","media_credit":"Redacci\u00f3n Mart\u00ed Noticias","micro_label":"Photo","micro_label_kind":"gallery","network_label":"Mart\u00ed Noticias","network_logo_url":"/static/uploads/direct_network_logos/ocb_0888427dcb1d.svg","published_at":"2026-08-24T19:14:07","published_at_display":"24 Aug 2026, 19:14 GMT","sequence_badge_label":null,"sequence_count":null,"sequence_count_label":null,"sequence_frames":[],"sequence_kind":null,"source_name":"radiotelevisionmarti_com_rss","source_name_label":"Mart\u00ed Noticias RSS","source_type":"rss","summary":"\u201cEl Departamento del Tesoro est\u00e1 cumpliendo la promesa del presidente Trump de brindar al pueblo sirio la oportunidad de alcanzar la grandeza\u201d, dijo el secretario del Tesoro, Scott Bessent.","title":"EEUU retira a Siria de la lista de Estados patrocinadores del terrorismo","topic":null,"translation_language":"","url":"https://www.martinoticias.com/a/eeuu-retira-a-siria-de-la-lista-de-estados-patrocinadores-del-terrorismo/476163.html","video_url":null,"youtube_conversion_active":false,"youtube_conversion_error":"","youtube_conversion_status":""},{"article_body_paragraphs":[],"audio_source_url":null,"author":"Redacci\u00f3n Mart\u00ed Noticias","available_dubs":[],"downloadable_assets":["https://gdb.martinoticias.com/98587d39-516c-4f13-a1c7-1d04078d770c_cx16_cy2_cw78_w1600_r1_n_s.jpg"],"duration_display":"0:00","duration_seconds":null,"embed_url":null,"id":8489,"image_caption":null,"image_url":"https://gdb.martinoticias.com/98587d39-516c-4f13-a1c7-1d04078d770c_cx16_cy2_cw78_w1600_r1_n_s.jpg","is_clip":false,"is_youtube_embed":false,"item_type":"photo","item_type_label":"Photo","language_label":"Espa\u00f1ol","media_credit":"Redacci\u00f3n Mart\u00ed Noticias","micro_label":"Photo","micro_label_kind":"gallery","network_label":"Mart\u00ed Noticias","network_logo_url":"/static/uploads/direct_network_logos/ocb_0888427dcb1d.svg","published_at":"2026-08-24T18:26:33","published_at_display":"24 Aug 2026, 18:26 GMT","sequence_badge_label":null,"sequence_count":null,"sequence_count_label":null,"sequence_frames":[],"sequence_kind":null,"source_name":"radiotelevisionmarti_com_rss","source_name_label":"Mart\u00ed Noticias RSS","source_type":"rss","summary":"La llamada la \"Operaci\u00f3n Paria Econ\u00f3mica\" incluye una amplia campa\u00f1a de sanciones dirigida a los v\u00ednculos financieros y comerciales globales de Ir\u00e1n, en lo que la administraci\u00f3n Trump ha denominado el \"D\u00eda D econ\u00f3mico\".","title":"D\u00eda D econ\u00f3mico: Washington corta todas las v\u00edas de financiaci\u00f3n de Ir\u00e1n","topic":null,"translation_language":"","url":"https://www.martinoticias.com/a/d%c3%ada-d-econ%c3%b3mico-washington-corta-todas-las-v%c3%adas-de-financiaci%c3%b3n-de-ir%c3%a1n/476158.html","video_url":null,"youtube_conversion_active":false,"youtube_conversion_error":"","youtube_conversion_status":""},{"article_body_paragraphs":[],"audio_source_url":null,"author":"Ariane Gonz\u00e1lez","available_dubs":[],"downloadable_assets":["https://gdb.martinoticias.com/0a620000-0aff-0242-dfa0-08da427a38a2_cx0_cy13_cw0_w1600_r1_n_s.jpeg"],"duration_display":"0:00","duration_seconds":null,"embed_url":null,"id":8457,"image_caption":null,"image_url":"https://gdb.martinoticias.com/0a620000-0aff-0242-dfa0-08da427a38a2_cx0_cy13_cw0_w1600_r1_n_s.jpeg","is_clip":false,"is_youtube_embed":false,"item_type":"photo","item_type_label":"Photo","language_label":"Espa\u00f1ol","media_credit":"Ariane Gonz\u00e1lez","micro_label":"Photo","micro_label_kind":"gallery","network_label":"Mart\u00ed Noticias","network_logo_url":"/static/uploads/direct_network_logos/ocb_0888427dcb1d.svg","published_at":"2026-08-24T17:38:03","published_at_display":"24 Aug 2026, 17:38 GMT","sequence_badge_label":null,"sequence_count":null,"sequence_count_label":null,"sequence_frames":[],"sequence_kind":null,"source_name":"radiotelevisionmarti_com_rss","source_name_label":"Mart\u00ed Noticias RSS","source_type":"rss","summary":"El preso pol\u00edtico del 11J \u00c1ngel Jes\u00fas V\u00e9liz Marcano cumple este lunes 32 a\u00f1os recluido en la prisi\u00f3n Kilo 9, en Camag\u00fcey. Es el sexto cumplea\u00f1os consecutivo que pasa encarcelado por participar en las protestas antigubernamentales del 11 de julio de 2021. \u201cHoy, 24 de agosto, mi hijo cumple 32 a\u00f1os, 32 a\u00f1os de vida, por lo que doy infinitas gracias a Dios\u201d, dijo a Mart\u00ed Noticias su madre, Ail\u00e9x Marcano Fabelo. La fecha vuelve a estar marcada por la separaci\u00f3n y la imposibilidad de celebrarla junto a \u00e9l. \u201cEs su sexto cumplea\u00f1os en prisi\u00f3n, en una mazmorra de la dictadura en Cuba\u201d, lament\u00f3. V\u00e9liz Marcano fue detenido el 18 de julio de 2021, una semana despu\u00e9s de participar en las manifestaciones del 11J en Camag\u00fcey. Fue condenado a seis a\u00f1os de privaci\u00f3n de libertad por los delitos de atentado y des\u00f3rdenes p\u00fablicos. Seg\u00fan su madre, faltan aproximadamente nueve meses para que venza la sentencia. Marcano, sin embargo, rechaza que su hijo deba permanecer encarcelado hasta esa fecha, pues sostiene que fue condenado por ejercer derechos fundamentales. \u201cEst\u00e1 a solo nueve meses de que venza esa injusta condena. No digo de cumplirla, porque \u00e9l no le debe nada a la dictadura\u201d, afirm\u00f3. \u201c\u00c9l ejerci\u00f3 el derecho que tiene todo hombre a expresar con su voz sus deseos de libertad, de progreso y de vivir en una tierra con dignidad\u201d, agreg\u00f3. Marcano dijo que conserva la esperanza de volver a abrazar a su hijo y celebrar junto a \u00e9l sus pr\u00f3ximos cumplea\u00f1os. \u201cCreemos tanto en Dios que sabemos que \u00c1ngel Jes\u00fas va a ser libre muy pronto\u201d, expres\u00f3. \u201cLe pido a Dios que mi hijo \u00c1ngel Jes\u00fas pronto est\u00e9 aqu\u00ed y, sobre todo, que le d\u00e9 mucha salud, mucha fuerza y mucho amor en su coraz\u00f3n\u201d, dijo. El senador republicano por Florida Rick Scott afirm\u00f3 recientemente que V\u00e9liz Marcano ha estado encarcelado injustamente durante m\u00e1s de cinco a\u00f1os y denunci\u00f3 que ha sufrido torturas, aislamiento y tratos crueles. Cubalex tambi\u00e9n ha documentado su situaci\u00f3n y denunciado que las autoridades penitenciarias le han negado beneficios como el avance hacia un r\u00e9gimen de menor severidad y la libertad condicional por razones pol\u00edticas. El Observatorio de Libertad Acad\u00e9mica y otras organizaciones defensoras de los derechos humanos han solicitado la intervenci\u00f3n de actores internacionales y su liberaci\u00f3n. Prisoners Defenders lo incluye en su registro de presos pol\u00edticos. En julio, la Comisi\u00f3n Interamericana de Derechos Humanos otorg\u00f3 medidas cautelares a favor de V\u00e9liz Marcano y del tambi\u00e9n preso pol\u00edtico Yasmany Porra P\u00e9rez, al considerar que sus vidas, integridad personal y salud enfrentan un riesgo de da\u00f1o irreparable. La CIDH solicit\u00f3 al Estado cubano garantizar condiciones adecuadas de reclusi\u00f3n, evaluaciones m\u00e9dicas integrales, atenci\u00f3n especializada, alimentos de calidad y acceso a agua potable.","title":"\u00c1ngel Jes\u00fas V\u00e9liz cumple 32 a\u00f1os en prisi\u00f3n: su madre mantiene la esperanza de volver a abrazarlo","topic":null,"translation_language":"","url":"https://www.martinoticias.com/a/%c3%a1ngel-jes%c3%bas-v%c3%a9liz-cumple-32-a%c3%b1os-en-prisi%c3%b3n-su-madre-mantiene-la-esperanza-de-volver-a-abrazarlo/476152.html","video_url":null,"youtube_conversion_active":false,"youtube_conversion_error":"","youtube_conversion_status":""},{"article_body_paragraphs":[],"audio_source_url":null,"author":"Yaima Pardo","available_dubs":[],"downloadable_assets":["https://gdb.martinoticias.com/1f0c7d0b-78d9-4453-03ee-08decd63a0c8_w1600_r1_n_s.png"],"duration_display":"0:00","duration_seconds":null,"embed_url":null,"id":8458,"image_caption":null,"image_url":"https://gdb.martinoticias.com/1f0c7d0b-78d9-4453-03ee-08decd63a0c8_w1600_r1_n_s.png","is_clip":false,"is_youtube_embed":false,"item_type":"photo","item_type_label":"Photo","language_label":"Espa\u00f1ol","media_credit":"Yaima Pardo","micro_label":"Photo","micro_label_kind":"gallery","network_label":"Mart\u00ed Noticias","network_logo_url":"/static/uploads/direct_network_logos/ocb_0888427dcb1d.svg","published_at":"2026-08-24T17:26:14","published_at_display":"24 Aug 2026, 17:26 GMT","sequence_badge_label":null,"sequence_count":null,"sequence_count_label":null,"sequence_frames":[],"sequence_kind":null,"source_name":"radiotelevisionmarti_com_rss","source_name_label":"Mart\u00ed Noticias RSS","source_type":"rss","summary":"Una protesta sacudi\u00f3 este domingo, 23 de agosto, el barrio de Jaimanitas, en La Habana, despu\u00e9s de que los vecinos de la localidad permanecieran alrededor de 28 horas sin electricidad. El episodio vuelve a poner el foco sobre la creciente tensi\u00f3n entre los ciudadanos y las autoridades en medio de la crisis de servicios b\u00e1sicos que vive Cuba. Una vecina de la localidad, que pidi\u00f3 mantener su identidad en el anonimato, confirm\u00f3 lo sucedido a Mart\u00ed Noticias. La mujer denunci\u00f3 que algunos sectores de Jaimanitas permanecen sin electricidad durante largos per\u00edodos, mientras otros, afirma, mantienen el servicio de manera continua. \u201cMientras en dos partes de Jaimanitas, Mayanima y la calle detr\u00e1s del policl\u00ednico que lleva a Punto Cero, nunca la apagan, encendidos 24x24, se me han echado a perder los pocos alimentos que tengo y el pueblo est\u00e1 pidiendo igualdad, porque Jaimanitas es una sola\u201d, denunci\u00f3 la vecina. Punto Cero es el nombre del complejo residencial ubicado al sur de Jaimanitas, en el municipio Playa, que durante d\u00e9cadas funcion\u00f3 como residencia principal de Fidel Castro y estuvo rodeado de fuertes medidas de seguridad. Durante la protesta, ocurrida en la zona de la 5.\u00aa Avenida y la calle 232, un veh\u00edculo arremeti\u00f3 contra los manifestantes, se observa en videos compartidos en redes sociales. La vecina tambi\u00e9n se\u00f1al\u00f3 a un hombre con pul\u00f3ver amarillo y a una mujer que aparece junto a un militar, a quienes responsabiliz\u00f3 de haber ordenado el avance del veh\u00edculo. El periodista independiente Rolando Cartaya, investigador principal del Observatorio Cubano de Conflictos (OCC) y director de proyectos de la Fundaci\u00f3n para los Derechos Humanos en Cuba, dijo a Mart\u00ed Noticias que estos episodios no son nuevos y que forman parte de un patr\u00f3n de intimidaci\u00f3n contra manifestantes y opositores. \u201cEstos atentados contra manifestantes ech\u00e1ndoles encima un carro no son nuevos. Yo recuerdo esto desde los a\u00f1os 90 contra algunos opositores y periodistas independientes, pero, adem\u00e1s, el 29 de julio ocurri\u00f3 en Lawton durante un cacerolazo all\u00ed. Y ah\u00ed s\u00ed lastimaron a una mujer\u201d. Cartaya considera que el aumento del descontento estar\u00eda llevando a las autoridades a utilizar m\u00e9todos de intimidaci\u00f3n cada vez m\u00e1s severos. \u201cEn la medida en que se van viendo m\u00e1s desesperados, est\u00e1n recurriendo a t\u00e9cnicas represivas de intimidaci\u00f3n cada vez m\u00e1s severas\u201d, dijo. Otras protestas durante el fin de semana El s\u00e1bado, vecinos de un edificio ubicado en la calle Villegas, entre Teniente Rey y Muralla, en La Habana Vieja, cerraron la v\u00eda en protesta por las reiteradas interrupciones del servicio el\u00e9ctrico y exigieron respuestas por parte de las autoridades. Seg\u00fan testimonios e im\u00e1genes recibidas por la plataforma independiente CubaNet, la protesta ocurri\u00f3 en Villegas 409. Los residentes bloquearon el paso de veh\u00edculos despu\u00e9s de sufrir repetidas fallas el\u00e9ctricas que generaron se incendiaran los interruptores del edificio. Ese mismo s\u00e1bado, residentes de Cienfuegos protagonizaron otra protesta frente a la sede del Gobierno Provincial, tambi\u00e9n motivada por los prolongados apagones y el deterioro de las condiciones de vida, situaciones que contin\u00faan generando reclamos p\u00fablicos en distintos puntos de la isla.","title":"Aumenta tensi\u00f3n entre autoridades y ciudadanos en Cuba en medio de protestas por los apagones (VIDEO)","topic":null,"translation_language":"","url":"https://www.martinoticias.com/a/aumenta-tensi%c3%b3n-entre-autoridades-y-ciudadanos-en-cuba-en-medio-de-protestas-por-los-apagones-video/476149.html","video_url":null,"youtube_conversion_active":false,"youtube_conversion_error":"","youtube_conversion_status":""},{"article_body_paragraphs":[],"audio_source_url":null,"author":"Rolando N\u00e1poles","available_dubs":[],"downloadable_assets":["https://gdb.martinoticias.com/17864bf6-d42b-4874-cfbe-08decd5b38e4_cx0_cy4_cw0_w1600_r1_n_s.jpg"],"duration_display":"0:00","duration_seconds":null,"embed_url":null,"id":8459,"image_caption":null,"image_url":"https://gdb.martinoticias.com/17864bf6-d42b-4874-cfbe-08decd5b38e4_cx0_cy4_cw0_w1600_r1_n_s.jpg","is_clip":false,"is_youtube_embed":false,"item_type":"photo","item_type_label":"Photo","language_label":"Espa\u00f1ol","media_credit":"Rolando N\u00e1poles","micro_label":"Photo","micro_label_kind":"gallery","network_label":"Mart\u00ed Noticias","network_logo_url":"/static/uploads/direct_network_logos/ocb_0888427dcb1d.svg","published_at":"2026-08-24T17:18:31","published_at_display":"24 Aug 2026, 17:18 GMT","sequence_badge_label":null,"sequence_count":null,"sequence_count_label":null,"sequence_frames":[],"sequence_kind":null,"source_name":"radiotelevisionmarti_com_rss","source_name_label":"Mart\u00ed Noticias RSS","source_type":"rss","summary":"El desplome del turismo en Cuba est\u00e1 afectando gravemente a trabajadores del sector que denuncian dificultades para mantener a sus familias.","title":"Desplome del turismo deja a m\u00e1s cubanos sin empleo","topic":null,"translation_language":"","url":"https://www.martinoticias.com/a/desplome-del-turismo-en-cuba-deja-a-m%c3%a1s-cubanos-sin-empleo/476148.html","video_url":null,"youtube_conversion_active":false,"youtube_conversion_error":"","youtube_conversion_status":""},{"article_body_paragraphs":[],"audio_source_url":null,"author":"Redacci\u00f3n Mart\u00ed Noticias","available_dubs":[],"downloadable_assets":["https://gdb.martinoticias.com/0936251e-d9d1-477e-7d43-08debb5a54fb_cx0_cy9_cw0_w1600_r1_n_s.jpg"],"duration_display":"0:00","duration_seconds":null,"embed_url":null,"id":8435,"image_caption":null,"image_url":"https://gdb.martinoticias.com/0936251e-d9d1-477e-7d43-08debb5a54fb_cx0_cy9_cw0_w1600_r1_n_s.jpg","is_clip":false,"is_youtube_embed":false,"item_type":"photo","item_type_label":"Photo","language_label":"Espa\u00f1ol","media_credit":"Redacci\u00f3n Mart\u00ed Noticias","micro_label":"Photo","micro_label_kind":"gallery","network_label":"Mart\u00ed Noticias","network_logo_url":"/static/uploads/direct_network_logos/ocb_0888427dcb1d.svg","published_at":"2026-08-24T16:39:40","published_at_display":"24 Aug 2026, 16:39 GMT","sequence_badge_label":null,"sequence_count":null,"sequence_count_label":null,"sequence_frames":[],"sequence_kind":null,"source_name":"radiotelevisionmarti_com_rss","source_name_label":"Mart\u00ed Noticias RSS","source_type":"rss","summary":"La Habana lleva m\u00e1s de un d\u00eda y medio a oscuras debido a un d\u00e9ficit en la generaci\u00f3n energ\u00e9tica que afecta 167 circuitos de distribuci\u00f3n diferentes. En una actualizaci\u00f3n reportada a las seis y media de la ma\u00f1ana de este lunes, los tres circuitos m\u00e1s afectados son el 1241 y el L317, del municipio Playa, y el 2076, de La Lisa, con 37 horas y un minuto sin electricidad. El circuito 1245, de Marianao, sumaba 36 horas y 59 minutos en apag\u00f3n, mientras que el 1160, de Playa, llevaba 36 horas y 42 minutos. Tambi\u00e9n sobre las 36 horas sin luz se encuentran los circuitos C8, en El Cerro, el A490, de San Miguel del Padr\u00f3n, y el PZ15, de Plaza de la Revoluci\u00f3n. El circuito A1380, que abarca \u00e1reas de San Miguel del Padr\u00f3n, Cotorro y Guanabacoa, la afectaci\u00f3n pasa de las 35 horas, mientras que el P314, en Centro Habana, llevaba 34 horas y 39 minutos en apag\u00f3n. El circuito GC11 de Guanabacoa reportaba afectaciones de 34 horas y 33 minutos, mientras que el 1243 (Playa), D1125, PG920 y PG930, todos de Arroyo Naranjo, sumaban 34 horas y 22 minutos. Las redes A1203 (Playa), A928 (Boyeros), y D1290, VC100 y A170, en Arroyo Naranjo, promediaban entre las 33 y las 28 horas sin servicio el\u00e9ctrico. Seg\u00fan la Uni\u00f3n El\u00e9ctrica (UNE), podr\u00eda haber afectaciones superiores a estos tiempos informados, a causa de aver\u00edas u otras incidencias no relacionadas con el d\u00e9ficit de generaci\u00f3n. El r\u00e9gimen ha reconocido que la situaci\u00f3n del Sistema Electroenerg\u00e9tico Nacional (SEN) es \u201ccr\u00edtica\u201d. Los apagones superan las 30 horas en seguidas en la mayor parte del pa\u00eds, en medio de una crisis que abarca todos los sectores de la econom\u00eda. Este lunes la estatal Uni\u00f3n El\u00e9ctrica (UNE) prev\u00e9 que en el horario pico, el de mayor consumo, deje a oscuras al 63 % de la poblaci\u00f3n.","title":"La Habana est\u00e1 a oscuras desde hace m\u00e1s de un d\u00eda y medio","topic":null,"translation_language":"","url":"https://www.martinoticias.com/a/476146.html","video_url":null,"youtube_conversion_active":false,"youtube_conversion_error":"","youtube_conversion_status":""},{"article_body_paragraphs":[],"audio_source_url":null,"author":"Ariane Gonz\u00e1lez","available_dubs":[],"downloadable_assets":["https://gdb.martinoticias.com/6965c28c-83d1-4878-7c69-08def2b1c8fe_w1600_r1_n_s.png"],"duration_display":"0:00","duration_seconds":null,"embed_url":null,"id":8436,"image_caption":null,"image_url":"https://gdb.martinoticias.com/6965c28c-83d1-4878-7c69-08def2b1c8fe_w1600_r1_n_s.png","is_clip":false,"is_youtube_embed":false,"item_type":"photo","item_type_label":"Photo","language_label":"Espa\u00f1ol","media_credit":"Ariane Gonz\u00e1lez","micro_label":"Photo","micro_label_kind":"gallery","network_label":"Mart\u00ed Noticias","network_logo_url":"/static/uploads/direct_network_logos/ocb_0888427dcb1d.svg","published_at":"2026-08-24T16:09:41","published_at_display":"24 Aug 2026, 16:09 GMT","sequence_badge_label":null,"sequence_count":null,"sequence_count_label":null,"sequence_frames":[],"sequence_kind":null,"source_name":"radiotelevisionmarti_com_rss","source_name_label":"Mart\u00ed Noticias RSS","source_type":"rss","summary":"El asesinato de la doctora Yanelkys Alonso Vald\u00e9s en G\u00fcines, presuntamente a manos de su expareja, elev\u00f3 a 47 los feminicidios documentados en 2026 por el Observatorio de G\u00e9nero de Alas Tensas, en un contexto marcado por el aumento de la violencia de g\u00e9nero en Cuba.","title":"Feminicidio 47 en Cuba: OGAT advierte que la violencia alcanza a familias enteras","topic":null,"translation_language":"","url":"https://www.martinoticias.com/a/feminicidio-47-en-cuba-ogat-advierte-que-la-violencia-alcanza-a-familias-enteras/476140.html","video_url":null,"youtube_conversion_active":false,"youtube_conversion_error":"","youtube_conversion_status":""},{"article_body_paragraphs":[],"audio_source_url":null,"author":"Jorge Morej\u00f3n","available_dubs":[],"downloadable_assets":["https://gdb.martinoticias.com/658c42d7-d681-4d3f-9dac-eac6ab03baed_cx0_cy7_cw0_w1600_r1_n_s.jpg"],"duration_display":"0:00","duration_seconds":null,"embed_url":null,"id":8402,"image_caption":null,"image_url":"https://gdb.martinoticias.com/658c42d7-d681-4d3f-9dac-eac6ab03baed_cx0_cy7_cw0_w1600_r1_n_s.jpg","is_clip":false,"is_youtube_embed":false,"item_type":"photo","item_type_label":"Photo","language_label":"Espa\u00f1ol","media_credit":"Jorge Morej\u00f3n","micro_label":"Photo","micro_label_kind":"gallery","network_label":"Mart\u00ed Noticias","network_logo_url":"/static/uploads/direct_network_logos/ocb_0888427dcb1d.svg","published_at":"2026-08-24T15:29:40","published_at_display":"24 Aug 2026, 15:29 GMT","sequence_badge_label":null,"sequence_count":null,"sequence_count_label":null,"sequence_frames":[],"sequence_kind":null,"source_name":"radiotelevisionmarti_com_rss","source_name_label":"Mart\u00ed Noticias RSS","source_type":"rss","summary":"El habanero Miguel Vargas volvi\u00f3 a tener una semana brutal y por segunda ocasi\u00f3n consecutiva result\u00f3 el cubano m\u00e1s destacado en las Grandes Ligas.","title":"Miguel Vargas repite como el Cubano de la Semana en Grandes Ligas","topic":null,"translation_language":"","url":"https://www.martinoticias.com/a/miguel-vargas-repite-como-el-cubano-de-la-semana-en-grandes-ligas/476136.html","video_url":null,"youtube_conversion_active":false,"youtube_conversion_error":"","youtube_conversion_status":""},{"article_body_paragraphs":[],"audio_source_url":null,"author":"Redacci\u00f3n Mart\u00ed Noticias","available_dubs":[],"downloadable_assets":["https://gdb.martinoticias.com/01000000-0aff-0242-72e8-08db731ef30c_w1600_r1_n_s.jpg"],"duration_display":"0:00","duration_seconds":null,"embed_url":null,"id":8382,"image_caption":null,"image_url":"https://gdb.martinoticias.com/01000000-0aff-0242-72e8-08db731ef30c_w1600_r1_n_s.jpg","is_clip":false,"is_youtube_embed":false,"item_type":"photo","item_type_label":"Photo","language_label":"Espa\u00f1ol","media_credit":"Redacci\u00f3n Mart\u00ed Noticias","micro_label":"Photo","micro_label_kind":"gallery","network_label":"Mart\u00ed Noticias","network_logo_url":"/static/uploads/direct_network_logos/ocb_0888427dcb1d.svg","published_at":"2026-08-24T14:59:15","published_at_display":"24 Aug 2026, 14:59 GMT","sequence_badge_label":null,"sequence_count":null,"sequence_count_label":null,"sequence_frames":[],"sequence_kind":null,"source_name":"radiotelevisionmarti_com_rss","source_name_label":"Mart\u00ed Noticias RSS","source_type":"rss","summary":"Estados Unidos intensific\u00f3 sus advertencias sobre los riesgos de seguridad asociados al uso de tecnolog\u00edas de empresas chinas como Huawei y ZTE en Am\u00e9rica Latina y el Caribe, se\u00f1alando posibles v\u00ednculos con labores de espionaje e inteligencia de Beijing.","title":"EEUU alerta a pa\u00edses de la regi\u00f3n sobre uso de tecnolog\u00eda china ante riesgo de espionaje","topic":null,"translation_language":"","url":"https://www.martinoticias.com/a/eeuu-alerta-a-pa%c3%adses-de-la-regi%c3%b3n-sobre-uso-de-tecnolog%c3%ada-china-ante-riesgo-de-espionaje/476134.html","video_url":null,"youtube_conversion_active":false,"youtube_conversion_error":"","youtube_conversion_status":""},{"article_body_paragraphs":[],"audio_source_url":null,"author":"Mario J. Pent\u00f3n","available_dubs":[],"downloadable_assets":["https://gdb.martinoticias.com/3606aad4-e266-4400-68da-08def2ff2efe_cx0_cy43_cw0_w1600_r1_n_s.jpg"],"duration_display":"0:00","duration_seconds":null,"embed_url":null,"id":8329,"image_caption":null,"image_url":"https://gdb.martinoticias.com/3606aad4-e266-4400-68da-08def2ff2efe_cx0_cy43_cw0_w1600_r1_n_s.jpg","is_clip":false,"is_youtube_embed":false,"item_type":"photo","item_type_label":"Photo","language_label":"Espa\u00f1ol","media_credit":"Mario J. Pent\u00f3n","micro_label":"Photo","micro_label_kind":"gallery","network_label":"Mart\u00ed Noticias","network_logo_url":"/static/uploads/direct_network_logos/ocb_0888427dcb1d.svg","published_at":"2026-08-24T12:35:35","published_at_display":"24 Aug 2026, 12:35 GMT","sequence_badge_label":null,"sequence_count":null,"sequence_count_label":null,"sequence_frames":[],"sequence_kind":null,"source_name":"radiotelevisionmarti_com_rss","source_name_label":"Mart\u00ed Noticias RSS","source_type":"rss","summary":"Informaci\u00f3n clasificada se\u00f1ala a Sen\u00e9n Casas M\u00e1s como operador vinculado al entorno de Alejandro Castro Esp\u00edn y conectado con estructuras de inteligencia y propaganda del r\u00e9gimen cubano.","title":"Sen\u00e9n Casas M\u00e1s, el escudero diplom\u00e1tico de Alejandro Castro Esp\u00edn con decenas de misiones secretas","topic":null,"translation_language":"","url":"https://www.martinoticias.com/a/sen%c3%a9n-casas-m%c3%a1s-escudero-diplom%c3%a1tico-de-alejandro-castro-esp%c3%adn-con-decenas-de-misiones-secretas/476092.html","video_url":null,"youtube_conversion_active":false,"youtube_conversion_error":"","youtube_conversion_status":""},{"article_body_paragraphs":[],"audio_source_url":null,"author":"Yolanda Huerga","available_dubs":[],"downloadable_assets":["https://gdb.martinoticias.com/ddeb7c83-8258-4d2e-6386-08de3c08cd61_w1600_r1_n_s.jpg"],"duration_display":"0:00","duration_seconds":null,"embed_url":null,"id":8313,"image_caption":null,"image_url":"https://gdb.martinoticias.com/ddeb7c83-8258-4d2e-6386-08de3c08cd61_w1600_r1_n_s.jpg","is_clip":false,"is_youtube_embed":false,"item_type":"photo","item_type_label":"Photo","language_label":"Espa\u00f1ol","media_credit":"Yolanda Huerga","micro_label":"Photo","micro_label_kind":"gallery","network_label":"Mart\u00ed Noticias","network_logo_url":"/static/uploads/direct_network_logos/ocb_0888427dcb1d.svg","published_at":"2026-08-24T11:50:30","published_at_display":"24 Aug 2026, 11:50 GMT","sequence_badge_label":null,"sequence_count":null,"sequence_count_label":null,"sequence_frames":[],"sequence_kind":null,"source_name":"radiotelevisionmarti_com_rss","source_name_label":"Mart\u00ed Noticias RSS","source_type":"rss","summary":"Sin asistencia m\u00e9dica profesional dentro del recinto y con un historial de padecimientos pulmonares agravados tras ser recluido en celdas de castigo, sus familiares exigen su inmediata liberaci\u00f3n y atenci\u00f3n m\u00e9dica especializada.","title":"Familiares denuncian grave deterioro de salud de Roberto P\u00e9rez Fonseca en la c\u00e1rcel de Quivic\u00e1n","topic":null,"translation_language":"","url":"https://www.martinoticias.com/a/familiares-denuncian-grave-deterioro-de-salud-de-roberto-p%c3%a9rez-fonseca-en-la-c%c3%a1rcel-de-quivic%c3%a1n/476093.html","video_url":null,"youtube_conversion_active":false,"youtube_conversion_error":"","youtube_conversion_status":""},{"article_body_paragraphs":[],"audio_source_url":null,"author":"Jorge Morej\u00f3n","available_dubs":[],"downloadable_assets":["https://gdb.martinoticias.com/e28039e2-bb11-4221-a8bc-70468bc577f4_cx0_cy6_cw0_w1600_r1_n_s.jpg"],"duration_display":"0:00","duration_seconds":null,"embed_url":null,"id":8214,"image_caption":null,"image_url":"https://gdb.martinoticias.com/e28039e2-bb11-4221-a8bc-70468bc577f4_cx0_cy6_cw0_w1600_r1_n_s.jpg","is_clip":false,"is_youtube_embed":false,"item_type":"photo","item_type_label":"Photo","language_label":"Espa\u00f1ol","media_credit":"Jorge Morej\u00f3n","micro_label":"Photo","micro_label_kind":"gallery","network_label":"Mart\u00ed Noticias","network_logo_url":"/static/uploads/direct_network_logos/ocb_0888427dcb1d.svg","published_at":"2026-08-24T00:05:11","published_at_display":"24 Aug 2026, 00:05 GMT","sequence_badge_label":null,"sequence_count":null,"sequence_count_label":null,"sequence_frames":[],"sequence_kind":null,"source_name":"radiotelevisionmarti_com_rss","source_name_label":"Mart\u00ed Noticias RSS","source_type":"rss","summary":"El estadounidense Kyle Kirkwood gan\u00f3 el Gran Premio Freedom 250 de la serie IndyCar, que por primera vez en la historia disput\u00f3 una carrera en Washington DC y que tuvo un gran simbolismo patri\u00f3tico. Delante del presidente Donald Trump, quien dio el banderazo inicial de salida, Kirkwood cruz\u00f3 la meta con 3,09 segundos de ventaja por delante del dan\u00e9s Christian Lungaard, tras liderar 128 de las 147 vueltas al circuito de 1.7 millas por la avenida Pennsylvania y otras rutas alrededor del National Mall, con la Casa Blanca, el Capitolio Federal y el Monumento a Washington como tel\u00f3n de fondo. \"Es imposible describirlo con palabras; esto es incre\u00edble\", dijo Kirkwood tras su victoria. \"Estoy a punto de llorar. Este es un momento trascendental para nosotros, un momento trascendental para Estados Unidos con la celebraci\u00f3n de los 250\". \"Me parece justo que haya ganado un estadounidense, \u00bfno?\", declar\u00f3 Lungaard, quien reconoci\u00f3 que se esforz\u00f3 todo lo que pudo por vencer a Kirkwood. Will Power y Marcus Ericsson, compa\u00f1eros de Kirkwood en el equipo Andretti Global, terminaron tercero y cuarto. Con este triunfo, el estadounidense se reafirm\u00f3 en el segundo lugar de la clasificaci\u00f3n general, despu\u00e9s de 17 pruebas, con 462 puntos, detr\u00e1s del espa\u00f1ol Alex Palou, l\u00edder con 553. Palou tuvo la posibilidad de coronarse campe\u00f3n en la temporada, a falta de tres carreras, pero qued\u00f3 en el vig\u00e9simo lugar, en su segunda peor actuaci\u00f3n del a\u00f1o. El circuito de Washington DC, incluido como parte de las celebraciones por el aniversario 250 de la independencia de Estados Unidos, fue la decimos\u00e9ptima competencia de la serie, que cuenta con 20 carreras. La temporada comenz\u00f3 el 1 de marzo con el Gran Premio Firestone, en St. Petersburg, en la Florida, y concluir\u00e1 el 6 de septiembre en el aut\u00f3dromo de Laguna Seca, California. Con el Grand Prix Freedom 250 terminan las celebraciones oficiales en Washington por el aniversario 250 de la independencia de Estados Unidos.","title":"Kyle Kirkwood gana el Grand Prix Freedom 250 en Washington DC","topic":null,"translation_language":"","url":"https://www.martinoticias.com/a/476091.html","video_url":null,"youtube_conversion_active":false,"youtube_conversion_error":"","youtube_conversion_status":""},{"article_body_paragraphs":[],"audio_source_url":null,"author":"Yolanda Huerga","available_dubs":[],"downloadable_assets":["https://gdb.martinoticias.com/5ecfda13-79d7-498a-cf4a-08decd5b38e4_w1600_r1_n_s.jpg"],"duration_display":"0:00","duration_seconds":null,"embed_url":null,"id":8169,"image_caption":null,"image_url":"https://gdb.martinoticias.com/5ecfda13-79d7-498a-cf4a-08decd5b38e4_w1600_r1_n_s.jpg","is_clip":false,"is_youtube_embed":false,"item_type":"photo","item_type_label":"Photo","language_label":"Espa\u00f1ol","media_credit":"Yolanda Huerga","micro_label":"Photo","micro_label_kind":"gallery","network_label":"Mart\u00ed Noticias","network_logo_url":"/static/uploads/direct_network_logos/ocb_0888427dcb1d.svg","published_at":"2026-08-23T18:57:04","published_at_display":"23 Aug 2026, 18:57 GMT","sequence_badge_label":null,"sequence_count":null,"sequence_count_label":null,"sequence_frames":[],"sequence_kind":null,"source_name":"radiotelevisionmarti_com_rss","source_name_label":"Mart\u00ed Noticias RSS","source_type":"rss","summary":"Una nueva aver\u00eda en la Cuenca Sur agudiz\u00f3 la crisis de agua en La Habana y oblig\u00f3 a la poblaci\u00f3n a buscar alternativas en medio de intensos calores y apagones.","title":"Aver\u00eda en conductora principal en La Habana agrava la crisis de abasto de agua","topic":null,"translation_language":"","url":"https://www.martinoticias.com/a/aver%c3%ada-en-conductora-principal-en-la-habana-agrava-la-crisis-de-abasto-de-agua/476090.html","video_url":null,"youtube_conversion_active":false,"youtube_conversion_error":"","youtube_conversion_status":""}],"next_num":10,"page":9,"pages":25,"per_page":20,"prev_num":8,"total":487}
