{"applied_filters":{"end_date":"","lang":"","language":"","network":"OCB","page":1,"per_page":20,"search":"","source":"","start_date":"","topic":"","type":"photo"},"available_filters":{"language_choices":[{"label":"Choose Language","value":""},{"label":"English","value":"English"},{"label":"Espa\u00f1ol","value":"Espa\u00f1ol"}],"network_choices":[{"label":"All networks","value":""},{"label":"OCB","value":"OCB"}],"source_choices":[{"label":"All sources","value":""},{"label":"Radiotelevisionmarti","value":"radiotelevisionmarti_com_rss"}],"sources":["radiotelevisionmarti_com_rss"],"topics":[],"types":[["","All types"],["article","Articles"],["audio","Audio"],["video","Videos"],["clips","Clips"],["media","Media"]]},"has_next":true,"has_prev":false,"items":[{"article_body_paragraphs":[],"audio_source_url":null,"author":"Redacci\u00f3n Mart\u00ed Noticias","available_dubs":[],"downloadable_assets":["https://gdb.martinoticias.com/61D72EFF-5ECD-43BA-9B92-9BB2233483EB_cx0_cy9_cw0_w1600_r1_n_s.jpg"],"duration_display":"0:00","duration_seconds":null,"embed_url":null,"id":14775,"image_caption":"ARCHIVO. Los gobernantes de Nicaragua, Daniel Ortega; de Venezuela, Nicol\u00e1s Maduro; de Bolivia, Evo Morales; y de Cuba, Ra\u00fal Castro, en la XIII Cumbre de la Alianza Bolivariana para los Pueblos de Nuestra Am\u00e9rica (ALBA) en La Habana, el 14 de diciembre de 2014.","image_url":"https://gdb.martinoticias.com/61D72EFF-5ECD-43BA-9B92-9BB2233483EB_cx0_cy9_cw0_w1600_r1_n_s.jpg","is_clip":false,"is_youtube_embed":false,"item_type":"photo","item_type_label":"Photo","language_label":"Espa\u00f1ol","media_credit":"Redacci\u00f3n Mart\u00ed Noticias","micro_label":"Photo","micro_label_kind":"gallery","network_label":"OCB","network_logo_url":"/static/uploads/direct_network_logos/ocb_0888427dcb1d.svg","published_at":"2026-09-03T22:32:01","published_at_display":"3 Sep 2026, 22:32 GMT","sequence_badge_label":null,"sequence_count":null,"sequence_count_label":null,"sequence_frames":[],"sequence_kind":null,"source_name":"radiotelevisionmarti_com_rss","source_name_label":"Radiotelevisionmarti","source_type":"rss","summary":"ARCHIVO. Los gobernantes de Nicaragua, Daniel Ortega; de Venezuela, Nicol\u00e1s Maduro; de Bolivia, Evo Morales; y de Cuba, Ra\u00fal Castro, en la XIII Cumbre de la Alianza Bolivariana para los Pueblos de Nuestra Am\u00e9rica (ALBA) en La Habana, el 14 de diciembre de 2014.","title":"\"La peor tentaci\u00f3n pol\u00edtica de nuestro hemisferio ha sido el socialismo\", denuncia subsecretaria de Estado","topic":null,"translation_language":"","url":"https://www.martinoticias.com/a/la-peor-tentaci%c3%b3n-pol%c3%adtica-de-nuestro-hemisferio-ha-sido-el-socialismo-denuncia-subsecretaria-de-estado/476918.html","video_url":null,"youtube_conversion_active":false,"youtube_conversion_error":"","youtube_conversion_status":""},{"article_body_paragraphs":[],"audio_source_url":null,"author":"Jorge Morej\u00f3n","available_dubs":[],"downloadable_assets":["https://gdb.martinoticias.com/01000000-0a00-0242-0f55-08dc01628393_w1600_r1_n_s.jpg"],"duration_display":"0:00","duration_seconds":null,"embed_url":null,"id":14723,"image_caption":"El peso completo cubano Frank S\u00e1nchez buscar\u00e1 la corona mundial de la FIB ante el criata Filip Hrgovic en fecha por determinarse.","image_url":"https://gdb.martinoticias.com/01000000-0a00-0242-0f55-08dc01628393_w1600_r1_n_s.jpg","is_clip":false,"is_youtube_embed":false,"item_type":"photo","item_type_label":"Photo","language_label":"Espa\u00f1ol","media_credit":"Jorge Morej\u00f3n","micro_label":"Photo","micro_label_kind":"gallery","network_label":"OCB","network_logo_url":"/static/uploads/direct_network_logos/ocb_0888427dcb1d.svg","published_at":"2026-09-03T20:41:01","published_at_display":"3 Sep 2026, 20:41 GMT","sequence_badge_label":null,"sequence_count":null,"sequence_count_label":null,"sequence_frames":[],"sequence_kind":null,"source_name":"radiotelevisionmarti_com_rss","source_name_label":"Radiotelevisionmarti","source_type":"rss","summary":"El peso completo cubano Frank S\u00e1nchez buscar\u00e1 la corona mundial de la FIB ante el criata Filip Hrgovic en fecha por determinarse.","title":"Frank S\u00e1nchez ya sabe qui\u00e9n ser\u00e1 su pr\u00f3ximo rival; s\u00f3lo le falta la fecha","topic":null,"translation_language":"","url":"https://www.martinoticias.com/a/frank-sanchez-ya-sabe-quien-sere-su-proximo-rival-solo-le-falta-la-fecha/476914.html","video_url":null,"youtube_conversion_active":false,"youtube_conversion_error":"","youtube_conversion_status":""},{"article_body_paragraphs":[],"audio_source_url":null,"author":"Oficina de Pol\u00edticas","available_dubs":[],"downloadable_assets":["https://gdb.martinoticias.com/ee3b09ad-8118-4b11-bc8a-08def2b1d8dc_cx0_cy23_cw0_w1600_r1_n_s.jpg"],"duration_display":"0:00","duration_seconds":null,"embed_url":null,"id":14725,"image_caption":"La recompensa por \"Pel\u00f3n\" es de 25 millones de d\u00f3lares.","image_url":"https://gdb.martinoticias.com/ee3b09ad-8118-4b11-bc8a-08def2b1d8dc_cx0_cy23_cw0_w1600_r1_n_s.jpg","is_clip":false,"is_youtube_embed":false,"item_type":"photo","item_type_label":"Photo","language_label":"Espa\u00f1ol","media_credit":"Oficina de Pol\u00edticas","micro_label":"Photo","micro_label_kind":"gallery","network_label":"OCB","network_logo_url":"/static/uploads/direct_network_logos/ocb_0888427dcb1d.svg","published_at":"2026-09-03T20:18:41","published_at_display":"3 Sep 2026, 20:18 GMT","sequence_badge_label":null,"sequence_count":null,"sequence_count_label":null,"sequence_frames":[],"sequence_kind":null,"source_name":"radiotelevisionmarti_com_rss","source_name_label":"Radiotelevisionmarti","source_type":"rss","summary":"La recompensa por \"Pel\u00f3n\" es de 25 millones de d\u00f3lares.","title":"EEUU ofrece 25 millones de d\u00f3lares por informaci\u00f3n sobre \"Pel\u00f3n\", l\u00edder del CJNG","topic":null,"translation_language":"","url":"https://www.martinoticias.com/a/eeuu-ofrece-25-millones-de-d%c3%b3lares-por-informaci%c3%b3n-sobre-pel%c3%b3n-l%c3%adder-del-cjng/476912.html","video_url":null,"youtube_conversion_active":false,"youtube_conversion_error":"","youtube_conversion_status":""},{"article_body_paragraphs":[],"audio_source_url":null,"author":"Jos\u00e9 Pernalete","available_dubs":[],"downloadable_assets":["https://gdb.martinoticias.com/8c54cfa7-518c-4464-5ab1-08decd6ea425_w1600_r1_n_s.jpg"],"duration_display":"0:00","duration_seconds":null,"embed_url":null,"id":14728,"image_caption":"L\u00edder opositora venezolana Mar\u00eda Corina Machado ofreci\u00f3 un mensaje este jueves sobre el acuerdo petrolero. (REUTERS)","image_url":"https://gdb.martinoticias.com/8c54cfa7-518c-4464-5ab1-08decd6ea425_w1600_r1_n_s.jpg","is_clip":false,"is_youtube_embed":false,"item_type":"photo","item_type_label":"Photo","language_label":"Espa\u00f1ol","media_credit":"Jos\u00e9 Pernalete","micro_label":"Photo","micro_label_kind":"gallery","network_label":"OCB","network_logo_url":"/static/uploads/direct_network_logos/ocb_0888427dcb1d.svg","published_at":"2026-09-03T19:50:34","published_at_display":"3 Sep 2026, 19:50 GMT","sequence_badge_label":null,"sequence_count":null,"sequence_count_label":null,"sequence_frames":[],"sequence_kind":null,"source_name":"radiotelevisionmarti_com_rss","source_name_label":"Radiotelevisionmarti","source_type":"rss","summary":"L\u00edder opositora venezolana Mar\u00eda Corina Machado ofreci\u00f3 un mensaje este jueves sobre el acuerdo petrolero. (REUTERS)","title":"Machado exige transparencia en acuerdo petrolero y lanza advertencia sobre Miraflores (VIDEO)","topic":null,"translation_language":"","url":"https://www.martinoticias.com/a/machado-exige-transparencia-en-acuerdo-petrolero-y-lanza-advertencia-sobre-miraflores-video/476903.html","video_url":null,"youtube_conversion_active":false,"youtube_conversion_error":"","youtube_conversion_status":""},{"article_body_paragraphs":[],"audio_source_url":null,"author":"Yolanda Huerga","available_dubs":[],"downloadable_assets":["https://gdb.martinoticias.com/bdfc1521-e362-4666-b370-4f6c4324b92e_w1600_r1_n_s.jpg"],"duration_display":"0:00","duration_seconds":null,"embed_url":null,"id":14678,"image_caption":"Un empleado atiende a un cliente en una tienda privada de materiales de construcci\u00f3n en La Habana. (Reuters/Alexandre Meneghini/Archivo)","image_url":"https://gdb.martinoticias.com/bdfc1521-e362-4666-b370-4f6c4324b92e_w1600_r1_n_s.jpg","is_clip":false,"is_youtube_embed":false,"item_type":"photo","item_type_label":"Photo","language_label":"Espa\u00f1ol","media_credit":"Yolanda Huerga","micro_label":"Photo","micro_label_kind":"gallery","network_label":"OCB","network_logo_url":"/static/uploads/direct_network_logos/ocb_0888427dcb1d.svg","published_at":"2026-09-03T19:40:33","published_at_display":"3 Sep 2026, 19:40 GMT","sequence_badge_label":null,"sequence_count":null,"sequence_count_label":null,"sequence_frames":[],"sequence_kind":null,"source_name":"radiotelevisionmarti_com_rss","source_name_label":"Radiotelevisionmarti","source_type":"rss","summary":"Un empleado atiende a un cliente en una tienda privada de materiales de construcci\u00f3n en La Habana. (Reuters/Alexandre Meneghini/Archivo)","title":"Cuba autoriza a emigrados a tener empresas privadas, pero expertos dudan de las garant\u00edas para invertir","topic":null,"translation_language":"","url":"https://www.martinoticias.com/a/cuba-autoriza-a-emigrados-a-tener-empresas-privadas-pero-expertos-dudan-de-las-garant%c3%adas-para-invertir/476904.html","video_url":null,"youtube_conversion_active":false,"youtube_conversion_error":"","youtube_conversion_status":""},{"article_body_paragraphs":[],"audio_source_url":null,"author":"Edgardo Pinell Medina","available_dubs":[],"downloadable_assets":["https://gdb.martinoticias.com/6f648729-5088-492b-a05d-2be07a24df63_w1600_r1_n_s.jpg"],"duration_display":"0:00","duration_seconds":null,"embed_url":null,"id":14680,"image_caption":"Rosario Murillo y Daniel Ortega.","image_url":"https://gdb.martinoticias.com/6f648729-5088-492b-a05d-2be07a24df63_w1600_r1_n_s.jpg","is_clip":false,"is_youtube_embed":false,"item_type":"photo","item_type_label":"Photo","language_label":"Espa\u00f1ol","media_credit":"Edgardo Pinell Medina","micro_label":"Photo","micro_label_kind":"gallery","network_label":"OCB","network_logo_url":"/static/uploads/direct_network_logos/ocb_0888427dcb1d.svg","published_at":"2026-09-03T19:28:43","published_at_display":"3 Sep 2026, 19:28 GMT","sequence_badge_label":null,"sequence_count":null,"sequence_count_label":null,"sequence_frames":[],"sequence_kind":null,"source_name":"radiotelevisionmarti_com_rss","source_name_label":"Radiotelevisionmarti","source_type":"rss","summary":"Rosario Murillo y Daniel Ortega.","title":"Nicaragua aprueba reforma que excluye a opositores; EEUU denuncia \u201cfarsa legislativa\u201d","topic":null,"translation_language":"","url":"https://www.martinoticias.com/a/nicaragua-aprueba-reforma-que-excluye-a-opositores-eeuu-denuncia-farsa-legislativa/476894.html","video_url":null,"youtube_conversion_active":false,"youtube_conversion_error":"","youtube_conversion_status":""},{"article_body_paragraphs":[],"audio_source_url":null,"author":"Oficina de Pol\u00edticas","available_dubs":[],"downloadable_assets":["https://gdb.martinoticias.com/e4f78466-6070-48eb-832d-d20c4c2f4993_w1600_r1_n_s.jpg"],"duration_display":"0:00","duration_seconds":null,"embed_url":null,"id":14634,"image_caption":"Familiares de las v\u00edctimas de un ataque perpetrado por una banda armada el 23 de agosto de 2026 sostienen sus fotograf\u00edas durante funeral celebrado en Kenscoff, Hait\u00ed. REUTERS/Patrice Noel","image_url":"https://gdb.martinoticias.com/e4f78466-6070-48eb-832d-d20c4c2f4993_w1600_r1_n_s.jpg","is_clip":false,"is_youtube_embed":false,"item_type":"photo","item_type_label":"Photo","language_label":"Espa\u00f1ol","media_credit":"Oficina de Pol\u00edticas","micro_label":"Photo","micro_label_kind":"gallery","network_label":"OCB","network_logo_url":"/static/uploads/direct_network_logos/ocb_0888427dcb1d.svg","published_at":"2026-09-03T18:42:57","published_at_display":"3 Sep 2026, 18:42 GMT","sequence_badge_label":null,"sequence_count":null,"sequence_count_label":null,"sequence_frames":[],"sequence_kind":null,"source_name":"radiotelevisionmarti_com_rss","source_name_label":"Radiotelevisionmarti","source_type":"rss","summary":"Familiares de las v\u00edctimas de un ataque perpetrado por una banda armada el 23 de agosto de 2026 sostienen sus fotograf\u00edas durante funeral celebrado en Kenscoff, Hait\u00ed. REUTERS/Patrice Noel","title":"Los haitianos merecen la paz y seguridad","topic":null,"translation_language":"","url":"https://www.martinoticias.com/a/los-haitianos-merecen-la-paz-y-seguridad/476901.html","video_url":null,"youtube_conversion_active":false,"youtube_conversion_error":"","youtube_conversion_status":""},{"article_body_paragraphs":[],"audio_source_url":null,"author":"Ariane Gonz\u00e1lez","available_dubs":[],"downloadable_assets":["https://gdb.martinoticias.com/669a7819-8cdc-4bf2-042c-08decd63a0c8_cx0_cy14_cw0_w1600_r1_n_s.jpeg"],"duration_display":"0:00","duration_seconds":null,"embed_url":null,"id":14637,"image_caption":"Sady R. Companioni, residente en Lawton.","image_url":"https://gdb.martinoticias.com/669a7819-8cdc-4bf2-042c-08decd63a0c8_cx0_cy14_cw0_w1600_r1_n_s.jpeg","is_clip":false,"is_youtube_embed":false,"item_type":"photo","item_type_label":"Photo","language_label":"Espa\u00f1ol","media_credit":"Ariane Gonz\u00e1lez","micro_label":"Photo","micro_label_kind":"gallery","network_label":"OCB","network_logo_url":"/static/uploads/direct_network_logos/ocb_0888427dcb1d.svg","published_at":"2026-09-03T18:25:41","published_at_display":"3 Sep 2026, 18:25 GMT","sequence_badge_label":null,"sequence_count":null,"sequence_count_label":null,"sequence_frames":[],"sequence_kind":null,"source_name":"radiotelevisionmarti_com_rss","source_name_label":"Radiotelevisionmarti","source_type":"rss","summary":"Sady R. Companioni, residente en Lawton.","title":"Liberan bajo restricciones a madre cubana detenida por denunciar la falta de agua","topic":null,"translation_language":"","url":"https://www.martinoticias.com/a/liberan-bajo-restricciones-a-madre-cubana-detenida-por-denunciar-la-falta-de-agua/476893.html","video_url":null,"youtube_conversion_active":false,"youtube_conversion_error":"","youtube_conversion_status":""},{"article_body_paragraphs":[],"audio_source_url":null,"author":"Laura Artal","available_dubs":[],"downloadable_assets":["https://gdb.martinoticias.com/aead60a1-e01b-42fe-cff5-08decd5b38e4_w1600_r1_n_s.png"],"duration_display":"0:00","duration_seconds":null,"embed_url":null,"id":14640,"image_caption":"Familiares de presos pol\u00edticos exigen desde la UCV la libertad de sus familiares","image_url":"https://gdb.martinoticias.com/aead60a1-e01b-42fe-cff5-08decd5b38e4_w1600_r1_n_s.png","is_clip":false,"is_youtube_embed":false,"item_type":"photo","item_type_label":"Photo","language_label":"Espa\u00f1ol","media_credit":"Laura Artal","micro_label":"Photo","micro_label_kind":"gallery","network_label":"OCB","network_logo_url":"/static/uploads/direct_network_logos/ocb_0888427dcb1d.svg","published_at":"2026-09-03T18:14:48","published_at_display":"3 Sep 2026, 18:14 GMT","sequence_badge_label":null,"sequence_count":null,"sequence_count_label":null,"sequence_frames":[],"sequence_kind":null,"source_name":"radiotelevisionmarti_com_rss","source_name_label":"Radiotelevisionmarti","source_type":"rss","summary":"Familiares de presos pol\u00edticos exigen desde la UCV la libertad de sus familiares","title":"Familiares de presos pol\u00edticos exigen libertad y una \u201cruta electoral aut\u00e9ntica\u201d en Venezuela","topic":null,"translation_language":"","url":"https://www.martinoticias.com/a/familiares-de-presos-pol%c3%adticos-exigen-libertad-y-una-ruta-electoral-aut%c3%a9ntica-en-venezuela/476897.html","video_url":null,"youtube_conversion_active":false,"youtube_conversion_error":"","youtube_conversion_status":""},{"article_body_paragraphs":[],"audio_source_url":null,"author":"Departamento de Estado","available_dubs":[],"downloadable_assets":["https://gdb.martinoticias.com/1aeabe0f-e71e-4093-8be6-232b641da058_cx0_cy10_cw0_w1600_r1_n_s.jpg"],"duration_display":"0:00","duration_seconds":null,"embed_url":null,"id":14566,"image_caption":"Edificio del Departamento de Estado de EEUU, en Washington DC.","image_url":"https://gdb.martinoticias.com/1aeabe0f-e71e-4093-8be6-232b641da058_cx0_cy10_cw0_w1600_r1_n_s.jpg","is_clip":false,"is_youtube_embed":false,"item_type":"photo","item_type_label":"Photo","language_label":"Espa\u00f1ol","media_credit":"Departamento de Estado","micro_label":"Photo","micro_label_kind":"gallery","network_label":"OCB","network_logo_url":"/static/uploads/direct_network_logos/ocb_0888427dcb1d.svg","published_at":"2026-09-03T17:48:04","published_at_display":"3 Sep 2026, 17:48 GMT","sequence_badge_label":null,"sequence_count":null,"sequence_count_label":null,"sequence_frames":[],"sequence_kind":null,"source_name":"radiotelevisionmarti_com_rss","source_name_label":"Radiotelevisionmarti","source_type":"rss","summary":"Edificio del Departamento de Estado de EEUU, en Washington DC.","title":"Incremento de sanciones a las \u00e9lites, canales de financiaci\u00f3n y aparatos de explotaci\u00f3n de recursos de Cuba","topic":null,"translation_language":"","url":"https://www.martinoticias.com/a/incremento-de-sanciones-a-las-%c3%a9lites-canales-de-financiaci%c3%b3n-y-aparatos-de-explotaci%c3%b3n-de-recursos-de-cuba/476899.html","video_url":null,"youtube_conversion_active":false,"youtube_conversion_error":"","youtube_conversion_status":""},{"article_body_paragraphs":[],"audio_source_url":null,"author":"Redacci\u00f3n Mart\u00ed Noticias","available_dubs":[],"downloadable_assets":["https://gdb.martinoticias.com/109bb5d6-8572-43e6-b531-17bffc8862e6_cx0_cy7_cw0_w1600_r1_n_s.jpg"],"duration_display":"0:00","duration_seconds":null,"embed_url":null,"id":14341,"image_caption":"El secretario de Estado Marco Rubio en un evento este jueves en Washington DC.","image_url":"https://gdb.martinoticias.com/109bb5d6-8572-43e6-b531-17bffc8862e6_cx0_cy7_cw0_w1600_r1_n_s.jpg","is_clip":false,"is_youtube_embed":false,"item_type":"photo","item_type_label":"Photo","language_label":"Espa\u00f1ol","media_credit":"Redacci\u00f3n Mart\u00ed Noticias","micro_label":"Photo","micro_label_kind":"gallery","network_label":"OCB","network_logo_url":"/static/uploads/direct_network_logos/ocb_0888427dcb1d.svg","published_at":"2026-09-03T16:56:41","published_at_display":"3 Sep 2026, 16:56 GMT","sequence_badge_label":null,"sequence_count":null,"sequence_count_label":null,"sequence_frames":[],"sequence_kind":null,"source_name":"radiotelevisionmarti_com_rss","source_name_label":"Radiotelevisionmarti","source_type":"rss","summary":"El secretario de Estado Marco Rubio en un evento este jueves en Washington DC.","title":"Rubio sobre nuevas sanciones al r\u00e9gimen de Cuba: mientras el pueblo sufre la c\u00fapula acapara los recursos","topic":null,"translation_language":"","url":"https://www.martinoticias.com/a/rubio-sobre-nuevas-sanciones-al-r%c3%a9gimen-de-cuba-mientras-el-pueblo-sufre-la-c%c3%bapula-acapara-los-recursos/476892.html","video_url":null,"youtube_conversion_active":false,"youtube_conversion_error":"","youtube_conversion_status":""},{"article_body_paragraphs":[],"audio_source_url":null,"author":"Redacci\u00f3n Mart\u00ed Noticias","available_dubs":[],"downloadable_assets":["https://gdb.martinoticias.com/5b0bb676-d14a-4e80-fa7f-08debb0491f6_cx24_cy21_cw75_w1600_r1_n_s.jpg"],"duration_display":"0:00","duration_seconds":null,"embed_url":null,"id":14343,"image_caption":"Alejandro Castro Esp\u00edn junto a su hijo Fidel Ernesto Castro Calis. ADALBERTO ROQUE / AFP","image_url":"https://gdb.martinoticias.com/5b0bb676-d14a-4e80-fa7f-08debb0491f6_cx24_cy21_cw75_w1600_r1_n_s.jpg","is_clip":false,"is_youtube_embed":false,"item_type":"photo","item_type_label":"Photo","language_label":"Espa\u00f1ol","media_credit":"Redacci\u00f3n Mart\u00ed Noticias","micro_label":"Photo","micro_label_kind":"gallery","network_label":"OCB","network_logo_url":"/static/uploads/direct_network_logos/ocb_0888427dcb1d.svg","published_at":"2026-09-03T16:08:22","published_at_display":"3 Sep 2026, 16:08 GMT","sequence_badge_label":null,"sequence_count":null,"sequence_count_label":null,"sequence_frames":[],"sequence_kind":null,"source_name":"radiotelevisionmarti_com_rss","source_name_label":"Radiotelevisionmarti","source_type":"rss","summary":"Alejandro Castro Esp\u00edn junto a su hijo Fidel Ernesto Castro Calis. ADALBERTO ROQUE / AFP","title":"EEUU con m\u00e1s sanciones a la \u00e9lite de Castro y sus v\u00edas de financiamiento","topic":null,"translation_language":"","url":"https://www.martinoticias.com/a/476888.html","video_url":null,"youtube_conversion_active":false,"youtube_conversion_error":"","youtube_conversion_status":""},{"article_body_paragraphs":[],"audio_source_url":null,"author":"Redacci\u00f3n Mart\u00ed Noticias","available_dubs":[],"downloadable_assets":["https://gdb.martinoticias.com/5b0bb676-d14a-4e80-fa7f-08debb0491f6_cx24_cy21_cw75_w1600_r1_n_s.jpg"],"duration_display":"0:00","duration_seconds":null,"embed_url":null,"id":14218,"image_caption":"Alejandro Castro Esp\u00edn junto a su hijo Fidel Ernesto Castro Calis. ADALBERTO ROQUE / AFP","image_url":"https://gdb.martinoticias.com/5b0bb676-d14a-4e80-fa7f-08debb0491f6_cx24_cy21_cw75_w1600_r1_n_s.jpg","is_clip":false,"is_youtube_embed":false,"item_type":"photo","item_type_label":"Photo","language_label":"Espa\u00f1ol","media_credit":"Redacci\u00f3n Mart\u00ed Noticias","micro_label":"Photo","micro_label_kind":"gallery","network_label":"OCB","network_logo_url":"/static/uploads/direct_network_logos/ocb_0888427dcb1d.svg","published_at":"2026-09-03T16:08:22","published_at_display":"3 Sep 2026, 16:08 GMT","sequence_badge_label":null,"sequence_count":null,"sequence_count_label":null,"sequence_frames":[],"sequence_kind":null,"source_name":"radiotelevisionmarti_com_rss","source_name_label":"Radiotelevisionmarti","source_type":"rss","summary":"Alejandro Castro Esp\u00edn junto a su hijo Fidel Ernesto Castro Calis. ADALBERTO ROQUE / AFP","title":"EEUU con m\u00e1s sanciones a la \u00e9lite de Castro y sus v\u00edas de financiamiento","topic":null,"translation_language":"","url":"https://www.martinoticias.com/a/476888.html","video_url":null,"youtube_conversion_active":false,"youtube_conversion_error":"","youtube_conversion_status":""},{"article_body_paragraphs":[],"audio_source_url":null,"author":"Rolando N\u00e1poles","available_dubs":[],"downloadable_assets":["https://gdb.martinoticias.com/f05c29e9-0599-49e3-bc86-08def2b1d8dc_cx0_cy6_cw0_w1600_r1_n_s.jpg"],"duration_display":"0:00","duration_seconds":null,"embed_url":null,"id":14100,"image_caption":"Conferencia Colapso Social en Cuba en la Universidad Internacional de la Florida (FIU)","image_url":"https://gdb.martinoticias.com/f05c29e9-0599-49e3-bc86-08def2b1d8dc_cx0_cy6_cw0_w1600_r1_n_s.jpg","is_clip":false,"is_youtube_embed":false,"item_type":"photo","item_type_label":"Photo","language_label":"Espa\u00f1ol","media_credit":"Rolando N\u00e1poles","micro_label":"Photo","micro_label_kind":"gallery","network_label":"OCB","network_logo_url":"/static/uploads/direct_network_logos/ocb_0888427dcb1d.svg","published_at":"2026-09-03T15:40:00","published_at_display":"3 Sep 2026, 15:40 GMT","sequence_badge_label":null,"sequence_count":null,"sequence_count_label":null,"sequence_frames":[],"sequence_kind":null,"source_name":"radiotelevisionmarti_com_rss","source_name_label":"Radiotelevisionmarti","source_type":"rss","summary":"Conferencia Colapso Social en Cuba en la Universidad Internacional de la Florida (FIU)","title":"Cambio pol\u00edtico: \u00fanica salida a crisis humanitaria en Cuba, opinan expertos","topic":null,"translation_language":"","url":"https://www.martinoticias.com/a/cambio-pol%c3%adtico-%c3%banica-salida-a-crisis-humanitaria-en-cuba-opinan-expertos/476886.html","video_url":null,"youtube_conversion_active":false,"youtube_conversion_error":"","youtube_conversion_status":""},{"article_body_paragraphs":[],"audio_source_url":null,"author":"Redacci\u00f3n Mart\u00ed Noticias","available_dubs":[],"downloadable_assets":["https://gdb.martinoticias.com/fd6ee76f-d08a-42ad-9e4f-7c769197878e_w1600_r1_n_s.jpg"],"duration_display":"0:00","duration_seconds":null,"embed_url":null,"id":14067,"image_caption":"El vicepresidente de EEUU JD Vance (izq.) saluda al secretario de Estado Marco Rubio durante el lanzamiento de \"The Foundry School\", en el Instituto de la Paz Donald J. Trump, en Washington, DC.","image_url":"https://gdb.martinoticias.com/fd6ee76f-d08a-42ad-9e4f-7c769197878e_w1600_r1_n_s.jpg","is_clip":false,"is_youtube_embed":false,"item_type":"photo","item_type_label":"Photo","language_label":"Espa\u00f1ol","media_credit":"Redacci\u00f3n Mart\u00ed Noticias","micro_label":"Photo","micro_label_kind":"gallery","network_label":"OCB","network_logo_url":"/static/uploads/direct_network_logos/ocb_0888427dcb1d.svg","published_at":"2026-09-03T14:59:52","published_at_display":"3 Sep 2026, 14:59 GMT","sequence_badge_label":null,"sequence_count":null,"sequence_count_label":null,"sequence_frames":[],"sequence_kind":null,"source_name":"radiotelevisionmarti_com_rss","source_name_label":"Radiotelevisionmarti","source_type":"rss","summary":"El vicepresidente de EEUU JD Vance (izq.) saluda al secretario de Estado Marco Rubio durante el lanzamiento de \"The Foundry School\", en el Instituto de la Paz Donald J. Trump, en Washington, DC.","title":"Vance y Rubio alertan sobre dependencia exterior y apuestan por recuperar producci\u00f3n en EEUU","topic":null,"translation_language":"","url":"https://www.martinoticias.com/a/vance-y-rubio-alertan-sobre-dependencia-exterior-y-apuestan-por-recuperar-producci%c3%b3n-en-eeuu/476883.html","video_url":null,"youtube_conversion_active":false,"youtube_conversion_error":"","youtube_conversion_status":""},{"article_body_paragraphs":[],"audio_source_url":null,"author":"Redacci\u00f3n Mart\u00ed Noticias","available_dubs":[],"downloadable_assets":["https://gdb.martinoticias.com/16095a97-4b31-42f2-8399-984320979f11_cx11_cy6_cw88_w1600_r1_n_s.jpg"],"duration_display":"0:00","duration_seconds":null,"embed_url":null,"id":14069,"image_caption":"El expiloto de guerra cubano Luis Ra\u00fal Gonz\u00e1lez Pardo Rodr\u00edguez (izq.), acusado en en el caso del asesinato de cuatro pilotos de Hermanos al Rescate.","image_url":"https://gdb.martinoticias.com/16095a97-4b31-42f2-8399-984320979f11_cx11_cy6_cw88_w1600_r1_n_s.jpg","is_clip":false,"is_youtube_embed":false,"item_type":"photo","item_type_label":"Photo","language_label":"Espa\u00f1ol","media_credit":"Redacci\u00f3n Mart\u00ed Noticias","micro_label":"Photo","micro_label_kind":"gallery","network_label":"OCB","network_logo_url":"/static/uploads/direct_network_logos/ocb_0888427dcb1d.svg","published_at":"2026-09-03T14:46:58","published_at_display":"3 Sep 2026, 14:46 GMT","sequence_badge_label":null,"sequence_count":null,"sequence_count_label":null,"sequence_frames":[],"sequence_kind":null,"source_name":"radiotelevisionmarti_com_rss","source_name_label":"Radiotelevisionmarti","source_type":"rss","summary":"El expiloto de guerra cubano Luis Ra\u00fal Gonz\u00e1lez Pardo Rodr\u00edguez (izq.), acusado en en el caso del asesinato de cuatro pilotos de Hermanos al Rescate.","title":"Fiscal\u00eda descarta pena de muerte en juicio contra expiloto cubano por caso de Hermanos al Rescate","topic":null,"translation_language":"","url":"https://www.martinoticias.com/a/fiscal%c3%ada-descarta-pena-de-muerte-en-juicio-contra-expiloto-cubano-por-caso-de-hermanos-al-rescate/476882.html","video_url":null,"youtube_conversion_active":false,"youtube_conversion_error":"","youtube_conversion_status":""},{"article_body_paragraphs":[],"audio_source_url":null,"author":"Yolanda Huerga","available_dubs":[],"downloadable_assets":["https://gdb.martinoticias.com/277c1c47-018d-465a-0428-08decd63a0c8_w1600_r1_n_s.jpg"],"duration_display":"0:00","duration_seconds":null,"embed_url":null,"id":13974,"image_caption":"Protesta frente al Gran Teatro del Liceo de Barcelona.","image_url":"https://gdb.martinoticias.com/277c1c47-018d-465a-0428-08decd63a0c8_w1600_r1_n_s.jpg","is_clip":false,"is_youtube_embed":false,"item_type":"photo","item_type_label":"Photo","language_label":"Espa\u00f1ol","media_credit":"Yolanda Huerga","micro_label":"Photo","micro_label_kind":"gallery","network_label":"OCB","network_logo_url":"/static/uploads/direct_network_logos/ocb_0888427dcb1d.svg","published_at":"2026-09-03T12:54:04","published_at_display":"3 Sep 2026, 12:54 GMT","sequence_badge_label":null,"sequence_count":null,"sequence_count_label":null,"sequence_frames":[],"sequence_kind":null,"source_name":"radiotelevisionmarti_com_rss","source_name_label":"Radiotelevisionmarti","source_type":"rss","summary":"Protesta frente al Gran Teatro del Liceo de Barcelona.","title":"Protestas en Barcelona marcan el inicio de la gira de Silvio Rodr\u00edguez por Espa\u00f1a","topic":null,"translation_language":"","url":"https://www.martinoticias.com/a/protestas-en-barcelona-marcan-el-inicio-de-la-gira-de-silvio-rodr%c3%adguez-por-espa%c3%b1a/476831.html","video_url":null,"youtube_conversion_active":false,"youtube_conversion_error":"","youtube_conversion_status":""},{"article_body_paragraphs":[],"audio_source_url":null,"author":"Jany Gonz\u00e1lez","available_dubs":[],"downloadable_assets":["https://gdb.martinoticias.com/bed47bd9-ac76-47b4-042a-08decd63a0c8_cx0_cy9_cw0_w1600_r1_n_s.jpg"],"duration_display":"0:00","duration_seconds":null,"embed_url":null,"id":13952,"image_caption":"Una raci\u00f3n diaria de pan en Cuba.","image_url":"https://gdb.martinoticias.com/bed47bd9-ac76-47b4-042a-08decd63a0c8_cx0_cy9_cw0_w1600_r1_n_s.jpg","is_clip":false,"is_youtube_embed":false,"item_type":"photo","item_type_label":"Photo","language_label":"Espa\u00f1ol","media_credit":"Jany Gonz\u00e1lez","micro_label":"Photo","micro_label_kind":"gallery","network_label":"OCB","network_logo_url":"/static/uploads/direct_network_logos/ocb_0888427dcb1d.svg","published_at":"2026-09-03T12:32:07","published_at_display":"3 Sep 2026, 12:32 GMT","sequence_badge_label":null,"sequence_count":null,"sequence_count_label":null,"sequence_frames":[],"sequence_kind":null,"source_name":"radiotelevisionmarti_com_rss","source_name_label":"Radiotelevisionmarti","source_type":"rss","summary":"Una raci\u00f3n diaria de pan en Cuba.","title":"\u201cEn una bandeja comemos los tres\u201d: el hambre golpea a las familias cubanas (VIDEO)","topic":null,"translation_language":"","url":"https://www.martinoticias.com/a/en-una-bandeja-comemos-los-tres-el-hambre-golpea-a-las-familias-cubanas-video/476811.html","video_url":null,"youtube_conversion_active":false,"youtube_conversion_error":"","youtube_conversion_status":""},{"article_body_paragraphs":[],"audio_source_url":null,"author":"Mario J. Pent\u00f3n","available_dubs":[],"downloadable_assets":["https://gdb.martinoticias.com/702F4345-D549-415D-98F4-782754A5A65D_cx0_cy10_cw0_w1600_r1_n_s.jpg"],"duration_display":"0:00","duration_seconds":null,"embed_url":null,"id":13954,"image_caption":"Banderas de Cuba y EEUU cuelgan en un balc\u00f3n de La Habana.","image_url":"https://gdb.martinoticias.com/702F4345-D549-415D-98F4-782754A5A65D_cx0_cy10_cw0_w1600_r1_n_s.jpg","is_clip":false,"is_youtube_embed":false,"item_type":"photo","item_type_label":"Photo","language_label":"Espa\u00f1ol","media_credit":"Mario J. Pent\u00f3n","micro_label":"Photo","micro_label_kind":"gallery","network_label":"OCB","network_logo_url":"/static/uploads/direct_network_logos/ocb_0888427dcb1d.svg","published_at":"2026-09-03T12:07:25","published_at_display":"3 Sep 2026, 12:07 GMT","sequence_badge_label":null,"sequence_count":null,"sequence_count_label":null,"sequence_frames":[],"sequence_kind":null,"source_name":"radiotelevisionmarti_com_rss","source_name_label":"Radiotelevisionmarti","source_type":"rss","summary":"Banderas de Cuba y EEUU cuelgan en un balc\u00f3n de La Habana.","title":"EEUU desmiente a Cuba: el di\u00e1logo sigue, y acusa al r\u00e9gimen de bloquear acuerdos","topic":null,"translation_language":"","url":"https://www.martinoticias.com/a/eeuu-desmiente-a-cuba-el-di%c3%a1logo-sigue-y-acusa-al-r%c3%a9gimen-de-bloquear-acuerdos/476878.html","video_url":null,"youtube_conversion_active":false,"youtube_conversion_error":"","youtube_conversion_status":""},{"article_body_paragraphs":[],"audio_source_url":null,"author":"Redacci\u00f3n Mart\u00ed Noticias","available_dubs":[],"downloadable_assets":["https://gdb.martinoticias.com/564f085b-56ed-4b70-0429-08decd63a0c8_w1600_r1_n_s.png"],"duration_display":"0:00","duration_seconds":null,"embed_url":null,"id":13699,"image_caption":"EEUU intercepta embarcaci\u00f3n que operaba como estaci\u00f3n flotante de reabastecimiento de combustible en apoyo de operaciones de narcotr\u00e1fico","image_url":"https://gdb.martinoticias.com/564f085b-56ed-4b70-0429-08decd63a0c8_w1600_r1_n_s.png","is_clip":false,"is_youtube_embed":false,"item_type":"photo","item_type_label":"Photo","language_label":"Espa\u00f1ol","media_credit":"Redacci\u00f3n Mart\u00ed Noticias","micro_label":"Photo","micro_label_kind":"gallery","network_label":"OCB","network_logo_url":"/static/uploads/direct_network_logos/ocb_0888427dcb1d.svg","published_at":"2026-09-03T01:28:52","published_at_display":"3 Sep 2026, 01:28 GMT","sequence_badge_label":null,"sequence_count":null,"sequence_count_label":null,"sequence_frames":[],"sequence_kind":null,"source_name":"radiotelevisionmarti_com_rss","source_name_label":"Radiotelevisionmarti","source_type":"rss","summary":"EEUU intercepta embarcaci\u00f3n que operaba como estaci\u00f3n flotante de reabastecimiento de combustible en apoyo de operaciones de narcotr\u00e1fico","title":"EEUU y Ecuador desmantelan punto flotante de combustible para narcotr\u00e1fico en el Pac\u00edfico Oriental","topic":null,"translation_language":"","url":"https://www.martinoticias.com/a/eeuu-y-ecuador-desmantelan-punto-flotante-de-combustible-para-narcotr%c3%a1fico-en-el-pac%c3%adfico-oriental/476877.html","video_url":null,"youtube_conversion_active":false,"youtube_conversion_error":"","youtube_conversion_status":""}],"next_num":2,"page":1,"pages":24,"per_page":20,"prev_num":null,"total":473}
