{"applied_filters":{"end_date":"","lang":"","language":"","network":"OCB","page":1,"per_page":20,"search":"","source":"","start_date":"","topic":"","type":"video"},"available_filters":{"language_choices":[{"label":"Choose Language","value":""},{"label":"English","value":"English"},{"label":"Espa\u00f1ol","value":"Espa\u00f1ol"}],"network_choices":[{"label":"All networks","value":""},{"label":"OCB","value":"OCB"}],"source_choices":[{"label":"All sources","value":""},{"label":"Manual Ocb Espanol","value":"manual_ocb_espanol"},{"label":"OCB Spanish Video","value":"ocb_spanish_video_scrape"},{"label":"Radiotelevisionmarti","value":"radiotelevisionmarti_com_rss"},{"label":"TV Mart\u00ed Noticias YouTube","value":"tv_marti_noticias_youtube_playlists"}],"sources":["manual_ocb_espanol","ocb_spanish_video_scrape","radiotelevisionmarti_com_rss","tv_marti_noticias_youtube_playlists"],"topics":["Am\u00e9rica Latina, VENEZUELA, Maiquetia","Asuntos de Estado","Audiovisuales Mart\u00ed","Audiovisuales Mart\u00ed, Cuba turismo, crisis del turismo en Cuba","Audiovisuales Mart\u00ed, VENEZUELA, apagones","Como Come Cuba, cuba, Como Come Cuba","Cuba Habla","Cuba Habla, Cuba","Cuba al D\u00eda, Cuba","Derechos Humanos, cuba, exilio, c\u00e1ncer, Ram\u00f3n Sa\u00fal S\u00e1nchez","Especiales, Exilio cubano, Freedom tower, \"Libertad\", Torre de la Libertad de Miami, Exilio cubano en Miami","Especiales, jos\u00e9 mart\u00ed, Exilio cubano","Esperando un techo, cuba, crisis, vivienda, derrumbes, techo, paredes, EsperandounTecho","Info Mart\u00ed","Info Mart\u00ed , Brigada 2506","Info Mart\u00ed , Cuba","Info Mart\u00ed , Estados Unidos, Colombia","Info Mart\u00ed , Estados Unidos, VENEZUELA","Info Mart\u00ed , estados unidos, Venezuela","Info Mart\u00ed , presos politicos, torturas, VENEZUELA","Kentu-Cubano, cuba, cubanos, Kentucky, migrantes, KentoCubano","Las Noticias Como Son, Cuba","Mart\u00ed Noticias AM","Mart\u00ed en el Mundial 2026","Noticiero Mart\u00ed Noticias","Noticiero Mart\u00ed Noticias, Cuba","Ser Madre en cuba, cuba, hambre, r\u00e9gimen, madre, negligencia, Testimonios, Crisis Econ\u00f3mica, madre cubana, Crisis Alimentaria","Ser viejo en Cuba, cuba, cubanos, crisis, alimentos, ancianos, viejos, vejez"],"types":[["","All types"],["article","Articles"],["audio","Audio"],["video","Videos"],["clips","Clips"],["media","Media"]]},"has_next":true,"has_prev":false,"items":[{"article_body_paragraphs":[],"audio_source_url":null,"author":"Ariane Gonz\u00e1lez, Ricardo Espinosa","available_dubs":[],"downloadable_assets":["https://ocb-video-ns.akamaized.net/pangeavideo/2026/09/9/92/92aa98f0-595d-4d46-9681-d02ebdc35a64_1080p.mp4?cb=ee22be19a"],"duration_display":"29:59","duration_seconds":1799.0,"embed_url":null,"id":14760,"image_caption":null,"image_url":"https://gdb.martinoticias.com/92aa98f0-595d-4d46-9681-d02ebdc35a64_tv_w1080_h608.jpg","is_clip":false,"is_youtube_embed":false,"item_type":"video","item_type_label":"Video","language_label":"Espa\u00f1ol","media_credit":"Ariane Gonz\u00e1lez, Ricardo Espinosa","micro_label":"Video report","micro_label_kind":"video","network_label":"OCB","network_logo_url":"/static/uploads/direct_network_logos/ocb_0888427dcb1d.svg","published_at":"2026-09-03T21:46:02","published_at_display":"3 Sep 2026, 21:46 GMT","sequence_badge_label":null,"sequence_count":null,"sequence_count_label":null,"sequence_frames":[],"sequence_kind":null,"source_name":"ocb_spanish_video_scrape","source_name_label":"OCB Spanish Video","source_type":"scrape","summary":"Noticiero de Mart\u00ed Noticias presenta un resumen de las noticias m\u00e1s importantes de Cuba y el mundo.","title":"Noticiero Mart\u00ed Noticias","topic":"Noticiero Mart\u00ed Noticias, Cuba","translation_language":"","url":"https://www.martinoticias.com/a/noticiero-mart%C3%AD-noticias/476889.html","video_url":"https://ocb-video-ns.akamaized.net/pangeavideo/2026/09/9/92/92aa98f0-595d-4d46-9681-d02ebdc35a64_1080p.mp4?cb=ee22be19a","youtube_conversion_active":false,"youtube_conversion_error":"","youtube_conversion_status":""},{"article_body_paragraphs":[],"audio_source_url":null,"author":"Jos\u00e9 L Ramos/Amado Gil","available_dubs":[],"downloadable_assets":["https://ocb-video-ns.akamaized.net/pangeavideo/2026/09/7/74/74d8f888-ea36-4707-bc89-08def2b1d8dc_720p.mp4?cb=ee22bc929"],"duration_display":"28:53","duration_seconds":1733.0,"embed_url":null,"id":14702,"image_caption":null,"image_url":"https://gdb.martinoticias.com/74d8f888-ea36-4707-bc89-08def2b1d8dc_tv_w1080_h608.jpg","is_clip":false,"is_youtube_embed":false,"item_type":"video","item_type_label":"Video","language_label":"Espa\u00f1ol","media_credit":"Jos\u00e9 L Ramos/Amado Gil","micro_label":"Video report","micro_label_kind":"video","network_label":"OCB","network_logo_url":"/static/uploads/direct_network_logos/ocb_0888427dcb1d.svg","published_at":"2026-09-03T20:00:21","published_at_display":"3 Sep 2026, 20:00 GMT","sequence_badge_label":null,"sequence_count":null,"sequence_count_label":null,"sequence_frames":[],"sequence_kind":null,"source_name":"ocb_spanish_video_scrape","source_name_label":"OCB Spanish Video","source_type":"scrape","summary":"Amado Gil y Jos\u00e9 Luis Ramos, en tertulia con Jos\u00e9 Daniel Ferrer abordan las p\u00e9simas condiciones y la manipulaci\u00f3n del gobierno cubano con el inicio del curso escolar. Tambi\u00e9n se nos une el periodista Alejandro Tur Valladares con m\u00e1s de la grave crisis econ\u00f3mica de la isla y los robos en aumento.","title":"Las noticias como son","topic":"Las Noticias Como Son, Cuba","translation_language":"","url":"https://www.martinoticias.com/a/las-noticias-como-son/476910.html","video_url":"https://ocb-video-ns.akamaized.net/pangeavideo/2026/09/7/74/74d8f888-ea36-4707-bc89-08def2b1d8dc_720p.mp4?cb=ee22bc929","youtube_conversion_active":false,"youtube_conversion_error":"","youtube_conversion_status":""},{"article_body_paragraphs":[],"audio_source_url":null,"author":"Jos\u00e9 Pernalete","available_dubs":[],"downloadable_assets":["https://ocb-video-ns.akamaized.net/pangeavideo/2026/09/6/6f/6f889c4c-3ced-4861-bc87-08def2b1d8dc_1080p.mp4?cb=ee22bbad4","https://gdb.martinoticias.com/8c54cfa7-518c-4464-5ab1-08decd6ea425_w1600_r1_n_s.jpg"],"duration_display":"0:00","duration_seconds":null,"embed_url":null,"id":14727,"image_caption":"L\u00edder opositora venezolana Mar\u00eda Corina Machado ofreci\u00f3 un mensaje este jueves sobre el acuerdo petrolero. (REUTERS)","image_url":"https://gdb.martinoticias.com/8c54cfa7-518c-4464-5ab1-08decd6ea425_w1600_r1_n_s.jpg","is_clip":true,"is_youtube_embed":false,"item_type":"video","item_type_label":"Video","language_label":"Espa\u00f1ol","media_credit":"Jos\u00e9 Pernalete","micro_label":"Video report","micro_label_kind":"video","network_label":"OCB","network_logo_url":"/static/uploads/direct_network_logos/ocb_0888427dcb1d.svg","published_at":"2026-09-03T19:50:34","published_at_display":"3 Sep 2026, 19:50 GMT","sequence_badge_label":null,"sequence_count":null,"sequence_count_label":null,"sequence_frames":[],"sequence_kind":null,"source_name":"radiotelevisionmarti_com_rss","source_name_label":"Radiotelevisionmarti","source_type":"rss","summary":"Mar\u00eda Corina Machado lanz\u00f3 una dura advertencia tras el anuncio de acuerdos petroleros entre Estados Unidos y Venezuela. La dirigente opositora afirm\u00f3 que \u201clos enemigos de Estados Unidos en Venezuela est\u00e1n hoy en Miraflores\u201d y cuestion\u00f3 la falta de informaci\u00f3n sobre el alcance de los convenios.","title":"Machado advierte: \u201clos enemigos de Estados Unidos est\u00e1n hoy en Miraflores\u201d","topic":null,"translation_language":"","url":"https://www.martinoticias.com/a/machado-exige-transparencia-en-acuerdo-petrolero-y-lanza-advertencia-sobre-miraflores-video/476903.html","video_url":"https://ocb-video-ns.akamaized.net/pangeavideo/2026/09/6/6f/6f889c4c-3ced-4861-bc87-08def2b1d8dc_1080p.mp4?cb=ee22bbad4","youtube_conversion_active":false,"youtube_conversion_error":"","youtube_conversion_status":""},{"article_body_paragraphs":[],"audio_source_url":null,"author":"Rolando N\u00e1poles","available_dubs":[],"downloadable_assets":["https://ocb-video-ns.akamaized.net/pangeavideo/2026/09/1/12/12fc9dd0-0005-41ad-6925-08def2ff2efe_1080p.mp4?cb=ee22bc3ce"],"duration_display":"4:00","duration_seconds":240.0,"embed_url":null,"id":14693,"image_caption":null,"image_url":"https://gdb.martinoticias.com/12fc9dd0-0005-41ad-6925-08def2ff2efe_tv_w1080_h608.jpg","is_clip":true,"is_youtube_embed":false,"item_type":"video","item_type_label":"Video","language_label":"Espa\u00f1ol","media_credit":"Rolando N\u00e1poles","micro_label":"Video report","micro_label_kind":"video","network_label":"OCB","network_logo_url":"/static/uploads/direct_network_logos/ocb_0888427dcb1d.svg","published_at":"2026-09-03T19:38:54","published_at_display":"3 Sep 2026, 19:38 GMT","sequence_badge_label":null,"sequence_count":null,"sequence_count_label":null,"sequence_frames":[],"sequence_kind":null,"source_name":"ocb_spanish_video_scrape","source_name_label":"OCB Spanish Video","source_type":"scrape","summary":"Activistas y expertos aseguran en Miami que el fin del r\u00e9gimen es la \u00fanica v\u00eda para terminar con emergencia humanitaria en Cuba","title":"Cambio pol\u00edtico: \u00fanico camino para poner fin a crisis humanitaria en Cuba","topic":"Audiovisuales Mart\u00ed","translation_language":"","url":"https://www.martinoticias.com/a/cambio-pol%C3%ADtico-%C3%BAnico-camino-para-poner-fin-a-crisis-humanitaria-en-cuba/476906.html","video_url":"https://ocb-video-ns.akamaized.net/pangeavideo/2026/09/1/12/12fc9dd0-0005-41ad-6925-08def2ff2efe_1080p.mp4?cb=ee22bc3ce","youtube_conversion_active":false,"youtube_conversion_error":"","youtube_conversion_status":""},{"article_body_paragraphs":[],"audio_source_url":null,"author":"Jos\u00e9 Pernalete","available_dubs":[],"downloadable_assets":["https://ocb-video-ns.akamaized.net/pangeavideo/2026/09/6/6f/6f889c4c-3ced-4861-bc87-08def2b1d8dc_1080p.mp4?cb=ee22bbad4"],"duration_display":"2:49","duration_seconds":169.0,"embed_url":null,"id":14694,"image_caption":null,"image_url":"https://gdb.martinoticias.com/6f889c4c-3ced-4861-bc87-08def2b1d8dc_tv_w1080_h608.jpg","is_clip":true,"is_youtube_embed":false,"item_type":"video","item_type_label":"Video","language_label":"Espa\u00f1ol","media_credit":"Jos\u00e9 Pernalete","micro_label":"Video report","micro_label_kind":"video","network_label":"OCB","network_logo_url":"/static/uploads/direct_network_logos/ocb_0888427dcb1d.svg","published_at":"2026-09-03T19:00:36","published_at_display":"3 Sep 2026, 19:00 GMT","sequence_badge_label":null,"sequence_count":null,"sequence_count_label":null,"sequence_frames":[],"sequence_kind":null,"source_name":"ocb_spanish_video_scrape","source_name_label":"OCB Spanish Video","source_type":"scrape","summary":"Mar\u00eda Corina Machado lanz\u00f3 una dura advertencia tras el anuncio de acuerdos petroleros entre Estados Unidos y Venezuela. La dirigente opositora afirm\u00f3 que \u201clos enemigos de Estados Unidos en Venezuela est\u00e1n hoy en Miraflores\u201d y cuestion\u00f3 la falta de informaci\u00f3n sobre el alcance de los convenios.","title":"Machado advierte: \u201clos enemigos de Estados Unidos est\u00e1n hoy en Miraflores\u201d","topic":"Info Mart\u00ed , Estados Unidos, VENEZUELA","translation_language":"","url":"https://www.martinoticias.com/a/machado-advierte-los-enemigos-de-estados-unidos-est%C3%A1n-hoy-en-miraflores/476902.html","video_url":"https://ocb-video-ns.akamaized.net/pangeavideo/2026/09/6/6f/6f889c4c-3ced-4861-bc87-08def2b1d8dc_1080p.mp4?cb=ee22bbad4","youtube_conversion_active":false,"youtube_conversion_error":"","youtube_conversion_status":""},{"article_body_paragraphs":[],"audio_source_url":null,"author":"Laura Artal","available_dubs":[{"dubbed_video_url":"/static/video/direct_dubs/direct_dub_72_08b6efa4353b.mp4","id":72,"label":"English","target_language":"en","target_language_label":"English","voice":"coral"}],"downloadable_assets":["https://ocb-video-ns.akamaized.net/pangeavideo/2026/09/5/56/56813661-fb1a-4a35-cff6-08decd5b38e4_1080p.mp4?cb=ee22ba2fd","https://gdb.martinoticias.com/aead60a1-e01b-42fe-cff5-08decd5b38e4_w1600_r1_n_s.png"],"duration_display":"0:00","duration_seconds":null,"embed_url":null,"id":14639,"image_caption":"Familiares de presos pol\u00edticos exigen desde la UCV la libertad de sus familiares","image_url":"https://gdb.martinoticias.com/aead60a1-e01b-42fe-cff5-08decd5b38e4_w1600_r1_n_s.png","is_clip":true,"is_youtube_embed":false,"item_type":"video","item_type_label":"Video","language_label":"Espa\u00f1ol","media_credit":"Laura Artal","micro_label":"Video report","micro_label_kind":"video","network_label":"OCB","network_logo_url":"/static/uploads/direct_network_logos/ocb_0888427dcb1d.svg","published_at":"2026-09-03T18:14:48","published_at_display":"3 Sep 2026, 18:14 GMT","sequence_badge_label":null,"sequence_count":null,"sequence_count_label":null,"sequence_frames":[],"sequence_kind":null,"source_name":"radiotelevisionmarti_com_rss","source_name_label":"Radiotelevisionmarti","source_type":"rss","summary":"Familiares de presos pol\u00edticos y representantes de organizaciones de la sociedad civil exigieron este jueves en Caracas la liberaci\u00f3n inmediata y plena de todas las personas detenidas por motivos pol\u00edticos en Venezuela y pidieron avanzar hacia una \u201cruta electoral aut\u00e9ntica\u201d.","title":"Familiares de presos pol\u00edticos exigen libertad y una \u201cruta electoral aut\u00e9ntica\u201d en Venezuela","topic":null,"translation_language":"","url":"https://www.martinoticias.com/a/familiares-de-presos-pol%c3%adticos-exigen-libertad-y-una-ruta-electoral-aut%c3%a9ntica-en-venezuela/476897.html","video_url":"https://ocb-video-ns.akamaized.net/pangeavideo/2026/09/5/56/56813661-fb1a-4a35-cff6-08decd5b38e4_1080p.mp4?cb=ee22ba2fd","youtube_conversion_active":false,"youtube_conversion_error":"","youtube_conversion_status":""},{"article_body_paragraphs":[],"audio_source_url":null,"author":"Mart\u00ed Noticias","available_dubs":[],"downloadable_assets":["https://ocb-video-ns.akamaized.net/pangeavideo/2026/09/b/bd/bd1b6495-9d6d-44ba-cff4-08decd5b38e4_1080p.mp4?cb=ee22b9b94"],"duration_display":"3:05","duration_seconds":185.0,"embed_url":null,"id":14352,"image_caption":null,"image_url":"https://gdb.martinoticias.com/bd1b6495-9d6d-44ba-cff4-08decd5b38e4_tv_w1080_h608.jpg","is_clip":true,"is_youtube_embed":false,"item_type":"video","item_type_label":"Video","language_label":"Espa\u00f1ol","media_credit":"Mart\u00ed Noticias","micro_label":"Video report","micro_label_kind":"video","network_label":"OCB","network_logo_url":"/static/uploads/direct_network_logos/ocb_0888427dcb1d.svg","published_at":"2026-09-03T16:47:16","published_at_display":"3 Sep 2026, 16:47 GMT","sequence_badge_label":null,"sequence_count":null,"sequence_count_label":null,"sequence_frames":[],"sequence_kind":null,"source_name":"ocb_spanish_video_scrape","source_name_label":"OCB Spanish Video","source_type":"scrape","summary":"Natalia Molano, portavoz del Departamento de Estado de Estados Unidos habla sobre el anunci\u00f3 de EEUU este jueves de otra ronda de sanciones contra la \u00e9lite del castrismo y sus v\u00edas de financiamiento.","title":"EEUU con m\u00e1s sanciones a la \u00e9lite de Castro y sus v\u00edas de financiamiento","topic":"Asuntos de Estado","translation_language":"","url":"https://www.martinoticias.com/a/eeuu-con-m%C3%A1s-sanciones-a-la-%C3%A9lite-de-castro-y-sus-v%C3%ADas-de-financiamiento/476890.html","video_url":"https://ocb-video-ns.akamaized.net/pangeavideo/2026/09/b/bd/bd1b6495-9d6d-44ba-cff4-08decd5b38e4_1080p.mp4?cb=ee22b9b94","youtube_conversion_active":false,"youtube_conversion_error":"","youtube_conversion_status":""},{"article_body_paragraphs":[],"audio_source_url":null,"author":"Redacci\u00f3n Mart\u00ed Noticias","available_dubs":[],"downloadable_assets":["https://ocb-video-ns.akamaized.net/pangeavideo/2026/09/b/bd/bd1b6495-9d6d-44ba-cff4-08decd5b38e4_1080p.mp4?cb=ee22b9b94","https://gdb.martinoticias.com/5b0bb676-d14a-4e80-fa7f-08debb0491f6_cx24_cy21_cw75_w1600_r1_n_s.jpg"],"duration_display":"0:00","duration_seconds":null,"embed_url":null,"id":14342,"image_caption":"Alejandro Castro Esp\u00edn junto a su hijo Fidel Ernesto Castro Calis. ADALBERTO ROQUE / AFP","image_url":"https://gdb.martinoticias.com/5b0bb676-d14a-4e80-fa7f-08debb0491f6_cx24_cy21_cw75_w1600_r1_n_s.jpg","is_clip":true,"is_youtube_embed":false,"item_type":"video","item_type_label":"Video","language_label":"Espa\u00f1ol","media_credit":"Redacci\u00f3n Mart\u00ed Noticias","micro_label":"Video report","micro_label_kind":"video","network_label":"OCB","network_logo_url":"/static/uploads/direct_network_logos/ocb_0888427dcb1d.svg","published_at":"2026-09-03T16:08:22","published_at_display":"3 Sep 2026, 16:08 GMT","sequence_badge_label":null,"sequence_count":null,"sequence_count_label":null,"sequence_frames":[],"sequence_kind":null,"source_name":"radiotelevisionmarti_com_rss","source_name_label":"Radiotelevisionmarti","source_type":"rss","summary":"Natalia Molano, portavoz del Departamento de Estado de Estados Unidos habla sobre el anunci\u00f3 de EEUU este jueves de otra ronda de sanciones contra la \u00e9lite del castrismo y sus v\u00edas de financiamiento.","title":"EEUU con m\u00e1s sanciones a la \u00e9lite de Castro y sus v\u00edas de financiamiento","topic":null,"translation_language":"","url":"https://www.martinoticias.com/a/476888.html","video_url":"https://ocb-video-ns.akamaized.net/pangeavideo/2026/09/b/bd/bd1b6495-9d6d-44ba-cff4-08decd5b38e4_1080p.mp4?cb=ee22b9b94","youtube_conversion_active":false,"youtube_conversion_error":"","youtube_conversion_status":""},{"article_body_paragraphs":[],"audio_source_url":null,"author":"Mart\u00ed Noticias","available_dubs":[{"dubbed_video_url":"/static/video/direct_dubs/direct_dub_73_e7ba329a2a41.mp4","id":73,"label":"English","target_language":"en","target_language_label":"English","voice":"sage"}],"downloadable_assets":["https://ocb-video-ns.akamaized.net/pangeavideo/2026/08/9/9b/9bb3bc0b-5f8a-4e50-5a98-08decd6ea425_1080p.mp4?cb=ee2229f10"],"duration_display":"1:36","duration_seconds":96.0,"embed_url":null,"id":13935,"image_caption":null,"image_url":"https://gdb.martinoticias.com/9bb3bc0b-5f8a-4e50-5a98-08decd6ea425_tv_w1080_h608.jpg","is_clip":true,"is_youtube_embed":false,"item_type":"video","item_type_label":"Video","language_label":"Espa\u00f1ol","media_credit":"Mart\u00ed Noticias","micro_label":"Video report","micro_label_kind":"video","network_label":"OCB","network_logo_url":"/static/uploads/direct_network_logos/ocb_0888427dcb1d.svg","published_at":"2026-09-03T11:00:00","published_at_display":"3 Sep 2026, 11:00 GMT","sequence_badge_label":null,"sequence_count":null,"sequence_count_label":null,"sequence_frames":[],"sequence_kind":null,"source_name":"ocb_spanish_video_scrape","source_name_label":"OCB Spanish Video","source_type":"scrape","summary":"\"Muy mal\" as\u00ed califica desde Bayamo joven embarazada el servicio m\u00e9dico que recibe.","title":"Cuba Habla: \"Aqu\u00ed no hay nada en la farmancia, no hay nada\u201d","topic":"Cuba Habla, Cuba","translation_language":"","url":"https://www.martinoticias.com/a/cuba-habla-aqu%C3%AD-no-hay-nada-en-la-farmancia-no-hay-nada/476424.html","video_url":"https://ocb-video-ns.akamaized.net/pangeavideo/2026/08/9/9b/9bb3bc0b-5f8a-4e50-5a98-08decd6ea425_1080p.mp4?cb=ee2229f10","youtube_conversion_active":false,"youtube_conversion_error":"","youtube_conversion_status":""},{"article_body_paragraphs":[],"audio_source_url":null,"author":"Jos\u00e9 L Ramos/Amado Gil","available_dubs":[],"downloadable_assets":["https://ocb-video-ns.akamaized.net/pangeavideo/2026/09/d/d7/d7b809c0-c5a8-4f09-cfee-08decd5b38e4_720p.mp4?cb=ee22a7cf9"],"duration_display":"28:40","duration_seconds":1720.0,"embed_url":null,"id":13607,"image_caption":null,"image_url":"https://gdb.martinoticias.com/d7b809c0-c5a8-4f09-cfee-08decd5b38e4_tv_w1080_h608.jpg","is_clip":false,"is_youtube_embed":false,"item_type":"video","item_type_label":"Video","language_label":"Espa\u00f1ol","media_credit":"Jos\u00e9 L Ramos/Amado Gil","micro_label":"Video report","micro_label_kind":"video","network_label":"OCB","network_logo_url":"/static/uploads/direct_network_logos/ocb_0888427dcb1d.svg","published_at":"2026-09-02T20:24:25","published_at_display":"2 Sep 2026, 20:24 GMT","sequence_badge_label":null,"sequence_count":null,"sequence_count_label":null,"sequence_frames":[],"sequence_kind":null,"source_name":"ocb_spanish_video_scrape","source_name_label":"OCB Spanish Video","source_type":"scrape","summary":"Amado Gil y Jos\u00e9 Luis Ramos, en Tertulia con Reinaldo Escobar y Boris Gonz\u00e1lez Arena, comentan los nuevos datos sobre ca\u00edda del turismo en Cuba. Las MIPYMES ya pueden tener m\u00e1s de 100 empleados, y empresa rusa demanda a Cubana de Aviaci\u00f3n.","title":"Las noticias como son","topic":"Las Noticias Como Son, Cuba","translation_language":"","url":"https://www.martinoticias.com/a/las-noticias-como-son/476822.html","video_url":"https://ocb-video-ns.akamaized.net/pangeavideo/2026/09/d/d7/d7b809c0-c5a8-4f09-cfee-08decd5b38e4_720p.mp4?cb=ee22a7cf9","youtube_conversion_active":false,"youtube_conversion_error":"","youtube_conversion_status":""},{"article_body_paragraphs":[],"audio_source_url":null,"author":"Ariane Gonz\u00e1lez","available_dubs":[],"downloadable_assets":["https://ocb-video-ns.akamaized.net/pangeavideo/2026/09/7/70/704c74e7-0ca2-4b9f-8539-11511d8b4187_1080p.mp4?cb=ee22a7857"],"duration_display":"29:59","duration_seconds":1799.0,"embed_url":null,"id":13606,"image_caption":null,"image_url":"https://gdb.martinoticias.com/704c74e7-0ca2-4b9f-8539-11511d8b4187_tv_w1080_h608.jpg","is_clip":false,"is_youtube_embed":false,"item_type":"video","item_type_label":"Video","language_label":"Espa\u00f1ol","media_credit":"Ariane Gonz\u00e1lez","micro_label":"Video report","micro_label_kind":"video","network_label":"OCB","network_logo_url":"/static/uploads/direct_network_logos/ocb_0888427dcb1d.svg","published_at":"2026-09-02T20:04:39","published_at_display":"2 Sep 2026, 20:04 GMT","sequence_badge_label":null,"sequence_count":null,"sequence_count_label":null,"sequence_frames":[],"sequence_kind":null,"source_name":"ocb_spanish_video_scrape","source_name_label":"OCB Spanish Video","source_type":"scrape","summary":"Noticiero de Mart\u00ed Noticias presenta un resumen de las noticias m\u00e1s importantes de Cuba y el mundo.","title":"Noticiero Mart\u00ed Noticias","topic":"Noticiero Mart\u00ed Noticias, Cuba","translation_language":"","url":"https://www.martinoticias.com/a/476805.html","video_url":"https://ocb-video-ns.akamaized.net/pangeavideo/2026/09/7/70/704c74e7-0ca2-4b9f-8539-11511d8b4187_1080p.mp4?cb=ee22a7857","youtube_conversion_active":false,"youtube_conversion_error":"","youtube_conversion_status":""},{"article_body_paragraphs":[],"audio_source_url":null,"author":"Jos\u00e9 Pernalete","available_dubs":[],"downloadable_assets":["https://ocb-video-ns.akamaized.net/pangeavideo/2026/09/5/5a/5aed3dd8-b62a-4064-bc7e-08def2b1d8dc_1080p.mp4?cb=ee22a67de","https://gdb.martinoticias.com/56bc04db-181c-4ea2-6919-08def2ff2efe_w1600_r1_n_s.jpg"],"duration_display":"0:00","duration_seconds":null,"embed_url":null,"id":13408,"image_caption":"El secretario de Energ\u00eda de EEUU, Chris Wright, junto a la presidenta interina de Venezuela, Delcy Rodr\u00edguez, en Caracas. (AFP)","image_url":"https://gdb.martinoticias.com/56bc04db-181c-4ea2-6919-08def2ff2efe_w1600_r1_n_s.jpg","is_clip":true,"is_youtube_embed":false,"item_type":"video","item_type_label":"Video","language_label":"Espa\u00f1ol","media_credit":"Jos\u00e9 Pernalete","micro_label":"Video report","micro_label_kind":"video","network_label":"OCB","network_logo_url":"/static/uploads/direct_network_logos/ocb_0888427dcb1d.svg","published_at":"2026-09-02T19:14:10","published_at_display":"2 Sep 2026, 19:14 GMT","sequence_badge_label":null,"sequence_count":null,"sequence_count_label":null,"sequence_frames":[],"sequence_kind":null,"source_name":"radiotelevisionmarti_com_rss","source_name_label":"Radiotelevisionmarti","source_type":"rss","summary":"Venezuela comenz\u00f3 este mi\u00e9rcoles la firma de nuevos acuerdos energ\u00e9ticos con empresas estadounidenses e internacionales durante una reuni\u00f3n en el Palacio de Miraflores encabezada por la gobernante encargada, Delcy Rodr\u00edguez, y el secretario de Energ\u00eda de Estados Unidos, Chris Wright.","title":"Empresas extrajeras firman acuerdos petroleros con Venezuela y EEUU para duplicar producci\u00f3n","topic":null,"translation_language":"","url":"https://www.martinoticias.com/a/eeuu-y-venezuela-firman-acuerdos-con-petroleras-extranjeras-para-duplicar-producci%c3%b3n/476819.html","video_url":"https://ocb-video-ns.akamaized.net/pangeavideo/2026/09/5/5a/5aed3dd8-b62a-4064-bc7e-08def2b1d8dc_1080p.mp4?cb=ee22a67de","youtube_conversion_active":false,"youtube_conversion_error":"","youtube_conversion_status":""},{"article_body_paragraphs":[],"audio_source_url":null,"author":"Jos\u00e9 Pernalete","available_dubs":[],"downloadable_assets":["https://ocb-video-ns.akamaized.net/pangeavideo/2026/09/5/5a/5aed3dd8-b62a-4064-bc7e-08def2b1d8dc_1080p.mp4?cb=ee22a67de"],"duration_display":"2:49","duration_seconds":169.0,"embed_url":null,"id":13375,"image_caption":null,"image_url":"https://gdb.martinoticias.com/5aed3dd8-b62a-4064-bc7e-08def2b1d8dc_tv_w1080_h608.jpg","is_clip":true,"is_youtube_embed":false,"item_type":"video","item_type_label":"Video","language_label":"Espa\u00f1ol","media_credit":"Jos\u00e9 Pernalete","micro_label":"Video report","micro_label_kind":"video","network_label":"OCB","network_logo_url":"/static/uploads/direct_network_logos/ocb_0888427dcb1d.svg","published_at":"2026-09-02T18:54:22","published_at_display":"2 Sep 2026, 18:54 GMT","sequence_badge_label":null,"sequence_count":null,"sequence_count_label":null,"sequence_frames":[],"sequence_kind":null,"source_name":"ocb_spanish_video_scrape","source_name_label":"OCB Spanish Video","source_type":"scrape","summary":"Venezuela comenz\u00f3 este mi\u00e9rcoles la firma de nuevos acuerdos energ\u00e9ticos con empresas estadounidenses e internacionales durante una reuni\u00f3n en el Palacio de Miraflores encabezada por la gobernante encargada, Delcy Rodr\u00edguez, y el secretario de Energ\u00eda de Estados Unidos, Chris Wright.","title":"Empresas extrajeras firman acuerdos petroleros con Venezuela y EEUU para duplicar producci\u00f3n","topic":"Info Mart\u00ed , Estados Unidos, VENEZUELA","translation_language":"","url":"https://www.martinoticias.com/a/empresas-extrajeras-firman-acuerdos-petroleros-con-venezuela-y-eeuu-para-duplicar-producci%C3%B3n/476817.html","video_url":"https://ocb-video-ns.akamaized.net/pangeavideo/2026/09/5/5a/5aed3dd8-b62a-4064-bc7e-08def2b1d8dc_1080p.mp4?cb=ee22a67de","youtube_conversion_active":false,"youtube_conversion_error":"","youtube_conversion_status":""},{"article_body_paragraphs":[],"audio_source_url":null,"author":"Rolando N\u00e1poles","available_dubs":[],"downloadable_assets":["https://ocb-video-ns.akamaized.net/pangeavideo/2026/09/4/4a/4af4b113-c55d-4ee1-0426-08decd63a0c8_1080p.mp4?cb=ee22a5bae"],"duration_display":"2:28","duration_seconds":148.0,"embed_url":null,"id":13262,"image_caption":null,"image_url":"https://gdb.martinoticias.com/4af4b113-c55d-4ee1-0426-08decd63a0c8_tv_w1080_h608.jpg","is_clip":true,"is_youtube_embed":false,"item_type":"video","item_type_label":"Video","language_label":"Espa\u00f1ol","media_credit":"Rolando N\u00e1poles","micro_label":"Video report","micro_label_kind":"video","network_label":"OCB","network_logo_url":"/static/uploads/direct_network_logos/ocb_0888427dcb1d.svg","published_at":"2026-09-02T18:02:22","published_at_display":"2 Sep 2026, 18:02 GMT","sequence_badge_label":null,"sequence_count":null,"sequence_count_label":null,"sequence_frames":[],"sequence_kind":null,"source_name":"ocb_spanish_video_scrape","source_name_label":"OCB Spanish Video","source_type":"scrape","summary":"Madre califica de \"catastr\u00f3fico\" nuevo curso escolar en Cuba.","title":"\"El m\u00e1s catastr\u00f3fico de todos\": madre sobre curso escolar en Cuba","topic":"Audiovisuales Mart\u00ed","translation_language":"","url":"https://www.martinoticias.com/a/476810.html","video_url":"https://ocb-video-ns.akamaized.net/pangeavideo/2026/09/4/4a/4af4b113-c55d-4ee1-0426-08decd63a0c8_1080p.mp4?cb=ee22a5bae","youtube_conversion_active":false,"youtube_conversion_error":"","youtube_conversion_status":""},{"article_body_paragraphs":[],"audio_source_url":null,"author":"Laura Artal","available_dubs":[],"downloadable_assets":["https://ocb-video-ns.akamaized.net/pangeavideo/2026/09/3/38/389f6911-2cc2-4181-691a-08def2ff2efe_1080p.mp4?cb=ee22a67b2","https://gdb.martinoticias.com/8b47270c-7174-4fa4-82ec-2267883c0915_w1600_r1_n_s.jpg"],"duration_display":"0:00","duration_seconds":null,"embed_url":null,"id":13363,"image_caption":"El exgobernante venezolano Nicol\u00e1s Maduro y su esposa, Cilia Flores, comparecen ante una corte federal en EEUU para enfrentar cargos de narcoterrorismo.","image_url":"https://gdb.martinoticias.com/8b47270c-7174-4fa4-82ec-2267883c0915_w1600_r1_n_s.jpg","is_clip":true,"is_youtube_embed":false,"item_type":"video","item_type_label":"Video","language_label":"Espa\u00f1ol","media_credit":"Laura Artal","micro_label":"Video report","micro_label_kind":"video","network_label":"OCB","network_logo_url":"/static/uploads/direct_network_logos/ocb_0888427dcb1d.svg","published_at":"2026-09-02T17:43:39","published_at_display":"2 Sep 2026, 17:43 GMT","sequence_badge_label":null,"sequence_count":null,"sequence_count_label":null,"sequence_frames":[],"sequence_kind":null,"source_name":"radiotelevisionmarti_com_rss","source_name_label":"Radiotelevisionmarti","source_type":"rss","summary":"LA DEFENSA DE NICOL\u00c1S MADURO Y CILIA FLORES SE PREPARA PARA PRESENTAR SUS PRIMERAS MOCIONES ANTE LA CORTE FEDERAL DE NUEVA YORK PARA INTENTAR QUE SE DESESTIME EL CASO, ALEGANDO INMUNIDAD Y FALTA DE JURISDICCI\u00d3N.","title":"Defensa de Maduro y Cilia alegar\u00e1 inmunidad y falta de jurisdicci\u00f3n ante corte de Nueva York","topic":null,"translation_language":"","url":"https://www.martinoticias.com/a/defensa-de-maduro-y-cilia-alegar%c3%a1-inmunidad-y-falta-de-jurisdicci%c3%b3n-ante-corte-de-new-york/476809.html","video_url":"https://ocb-video-ns.akamaized.net/pangeavideo/2026/09/3/38/389f6911-2cc2-4181-691a-08def2ff2efe_1080p.mp4?cb=ee22a67b2","youtube_conversion_active":false,"youtube_conversion_error":"","youtube_conversion_status":""},{"article_body_paragraphs":[],"audio_source_url":null,"author":"Redacci\u00f3n Mart\u00ed Noticias","available_dubs":[],"downloadable_assets":["https://gdb.martinoticias.com/6b0fd5af-c63a-4635-8cc4-34361570efea_w1600_r1_n_s.jpg"],"duration_display":"0:00","duration_seconds":null,"embed_url":"https://www.youtube.com/embed/WoJ7RMmdEf4","id":13251,"image_caption":"U.S. Secretary of State Marco Rubio visits New Delhi","image_url":"https://gdb.martinoticias.com/6b0fd5af-c63a-4635-8cc4-34361570efea_w1600_r1_n_s.jpg","is_clip":true,"is_youtube_embed":true,"item_type":"video","item_type_label":"Video","language_label":"Espa\u00f1ol","media_credit":"Redacci\u00f3n Mart\u00ed Noticias","micro_label":"Video report","micro_label_kind":"video","network_label":"OCB","network_logo_url":"/static/uploads/direct_network_logos/ocb_0888427dcb1d.svg","published_at":"2026-09-02T17:27:07","published_at_display":"2 Sep 2026, 17:27 GMT","sequence_badge_label":null,"sequence_count":null,"sequence_count_label":null,"sequence_frames":[],"sequence_kind":null,"source_name":"radiotelevisionmarti_com_rss","source_name_label":"Radiotelevisionmarti","source_type":"rss","summary":"El secretario de Estado de Estados Unidos, Marco Rubio, reiter\u00f3 este mi\u00e9rcoles que Cuba es un \"Estado fallido\u201d y sostuvo que una normalizaci\u00f3n plena de las relaciones con Washington est\u00e1 condicionada por la legislaci\u00f3n estadounidense a avances democr\u00e1ticos en la isla. Rubio abord\u00f3 la situaci\u00f3n de Cuba y Venezuela durante una amplia entrevista con Brian Kilmeade en la que tambi\u00e9n se refiri\u00f3 a los ataques estadounidenses contra objetivos iran\u00edes cerca del estrecho de Ormuz, la guerra en Ucrania, las relaciones con Rusia y las tensiones comerciales con Canad\u00e1. \u201cCuba es un Estado fallido ahora mismo. Y no es por culpa nuestra\u201d, dijo Rubio al ser preguntado cu\u00e1nto tiempo podr\u00eda permanecer en el poder el r\u00e9gimen cubano y qu\u00e9 importancia tendr\u00eda para Estados Unidos una transici\u00f3n democr\u00e1tica en la isla. El secretario de Estado atribuy\u00f3 parte de la actual situaci\u00f3n energ\u00e9tica de Cuba al fin del suministro gratuito de petr\u00f3leo venezolano que recib\u00eda durante el gobierno de Nicol\u00e1s Maduro. \u201cMaduro literalmente estaba robando el petr\u00f3leo del pueblo de Venezuela y se lo daba gratis a Cuba\u201d, afirm\u00f3 Rubio y explic\u00f3 que La Habana no utilizaba ese crudo para beneficiar a la poblaci\u00f3n, sino que vend\u00eda la mayor parte para obtener efectivo que, asegur\u00f3, \u201ciba a sus bolsillos\u201d. \u201cEso ya no est\u00e1 ocurriendo\u201d, agreg\u00f3. El jefe de la diplomacia estadounidense sostuvo que los cubanos \"llevan teniendo apagones hace cinco o siete a\u00f1os\u201d. \u201cSu sistema no funciona. No sirve\u201d, dijo. Rubio record\u00f3 adem\u00e1s que Cuba dispone de equipos de las d\u00e9cadas de 1940 y 1950 y atribuy\u00f3 la falta de renovaci\u00f3n e inversiones al modelo econ\u00f3mico de la isla. Washington est\u00e1 dispuesto a desempe\u00f1ar \u201cun papel productivo\u201d en un eventual proceso de transformaci\u00f3n cubano, aclar\u00f3. \u201cLa \u00fanica soluci\u00f3n y respuesta para Cuba [\u2026] es colocarse en un camino irreversible hacia convertirse en un Estado normal y funcional que eventualmente, por supuesto, tambi\u00e9n sea democr\u00e1tico\u201d, afirm\u00f3. El secretario de Estado subray\u00f3 adem\u00e1s que la pol\u00edtica estadounidense hacia La Habana, a diferencia de la aplicada a Venezuela u otros pa\u00edses, est\u00e1 determinada en parte por una legislaci\u00f3n aprobada por el Congreso. \u201cLa pol\u00edtica de EEUU hacia Cuba [\u2026] est\u00e1 codificada, est\u00e1 en estatuto, hay una ley y esa ley regula lo que podemos y no podemos hacer con Cuba\u201d, se\u00f1al\u00f3. Bajo esa legislaci\u00f3n la normalizaci\u00f3n plena entre ambos pa\u00edses no puede producirse sin \u201cuna democracia funcional o al menos pasos hacia una democracia funcional\u201d.","title":"Rubio dice que Cuba necesita un camino irreversible hacia la democracia","topic":null,"translation_language":"","url":"https://www.martinoticias.com/a/rubio-dice-que-cuba-necesita-un-camino-irreversible-hacia-la-democracia/476807.html","video_url":null,"youtube_conversion_active":false,"youtube_conversion_error":"","youtube_conversion_status":""},{"article_body_paragraphs":[],"audio_source_url":null,"author":"Mart\u00ed Noticias","available_dubs":[],"downloadable_assets":["https://ocb-video-ns.akamaized.net/pangeavideo/2026/08/e/e3/e3e5358f-c7bf-475b-040a-08decd63a0c8_1080p.mp4?cb=ee2229b09"],"duration_display":"1:19","duration_seconds":79.0,"embed_url":null,"id":12938,"image_caption":null,"image_url":"https://gdb.martinoticias.com/e3e5358f-c7bf-475b-040a-08decd63a0c8_tv_w1080_h608.jpg","is_clip":true,"is_youtube_embed":false,"item_type":"video","item_type_label":"Video","language_label":"Espa\u00f1ol","media_credit":"Mart\u00ed Noticias","micro_label":"Video report","micro_label_kind":"video","network_label":"OCB","network_logo_url":"/static/uploads/direct_network_logos/ocb_0888427dcb1d.svg","published_at":"2026-09-02T11:00:00","published_at_display":"2 Sep 2026, 11:00 GMT","sequence_badge_label":null,"sequence_count":null,"sequence_count_label":null,"sequence_frames":[],"sequence_kind":null,"source_name":"ocb_spanish_video_scrape","source_name_label":"OCB Spanish Video","source_type":"scrape","summary":"Desde La Habana, joven cubano habla de la crisis por falta de electricidad y comunicaci\u00f3n digital en la isla.","title":"Cuba Habla: \"El pueblo no tiene la culpa\u201d","topic":"Cuba Habla","translation_language":"","url":"https://www.martinoticias.com/a/cuba-habla-el-pueblo-no-tiene-la-culpa/476421.html","video_url":"https://ocb-video-ns.akamaized.net/pangeavideo/2026/08/e/e3/e3e5358f-c7bf-475b-040a-08decd63a0c8_1080p.mp4?cb=ee2229b09","youtube_conversion_active":false,"youtube_conversion_error":"","youtube_conversion_status":""},{"article_body_paragraphs":[],"audio_source_url":null,"author":"Redacci\u00f3n Mart\u00ed Noticias","available_dubs":[],"downloadable_assets":["https://gdb.martinoticias.com/36ed012f-4369-49c6-87e4-81fcdf3a4719_cx0_cy7_cw0_w1600_r1_n_s.jpg"],"duration_display":"0:00","duration_seconds":null,"embed_url":"https://www.youtube.com/embed/86vLL1J82Z8","id":12679,"image_caption":"Secretario de Estado de Estados Unidos, Marco Rubio","image_url":"https://gdb.martinoticias.com/36ed012f-4369-49c6-87e4-81fcdf3a4719_cx0_cy7_cw0_w1600_r1_n_s.jpg","is_clip":true,"is_youtube_embed":true,"item_type":"video","item_type_label":"Video","language_label":"Espa\u00f1ol","media_credit":"Redacci\u00f3n Mart\u00ed Noticias","micro_label":"Video report","micro_label_kind":"video","network_label":"OCB","network_logo_url":"/static/uploads/direct_network_logos/ocb_0888427dcb1d.svg","published_at":"2026-09-02T01:15:19","published_at_display":"2 Sep 2026, 01:15 GMT","sequence_badge_label":null,"sequence_count":null,"sequence_count_label":null,"sequence_frames":[],"sequence_kind":null,"source_name":"radiotelevisionmarti_com_rss","source_name_label":"Radiotelevisionmarti","source_type":"rss","summary":"Marco Rubio defendi\u00f3 el acuerdo petrolero vinculado con Venezuela como parte clave de la recuperaci\u00f3n econ\u00f3mica y la transici\u00f3n pol\u00edtica.","title":"Rubio habla sobre el hist\u00f3rico acuerdo petrolero de EEUU y Venezuela","topic":null,"translation_language":"","url":"https://www.martinoticias.com/a/rubio-habla-sobre-el-hist%c3%b3rico-acuerdo-petrolero-de-eeuu-y-venezuela/476799.html","video_url":null,"youtube_conversion_active":false,"youtube_conversion_error":"","youtube_conversion_status":""},{"article_body_paragraphs":[],"audio_source_url":null,"author":"Mario J. Pent\u00f3n","available_dubs":[],"downloadable_assets":["https://ocb-video-ns.akamaized.net/pangeavideo/2026/09/f/fa/fa27e4d0-c992-4300-7c99-08def2b1c8fe_1080p.mp4?cb=ee229670d"],"duration_display":"29:47","duration_seconds":1787.0,"embed_url":null,"id":12749,"image_caption":null,"image_url":"https://gdb.martinoticias.com/fa27e4d0-c992-4300-7c99-08def2b1c8fe_tv_w1080_h608.jpg","is_clip":false,"is_youtube_embed":false,"item_type":"video","item_type_label":"Video","language_label":"Espa\u00f1ol","media_credit":"Mario J. Pent\u00f3n","micro_label":"Video report","micro_label_kind":"video","network_label":"OCB","network_logo_url":"/static/uploads/direct_network_logos/ocb_0888427dcb1d.svg","published_at":"2026-09-02T00:33:01","published_at_display":"2 Sep 2026, 00:33 GMT","sequence_badge_label":null,"sequence_count":null,"sequence_count_label":null,"sequence_frames":[],"sequence_kind":null,"source_name":"ocb_spanish_video_scrape","source_name_label":"OCB Spanish Video","source_type":"scrape","summary":"Cuba se apaga y las protestas caen: \u00bfmiedo, cansancio o resignaci\u00f3n?","title":"Cuba al d\u00eda","topic":"Cuba al D\u00eda, Cuba","translation_language":"","url":"https://www.martinoticias.com/a/cuba-al-d%C3%ADa/476797.html","video_url":"https://ocb-video-ns.akamaized.net/pangeavideo/2026/09/f/fa/fa27e4d0-c992-4300-7c99-08def2b1c8fe_1080p.mp4?cb=ee229670d","youtube_conversion_active":false,"youtube_conversion_error":"","youtube_conversion_status":""},{"article_body_paragraphs":[],"audio_source_url":null,"author":"Jos\u00e9 Pernalete","available_dubs":[{"dubbed_video_url":"/static/video/direct_dubs/direct_dub_59_7fe44e432a54.mp4","id":59,"label":"English","target_language":"en","target_language_label":"English","voice":"alloy"}],"downloadable_assets":["https://ocb-video-ns.akamaized.net/pangeavideo/2026/09/0/07/07bfa549-6b27-4d2b-6915-08def2ff2efe_1080p.mp4?cb=ee22934b1","https://gdb.martinoticias.com/b9886e60-771c-4c96-5aab-08decd6ea425_w1600_r1_n_s.jpg"],"duration_display":"0:00","duration_seconds":null,"embed_url":null,"id":12626,"image_caption":"Una bomba de extracci\u00f3n de petr\u00f3leo en el lago de Maracaibo, en Cabimas, Venezuela.(REUTERS)","image_url":"https://gdb.martinoticias.com/b9886e60-771c-4c96-5aab-08decd6ea425_w1600_r1_n_s.jpg","is_clip":true,"is_youtube_embed":false,"item_type":"video","item_type_label":"Video","language_label":"Espa\u00f1ol","media_credit":"Jos\u00e9 Pernalete","micro_label":"Video report","micro_label_kind":"video","network_label":"OCB","network_logo_url":"/static/uploads/direct_network_logos/ocb_0888427dcb1d.svg","published_at":"2026-09-01T21:54:06","published_at_display":"1 Sep 2026, 21:54 GMT","sequence_badge_label":null,"sequence_count":null,"sequence_count_label":null,"sequence_frames":[],"sequence_kind":null,"source_name":"radiotelevisionmarti_com_rss","source_name_label":"Radiotelevisionmarti","source_type":"rss","summary":"El economista y experto petrolero Jos\u00e9 Toro Hardy advierte que el acuerdo energ\u00e9tico entre Estados Unidos y Venezuela enfrenta importantes interrogantes sobre la capacidad de las empresas involucradas para ejecutar inversiones de hasta 100 mil millones de d\u00f3lares.","title":"Acuerdo petrolero con EEUU abre camino a inversiones en Venezuela, pero persisten desaf\u00edos","topic":null,"translation_language":"","url":"https://www.martinoticias.com/a/acuerdo-petrolero-entre-eeuu-y-venezuela-podr%c3%ada-atraer-inversiones-por-100-000-millones-de-d%c3%b3lares/476756.html","video_url":"https://ocb-video-ns.akamaized.net/pangeavideo/2026/09/0/07/07bfa549-6b27-4d2b-6915-08def2ff2efe_1080p.mp4?cb=ee22934b1","youtube_conversion_active":false,"youtube_conversion_error":"","youtube_conversion_status":""}],"next_num":2,"page":1,"pages":8,"per_page":20,"prev_num":null,"total":160}
