{"applied_filters":{"end_date":"","lang":"","language":"","network":"OCB","page":11,"per_page":20,"search":"","source":"","start_date":"","topic":"","type":"photo"},"available_filters":{"language_choices":[{"label":"Choose Language","value":""},{"label":"English","value":"English"},{"label":"Espa\u00f1ol","value":"Espa\u00f1ol"}],"network_choices":[{"label":"All networks","value":""},{"label":"OCB","value":"OCB"}],"source_choices":[{"label":"All sources","value":""},{"label":"Radiotelevisionmarti","value":"radiotelevisionmarti_com_rss"}],"sources":["radiotelevisionmarti_com_rss"],"topics":[],"types":[["","All types"],["article","Articles"],["audio","Audio"],["video","Videos"],["clips","Clips"],["media","Media"]]},"has_next":true,"has_prev":true,"items":[{"article_body_paragraphs":[],"audio_source_url":null,"author":"Rolando N\u00e1poles","available_dubs":[],"downloadable_assets":["https://gdb.martinoticias.com/578ee836-8ce2-452f-bc3f-08def2b1d8dc_w1600_r1_n_s.png"],"duration_display":"0:00","duration_seconds":null,"embed_url":null,"id":7352,"image_caption":null,"image_url":"https://gdb.martinoticias.com/578ee836-8ce2-452f-bc3f-08def2b1d8dc_w1600_r1_n_s.png","is_clip":false,"is_youtube_embed":false,"item_type":"photo","item_type_label":"Photo","language_label":"Espa\u00f1ol","media_credit":"Rolando N\u00e1poles","micro_label":"Photo","micro_label_kind":"gallery","network_label":"OCB","network_logo_url":"/static/uploads/direct_network_logos/ocb_0888427dcb1d.svg","published_at":"2026-08-20T19:15:05","published_at_display":"20 Aug 2026, 19:15 GMT","sequence_badge_label":null,"sequence_count":null,"sequence_count_label":null,"sequence_frames":[],"sequence_kind":null,"source_name":"radiotelevisionmarti_com_rss","source_name_label":"Radiotelevisionmarti","source_type":"rss","summary":"La Marina de M\u00e9xico localiz\u00f3 una embarcaci\u00f3n con 19 balseros cubanos desaparecida desde la semana pasada, seg\u00fan inform\u00f3 una fuente oficial citada por AFP.","title":"Hallan embarcaci\u00f3n con 19 balseros cubanos desaparecidos, reporta AFP","topic":null,"translation_language":"","url":"https://www.martinoticias.com/a/hallan-embarcaci%c3%b3n-con-19-balseros-cubanos-desaparecidos-desde-hace-una-semana-reporta-afp/475882.html","video_url":null,"youtube_conversion_active":false,"youtube_conversion_error":"","youtube_conversion_status":""},{"article_body_paragraphs":[],"audio_source_url":null,"author":"Redacci\u00f3n Mart\u00ed Noticias","available_dubs":[],"downloadable_assets":["https://gdb.martinoticias.com/e01723a9-888a-495a-b689-434143e51df6_w1600_r1_n_s.jpg"],"duration_display":"0:00","duration_seconds":null,"embed_url":null,"id":7342,"image_caption":null,"image_url":"https://gdb.martinoticias.com/e01723a9-888a-495a-b689-434143e51df6_w1600_r1_n_s.jpg","is_clip":false,"is_youtube_embed":false,"item_type":"photo","item_type_label":"Photo","language_label":"Espa\u00f1ol","media_credit":"Redacci\u00f3n Mart\u00ed Noticias","micro_label":"Photo","micro_label_kind":"gallery","network_label":"OCB","network_logo_url":"/static/uploads/direct_network_logos/ocb_0888427dcb1d.svg","published_at":"2026-08-20T18:54:09","published_at_display":"20 Aug 2026, 18:54 GMT","sequence_badge_label":null,"sequence_count":null,"sequence_count_label":null,"sequence_frames":[],"sequence_kind":null,"source_name":"radiotelevisionmarti_com_rss","source_name_label":"Radiotelevisionmarti","source_type":"rss","summary":"\u201cFuncion\u00f3 en Venezuela una vez que establecimos el bloqueo; est\u00e1 funcionando en Cuba ahora mismo. Y funcionar\u00e1 en Ir\u00e1n: vamos a provocar el colapso de este r\u00e9gimen\u201d, dijo Bessent en una entrevista con Sara Eisen en el programa Squawk on the Street, de CNBC.","title":"Bessent afirma que la presi\u00f3n econ\u00f3mica de EEUU \u201cest\u00e1 funcionando en Cuba\u201d","topic":null,"translation_language":"","url":"https://www.martinoticias.com/a/bessent-afirma-que-la-presi%c3%b3n-econ%c3%b3mica-de-eeuu-est%c3%a1-funcionando-en-cuba/475883.html","video_url":null,"youtube_conversion_active":false,"youtube_conversion_error":"","youtube_conversion_status":""},{"article_body_paragraphs":[],"audio_source_url":null,"author":"Redacci\u00f3n Mart\u00ed Noticias","available_dubs":[],"downloadable_assets":["https://gdb.martinoticias.com/36ed012f-4369-49c6-87e4-81fcdf3a4719_cx0_cy10_cw0_w1600_r1_n_s.jpg"],"duration_display":"0:00","duration_seconds":null,"embed_url":null,"id":7327,"image_caption":null,"image_url":"https://gdb.martinoticias.com/36ed012f-4369-49c6-87e4-81fcdf3a4719_cx0_cy10_cw0_w1600_r1_n_s.jpg","is_clip":false,"is_youtube_embed":false,"item_type":"photo","item_type_label":"Photo","language_label":"Espa\u00f1ol","media_credit":"Redacci\u00f3n Mart\u00ed Noticias","micro_label":"Photo","micro_label_kind":"gallery","network_label":"OCB","network_logo_url":"/static/uploads/direct_network_logos/ocb_0888427dcb1d.svg","published_at":"2026-08-20T18:30:03","published_at_display":"20 Aug 2026, 18:30 GMT","sequence_badge_label":null,"sequence_count":null,"sequence_count_label":null,"sequence_frames":[],"sequence_kind":null,"source_name":"radiotelevisionmarti_com_rss","source_name_label":"Radiotelevisionmarti","source_type":"rss","summary":"\u201cLas designaciones de hoy dejan claro que la Administraci\u00f3n Trump no tolerar\u00e1 los esfuerzos del r\u00e9gimen cubano por financiar su represi\u00f3n ni por continuar su campa\u00f1a de d\u00e9cadas de actividades subversivas antiestadounidenses\u201d, subray\u00f3 el secretario de Estado Marco Rubio.","title":"Rubio advierte a Cuba que EEUU no tolerar\u00e1 actividades subversivas del r\u00e9gimen en su contra","topic":null,"translation_language":"","url":"https://www.martinoticias.com/a/rubio-advierte-a-la-habana-que-eeuu-no-tolerar%c3%a1-actividades-subversivas-del-r%c3%a9gimen-en-su-contra/475879.html","video_url":null,"youtube_conversion_active":false,"youtube_conversion_error":"","youtube_conversion_status":""},{"article_body_paragraphs":[],"audio_source_url":null,"author":"Redacci\u00f3n Mart\u00ed Noticias","available_dubs":[],"downloadable_assets":["https://gdb.martinoticias.com/a58b7f45-27e9-4da6-5a60-08decd6ea425_w1600_r1_n_s.jpg"],"duration_display":"0:00","duration_seconds":null,"embed_url":null,"id":7310,"image_caption":null,"image_url":"https://gdb.martinoticias.com/a58b7f45-27e9-4da6-5a60-08decd6ea425_w1600_r1_n_s.jpg","is_clip":false,"is_youtube_embed":false,"item_type":"photo","item_type_label":"Photo","language_label":"Espa\u00f1ol","media_credit":"Redacci\u00f3n Mart\u00ed Noticias","micro_label":"Photo","micro_label_kind":"gallery","network_label":"OCB","network_logo_url":"/static/uploads/direct_network_logos/ocb_0888427dcb1d.svg","published_at":"2026-08-20T17:50:52","published_at_display":"20 Aug 2026, 17:50 GMT","sequence_badge_label":null,"sequence_count":null,"sequence_count_label":null,"sequence_frames":[],"sequence_kind":null,"source_name":"radiotelevisionmarti_com_rss","source_name_label":"Radiotelevisionmarti","source_type":"rss","summary":"Estados Unidos sancion\u00f3 este jueves a tres funcionarios del Instituto Cubano de Amistad con los Pueblos (ICAP), a varias entidades estatales, incluyendo empresas mineras y el Ministerio de la Construcci\u00f3n, y a la empresa que por d\u00e9cadas ha regulado la contrataci\u00f3n de cubanos para el mercado laboral de firmas extranjeras en la isla. Las medidas de este 20 de agosto de 2026 fueron anunciadas por la Oficina de Control de Activos Extranjeros (OFAC) del Departamento del Tesoro de Estados Unidos, que actualiz\u00f3 la Lista de Nacionales Especialmente Designados (SDN) e incorpor\u00f3 nuevas sanciones, basadas en la Orden Ejecutiva 14404, firmada por el presidente Donald Trump en mayo, en la que determin\u00f3 que las pol\u00edticas, pr\u00e1cticas y acciones del r\u00e9gimen de Cuba constituyen una amenaza inusual y extraordinaria a la seguridad nacional y la pol\u00edtica exterior de Estados Unidos. Noem\u00ed Rabaza Fern\u00e1ndez, Vicepresidenta Primera del ICAP. Entre los cubanos sancionados figuran tres directivos del Instituto Cubano de Amistad con los Pueblos: Fernando Gonz\u00e1lez Llort, Leima Mart\u00ednez Freire y Noem\u00ed Ramona Rabaza Fern\u00e1ndez. Gonz\u00e1lez Llort, quien dirige el ICAP, fue convicto por espionaje en los Estados Unidos como parte de la Red Avispa, cumpli\u00f3 15 a\u00f1os de una sentencia de 17 a\u00f1os en prisi\u00f3n por no registrarse como un agente extranjero y poseer documentos de identidad falsificados. Adem\u00e1s, con las sanciones de hoy se actualiz\u00f3 la informaci\u00f3n sobre el ICAP y sus extensiones, como la llamada \"Casa de la Amistad\", ubicada en Paseo e/ 17 y 19, Vedado, en la que fuera la residencia privada de Catalina Lasa y Juan Pedro Bar\u00f3 ; la \"Casa Memorial Salvador Allende\", localizada en Calle 13 e/ D y E, Vedado; y el Campamento Internacional Julio Antonio Mella de Caimito. La llamada \"Casa de la Amistad\", ubicada en Paseo e/ 17 y 19, Vedado, en la que fuera la residencia privada de Catalina Lasa y Juan Pedro Bar\u00f3. \"El r\u00e9gimen cubano ha patrocinado durante mucho tiempo una vasta red subversiva en Estados Unidos, cuyo objetivo es identificar, captar y radicalizar a subversivos, operando principalmente bajo el pretexto de intercambio educativo o cultural\", se\u00f1al\u00f3 el Secretario de Estado Marco Rubio en un comunicado . En el caso de Gonz\u00e1lez Llort, Rubio dijo que ha continuado realizando actividades destinadas a \u201cdesestabilizar\u201d a Estados Unidos despu\u00e9s de su regreso a Cuba. El director del ICAP posa en una sesi\u00f3n del Parlamento Europeo, el 16 de noviembre de 2023. En la ronda de hoy, el Departamento del Tesoro sancion\u00f3 a nueve entidades cubanas, en su mayor\u00eda empresas estatales. ACINOX Comercial (Empresa Acinox Comercial S.A.), dedicada a la fabricaci\u00f3n de hierro y acero b\u00e1sico y con sede en La Habana; La Agencia de Contrataci\u00f3n a Representaciones Comerciales S.A. (ACOREC S.A.), tambi\u00e9n en La Habana y orientada a la provisi\u00f3n de recursos humanos para las empresas extranjeras en la isla. Coratur S.A. (Corporaci\u00f3n de Abastecimiento al Turismo S.A.), ubicada en Miramar y vinculada al Grupo Empresarial del Comercio Exterior; La Empresa Central de Abastecimiento y Ventas de Equipos de Transporte Pesado y sus Piezas (conocida como Transimport), en Marianao, La Habana; La Empresa Comercializadora de Art\u00edculos en General (Consumimport), igualmente en La Habana; La Empresa de N\u00edquel Comandante Ernesto Che Guevara, localizada en Moa, Holgu\u00edn; La Empresa Importadora Exportadora y Comercializadora de Metales (Metalcuba), con sede en La Habana; El Grupo Empresarial Geominero Salinero (Geominsal), tambi\u00e9n en La Habana; El Ministerio de la Construcci\u00f3n de Cuba (MICONS o MINCONS), entidad gubernamental con sede en La Habana. Basadas en el informe El Departamento de Estado indic\u00f3 en un comunicado que estas designaciones se fundamentan en el informe del 20 de julio Cuba: La capital del comunismo del siglo XXI , el cual resume c\u00f3mo el r\u00e9gimen cubano ha utilizado durante d\u00e9cadas brigadas \u2014como la coordinada a principios de este mes por el ya designado ICAP\u2014 para promover los intereses de Cuba a expensas de los Estados Unidos. La larga sombra de La Habana: reporte expone d\u00e9cadas de espionaje y subversi\u00f3n de Cuba en EEUU Todas las partes sancionadas hoy por el Departamento de Estado han sido designadas en virtud de la Orden Ejecutiva 14404, que autoriza la imposici\u00f3n de sanciones a personas extranjeras que cumplan criterios espec\u00edficos relacionados con la represi\u00f3n en Cuba y otras amenazas a la seguridad nacional y la pol\u00edtica exterior de los Estados Unidos.","title":"EEUU sanciona a tres funcionarios del ICAP y a varias empresas cubanas","topic":null,"translation_language":"","url":"https://www.martinoticias.com/a/eeuu-sanciona-a-tres-funcionarios-del-icap-y-a-varias-empresas-cubanas/475877.html","video_url":null,"youtube_conversion_active":false,"youtube_conversion_error":"","youtube_conversion_status":""},{"article_body_paragraphs":[],"audio_source_url":null,"author":"Ariane Gonz\u00e1lez","available_dubs":[],"downloadable_assets":["https://gdb.martinoticias.com/baf5e7f8-b53d-4a46-5a5d-08decd6ea425_cx0_cy2_cw0_w1600_r1_n_s.jpeg"],"duration_display":"0:00","duration_seconds":null,"embed_url":null,"id":7299,"image_caption":null,"image_url":"https://gdb.martinoticias.com/baf5e7f8-b53d-4a46-5a5d-08decd6ea425_cx0_cy2_cw0_w1600_r1_n_s.jpeg","is_clip":false,"is_youtube_embed":false,"item_type":"photo","item_type_label":"Photo","language_label":"Espa\u00f1ol","media_credit":"Ariane Gonz\u00e1lez","micro_label":"Photo","micro_label_kind":"gallery","network_label":"OCB","network_logo_url":"/static/uploads/direct_network_logos/ocb_0888427dcb1d.svg","published_at":"2026-08-20T17:41:35","published_at_display":"20 Aug 2026, 17:41 GMT","sequence_badge_label":null,"sequence_count":null,"sequence_count_label":null,"sequence_frames":[],"sequence_kind":null,"source_name":"radiotelevisionmarti_com_rss","source_name_label":"Radiotelevisionmarti","source_type":"rss","summary":"El opositor cubano Guillermo del Sol cumpli\u00f3 este 20 de agosto 64 d\u00edas en huelga de hambre, con s\u00edntomas de deshidrataci\u00f3n, presi\u00f3n arterial elevada, debilidad extrema y dificultades para hablar, inform\u00f3 a Mart\u00ed Noticias su hijo, Adri\u00e1n del Sol. La protesta comenz\u00f3 el 18 de junio pasado para exigir la liberaci\u00f3n de 18 presos pol\u00edticos cubanos cuyas condiciones de salud y encarcelamientoel el activista considera especialmente graves. \u201cGuillermo sigue en un estado cr\u00edtico, avanzado, con mucho deterioro en su cuerpo. Contin\u00faa presentando signos de deshidrataci\u00f3n e hipersensibilidad a la temperatura en los miembros inferiores\u201d, declar\u00f3 Adri\u00e1n. Seg\u00fan explic\u00f3, la presi\u00f3n arterial de su padre ha fluctuado entre 170/100 y 150/100, mientras su nivel de glucosa ronda los 4,5. Tambi\u00e9n presenta somnolencia, episodios de visi\u00f3n borrosa y problemas para expresarse en determinados momentos. Al momento de las declaraciones, la comisi\u00f3n m\u00e9dica que lo visita en su vivienda todav\u00eda no hab\u00eda acudido para medir sus par\u00e1metros vitales. \u201cEstamos muy atentos para, en caso de que cayera o sufriera un desmayo, poder trasladarlo a los servicios de urgencia en el menor tiempo posible y evitar que ocurra lo peor\u201d, afirm\u00f3 el hijo del opositor. Adri\u00e1n record\u00f3 que Guillermo del Sol padece diabetes e hipertensi\u00f3n, dos enfermedades que incrementan los riesgos asociados con la falta prolongada de alimentos. \u201cCada d\u00eda que pasa es una complicaci\u00f3n m\u00e1s que va padeciendo dentro de su cuerpo\u201d, advirti\u00f3. El opositor explic\u00f3 anteriormente a Mart\u00ed Noticias que decidi\u00f3 comenzar la huelga despu\u00e9s de una escalada represiva en su contra y de nuevas acusaciones judiciales que considera infundadas. Sin embargo, aclar\u00f3 que su demanda principal no est\u00e1 relacionada con su situaci\u00f3n personal. Su protesta reclama la excarcelaci\u00f3n de 18 presos pol\u00edticos, uno de los cuales, el joven Jonathan Muir, ya fue liberado. Entre los otros se encuentran Mayel\u00edn Rodr\u00edguez Prado, Donaida P\u00e9rez Paseiro, Sayl\u00ed Navarro \u00c1lvarez, Lizandra G\u00f3ngora Espinoza, Mar\u00eda Cristina Garrido Rodr\u00edguez, Miguel D\u00edaz Bauz\u00e1, Loreto Hern\u00e1ndez Garc\u00eda, F\u00e9lix Navarro Rodr\u00edguez, Jos\u00e9 Gabriel Barrenechea Ch\u00e1vez y los hermanos Jorge y Nadir Mart\u00edn Perdomo. Del Sol ha llamado especialmente la atenci\u00f3n sobre D\u00edaz Bauz\u00e1, quien lleva m\u00e1s de tres d\u00e9cadas encarcelado y padece diabetes. Tambi\u00e9n ha denunciado la situaci\u00f3n de F\u00e9lix Navarro, hist\u00f3rico opositor cubano, y de Loreto Hern\u00e1ndez, quien, seg\u00fan explic\u00f3, sufre una grave cardiopat\u00eda, diabetes y frecuentes desmayos. Activistas y organizaciones defensoras de los derechos humanos han reclamado acciones urgentes para preservar la vida de Guillermo del Sol ante el progresivo deterioro de su salud. En medio de esos llamados, la exdirigente del partido espa\u00f1ol Vox Roc\u00edo Monasterio anunci\u00f3 que apadrinar\u00e1 pol\u00edticamente a Del Sol y a Roil\u00e1n \u00c1lvarez Rensoler, como parte de la campa\u00f1a internacional \u201cApadrina a un preso pol\u00edtico\u201d, impulsada por el Instituto Casla. \u201cA partir de hoy ser\u00e9 la madrina de dos presos pol\u00edticos cubanos: Roil\u00e1n \u00c1lvarez Rensoler y Guillermo del Sol. \u00a1No est\u00e1is solos!\u201d, escribi\u00f3 Monasterio en la red social X. La pol\u00edtica hispanocubana prometi\u00f3 dar voz y visibilidad desde Espa\u00f1a a ambos opositores y a sus familias, y expres\u00f3 su esperanza de que pronto puedan recuperar la libertad.","title":"\u201cEstamos atentos para evitar lo peor\u201d: Guillermo del Sol cumple 64 d\u00edas en huelga de hambre","topic":null,"translation_language":"","url":"https://www.martinoticias.com/a/estamos-atentos-para-evitar-lo-peor-guillermo-del-sol-cumple-64-d%c3%adas-en-huelga-de-hambre/475875.html","video_url":null,"youtube_conversion_active":false,"youtube_conversion_error":"","youtube_conversion_status":""},{"article_body_paragraphs":[],"audio_source_url":null,"author":"Yaima Pardo","available_dubs":[],"downloadable_assets":["https://gdb.martinoticias.com/9d538ec5-1870-41de-b7ab-d3aea4f74d1e_w1600_r1_n_s.jpg"],"duration_display":"0:00","duration_seconds":null,"embed_url":null,"id":7300,"image_caption":null,"image_url":"https://gdb.martinoticias.com/9d538ec5-1870-41de-b7ab-d3aea4f74d1e_w1600_r1_n_s.jpg","is_clip":false,"is_youtube_embed":false,"item_type":"photo","item_type_label":"Photo","language_label":"Espa\u00f1ol","media_credit":"Yaima Pardo","micro_label":"Photo","micro_label_kind":"gallery","network_label":"OCB","network_logo_url":"/static/uploads/direct_network_logos/ocb_0888427dcb1d.svg","published_at":"2026-08-20T17:32:53","published_at_display":"20 Aug 2026, 17:32 GMT","sequence_badge_label":null,"sequence_count":null,"sequence_count_label":null,"sequence_frames":[],"sequence_kind":null,"source_name":"radiotelevisionmarti_com_rss","source_name_label":"Radiotelevisionmarti","source_type":"rss","summary":"\"Tienes que escoger entre comprar un pomo de aceite o un uniforme al ni\u00f1o\u201d, dijo una de las entrevistadas a Mart\u00ed Noticias.","title":"\u201c\u00bfCon qu\u00e9 uniforme? \u00bfCon qu\u00e9 mochila?\u201d: familias cubanas enfrentan el regreso a las aulas","topic":null,"translation_language":"","url":"https://www.martinoticias.com/a/con-qu%c3%a9-uniforme-con-qu%c3%a9-mochila-familias-cubanas-enfrentan-el-regreso-a-las-aulas/475872.html","video_url":null,"youtube_conversion_active":false,"youtube_conversion_error":"","youtube_conversion_status":""},{"article_body_paragraphs":[],"audio_source_url":null,"author":null,"available_dubs":[],"downloadable_assets":["https://gdb.martinoticias.com/ac8bcbb7-39ea-4f61-ae39-3a4d608d26f2_cx0_cy11_cw0_w1600_r1_n_s.jpg"],"duration_display":"0:00","duration_seconds":null,"embed_url":null,"id":7301,"image_caption":null,"image_url":"https://gdb.martinoticias.com/ac8bcbb7-39ea-4f61-ae39-3a4d608d26f2_cx0_cy11_cw0_w1600_r1_n_s.jpg","is_clip":false,"is_youtube_embed":false,"item_type":"photo","item_type_label":"Photo","language_label":"Espa\u00f1ol","media_credit":null,"micro_label":"Photo","micro_label_kind":"gallery","network_label":"OCB","network_logo_url":"/static/uploads/direct_network_logos/ocb_0888427dcb1d.svg","published_at":"2026-08-20T17:29:55","published_at_display":"20 Aug 2026, 17:29 GMT","sequence_badge_label":null,"sequence_count":null,"sequence_count_label":null,"sequence_frames":[],"sequence_kind":null,"source_name":"radiotelevisionmarti_com_rss","source_name_label":"Radiotelevisionmarti","source_type":"rss","summary":"Seg\u00fan dijo el Secretario de Estado, incluir\u00e1 una amplia gama de medidas destinadas a garantizar que la Corte Penal Internacional sea incapaz de amenazar la soberan\u00eda de EEUU o de tomar como objetivo a ciudadanos estadounidenses.","title":"Rubio promete campa\u00f1a de \"gran alcance\" contra la Corte Penal Internacional","topic":null,"translation_language":"","url":"https://www.martinoticias.com/a/rubio-promete-campa%c3%b1a-de-gran-alcance-contra-la-corte-penal-internacional/475876.html","video_url":null,"youtube_conversion_active":false,"youtube_conversion_error":"","youtube_conversion_status":""},{"article_body_paragraphs":[],"audio_source_url":null,"author":"Laura Artal","available_dubs":[],"downloadable_assets":["https://gdb.martinoticias.com/76fb255f-cd62-403b-03d6-08decd63a0c8_w1600_r1_n_s.png"],"duration_display":"0:00","duration_seconds":null,"embed_url":null,"id":7267,"image_caption":null,"image_url":"https://gdb.martinoticias.com/76fb255f-cd62-403b-03d6-08decd63a0c8_w1600_r1_n_s.png","is_clip":false,"is_youtube_embed":false,"item_type":"photo","item_type_label":"Photo","language_label":"Espa\u00f1ol","media_credit":"Laura Artal","micro_label":"Photo","micro_label_kind":"gallery","network_label":"OCB","network_logo_url":"/static/uploads/direct_network_logos/ocb_0888427dcb1d.svg","published_at":"2026-08-20T16:06:16","published_at_display":"20 Aug 2026, 16:06 GMT","sequence_badge_label":null,"sequence_count":null,"sequence_count_label":null,"sequence_frames":[],"sequence_kind":null,"source_name":"radiotelevisionmarti_com_rss","source_name_label":"Radiotelevisionmarti","source_type":"rss","summary":"La presidenta de la Asamblea Nacional electa en 2015, Dinorah Figuera, anunci\u00f3 que en septiembre la mesa de negociaci\u00f3n entre la oposici\u00f3n y el oficialismo abordar\u00e1 las garant\u00edas pol\u00edticas y civiles en Venezuela.","title":"Garant\u00edas civiles, reforma del TSJ y fin de inhabilitaciones marcar\u00e1n agenda de di\u00e1logo en Venezuela","topic":null,"translation_language":"","url":"https://www.martinoticias.com/a/garant%c3%adas-civiles-reforma-del-tsj-y-fin-de-inhabilitaciones-marcar%c3%a1n-agenda-de-negociaci%c3%b3n-en-venezuela/475868.html","video_url":null,"youtube_conversion_active":false,"youtube_conversion_error":"","youtube_conversion_status":""},{"article_body_paragraphs":[],"audio_source_url":null,"author":"Redacci\u00f3n Mart\u00ed Noticias","available_dubs":[],"downloadable_assets":["https://gdb.martinoticias.com/936c67ca-a626-4919-9d30-4aabf897f180_cx0_cy6_cw0_w1600_r1_n_s.jpg"],"duration_display":"0:00","duration_seconds":null,"embed_url":null,"id":7236,"image_caption":null,"image_url":"https://gdb.martinoticias.com/936c67ca-a626-4919-9d30-4aabf897f180_cx0_cy6_cw0_w1600_r1_n_s.jpg","is_clip":false,"is_youtube_embed":false,"item_type":"photo","item_type_label":"Photo","language_label":"Espa\u00f1ol","media_credit":"Redacci\u00f3n Mart\u00ed Noticias","micro_label":"Photo","micro_label_kind":"gallery","network_label":"OCB","network_logo_url":"/static/uploads/direct_network_logos/ocb_0888427dcb1d.svg","published_at":"2026-08-20T15:36:52","published_at_display":"20 Aug 2026, 15:36 GMT","sequence_badge_label":null,"sequence_count":null,"sequence_count_label":null,"sequence_frames":[],"sequence_kind":null,"source_name":"radiotelevisionmarti_com_rss","source_name_label":"Radiotelevisionmarti","source_type":"rss","summary":"Estados Unidos record\u00f3 el cumplea\u00f1os 43 del rapero cubano Maykel Castillo P\u00e9rez, conocido como \u201cMaykel Osorbo\u201d, y reclam\u00f3 su liberaci\u00f3n, al considerar injusto su encarcelamiento en Cuba por motivos pol\u00edticos.","title":"EEUU denuncia encarcelamiento de Maykel Osorbo","topic":null,"translation_language":"","url":"https://www.martinoticias.com/a/eeuu-denuncia-encarcelamiento-de-maykel-osorbo/475869.html","video_url":null,"youtube_conversion_active":false,"youtube_conversion_error":"","youtube_conversion_status":""},{"article_body_paragraphs":[],"audio_source_url":null,"author":"Rolando N\u00e1poles","available_dubs":[],"downloadable_assets":["https://gdb.martinoticias.com/065ee5a7-538f-4cca-68b8-08def2ff2efe_w1600_r1_n_s.jpg"],"duration_display":"0:00","duration_seconds":null,"embed_url":null,"id":7237,"image_caption":null,"image_url":"https://gdb.martinoticias.com/065ee5a7-538f-4cca-68b8-08def2ff2efe_w1600_r1_n_s.jpg","is_clip":false,"is_youtube_embed":false,"item_type":"photo","item_type_label":"Photo","language_label":"Espa\u00f1ol","media_credit":"Rolando N\u00e1poles","micro_label":"Photo","micro_label_kind":"gallery","network_label":"OCB","network_logo_url":"/static/uploads/direct_network_logos/ocb_0888427dcb1d.svg","published_at":"2026-08-20T15:27:37","published_at_display":"20 Aug 2026, 15:27 GMT","sequence_badge_label":null,"sequence_count":null,"sequence_count_label":null,"sequence_frames":[],"sequence_kind":null,"source_name":"radiotelevisionmarti_com_rss","source_name_label":"Radiotelevisionmarti","source_type":"rss","summary":"EEUU expres\u00f3 su disposici\u00f3n de apoyar a Per\u00fa ante los posibles efectos devastadores del fen\u00f3meno de El Ni\u00f1o, mientras ambos gobiernos coordinan acciones preventivas y una hoja de ruta conjunta para enfrentar lo que podr\u00eda convertirse en una de las emergencias clim\u00e1ticas m\u00e1s severas en la regi\u00f3n.","title":"EEUU apoya a Per\u00fa ante posible agravamiento de fen\u00f3meno \"El Ni\u00f1o\", afirma embajador Navarro","topic":null,"translation_language":"","url":"https://www.martinoticias.com/a/eeuu-apoya-a-per%c3%ba-ante-posible-agravamiento-de-fen%c3%b3meno-el-ni%c3%b1o-afirma-embajador-navarro/475866.html","video_url":null,"youtube_conversion_active":false,"youtube_conversion_error":"","youtube_conversion_status":""},{"article_body_paragraphs":[],"audio_source_url":null,"author":"Mario J. Pent\u00f3n","available_dubs":[],"downloadable_assets":["https://gdb.martinoticias.com/91f3ac9b-66f2-42b7-bc3b-08def2b1d8dc_w1600_r1_n_s.png"],"duration_display":"0:00","duration_seconds":null,"embed_url":null,"id":7215,"image_caption":null,"image_url":"https://gdb.martinoticias.com/91f3ac9b-66f2-42b7-bc3b-08def2b1d8dc_w1600_r1_n_s.png","is_clip":false,"is_youtube_embed":false,"item_type":"photo","item_type_label":"Photo","language_label":"Espa\u00f1ol","media_credit":"Mario J. Pent\u00f3n","micro_label":"Photo","micro_label_kind":"gallery","network_label":"OCB","network_logo_url":"/static/uploads/direct_network_logos/ocb_0888427dcb1d.svg","published_at":"2026-08-20T14:48:25","published_at_display":"20 Aug 2026, 14:48 GMT","sequence_badge_label":null,"sequence_count":null,"sequence_count_label":null,"sequence_frames":[],"sequence_kind":null,"source_name":"radiotelevisionmarti_com_rss","source_name_label":"Radiotelevisionmarti","source_type":"rss","summary":"Google neg\u00f3 haber enviado la alerta s\u00edsmica que caus\u00f3 el p\u00e1nico entre la poblaci\u00f3n y asegur\u00f3 que su sistema no detect\u00f3 ning\u00fan terremoto en Cuba. Una fuente de ETECSA afirm\u00f3 que la alarma habr\u00eda surgido por una prueba interna que se propag\u00f3 por error. ETECSA a\u00fan no ha explicado qui\u00e9n la activ\u00f3.","title":"Google desmiente al r\u00e9gimen cubano; la alerta de terremoto tendr\u00eda como origen ETECSA (VIDEO)","topic":null,"translation_language":"","url":"https://www.martinoticias.com/a/google-desmiente-al-r%c3%a9gimen-cubano-la-alerta-de-terremoto-tendr%c3%ada-como-origen-etecsa/475861.html","video_url":null,"youtube_conversion_active":false,"youtube_conversion_error":"","youtube_conversion_status":""},{"article_body_paragraphs":[],"audio_source_url":null,"author":"Redacci\u00f3n Mart\u00ed Noticias","available_dubs":[],"downloadable_assets":["https://gdb.martinoticias.com/1f02de81-4f5a-437e-017d-08debb4c862b_cx0_cy7_cw0_w1600_r1_n_s.jpg"],"duration_display":"0:00","duration_seconds":null,"embed_url":null,"id":7200,"image_caption":null,"image_url":"https://gdb.martinoticias.com/1f02de81-4f5a-437e-017d-08debb4c862b_cx0_cy7_cw0_w1600_r1_n_s.jpg","is_clip":false,"is_youtube_embed":false,"item_type":"photo","item_type_label":"Photo","language_label":"Espa\u00f1ol","media_credit":"Redacci\u00f3n Mart\u00ed Noticias","micro_label":"Photo","micro_label_kind":"gallery","network_label":"OCB","network_logo_url":"/static/uploads/direct_network_logos/ocb_0888427dcb1d.svg","published_at":"2026-08-20T14:16:42","published_at_display":"20 Aug 2026, 14:16 GMT","sequence_badge_label":null,"sequence_count":null,"sequence_count_label":null,"sequence_frames":[],"sequence_kind":null,"source_name":"radiotelevisionmarti_com_rss","source_name_label":"Radiotelevisionmarti","source_type":"rss","summary":"El subsecretario de Estado para Asuntos del Hemisferio Occidental de EEUU, Juan Pablo Segura, acus\u00f3 al conglomerado militar cubano GAESA de operar durante a\u00f1os sin supervisi\u00f3n estatal y de desviar miles de millones de d\u00f3lares de recursos p\u00fablicos.","title":"Alto funcionario de EEUU acusa a GAESA de operar sin auditor\u00edas y desviar miles de millones en Cuba","topic":null,"translation_language":"","url":"https://www.martinoticias.com/a/alto-funcionario-de-eeuu-acusa-a-gaesa-de-operar-sin-auditor%c3%adas-y-desviar-miles-de-millones-en-cuba/475860.html","video_url":null,"youtube_conversion_active":false,"youtube_conversion_error":"","youtube_conversion_status":""},{"article_body_paragraphs":[],"audio_source_url":null,"author":"Redacci\u00f3n Mart\u00ed Noticias","available_dubs":[],"downloadable_assets":["https://gdb.martinoticias.com/ac62cc00-755a-4193-ab3b-8175e1fe2085_cx19_cy20_cw74_w1600_r1_n_s.jpg"],"duration_display":"0:00","duration_seconds":null,"embed_url":null,"id":7048,"image_caption":null,"image_url":"https://gdb.martinoticias.com/ac62cc00-755a-4193-ab3b-8175e1fe2085_cx19_cy20_cw74_w1600_r1_n_s.jpg","is_clip":false,"is_youtube_embed":false,"item_type":"photo","item_type_label":"Photo","language_label":"Espa\u00f1ol","media_credit":"Redacci\u00f3n Mart\u00ed Noticias","micro_label":"Photo","micro_label_kind":"gallery","network_label":"OCB","network_logo_url":"/static/uploads/direct_network_logos/ocb_0888427dcb1d.svg","published_at":"2026-08-20T01:05:18","published_at_display":"20 Aug 2026, 01:05 GMT","sequence_badge_label":null,"sequence_count":null,"sequence_count_label":null,"sequence_frames":[],"sequence_kind":null,"source_name":"radiotelevisionmarti_com_rss","source_name_label":"Radiotelevisionmarti","source_type":"rss","summary":"Trump dijo el mi\u00e9rcoles que convers\u00f3 la noche anterior con el primer ministro canadiense, Mark Carney, y asegur\u00f3 que Ottawa acept\u00f3 varios de los puntos planteados por Washington en las negociaciones.","title":"Trump aplaza aranceles a Canad\u00e1","topic":null,"translation_language":"","url":"https://www.martinoticias.com/a/trump-aplaza-aranceles-a-canad%c3%a1/475806.html","video_url":null,"youtube_conversion_active":false,"youtube_conversion_error":"","youtube_conversion_status":""},{"article_body_paragraphs":[],"audio_source_url":null,"author":"Yolanda Huerga","available_dubs":[],"downloadable_assets":["https://gdb.martinoticias.com/FDF34BD2-18D7-4CA5-BB2C-D6F023B913CB_w1600_r1_n_s.png"],"duration_display":"0:00","duration_seconds":null,"embed_url":null,"id":7049,"image_caption":null,"image_url":"https://gdb.martinoticias.com/FDF34BD2-18D7-4CA5-BB2C-D6F023B913CB_w1600_r1_n_s.png","is_clip":false,"is_youtube_embed":false,"item_type":"photo","item_type_label":"Photo","language_label":"Espa\u00f1ol","media_credit":"Yolanda Huerga","micro_label":"Photo","micro_label_kind":"gallery","network_label":"OCB","network_logo_url":"/static/uploads/direct_network_logos/ocb_0888427dcb1d.svg","published_at":"2026-08-20T01:04:25","published_at_display":"20 Aug 2026, 01:04 GMT","sequence_badge_label":null,"sequence_count":null,"sequence_count_label":null,"sequence_frames":[],"sequence_kind":null,"source_name":"radiotelevisionmarti_com_rss","source_name_label":"Radiotelevisionmarti","source_type":"rss","summary":"El incendio del museo de Maffo: el suceso que marc\u00f3 un punto de no retorno en un pueblo oriental y desafi\u00f3, frente a las narices de la polic\u00eda pol\u00edtica, los s\u00edmbolos del poder.","title":"El r\u00e9gimen libera a otros tres de los j\u00f3venes detenidos por incendio en Maffo","topic":null,"translation_language":"","url":"https://www.martinoticias.com/a/el-r%c3%a9gimen-libera-a-otros-tres-de-los-j%c3%b3venes-detenidos-por-incendio-en-maffo/475811.html","video_url":null,"youtube_conversion_active":false,"youtube_conversion_error":"","youtube_conversion_status":""},{"article_body_paragraphs":[],"audio_source_url":null,"author":"Redacci\u00f3n Mart\u00ed Noticias","available_dubs":[],"downloadable_assets":["https://gdb.martinoticias.com/096c98c5-daed-424c-a441-9901059a53f7_w1600_r1_n_s.jpg"],"duration_display":"0:00","duration_seconds":null,"embed_url":null,"id":7036,"image_caption":null,"image_url":"https://gdb.martinoticias.com/096c98c5-daed-424c-a441-9901059a53f7_w1600_r1_n_s.jpg","is_clip":false,"is_youtube_embed":false,"item_type":"photo","item_type_label":"Photo","language_label":"Espa\u00f1ol","media_credit":"Redacci\u00f3n Mart\u00ed Noticias","micro_label":"Photo","micro_label_kind":"gallery","network_label":"OCB","network_logo_url":"/static/uploads/direct_network_logos/ocb_0888427dcb1d.svg","published_at":"2026-08-20T00:00:13","published_at_display":"20 Aug 2026, 00:00 GMT","sequence_badge_label":null,"sequence_count":null,"sequence_count_label":null,"sequence_frames":[],"sequence_kind":null,"source_name":"radiotelevisionmarti_com_rss","source_name_label":"Radiotelevisionmarti","source_type":"rss","summary":"El presidente describi\u00f3 la iniciativa como una \u201cguerra econ\u00f3mica\u201d y asegur\u00f3 que implicar\u00e1 un nivel de aislamiento sin precedentes.","title":"Trump promete aislar a Ir\u00e1n \u201ca una escala sin precedentes\u201d con nuevas medidas econ\u00f3micas","topic":null,"translation_language":"","url":"https://www.martinoticias.com/a/trump-promete-aislar-a-ir%c3%a1n-a-una-escala-sin-precedentes-con-nuevas-medidas-econ%c3%b3micas/475859.html","video_url":null,"youtube_conversion_active":false,"youtube_conversion_error":"","youtube_conversion_status":""},{"article_body_paragraphs":[],"audio_source_url":null,"author":"Yaima Pardo","available_dubs":[],"downloadable_assets":["https://gdb.martinoticias.com/5b2f18df-f649-4a54-03d2-08decd63a0c8_w1600_r1_n_s.jpg"],"duration_display":"0:00","duration_seconds":null,"embed_url":null,"id":7034,"image_caption":null,"image_url":"https://gdb.martinoticias.com/5b2f18df-f649-4a54-03d2-08decd63a0c8_w1600_r1_n_s.jpg","is_clip":false,"is_youtube_embed":false,"item_type":"photo","item_type_label":"Photo","language_label":"Espa\u00f1ol","media_credit":"Yaima Pardo","micro_label":"Photo","micro_label_kind":"gallery","network_label":"OCB","network_logo_url":"/static/uploads/direct_network_logos/ocb_0888427dcb1d.svg","published_at":"2026-08-19T23:33:29","published_at_display":"19 Aug 2026, 23:33 GMT","sequence_badge_label":null,"sequence_count":null,"sequence_count_label":null,"sequence_frames":[],"sequence_kind":null,"source_name":"radiotelevisionmarti_com_rss","source_name_label":"Radiotelevisionmarti","source_type":"rss","summary":"Familiares denuncian largas esperas, falta de medicamentos, alimentos y agua potable, as\u00ed como problemas de higiene en hospitales pedi\u00e1tricos de La Habana.","title":"Dengue, apagones y escasez: crece la preocupaci\u00f3n por la atenci\u00f3n pedi\u00e1trica en La Habana","topic":null,"translation_language":"","url":"https://www.martinoticias.com/a/dengue-apagones-y-escasez-crece-la-preocupaci%c3%b3n-por-la-atenci%c3%b3n-pedi%c3%a1trica-en-la-habana/475798.html","video_url":null,"youtube_conversion_active":false,"youtube_conversion_error":"","youtube_conversion_status":""},{"article_body_paragraphs":[],"audio_source_url":null,"author":"Iv\u00e1n Kasanzew","available_dubs":[],"downloadable_assets":["https://gdb.martinoticias.com/3f3d3c4b-edcd-4ea6-bc3a-08def2b1d8dc_cx0_cy16_cw0_w1600_r1_n_s.jpeg"],"duration_display":"0:00","duration_seconds":null,"embed_url":null,"id":7033,"image_caption":null,"image_url":"https://gdb.martinoticias.com/3f3d3c4b-edcd-4ea6-bc3a-08def2b1d8dc_cx0_cy16_cw0_w1600_r1_n_s.jpeg","is_clip":false,"is_youtube_embed":false,"item_type":"photo","item_type_label":"Photo","language_label":"Espa\u00f1ol","media_credit":"Iv\u00e1n Kasanzew","micro_label":"Photo","micro_label_kind":"gallery","network_label":"OCB","network_logo_url":"/static/uploads/direct_network_logos/ocb_0888427dcb1d.svg","published_at":"2026-08-19T22:53:11","published_at_display":"19 Aug 2026, 22:53 GMT","sequence_badge_label":null,"sequence_count":null,"sequence_count_label":null,"sequence_frames":[],"sequence_kind":null,"source_name":"radiotelevisionmarti_com_rss","source_name_label":"Radiotelevisionmarti","source_type":"rss","summary":"Durante una entrevista con Mart\u00ed Noticias, Villatoro sostuvo que el principal cambio experimentado por el pa\u00eds ha sido recuperar condiciones de seguridad despu\u00e9s de d\u00e9cadas marcadas por la violencia y el control territorial de las pandillas.","title":"Ministro de Seguridad de El Salvador asegura que la pol\u00edtica de Bukele recuper\u00f3 el control frente a las pandillas","topic":null,"translation_language":"","url":"https://www.martinoticias.com/a/ministro-de-seguridad-de-el-salvador-asegura-que-la-pol%c3%adtica-de-bukele-recuper%c3%b3-el-control-frente-a-las-pandillas/475813.html","video_url":null,"youtube_conversion_active":false,"youtube_conversion_error":"","youtube_conversion_status":""},{"article_body_paragraphs":[],"audio_source_url":null,"author":"Redacci\u00f3n Mart\u00ed Noticias","available_dubs":[],"downloadable_assets":["https://gdb.martinoticias.com/3e7a3625-f51c-41f4-2f60-08de3c04d4d2_w1600_r1_n_s.png"],"duration_display":"0:00","duration_seconds":null,"embed_url":null,"id":7017,"image_caption":null,"image_url":"https://gdb.martinoticias.com/3e7a3625-f51c-41f4-2f60-08de3c04d4d2_w1600_r1_n_s.png","is_clip":false,"is_youtube_embed":false,"item_type":"photo","item_type_label":"Photo","language_label":"Espa\u00f1ol","media_credit":"Redacci\u00f3n Mart\u00ed Noticias","micro_label":"Photo","micro_label_kind":"gallery","network_label":"OCB","network_logo_url":"/static/uploads/direct_network_logos/ocb_0888427dcb1d.svg","published_at":"2026-08-19T21:08:41","published_at_display":"19 Aug 2026, 21:08 GMT","sequence_badge_label":null,"sequence_count":null,"sequence_count_label":null,"sequence_frames":[],"sequence_kind":null,"source_name":"radiotelevisionmarti_com_rss","source_name_label":"Radiotelevisionmarti","source_type":"rss","summary":"El America First Policy Institute (AFPI) present\u00f3 un informe con 12 recomendaciones para endurecer la pol\u00edtica de Estados Unidos hacia Cuba, incluyendo una mayor presencia militar en el Caribe, nuevas sanciones al r\u00e9gimen y medidas para contrarrestar la influencia de China, Rusia e Ir\u00e1n en la isla.","title":"Sugieren 12 medidas a la Administraci\u00f3n Trump sobre Cuba basadas en el \"America First\"","topic":null,"translation_language":"","url":"https://www.martinoticias.com/a/sugieren-12-medidas-a-la-administraci%c3%b3n-trump-sobre-cuba-basadas-en-el-america-first/475808.html","video_url":null,"youtube_conversion_active":false,"youtube_conversion_error":"","youtube_conversion_status":""},{"article_body_paragraphs":[],"audio_source_url":null,"author":"Yaima Pardo","available_dubs":[],"downloadable_assets":["https://gdb.martinoticias.com/a75116c4-68b0-4885-cf9c-08decd5b38e4_w1600_r1_n_s.png"],"duration_display":"0:00","duration_seconds":null,"embed_url":null,"id":7018,"image_caption":null,"image_url":"https://gdb.martinoticias.com/a75116c4-68b0-4885-cf9c-08decd5b38e4_w1600_r1_n_s.png","is_clip":false,"is_youtube_embed":false,"item_type":"photo","item_type_label":"Photo","language_label":"Espa\u00f1ol","media_credit":"Yaima Pardo","micro_label":"Photo","micro_label_kind":"gallery","network_label":"OCB","network_logo_url":"/static/uploads/direct_network_logos/ocb_0888427dcb1d.svg","published_at":"2026-08-19T21:06:15","published_at_display":"19 Aug 2026, 21:06 GMT","sequence_badge_label":null,"sequence_count":null,"sequence_count_label":null,"sequence_frames":[],"sequence_kind":null,"source_name":"radiotelevisionmarti_com_rss","source_name_label":"Radiotelevisionmarti","source_type":"rss","summary":"La periodista independiente y activista Yunia Figueredo denunci\u00f3 amenazas de la polic\u00eda pol\u00edtica tras participar en una actividad organizada por la Embajada de Estados Unidos en Cuba.","title":"Seguridad del Estado amenaza a activista Yunia Figueredo y detiene a su esposo","topic":null,"translation_language":"","url":"https://www.martinoticias.com/a/seguridad-del-estado-amenaza-a-activista-yunia-figueredo-y-detiene-a-su-esposo/475810.html","video_url":null,"youtube_conversion_active":false,"youtube_conversion_error":"","youtube_conversion_status":""},{"article_body_paragraphs":[],"audio_source_url":null,"author":"Jos\u00e9 Pernalete","available_dubs":[],"downloadable_assets":["https://gdb.martinoticias.com/caa6d741-e508-43bb-5a59-08decd6ea425_cx0_cy20_cw0_w1600_r1_n_s.png"],"duration_display":"0:00","duration_seconds":null,"embed_url":null,"id":6999,"image_caption":null,"image_url":"https://gdb.martinoticias.com/caa6d741-e508-43bb-5a59-08decd6ea425_cx0_cy20_cw0_w1600_r1_n_s.png","is_clip":false,"is_youtube_embed":false,"item_type":"photo","item_type_label":"Photo","language_label":"Espa\u00f1ol","media_credit":"Jos\u00e9 Pernalete","micro_label":"Photo","micro_label_kind":"gallery","network_label":"OCB","network_logo_url":"/static/uploads/direct_network_logos/ocb_0888427dcb1d.svg","published_at":"2026-08-19T20:03:10","published_at_display":"19 Aug 2026, 20:03 GMT","sequence_badge_label":null,"sequence_count":null,"sequence_count_label":null,"sequence_frames":[],"sequence_kind":null,"source_name":"radiotelevisionmarti_com_rss","source_name_label":"Radiotelevisionmarti","source_type":"rss","summary":"Familiares del preso pol\u00edtico Jes\u00fas Rafael Medina V\u00e1squez denunciaron presuntas torturas, desaparici\u00f3n forzada y amenazas contra menores de edad en Venezuela.","title":"Familia de preso pol\u00edtico venezolano denuncia torturas y graves amenazas (VIDEO)","topic":null,"translation_language":"","url":"https://www.martinoticias.com/a/familia-de-preso-pol%c3%adtico-venezolano-denuncia-torturas-y-amenazas-para-silenciar-reclamos-por-su-libertad/475802.html","video_url":null,"youtube_conversion_active":false,"youtube_conversion_error":"","youtube_conversion_status":""}],"next_num":12,"page":11,"pages":24,"per_page":20,"prev_num":10,"total":475}
