{"applied_filters":{"end_date":"","lang":"","language":"","network":"OCB","page":12,"per_page":20,"search":"","source":"","start_date":"","topic":"","type":"audio"},"available_filters":{"language_choices":[{"label":"Choose Language","value":""},{"label":"English","value":"English"},{"label":"Espa\u00f1ol","value":"Espa\u00f1ol"}],"network_choices":[{"label":"All networks","value":""},{"label":"OCB","value":"OCB"}],"source_choices":[{"label":"All sources","value":""},{"label":"OCB \u00b7 Caf\u00e9 Digital","value":"ocb_spanish_audio_html_scrape"},{"label":"OCB \u00b7 Liberaci\u00f3n","value":"ocb_spanish_audio_html_scrape_1001"},{"label":"OCB \u00b7 Programas de Radio Nuestra Am\u00e9rica","value":"ocb_spanish_audio_html_scrape_1016"},{"label":"OCB \u00b7 Agenda hemisf\u00e9rica","value":"ocb_spanish_audio_html_scrape_1028"},{"label":"OCB \u00b7 El futuro es ya","value":"ocb_spanish_audio_html_scrape_1056"},{"label":"OCB \u00b7 Foro abierto","value":"ocb_spanish_audio_html_scrape_1061"},{"label":"OCB \u00b7 Nicaragua al d\u00eda","value":"ocb_spanish_audio_html_scrape_1077"},{"label":"OCB \u00b7 La bola nostra","value":"ocb_spanish_audio_html_scrape_1078"},{"label":"OCB \u00b7 Taller de prensa","value":"ocb_spanish_audio_html_scrape_1103"},{"label":"OCB \u00b7 Las noticias como son","value":"ocb_spanish_audio_html_scrape_142"},{"label":"OCB \u00b7 Abriendo Espacios","value":"ocb_spanish_audio_html_scrape_562"},{"label":"OCB \u00b7 Mart\u00ed Noticias A.M.","value":"ocb_spanish_audio_html_scrape_668"},{"label":"OCB Spanish Audio","value":"ocb_spanish_audio_scrape"},{"label":"Radiotelevisionmarti","value":"radiotelevisionmarti_com_direct"},{"label":"Radiotelevisionmarti","value":"radiotelevisionmarti_com_rss"}],"sources":["ocb_spanish_audio_html_scrape","ocb_spanish_audio_html_scrape_1001","ocb_spanish_audio_html_scrape_1016","ocb_spanish_audio_html_scrape_1028","ocb_spanish_audio_html_scrape_1056","ocb_spanish_audio_html_scrape_1061","ocb_spanish_audio_html_scrape_1077","ocb_spanish_audio_html_scrape_1078","ocb_spanish_audio_html_scrape_1103","ocb_spanish_audio_html_scrape_142","ocb_spanish_audio_html_scrape_562","ocb_spanish_audio_html_scrape_668","ocb_spanish_audio_scrape","radiotelevisionmarti_com_direct","radiotelevisionmarti_com_rss"],"topics":["Abriendo Espacios","Agenda hemisf\u00e9rica","Barrio Adentro","Caf\u00e9 Digital","Cuba al D\u00eda","Cuba en la Memoria","De cara al sol","El futuro es ya","Foro abierto","Hablando claro","La libertad es una librer\u00eda","Las noticias como son","Lawton Libre","Liberaci\u00f3n","Mart\u00ed Noticias A.M.","Nicaragua al d\u00eda","Programas de Radio Nuestra Am\u00e9rica","Radio Mart\u00ed","Taller de prensa","adri%C3%A1n del sol mi padre est%C3%A1 muy d%C3%A9bil","atienden a mas de 50 personas en santiago de cuba por presunta intoxicacion alimentaria","auge en contagios de dengue en cuba","aumenta a 379 la cifra de desaparecidos por terremoto en colombia hay 285 fallecidos","banco mundial desembolsa millonaria ayuda para afectados por terremoto en colombia","casi 300 fallecidos almenos 4 000 heridos y 140 desaparecidos a 7 dias del terremoto en colombia","cifra de muertos por el terremoto en colombia supera las 200 personas seg%C3%BAn reporte","colombia declara estado de emergencia durante 30 dias por grave calamidad","colombia ingresa formalmente al escudo de las am%C3%A9ricas liderado por washington","convocan marcha pac%C3%ADfica por la libertad de todos los presos pol%C3%ADticos en venezuela","crece reclutamiento de ni%C3%B1os y ni%C3%B1as en colombia por parte de grupos ilegales seg%C3%BAn hrw","creo que el presidente trump ir%C3%A1 a la habana antes de que termine su mandato","eeuu cierra acuerdo petrolero que le dar%C3%A1 importante control de reservas venezolanas","eeuu ecuador y colombia se reunen para acordar lucha contra mafias del narcotr%C3%A1fico","eeuu sostiene operaciones militares junto a ecuador cerca de la frontera con colombia","el papel peri%C3%B3dico de la habana autores sociedad patri%C3%B3tica de la habana y sociedad econ%C3%B3mica de amigos del pa%C3","gobierno de colombia da por terminada conversaciones con otros tres grupos armados ilegales","informe pide mayor presencia militar en cuba","jeffrey bartos en la onu","joven con vih permanece encarcelado tras protesta por apagones en guanabacoa","la bola nostra","la ola de robos a la infraestructura publica y privada agrava la crisis en cuba","la periodista independiente yoanni limonta reporta una protesta frente al gobierno provincial de cienfuegos tras apagones de mas","las farmacias privadas abren en cuba entre criticas por sus altos precios y dudas medicas sobre sus controles","m%C3%A1s hoteles menos hospitales","oea aprueba convocatoria urgente de cancilleres para condenar a la dictadura de nicaragua","padre castor %C3%A1lvarez devesa","rechazo en cuba a los festejos estatales durante el colapso de los servicios basicos","sismo de 7 4 en colombia deja m%C3%A1s de 100 muertos 87 heridos y 61 edificios colapsados","trump asegura que eeuu y venezuela est%C3%A1n haciendo una fortuna con acuerdo petrolero","venezuela todav%C3%ADa no est%C3%A1 preparada para celebrar elecciones reafirma donaldtrump","y solo estamos en verano autora grethel delgado %C3%A1lvarez"],"types":[["","All types"],["article","Articles"],["audio","Audio"],["video","Videos"],["clips","Clips"],["media","Media"]]},"has_next":true,"has_prev":true,"items":[{"article_body_paragraphs":[],"audio_source_url":"https://ocb-audio-ns.akamaized.net/cu/2026/08/04/20260804-150000-cu004-program_hq.mp3","author":"Oscar El\u00edas Biscet","available_dubs":[],"downloadable_assets":["https://ocb-audio-ns.akamaized.net/cu/2026/08/04/20260804-150000-cu004-program_hq.mp3"],"duration_display":"29:58","duration_seconds":1798.0,"embed_url":null,"id":1702,"image_caption":null,"image_url":"https://gdb.martinoticias.com/01000000-0aff-0242-2f63-08dbcb434ef2_mw2048_mh2048_n.png","is_clip":false,"is_youtube_embed":false,"item_type":"audio","item_type_label":"Audio","language_label":"Espa\u00f1ol","media_credit":"OCB","micro_label":"Audio program","micro_label_kind":"audio","network_label":"OCB","network_logo_url":"/static/uploads/direct_network_logos/ocb_0888427dcb1d.svg","published_at":"2026-08-04T15:00:00","published_at_display":"4 Aug 2026, 15:00 GMT","sequence_badge_label":null,"sequence_count":null,"sequence_count_label":null,"sequence_frames":[],"sequence_kind":null,"source_name":"radiotelevisionmarti_com_direct","source_name_label":"Radiotelevisionmarti","source_type":"direct_api","summary":"El reconocido opositor cubano Dr. Oscar El\u00edas Biscet aborda la situaci\u00f3n de los derechos humanos en Cuba y la conquista de las libertades b\u00e1sicas de los cubanos, bajo el precepto de que \u201csi aprendes a ser libre, todos los seremos\u201d. Correo Electr\u00f3nico: lawtonlibremarti@gmail.com","title":"Lawton Libre","topic":"Lawton Libre","translation_language":"","url":"https://ocb-audio-ns.akamaized.net/cu/2026/08/04/20260804-150000-cu004-program_hq.mp3","video_url":null,"youtube_conversion_active":false,"youtube_conversion_error":"","youtube_conversion_status":""},{"article_body_paragraphs":[],"audio_source_url":"https://ocb-audio-ns.akamaized.net/cu/2026/08/04/20260804-140000-cu004-program.mp3","author":null,"available_dubs":[],"downloadable_assets":["https://ocb-audio-ns.akamaized.net/cu/2026/08/04/20260804-140000-cu004-program.mp3"],"duration_display":"0:00","duration_seconds":null,"embed_url":null,"id":13478,"image_caption":null,"image_url":"https://gdb.martinoticias.com/1d24f0db-a2ce-4972-643e-08de3c08cd61_w1200_h630.png","is_clip":false,"is_youtube_embed":false,"item_type":"audio","item_type_label":"Audio","language_label":"Espa\u00f1ol","media_credit":null,"micro_label":"Audio program","micro_label_kind":"audio","network_label":"OCB","network_logo_url":"/static/uploads/direct_network_logos/ocb_0888427dcb1d.svg","published_at":"2026-08-04T14:00:00","published_at_display":"4 Aug 2026, 14:00 GMT","sequence_badge_label":null,"sequence_count":null,"sequence_count_label":null,"sequence_frames":[],"sequence_kind":null,"source_name":"ocb_spanish_audio_html_scrape_1061","source_name_label":"OCB \u00b7 Foro abierto","source_type":"scrape","summary":"Noticias, an\u00e1lisis, opini\u00f3n y entrevistas. El pulso pol\u00edtico e informativo con Andr\u00e9s Reynaldo y Miguel Coss\u00edo.","title":"Foro abierto","topic":"Foro abierto","translation_language":"","url":"https://www.martinoticias.com/a/472376.html","video_url":null,"youtube_conversion_active":false,"youtube_conversion_error":"","youtube_conversion_status":""},{"article_body_paragraphs":[],"audio_source_url":"https://ocb-audio-ns.akamaized.net/cu/2026/08/03/20260803-180000-cu004-program_hq.mp3","author":"Mario J. Pent\u00f3n","available_dubs":[],"downloadable_assets":["https://ocb-audio-ns.akamaized.net/cu/2026/08/03/20260803-180000-cu004-program_hq.mp3"],"duration_display":"29:56","duration_seconds":1796.0,"embed_url":null,"id":1124,"image_caption":null,"image_url":"https://gdb.martinoticias.com/cb75a074-a814-4e7a-df7e-08de31a8b205_mw2048_mh2048_n.jpg","is_clip":false,"is_youtube_embed":false,"item_type":"audio","item_type_label":"Audio","language_label":"Espa\u00f1ol","media_credit":"OCB","micro_label":"Audio program","micro_label_kind":"audio","network_label":"OCB","network_logo_url":"/static/uploads/direct_network_logos/ocb_0888427dcb1d.svg","published_at":"2026-08-03T18:00:00","published_at_display":"3 Aug 2026, 18:00 GMT","sequence_badge_label":null,"sequence_count":null,"sequence_count_label":null,"sequence_frames":[],"sequence_kind":null,"source_name":"radiotelevisionmarti_com_direct","source_name_label":"Radiotelevisionmarti","source_type":"direct_api","summary":"Se marcha hombre clave de Marco Rubio \u00bfC\u00f3mo afecta la pol\u00edtica hacia Cuba? tambi\u00e9n analizamos la denuncia del secretario de Estado sobre la presunta presencia de esp\u00edas cubanos en territorio estadounidense","title":"Cuba al D\u00eda con Oscar Grand\u00edo y Hugo Ach\u00e1","topic":"Cuba al D\u00eda","translation_language":"","url":"https://ocb-audio-ns.akamaized.net/cu/2026/08/03/20260803-180000-cu004-program_hq.mp3","video_url":null,"youtube_conversion_active":false,"youtube_conversion_error":"","youtube_conversion_status":""},{"article_body_paragraphs":[],"audio_source_url":"https://ocb-audio-ns.akamaized.net/cu/2026/08/03/01bf4879-b060-4acf-fc20-08decd3a80a4.mp3","author":null,"available_dubs":[],"downloadable_assets":["https://ocb-audio-ns.akamaized.net/cu/2026/08/03/01bf4879-b060-4acf-fc20-08decd3a80a4.mp3"],"duration_display":"0:00","duration_seconds":null,"embed_url":null,"id":13552,"image_caption":null,"image_url":"https://gdb.martinoticias.com/b2b59104-d36d-4dfd-2e75-08de3c04d4d2_w1200_h630.jpg","is_clip":false,"is_youtube_embed":false,"item_type":"audio","item_type_label":"Audio","language_label":"Espa\u00f1ol","media_credit":null,"micro_label":"Audio program","micro_label_kind":"audio","network_label":"OCB","network_logo_url":"/static/uploads/direct_network_logos/ocb_0888427dcb1d.svg","published_at":"2026-08-03T16:21:08","published_at_display":"3 Aug 2026, 16:21 GMT","sequence_badge_label":null,"sequence_count":null,"sequence_count_label":null,"sequence_frames":[],"sequence_kind":null,"source_name":"ocb_spanish_audio_html_scrape_1077","source_name_label":"OCB \u00b7 Nicaragua al d\u00eda","source_type":"scrape","summary":"Luis Galeano y Edgardo Pinell analizan junto con la Dra. Maria Asuncion Moreno, ex Decana de la Facultad de Derecho de la Universidad Centroamericana, como Daniel Ortega y la c\u00fapula del r\u00e9gimen le apuestan a permanecer eternamente en el poder y ni se atreven ya a simular una farsa electoral","title":"Nicaragua al d\u00eda","topic":"Nicaragua al d\u00eda","translation_language":"","url":"https://www.martinoticias.com/a/473530.html","video_url":null,"youtube_conversion_active":false,"youtube_conversion_error":"","youtube_conversion_status":""},{"article_body_paragraphs":[],"audio_source_url":"https://ocb-audio-ns.akamaized.net/cu/2026/08/03/20260803-153000-cu004-program_hq.mp3","author":"Janisset Rivero","available_dubs":[],"downloadable_assets":["https://ocb-audio-ns.akamaized.net/cu/2026/08/03/20260803-153000-cu004-program_hq.mp3"],"duration_display":"29:58","duration_seconds":1798.0,"embed_url":null,"id":1125,"image_caption":null,"image_url":"https://gdb.martinoticias.com/ef8b1e95-9607-4911-fc28-08decd3a80a4_mw2048_mh2048_n.jpg","is_clip":false,"is_youtube_embed":false,"item_type":"audio","item_type_label":"Audio","language_label":"Espa\u00f1ol","media_credit":"OCB","micro_label":"Audio program","micro_label_kind":"audio","network_label":"OCB","network_logo_url":"/static/uploads/direct_network_logos/ocb_0888427dcb1d.svg","published_at":"2026-08-03T15:30:00","published_at_display":"3 Aug 2026, 15:30 GMT","sequence_badge_label":null,"sequence_count":null,"sequence_count_label":null,"sequence_frames":[],"sequence_kind":null,"source_name":"radiotelevisionmarti_com_direct","source_name_label":"Radiotelevisionmarti","source_type":"direct_api","summary":"La realidad de Cuba a trav\u00e9s del testimonio de residentes dentro de la isla, quienes actualizar\u00e1n el panorama interno de la mano de su conductora, la activista y escritora cubana Janisset Rivero.","title":"Martin Elgue, Comit\u00e9 Uruguayo por la Democracia en Cuba","topic":"Barrio Adentro","translation_language":"","url":"https://ocb-audio-ns.akamaized.net/cu/2026/08/03/20260803-153000-cu004-program_hq.mp3","video_url":null,"youtube_conversion_active":false,"youtube_conversion_error":"","youtube_conversion_status":""},{"article_body_paragraphs":[],"audio_source_url":"https://ocb-audio-ns.akamaized.net/cu/2026/08/01/20260801-190000-cu004-program.mp3","author":null,"available_dubs":[],"downloadable_assets":["https://ocb-audio-ns.akamaized.net/cu/2026/08/01/20260801-190000-cu004-program.mp3"],"duration_display":"0:00","duration_seconds":null,"embed_url":null,"id":13490,"image_caption":null,"image_url":"https://gdb.martinoticias.com/523d7191-4739-42f3-a473-08de3cb86449_w1200_h630.png","is_clip":false,"is_youtube_embed":false,"item_type":"audio","item_type_label":"Audio","language_label":"Espa\u00f1ol","media_credit":null,"micro_label":"Audio program","micro_label_kind":"audio","network_label":"OCB","network_logo_url":"/static/uploads/direct_network_logos/ocb_0888427dcb1d.svg","published_at":"2026-08-01T19:00:00","published_at_display":"1 Aug 2026, 19:00 GMT","sequence_badge_label":null,"sequence_count":null,"sequence_count_label":null,"sequence_frames":[],"sequence_kind":null,"source_name":"ocb_spanish_audio_html_scrape_1078","source_name_label":"OCB \u00b7 La bola nostra","source_type":"scrape","summary":null,"title":"La Bola Nostra","topic":"la bola nostra","translation_language":"","url":"https://www.martinoticias.com/a/471574.html","video_url":null,"youtube_conversion_active":false,"youtube_conversion_error":"","youtube_conversion_status":""},{"article_body_paragraphs":[],"audio_source_url":"https://ocb-audio-ns.akamaized.net/cu/2026/07/28/353f6008-b10d-4708-ac99-08decd4f1c2d_hq.mp3","author":null,"available_dubs":[],"downloadable_assets":["https://ocb-audio-ns.akamaized.net/cu/2026/07/28/353f6008-b10d-4708-ac99-08decd4f1c2d_hq.mp3"],"duration_display":"25:22","duration_seconds":1522.0,"embed_url":null,"id":1126,"image_caption":null,"image_url":"https://gdb.martinoticias.com/4b6947ab-3f34-42ef-38ec-08de2c294a0f_mw2048_mh2048_n.png","is_clip":false,"is_youtube_embed":false,"item_type":"audio","item_type_label":"Audio","language_label":"Espa\u00f1ol","media_credit":"OCB","micro_label":"Audio program","micro_label_kind":"audio","network_label":"OCB","network_logo_url":"/static/uploads/direct_network_logos/ocb_0888427dcb1d.svg","published_at":"2026-08-01T16:30:00","published_at_display":"1 Aug 2026, 16:30 GMT","sequence_badge_label":null,"sequence_count":null,"sequence_count_label":null,"sequence_frames":[],"sequence_kind":null,"source_name":"radiotelevisionmarti_com_direct","source_name_label":"Radiotelevisionmarti","source_type":"direct_api","summary":null,"title":"Catorce a\u00f1os sin Oswaldo Pay\u00e1 Sardi\u00f1as","topic":"De cara al sol","translation_language":"","url":"https://ocb-audio-ns.akamaized.net/cu/2026/07/28/353f6008-b10d-4708-ac99-08decd4f1c2d_hq.mp3","video_url":null,"youtube_conversion_active":false,"youtube_conversion_error":"","youtube_conversion_status":""},{"article_body_paragraphs":[],"audio_source_url":"https://ocb-audio-ns.akamaized.net/cu/2026/07/31/0173e402-2d04-46f7-fc17-08decd3a80a4.mp3","author":null,"available_dubs":[],"downloadable_assets":["https://ocb-audio-ns.akamaized.net/cu/2026/07/31/0173e402-2d04-46f7-fc17-08decd3a80a4.mp3"],"duration_display":"0:00","duration_seconds":null,"embed_url":null,"id":13557,"image_caption":null,"image_url":"https://gdb.martinoticias.com/d964525e-4389-450c-763e-08de3ca5a9e8_w1200_h630.png","is_clip":false,"is_youtube_embed":false,"item_type":"audio","item_type_label":"Audio","language_label":"Espa\u00f1ol","media_credit":null,"micro_label":"Audio program","micro_label_kind":"audio","network_label":"OCB","network_logo_url":"/static/uploads/direct_network_logos/ocb_0888427dcb1d.svg","published_at":"2026-08-01T15:00:00","published_at_display":"1 Aug 2026, 15:00 GMT","sequence_badge_label":null,"sequence_count":null,"sequence_count_label":null,"sequence_frames":[],"sequence_kind":null,"source_name":"ocb_spanish_audio_html_scrape_1028","source_name_label":"OCB \u00b7 Agenda hemisf\u00e9rica","source_type":"scrape","summary":"Per\u00fa inicia una nueva etapa pol\u00edtica con la presidencia de Keiko Fujimori. Expectativas y cuestionamientos, en un pa\u00eds dividido.","title":"Per\u00fa: nuevo gobierno, nueva ilusi\u00f3n","topic":"Agenda hemisf\u00e9rica","translation_language":"","url":"https://www.martinoticias.com/a/473372.html","video_url":null,"youtube_conversion_active":false,"youtube_conversion_error":"","youtube_conversion_status":""},{"article_body_paragraphs":[],"audio_source_url":"https://ocb-audio-ns.akamaized.net/cu/2026/08/01/20260801-143000-cu004-program.mp3","author":null,"available_dubs":[],"downloadable_assets":["https://ocb-audio-ns.akamaized.net/cu/2026/08/01/20260801-143000-cu004-program.mp3"],"duration_display":"0:00","duration_seconds":null,"embed_url":null,"id":13380,"image_caption":null,"image_url":"https://gdb.martinoticias.com/01000000-0aff-0242-617f-08dbd6f66495_w1200_h630.png","is_clip":false,"is_youtube_embed":false,"item_type":"audio","item_type_label":"Audio","language_label":"Espa\u00f1ol","media_credit":null,"micro_label":"Audio program","micro_label_kind":"audio","network_label":"OCB","network_logo_url":"/static/uploads/direct_network_logos/ocb_0888427dcb1d.svg","published_at":"2026-08-01T14:30:00","published_at_display":"1 Aug 2026, 14:30 GMT","sequence_badge_label":null,"sequence_count":null,"sequence_count_label":null,"sequence_frames":[],"sequence_kind":null,"source_name":"ocb_spanish_audio_html_scrape","source_name_label":"OCB \u00b7 Caf\u00e9 Digital","source_type":"scrape","summary":"Un espacio radial que va m\u00e1s all\u00e1 de los nuevos avances de la ciencia y la tecnolog\u00eda, pensado para los j\u00f3venes dentro de la isla que emplean las nuevas tecnolog\u00edas para dar soluci\u00f3n a sus necesidades cotidianas.","title":"Caf\u00e9 Digital","topic":"Caf\u00e9 Digital","translation_language":"","url":"https://www.martinoticias.com/a/471560.html","video_url":null,"youtube_conversion_active":false,"youtube_conversion_error":"","youtube_conversion_status":""},{"article_body_paragraphs":[],"audio_source_url":"https://ocb-audio-ns.akamaized.net/cu/2026/07/31/20260731-180000-cu004-program_hq.mp3","author":"Mario J. Pent\u00f3n","available_dubs":[],"downloadable_assets":["https://ocb-audio-ns.akamaized.net/cu/2026/07/31/20260731-180000-cu004-program_hq.mp3"],"duration_display":"29:56","duration_seconds":1796.0,"embed_url":null,"id":1127,"image_caption":null,"image_url":"https://gdb.martinoticias.com/cb75a074-a814-4e7a-df7e-08de31a8b205_mw2048_mh2048_n.jpg","is_clip":false,"is_youtube_embed":false,"item_type":"audio","item_type_label":"Audio","language_label":"Espa\u00f1ol","media_credit":"OCB","micro_label":"Audio program","micro_label_kind":"audio","network_label":"OCB","network_logo_url":"/static/uploads/direct_network_logos/ocb_0888427dcb1d.svg","published_at":"2026-07-31T18:00:00","published_at_display":"31 Jul 2026, 18:00 GMT","sequence_badge_label":null,"sequence_count":null,"sequence_count_label":null,"sequence_frames":[],"sequence_kind":null,"source_name":"radiotelevisionmarti_com_direct","source_name_label":"Radiotelevisionmarti","source_type":"direct_api","summary":"Analizaremos las palabras de Miguel D\u00edaz-Canel donde entre los temas que abord\u00f3, neg\u00f3 que Cuba se encamine hacia una privatizaci\u00f3n de los bienes del Estado, a pesar de las medidas previamente anunciadas","title":"Cuba al D\u00eda con Miguel Coss\u00edo","topic":"Cuba al D\u00eda","translation_language":"","url":"https://ocb-audio-ns.akamaized.net/cu/2026/07/31/20260731-180000-cu004-program_hq.mp3","video_url":null,"youtube_conversion_active":false,"youtube_conversion_error":"","youtube_conversion_status":""},{"article_body_paragraphs":[],"audio_source_url":"https://ocb-audio-ns.akamaized.net/cu/2026/07/31/20260731-153000-cu004-program_hq.mp3","author":"Janisset Rivero","available_dubs":[],"downloadable_assets":["https://ocb-audio-ns.akamaized.net/cu/2026/07/31/20260731-153000-cu004-program_hq.mp3"],"duration_display":"29:58","duration_seconds":1798.0,"embed_url":null,"id":1129,"image_caption":null,"image_url":"https://gdb.martinoticias.com/1b7cdc4a-cbf7-4dff-e4b5-08decd478c11_mw2048_mh2048_n.jpg","is_clip":false,"is_youtube_embed":false,"item_type":"audio","item_type_label":"Audio","language_label":"Espa\u00f1ol","media_credit":"OCB","micro_label":"Audio program","micro_label_kind":"audio","network_label":"OCB","network_logo_url":"/static/uploads/direct_network_logos/ocb_0888427dcb1d.svg","published_at":"2026-07-31T15:30:00","published_at_display":"31 Jul 2026, 15:30 GMT","sequence_badge_label":null,"sequence_count":null,"sequence_count_label":null,"sequence_frames":[],"sequence_kind":null,"source_name":"radiotelevisionmarti_com_direct","source_name_label":"Radiotelevisionmarti","source_type":"direct_api","summary":"La realidad de Cuba a trav\u00e9s del testimonio de residentes dentro de la isla, quienes actualizar\u00e1n el panorama interno de la mano de su conductora, la activista y escritora cubana Janisset Rivero.","title":"Juan Moreno Borrego","topic":"Barrio Adentro","translation_language":"","url":"https://ocb-audio-ns.akamaized.net/cu/2026/07/31/20260731-153000-cu004-program_hq.mp3","video_url":null,"youtube_conversion_active":false,"youtube_conversion_error":"","youtube_conversion_status":""},{"article_body_paragraphs":[],"audio_source_url":"https://ocb-audio-ns.akamaized.net/cu/2026/07/31/20260731-150000-cu004-program.mp3","author":null,"available_dubs":[],"downloadable_assets":["https://ocb-audio-ns.akamaized.net/cu/2026/07/31/20260731-150000-cu004-program.mp3"],"duration_display":"0:00","duration_seconds":null,"embed_url":null,"id":13553,"image_caption":null,"image_url":"https://gdb.martinoticias.com/b2b59104-d36d-4dfd-2e75-08de3c04d4d2_w1200_h630.jpg","is_clip":false,"is_youtube_embed":false,"item_type":"audio","item_type_label":"Audio","language_label":"Espa\u00f1ol","media_credit":null,"micro_label":"Audio program","micro_label_kind":"audio","network_label":"OCB","network_logo_url":"/static/uploads/direct_network_logos/ocb_0888427dcb1d.svg","published_at":"2026-07-31T15:00:00","published_at_display":"31 Jul 2026, 15:00 GMT","sequence_badge_label":null,"sequence_count":null,"sequence_count_label":null,"sequence_frames":[],"sequence_kind":null,"source_name":"ocb_spanish_audio_html_scrape_1077","source_name_label":"OCB \u00b7 Nicaragua al d\u00eda","source_type":"scrape","summary":"Un espacio de Radio Mart\u00ed para comentar, analizar y debatir las noticias que marcan el presente de Nicaragua. Una cita semanal de quienes aman la libertad, la democracia y la verdad; con quienes resisten desde adentro y desde el exilio, por una patria libre, pr\u00f3spera y democr\u00e1tica.","title":"Nicaragua al d\u00eda","topic":"Nicaragua al d\u00eda","translation_language":"","url":"https://www.martinoticias.com/a/471451.html","video_url":null,"youtube_conversion_active":false,"youtube_conversion_error":"","youtube_conversion_status":""},{"article_body_paragraphs":[],"audio_source_url":"https://ocb-audio-ns.akamaized.net/cu/2026/07/30/20260730-223000-cu004-program.mp3","author":null,"available_dubs":[],"downloadable_assets":["https://ocb-audio-ns.akamaized.net/cu/2026/07/30/20260730-223000-cu004-program.mp3"],"duration_display":"0:00","duration_seconds":null,"embed_url":null,"id":13498,"image_caption":null,"image_url":"https://gdb.martinoticias.com/9d166e2d-3fd7-4813-cf21-08decd5b38e4_w1200_h630.jpg","is_clip":false,"is_youtube_embed":false,"item_type":"audio","item_type_label":"Audio","language_label":"Espa\u00f1ol","media_credit":null,"micro_label":"Audio program","micro_label_kind":"audio","network_label":"OCB","network_logo_url":"/static/uploads/direct_network_logos/ocb_0888427dcb1d.svg","published_at":"2026-07-30T22:30:00","published_at_display":"30 Jul 2026, 22:30 GMT","sequence_badge_label":null,"sequence_count":null,"sequence_count_label":null,"sequence_frames":[],"sequence_kind":null,"source_name":"ocb_spanish_audio_html_scrape_1001","source_name_label":"OCB \u00b7 Liberaci\u00f3n","source_type":"scrape","summary":"Liberaci\u00f3n es un espacio radial con Regis Iglesias, portavoz del Movimiento Cristiano Liberaci\u00f3n, para abordar temas de actualidad y fomentar las voces e iniciativas que buscan transformar positivamente la sociedad cubana.","title":"Misas conmemorativas para recordar el legado de Oswaldo Pay\u00e1 y Harlod Cepero","topic":"Liberaci\u00f3n","translation_language":"","url":"https://www.martinoticias.com/a/471378.html","video_url":null,"youtube_conversion_active":false,"youtube_conversion_error":"","youtube_conversion_status":""},{"article_body_paragraphs":[],"audio_source_url":"https://ocb-audio-ns.akamaized.net/cu/2026/07/30/20260730-223000-cu004-program_hq.mp3","author":"Regis Iglesias","available_dubs":[],"downloadable_assets":["https://ocb-audio-ns.akamaized.net/cu/2026/07/30/20260730-223000-cu004-program_hq.mp3"],"duration_display":"29:53","duration_seconds":1793.0,"embed_url":null,"id":1128,"image_caption":null,"image_url":"https://gdb.martinoticias.com/9d166e2d-3fd7-4813-cf21-08decd5b38e4_mw2048_mh2048_n.jpg","is_clip":false,"is_youtube_embed":false,"item_type":"audio","item_type_label":"Audio","language_label":"Espa\u00f1ol","media_credit":"OCB","micro_label":"Audio program","micro_label_kind":"audio","network_label":"OCB","network_logo_url":"/static/uploads/direct_network_logos/ocb_0888427dcb1d.svg","published_at":"2026-07-30T22:30:00","published_at_display":"30 Jul 2026, 22:30 GMT","sequence_badge_label":null,"sequence_count":null,"sequence_count_label":null,"sequence_frames":[],"sequence_kind":null,"source_name":"radiotelevisionmarti_com_direct","source_name_label":"Radiotelevisionmarti","source_type":"direct_api","summary":"Liberaci\u00f3n es un espacio radial con Regis Iglesias, portavoz del Movimiento Cristiano Liberaci\u00f3n, para abordar temas de actualidad y fomentar las voces e iniciativas que buscan transformar positivamente la sociedad cubana.","title":"Misas conmemorativas para recordar el legado de Oswaldo Pay\u00e1 y Harlod Cepero","topic":"Liberaci\u00f3n","translation_language":"","url":"https://ocb-audio-ns.akamaized.net/cu/2026/07/30/20260730-223000-cu004-program_hq.mp3","video_url":null,"youtube_conversion_active":false,"youtube_conversion_error":"","youtube_conversion_status":""},{"article_body_paragraphs":[],"audio_source_url":"https://ocb-audio-ns.akamaized.net/cu/2026/07/30/f77c0b7d-52ea-438c-aca6-08decd4f1c2d.mp3","author":null,"available_dubs":[],"downloadable_assets":["https://ocb-audio-ns.akamaized.net/cu/2026/07/30/f77c0b7d-52ea-438c-aca6-08decd4f1c2d.mp3"],"duration_display":"0:00","duration_seconds":null,"embed_url":null,"id":13527,"image_caption":null,"image_url":"https://gdb.martinoticias.com/650df83b-07e2-4ff4-9012-e6dbb3c9d096_cx0_cy6_cw100_w1200_h630.jpg","is_clip":false,"is_youtube_embed":false,"item_type":"audio","item_type_label":"Audio","language_label":"Espa\u00f1ol","media_credit":null,"micro_label":"Audio program","micro_label_kind":"audio","network_label":"OCB","network_logo_url":"/static/uploads/direct_network_logos/ocb_0888427dcb1d.svg","published_at":"2026-07-30T18:50:32","published_at_display":"30 Jul 2026, 18:50 GMT","sequence_badge_label":null,"sequence_count":null,"sequence_count_label":null,"sequence_frames":[],"sequence_kind":null,"source_name":"ocb_spanish_audio_html_scrape_1016","source_name_label":"OCB \u00b7 Programas de Radio Nuestra Am\u00e9rica","source_type":"scrape","summary":"Keiko Fujimori enfatiza \"mano dura\" y \"seguridad institucional\" durante su primer mensaje a la naci\u00f3n tras la juramentaci\u00f3n de su gabinete ministerial...Mientras escala la tensi\u00f3n por tema de aranceles con Washington , Brasil se encamina a una enconada disputa electoral entre Lula y Flavio Bolsonaro","title":"Keiko Fujimori dicta directrices de lo que ser\u00e1n 1.826 dias como Presidenta del Per\u00fa","topic":"Programas de Radio Nuestra Am\u00e9rica","translation_language":"","url":"https://www.martinoticias.com/a/473266.html","video_url":null,"youtube_conversion_active":false,"youtube_conversion_error":"","youtube_conversion_status":""},{"article_body_paragraphs":[],"audio_source_url":"https://ocb-audio-ns.akamaized.net/cu/2026/07/30/20260730-180000-cu004-program_hq.mp3","author":"Mario J. Pent\u00f3n","available_dubs":[],"downloadable_assets":["https://ocb-audio-ns.akamaized.net/cu/2026/07/30/20260730-180000-cu004-program_hq.mp3"],"duration_display":"29:52","duration_seconds":1792.0,"embed_url":null,"id":1130,"image_caption":null,"image_url":"https://gdb.martinoticias.com/cb75a074-a814-4e7a-df7e-08de31a8b205_mw2048_mh2048_n.jpg","is_clip":false,"is_youtube_embed":false,"item_type":"audio","item_type_label":"Audio","language_label":"Espa\u00f1ol","media_credit":"OCB","micro_label":"Audio program","micro_label_kind":"audio","network_label":"OCB","network_logo_url":"/static/uploads/direct_network_logos/ocb_0888427dcb1d.svg","published_at":"2026-07-30T18:00:00","published_at_display":"30 Jul 2026, 18:00 GMT","sequence_badge_label":null,"sequence_count":null,"sequence_count_label":null,"sequence_frames":[],"sequence_kind":null,"source_name":"radiotelevisionmarti_com_direct","source_name_label":"Radiotelevisionmarti","source_type":"direct_api","summary":"\u00a1Cuba colapsa! El 73% de los hoteles estan cerrados, reconoce el primer ministro Manuel Marrero Cruz","title":"Cuba al D\u00eda con Juan Antonio Blanco y Orlando Guti\u00e9rrez Boronat","topic":"Cuba al D\u00eda","translation_language":"","url":"https://ocb-audio-ns.akamaized.net/cu/2026/07/30/20260730-180000-cu004-program_hq.mp3","video_url":null,"youtube_conversion_active":false,"youtube_conversion_error":"","youtube_conversion_status":""},{"article_body_paragraphs":[],"audio_source_url":"https://ocb-audio-ns.akamaized.net/cu/2026/07/30/20260730-153000-cu004-program_hq.mp3","author":"Janisset Rivero","available_dubs":[],"downloadable_assets":["https://ocb-audio-ns.akamaized.net/cu/2026/07/30/20260730-153000-cu004-program_hq.mp3"],"duration_display":"29:55","duration_seconds":1795.0,"embed_url":null,"id":1131,"image_caption":null,"image_url":"https://gdb.martinoticias.com/b41723b1-24dd-4061-e4b6-08decd478c11_mw2048_mh2048_n.jpg","is_clip":false,"is_youtube_embed":false,"item_type":"audio","item_type_label":"Audio","language_label":"Espa\u00f1ol","media_credit":"OCB","micro_label":"Audio program","micro_label_kind":"audio","network_label":"OCB","network_logo_url":"/static/uploads/direct_network_logos/ocb_0888427dcb1d.svg","published_at":"2026-07-30T15:30:00","published_at_display":"30 Jul 2026, 15:30 GMT","sequence_badge_label":null,"sequence_count":null,"sequence_count_label":null,"sequence_frames":[],"sequence_kind":null,"source_name":"radiotelevisionmarti_com_direct","source_name_label":"Radiotelevisionmarti","source_type":"direct_api","summary":"Las inversiones extranjeras y las medidas anunciadas por el r\u00e9gimen.","title":"Pablo Morales March\u00e1n.","topic":"Barrio Adentro","translation_language":"","url":"https://ocb-audio-ns.akamaized.net/cu/2026/07/30/20260730-153000-cu004-program_hq.mp3","video_url":null,"youtube_conversion_active":false,"youtube_conversion_error":"","youtube_conversion_status":""},{"article_body_paragraphs":[],"audio_source_url":"https://ocb-audio-ns.akamaized.net/cu/2026/07/30/20260730-150000-cu004-program_hq.mp3","author":"Oscar El\u00edas Biscet","available_dubs":[],"downloadable_assets":["https://ocb-audio-ns.akamaized.net/cu/2026/07/30/20260730-150000-cu004-program_hq.mp3"],"duration_display":"29:58","duration_seconds":1798.0,"embed_url":null,"id":1132,"image_caption":null,"image_url":"https://gdb.martinoticias.com/01000000-0aff-0242-2f63-08dbcb434ef2_mw2048_mh2048_n.png","is_clip":false,"is_youtube_embed":false,"item_type":"audio","item_type_label":"Audio","language_label":"Espa\u00f1ol","media_credit":"OCB","micro_label":"Audio program","micro_label_kind":"audio","network_label":"OCB","network_logo_url":"/static/uploads/direct_network_logos/ocb_0888427dcb1d.svg","published_at":"2026-07-30T15:00:00","published_at_display":"30 Jul 2026, 15:00 GMT","sequence_badge_label":null,"sequence_count":null,"sequence_count_label":null,"sequence_frames":[],"sequence_kind":null,"source_name":"radiotelevisionmarti_com_direct","source_name_label":"Radiotelevisionmarti","source_type":"direct_api","summary":"El reconocido opositor cubano Dr. Oscar El\u00edas Biscet aborda la situaci\u00f3n de los derechos humanos en Cuba y la conquista de las libertades b\u00e1sicas de los cubanos, bajo el precepto de que \u201csi aprendes a ser libre, todos los seremos\u201d. Correo Electr\u00f3nico: lawtonlibremarti@gmail.com","title":"Lawton Libre","topic":"Lawton Libre","translation_language":"","url":"https://ocb-audio-ns.akamaized.net/cu/2026/07/30/20260730-150000-cu004-program_hq.mp3","video_url":null,"youtube_conversion_active":false,"youtube_conversion_error":"","youtube_conversion_status":""},{"article_body_paragraphs":[],"audio_source_url":"https://ocb-audio-ns.akamaized.net/cu/2026/07/30/20260730-140000-cu004-program.mp3","author":null,"available_dubs":[],"downloadable_assets":["https://ocb-audio-ns.akamaized.net/cu/2026/07/30/20260730-140000-cu004-program.mp3"],"duration_display":"0:00","duration_seconds":null,"embed_url":null,"id":13479,"image_caption":null,"image_url":"https://gdb.martinoticias.com/1d24f0db-a2ce-4972-643e-08de3c08cd61_w1200_h630.png","is_clip":false,"is_youtube_embed":false,"item_type":"audio","item_type_label":"Audio","language_label":"Espa\u00f1ol","media_credit":null,"micro_label":"Audio program","micro_label_kind":"audio","network_label":"OCB","network_logo_url":"/static/uploads/direct_network_logos/ocb_0888427dcb1d.svg","published_at":"2026-07-30T14:00:00","published_at_display":"30 Jul 2026, 14:00 GMT","sequence_badge_label":null,"sequence_count":null,"sequence_count_label":null,"sequence_frames":[],"sequence_kind":null,"source_name":"ocb_spanish_audio_html_scrape_1061","source_name_label":"OCB \u00b7 Foro abierto","source_type":"scrape","summary":"Noticias, an\u00e1lisis, opini\u00f3n y entrevistas. El pulso pol\u00edtico e informativo con Andr\u00e9s Reynaldo y Miguel Coss\u00edo.","title":"Foro abierto","topic":"Foro abierto","translation_language":"","url":"https://www.martinoticias.com/a/471343.html","video_url":null,"youtube_conversion_active":false,"youtube_conversion_error":"","youtube_conversion_status":""},{"article_body_paragraphs":[],"audio_source_url":"https://ocb-audio-ns.akamaized.net/cu/2026/07/29/20260729-180000-cu004-program_hq.mp3","author":"Mario J. Pent\u00f3n","available_dubs":[],"downloadable_assets":["https://ocb-audio-ns.akamaized.net/cu/2026/07/29/20260729-180000-cu004-program_hq.mp3"],"duration_display":"29:46","duration_seconds":1786.0,"embed_url":null,"id":1133,"image_caption":null,"image_url":"https://gdb.martinoticias.com/cb75a074-a814-4e7a-df7e-08de31a8b205_mw2048_mh2048_n.jpg","is_clip":false,"is_youtube_embed":false,"item_type":"audio","item_type_label":"Audio","language_label":"Espa\u00f1ol","media_credit":"OCB","micro_label":"Audio program","micro_label_kind":"audio","network_label":"OCB","network_logo_url":"/static/uploads/direct_network_logos/ocb_0888427dcb1d.svg","published_at":"2026-07-29T18:00:00","published_at_display":"29 Jul 2026, 18:00 GMT","sequence_badge_label":null,"sequence_count":null,"sequence_count_label":null,"sequence_frames":[],"sequence_kind":null,"source_name":"radiotelevisionmarti_com_direct","source_name_label":"Radiotelevisionmarti","source_type":"direct_api","summary":"Las misiones m\u00e9dicas del r\u00e9gimen y los casos de dos presos pol\u00edticos a quienes se les han negado todos los recursos legales","title":"Cuba al D\u00eda con Javier Larrondo y Mar\u00eda Werlau","topic":"Cuba al D\u00eda","translation_language":"","url":"https://ocb-audio-ns.akamaized.net/cu/2026/07/29/20260729-180000-cu004-program_hq.mp3","video_url":null,"youtube_conversion_active":false,"youtube_conversion_error":"","youtube_conversion_status":""}],"next_num":13,"page":12,"pages":17,"per_page":20,"prev_num":11,"total":326}
