{"applied_filters":{"end_date":"","lang":"","language":"","network":"OCB","page":12,"per_page":20,"search":"","source":"","start_date":"","topic":"","type":"photo"},"available_filters":{"language_choices":[{"label":"Choose Language","value":""},{"label":"English","value":"English"},{"label":"Espa\u00f1ol","value":"Espa\u00f1ol"}],"network_choices":[{"label":"All networks","value":""},{"label":"OCB","value":"OCB"}],"source_choices":[{"label":"All sources","value":""},{"label":"Radiotelevisionmarti","value":"radiotelevisionmarti_com_rss"}],"sources":["radiotelevisionmarti_com_rss"],"topics":[],"types":[["","All types"],["article","Articles"],["audio","Audio"],["video","Videos"],["clips","Clips"],["media","Media"]]},"has_next":true,"has_prev":true,"items":[{"article_body_paragraphs":[],"audio_source_url":null,"author":"Yolanda Huerga","available_dubs":[],"downloadable_assets":["https://gdb.martinoticias.com/58104048-4344-47e1-21bf-08ddfa7b3e98_w1600_r1_n_s.jpeg"],"duration_display":"0:00","duration_seconds":null,"embed_url":null,"id":6981,"image_caption":null,"image_url":"https://gdb.martinoticias.com/58104048-4344-47e1-21bf-08ddfa7b3e98_w1600_r1_n_s.jpeg","is_clip":false,"is_youtube_embed":false,"item_type":"photo","item_type_label":"Photo","language_label":"Espa\u00f1ol","media_credit":"Yolanda Huerga","micro_label":"Photo","micro_label_kind":"gallery","network_label":"OCB","network_logo_url":"/static/uploads/direct_network_logos/ocb_0888427dcb1d.svg","published_at":"2026-08-19T19:39:53","published_at_display":"19 Aug 2026, 19:39 GMT","sequence_badge_label":null,"sequence_count":null,"sequence_count_label":null,"sequence_frames":[],"sequence_kind":null,"source_name":"radiotelevisionmarti_com_rss","source_name_label":"Radiotelevisionmarti","source_type":"rss","summary":"El Centro de Denuncias Defensa CD revela que, en 31 d\u00edas, se contabilizaron 863 atropellos contra las libertades individuales en la isla, que afectaron a cerca de 400 ciudadanos.","title":"La represi\u00f3n sist\u00e9mica en Cuba no da tregua: registran m\u00e1s de 800 abusos estatales en julio","topic":null,"translation_language":"","url":"https://www.martinoticias.com/a/la-represi%c3%b3n-sist%c3%a9mica-en-cuba-no-da-tregua-registran-m%c3%a1s-de-800-abusos-estatales-en-julio/475799.html","video_url":null,"youtube_conversion_active":false,"youtube_conversion_error":"","youtube_conversion_status":""},{"article_body_paragraphs":[],"audio_source_url":null,"author":"Jany Gonz\u00e1lez","available_dubs":[],"downloadable_assets":["https://gdb.martinoticias.com/b05813e1-e676-46ca-68b7-08def2ff2efe_w1600_r1_n_s.jpg"],"duration_display":"0:00","duration_seconds":null,"embed_url":null,"id":6982,"image_caption":null,"image_url":"https://gdb.martinoticias.com/b05813e1-e676-46ca-68b7-08def2ff2efe_w1600_r1_n_s.jpg","is_clip":false,"is_youtube_embed":false,"item_type":"photo","item_type_label":"Photo","language_label":"Espa\u00f1ol","media_credit":"Jany Gonz\u00e1lez","micro_label":"Photo","micro_label_kind":"gallery","network_label":"OCB","network_logo_url":"/static/uploads/direct_network_logos/ocb_0888427dcb1d.svg","published_at":"2026-08-19T19:14:46","published_at_display":"19 Aug 2026, 19:14 GMT","sequence_badge_label":null,"sequence_count":null,"sequence_count_label":null,"sequence_frames":[],"sequence_kind":null,"source_name":"radiotelevisionmarti_com_rss","source_name_label":"Radiotelevisionmarti","source_type":"rss","summary":"La inflaci\u00f3n volvi\u00f3 a acelerarse en Cuba durante julio y golpe\u00f3 con m\u00e1s fuerza el costo de alimentos y transporte, dos de los principales gastos de los hogares, mientras el r\u00e9gimen intenta aplicar un nuevo paquete de reformas econ\u00f3micas.","title":"Alimentos suben m\u00e1s de un 26% en Cuba y expertos advierten: la inflaci\u00f3n est\u00e1 \u201cfuera de control\u201d","topic":null,"translation_language":"","url":"https://www.martinoticias.com/a/alimentos-suben-m%c3%a1s-de-un-26-en-cuba-y-expertos-advierten-la-inflaci%c3%b3n-est%c3%a1-fuera-de-control/475786.html","video_url":null,"youtube_conversion_active":false,"youtube_conversion_error":"","youtube_conversion_status":""},{"article_body_paragraphs":[],"audio_source_url":null,"author":"Yolanda Huerga","available_dubs":[],"downloadable_assets":["https://gdb.martinoticias.com/c50a157a-43c4-4f3a-f96c-08de3bfab561_cx0_cy9_cw0_w1600_r1_n_s.jpg"],"duration_display":"0:00","duration_seconds":null,"embed_url":null,"id":6952,"image_caption":null,"image_url":"https://gdb.martinoticias.com/c50a157a-43c4-4f3a-f96c-08de3bfab561_cx0_cy9_cw0_w1600_r1_n_s.jpg","is_clip":false,"is_youtube_embed":false,"item_type":"photo","item_type_label":"Photo","language_label":"Espa\u00f1ol","media_credit":"Yolanda Huerga","micro_label":"Photo","micro_label_kind":"gallery","network_label":"OCB","network_logo_url":"/static/uploads/direct_network_logos/ocb_0888427dcb1d.svg","published_at":"2026-08-19T18:08:36","published_at_display":"19 Aug 2026, 18:08 GMT","sequence_badge_label":null,"sequence_count":null,"sequence_count_label":null,"sequence_frames":[],"sequence_kind":null,"source_name":"radiotelevisionmarti_com_rss","source_name_label":"Radiotelevisionmarti","source_type":"rss","summary":"Tras ser liberada de una detenci\u00f3n por intentar ejercer su derecho a la protesta, la acad\u00e9mica y activista cubana Alina B\u00e1rbara L\u00f3pez Hern\u00e1ndez afirm\u00f3 que a pesar del rechazo del r\u00e9gimen las movilizaciones continuar\u00e1n.","title":"Historiadora cubana denuncia la criminalizaci\u00f3n de la protesta en la isla","topic":null,"translation_language":"","url":"https://www.martinoticias.com/a/historiadora-alina-b%c3%a1rbara-denuncia-la-criminalizaci%c3%b3n-de-la-protesta-en-cuba/475791.html","video_url":null,"youtube_conversion_active":false,"youtube_conversion_error":"","youtube_conversion_status":""},{"article_body_paragraphs":[],"audio_source_url":null,"author":"Ariane Gonz\u00e1lez","available_dubs":[],"downloadable_assets":["https://gdb.martinoticias.com/80893da9-a901-4c4f-be2f-08de3cb98067_cx0_cy20_cw0_w1600_r1_n_s.jpg"],"duration_display":"0:00","duration_seconds":null,"embed_url":null,"id":6953,"image_caption":null,"image_url":"https://gdb.martinoticias.com/80893da9-a901-4c4f-be2f-08de3cb98067_cx0_cy20_cw0_w1600_r1_n_s.jpg","is_clip":false,"is_youtube_embed":false,"item_type":"photo","item_type_label":"Photo","language_label":"Espa\u00f1ol","media_credit":"Ariane Gonz\u00e1lez","micro_label":"Photo","micro_label_kind":"gallery","network_label":"OCB","network_logo_url":"/static/uploads/direct_network_logos/ocb_0888427dcb1d.svg","published_at":"2026-08-19T17:54:10","published_at_display":"19 Aug 2026, 17:54 GMT","sequence_badge_label":null,"sequence_count":null,"sequence_count_label":null,"sequence_frames":[],"sequence_kind":null,"source_name":"radiotelevisionmarti_com_rss","source_name_label":"Radiotelevisionmarti","source_type":"rss","summary":"La organizaci\u00f3n se\u00f1al\u00f3 que las estad\u00edsticas oficiales no permiten determinar si hubo una reducci\u00f3n real de feminicidios respecto a a\u00f1os anteriores, ya que los datos se organizan seg\u00fan el cierre de los procesos judiciales y no por la fecha en que ocurrieron los cr\u00edmenes.","title":"OGAT cuestiona cifras oficiales sobre asesinatos de mujeres en Cuba","topic":null,"translation_language":"","url":"https://www.martinoticias.com/a/ogat-cuestiona-cifras-oficiales-sobre-asesinatos-de-mujeres-en-cuba/475793.html","video_url":null,"youtube_conversion_active":false,"youtube_conversion_error":"","youtube_conversion_status":""},{"article_body_paragraphs":[],"audio_source_url":null,"author":"Edgardo Pinell Medina","available_dubs":[],"downloadable_assets":["https://gdb.martinoticias.com/67fad952-61ab-427f-9dac-b42dddb2c79d_w1600_r1_n_s.jpg"],"duration_display":"0:00","duration_seconds":null,"embed_url":null,"id":6954,"image_caption":null,"image_url":"https://gdb.martinoticias.com/67fad952-61ab-427f-9dac-b42dddb2c79d_w1600_r1_n_s.jpg","is_clip":false,"is_youtube_embed":false,"item_type":"photo","item_type_label":"Photo","language_label":"Espa\u00f1ol","media_credit":"Edgardo Pinell Medina","micro_label":"Photo","micro_label_kind":"gallery","network_label":"OCB","network_logo_url":"/static/uploads/direct_network_logos/ocb_0888427dcb1d.svg","published_at":"2026-08-19T17:49:48","published_at_display":"19 Aug 2026, 17:49 GMT","sequence_badge_label":null,"sequence_count":null,"sequence_count_label":null,"sequence_frames":[],"sequence_kind":null,"source_name":"radiotelevisionmarti_com_rss","source_name_label":"Radiotelevisionmarti","source_type":"rss","summary":"La OEA aprob\u00f3 convocar una reuni\u00f3n de cancilleres para abordar la crisis en Nicaragua, mientras organizaciones opositoras al r\u00e9gimen de Daniel Ortega presentaron un plan de \u201ctransici\u00f3n ordenada\u201d hacia la democracia.","title":"Opositores proponen plan para una transici\u00f3n democr\u00e1tica en Nicaragua en medio de debate en la OEA","topic":null,"translation_language":"","url":"https://www.martinoticias.com/a/opositores-proponen-plan-para-una-transici%c3%b3n-democr%c3%a1tica-en-nicaragua-en-medio-de-debate-en-la-oea/475792.html","video_url":null,"youtube_conversion_active":false,"youtube_conversion_error":"","youtube_conversion_status":""},{"article_body_paragraphs":[],"audio_source_url":null,"author":"Jorge Morej\u00f3n","available_dubs":[],"downloadable_assets":["https://gdb.martinoticias.com/01000000-0aff-0242-5f3d-08db39d55113_w1600_r1_n_s.jpg"],"duration_display":"0:00","duration_seconds":null,"embed_url":null,"id":6915,"image_caption":null,"image_url":"https://gdb.martinoticias.com/01000000-0aff-0242-5f3d-08db39d55113_w1600_r1_n_s.jpg","is_clip":false,"is_youtube_embed":false,"item_type":"photo","item_type_label":"Photo","language_label":"Espa\u00f1ol","media_credit":"Jorge Morej\u00f3n","micro_label":"Photo","micro_label_kind":"gallery","network_label":"OCB","network_logo_url":"/static/uploads/direct_network_logos/ocb_0888427dcb1d.svg","published_at":"2026-08-19T16:50:31","published_at_display":"19 Aug 2026, 16:50 GMT","sequence_badge_label":null,"sequence_count":null,"sequence_count_label":null,"sequence_frames":[],"sequence_kind":null,"source_name":"radiotelevisionmarti_com_rss","source_name_label":"Radiotelevisionmarti","source_type":"rss","summary":"Los Filis de Filadelfia firmaron al lanzador cubano N\u00e9stor Cort\u00e9s con un contrato de Grandes Ligas hasta el final de la temporada 2026.","title":"N\u00e9stor Cort\u00e9s vuelve a Grandes Ligas con los Filis de Filadelfia","topic":null,"translation_language":"","url":"https://www.martinoticias.com/a/nestor-cortes-vuelve-a-grandes-ligas-con-los-filis-de-filadelfia/475788.html","video_url":null,"youtube_conversion_active":false,"youtube_conversion_error":"","youtube_conversion_status":""},{"article_body_paragraphs":[],"audio_source_url":null,"author":"Oficina de Pol\u00edticas","available_dubs":[],"downloadable_assets":["https://gdb.martinoticias.com/900f441e-a1fb-45c7-b91d-920c7e2b04ad_cx0_cy9_cw0_w1600_r1_n_s.jpg"],"duration_display":"0:00","duration_seconds":null,"embed_url":null,"id":6898,"image_caption":null,"image_url":"https://gdb.martinoticias.com/900f441e-a1fb-45c7-b91d-920c7e2b04ad_cx0_cy9_cw0_w1600_r1_n_s.jpg","is_clip":false,"is_youtube_embed":false,"item_type":"photo","item_type_label":"Photo","language_label":"Espa\u00f1ol","media_credit":"Oficina de Pol\u00edticas","micro_label":"Photo","micro_label_kind":"gallery","network_label":"OCB","network_logo_url":"/static/uploads/direct_network_logos/ocb_0888427dcb1d.svg","published_at":"2026-08-19T15:50:55","published_at_display":"19 Aug 2026, 15:50 GMT","sequence_badge_label":null,"sequence_count":null,"sequence_count_label":null,"sequence_frames":[],"sequence_kind":null,"source_name":"radiotelevisionmarti_com_rss","source_name_label":"Radiotelevisionmarti","source_type":"rss","summary":"Estados Unidos redefini\u00f3 sus prioridades en la lucha global contra el terrorismo al se\u00f1alar como principales amenazas a los narcoc\u00e1rteles y bandas transnacionales, los grupos islamistas y los extremistas violentos de izquierda.","title":"EEUU identifica a las tres principales amenazas terroristas","topic":null,"translation_language":"","url":"https://www.martinoticias.com/a/eeuu-identifica-a-las-tres-principales-amenazas-terroristas/475785.html","video_url":null,"youtube_conversion_active":false,"youtube_conversion_error":"","youtube_conversion_status":""},{"article_body_paragraphs":[],"audio_source_url":null,"author":"Rolando N\u00e1poles","available_dubs":[],"downloadable_assets":["https://gdb.martinoticias.com/912f0675-2ecf-4d49-cf97-08decd5b38e4_cx0_cy9_cw0_w1600_r1_n_s.jpg"],"duration_display":"0:00","duration_seconds":null,"embed_url":null,"id":6899,"image_caption":null,"image_url":"https://gdb.martinoticias.com/912f0675-2ecf-4d49-cf97-08decd5b38e4_cx0_cy9_cw0_w1600_r1_n_s.jpg","is_clip":false,"is_youtube_embed":false,"item_type":"photo","item_type_label":"Photo","language_label":"Espa\u00f1ol","media_credit":"Rolando N\u00e1poles","micro_label":"Photo","micro_label_kind":"gallery","network_label":"OCB","network_logo_url":"/static/uploads/direct_network_logos/ocb_0888427dcb1d.svg","published_at":"2026-08-19T15:47:44","published_at_display":"19 Aug 2026, 15:47 GMT","sequence_badge_label":null,"sequence_count":null,"sequence_count_label":null,"sequence_frames":[],"sequence_kind":null,"source_name":"radiotelevisionmarti_com_rss","source_name_label":"Radiotelevisionmarti","source_type":"rss","summary":"Iberia mantendr\u00e1 suspendidos sus vuelos directos a Cuba al menos hasta julio de 2027 debido a la crisis energ\u00e9tica que afecta a la isla, una situaci\u00f3n que, seg\u00fan la aerol\u00ednea espa\u00f1ola, impacta gravemente tanto la demanda de pasajeros como sus operaciones.","title":"Iberia extiende suspensi\u00f3n de vuelos a Cuba hasta julio de 2027","topic":null,"translation_language":"","url":"https://www.martinoticias.com/a/iberia-extiende-suspensi%c3%b3n-de-vuelos-a-cuba-hasta-julio-de-2027/475783.html","video_url":null,"youtube_conversion_active":false,"youtube_conversion_error":"","youtube_conversion_status":""},{"article_body_paragraphs":[],"audio_source_url":null,"author":"Ariane Gonz\u00e1lez","available_dubs":[],"downloadable_assets":["https://gdb.martinoticias.com/1AFCF89E-B325-4879-84EF-61ACAAF37F77_w1600_r1_n_s.jpg"],"duration_display":"0:00","duration_seconds":null,"embed_url":null,"id":6859,"image_caption":null,"image_url":"https://gdb.martinoticias.com/1AFCF89E-B325-4879-84EF-61ACAAF37F77_w1600_r1_n_s.jpg","is_clip":false,"is_youtube_embed":false,"item_type":"photo","item_type_label":"Photo","language_label":"Espa\u00f1ol","media_credit":"Ariane Gonz\u00e1lez","micro_label":"Photo","micro_label_kind":"gallery","network_label":"OCB","network_logo_url":"/static/uploads/direct_network_logos/ocb_0888427dcb1d.svg","published_at":"2026-08-19T15:26:25","published_at_display":"19 Aug 2026, 15:26 GMT","sequence_badge_label":null,"sequence_count":null,"sequence_count_label":null,"sequence_frames":[],"sequence_kind":null,"source_name":"radiotelevisionmarti_com_rss","source_name_label":"Radiotelevisionmarti","source_type":"rss","summary":"Prisoners Defenders y Consorcio Justicia presentaron este mi\u00e9rcoles Cuban Medical Brigades, una plataforma que re\u00fane 209 informes sobre las misiones m\u00e9dicas cubanas en pa\u00edses y territorios de todo el mundo y documenta presuntas pr\u00e1cticas de explotaci\u00f3n laboral, vigilancia, confiscaci\u00f3n salarial y separaci\u00f3n familiar. \u201cEs el mayor expediente mundial sobre las misiones m\u00e9dicas cubanas, abierto pa\u00eds por pa\u00eds y que contiene un mapa interactivo para permitir tener acceso al informe de cualquier pa\u00eds o territorio\u201d, declar\u00f3 a Mart\u00ed Noticias Javier Larrondo, presidente de Prisoners Defenders. La plataforma CubanMedicalBrigades.org recopila contratos, convenios, leyes, normas internas, estad\u00edsticas, documentos oficiales y 1.402 testimonios de profesionales cubanos que participaron o participan en esos programas. Seg\u00fan el informe, 1.185 de esos testimonios fueron obtenidos de manera protegida y utilizados para calcular los indicadores estad\u00edsticos, mientras otros 217 proceden de fuentes p\u00fablicas. Las experiencias documentadas corresponden a 60 pa\u00edses. La investigaci\u00f3n identifica 53 misiones activas hasta junio de 2026, con unos 25.724 profesionales cubanos. Venezuela encabeza la lista, con aproximadamente 13.000 trabajadores; seguida por M\u00e9xico, con 3.849; Angola, con 3.000; y Argelia, con 955. El documento advierte que estas cifras son estimaciones construidas con datos nacionales disponibles y no constituyen un censo oficial \u00fanico. Tambi\u00e9n registra a 9.646 profesionales catalogados como \u201cdesertores\u201d tras abandonar las misiones o negarse a regresar a Cuba. \u201cDurante m\u00e1s de seis d\u00e9cadas, el r\u00e9gimen cubano ha utilizado la medicina como un mecanismo de propaganda y, sobre todo, como su mayor fuente de ingresos ilegales por esclavitud\u201d, afirm\u00f3 Larrondo. \u201cNo puede llamarse solidaridad a un sistema que confisca salarios, vigila, amenaza, controla las relaciones personales y amorosas y castiga a quien osa dejar el trabajo en una brigada m\u00e9dica con la denominaci\u00f3n de desertor y traidor a la patria\u201d, agreg\u00f3. Entre los 1.185 testimonios protegidos analizados, el 89,79% afirm\u00f3 haber sido forzado a participar en la misi\u00f3n o haber aceptado debido a circunstancias coercitivas. En una pregunta espec\u00edfica sobre la voluntariedad, el 77,72% respondi\u00f3 que su participaci\u00f3n no hab\u00eda sido voluntaria. El 32,41% declar\u00f3 que no recibi\u00f3 contrato alguno y otro 36,20% dijo haber firmado uno, pero sin obtener una copia. Asimismo, el 69,62% asegur\u00f3 que desconoc\u00eda su destino definitivo o que este fue modificado al llegar, mientras el 75,36% tuvo que asistir a cursos de preparaci\u00f3n pol\u00edtico-ideol\u00f3gica. La investigaci\u00f3n tambi\u00e9n recoge denuncias de un amplio sistema de control sobre la vida de los profesionales. El 77,64% report\u00f3 vigilancia por parte de funcionarios cubanos o sus colaboradores; el 81,18% dijo haber sufrido restricciones de movimiento y el 70,04% manifest\u00f3 temor a que sus comunicaciones fueran intervenidas. El 78,82% ten\u00eda que informar o pedir autorizaci\u00f3n para mantener relaciones de amistad o sentimentales con ciudadanos del pa\u00eds receptor, mientras el 75,27% no pod\u00eda pasar la noche fuera del alojamiento asignado sin permiso. Otros datos muestran que el 85,32% deb\u00eda asistir a reuniones pol\u00edticas, el 67,76% fue alentado o instruido para vigilar a sus compa\u00f1eros y el 64,64% dijo haber tenido que participar en actos de repudio contra quienes abandonaban las misiones. El informe cita la Resoluci\u00f3n 368 de 2020 del Ministerio del Comercio Exterior y la Inversi\u00f3n Extranjera de Cuba, que obliga a los cooperantes a informar a sus superiores sobre relaciones de pareja con cubanos o extranjeros y exige autorizaci\u00f3n previa para determinadas actividades p\u00fablicas o privadas. Los testimonios analizados reflejan un promedio de 5,75 d\u00edas de trabajo por semana y jornadas de 9,91 horas diarias, equivalentes a unas 57 horas ordinarias semanales. Al sumar guardias y servicios extraordinarios, la carga laboral promedio ascend\u00eda a 71,89 horas semanales. El 60,84% dijo haber sido obligado a aumentar falsamente las estad\u00edsticas de atenci\u00f3n m\u00e9dica, una pr\u00e1ctica denunciada en 42 de los 60 pa\u00edses representados en la investigaci\u00f3n. El 65,32% afirm\u00f3 que deb\u00eda realizar tareas de car\u00e1cter pol\u00edtico entre la poblaci\u00f3n del pa\u00eds receptor. Adem\u00e1s, el 63,97% declar\u00f3 que ten\u00eda que aportar una cuota mensual al Partido Comunista, la Uni\u00f3n de J\u00f3venes Comunistas u otras organizaciones oficialistas. El ingreso l\u00edquido medio recibido en el pa\u00eds de destino fue de 462,29 d\u00f3lares mensuales. Las denuncias incluyen tambi\u00e9n amenazas y otras formas de abuso: el 75,78% afirm\u00f3 haber sufrido o presenciado amenazas; el 21,86%, violencia f\u00edsica atribuida a funcionarios o cometida con su consentimiento; y el 43,12%, situaciones de acoso sexual bajo esas condiciones. Prisoners Defenders sostiene que los profesionales recibieron, como promedio, alrededor del 15% de la cantidad comprometida por los pa\u00edses o instituciones contratantes, mientras el Estado cubano y sus entidades intermediarias retuvieron o exigieron la devoluci\u00f3n del 85%. El reporte aclara que la distribuci\u00f3n var\u00eda seg\u00fan el pa\u00eds, el a\u00f1o y las condiciones de cada convenio. En M\u00e9xico, por ejemplo, recoge casos en los que el profesional recibi\u00f3 200 d\u00f3lares mensuales de los 3.750 pagados al Estado cubano. En Bahamas, la proporci\u00f3n destinada al trabajador oscil\u00f3 entre el 8% y el 16% en abril de 2025, mientras en Catar rond\u00f3 el 10% en 2019, de acuerdo con los datos recopilados. El convenio con la regi\u00f3n italiana de Calabria estableci\u00f3 un pago mensual de 4.700 euros por cada profesional: 3.500 para la Comercializadora de Servicios M\u00e9dicos Cubanos y 1.200 entregados directamente al trabajador. Esto representaba una distribuci\u00f3n del 74,5% y el 25,5%, respectivamente. La organizaci\u00f3n estim\u00f3 que las misiones m\u00e9dicas generaron para Cuba cerca de 5.976 millones de d\u00f3lares en 2021, seg\u00fan una reconstrucci\u00f3n basada en estad\u00edsticas oficiales cubanas y datos de comercio de servicios profesionales de la Organizaci\u00f3n Mundial del Comercio. Uno de los principales hallazgos se refiere al castigo impuesto a quienes abandonan una misi\u00f3n. El 91,14% de los entrevistados afirm\u00f3 haber sido advertido de que no podr\u00eda regresar a Cuba durante ocho a\u00f1os si dejaba el programa. La cadena de castigo a los m\u00e9dicos que desertan de las misiones. El 48,19% ten\u00eda hijos menores en la isla durante la misi\u00f3n y el 40,51% asegur\u00f3 haber estado o continuar separado forzosamente de ellos. Un total de 53 profesionales declararon que las autoridades les impidieron entrar al pa\u00eds para ver a sus hijos. \u201cCientos de m\u00e9dicos que han intentado entrar a Cuba para ver a su familia han sido expulsados por ser desertores. Miles de ni\u00f1os est\u00e1n hu\u00e9rfanos en Cuba\u201d, denunci\u00f3 Larrondo. \u201cSi la labor de los profesionales cubanos salva vidas, el sistema que los explota destruye las suyas y las de sus familias\u201d, a\u00f1adi\u00f3. El informe explica que la denominada \u201cley de los ocho a\u00f1os\u201d no es una norma \u00fanica, sino la combinaci\u00f3n de disposiciones penales y migratorias y de pr\u00e1cticas administrativas. El art\u00edculo 176 del C\u00f3digo Penal cubano establece penas de entre tres y ocho a\u00f1os de prisi\u00f3n para funcionarios p\u00fablicos que abandonen una misi\u00f3n o se nieguen a regresar al pa\u00eds. Cuando se trata de empleados p\u00fablicos, las sanciones pueden ser de dos a cinco a\u00f1os. Prisoners Defenders y Consorcio Justicia pidieron eliminar las sanciones penales, migratorias, laborales y familiares asociadas al abandono de una misi\u00f3n; publicar \u00edntegramente los convenios y contratos; pagar directamente a los profesionales; y establecer mecanismos independientes de denuncia e inspecci\u00f3n. \u201cExigimos la liberaci\u00f3n de los m\u00e9dicos cubanos, respeto a la normativa laboral internacional y que cese el trabajo forzoso y la esclavitud a la que son sometidos los profesionales de la salud cubanos\u201d, afirm\u00f3 Larrondo. El presidente de Prisoners Defenders sostuvo que la nueva plataforma permitir\u00e1 que gobiernos, parlamentos, periodistas y ciudadanos examinen directamente las evidencias recopiladas. \u201cDesde hoy es m\u00e1s complejo que cualquier Estado, instituci\u00f3n o empresa manifieste que no sab\u00eda lo que estaba contratando, financiando o legitimando\u201d, concluy\u00f3. El gobierno cubano rechaza las acusaciones de trabajo forzoso y sostiene que la participaci\u00f3n en las misiones es voluntaria. Tambi\u00e9n afirma que los profesionales reciben una asignaci\u00f3n en el pa\u00eds de destino, conservan su salario en Cuba y aceptan que una parte de los ingresos obtenidos contribuya al financiamiento del sistema sanitario de la isla.","title":"Exponen denuncias de esclavitud moderna en misiones m\u00e9dicas de Cuba: \"pa\u00eds por pa\u00eds\"","topic":null,"translation_language":"","url":"https://www.martinoticias.com/a/documentan-denuncias-de-esclavitud-moderna-en-misiones-m%c3%a9dicas-de-cuba-en-60-pa%c3%adses/475777.html","video_url":null,"youtube_conversion_active":false,"youtube_conversion_error":"","youtube_conversion_status":""},{"article_body_paragraphs":[],"audio_source_url":null,"author":"Redacci\u00f3n Mart\u00ed Noticias","available_dubs":[],"downloadable_assets":["https://gdb.martinoticias.com/b0a9e323-2f80-4ad2-68af-08def2ff2efe_w1600_r1_n_s.jpg"],"duration_display":"0:00","duration_seconds":null,"embed_url":null,"id":6829,"image_caption":null,"image_url":"https://gdb.martinoticias.com/b0a9e323-2f80-4ad2-68af-08def2ff2efe_w1600_r1_n_s.jpg","is_clip":false,"is_youtube_embed":false,"item_type":"photo","item_type_label":"Photo","language_label":"Espa\u00f1ol","media_credit":"Redacci\u00f3n Mart\u00ed Noticias","micro_label":"Photo","micro_label_kind":"gallery","network_label":"OCB","network_logo_url":"/static/uploads/direct_network_logos/ocb_0888427dcb1d.svg","published_at":"2026-08-19T14:40:41","published_at_display":"19 Aug 2026, 14:40 GMT","sequence_badge_label":null,"sequence_count":null,"sequence_count_label":null,"sequence_frames":[],"sequence_kind":null,"source_name":"radiotelevisionmarti_com_rss","source_name_label":"Radiotelevisionmarti","source_type":"rss","summary":"El comandante del Comando Sur de EEUU, general Francis Donovan, reafirm\u00f3 durante una visita oficial a Ecuador el compromiso conjunto entre ambos pa\u00edses para combatir a los c\u00e1rteles y al narcoterrorismo.","title":"EEUU y Ecuador reafirman cooperaci\u00f3n contra c\u00e1rteles y narcoterrorismo","topic":null,"translation_language":"","url":"https://www.martinoticias.com/a/eeuu-y-ecuador-reafirman-cooperaci%c3%b3n-contra-c%c3%a1rteles-y-narcoterrorismo/475781.html","video_url":null,"youtube_conversion_active":false,"youtube_conversion_error":"","youtube_conversion_status":""},{"article_body_paragraphs":[],"audio_source_url":null,"author":"Maria Zuppello /Di\u00e1logo Am\u00e9ricas","available_dubs":[],"downloadable_assets":["https://gdb.martinoticias.com/e0ffdf4d-b9e4-4912-bc36-08def2b1d8dc_cx5_cy3_cw91_w1600_r1_n_s.jpg"],"duration_display":"0:00","duration_seconds":null,"embed_url":null,"id":6799,"image_caption":null,"image_url":"https://gdb.martinoticias.com/e0ffdf4d-b9e4-4912-bc36-08def2b1d8dc_cx5_cy3_cw91_w1600_r1_n_s.jpg","is_clip":false,"is_youtube_embed":false,"item_type":"photo","item_type_label":"Photo","language_label":"Espa\u00f1ol","media_credit":"Maria Zuppello /Di\u00e1logo Am\u00e9ricas","micro_label":"Photo","micro_label_kind":"gallery","network_label":"OCB","network_logo_url":"/static/uploads/direct_network_logos/ocb_0888427dcb1d.svg","published_at":"2026-08-19T13:08:45","published_at_display":"19 Aug 2026, 13:08 GMT","sequence_badge_label":null,"sequence_count":null,"sequence_count_label":null,"sequence_frames":[],"sequence_kind":null,"source_name":"radiotelevisionmarti_com_rss","source_name_label":"Radiotelevisionmarti","source_type":"rss","summary":"Desde la exportaci\u00f3n de modelos de espionaje y contrainteligencia hasta las actuales campa\u00f1as de influencia digital y redes diplom\u00e1ticas, Cuba ha tejido una estructura de poder que, seg\u00fan analistas y organismos internacionales, sigue impactando la estabilidad democr\u00e1tica y las din\u00e1micas pol\u00edticas de Am\u00e9rica Latina.","title":"El legado de la inteligencia cubana: c\u00f3mo La Habana export\u00f3 su modelo de seguridad en Latinoam\u00e9rica","topic":null,"translation_language":"","url":"https://www.martinoticias.com/a/el-legado-de-la-inteligencia-cubana-c%c3%b3mo-la-habana-export%c3%b3-su-modelo-de-seguridad-en-latinoam%c3%a9rica/475778.html","video_url":null,"youtube_conversion_active":false,"youtube_conversion_error":"","youtube_conversion_status":""},{"article_body_paragraphs":[],"audio_source_url":null,"author":"Redacci\u00f3n Mart\u00ed Noticias","available_dubs":[],"downloadable_assets":["https://gdb.martinoticias.com/c3690000-0aff-0242-1584-08d9eddfaf76_w1600_r1_n_s.jpeg"],"duration_display":"0:00","duration_seconds":null,"embed_url":null,"id":6664,"image_caption":null,"image_url":"https://gdb.martinoticias.com/c3690000-0aff-0242-1584-08d9eddfaf76_w1600_r1_n_s.jpeg","is_clip":false,"is_youtube_embed":false,"item_type":"photo","item_type_label":"Photo","language_label":"Espa\u00f1ol","media_credit":"Redacci\u00f3n Mart\u00ed Noticias","micro_label":"Photo","micro_label_kind":"gallery","network_label":"OCB","network_logo_url":"/static/uploads/direct_network_logos/ocb_0888427dcb1d.svg","published_at":"2026-08-19T01:24:49","published_at_display":"19 Aug 2026, 01:24 GMT","sequence_badge_label":null,"sequence_count":null,"sequence_count_label":null,"sequence_frames":[],"sequence_kind":null,"source_name":"radiotelevisionmarti_com_rss","source_name_label":"Radiotelevisionmarti","source_type":"rss","summary":"El expreso pol\u00edtico cubano Javier Delgado Torna denunci\u00f3 una nueva provocaci\u00f3n en Caibari\u00e9n y responsabiliz\u00f3 a la Seguridad del Estado de intentar involucrarlo en un altercado para fabricar otra causa penal.","title":"Expreso pol\u00edtico cubano Javier Delgado Torna denuncia nuevo acto de hostigamiento en su contra","topic":null,"translation_language":"","url":"https://www.martinoticias.com/a/expreso-pol%c3%adtico-cubano-javier-delgado-torna-denuncia-nuevo-acto-de-hostigamiento-en-su-contra/475776.html","video_url":null,"youtube_conversion_active":false,"youtube_conversion_error":"","youtube_conversion_status":""},{"article_body_paragraphs":[],"audio_source_url":null,"author":"Redacci\u00f3n Mart\u00ed Noticias","available_dubs":[],"downloadable_assets":["https://gdb.martinoticias.com/29c61765-38b6-437e-7c4e-08def2b1c8fe_cx0_cy7_cw0_w1600_r1_n_s.jpg"],"duration_display":"0:00","duration_seconds":null,"embed_url":null,"id":6652,"image_caption":null,"image_url":"https://gdb.martinoticias.com/29c61765-38b6-437e-7c4e-08def2b1c8fe_cx0_cy7_cw0_w1600_r1_n_s.jpg","is_clip":false,"is_youtube_embed":false,"item_type":"photo","item_type_label":"Photo","language_label":"Espa\u00f1ol","media_credit":"Redacci\u00f3n Mart\u00ed Noticias","micro_label":"Photo","micro_label_kind":"gallery","network_label":"OCB","network_logo_url":"/static/uploads/direct_network_logos/ocb_0888427dcb1d.svg","published_at":"2026-08-19T00:24:14","published_at_display":"19 Aug 2026, 00:24 GMT","sequence_badge_label":null,"sequence_count":null,"sequence_count_label":null,"sequence_frames":[],"sequence_kind":null,"source_name":"radiotelevisionmarti_com_rss","source_name_label":"Radiotelevisionmarti","source_type":"rss","summary":"Los equipos permitir\u00e1n retirar \u201ccientos de miles de toneladas de escombros\u201d de manera m\u00e1s r\u00e1pida y segura, especialmente en \u00e1reas de dif\u00edcil acceso, y contribuir\u00e1n a restablecer la comunicaci\u00f3n con comunidades que quedaron aisladas tras los sismos.","title":"EEUU env\u00eda maquinaria pesada a Venezuela para acelerar la remoci\u00f3n de escombros tras los sismos","topic":null,"translation_language":"","url":"https://www.martinoticias.com/a/eeuu-env%c3%ada-maquinaria-pesada-a-venezuela-para-acelerar-la-remoci%c3%b3n-de-escombros-tras-los-sismos/475775.html","video_url":null,"youtube_conversion_active":false,"youtube_conversion_error":"","youtube_conversion_status":""},{"article_body_paragraphs":[],"audio_source_url":null,"author":"Yolanda Huerga","available_dubs":[],"downloadable_assets":["https://gdb.martinoticias.com/01000000-0aff-0242-3dd1-08dbf1f17a8e_cx14_cy32_cw80_w1600_r1_n_s.jpg"],"duration_display":"0:00","duration_seconds":null,"embed_url":null,"id":6650,"image_caption":null,"image_url":"https://gdb.martinoticias.com/01000000-0aff-0242-3dd1-08dbf1f17a8e_cx14_cy32_cw80_w1600_r1_n_s.jpg","is_clip":false,"is_youtube_embed":false,"item_type":"photo","item_type_label":"Photo","language_label":"Espa\u00f1ol","media_credit":"Yolanda Huerga","micro_label":"Photo","micro_label_kind":"gallery","network_label":"OCB","network_logo_url":"/static/uploads/direct_network_logos/ocb_0888427dcb1d.svg","published_at":"2026-08-18T23:46:28","published_at_display":"18 Aug 2026, 23:46 GMT","sequence_badge_label":null,"sequence_count":null,"sequence_count_label":null,"sequence_frames":[],"sequence_kind":null,"source_name":"radiotelevisionmarti_com_rss","source_name_label":"Radiotelevisionmarti","source_type":"rss","summary":"Su hija, Cecilia Borroto, confirm\u00f3 el arresto e indic\u00f3 que presuntamente la trasladaron a la unidad policial de la Playa, aunque la familia desconoce la ubicaci\u00f3n exacta.","title":"Detienen a la acad\u00e9mica cubana Alina B\u00e1rbara cuando se dirig\u00eda al Parque de la Libertad","topic":null,"translation_language":"","url":"https://www.martinoticias.com/a/detienen-a-la-acad%c3%a9mica-cubana-alina-b%c3%a1rbara-cuando-se-dirig%c3%ada-al-parque-de-la-libertad/475738.html","video_url":null,"youtube_conversion_active":false,"youtube_conversion_error":"","youtube_conversion_status":""},{"article_body_paragraphs":[],"audio_source_url":null,"author":"Ivette Pacheco","available_dubs":[],"downloadable_assets":["https://gdb.martinoticias.com/cbb02446-9c96-4329-03ce-08decd63a0c8_w1600_r1_n_s.jpeg"],"duration_display":"0:00","duration_seconds":null,"embed_url":null,"id":6645,"image_caption":null,"image_url":"https://gdb.martinoticias.com/cbb02446-9c96-4329-03ce-08decd63a0c8_w1600_r1_n_s.jpeg","is_clip":false,"is_youtube_embed":false,"item_type":"photo","item_type_label":"Photo","language_label":"Espa\u00f1ol","media_credit":"Ivette Pacheco","micro_label":"Photo","micro_label_kind":"gallery","network_label":"OCB","network_logo_url":"/static/uploads/direct_network_logos/ocb_0888427dcb1d.svg","published_at":"2026-08-18T22:44:27","published_at_display":"18 Aug 2026, 22:44 GMT","sequence_badge_label":null,"sequence_count":null,"sequence_count_label":null,"sequence_frames":[],"sequence_kind":null,"source_name":"radiotelevisionmarti_com_rss","source_name_label":"Radiotelevisionmarti","source_type":"rss","summary":"El opositor cubano Edier Fr\u00f3meta Allen fue excarcelado este martes tras pasar m\u00e1s de siete a\u00f1os en prisi\u00f3n, un d\u00eda antes de cumplir oficialmente su condena.","title":"\"Voy a contar con lujo detalles todo lo que pas\u00e9 en prisi\u00f3n\", Fr\u00f3meta Allen tras 7 a\u00f1os de presidio pol\u00edtico en Cuba (VIDEO)","topic":null,"translation_language":"","url":"https://www.martinoticias.com/a/voy-a-contar-con-lujo-detalles-todo-lo-que-pas%c3%a9-en-prisi%c3%b3n-fr%c3%b3meta-allen-tras-7-a%c3%b1os-de-presidio-pol%c3%adtico-en-cuba-video/475731.html","video_url":null,"youtube_conversion_active":false,"youtube_conversion_error":"","youtube_conversion_status":""},{"article_body_paragraphs":[],"audio_source_url":null,"author":"Jos\u00e9 Pernalete","available_dubs":[],"downloadable_assets":["https://gdb.martinoticias.com/abb21c30-814e-4e5b-68ac-08def2ff2efe_cx0_cy9_cw0_w1600_r1_n_s.png"],"duration_display":"0:00","duration_seconds":null,"embed_url":null,"id":6628,"image_caption":null,"image_url":"https://gdb.martinoticias.com/abb21c30-814e-4e5b-68ac-08def2ff2efe_cx0_cy9_cw0_w1600_r1_n_s.png","is_clip":false,"is_youtube_embed":false,"item_type":"photo","item_type_label":"Photo","language_label":"Espa\u00f1ol","media_credit":"Jos\u00e9 Pernalete","micro_label":"Photo","micro_label_kind":"gallery","network_label":"OCB","network_logo_url":"/static/uploads/direct_network_logos/ocb_0888427dcb1d.svg","published_at":"2026-08-18T21:38:13","published_at_display":"18 Aug 2026, 21:38 GMT","sequence_badge_label":null,"sequence_count":null,"sequence_count_label":null,"sequence_frames":[],"sequence_kind":null,"source_name":"radiotelevisionmarti_com_rss","source_name_label":"Radiotelevisionmarti","source_type":"rss","summary":"Organizaciones defensoras de derechos humanos denuncian que el r\u00e9gimen de Venezuela contin\u00faa utilizando la prisi\u00f3n por razones pol\u00edticas como un mecanismo de control y presi\u00f3n contra la disidencia, pese a las recientes excarcelaciones anunciadas por las autoridades interinas del pa\u00eds. Una de las personas excarceladas el pasado viernes fue Emerlendris Ben\u00edtez, quien permaneci\u00f3 ocho a\u00f1os tras las rejas. Tras recuperar su libertad, Ben\u00edtez explic\u00f3 que recibi\u00f3 una \u201cmedida humanitaria\u201d, aunque su situaci\u00f3n judicial contin\u00faa condicionada. Denuncian que presos pol\u00edticos siguen bajo control del r\u00e9gimen de Venezuela De acuerdo con Martha Tineo, coordinadora de Justicia, Encuentro y Perd\u00f3n, Ben\u00edtez deber\u00e1 presentarse ante tribunales cada tres meses, una condici\u00f3n que, seg\u00fan la organizaci\u00f3n, demuestra que la excarcelaci\u00f3n no representa una libertad plena. Justicia, Encuentro y Perd\u00f3n asegura haber verificado la excarcelaci\u00f3n de 83 personas desde el pasado viernes, de las cuales 72 figuraban en sus registros de presos pol\u00edticos, mientras otros 11 casos permanecen bajo revisi\u00f3n. Sin embargo, la organizaci\u00f3n advierte que las excarcelaciones no significan el fin de la prisi\u00f3n pol\u00edtica en Venezuela. Tineo asegura que mantienen documentadas al menos 448 personas privadas de libertad por razones pol\u00edticas. \u201cClaramente celebramos la excarcelaci\u00f3n de estas personas, por supuesto que s\u00ed, que estas personas en este momento puedan estar junto a sus familias, es una extraordinaria noticia. Pero nuestras intenciones y nuestro compromiso sigue estando con al menos esas 448 que se mantienen privadas de libertad por razones pol\u00edticas en Venezuela\u201d, afirm\u00f3. Las secuelas de ocho a\u00f1os de prisi\u00f3n La familia de Ben\u00edtez sostiene que los efectos del encarcelamiento contin\u00faan incluso despu\u00e9s de su salida de prisi\u00f3n. Su hermana, Melania Leal, relat\u00f3 que la expresa pol\u00edtica todav\u00eda enfrenta las consecuencias emocionales de los ocho a\u00f1os que permaneci\u00f3 detenida. \u201cEsta ma\u00f1ana se levant\u00f3 con sobresalto en la cama, no es f\u00e1cil, son ocho a\u00f1os de sufrimiento y dolor\u201d, asegur\u00f3 Leal, quien reclam\u00f3 libertad plena para su hermana, para quienes han sido excarcelados bajo condiciones judiciales y para quienes permanecen encarcelados. Ben\u00edtez tambi\u00e9n pidi\u00f3 la liberaci\u00f3n de quienes contin\u00faan detenidos por razones pol\u00edticas. \u201cSolo lo \u00fanico que le pido a Dios es que siga haciendo justicia y la libertad tambi\u00e9n para todos los presos pol\u00edticos que quedan ah\u00ed\u201d, expres\u00f3. Denuncian que el aparato represivo contin\u00faa activo Tineo denunci\u00f3 recientemente ante la Comisi\u00f3n Interamericana de Derechos Humanos (CIDH), durante su 196 per\u00edodo de sesiones en Washington, la situaci\u00f3n de los presos pol\u00edticos en Venezuela. La activista sostiene que mantener a centenares de personas encarceladas por razones pol\u00edticas demuestra que, pese a los acontecimientos de los \u00faltimos meses y las recientes excarcelaciones, el aparato de control y represi\u00f3n contin\u00faa funcionando. Seg\u00fan Tineo, la permanencia de presos pol\u00edticos env\u00eda un mensaje contra la disidencia \u201creal o as\u00ed percibida\u201d por las autoridades y advirti\u00f3 que los detenidos tambi\u00e9n podr\u00edan ser utilizados como parte de una estrategia para conservar espacios de negociaci\u00f3n. Estados Unidos califica las excarcelaciones como un \u201cpaso importante\u201d Por su parte, el secretario de Estado de Estados Unidos, Marco Rubio, calific\u00f3 la m\u00e1s reciente ronda de excarcelaciones en Venezuela como un \u201cpaso importante\u201d hacia la reconciliaci\u00f3n nacional. El pronunciamiento se produjo despu\u00e9s de que las autoridades interinas venezolanas anunciaran el pasado viernes beneficios procesales para 131 detenidos. Washington ha se\u00f1alado adem\u00e1s que sigue de cerca el proceso de di\u00e1logo en Venezuela, mientras organizaciones defensoras de derechos humanos contin\u00faan verificando de manera independiente el n\u00famero de personas efectivamente excarceladas y las condiciones judiciales impuestas tras su salida de prisi\u00f3n.","title":"Acusan a r\u00e9gimen de Venezuela de usar a presos pol\u00edticos como mecanismo de control (VIDEO)","topic":null,"translation_language":"","url":"https://www.martinoticias.com/a/475733.html","video_url":null,"youtube_conversion_active":false,"youtube_conversion_error":"","youtube_conversion_status":""},{"article_body_paragraphs":[],"audio_source_url":null,"author":"Yolanda Huerga","available_dubs":[],"downloadable_assets":["https://gdb.martinoticias.com/bbe3866e-a0c3-4d14-5a54-08decd6ea425_cx15_cy12_cw84_w1600_r1_n_s.jpg"],"duration_display":"0:00","duration_seconds":null,"embed_url":null,"id":6629,"image_caption":null,"image_url":"https://gdb.martinoticias.com/bbe3866e-a0c3-4d14-5a54-08decd6ea425_cx15_cy12_cw84_w1600_r1_n_s.jpg","is_clip":false,"is_youtube_embed":false,"item_type":"photo","item_type_label":"Photo","language_label":"Espa\u00f1ol","media_credit":"Yolanda Huerga","micro_label":"Photo","micro_label_kind":"gallery","network_label":"OCB","network_logo_url":"/static/uploads/direct_network_logos/ocb_0888427dcb1d.svg","published_at":"2026-08-18T21:03:30","published_at_display":"18 Aug 2026, 21:03 GMT","sequence_badge_label":null,"sequence_count":null,"sequence_count_label":null,"sequence_frames":[],"sequence_kind":null,"source_name":"radiotelevisionmarti_com_rss","source_name_label":"Radiotelevisionmarti","source_type":"rss","summary":"Tras el apu\u00f1alamiento de Gabriel M\u00e9ndez Quesada a las afueras del bar Las Palmas, los ciudadanos alzan la voz contra la inacci\u00f3n policial, la falta de insumos m\u00e9dicos para salvar vidas y la falta de opciones recreativas para los m\u00e1s j\u00f3venes.","title":"\"Fluye la droga\" y \"tienen sobornada a la polic\u00eda\", denuncian tras asesinato de otro joven en Palma Soriano","topic":null,"translation_language":"","url":"https://www.martinoticias.com/a/noche-violenta-en-palma-soriano-otro-joven-asesinado-en-un-bar-en-medio-de-una-ola-de-inseguridad/475720.html","video_url":null,"youtube_conversion_active":false,"youtube_conversion_error":"","youtube_conversion_status":""},{"article_body_paragraphs":[],"audio_source_url":null,"author":"Redacci\u00f3n Mart\u00ed Noticias","available_dubs":[],"downloadable_assets":["https://gdb.martinoticias.com/e9f7f24d-8f7f-46e5-8fd8-ac4ce195e706_cx0_cy10_cw0_w1600_r1_n_s.jpg"],"duration_display":"0:00","duration_seconds":null,"embed_url":null,"id":6607,"image_caption":null,"image_url":"https://gdb.martinoticias.com/e9f7f24d-8f7f-46e5-8fd8-ac4ce195e706_cx0_cy10_cw0_w1600_r1_n_s.jpg","is_clip":false,"is_youtube_embed":false,"item_type":"photo","item_type_label":"Photo","language_label":"Espa\u00f1ol","media_credit":"Redacci\u00f3n Mart\u00ed Noticias","micro_label":"Photo","micro_label_kind":"gallery","network_label":"OCB","network_logo_url":"/static/uploads/direct_network_logos/ocb_0888427dcb1d.svg","published_at":"2026-08-18T20:12:06","published_at_display":"18 Aug 2026, 20:12 GMT","sequence_badge_label":null,"sequence_count":null,"sequence_count_label":null,"sequence_frames":[],"sequence_kind":null,"source_name":"radiotelevisionmarti_com_rss","source_name_label":"Radiotelevisionmarti","source_type":"rss","summary":"El presidente de Colombia, Abelardo De La Espriella, solicit\u00f3 a Estados Unidos la suspensi\u00f3n temporal de los aranceles a productos colombianos, en medio de la crisis provocada por el terremoto de magnitud 7,4 que dej\u00f3 cientos de muertos y p\u00e9rdidas millonarias en el pa\u00eds.","title":"Colombia pide a EEUU que suspenda aranceles a sus productos","topic":null,"translation_language":"","url":"https://www.martinoticias.com/a/colombia-pide-a-eeuu-que-suspendan-temporalmente-aranceles-a-sus-productos/475730.html","video_url":null,"youtube_conversion_active":false,"youtube_conversion_error":"","youtube_conversion_status":""},{"article_body_paragraphs":[],"audio_source_url":null,"author":"Ivette Pacheco","available_dubs":[],"downloadable_assets":["https://gdb.martinoticias.com/056dc74e-aefc-4eb1-cf92-08decd5b38e4_cx0_cy30_cw0_w1600_r1_n_s.jpg"],"duration_display":"0:00","duration_seconds":null,"embed_url":null,"id":6579,"image_caption":null,"image_url":"https://gdb.martinoticias.com/056dc74e-aefc-4eb1-cf92-08decd5b38e4_cx0_cy30_cw0_w1600_r1_n_s.jpg","is_clip":false,"is_youtube_embed":false,"item_type":"photo","item_type_label":"Photo","language_label":"Espa\u00f1ol","media_credit":"Ivette Pacheco","micro_label":"Photo","micro_label_kind":"gallery","network_label":"OCB","network_logo_url":"/static/uploads/direct_network_logos/ocb_0888427dcb1d.svg","published_at":"2026-08-18T19:42:42","published_at_display":"18 Aug 2026, 19:42 GMT","sequence_badge_label":null,"sequence_count":null,"sequence_count_label":null,"sequence_frames":[],"sequence_kind":null,"source_name":"radiotelevisionmarti_com_rss","source_name_label":"Radiotelevisionmarti","source_type":"rss","summary":"Un joven cubano de 19 a\u00f1os con VIH permanece en prisi\u00f3n provisional tras ser detenido durante una protesta por apagones y falta de agua en Guanabacoa. Su pareja denuncia violencia policial, irregularidades en el proceso judicial y la falta de acceso a medicamentos en prisi\u00f3n.","title":"Joven de 19 a\u00f1os con VIH sigue en prisi\u00f3n provisional, sin abogado, tras protesta en Guanabacoa","topic":null,"translation_language":"","url":"https://www.martinoticias.com/a/joven-de-19-a%c3%b1os-con-vih-sigue-en-prisi%c3%b3n-provisional-sin-abogado-tras-protesta-en-guanabacoa/475725.html","video_url":null,"youtube_conversion_active":false,"youtube_conversion_error":"","youtube_conversion_status":""},{"article_body_paragraphs":[],"audio_source_url":null,"author":"Redacci\u00f3n Mart\u00ed Noticias","available_dubs":[],"downloadable_assets":["https://gdb.martinoticias.com/ca0c0403-016d-4a05-9e28-f33d637e3909_cx3_cy15_cw81_w1600_r1_n_s.jpg"],"duration_display":"0:00","duration_seconds":null,"embed_url":null,"id":6580,"image_caption":null,"image_url":"https://gdb.martinoticias.com/ca0c0403-016d-4a05-9e28-f33d637e3909_cx3_cy15_cw81_w1600_r1_n_s.jpg","is_clip":false,"is_youtube_embed":false,"item_type":"photo","item_type_label":"Photo","language_label":"Espa\u00f1ol","media_credit":"Redacci\u00f3n Mart\u00ed Noticias","micro_label":"Photo","micro_label_kind":"gallery","network_label":"OCB","network_logo_url":"/static/uploads/direct_network_logos/ocb_0888427dcb1d.svg","published_at":"2026-08-18T19:10:05","published_at_display":"18 Aug 2026, 19:10 GMT","sequence_badge_label":null,"sequence_count":null,"sequence_count_label":null,"sequence_frames":[],"sequence_kind":null,"source_name":"radiotelevisionmarti_com_rss","source_name_label":"Radiotelevisionmarti","source_type":"rss","summary":"Estados Unidos anunci\u00f3 este martes sanciones a Tomoko Akane, una jueza japonesa que ocupa la presidencia de la Corte Penal Internacional (CPI). El Secretario de Estado, Marco Rubio, dijo que la Administraci\u00f3n Trump est\u00e1 sancionando a la presidenta de la CPI y al fiscal principal Abdoulaye Seye, de Senegal, como parte de una \"misi\u00f3n inquebrantable de proteger a los estadounidenses de esta farsa de tribunal\". \"Estas personas han participado directamente en los esfuerzos de la CPI por investigar, arrestar, detener o procesar a funcionarios cuyos gobiernos no han consentido la jurisdicci\u00f3n de la Corte\", argument\u00f3 Rubio. \"El mes pasado lanc\u00e9 una campa\u00f1a diplom\u00e1tica para desmantelar la amenaza que representa la CPI para nuestra soberan\u00eda nacional\", record\u00f3 el jefe de la diplomacia estadounidense. \"En honor a nuestra Declaraci\u00f3n de Independencia, los estadounidenses nunca ser\u00e1n trasladados al extranjero para ser juzgados por supuestos delitos\", aclar\u00f3 el cubanoamericano, tambi\u00e9n al frente de la Seguridad Nacional de EEUU. El tribunal de La Haya fue creado en 2002 por la comunidad internacional para juzgar cr\u00edmenes de guerra, genocidio y cr\u00edmenes contra la humanidad. En virtud de la Orden Ejecutiva 14203, titulada \"Imposici\u00f3n de sanciones a la Corte Penal Internacional\", Washington impuso sanciones selectivas a varios funcionarios de la CPI, entre ellos fiscales y jueces, alegando las \u00f3rdenes de detenci\u00f3n dictadas por la CPI contra el primer ministro israel\u00ed, Benjamin Netanyahu, y el exministro de Defensa israel\u00ed Yoav Gallant, as\u00ed como una investigaci\u00f3n anterior sobre los soldados estadounidenses en Afganist\u00e1n. La Administraci\u00f3n Trump considera que la Corte Penal Internacional es un tribunal \"supranacional corrupto y profundamente politizado, que ha abusado maliciosamente de su autoridad y se ha extralimitado en su mandato\". \"No toleraremos su ataque a la soberan\u00eda estatal. La CPI ha intentado reiteradamente ejercer autoridad sobre ciudadanos de Estados Unidos y de otros pa\u00edses que no han consentido su jurisdicci\u00f3n ni han ratificado el Estatuto de Roma. Esto sienta un precedente peligroso para todas las naciones\", a\u00f1ade Rubio. \"Nuestra campa\u00f1a gubernamental integral para desmantelar la amenaza que representa la CPI para la soberan\u00eda nacional ser\u00e1 de gran alcance, y esperamos que m\u00e1s pa\u00edses se unan a ella retirando su financiaci\u00f3n y su participaci\u00f3n en este tribunal politizado y exento de rendici\u00f3n de cuentas. Debe cesar la capacidad de la CPI para tomar como objetivo a ciudadanos estadounidenses y a nacionales de otros pa\u00edses que no son Estados parte. La Administraci\u00f3n Trump est\u00e1 preparada para adoptar medidas adicionales, de ser necesario, a fin de desmantelar sistem\u00e1ticamente la CPI hasta que sea incapaz de amenazar la soberan\u00eda estadounidense\", concluye el Departamento de Estado.","title":"EEUU anuncia sanciones adicionales contra la CPI","topic":null,"translation_language":"","url":"https://www.martinoticias.com/a/475724.html","video_url":null,"youtube_conversion_active":false,"youtube_conversion_error":"","youtube_conversion_status":""}],"next_num":13,"page":12,"pages":24,"per_page":20,"prev_num":11,"total":475}
