{"applied_filters":{"end_date":"","lang":"","language":"","network":"OCB","page":2,"per_page":20,"search":"","source":"","start_date":"","topic":"","type":"clips"},"available_filters":{"language_choices":[{"label":"Choose Language","value":""},{"label":"English","value":"English"},{"label":"Espa\u00f1ol","value":"Espa\u00f1ol"}],"network_choices":[{"label":"All networks","value":""},{"label":"OCB","value":"OCB"}],"source_choices":[{"label":"All sources","value":""},{"label":"OCB Spanish Video","value":"ocb_spanish_video_scrape"},{"label":"Radiotelevisionmarti","value":"radiotelevisionmarti_com_rss"},{"label":"TV Mart\u00ed Noticias YouTube","value":"tv_marti_noticias_youtube_playlists"}],"sources":["ocb_spanish_video_scrape","radiotelevisionmarti_com_rss","tv_marti_noticias_youtube_playlists"],"topics":["Am\u00e9rica Latina, VENEZUELA, Maiquetia","Asuntos de Estado","Audiovisuales Mart\u00ed","Audiovisuales Mart\u00ed, Cuba turismo, crisis del turismo en Cuba","Audiovisuales Mart\u00ed, VENEZUELA, apagones","Como Come Cuba, cuba, Como Come Cuba","Cuba Habla","Cuba Habla, Cuba","Info Mart\u00ed","Info Mart\u00ed , Cuba","Info Mart\u00ed , Estados Unidos, Colombia","Info Mart\u00ed , Estados Unidos, VENEZUELA","Info Mart\u00ed , estados unidos, Venezuela","Mart\u00ed Noticias AM","Ser Madre en cuba, cuba, hambre, r\u00e9gimen, madre, negligencia, Testimonios, Crisis Econ\u00f3mica, madre cubana, Crisis Alimentaria","Ser viejo en Cuba, cuba, cubanos, crisis, alimentos, ancianos, viejos, vejez"],"types":[["","All types"],["article","Articles"],["audio","Audio"],["video","Videos"],["clips","Clips"],["media","Media"]]},"has_next":true,"has_prev":true,"items":[{"article_body_paragraphs":[],"audio_source_url":null,"author":"Jos\u00e9 Pernalete","available_dubs":[],"downloadable_assets":["https://ocb-video-ns.akamaized.net/pangeavideo/2026/08/e/e5/e50b7384-5f37-47d9-7c91-08def2b1c8fe_1080p.mp4?cb=ee227dcec"],"duration_display":"3:24","duration_seconds":204.0,"embed_url":null,"id":12695,"image_caption":null,"image_url":"https://gdb.martinoticias.com/e50b7384-5f37-47d9-7c91-08def2b1c8fe_tv_w1080_h608.jpg","is_clip":true,"is_youtube_embed":false,"item_type":"video","item_type_label":"Video","language_label":"Espa\u00f1ol","media_credit":"Jos\u00e9 Pernalete","micro_label":"Video report","micro_label_kind":"video","network_label":"OCB","network_logo_url":"/static/uploads/direct_network_logos/ocb_0888427dcb1d.svg","published_at":"2026-08-31T20:37:00","published_at_display":"31 Aug 2026, 20:37 GMT","sequence_badge_label":null,"sequence_count":null,"sequence_count_label":null,"sequence_frames":[],"sequence_kind":null,"source_name":"ocb_spanish_video_scrape","source_name_label":"OCB Spanish Video","source_type":"scrape","summary":"El alcalde de Medell\u00edn, Federico Guti\u00e9rrez, destac\u00f3 en Miami la importancia de la cooperaci\u00f3n con Estados Unidos para enfrentar a organizaciones criminales vinculadas al narcotr\u00e1fico y al terrorismo.","title":"Alcalde de Medell\u00edn: apoyo de EEUU es clave contra redes criminales hemisf\u00e9ricas","topic":"Info Mart\u00ed , Estados Unidos, Colombia","translation_language":"","url":"https://www.martinoticias.com/a/alcalde-de-medell%C3%ADn-apoyo-de-eeuu-es-clave-contra-redes-criminales-hemisf%C3%A9ricas/476671.html","video_url":"https://ocb-video-ns.akamaized.net/pangeavideo/2026/08/e/e5/e50b7384-5f37-47d9-7c91-08def2b1c8fe_1080p.mp4?cb=ee227dcec","youtube_conversion_active":false,"youtube_conversion_error":"","youtube_conversion_status":""},{"article_body_paragraphs":[],"audio_source_url":null,"author":"Rolando N\u00e1poles","available_dubs":[],"downloadable_assets":["https://ocb-video-ns.akamaized.net/pangeavideo/2026/08/0/00/00f92552-0ad0-4405-bc70-08def2b1d8dc_1080p.mp4?cb=ee227a789"],"duration_display":"3:35","duration_seconds":215.0,"embed_url":null,"id":12696,"image_caption":null,"image_url":"https://gdb.martinoticias.com/00f92552-0ad0-4405-bc70-08def2b1d8dc_tv_w1080_h608.jpg","is_clip":true,"is_youtube_embed":false,"item_type":"video","item_type_label":"Video","language_label":"Espa\u00f1ol","media_credit":"Rolando N\u00e1poles","micro_label":"Video report","micro_label_kind":"video","network_label":"OCB","network_logo_url":"/static/uploads/direct_network_logos/ocb_0888427dcb1d.svg","published_at":"2026-08-31T16:49:13","published_at_display":"31 Aug 2026, 16:49 GMT","sequence_badge_label":null,"sequence_count":null,"sequence_count_label":null,"sequence_frames":[],"sequence_kind":null,"source_name":"ocb_spanish_video_scrape","source_name_label":"OCB Spanish Video","source_type":"scrape","summary":"Economista advierte que medidas del r\u00e9gimen no va a beneficiar a empresas privadas en Cuba","title":"Las medidas que no beneficiar\u00edan a los negocios privados en Cuba","topic":"Audiovisuales Mart\u00ed","translation_language":"","url":"https://www.martinoticias.com/a/las-medidas-que-no-beneficiar%C3%ADan-a-los-negocios-privados-en-cuba/476655.html","video_url":"https://ocb-video-ns.akamaized.net/pangeavideo/2026/08/0/00/00f92552-0ad0-4405-bc70-08def2b1d8dc_1080p.mp4?cb=ee227a789","youtube_conversion_active":false,"youtube_conversion_error":"","youtube_conversion_status":""},{"article_body_paragraphs":[],"audio_source_url":null,"author":"Mart\u00ed Noticias","available_dubs":[],"downloadable_assets":["https://ocb-video-ns.akamaized.net/pangeavideo/2026/08/6/6c/6c3f1137-5f45-49ef-5a97-08decd6ea425_1080p.mp4?cb=ee2229739"],"duration_display":"1:38","duration_seconds":98.0,"embed_url":null,"id":12712,"image_caption":null,"image_url":"https://gdb.martinoticias.com/6c3f1137-5f45-49ef-5a97-08decd6ea425_tv_w1080_h608.jpg","is_clip":true,"is_youtube_embed":false,"item_type":"video","item_type_label":"Video","language_label":"Espa\u00f1ol","media_credit":"Mart\u00ed Noticias","micro_label":"Video report","micro_label_kind":"video","network_label":"OCB","network_logo_url":"/static/uploads/direct_network_logos/ocb_0888427dcb1d.svg","published_at":"2026-08-31T11:00:00","published_at_display":"31 Aug 2026, 11:00 GMT","sequence_badge_label":null,"sequence_count":null,"sequence_count_label":null,"sequence_frames":[],"sequence_kind":null,"source_name":"ocb_spanish_video_scrape","source_name_label":"OCB Spanish Video","source_type":"scrape","summary":"\" Los que llevan el gobierno\" asegura joven habanero que son los responsables de la crisis en Cuba.","title":"Cuba Habla: \"En la uni\u00f3n est\u00e1 la fuerza\u201d","topic":"Cuba Habla, Cuba","translation_language":"","url":"https://www.martinoticias.com/a/cuba-habla-en-la-uni%C3%B3n-est%C3%A1-la-fuerza/476416.html","video_url":"https://ocb-video-ns.akamaized.net/pangeavideo/2026/08/6/6c/6c3f1137-5f45-49ef-5a97-08decd6ea425_1080p.mp4?cb=ee2229739","youtube_conversion_active":false,"youtube_conversion_error":"","youtube_conversion_status":""},{"article_body_paragraphs":[],"audio_source_url":null,"author":"Mart\u00ed Noticias","available_dubs":[],"downloadable_assets":["https://ocb-video-ns.akamaized.net/pangeavideo/2026/08/7/76/76c7bd52-08eb-4ffe-68f0-08def2ff2efe_1080p.mp4?cb=ee2201e0a"],"duration_display":"1:03","duration_seconds":63.0,"embed_url":null,"id":12713,"image_caption":null,"image_url":"https://gdb.martinoticias.com/76c7bd52-08eb-4ffe-68f0-08def2ff2efe_tv_w1080_h608.jpg","is_clip":true,"is_youtube_embed":false,"item_type":"video","item_type_label":"Video","language_label":"Espa\u00f1ol","media_credit":"Mart\u00ed Noticias","micro_label":"Video report","micro_label_kind":"video","network_label":"OCB","network_logo_url":"/static/uploads/direct_network_logos/ocb_0888427dcb1d.svg","published_at":"2026-08-30T11:00:00","published_at_display":"30 Aug 2026, 11:00 GMT","sequence_badge_label":null,"sequence_count":null,"sequence_count_label":null,"sequence_frames":[],"sequence_kind":null,"source_name":"ocb_spanish_video_scrape","source_name_label":"OCB Spanish Video","source_type":"scrape","summary":"Habanero da testimonio de la falta de electricidad y conexi\u00f3n a internet en la isla.","title":"Cuba Habla: \u201cTumban la red\u201d","topic":"Cuba Habla, Cuba","translation_language":"","url":"https://www.martinoticias.com/a/cuba-habla-tumban-la-red/476270.html","video_url":"https://ocb-video-ns.akamaized.net/pangeavideo/2026/08/7/76/76c7bd52-08eb-4ffe-68f0-08def2ff2efe_1080p.mp4?cb=ee2201e0a","youtube_conversion_active":false,"youtube_conversion_error":"","youtube_conversion_status":""},{"article_body_paragraphs":[],"audio_source_url":null,"author":"Jany Gonz\u00e1lez","available_dubs":[],"downloadable_assets":["https://ocb-video-ns.akamaized.net/pangeavideo/2026/08/b/bc/bc78fb55-568f-42a3-0412-08decd63a0c8_1080p.mp4?cb=ee223fe70"],"duration_display":"3:16","duration_seconds":196.0,"embed_url":null,"id":12697,"image_caption":null,"image_url":"https://gdb.martinoticias.com/bc78fb55-568f-42a3-0412-08decd63a0c8_tv_w1080_h608.jpg","is_clip":true,"is_youtube_embed":false,"item_type":"video","item_type_label":"Video","language_label":"Espa\u00f1ol","media_credit":"Jany Gonz\u00e1lez","micro_label":"Video report","micro_label_kind":"video","network_label":"OCB","network_logo_url":"/static/uploads/direct_network_logos/ocb_0888427dcb1d.svg","published_at":"2026-08-28T21:56:25","published_at_display":"28 Aug 2026, 21:56 GMT","sequence_badge_label":null,"sequence_count":null,"sequence_count_label":null,"sequence_frames":[],"sequence_kind":null,"source_name":"ocb_spanish_video_scrape","source_name_label":"OCB Spanish Video","source_type":"scrape","summary":"Julio Rebull naci\u00f3 en Estados Unidos, pero hered\u00f3 de su padre, miembro de la Brigada 2506, un profundo v\u00ednculo con Cuba. Ahora dedica \u201cSu Majestad\u201d a quienes siguen en la isla y sue\u00f1a con ver una Cuba libre.","title":"\"Su Majestad\u201d: una canci\u00f3n que busca unir a los cubanos dentro y fuera de la isla","topic":"Audiovisuales Mart\u00ed","translation_language":"","url":"https://www.martinoticias.com/a/su-majestad-una-canci%C3%B3n-que-busca-unir-a-los-cubanos-dentro-y-fuera-de-la-isla/476510.html","video_url":"https://ocb-video-ns.akamaized.net/pangeavideo/2026/08/b/bc/bc78fb55-568f-42a3-0412-08decd63a0c8_1080p.mp4?cb=ee223fe70","youtube_conversion_active":false,"youtube_conversion_error":"","youtube_conversion_status":""},{"article_body_paragraphs":[],"audio_source_url":null,"author":"Jos\u00e9 Pernalete","available_dubs":[],"downloadable_assets":["https://ocb-video-ns.akamaized.net/pangeavideo/2026/08/f/f2/f2a4c825-e0cd-4b11-7c86-08def2b1c8fe_1080p.mp4?cb=ee223dd19"],"duration_display":"4:08","duration_seconds":248.0,"embed_url":null,"id":12698,"image_caption":null,"image_url":"https://gdb.martinoticias.com/f2a4c825-e0cd-4b11-7c86-08def2b1c8fe_tv_w1080_h608.jpg","is_clip":true,"is_youtube_embed":false,"item_type":"video","item_type_label":"Video","language_label":"Espa\u00f1ol","media_credit":"Jos\u00e9 Pernalete","micro_label":"Video report","micro_label_kind":"video","network_label":"OCB","network_logo_url":"/static/uploads/direct_network_logos/ocb_0888427dcb1d.svg","published_at":"2026-08-28T19:48:37","published_at_display":"28 Aug 2026, 19:48 GMT","sequence_badge_label":null,"sequence_count":null,"sequence_count_label":null,"sequence_frames":[],"sequence_kind":null,"source_name":"ocb_spanish_video_scrape","source_name_label":"OCB Spanish Video","source_type":"scrape","summary":"Habitantes de Maracaibo, en el occidente de Venezuela, denuncian que los prolongados cortes el\u00e9ctricos est\u00e1n provocando un grave deterioro de sus condiciones de vida, con consecuencias sobre el descanso, la alimentaci\u00f3n y la salud f\u00edsica y mental.","title":"Maracaibo: la capital petrolera de Venezuela est\u00e1 a oscuras","topic":"Info Mart\u00ed , Estados Unidos, VENEZUELA","translation_language":"","url":"https://www.martinoticias.com/a/maracaibo-la-capital-petrolera-de-venezuela-est%C3%A1-a-oscuras/476498.html","video_url":"https://ocb-video-ns.akamaized.net/pangeavideo/2026/08/f/f2/f2a4c825-e0cd-4b11-7c86-08def2b1c8fe_1080p.mp4?cb=ee223dd19","youtube_conversion_active":false,"youtube_conversion_error":"","youtube_conversion_status":""},{"article_body_paragraphs":[],"audio_source_url":null,"author":"Mart\u00ed Noticias","available_dubs":[],"downloadable_assets":["https://ocb-video-ns.akamaized.net/pangeavideo/2026/08/3/33/33845057-8028-4dd5-03fe-08decd63a0c8_1080p.mp4?cb=ee2201a74"],"duration_display":"1:34","duration_seconds":94.0,"embed_url":null,"id":12714,"image_caption":null,"image_url":"https://gdb.martinoticias.com/33845057-8028-4dd5-03fe-08decd63a0c8_tv_w1080_h608.jpg","is_clip":true,"is_youtube_embed":false,"item_type":"video","item_type_label":"Video","language_label":"Espa\u00f1ol","media_credit":"Mart\u00ed Noticias","micro_label":"Video report","micro_label_kind":"video","network_label":"OCB","network_logo_url":"/static/uploads/direct_network_logos/ocb_0888427dcb1d.svg","published_at":"2026-08-28T11:00:00","published_at_display":"28 Aug 2026, 11:00 GMT","sequence_badge_label":null,"sequence_count":null,"sequence_count_label":null,"sequence_frames":[],"sequence_kind":null,"source_name":"ocb_spanish_video_scrape","source_name_label":"OCB Spanish Video","source_type":"scrape","summary":"Cubanos desde La Habana afirma que \"el que protesta sabe que va preso\".","title":"Cuba Habla: \u201cTe entran a palo, te machucan y si no vas preso\u201d","topic":"Cuba Habla, Cuba","translation_language":"","url":"https://www.martinoticias.com/a/cuba-habla-te-entran-a-palo-te-machucan-y-si-no-vas-preso/476269.html","video_url":"https://ocb-video-ns.akamaized.net/pangeavideo/2026/08/3/33/33845057-8028-4dd5-03fe-08decd63a0c8_1080p.mp4?cb=ee2201a74","youtube_conversion_active":false,"youtube_conversion_error":"","youtube_conversion_status":""},{"article_body_paragraphs":[],"audio_source_url":null,"author":"Rolando N\u00e1poles","available_dubs":[],"downloadable_assets":["https://ocb-video-ns.akamaized.net/pangeavideo/2026/08/5/57/57c1b373-c21a-4cfb-0409-08decd63a0c8_1080p.mp4?cb=ee22289a4"],"duration_display":"3:09","duration_seconds":189.0,"embed_url":null,"id":12700,"image_caption":null,"image_url":"https://gdb.martinoticias.com/57c1b373-c21a-4cfb-0409-08decd63a0c8_tv_w1080_h608.jpg","is_clip":true,"is_youtube_embed":false,"item_type":"video","item_type_label":"Video","language_label":"Espa\u00f1ol","media_credit":"Rolando N\u00e1poles","micro_label":"Video report","micro_label_kind":"video","network_label":"OCB","network_logo_url":"/static/uploads/direct_network_logos/ocb_0888427dcb1d.svg","published_at":"2026-08-27T19:40:20","published_at_display":"27 Aug 2026, 19:40 GMT","sequence_badge_label":null,"sequence_count":null,"sequence_count_label":null,"sequence_frames":[],"sequence_kind":null,"source_name":"ocb_spanish_video_scrape","source_name_label":"OCB Spanish Video","source_type":"scrape","summary":"Investigaci\u00f3n revela los encuentros del embajador cubano con l\u00edderes del Partido Comunista en Chile","title":"Reporte detalla los encuentros del embajador cubano en Chile con l\u00edderes del Partido Comunista","topic":"Audiovisuales Mart\u00ed","translation_language":"","url":"https://www.martinoticias.com/a/reporte-detalla-los-encuentros-del-embajador-cubano-en-chile-con-l%C3%ADderes-del-partido-comunista/476414.html","video_url":"https://ocb-video-ns.akamaized.net/pangeavideo/2026/08/5/57/57c1b373-c21a-4cfb-0409-08decd63a0c8_1080p.mp4?cb=ee22289a4","youtube_conversion_active":false,"youtube_conversion_error":"","youtube_conversion_status":""},{"article_body_paragraphs":[],"audio_source_url":null,"author":"Mart\u00ed Noticias","available_dubs":[],"downloadable_assets":["https://ocb-video-ns.akamaized.net/pangeavideo/2026/08/3/3e/3e3a14ed-8ef2-45ba-cfcc-08decd5b38e4_1080p.mp4?cb=ee2201600"],"duration_display":"1:03","duration_seconds":63.0,"embed_url":null,"id":12715,"image_caption":null,"image_url":"https://gdb.martinoticias.com/3e3a14ed-8ef2-45ba-cfcc-08decd5b38e4_tv_w1080_h608.jpg","is_clip":true,"is_youtube_embed":false,"item_type":"video","item_type_label":"Video","language_label":"Espa\u00f1ol","media_credit":"Mart\u00ed Noticias","micro_label":"Video report","micro_label_kind":"video","network_label":"OCB","network_logo_url":"/static/uploads/direct_network_logos/ocb_0888427dcb1d.svg","published_at":"2026-08-27T11:00:00","published_at_display":"27 Aug 2026, 11:00 GMT","sequence_badge_label":null,"sequence_count":null,"sequence_count_label":null,"sequence_frames":[],"sequence_kind":null,"source_name":"ocb_spanish_video_scrape","source_name_label":"OCB Spanish Video","source_type":"scrape","summary":"Capitalino habla de las protestas en Cuba y reconoce que es un derecho ciudadano.","title":"Cuba Habla: \u201cNo se ha visto soluci\u00f3n\u201d","topic":"Cuba Habla, Cuba","translation_language":"","url":"https://www.martinoticias.com/a/cuba-habla-no-se-ha-visto-soluci%C3%B3n/476268.html","video_url":"https://ocb-video-ns.akamaized.net/pangeavideo/2026/08/3/3e/3e3a14ed-8ef2-45ba-cfcc-08decd5b38e4_1080p.mp4?cb=ee2201600","youtube_conversion_active":false,"youtube_conversion_error":"","youtube_conversion_status":""},{"article_body_paragraphs":[],"audio_source_url":null,"author":"Mart\u00ed Noticias","available_dubs":[],"downloadable_assets":["https://ocb-video-ns.akamaized.net/pangeavideo/2026/08/5/5d/5dbb843a-4f81-4cbc-68f7-08def2ff2efe_720p.mp4?cb=ee22151c7"],"duration_display":"3:12","duration_seconds":192.0,"embed_url":null,"id":12750,"image_caption":null,"image_url":"https://gdb.martinoticias.com/5dbb843a-4f81-4cbc-68f7-08def2ff2efe_tv_w1080_h608.jpg","is_clip":true,"is_youtube_embed":false,"item_type":"video","item_type_label":"Video","language_label":"Espa\u00f1ol","media_credit":"Mart\u00ed Noticias","micro_label":"Video report","micro_label_kind":"video","network_label":"OCB","network_logo_url":"/static/uploads/direct_network_logos/ocb_0888427dcb1d.svg","published_at":"2026-08-26T21:11:51","published_at_display":"26 Aug 2026, 21:11 GMT","sequence_badge_label":null,"sequence_count":null,"sequence_count_label":null,"sequence_frames":[],"sequence_kind":null,"source_name":"ocb_spanish_video_scrape","source_name_label":"OCB Spanish Video","source_type":"scrape","summary":"Natalia Molano, portavoz del Departamento de Estado de Estados Unidos habla sobre nuevas sanciones contra funcionarios y entidades cubanas por presuntas actividades subversivas y amenazas a la seguridad nacional estadounidense.","title":"EEUU sobre ICAP: \"Son dirigentes de redes marxistas que est\u00e1n tratando de radicalizar\"","topic":"Asuntos de Estado","translation_language":"","url":"https://www.martinoticias.com/a/eeuu-sobre-icap-son-dirigentes-de-redes-marxistas-que-est%C3%A1n-tratando-de-radicalizar/476337.html","video_url":"https://ocb-video-ns.akamaized.net/pangeavideo/2026/08/5/5d/5dbb843a-4f81-4cbc-68f7-08def2ff2efe_720p.mp4?cb=ee22151c7","youtube_conversion_active":false,"youtube_conversion_error":"","youtube_conversion_status":""},{"article_body_paragraphs":[],"audio_source_url":null,"author":"Laura Artal","available_dubs":[],"downloadable_assets":["https://ocb-video-ns.akamaized.net/pangeavideo/2026/08/e/e0/e0655bdb-0ebd-4be7-0402-08decd63a0c8_1080p.mp4?cb=ee22147db"],"duration_display":"1:18","duration_seconds":78.0,"embed_url":null,"id":12701,"image_caption":null,"image_url":"https://gdb.martinoticias.com/e0655bdb-0ebd-4be7-0402-08decd63a0c8_tv_w1080_h608.jpg","is_clip":true,"is_youtube_embed":false,"item_type":"video","item_type_label":"Video","language_label":"Espa\u00f1ol","media_credit":"Laura Artal","micro_label":"Video report","micro_label_kind":"video","network_label":"OCB","network_logo_url":"/static/uploads/direct_network_logos/ocb_0888427dcb1d.svg","published_at":"2026-08-26T20:47:23","published_at_display":"26 Aug 2026, 20:47 GMT","sequence_badge_label":null,"sequence_count":null,"sequence_count_label":null,"sequence_frames":[],"sequence_kind":null,"source_name":"ocb_spanish_video_scrape","source_name_label":"OCB Spanish Video","source_type":"scrape","summary":"El Aeropuerto Internacional Sim\u00f3n Bol\u00edvar de Maiquet\u00eda retomar\u00e1 de forma gradual las operaciones nacionales e internacionales, m\u00e1s de dos meses despu\u00e9s del doble terremoto que oblig\u00f3 a cerrar sus terminales.","title":"Principal aeropuerto de Venezuela reanudar\u00e1 vuelos comerciales desde terminales temporales","topic":"Am\u00e9rica Latina, VENEZUELA, Maiquetia","translation_language":"","url":"https://www.martinoticias.com/a/principal-aeropuerto-de-venezuela-reanudar%C3%A1-vuelos-comerciales-desde-terminales-temporales/476338.html","video_url":"https://ocb-video-ns.akamaized.net/pangeavideo/2026/08/e/e0/e0655bdb-0ebd-4be7-0402-08decd63a0c8_1080p.mp4?cb=ee22147db","youtube_conversion_active":false,"youtube_conversion_error":"","youtube_conversion_status":""},{"article_body_paragraphs":[],"audio_source_url":null,"author":"Jos\u00e9 Pernalete","available_dubs":[],"downloadable_assets":["https://ocb-video-ns.akamaized.net/pangeavideo/2026/08/1/12/12464180-d3c4-4461-cfd3-08decd5b38e4_1080p.mp4?cb=ee2212686"],"duration_display":"2:52","duration_seconds":172.0,"embed_url":null,"id":12702,"image_caption":null,"image_url":"https://gdb.martinoticias.com/12464180-d3c4-4461-cfd3-08decd5b38e4_tv_w1080_h608.jpg","is_clip":true,"is_youtube_embed":false,"item_type":"video","item_type_label":"Video","language_label":"Espa\u00f1ol","media_credit":"Jos\u00e9 Pernalete","micro_label":"Video report","micro_label_kind":"video","network_label":"OCB","network_logo_url":"/static/uploads/direct_network_logos/ocb_0888427dcb1d.svg","published_at":"2026-08-26T18:25:10","published_at_display":"26 Aug 2026, 18:25 GMT","sequence_badge_label":null,"sequence_count":null,"sequence_count_label":null,"sequence_frames":[],"sequence_kind":null,"source_name":"ocb_spanish_video_scrape","source_name_label":"OCB Spanish Video","source_type":"scrape","summary":"Un segundo avi\u00f3n cargado con ayuda humanitaria parte desde Miami hacia Colombia para asistir a las comunidades golpeadas por el terremoto del 10 de agosto. La operaci\u00f3n forma parte de una red de solidaridad que moviliza donaciones desde varias ciudades y pa\u00edses.","title":"Avi\u00f3n solidario parte de Miami con ayuda para damnificados en Colombia","topic":"Info Mart\u00ed , Estados Unidos, Colombia","translation_language":"","url":"https://www.martinoticias.com/a/avi%C3%B3n-solidario-parte-de-miami-con-ayuda-para-damnificados-en-colombia/476327.html","video_url":"https://ocb-video-ns.akamaized.net/pangeavideo/2026/08/1/12/12464180-d3c4-4461-cfd3-08decd5b38e4_1080p.mp4?cb=ee2212686","youtube_conversion_active":false,"youtube_conversion_error":"","youtube_conversion_status":""},{"article_body_paragraphs":[],"audio_source_url":null,"author":"Mart\u00ed Noticias","available_dubs":[],"downloadable_assets":["https://ocb-video-ns.akamaized.net/pangeavideo/2026/08/b/b6/b69f27e9-500f-4f4b-5a8d-08decd6ea425_1080p.mp4?cb=ee2201261"],"duration_display":"2:09","duration_seconds":129.0,"embed_url":null,"id":12716,"image_caption":null,"image_url":"https://gdb.martinoticias.com/b69f27e9-500f-4f4b-5a8d-08decd6ea425_tv_w1080_h608.jpg","is_clip":true,"is_youtube_embed":false,"item_type":"video","item_type_label":"Video","language_label":"Espa\u00f1ol","media_credit":"Mart\u00ed Noticias","micro_label":"Video report","micro_label_kind":"video","network_label":"OCB","network_logo_url":"/static/uploads/direct_network_logos/ocb_0888427dcb1d.svg","published_at":"2026-08-26T11:00:00","published_at_display":"26 Aug 2026, 11:00 GMT","sequence_badge_label":null,"sequence_count":null,"sequence_count_label":null,"sequence_frames":[],"sequence_kind":null,"source_name":"ocb_spanish_video_scrape","source_name_label":"OCB Spanish Video","source_type":"scrape","summary":"Desde La Habana, cubana habla de las protestas ciudadanas y las respuestas del gobierno.","title":"Cuba Habla: \"Porque te oprimen mucho\u201d","topic":"Cuba Habla, Cuba","translation_language":"","url":"https://www.martinoticias.com/a/cuba-habla-porque-te-oprimen-mucho/476267.html","video_url":"https://ocb-video-ns.akamaized.net/pangeavideo/2026/08/b/b6/b69f27e9-500f-4f4b-5a8d-08decd6ea425_1080p.mp4?cb=ee2201261","youtube_conversion_active":false,"youtube_conversion_error":"","youtube_conversion_status":""},{"article_body_paragraphs":[],"audio_source_url":null,"author":"Jany Gonz\u00e1lez","available_dubs":[],"downloadable_assets":["https://ocb-video-ns.akamaized.net/pangeavideo/2026/08/8/85/850278bb-dc7d-41b3-68eb-08def2ff2efe_1080p.mp4?cb=ee21ff800"],"duration_display":"2:51","duration_seconds":171.0,"embed_url":null,"id":12704,"image_caption":null,"image_url":"https://gdb.martinoticias.com/850278bb-dc7d-41b3-68eb-08def2ff2efe_tv_w1080_h608.jpg","is_clip":true,"is_youtube_embed":false,"item_type":"video","item_type_label":"Video","language_label":"Espa\u00f1ol","media_credit":"Jany Gonz\u00e1lez","micro_label":"Video report","micro_label_kind":"video","network_label":"OCB","network_logo_url":"/static/uploads/direct_network_logos/ocb_0888427dcb1d.svg","published_at":"2026-08-25T20:54:24","published_at_display":"25 Aug 2026, 20:54 GMT","sequence_badge_label":null,"sequence_count":null,"sequence_count_label":null,"sequence_frames":[],"sequence_kind":null,"source_name":"ocb_spanish_video_scrape","source_name_label":"OCB Spanish Video","source_type":"scrape","summary":"Cuba no logra frenar el embarazo precoz. La escasez de anticonceptivos, las dificultades en el acceso a la salud y la vulnerabilidad econ\u00f3mica son algunos de los factores detr\u00e1s de una realidad que cada a\u00f1o lleva a miles de adolescentes a convertirse en madres.","title":"Embarazo adolescente en Cuba: cientos de ni\u00f1as son madres antes de cumplir los 15 a\u00f1os","topic":"Audiovisuales Mart\u00ed","translation_language":"","url":"https://www.martinoticias.com/a/476263.html","video_url":"https://ocb-video-ns.akamaized.net/pangeavideo/2026/08/8/85/850278bb-dc7d-41b3-68eb-08def2ff2efe_1080p.mp4?cb=ee21ff800","youtube_conversion_active":false,"youtube_conversion_error":"","youtube_conversion_status":""},{"article_body_paragraphs":[],"audio_source_url":null,"author":"Mart\u00ed Noticias","available_dubs":[],"downloadable_assets":["https://ocb-video-ns.akamaized.net/pangeavideo/2026/08/f/fc/fcb127d8-954b-496a-03fd-08decd63a0c8_1080p.mp4?cb=ee21feca6"],"duration_display":"2:04","duration_seconds":124.0,"embed_url":null,"id":12705,"image_caption":null,"image_url":"https://gdb.martinoticias.com/fcb127d8-954b-496a-03fd-08decd63a0c8_tv_w1080_h608.jpg","is_clip":true,"is_youtube_embed":false,"item_type":"video","item_type_label":"Video","language_label":"Espa\u00f1ol","media_credit":"Mart\u00ed Noticias","micro_label":"Video report","micro_label_kind":"video","network_label":"OCB","network_logo_url":"/static/uploads/direct_network_logos/ocb_0888427dcb1d.svg","published_at":"2026-08-25T20:05:58","published_at_display":"25 Aug 2026, 20:05 GMT","sequence_badge_label":null,"sequence_count":null,"sequence_count_label":null,"sequence_frames":[],"sequence_kind":null,"source_name":"ocb_spanish_video_scrape","source_name_label":"OCB Spanish Video","source_type":"scrape","summary":"Eddy Acevedo, vicepresidente del Fondo Nacional para la Democracia, destac\u00f3 la importancia de que los propios cubanos participen en la construcci\u00f3n del futuro del pa\u00eds. Tambi\u00e9n se\u00f1al\u00f3 el fuerte impacto de la crisis energ\u00e9tica en la vida cotidiana de la poblaci\u00f3n.","title":"Apoyo a los cubanos frente a los desaf\u00edos que enfrenta la isla","topic":"Info Mart\u00ed , Cuba","translation_language":"","url":"https://www.martinoticias.com/a/apoyo-a-los-cubanos-frente-a-los-desaf%C3%ADos-que-enfrenta-la-isla/476252.html","video_url":"https://ocb-video-ns.akamaized.net/pangeavideo/2026/08/f/fc/fcb127d8-954b-496a-03fd-08decd63a0c8_1080p.mp4?cb=ee21feca6","youtube_conversion_active":false,"youtube_conversion_error":"","youtube_conversion_status":""},{"article_body_paragraphs":[],"audio_source_url":null,"author":"Laura Artal","available_dubs":[],"downloadable_assets":["https://ocb-video-ns.akamaized.net/pangeavideo/2026/08/6/63/63d49e7c-6e19-45bd-7c73-08def2b1c8fe_1080p.mp4?cb=ee21ff76e"],"duration_display":"2:21","duration_seconds":141.0,"embed_url":null,"id":12706,"image_caption":null,"image_url":"https://gdb.martinoticias.com/63d49e7c-6e19-45bd-7c73-08def2b1c8fe_tv_w1080_h608.jpg","is_clip":true,"is_youtube_embed":false,"item_type":"video","item_type_label":"Video","language_label":"Espa\u00f1ol","media_credit":"Laura Artal","micro_label":"Video report","micro_label_kind":"video","network_label":"OCB","network_logo_url":"/static/uploads/direct_network_logos/ocb_0888427dcb1d.svg","published_at":"2026-08-25T20:05:03","published_at_display":"25 Aug 2026, 20:05 GMT","sequence_badge_label":null,"sequence_count":null,"sequence_count_label":null,"sequence_frames":[],"sequence_kind":null,"source_name":"ocb_spanish_video_scrape","source_name_label":"OCB Spanish Video","source_type":"scrape","summary":"La decisi\u00f3n genera preocupaci\u00f3n entre representantes de la comunidad venezolana, que piden diferenciar entre quienes cometen delitos y quienes permanecen en condici\u00f3n irregular, adem\u00e1s de evitar discursos que puedan derivar en estigmatizaci\u00f3n o xenofobia.","title":"El presidente de Colombia, Abelardo De La Espriella, orden\u00f3 iniciar operativos contra migrantes en...","topic":"Audiovisuales Mart\u00ed","translation_language":"","url":"https://www.martinoticias.com/a/el-presidente-de-colombia-abelardo-de-la-espriella-orden%C3%B3-iniciar-operativos-contra-migrantes-en-situaci%C3%B3n-irregular/476256.html","video_url":"https://ocb-video-ns.akamaized.net/pangeavideo/2026/08/6/63/63d49e7c-6e19-45bd-7c73-08def2b1c8fe_1080p.mp4?cb=ee21ff76e","youtube_conversion_active":false,"youtube_conversion_error":"","youtube_conversion_status":""},{"article_body_paragraphs":[],"audio_source_url":null,"author":"Jos\u00e9 Pernalete","available_dubs":[],"downloadable_assets":["https://ocb-video-ns.akamaized.net/pangeavideo/2026/08/4/43/43de05bb-4e4c-4a09-68e8-08def2ff2efe_1080p.mp4?cb=ee21fe0ef"],"duration_display":"2:37","duration_seconds":157.0,"embed_url":null,"id":12707,"image_caption":null,"image_url":"https://gdb.martinoticias.com/43de05bb-4e4c-4a09-68e8-08def2ff2efe_tv_w1080_h608.jpg","is_clip":true,"is_youtube_embed":false,"item_type":"video","item_type_label":"Video","language_label":"Espa\u00f1ol","media_credit":"Jos\u00e9 Pernalete","micro_label":"Video report","micro_label_kind":"video","network_label":"OCB","network_logo_url":"/static/uploads/direct_network_logos/ocb_0888427dcb1d.svg","published_at":"2026-08-25T19:15:59","published_at_display":"25 Aug 2026, 19:15 GMT","sequence_badge_label":null,"sequence_count":null,"sequence_count_label":null,"sequence_frames":[],"sequence_kind":null,"source_name":"ocb_spanish_video_scrape","source_name_label":"OCB Spanish Video","source_type":"scrape","summary":"Foro Penal advierte sobre una \u201cavalancha\u201d de nuevos reportes relacionados con presos pol\u00edticos en Venezuela que no hab\u00edan sido denunciados anteriormente. La organizaci\u00f3n asegura que investiga denuncias de malos tratos y torturas contra detenidos.","title":"Foro Penal alerta sobre \u201cavalancha\u201d de denuncias de presos pol\u00edticos en Venezuela","topic":"Info Mart\u00ed , estados unidos, Venezuela","translation_language":"","url":"https://www.martinoticias.com/a/foro-penal-alerta-sobre-avalancha-de-denuncias-de-presos-pol%C3%ADticos-en-venezuela/476250.html","video_url":"https://ocb-video-ns.akamaized.net/pangeavideo/2026/08/4/43/43de05bb-4e4c-4a09-68e8-08def2ff2efe_1080p.mp4?cb=ee21fe0ef","youtube_conversion_active":false,"youtube_conversion_error":"","youtube_conversion_status":""},{"article_body_paragraphs":[],"audio_source_url":null,"author":"Rolando N\u00e1poles","available_dubs":[],"downloadable_assets":["https://ocb-video-ns.akamaized.net/pangeavideo/2026/08/a/a5/a50d26a3-6d9b-4957-68e7-08def2ff2efe_1080p.mp4?cb=ee21fdfd2"],"duration_display":"3:05","duration_seconds":185.0,"embed_url":null,"id":12708,"image_caption":null,"image_url":"https://gdb.martinoticias.com/a50d26a3-6d9b-4957-68e7-08def2ff2efe_tv_w1080_h608.jpg","is_clip":true,"is_youtube_embed":false,"item_type":"video","item_type_label":"Video","language_label":"Espa\u00f1ol","media_credit":"Rolando N\u00e1poles","micro_label":"Video report","micro_label_kind":"video","network_label":"OCB","network_logo_url":"/static/uploads/direct_network_logos/ocb_0888427dcb1d.svg","published_at":"2026-08-25T19:11:11","published_at_display":"25 Aug 2026, 19:11 GMT","sequence_badge_label":null,"sequence_count":null,"sequence_count_label":null,"sequence_frames":[],"sequence_kind":null,"source_name":"ocb_spanish_video_scrape","source_name_label":"OCB Spanish Video","source_type":"scrape","summary":"Prisoners Defenders denunci\u00f3 la explotaci\u00f3n de m\u00e9dicos cubanos en Botsuana","title":"Denuncian otro caso de explotaci\u00f3n de m\u00e9dicos cubanos en pa\u00eds africano","topic":"Audiovisuales Mart\u00ed","translation_language":"","url":"https://www.martinoticias.com/a/denuncian-otro-caso-de-explotaci%C3%B3n-de-m%C3%A9dicos-cubanos-en-pa%C3%ADs-africano/476247.html","video_url":"https://ocb-video-ns.akamaized.net/pangeavideo/2026/08/a/a5/a50d26a3-6d9b-4957-68e7-08def2ff2efe_1080p.mp4?cb=ee21fdfd2","youtube_conversion_active":false,"youtube_conversion_error":"","youtube_conversion_status":""},{"article_body_paragraphs":[],"audio_source_url":null,"author":"Mart\u00ed Noticias","available_dubs":[],"downloadable_assets":["https://ocb-video-ns.akamaized.net/pangeavideo/2026/08/9/9b/9bf281c0-4585-436c-03e2-08decd63a0c8_1080p.mp4?cb=ee21993fd"],"duration_display":"0:51","duration_seconds":51.0,"embed_url":null,"id":12717,"image_caption":null,"image_url":"https://gdb.martinoticias.com/9bf281c0-4585-436c-03e2-08decd63a0c8_tv_w1080_h608.jpg","is_clip":true,"is_youtube_embed":false,"item_type":"video","item_type_label":"Video","language_label":"Espa\u00f1ol","media_credit":"Mart\u00ed Noticias","micro_label":"Video report","micro_label_kind":"video","network_label":"OCB","network_logo_url":"/static/uploads/direct_network_logos/ocb_0888427dcb1d.svg","published_at":"2026-08-25T11:00:00","published_at_display":"25 Aug 2026, 11:00 GMT","sequence_badge_label":null,"sequence_count":null,"sequence_count_label":null,"sequence_frames":[],"sequence_kind":null,"source_name":"ocb_spanish_video_scrape","source_name_label":"OCB Spanish Video","source_type":"scrape","summary":"\"El Presidente\" dice habanero que es responsable de la crisis que se est\u00e1 viviendo en Cuba.","title":"Cuba Habla: \u201cQue esto cambie\u201d","topic":"Cuba Habla, Cuba","translation_language":"","url":"https://www.martinoticias.com/a/cuba-habla-que-esto-cambie/475958.html","video_url":"https://ocb-video-ns.akamaized.net/pangeavideo/2026/08/9/9b/9bf281c0-4585-436c-03e2-08decd63a0c8_1080p.mp4?cb=ee21993fd","youtube_conversion_active":false,"youtube_conversion_error":"","youtube_conversion_status":""},{"article_body_paragraphs":[],"audio_source_url":null,"author":"Jos\u00e9 Pernalete","available_dubs":[],"downloadable_assets":["https://ocb-video-ns.akamaized.net/pangeavideo/2026/08/4/47/47ab01cd-f823-462e-7c6f-08def2b1c8fe_1080p.mp4?cb=ee21eae48"],"duration_display":"4:01","duration_seconds":241.0,"embed_url":null,"id":12709,"image_caption":null,"image_url":"https://gdb.martinoticias.com/47ab01cd-f823-462e-7c6f-08def2b1c8fe_tv_w1080_h608.jpg","is_clip":true,"is_youtube_embed":false,"item_type":"video","item_type_label":"Video","language_label":"Espa\u00f1ol","media_credit":"Jos\u00e9 Pernalete","micro_label":"Video report","micro_label_kind":"video","network_label":"OCB","network_logo_url":"/static/uploads/direct_network_logos/ocb_0888427dcb1d.svg","published_at":"2026-08-24T21:27:36","published_at_display":"24 Aug 2026, 21:27 GMT","sequence_badge_label":null,"sequence_count":null,"sequence_count_label":null,"sequence_frames":[],"sequence_kind":null,"source_name":"ocb_spanish_video_scrape","source_name_label":"OCB Spanish Video","source_type":"scrape","summary":"A dos meses de los terremotos que golpearon Venezuela, la desolaci\u00f3n persiste en comunidades de La Guaira, donde familias que perdieron sus viviendas contin\u00faan viviendo en carpas y denuncian falta de ayuda oportuna y fallas en servicios b\u00e1sicos.","title":"A dos meses del terremoto en Venezuela, La Guaira sigue entre carpas, miedo y desolaci\u00f3n","topic":"Info Mart\u00ed , Estados Unidos, VENEZUELA","translation_language":"","url":"https://www.martinoticias.com/a/a-dos-meses-del-terremoto-en-venezuela-la-guaira-sigue-entre-carpas-miedo-y-desolaci%C3%B3n/476171.html","video_url":"https://ocb-video-ns.akamaized.net/pangeavideo/2026/08/4/47/47ab01cd-f823-462e-7c6f-08def2b1c8fe_1080p.mp4?cb=ee21eae48","youtube_conversion_active":false,"youtube_conversion_error":"","youtube_conversion_status":""}],"next_num":3,"page":2,"pages":3,"per_page":20,"prev_num":1,"total":58}
