{"applied_filters":{"end_date":"","lang":"","language":"","network":"OCB","page":2,"per_page":20,"search":"","source":"","start_date":"","topic":"","type":"photo"},"available_filters":{"language_choices":[{"label":"Choose Language","value":""},{"label":"English","value":"English"},{"label":"Espa\u00f1ol","value":"Espa\u00f1ol"}],"network_choices":[{"label":"All networks","value":""},{"label":"OCB","value":"OCB"}],"source_choices":[{"label":"All sources","value":""},{"label":"Radiotelevisionmarti","value":"radiotelevisionmarti_com_rss"}],"sources":["radiotelevisionmarti_com_rss"],"topics":[],"types":[["","All types"],["article","Articles"],["audio","Audio"],["video","Videos"],["clips","Clips"],["media","Media"]]},"has_next":true,"has_prev":true,"items":[{"article_body_paragraphs":[],"audio_source_url":null,"author":"Ivette Pacheco","available_dubs":[],"downloadable_assets":["https://gdb.martinoticias.com/80962E7F-2145-4DED-99F3-469F149994FA_cx0_cy9_cw0_w1600_r1_n_s.jpg"],"duration_display":"0:00","duration_seconds":null,"embed_url":null,"id":13702,"image_caption":"Tendido el\u00e9ctrico en Guant\u00e1namo, Cuba. Foto Archivo REUTERS/Carlos Barria/File Photo","image_url":"https://gdb.martinoticias.com/80962E7F-2145-4DED-99F3-469F149994FA_cx0_cy9_cw0_w1600_r1_n_s.jpg","is_clip":false,"is_youtube_embed":false,"item_type":"photo","item_type_label":"Photo","language_label":"Espa\u00f1ol","media_credit":"Ivette Pacheco","micro_label":"Photo","micro_label_kind":"gallery","network_label":"OCB","network_logo_url":"/static/uploads/direct_network_logos/ocb_0888427dcb1d.svg","published_at":"2026-09-03T01:08:58","published_at_display":"3 Sep 2026, 01:08 GMT","sequence_badge_label":null,"sequence_count":null,"sequence_count_label":null,"sequence_frames":[],"sequence_kind":null,"source_name":"radiotelevisionmarti_com_rss","source_name_label":"Radiotelevisionmarti","source_type":"rss","summary":"Tendido el\u00e9ctrico en Guant\u00e1namo, Cuba. Foto Archivo REUTERS/Carlos Barria/File Photo","title":"La crisis y los largos apagones disparan el robo de infraestructura p\u00fablica en Cuba","topic":null,"translation_language":"","url":"https://www.martinoticias.com/a/la-crisis-y-los-largos-apagones-disparan-el-robo-de-infraestructura-p%c3%bablica-en-cuba/476830.html","video_url":null,"youtube_conversion_active":false,"youtube_conversion_error":"","youtube_conversion_status":""},{"article_body_paragraphs":[],"audio_source_url":null,"author":"Edgardo Pinell Medina","available_dubs":[],"downloadable_assets":["https://gdb.martinoticias.com/d8ab0a6e-ab45-4cfc-a950-2c1821353f98_w1600_r1_n_s.jpg"],"duration_display":"0:00","duration_seconds":null,"embed_url":null,"id":13664,"image_caption":"Presidente de Nicaragua, Daniel Ortega","image_url":"https://gdb.martinoticias.com/d8ab0a6e-ab45-4cfc-a950-2c1821353f98_w1600_r1_n_s.jpg","is_clip":false,"is_youtube_embed":false,"item_type":"photo","item_type_label":"Photo","language_label":"Espa\u00f1ol","media_credit":"Edgardo Pinell Medina","micro_label":"Photo","micro_label_kind":"gallery","network_label":"OCB","network_logo_url":"/static/uploads/direct_network_logos/ocb_0888427dcb1d.svg","published_at":"2026-09-02T23:40:23","published_at_display":"2 Sep 2026, 23:40 GMT","sequence_badge_label":null,"sequence_count":null,"sequence_count_label":null,"sequence_frames":[],"sequence_kind":null,"source_name":"radiotelevisionmarti_com_rss","source_name_label":"Radiotelevisionmarti","source_type":"rss","summary":"Presidente de Nicaragua, Daniel Ortega","title":"Asociaci\u00f3n Madres de Abril exige la liberaci\u00f3n de Thelma Montenegro y denuncia persecuci\u00f3n en Nicaragua","topic":null,"translation_language":"","url":"https://www.martinoticias.com/a/asociaci%c3%b3n-madres-de-abril-exige-la-liberaci%c3%b3n-de-thelma-montenegro-y-denuncia-persecuci%c3%b3n-en-nicaragua/476821.html","video_url":null,"youtube_conversion_active":false,"youtube_conversion_error":"","youtube_conversion_status":""},{"article_body_paragraphs":[],"audio_source_url":null,"author":"Yolanda Huerga","available_dubs":[],"downloadable_assets":["https://gdb.martinoticias.com/01000000-0aff-0242-4a9e-08dc02347bb0_w1600_r1_n_s.jpg"],"duration_display":"0:00","duration_seconds":null,"embed_url":null,"id":13666,"image_caption":"Sede de una peque\u00f1a empresa (mipyme) que comercializa alimentos en La Habana.","image_url":"https://gdb.martinoticias.com/01000000-0aff-0242-4a9e-08dc02347bb0_w1600_r1_n_s.jpg","is_clip":false,"is_youtube_embed":false,"item_type":"photo","item_type_label":"Photo","language_label":"Espa\u00f1ol","media_credit":"Yolanda Huerga","micro_label":"Photo","micro_label_kind":"gallery","network_label":"OCB","network_logo_url":"/static/uploads/direct_network_logos/ocb_0888427dcb1d.svg","published_at":"2026-09-02T23:26:55","published_at_display":"2 Sep 2026, 23:26 GMT","sequence_badge_label":null,"sequence_count":null,"sequence_count_label":null,"sequence_frames":[],"sequence_kind":null,"source_name":"radiotelevisionmarti_com_rss","source_name_label":"Radiotelevisionmarti","source_type":"rss","summary":"Sede de una peque\u00f1a empresa (mipyme) que comercializa alimentos en La Habana.","title":"Quieren que crezcan para dominarlas: economistas dudan de la apertura a MIPYMES en Cuba","topic":null,"translation_language":"","url":"https://www.martinoticias.com/a/quieren-que-crezcan-para-dominarlas-economistas-dudan-de-la-apertura-a-mipymes-en-cuba/476828.html","video_url":null,"youtube_conversion_active":false,"youtube_conversion_error":"","youtube_conversion_status":""},{"article_body_paragraphs":[],"audio_source_url":null,"author":"Janisset Rivero","available_dubs":[],"downloadable_assets":["https://gdb.martinoticias.com/a4187ccf-191b-4c2b-7c9e-08def2b1c8fe_w1600_r1_n_s.jpg"],"duration_display":"0:00","duration_seconds":null,"embed_url":null,"id":13648,"image_caption":"El ministro de Comercio Exterior y la Inversi\u00f3n Extranjera de Cuba, Oscar P\u00e9rez-Oliva Fraga, observa un autom\u00f3vil de fabricaci\u00f3n china a la venta durante la 41.\u00aa Feria Internacional de La Habana, el 25 de noviembre de 2025. ADALBERTO ROQUE / AFP","image_url":"https://gdb.martinoticias.com/a4187ccf-191b-4c2b-7c9e-08def2b1c8fe_w1600_r1_n_s.jpg","is_clip":false,"is_youtube_embed":false,"item_type":"photo","item_type_label":"Photo","language_label":"Espa\u00f1ol","media_credit":"Janisset Rivero","micro_label":"Photo","micro_label_kind":"gallery","network_label":"OCB","network_logo_url":"/static/uploads/direct_network_logos/ocb_0888427dcb1d.svg","published_at":"2026-09-02T22:12:46","published_at_display":"2 Sep 2026, 22:12 GMT","sequence_badge_label":null,"sequence_count":null,"sequence_count_label":null,"sequence_frames":[],"sequence_kind":null,"source_name":"radiotelevisionmarti_com_rss","source_name_label":"Radiotelevisionmarti","source_type":"rss","summary":"El ministro de Comercio Exterior y la Inversi\u00f3n Extranjera de Cuba, Oscar P\u00e9rez-Oliva Fraga, observa un autom\u00f3vil de fabricaci\u00f3n china a la venta durante la 41.\u00aa Feria Internacional de La Habana, el 25 de noviembre de 2025. ADALBERTO ROQUE / AFP","title":"\"Van apoder\u00e1ndose cada vez m\u00e1s de La Habana\", alertan sobre avance de comercios chinos en Cuba","topic":null,"translation_language":"","url":"https://www.martinoticias.com/a/van-apoder%c3%a1ndose-cada-vez-m%c3%a1s-de-la-habana-alertan-sobre-avance-de-comercios-chinos-en-cuba/476824.html","video_url":null,"youtube_conversion_active":false,"youtube_conversion_error":"","youtube_conversion_status":""},{"article_body_paragraphs":[],"audio_source_url":null,"author":"Redacci\u00f3n Mart\u00ed Noticias","available_dubs":[],"downloadable_assets":["https://gdb.martinoticias.com/9c328f80-2731-4e39-a4d7-ed670104e7ff_w1600_r1_n_s.jpg"],"duration_display":"0:00","duration_seconds":null,"embed_url":null,"id":13626,"image_caption":"Presidente Donald Trump","image_url":"https://gdb.martinoticias.com/9c328f80-2731-4e39-a4d7-ed670104e7ff_w1600_r1_n_s.jpg","is_clip":false,"is_youtube_embed":false,"item_type":"photo","item_type_label":"Photo","language_label":"Espa\u00f1ol","media_credit":"Redacci\u00f3n Mart\u00ed Noticias","micro_label":"Photo","micro_label_kind":"gallery","network_label":"OCB","network_logo_url":"/static/uploads/direct_network_logos/ocb_0888427dcb1d.svg","published_at":"2026-09-02T21:27:25","published_at_display":"2 Sep 2026, 21:27 GMT","sequence_badge_label":null,"sequence_count":null,"sequence_count_label":null,"sequence_frames":[],"sequence_kind":null,"source_name":"radiotelevisionmarti_com_rss","source_name_label":"Radiotelevisionmarti","source_type":"rss","summary":"Presidente Donald Trump","title":"Trump habla sobre elecciones en Venezuela","topic":null,"translation_language":"","url":"https://www.martinoticias.com/a/trump-habla-sobre-elecciones-en-venezuela/476827.html","video_url":null,"youtube_conversion_active":false,"youtube_conversion_error":"","youtube_conversion_status":""},{"article_body_paragraphs":[],"audio_source_url":null,"author":"Redacci\u00f3n Mart\u00ed Noticias","available_dubs":[],"downloadable_assets":["https://gdb.martinoticias.com/b92945e8-fd65-4756-691b-08def2ff2efe_cx0_cy19_cw0_w1600_r1_n_s.jpg"],"duration_display":"0:00","duration_seconds":null,"embed_url":null,"id":13592,"image_caption":"Integrantes del ministerio cristiano \"Las manos y los pies de Jesucristo\", entregan ayuda en Cuba.","image_url":"https://gdb.martinoticias.com/b92945e8-fd65-4756-691b-08def2ff2efe_cx0_cy19_cw0_w1600_r1_n_s.jpg","is_clip":false,"is_youtube_embed":false,"item_type":"photo","item_type_label":"Photo","language_label":"Espa\u00f1ol","media_credit":"Redacci\u00f3n Mart\u00ed Noticias","micro_label":"Photo","micro_label_kind":"gallery","network_label":"OCB","network_logo_url":"/static/uploads/direct_network_logos/ocb_0888427dcb1d.svg","published_at":"2026-09-02T20:34:02","published_at_display":"2 Sep 2026, 20:34 GMT","sequence_badge_label":null,"sequence_count":null,"sequence_count_label":null,"sequence_frames":[],"sequence_kind":null,"source_name":"radiotelevisionmarti_com_rss","source_name_label":"Radiotelevisionmarti","source_type":"rss","summary":"Integrantes del ministerio cristiano \"Las manos y los pies de Jesucristo\", entregan ayuda en Cuba.","title":"EEUU coordina con ministerio cristiano entrega de ayuda humanitaria en Cuba","topic":null,"translation_language":"","url":"https://www.martinoticias.com/a/eeuu-coordina-con-ministerio-cristiano-entrega-de-ayuda-humanitaria-en-cuba/476823.html","video_url":null,"youtube_conversion_active":false,"youtube_conversion_error":"","youtube_conversion_status":""},{"article_body_paragraphs":[],"audio_source_url":null,"author":"Jos\u00e9 Pernalete","available_dubs":[],"downloadable_assets":["https://gdb.martinoticias.com/56bc04db-181c-4ea2-6919-08def2ff2efe_w1600_r1_n_s.jpg"],"duration_display":"0:00","duration_seconds":null,"embed_url":null,"id":13409,"image_caption":"El secretario de Energ\u00eda de EEUU, Chris Wright, junto a la presidenta interina de Venezuela, Delcy Rodr\u00edguez, en Caracas. (AFP)","image_url":"https://gdb.martinoticias.com/56bc04db-181c-4ea2-6919-08def2ff2efe_w1600_r1_n_s.jpg","is_clip":false,"is_youtube_embed":false,"item_type":"photo","item_type_label":"Photo","language_label":"Espa\u00f1ol","media_credit":"Jos\u00e9 Pernalete","micro_label":"Photo","micro_label_kind":"gallery","network_label":"OCB","network_logo_url":"/static/uploads/direct_network_logos/ocb_0888427dcb1d.svg","published_at":"2026-09-02T19:14:10","published_at_display":"2 Sep 2026, 19:14 GMT","sequence_badge_label":null,"sequence_count":null,"sequence_count_label":null,"sequence_frames":[],"sequence_kind":null,"source_name":"radiotelevisionmarti_com_rss","source_name_label":"Radiotelevisionmarti","source_type":"rss","summary":"El secretario de Energ\u00eda de EEUU, Chris Wright, junto a la presidenta interina de Venezuela, Delcy Rodr\u00edguez, en Caracas. (AFP)","title":"EEUU y Venezuela firman acuerdos con petroleras extranjeras para incrementar producci\u00f3n","topic":null,"translation_language":"","url":"https://www.martinoticias.com/a/eeuu-y-venezuela-firman-acuerdos-con-petroleras-extranjeras-para-duplicar-producci%c3%b3n/476819.html","video_url":null,"youtube_conversion_active":false,"youtube_conversion_error":"","youtube_conversion_status":""},{"article_body_paragraphs":[],"audio_source_url":null,"author":"Yuri Perez","available_dubs":[],"downloadable_assets":["https://gdb.martinoticias.com/7eb068a8-d796-4909-8385-e667fb864df9_cx8_cy2_cw88_w1600_r1_n_s.jpg"],"duration_display":"0:00","duration_seconds":null,"embed_url":null,"id":13411,"image_caption":"El presidente de EEUU, Donald Trump, aborda el Air Force One junto al secretario de Estado, Marco Rubio","image_url":"https://gdb.martinoticias.com/7eb068a8-d796-4909-8385-e667fb864df9_cx8_cy2_cw88_w1600_r1_n_s.jpg","is_clip":false,"is_youtube_embed":false,"item_type":"photo","item_type_label":"Photo","language_label":"Espa\u00f1ol","media_credit":"Yuri Perez","micro_label":"Photo","micro_label_kind":"gallery","network_label":"OCB","network_logo_url":"/static/uploads/direct_network_logos/ocb_0888427dcb1d.svg","published_at":"2026-09-02T19:04:38","published_at_display":"2 Sep 2026, 19:04 GMT","sequence_badge_label":null,"sequence_count":null,"sequence_count_label":null,"sequence_frames":[],"sequence_kind":null,"source_name":"radiotelevisionmarti_com_rss","source_name_label":"Radiotelevisionmarti","source_type":"rss","summary":"El presidente de EEUU, Donald Trump, aborda el Air Force One junto al secretario de Estado, Marco Rubio","title":"El audaz pacto petrolero de Trump y Rubio con Venezuela podr\u00eda acabar por fin con el control comunista sobre Venezuela","topic":null,"translation_language":"","url":"https://www.martinoticias.com/a/el-audaz-pacto-petrolero-de-trump-y-rubio-con-venezuela-podr%c3%ada-acabar-por-fin-con-el-control-comunista-sobre-venezuela/476818.html","video_url":null,"youtube_conversion_active":false,"youtube_conversion_error":"","youtube_conversion_status":""},{"article_body_paragraphs":[],"audio_source_url":null,"author":"Mario J. Pent\u00f3n","available_dubs":[],"downloadable_assets":["https://gdb.martinoticias.com/ceacbf17-2fd7-4f43-5aac-08decd6ea425_cx0_cy10_cw0_w1600_r1_n_s.png"],"duration_display":"0:00","duration_seconds":null,"embed_url":null,"id":13289,"image_caption":"Fernando Armando Vald\u00e9s P\u00e9rez obtuvo fraudulentamente la residencia permanente despu\u00e9s de ocultar sus v\u00ednculos con la inteligencia cubana.","image_url":"https://gdb.martinoticias.com/ceacbf17-2fd7-4f43-5aac-08decd6ea425_cx0_cy10_cw0_w1600_r1_n_s.png","is_clip":false,"is_youtube_embed":false,"item_type":"photo","item_type_label":"Photo","language_label":"Espa\u00f1ol","media_credit":"Mario J. Pent\u00f3n","micro_label":"Photo","micro_label_kind":"gallery","network_label":"OCB","network_logo_url":"/static/uploads/direct_network_logos/ocb_0888427dcb1d.svg","published_at":"2026-09-02T18:33:40","published_at_display":"2 Sep 2026, 18:33 GMT","sequence_badge_label":null,"sequence_count":null,"sequence_count_label":null,"sequence_frames":[],"sequence_kind":null,"source_name":"radiotelevisionmarti_com_rss","source_name_label":"Radiotelevisionmarti","source_type":"rss","summary":"Fernando Armando Vald\u00e9s P\u00e9rez obtuvo fraudulentamente la residencia permanente despu\u00e9s de ocultar sus v\u00ednculos con la inteligencia cubana.","title":"EEUU deporta a agente del r\u00e9gimen cubano que se infiltr\u00f3 en c\u00edrculo de Luis Posada Carriles","topic":null,"translation_language":"","url":"https://www.martinoticias.com/a/eeuu-deporta-a-agente-del-r%c3%a9gimen-cubano-que-se-infiltr%c3%b3-en-c%c3%adrculo-de-luis-posada-carriles/476813.html","video_url":null,"youtube_conversion_active":false,"youtube_conversion_error":"","youtube_conversion_status":""},{"article_body_paragraphs":[],"audio_source_url":null,"author":"Redacci\u00f3n Mart\u00ed Noticias","available_dubs":[],"downloadable_assets":["https://gdb.martinoticias.com/f9f428d1-aeaa-40f6-fbda-08de3bfab561_w1600_r1_n_s.jpg"],"duration_display":"0:00","duration_seconds":null,"embed_url":null,"id":13291,"image_caption":"Subsecretario de Estado, Christopher Landau","image_url":"https://gdb.martinoticias.com/f9f428d1-aeaa-40f6-fbda-08de3bfab561_w1600_r1_n_s.jpg","is_clip":false,"is_youtube_embed":false,"item_type":"photo","item_type_label":"Photo","language_label":"Espa\u00f1ol","media_credit":"Redacci\u00f3n Mart\u00ed Noticias","micro_label":"Photo","micro_label_kind":"gallery","network_label":"OCB","network_logo_url":"/static/uploads/direct_network_logos/ocb_0888427dcb1d.svg","published_at":"2026-09-02T17:47:03","published_at_display":"2 Sep 2026, 17:47 GMT","sequence_badge_label":null,"sequence_count":null,"sequence_count_label":null,"sequence_frames":[],"sequence_kind":null,"source_name":"radiotelevisionmarti_com_rss","source_name_label":"Radiotelevisionmarti","source_type":"rss","summary":"Subsecretario de Estado, Christopher Landau","title":"Landau: EEUU busca recuperar su atenci\u00f3n sobre el hemisferio occidental tras d\u00e9cadas de \u201cabandono\u201d","topic":null,"translation_language":"","url":"https://www.martinoticias.com/a/landau-eeuu-busca-recuperar-su-atenci%c3%b3n-sobre-el-hemisferio-occidental-tras-d%c3%a9cadas-de-abandono/476806.html","video_url":null,"youtube_conversion_active":false,"youtube_conversion_error":"","youtube_conversion_status":""},{"article_body_paragraphs":[],"audio_source_url":null,"author":"Laura Artal","available_dubs":[],"downloadable_assets":["https://gdb.martinoticias.com/8b47270c-7174-4fa4-82ec-2267883c0915_w1600_r1_n_s.jpg"],"duration_display":"0:00","duration_seconds":null,"embed_url":null,"id":13364,"image_caption":"El exgobernante venezolano Nicol\u00e1s Maduro y su esposa, Cilia Flores, comparecen ante una corte federal en EEUU para enfrentar cargos de narcoterrorismo.","image_url":"https://gdb.martinoticias.com/8b47270c-7174-4fa4-82ec-2267883c0915_w1600_r1_n_s.jpg","is_clip":false,"is_youtube_embed":false,"item_type":"photo","item_type_label":"Photo","language_label":"Espa\u00f1ol","media_credit":"Laura Artal","micro_label":"Photo","micro_label_kind":"gallery","network_label":"OCB","network_logo_url":"/static/uploads/direct_network_logos/ocb_0888427dcb1d.svg","published_at":"2026-09-02T17:43:39","published_at_display":"2 Sep 2026, 17:43 GMT","sequence_badge_label":null,"sequence_count":null,"sequence_count_label":null,"sequence_frames":[],"sequence_kind":null,"source_name":"radiotelevisionmarti_com_rss","source_name_label":"Radiotelevisionmarti","source_type":"rss","summary":"El exgobernante venezolano Nicol\u00e1s Maduro y su esposa, Cilia Flores, comparecen ante una corte federal en EEUU para enfrentar cargos de narcoterrorismo.","title":"Defensa de Maduro y Cilia alegar\u00e1 inmunidad y falta de jurisdicci\u00f3n ante corte de New York (VIDEO)","topic":null,"translation_language":"","url":"https://www.martinoticias.com/a/defensa-de-maduro-y-cilia-alegar%c3%a1-inmunidad-y-falta-de-jurisdicci%c3%b3n-ante-corte-de-new-york/476809.html","video_url":null,"youtube_conversion_active":false,"youtube_conversion_error":"","youtube_conversion_status":""},{"article_body_paragraphs":[],"audio_source_url":null,"author":"Laura Artal","available_dubs":[],"downloadable_assets":["https://gdb.martinoticias.com/8b47270c-7174-4fa4-82ec-2267883c0915_w1600_r1_n_s.jpg"],"duration_display":"0:00","duration_seconds":null,"embed_url":null,"id":13249,"image_caption":"El exgobernante venezolano Nicol\u00e1s Maduro y su esposa, Cilia Flores, comparecen ante una corte federal en EEUU para enfrentar cargos de narcoterrorismo.","image_url":"https://gdb.martinoticias.com/8b47270c-7174-4fa4-82ec-2267883c0915_w1600_r1_n_s.jpg","is_clip":false,"is_youtube_embed":false,"item_type":"photo","item_type_label":"Photo","language_label":"Espa\u00f1ol","media_credit":"Laura Artal","micro_label":"Photo","micro_label_kind":"gallery","network_label":"OCB","network_logo_url":"/static/uploads/direct_network_logos/ocb_0888427dcb1d.svg","published_at":"2026-09-02T17:43:39","published_at_display":"2 Sep 2026, 17:43 GMT","sequence_badge_label":null,"sequence_count":null,"sequence_count_label":null,"sequence_frames":[],"sequence_kind":null,"source_name":"radiotelevisionmarti_com_rss","source_name_label":"Radiotelevisionmarti","source_type":"rss","summary":"El exgobernante venezolano Nicol\u00e1s Maduro y su esposa, Cilia Flores, comparecen ante una corte federal en EEUU para enfrentar cargos de narcoterrorismo.","title":"Defensa de Maduro y Cilia alegar\u00e1 inmunidad y falta de jurisdicci\u00f3n ante corte de New York","topic":null,"translation_language":"","url":"https://www.martinoticias.com/a/defensa-de-maduro-y-cilia-alegar%c3%a1-inmunidad-y-falta-de-jurisdicci%c3%b3n-ante-corte-de-new-york/476809.html","video_url":null,"youtube_conversion_active":false,"youtube_conversion_error":"","youtube_conversion_status":""},{"article_body_paragraphs":[],"audio_source_url":null,"author":"Redacci\u00f3n Mart\u00ed Noticias","available_dubs":[],"downloadable_assets":["https://gdb.martinoticias.com/6b0fd5af-c63a-4635-8cc4-34361570efea_w1600_r1_n_s.jpg"],"duration_display":"0:00","duration_seconds":null,"embed_url":null,"id":13252,"image_caption":"U.S. Secretary of State Marco Rubio visits New Delhi","image_url":"https://gdb.martinoticias.com/6b0fd5af-c63a-4635-8cc4-34361570efea_w1600_r1_n_s.jpg","is_clip":false,"is_youtube_embed":false,"item_type":"photo","item_type_label":"Photo","language_label":"Espa\u00f1ol","media_credit":"Redacci\u00f3n Mart\u00ed Noticias","micro_label":"Photo","micro_label_kind":"gallery","network_label":"OCB","network_logo_url":"/static/uploads/direct_network_logos/ocb_0888427dcb1d.svg","published_at":"2026-09-02T17:27:07","published_at_display":"2 Sep 2026, 17:27 GMT","sequence_badge_label":null,"sequence_count":null,"sequence_count_label":null,"sequence_frames":[],"sequence_kind":null,"source_name":"radiotelevisionmarti_com_rss","source_name_label":"Radiotelevisionmarti","source_type":"rss","summary":"U.S. Secretary of State Marco Rubio visits New Delhi","title":"Rubio dice que Cuba necesita un camino irreversible hacia la democracia","topic":null,"translation_language":"","url":"https://www.martinoticias.com/a/rubio-dice-que-cuba-necesita-un-camino-irreversible-hacia-la-democracia/476807.html","video_url":null,"youtube_conversion_active":false,"youtube_conversion_error":"","youtube_conversion_status":""},{"article_body_paragraphs":[],"audio_source_url":null,"author":"Oficina de Pol\u00edticas","available_dubs":[],"downloadable_assets":["https://gdb.martinoticias.com/c997097e-f5c1-41d2-a2c8-30021a623b0b_w1600_r1_n_s.jpg"],"duration_display":"0:00","duration_seconds":null,"embed_url":null,"id":13254,"image_caption":"El secretario de Energ\u00eda de EE. UU., Chris Wright, conversa con la presidenta interina de Venezuela, Delcy Rodr\u00edguez, en el Palacio de Miraflores el d\u00eda de la firma de un acuerdo, en Caracas, Venezuela, el 2 de septiembre de 2026. REUTERS/Leonardo Fernandez Viloria","image_url":"https://gdb.martinoticias.com/c997097e-f5c1-41d2-a2c8-30021a623b0b_w1600_r1_n_s.jpg","is_clip":false,"is_youtube_embed":false,"item_type":"photo","item_type_label":"Photo","language_label":"Espa\u00f1ol","media_credit":"Oficina de Pol\u00edticas","micro_label":"Photo","micro_label_kind":"gallery","network_label":"OCB","network_logo_url":"/static/uploads/direct_network_logos/ocb_0888427dcb1d.svg","published_at":"2026-09-02T17:24:47","published_at_display":"2 Sep 2026, 17:24 GMT","sequence_badge_label":null,"sequence_count":null,"sequence_count_label":null,"sequence_frames":[],"sequence_kind":null,"source_name":"radiotelevisionmarti_com_rss","source_name_label":"Radiotelevisionmarti","source_type":"rss","summary":"El secretario de Energ\u00eda de EE. UU., Chris Wright, conversa con la presidenta interina de Venezuela, Delcy Rodr\u00edguez, en el Palacio de Miraflores el d\u00eda de la firma de un acuerdo, en Caracas, Venezuela, el 2 de septiembre de 2026. REUTERS/Leonardo Fernandez Viloria","title":"Acuerdo petrolero, un paso clave en la reconstrucci\u00f3n de Venezuela","topic":null,"translation_language":"","url":"https://www.martinoticias.com/a/476808.html","video_url":null,"youtube_conversion_active":false,"youtube_conversion_error":"","youtube_conversion_status":""},{"article_body_paragraphs":[],"audio_source_url":null,"author":"Jorge Morej\u00f3n","available_dubs":[],"downloadable_assets":["https://gdb.martinoticias.com/332adb05-f0d8-4432-adbe-e0bac04f5863_w1600_r1_n_s.jpg"],"duration_display":"0:00","duration_seconds":null,"embed_url":null,"id":13195,"image_caption":"L\u00e1zaro Montes recorre las bases, tras pegar su primer jonr\u00f3n en Grandes Ligas.","image_url":"https://gdb.martinoticias.com/332adb05-f0d8-4432-adbe-e0bac04f5863_w1600_r1_n_s.jpg","is_clip":false,"is_youtube_embed":false,"item_type":"photo","item_type_label":"Photo","language_label":"Espa\u00f1ol","media_credit":"Jorge Morej\u00f3n","micro_label":"Photo","micro_label_kind":"gallery","network_label":"OCB","network_logo_url":"/static/uploads/direct_network_logos/ocb_0888427dcb1d.svg","published_at":"2026-09-02T16:27:19","published_at_display":"2 Sep 2026, 16:27 GMT","sequence_badge_label":null,"sequence_count":null,"sequence_count_label":null,"sequence_frames":[],"sequence_kind":null,"source_name":"radiotelevisionmarti_com_rss","source_name_label":"Radiotelevisionmarti","source_type":"rss","summary":"L\u00e1zaro Montes recorre las bases, tras pegar su primer jonr\u00f3n en Grandes Ligas.","title":"Montes y Morales con debuts de ensue\u00f1o en Grandes Ligas.","topic":null,"translation_language":"","url":"https://www.martinoticias.com/a/montes-y-morales-con-debuts-de-ensueno-en-grandes-ligas/476804.html","video_url":null,"youtube_conversion_active":false,"youtube_conversion_error":"","youtube_conversion_status":""},{"article_body_paragraphs":[],"audio_source_url":null,"author":"Redacci\u00f3n Mart\u00ed Noticias","available_dubs":[],"downloadable_assets":["https://gdb.martinoticias.com/a2983b91-0987-4a84-9480-07d5c8ea7602_w1600_r1_n_s.jpg"],"duration_display":"0:00","duration_seconds":null,"embed_url":null,"id":13197,"image_caption":"El Capitolio de EEUU, en Washington, D.C., el 2 de septiembre de 2026.","image_url":"https://gdb.martinoticias.com/a2983b91-0987-4a84-9480-07d5c8ea7602_w1600_r1_n_s.jpg","is_clip":false,"is_youtube_embed":false,"item_type":"photo","item_type_label":"Photo","language_label":"Espa\u00f1ol","media_credit":"Redacci\u00f3n Mart\u00ed Noticias","micro_label":"Photo","micro_label_kind":"gallery","network_label":"OCB","network_logo_url":"/static/uploads/direct_network_logos/ocb_0888427dcb1d.svg","published_at":"2026-09-02T16:24:41","published_at_display":"2 Sep 2026, 16:24 GMT","sequence_badge_label":null,"sequence_count":null,"sequence_count_label":null,"sequence_frames":[],"sequence_kind":null,"source_name":"radiotelevisionmarti_com_rss","source_name_label":"Radiotelevisionmarti","source_type":"rss","summary":"El Capitolio de EEUU, en Washington, D.C., el 2 de septiembre de 2026.","title":"Cuestionan voto dem\u00f3crata contra resoluci\u00f3n que condena el socialismo: \"Ha fracasado en todas partes\"","topic":null,"translation_language":"","url":"https://www.martinoticias.com/a/cuestionan-voto-dem%c3%b3crata-contra-resoluci%c3%b3n-que-condena-el-socialismo-ha-fracasado-en-todas-partes/476802.html","video_url":null,"youtube_conversion_active":false,"youtube_conversion_error":"","youtube_conversion_status":""},{"article_body_paragraphs":[],"audio_source_url":null,"author":"Redacci\u00f3n Mart\u00ed Noticias","available_dubs":[],"downloadable_assets":["https://gdb.martinoticias.com/331fb951-bc11-4442-bc7c-08def2b1d8dc_cx6_cy0_cw93_w1600_r1_n_s.jpg"],"duration_display":"0:00","duration_seconds":null,"embed_url":null,"id":13013,"image_caption":"Protesta en la Avenida 26, en El Vedado, La Habana, el martes 1 de septiembre.","image_url":"https://gdb.martinoticias.com/331fb951-bc11-4442-bc7c-08def2b1d8dc_cx6_cy0_cw93_w1600_r1_n_s.jpg","is_clip":false,"is_youtube_embed":false,"item_type":"photo","item_type_label":"Photo","language_label":"Espa\u00f1ol","media_credit":"Redacci\u00f3n Mart\u00ed Noticias","micro_label":"Photo","micro_label_kind":"gallery","network_label":"OCB","network_logo_url":"/static/uploads/direct_network_logos/ocb_0888427dcb1d.svg","published_at":"2026-09-02T12:48:08","published_at_display":"2 Sep 2026, 12:48 GMT","sequence_badge_label":null,"sequence_count":null,"sequence_count_label":null,"sequence_frames":[],"sequence_kind":null,"source_name":"radiotelevisionmarti_com_rss","source_name_label":"Radiotelevisionmarti","source_type":"rss","summary":"Protesta en la Avenida 26, en El Vedado, La Habana, el martes 1 de septiembre.","title":"Protesta por apagones en El Vedado termina con despliegue represivo","topic":null,"translation_language":"","url":"https://www.martinoticias.com/a/protesta-por-apagones-en-el-vedado-termina-con-despliegue-represivo/476800.html","video_url":null,"youtube_conversion_active":false,"youtube_conversion_error":"","youtube_conversion_status":""},{"article_body_paragraphs":[],"audio_source_url":null,"author":"Redacci\u00f3n Mart\u00ed Noticias","available_dubs":[],"downloadable_assets":["https://gdb.martinoticias.com/36ed012f-4369-49c6-87e4-81fcdf3a4719_cx0_cy7_cw0_w1600_r1_n_s.jpg"],"duration_display":"0:00","duration_seconds":null,"embed_url":null,"id":12680,"image_caption":"Secretario de Estado de Estados Unidos, Marco Rubio","image_url":"https://gdb.martinoticias.com/36ed012f-4369-49c6-87e4-81fcdf3a4719_cx0_cy7_cw0_w1600_r1_n_s.jpg","is_clip":false,"is_youtube_embed":false,"item_type":"photo","item_type_label":"Photo","language_label":"Espa\u00f1ol","media_credit":"Redacci\u00f3n Mart\u00ed Noticias","micro_label":"Photo","micro_label_kind":"gallery","network_label":"OCB","network_logo_url":"/static/uploads/direct_network_logos/ocb_0888427dcb1d.svg","published_at":"2026-09-02T01:15:19","published_at_display":"2 Sep 2026, 01:15 GMT","sequence_badge_label":null,"sequence_count":null,"sequence_count_label":null,"sequence_frames":[],"sequence_kind":null,"source_name":"radiotelevisionmarti_com_rss","source_name_label":"Radiotelevisionmarti","source_type":"rss","summary":"Secretario de Estado de Estados Unidos, Marco Rubio","title":"Rubio habla sobre el hist\u00f3rico acuerdo petrolero de EEUU y Venezuela","topic":null,"translation_language":"","url":"https://www.martinoticias.com/a/rubio-habla-sobre-el-hist%c3%b3rico-acuerdo-petrolero-de-eeuu-y-venezuela/476799.html","video_url":null,"youtube_conversion_active":false,"youtube_conversion_error":"","youtube_conversion_status":""},{"article_body_paragraphs":[],"audio_source_url":null,"author":"Yolanda Huerga","available_dubs":[],"downloadable_assets":["https://gdb.martinoticias.com/a75116c4-68b0-4885-cf9c-08decd5b38e4_w1600_r1_n_s.png"],"duration_display":"0:00","duration_seconds":null,"embed_url":null,"id":12670,"image_caption":"Yunia Figueredo y Frank Correa junto a im\u00e1genes de las protestas de Jaimanitas por los prolongados apagones.","image_url":"https://gdb.martinoticias.com/a75116c4-68b0-4885-cf9c-08decd5b38e4_w1600_r1_n_s.png","is_clip":false,"is_youtube_embed":false,"item_type":"photo","item_type_label":"Photo","language_label":"Espa\u00f1ol","media_credit":"Yolanda Huerga","micro_label":"Photo","micro_label_kind":"gallery","network_label":"OCB","network_logo_url":"/static/uploads/direct_network_logos/ocb_0888427dcb1d.svg","published_at":"2026-09-02T00:40:59","published_at_display":"2 Sep 2026, 00:40 GMT","sequence_badge_label":null,"sequence_count":null,"sequence_count_label":null,"sequence_frames":[],"sequence_kind":null,"source_name":"radiotelevisionmarti_com_rss","source_name_label":"Radiotelevisionmarti","source_type":"rss","summary":"Yunia Figueredo y Frank Correa junto a im\u00e1genes de las protestas de Jaimanitas por los prolongados apagones.","title":"Seguridad del Estado intensifica la represi\u00f3n contra la activista Yunia Figueredo y su esposo","topic":null,"translation_language":"","url":"https://www.martinoticias.com/a/seguridad-del-estado-intensifica-la-represi%c3%b3n-contra-la-activista-yunia-figueredo-y-su-esposo/476759.html","video_url":null,"youtube_conversion_active":false,"youtube_conversion_error":"","youtube_conversion_status":""},{"article_body_paragraphs":[],"audio_source_url":null,"author":"Redacci\u00f3n Mart\u00ed Noticias","available_dubs":[],"downloadable_assets":["https://gdb.martinoticias.com/b9fbab15-858b-4bfa-9f35-0f1a756ed409_w1600_r1_n_s.jpg"],"duration_display":"0:00","duration_seconds":null,"embed_url":null,"id":12672,"image_caption":"Exterior del Capitolio de Estados Unidos","image_url":"https://gdb.martinoticias.com/b9fbab15-858b-4bfa-9f35-0f1a756ed409_w1600_r1_n_s.jpg","is_clip":false,"is_youtube_embed":false,"item_type":"photo","item_type_label":"Photo","language_label":"Espa\u00f1ol","media_credit":"Redacci\u00f3n Mart\u00ed Noticias","micro_label":"Photo","micro_label_kind":"gallery","network_label":"OCB","network_logo_url":"/static/uploads/direct_network_logos/ocb_0888427dcb1d.svg","published_at":"2026-09-02T00:35:04","published_at_display":"2 Sep 2026, 00:35 GMT","sequence_badge_label":null,"sequence_count":null,"sequence_count_label":null,"sequence_frames":[],"sequence_kind":null,"source_name":"radiotelevisionmarti_com_rss","source_name_label":"Radiotelevisionmarti","source_type":"rss","summary":"Exterior del Capitolio de Estados Unidos","title":"C\u00e1mara de Representantes aprueba resoluci\u00f3n que condena el socialismo \"en todas sus formas\"","topic":null,"translation_language":"","url":"https://www.martinoticias.com/a/c%c3%a1mara-de-representantes-aprueba-resoluci%c3%b3n-que-condena-el-socialismo-en-todas-sus-formas/476760.html","video_url":null,"youtube_conversion_active":false,"youtube_conversion_error":"","youtube_conversion_status":""}],"next_num":3,"page":2,"pages":24,"per_page":20,"prev_num":1,"total":473}
