{"applied_filters":{"end_date":"","lang":"","language":"","network":"OCB","page":3,"per_page":20,"search":"","source":"","start_date":"","topic":"","type":"clips"},"available_filters":{"language_choices":[{"label":"Choose Language","value":""},{"label":"English","value":"English"},{"label":"Espa\u00f1ol","value":"Espa\u00f1ol"}],"network_choices":[{"label":"All networks","value":""},{"label":"OCB","value":"OCB"}],"source_choices":[{"label":"All sources","value":""},{"label":"OCB Spanish Video","value":"ocb_spanish_video_scrape"},{"label":"Radiotelevisionmarti","value":"radiotelevisionmarti_com_rss"},{"label":"TV Mart\u00ed Noticias YouTube","value":"tv_marti_noticias_youtube_playlists"}],"sources":["ocb_spanish_video_scrape","radiotelevisionmarti_com_rss","tv_marti_noticias_youtube_playlists"],"topics":["Am\u00e9rica Latina, VENEZUELA, Maiquetia","Asuntos de Estado","Audiovisuales Mart\u00ed","Audiovisuales Mart\u00ed, Cuba turismo, crisis del turismo en Cuba","Audiovisuales Mart\u00ed, VENEZUELA, apagones","Como Come Cuba, cuba, Como Come Cuba","Cuba Habla","Cuba Habla, Cuba","Info Mart\u00ed","Info Mart\u00ed , Cuba","Info Mart\u00ed , Estados Unidos, Colombia","Info Mart\u00ed , Estados Unidos, VENEZUELA","Info Mart\u00ed , estados unidos, Venezuela","Mart\u00ed Noticias AM","Ser Madre en cuba, cuba, hambre, r\u00e9gimen, madre, negligencia, Testimonios, Crisis Econ\u00f3mica, madre cubana, Crisis Alimentaria","Ser viejo en Cuba, cuba, cubanos, crisis, alimentos, ancianos, viejos, vejez"],"types":[["","All types"],["article","Articles"],["audio","Audio"],["video","Videos"],["clips","Clips"],["media","Media"]]},"has_next":false,"has_prev":true,"items":[{"article_body_paragraphs":[],"audio_source_url":null,"author":"Rolando N\u00e1poles","available_dubs":[],"downloadable_assets":["https://ocb-video-ns.akamaized.net/pangeavideo/2026/08/d/d1/d1ebbcd5-cb7a-45bc-5a81-08decd6ea425_1080p.mp4?cb=ee21ea46f"],"duration_display":"3:21","duration_seconds":201.0,"embed_url":null,"id":12710,"image_caption":null,"image_url":"https://gdb.martinoticias.com/d1ebbcd5-cb7a-45bc-5a81-08decd6ea425_tv_w1080_h608.jpg","is_clip":true,"is_youtube_embed":false,"item_type":"video","item_type_label":"Video","language_label":"Espa\u00f1ol","media_credit":"Rolando N\u00e1poles","micro_label":"Video report","micro_label_kind":"video","network_label":"OCB","network_logo_url":"/static/uploads/direct_network_logos/ocb_0888427dcb1d.svg","published_at":"2026-08-24T20:45:35","published_at_display":"24 Aug 2026, 20:45 GMT","sequence_badge_label":null,"sequence_count":null,"sequence_count_label":null,"sequence_frames":[],"sequence_kind":null,"source_name":"ocb_spanish_video_scrape","source_name_label":"OCB Spanish Video","source_type":"scrape","summary":"La caida de casi el 50% del turismo en Cuba est\u00e1 dejando sin empleo a m\u00e1s cubanos que viven de este sector.","title":"Desplome del turismo est\u00e1 dejando sin empleo a m\u00e1s cubanos en la isla","topic":"Audiovisuales Mart\u00ed, Cuba turismo, crisis del turismo en Cuba","translation_language":"","url":"https://www.martinoticias.com/a/desplome-del-turismo-est%C3%A1-dejando-sin-empleo-a-m%C3%A1s-cubanos-en-la-isla/476167.html","video_url":"https://ocb-video-ns.akamaized.net/pangeavideo/2026/08/d/d1/d1ebbcd5-cb7a-45bc-5a81-08decd6ea425_1080p.mp4?cb=ee21ea46f","youtube_conversion_active":false,"youtube_conversion_error":"","youtube_conversion_status":""},{"article_body_paragraphs":[],"audio_source_url":null,"author":"Mart\u00ed Noticias","available_dubs":[],"downloadable_assets":["https://ocb-video-ns.akamaized.net/pangeavideo/2026/08/c/c2/c2aea2f6-e6a4-4b8a-03e0-08decd63a0c8_1080p.mp4?cb=ee2199125"],"duration_display":"1:20","duration_seconds":80.0,"embed_url":null,"id":12718,"image_caption":null,"image_url":"https://gdb.martinoticias.com/c2aea2f6-e6a4-4b8a-03e0-08decd63a0c8_tv_w1080_h608.jpg","is_clip":true,"is_youtube_embed":false,"item_type":"video","item_type_label":"Video","language_label":"Espa\u00f1ol","media_credit":"Mart\u00ed Noticias","micro_label":"Video report","micro_label_kind":"video","network_label":"OCB","network_logo_url":"/static/uploads/direct_network_logos/ocb_0888427dcb1d.svg","published_at":"2026-08-24T11:00:00","published_at_display":"24 Aug 2026, 11:00 GMT","sequence_badge_label":null,"sequence_count":null,"sequence_count_label":null,"sequence_frames":[],"sequence_kind":null,"source_name":"ocb_spanish_video_scrape","source_name_label":"OCB Spanish Video","source_type":"scrape","summary":"\"Todo el mundo tiene derecho a protestar por sus derechos\", asegura joven cubana desde La Habana.","title":"Cuba Habla: \u201cLas personas protestan porque no pueden m\u00e1s\u201d","topic":"Cuba Habla, Cuba","translation_language":"","url":"https://www.martinoticias.com/a/cuba-habla-las-personas-protestan-porque-no-pueden-m%C3%A1s/475955.html","video_url":"https://ocb-video-ns.akamaized.net/pangeavideo/2026/08/c/c2/c2aea2f6-e6a4-4b8a-03e0-08decd63a0c8_1080p.mp4?cb=ee2199125","youtube_conversion_active":false,"youtube_conversion_error":"","youtube_conversion_status":""},{"article_body_paragraphs":[],"audio_source_url":null,"author":"Mart\u00ed Noticias","available_dubs":[],"downloadable_assets":["https://ocb-video-ns.akamaized.net/pangeavideo/2026/08/9/92/9272aebf-dbf0-40ca-03de-08decd63a0c8_1080p.mp4?cb=ee2198235"],"duration_display":"0:51","duration_seconds":51.0,"embed_url":null,"id":12719,"image_caption":null,"image_url":"https://gdb.martinoticias.com/9272aebf-dbf0-40ca-03de-08decd63a0c8_tv_w1080_h608.jpg","is_clip":true,"is_youtube_embed":false,"item_type":"video","item_type_label":"Video","language_label":"Espa\u00f1ol","media_credit":"Mart\u00ed Noticias","micro_label":"Video report","micro_label_kind":"video","network_label":"OCB","network_logo_url":"/static/uploads/direct_network_logos/ocb_0888427dcb1d.svg","published_at":"2026-08-23T11:00:00","published_at_display":"23 Aug 2026, 11:00 GMT","sequence_badge_label":null,"sequence_count":null,"sequence_count_label":null,"sequence_frames":[],"sequence_kind":null,"source_name":"ocb_spanish_video_scrape","source_name_label":"OCB Spanish Video","source_type":"scrape","summary":"\"\u00bfQu\u00e9 gritan la gente? Libertad, hambre\" refiere habanero acerca de las protestas en Cuba.","title":"Cuba Habla: \u201cHay muchas protestas porque aqu\u00ed en el pa\u00eds hay muchas dificultades\u201d","topic":"Cuba Habla, Cuba","translation_language":"","url":"https://www.martinoticias.com/a/cuba-habla-hay-muchas-protestas-porque-aqu%C3%AD-en-el-pa%C3%ADs-hay-muchas-dificultades/475904.html","video_url":"https://ocb-video-ns.akamaized.net/pangeavideo/2026/08/9/92/9272aebf-dbf0-40ca-03de-08decd63a0c8_1080p.mp4?cb=ee2198235","youtube_conversion_active":false,"youtube_conversion_error":"","youtube_conversion_status":""},{"article_body_paragraphs":[],"audio_source_url":null,"author":"Mart\u00ed Noticias","available_dubs":[],"downloadable_assets":["https://ocb-video-ns.akamaized.net/pangeavideo/2026/08/c/cf/cff770d5-133f-4dc8-68c5-08def2ff2efe_1080p.mp4?cb=ee2197b11"],"duration_display":"1:04","duration_seconds":64.0,"embed_url":null,"id":12720,"image_caption":null,"image_url":"https://gdb.martinoticias.com/cff770d5-133f-4dc8-68c5-08def2ff2efe_tv_w1080_h608.jpg","is_clip":true,"is_youtube_embed":false,"item_type":"video","item_type_label":"Video","language_label":"Espa\u00f1ol","media_credit":"Mart\u00ed Noticias","micro_label":"Video report","micro_label_kind":"video","network_label":"OCB","network_logo_url":"/static/uploads/direct_network_logos/ocb_0888427dcb1d.svg","published_at":"2026-08-21T11:00:00","published_at_display":"21 Aug 2026, 11:00 GMT","sequence_badge_label":null,"sequence_count":null,"sequence_count_label":null,"sequence_frames":[],"sequence_kind":null,"source_name":"ocb_spanish_video_scrape","source_name_label":"OCB Spanish Video","source_type":"scrape","summary":"Habanero habla de los reclamos de los ciudadanos que protestan publicamente en la isla.","title":"Cuba Habla: \u201cLa necesidad de la comida\u201d","topic":"Cuba Habla, Cuba","translation_language":"","url":"https://www.martinoticias.com/a/cuba-habla-la-necesidad-de-la-comida/475899.html","video_url":"https://ocb-video-ns.akamaized.net/pangeavideo/2026/08/c/cf/cff770d5-133f-4dc8-68c5-08def2ff2efe_1080p.mp4?cb=ee2197b11","youtube_conversion_active":false,"youtube_conversion_error":"","youtube_conversion_status":""},{"article_body_paragraphs":[],"audio_source_url":null,"author":"Mart\u00ed Noticias","available_dubs":[],"downloadable_assets":["https://ocb-video-ns.akamaized.net/pangeavideo/2026/08/1/11/11f5f8a3-4167-42ce-5a52-08decd6ea425_1080p.mp4?cb=ee215997d"],"duration_display":"0:56","duration_seconds":56.0,"embed_url":null,"id":12721,"image_caption":null,"image_url":"https://gdb.martinoticias.com/11f5f8a3-4167-42ce-5a52-08decd6ea425_tv_w1080_h608.jpg","is_clip":true,"is_youtube_embed":false,"item_type":"video","item_type_label":"Video","language_label":"Espa\u00f1ol","media_credit":"Mart\u00ed Noticias","micro_label":"Video report","micro_label_kind":"video","network_label":"OCB","network_logo_url":"/static/uploads/direct_network_logos/ocb_0888427dcb1d.svg","published_at":"2026-08-20T11:00:00","published_at_display":"20 Aug 2026, 11:00 GMT","sequence_badge_label":null,"sequence_count":null,"sequence_count_label":null,"sequence_frames":[],"sequence_kind":null,"source_name":"ocb_spanish_video_scrape","source_name_label":"OCB Spanish Video","source_type":"scrape","summary":"Joven capitalino asegura que \"el gobierno\" es culpable de lo que est\u00e1 pasando el pueblo.","title":"Cuba Habla: \u201cLas personas protestan con su raz\u00f3n\u201d","topic":"Cuba Habla, Cuba","translation_language":"","url":"https://www.martinoticias.com/a/cuba-habla-las-personas-protestan-con-su-raz%C3%B3n/475705.html","video_url":"https://ocb-video-ns.akamaized.net/pangeavideo/2026/08/1/11/11f5f8a3-4167-42ce-5a52-08decd6ea425_1080p.mp4?cb=ee215997d","youtube_conversion_active":false,"youtube_conversion_error":"","youtube_conversion_status":""},{"article_body_paragraphs":[],"audio_source_url":null,"author":"Mart\u00ed Noticias","available_dubs":[],"downloadable_assets":["https://ocb-video-ns.akamaized.net/pangeavideo/2026/08/4/40/4025d0e0-2d96-4557-cf8e-08decd5b38e4_1080p.mp4?cb=ee215965c"],"duration_display":"1:47","duration_seconds":107.0,"embed_url":null,"id":12722,"image_caption":null,"image_url":"https://gdb.martinoticias.com/4025d0e0-2d96-4557-cf8e-08decd5b38e4_tv_w1080_h608.jpg","is_clip":true,"is_youtube_embed":false,"item_type":"video","item_type_label":"Video","language_label":"Espa\u00f1ol","media_credit":"Mart\u00ed Noticias","micro_label":"Video report","micro_label_kind":"video","network_label":"OCB","network_logo_url":"/static/uploads/direct_network_logos/ocb_0888427dcb1d.svg","published_at":"2026-08-19T11:00:00","published_at_display":"19 Aug 2026, 11:00 GMT","sequence_badge_label":null,"sequence_count":null,"sequence_count_label":null,"sequence_frames":[],"sequence_kind":null,"source_name":"ocb_spanish_video_scrape","source_name_label":"OCB Spanish Video","source_type":"scrape","summary":"\"Van a venir momentos m\u00e1s dif\u00edciles\" asegura anciana cubana desde la capital del pa\u00eds.","title":"Cuba Habla: \u201cSon momentos dif\u00edciles\u201d","topic":"Cuba Habla","translation_language":"","url":"https://www.martinoticias.com/a/cuba-habla-son-momentos-dif%C3%ADciles/475660.html","video_url":"https://ocb-video-ns.akamaized.net/pangeavideo/2026/08/4/40/4025d0e0-2d96-4557-cf8e-08decd5b38e4_1080p.mp4?cb=ee215965c","youtube_conversion_active":false,"youtube_conversion_error":"","youtube_conversion_status":""},{"article_body_paragraphs":[],"audio_source_url":null,"author":"Mart\u00ed Noticias","available_dubs":[],"downloadable_assets":["https://ocb-video-ns.akamaized.net/pangeavideo/2026/08/4/42/42d1a03c-a596-4fae-7c48-08def2b1c8fe_1080p.mp4?cb=ee215940a"],"duration_display":"1:07","duration_seconds":67.0,"embed_url":null,"id":12723,"image_caption":null,"image_url":"https://gdb.martinoticias.com/42d1a03c-a596-4fae-7c48-08def2b1c8fe_tv_w1080_h608.jpg","is_clip":true,"is_youtube_embed":false,"item_type":"video","item_type_label":"Video","language_label":"Espa\u00f1ol","media_credit":"Mart\u00ed Noticias","micro_label":"Video report","micro_label_kind":"video","network_label":"OCB","network_logo_url":"/static/uploads/direct_network_logos/ocb_0888427dcb1d.svg","published_at":"2026-08-18T11:00:00","published_at_display":"18 Aug 2026, 11:00 GMT","sequence_badge_label":null,"sequence_count":null,"sequence_count_label":null,"sequence_frames":[],"sequence_kind":null,"source_name":"ocb_spanish_video_scrape","source_name_label":"OCB Spanish Video","source_type":"scrape","summary":"Desde la capital, joven cubano explica el impacto de la escasez de agua en la poblaci\u00f3n.","title":"Cuba Habla: \u201cDemasiado desfavorable el tema del agua en el pa\u00eds\u201d.","topic":"Cuba Habla, Cuba","translation_language":"","url":"https://www.martinoticias.com/a/cuba-habla-demasiado-desfavorable-el-tema-del-agua-en-el-pa%C3%ADs/475659.html","video_url":"https://ocb-video-ns.akamaized.net/pangeavideo/2026/08/4/42/42d1a03c-a596-4fae-7c48-08def2b1c8fe_1080p.mp4?cb=ee215940a","youtube_conversion_active":false,"youtube_conversion_error":"","youtube_conversion_status":""},{"article_body_paragraphs":[],"audio_source_url":null,"author":"Mart\u00ed Noticias","available_dubs":[],"downloadable_assets":["https://ocb-video-ns.akamaized.net/pangeavideo/2026/08/2/2b/2ba3498f-9587-4043-5a4c-08decd6ea425_1080p.mp4?cb=ee21180f7"],"duration_display":"1:20","duration_seconds":80.0,"embed_url":null,"id":12724,"image_caption":null,"image_url":"https://gdb.martinoticias.com/2ba3498f-9587-4043-5a4c-08decd6ea425_tv_w1080_h608.jpg","is_clip":true,"is_youtube_embed":false,"item_type":"video","item_type_label":"Video","language_label":"Espa\u00f1ol","media_credit":"Mart\u00ed Noticias","micro_label":"Video report","micro_label_kind":"video","network_label":"OCB","network_logo_url":"/static/uploads/direct_network_logos/ocb_0888427dcb1d.svg","published_at":"2026-08-17T11:00:00","published_at_display":"17 Aug 2026, 11:00 GMT","sequence_badge_label":null,"sequence_count":null,"sequence_count_label":null,"sequence_frames":[],"sequence_kind":null,"source_name":"ocb_spanish_video_scrape","source_name_label":"OCB Spanish Video","source_type":"scrape","summary":"Habanera refiere falta de conectividad a internet en Cuba y el impacto que esto tiene para la comunicaci\u00f3n con la familia.","title":"Cuba Habla: \"No entra la conexi\u00f3n por ning\u00fan lado\u201d","topic":"Cuba Habla, Cuba","translation_language":"","url":"https://www.martinoticias.com/a/cuba-habla-no-entra-la-conexi%C3%B3n-por-ning%C3%BAn-lado/475484.html","video_url":"https://ocb-video-ns.akamaized.net/pangeavideo/2026/08/2/2b/2ba3498f-9587-4043-5a4c-08decd6ea425_1080p.mp4?cb=ee21180f7","youtube_conversion_active":false,"youtube_conversion_error":"","youtube_conversion_status":""},{"article_body_paragraphs":[],"audio_source_url":null,"author":"Mart\u00ed Noticias","available_dubs":[],"downloadable_assets":["https://ocb-video-ns.akamaized.net/pangeavideo/2026/08/9/9b/9bf8831c-6fc2-45fb-6897-08def2ff2efe_1080p.mp4?cb=ee21169b4"],"duration_display":"1:46","duration_seconds":106.0,"embed_url":null,"id":12725,"image_caption":null,"image_url":"https://gdb.martinoticias.com/9bf8831c-6fc2-45fb-6897-08def2ff2efe_tv_w1080_h608.jpg","is_clip":true,"is_youtube_embed":false,"item_type":"video","item_type_label":"Video","language_label":"Espa\u00f1ol","media_credit":"Mart\u00ed Noticias","micro_label":"Video report","micro_label_kind":"video","network_label":"OCB","network_logo_url":"/static/uploads/direct_network_logos/ocb_0888427dcb1d.svg","published_at":"2026-08-16T11:00:00","published_at_display":"16 Aug 2026, 11:00 GMT","sequence_badge_label":null,"sequence_count":null,"sequence_count_label":null,"sequence_frames":[],"sequence_kind":null,"source_name":"ocb_spanish_video_scrape","source_name_label":"OCB Spanish Video","source_type":"scrape","summary":"Desde La Habana, joven habla de la falta de conectividad en la isla y exhorta a una \"protesta pac\u00edfica\".","title":"Cuba Habla: \" Exigiendo nuestros derechos\u201d","topic":"Cuba Habla, Cuba","translation_language":"","url":"https://www.martinoticias.com/a/cuba-habla-exigiendo-nuestros-derechos/475479.html","video_url":"https://ocb-video-ns.akamaized.net/pangeavideo/2026/08/9/9b/9bf8831c-6fc2-45fb-6897-08def2ff2efe_1080p.mp4?cb=ee21169b4","youtube_conversion_active":false,"youtube_conversion_error":"","youtube_conversion_status":""},{"article_body_paragraphs":[],"audio_source_url":null,"author":"Mart\u00ed Noticias","available_dubs":[],"downloadable_assets":["https://ocb-video-ns.akamaized.net/pangeavideo/2026/08/9/9e/9e0d0d44-35ba-4137-687c-08def2ff2efe_1080p.mp4?cb=ee20c6452"],"duration_display":"1:24","duration_seconds":84.0,"embed_url":null,"id":12726,"image_caption":null,"image_url":"https://gdb.martinoticias.com/9e0d0d44-35ba-4137-687c-08def2ff2efe_tv_w1080_h608.jpg","is_clip":true,"is_youtube_embed":false,"item_type":"video","item_type_label":"Video","language_label":"Espa\u00f1ol","media_credit":"Mart\u00ed Noticias","micro_label":"Video report","micro_label_kind":"video","network_label":"OCB","network_logo_url":"/static/uploads/direct_network_logos/ocb_0888427dcb1d.svg","published_at":"2026-08-14T11:00:00","published_at_display":"14 Aug 2026, 11:00 GMT","sequence_badge_label":null,"sequence_count":null,"sequence_count_label":null,"sequence_frames":[],"sequence_kind":null,"source_name":"ocb_spanish_video_scrape","source_name_label":"OCB Spanish Video","source_type":"scrape","summary":"De \u201cp\u00e9sima\" califica habanera la crisis por falta de suministro de agua en Cuba.","title":"Cuba Habla: \"Cuando no tengo ni agua ni luz, es a volverme loca\u201d","topic":"Cuba Habla, Cuba","translation_language":"","url":"https://www.martinoticias.com/a/cuba-habla-cuando-no-tengo-ni-agua-ni-luz-es-a-volverme-loca/474530.html","video_url":"https://ocb-video-ns.akamaized.net/pangeavideo/2026/08/9/9e/9e0d0d44-35ba-4137-687c-08def2ff2efe_1080p.mp4?cb=ee20c6452","youtube_conversion_active":false,"youtube_conversion_error":"","youtube_conversion_status":""},{"article_body_paragraphs":[],"audio_source_url":null,"author":"Mart\u00ed Noticias","available_dubs":[],"downloadable_assets":["https://ocb-video-ns.akamaized.net/pangeavideo/2026/08/2/2b/2bb33164-ebfd-49c8-7c1e-08def2b1c8fe_1080p.mp4?cb=ee20c5fba"],"duration_display":"1:40","duration_seconds":100.0,"embed_url":null,"id":12727,"image_caption":null,"image_url":"https://gdb.martinoticias.com/2bb33164-ebfd-49c8-7c1e-08def2b1c8fe_tv_w1080_h608.jpg","is_clip":true,"is_youtube_embed":false,"item_type":"video","item_type_label":"Video","language_label":"Espa\u00f1ol","media_credit":"Mart\u00ed Noticias","micro_label":"Video report","micro_label_kind":"video","network_label":"OCB","network_logo_url":"/static/uploads/direct_network_logos/ocb_0888427dcb1d.svg","published_at":"2026-08-13T11:00:00","published_at_display":"13 Aug 2026, 11:00 GMT","sequence_badge_label":null,"sequence_count":null,"sequence_count_label":null,"sequence_frames":[],"sequence_kind":null,"source_name":"ocb_spanish_video_scrape","source_name_label":"OCB Spanish Video","source_type":"scrape","summary":"Habanera da detalles de la falta de agua en Cuba y dice que cree que la situaci\u00f3n se resolver\u00e1 \"cuando esto se caiga\".","title":"Cuba Habla: \"Que venga otro gobernante\u201d","topic":"Cuba Habla, Cuba","translation_language":"","url":"https://www.martinoticias.com/a/cuba-habla-que-venga-otro-gobernante/474529.html","video_url":"https://ocb-video-ns.akamaized.net/pangeavideo/2026/08/2/2b/2bb33164-ebfd-49c8-7c1e-08def2b1c8fe_1080p.mp4?cb=ee20c5fba","youtube_conversion_active":false,"youtube_conversion_error":"","youtube_conversion_status":""},{"article_body_paragraphs":[],"audio_source_url":null,"author":"Mart\u00ed Noticias","available_dubs":[],"downloadable_assets":["https://ocb-video-ns.akamaized.net/pangeavideo/2026/08/f/f3/f307e319-47a1-4f6b-bc07-08def2b1d8dc_1080p.mp4?cb=ee20c5d34"],"duration_display":"1:00","duration_seconds":60.0,"embed_url":null,"id":12728,"image_caption":null,"image_url":"https://gdb.martinoticias.com/f307e319-47a1-4f6b-bc07-08def2b1d8dc_tv_w1080_h608.jpg","is_clip":true,"is_youtube_embed":false,"item_type":"video","item_type_label":"Video","language_label":"Espa\u00f1ol","media_credit":"Mart\u00ed Noticias","micro_label":"Video report","micro_label_kind":"video","network_label":"OCB","network_logo_url":"/static/uploads/direct_network_logos/ocb_0888427dcb1d.svg","published_at":"2026-08-12T11:00:00","published_at_display":"12 Aug 2026, 11:00 GMT","sequence_badge_label":null,"sequence_count":null,"sequence_count_label":null,"sequence_frames":[],"sequence_kind":null,"source_name":"ocb_spanish_video_scrape","source_name_label":"OCB Spanish Video","source_type":"scrape","summary":"Ciudadana desde La Habana habla de la crisis por falta de agua en Cuba.","title":"Cuba Habla: \"\u00bfTu crees que se puede hacer algo sin agua?\u201d","topic":"Cuba Habla, Cuba","translation_language":"","url":"https://www.martinoticias.com/a/cuba-habla-tu-crees-que-se-puede-hacer-algo-sin-agua/474484.html","video_url":"https://ocb-video-ns.akamaized.net/pangeavideo/2026/08/f/f3/f307e319-47a1-4f6b-bc07-08def2b1d8dc_1080p.mp4?cb=ee20c5d34","youtube_conversion_active":false,"youtube_conversion_error":"","youtube_conversion_status":""},{"article_body_paragraphs":[],"audio_source_url":null,"author":"Mart\u00ed Noticias","available_dubs":[],"downloadable_assets":["https://ocb-video-ns.akamaized.net/pangeavideo/2026/08/8/81/8152b060-1f7f-4e5c-5a32-08decd6ea425_1080p.mp4?cb=ee20c5ae8"],"duration_display":"0:38","duration_seconds":38.0,"embed_url":null,"id":12729,"image_caption":null,"image_url":"https://gdb.martinoticias.com/8152b060-1f7f-4e5c-5a32-08decd6ea425_tv_w1080_h608.jpg","is_clip":true,"is_youtube_embed":false,"item_type":"video","item_type_label":"Video","language_label":"Espa\u00f1ol","media_credit":"Mart\u00ed Noticias","micro_label":"Video report","micro_label_kind":"video","network_label":"OCB","network_logo_url":"/static/uploads/direct_network_logos/ocb_0888427dcb1d.svg","published_at":"2026-08-11T11:00:00","published_at_display":"11 Aug 2026, 11:00 GMT","sequence_badge_label":null,"sequence_count":null,"sequence_count_label":null,"sequence_frames":[],"sequence_kind":null,"source_name":"ocb_spanish_video_scrape","source_name_label":"OCB Spanish Video","source_type":"scrape","summary":"\u201cToda la culpa de todo la tiene el gobierno\u201d asevera habanero desde la isla.","title":"Cuba Habla: \"Quince d\u00edas\u201d","topic":"Cuba Habla, Cuba","translation_language":"","url":"https://www.martinoticias.com/a/cuba-habla-quince-d%C3%ADas/474483.html","video_url":"https://ocb-video-ns.akamaized.net/pangeavideo/2026/08/8/81/8152b060-1f7f-4e5c-5a32-08decd6ea425_1080p.mp4?cb=ee20c5ae8","youtube_conversion_active":false,"youtube_conversion_error":"","youtube_conversion_status":""},{"article_body_paragraphs":[],"audio_source_url":null,"author":"Mart\u00ed Noticias","available_dubs":[],"downloadable_assets":["https://ocb-video-ns.akamaized.net/pangeavideo/2026/08/2/2d/2df2ff2a-39d1-4e7c-5a10-08decd6ea425_1080p.mp4?cb=ee2045e37"],"duration_display":"1:21","duration_seconds":81.0,"embed_url":null,"id":12730,"image_caption":null,"image_url":"https://gdb.martinoticias.com/2df2ff2a-39d1-4e7c-5a10-08decd6ea425_tv_w1080_h608.jpg","is_clip":true,"is_youtube_embed":false,"item_type":"video","item_type_label":"Video","language_label":"Espa\u00f1ol","media_credit":"Mart\u00ed Noticias","micro_label":"Video report","micro_label_kind":"video","network_label":"OCB","network_logo_url":"/static/uploads/direct_network_logos/ocb_0888427dcb1d.svg","published_at":"2026-08-10T11:00:00","published_at_display":"10 Aug 2026, 11:00 GMT","sequence_badge_label":null,"sequence_count":null,"sequence_count_label":null,"sequence_frames":[],"sequence_kind":null,"source_name":"ocb_spanish_video_scrape","source_name_label":"OCB Spanish Video","source_type":"scrape","summary":"\"Es bestial\" asegura residente en la capital sobre la falta de agua.","title":"Cuba Habla: \"Uno se siente mal\"","topic":"Cuba Habla, Cuba","translation_language":"","url":"https://www.martinoticias.com/a/cuba-habla-uno-se-siente-mal/473667.html","video_url":"https://ocb-video-ns.akamaized.net/pangeavideo/2026/08/2/2d/2df2ff2a-39d1-4e7c-5a10-08decd6ea425_1080p.mp4?cb=ee2045e37","youtube_conversion_active":false,"youtube_conversion_error":"","youtube_conversion_status":""},{"article_body_paragraphs":[],"audio_source_url":null,"author":"Mart\u00ed Noticias","available_dubs":[],"downloadable_assets":["https://ocb-video-ns.akamaized.net/pangeavideo/2024/08/0/01/01000000-c0a8-0242-0249-08dcb3349249_1080p.mp4?cb=ede3f41d5"],"duration_display":"2:34","duration_seconds":154.0,"embed_url":null,"id":12745,"image_caption":null,"image_url":"https://gdb.martinoticias.com/01000000-c0a8-0242-0249-08dcb3349249_tv_w1080_h608.jpg","is_clip":true,"is_youtube_embed":false,"item_type":"video","item_type_label":"Video","language_label":"Espa\u00f1ol","media_credit":"Mart\u00ed Noticias","micro_label":"Video report","micro_label_kind":"video","network_label":"OCB","network_logo_url":"/static/uploads/direct_network_logos/ocb_0888427dcb1d.svg","published_at":"2024-08-04T14:00:00","published_at_display":"4 Aug 2024, 14:00 GMT","sequence_badge_label":null,"sequence_count":null,"sequence_count_label":null,"sequence_frames":[],"sequence_kind":null,"source_name":"ocb_spanish_video_scrape","source_name_label":"OCB Spanish Video","source_type":"scrape","summary":"En esta primera entrega de la serie audiovisual \u201cComo come Cuba\u201d una joven youtuber habla de la oferta, precios y abastecimiento de los comestibles en la isla y de la \u201clibreta\u201d.","title":"Como Come Cuba, Cap\u00edtulo #1","topic":"Como Come Cuba, cuba, Como Come Cuba","translation_language":"","url":"https://www.martinoticias.com/a/como-come-cuba-cap%C3%ADtulo-1/396632.html","video_url":"https://ocb-video-ns.akamaized.net/pangeavideo/2024/08/0/01/01000000-c0a8-0242-0249-08dcb3349249_1080p.mp4?cb=ede3f41d5","youtube_conversion_active":false,"youtube_conversion_error":"","youtube_conversion_status":""},{"article_body_paragraphs":[],"audio_source_url":null,"author":"Mart\u00ed Noticias","available_dubs":[],"downloadable_assets":["https://ocb-video-ns.akamaized.net/pangeavideo/2023/11/0/01/01000000-0aff-0242-f466-08dbdf11e0b5_1080p.mp4?cb=ede209679"],"duration_display":"4:33","duration_seconds":273.0,"embed_url":null,"id":12741,"image_caption":null,"image_url":"https://gdb.martinoticias.com/01000000-0aff-0242-f466-08dbdf11e0b5_tv_w1080_h608.jpg","is_clip":true,"is_youtube_embed":false,"item_type":"video","item_type_label":"Video","language_label":"Espa\u00f1ol","media_credit":"Mart\u00ed Noticias","micro_label":"Video report","micro_label_kind":"video","network_label":"OCB","network_logo_url":"/static/uploads/direct_network_logos/ocb_0888427dcb1d.svg","published_at":"2023-11-06T22:13:12","published_at_display":"6 Nov 2023, 22:13 GMT","sequence_badge_label":null,"sequence_count":null,"sequence_count_label":null,"sequence_frames":[],"sequence_kind":null,"source_name":"ocb_spanish_video_scrape","source_name_label":"OCB Spanish Video","source_type":"scrape","summary":"\u201cSer madre en Cuba\u201d una serie con testimonios grabados en la isla. En esta entrega una joven madre que vive en el campo cuenta las dificultades que enfrenta para criar a sus hijas en medio de precarias condiciones de vida","title":"\u201cSer madre en Cuba\u201d, episodio 4","topic":"Ser Madre en cuba, cuba, hambre, r\u00e9gimen, madre, negligencia, Testimonios, Crisis Econ\u00f3mica, madre cubana, Crisis Alimentaria","translation_language":"","url":"https://www.martinoticias.com/a/ser-madre-en-cuba-/376612.html","video_url":"https://ocb-video-ns.akamaized.net/pangeavideo/2023/11/0/01/01000000-0aff-0242-f466-08dbdf11e0b5_1080p.mp4?cb=ede209679","youtube_conversion_active":false,"youtube_conversion_error":"","youtube_conversion_status":""},{"article_body_paragraphs":[],"audio_source_url":null,"author":"Janet Lomba/ Especial para martinoticias.com","available_dubs":[],"downloadable_assets":["https://ocb-video-ns.akamaized.net/pangeavideo/2023/08/0/01/01000000-0aff-0242-d915-08db9f54cbee_1080p.mp4?cb=edc829411"],"duration_display":"3:54","duration_seconds":234.0,"embed_url":null,"id":12742,"image_caption":null,"image_url":"https://gdb.martinoticias.com/01000000-0aff-0242-d915-08db9f54cbee_tv_w1080_h608.jpg","is_clip":true,"is_youtube_embed":false,"item_type":"video","item_type_label":"Video","language_label":"Espa\u00f1ol","media_credit":"Janet Lomba/ Especial para martinoticias.com","micro_label":"Video report","micro_label_kind":"video","network_label":"OCB","network_logo_url":"/static/uploads/direct_network_logos/ocb_0888427dcb1d.svg","published_at":"2023-08-18T14:42:15","published_at_display":"18 Aug 2023, 14:42 GMT","sequence_badge_label":null,"sequence_count":null,"sequence_count_label":null,"sequence_frames":[],"sequence_kind":null,"source_name":"ocb_spanish_video_scrape","source_name_label":"OCB Spanish Video","source_type":"scrape","summary":"Im\u00e1genes grabadas en Cuba de las condiciones de vida de personas de la tercera edad, protagonizan la serie de Mart\u00ed Noticias \u201cSer viejo en Cuba\u201d. En la primera entrega, el testimonio del jubilado cubano Jes\u00fas Mar\u00eda y declaraciones de analistas sobre el tema.","title":"\u201cSer viejo en Cuba\u201d una serie audiovisual de Mart\u00ed Noticias","topic":"Ser viejo en Cuba, cuba, cubanos, crisis, alimentos, ancianos, viejos, vejez","translation_language":"","url":"https://www.martinoticias.com/a/ser-viejo-en-cuba-una-serie-audiovisual-de-mart%C3%AD-noticias/367321.html","video_url":"https://ocb-video-ns.akamaized.net/pangeavideo/2023/08/0/01/01000000-0aff-0242-d915-08db9f54cbee_1080p.mp4?cb=edc829411","youtube_conversion_active":false,"youtube_conversion_error":"","youtube_conversion_status":""},{"article_body_paragraphs":[],"audio_source_url":null,"author":"Mart\u00ed Noticias","available_dubs":[],"downloadable_assets":[],"duration_display":"0:11","duration_seconds":11.0,"embed_url":"https://www.youtube.com/embed/rff0gTjTnY8","id":14511,"image_caption":null,"image_url":"https://i.ytimg.com/vi/rff0gTjTnY8/hqdefault.jpg?sqp=-oaymwEcCNACELwBSFXyq4qpAw4IARUAAIhCGAFwAcABBg==&rs=AOn4CLCYxcjELZgb3Gp5yhy4iIaLGS3obQ","is_clip":true,"is_youtube_embed":true,"item_type":"video","item_type_label":"Video","language_label":"Espa\u00f1ol","media_credit":"Mart\u00ed Noticias","micro_label":"Video report","micro_label_kind":"video","network_label":"Mart\u00ed Noticias","network_logo_url":"","published_at":"2026-09-03T17:46:49.949268","published_at_display":"3 Sep 2026, 17:46 GMT","sequence_badge_label":null,"sequence_count":null,"sequence_count_label":null,"sequence_frames":[],"sequence_kind":null,"source_name":"tv_marti_noticias_youtube_playlists","source_name_label":"Mart\u00ed Noticias","source_type":"scrape","summary":null,"title":"Mart\u00ed News AM","topic":"Mart\u00ed Noticias AM","translation_language":"","url":"https://www.youtube.com/watch?v=rff0gTjTnY8","video_url":null,"youtube_conversion_active":false,"youtube_conversion_error":"","youtube_conversion_status":""}],"next_num":null,"page":3,"pages":3,"per_page":20,"prev_num":2,"total":58}
