{"applied_filters":{"end_date":"","lang":"","language":"","network":"OCB","page":3,"per_page":20,"search":"","source":"","start_date":"","topic":"","type":"photo"},"available_filters":{"language_choices":[{"label":"Choose Language","value":""},{"label":"English","value":"English"},{"label":"Espa\u00f1ol","value":"Espa\u00f1ol"}],"network_choices":[{"label":"All networks","value":""},{"label":"OCB","value":"OCB"}],"source_choices":[{"label":"All sources","value":""},{"label":"Radiotelevisionmarti","value":"radiotelevisionmarti_com_rss"}],"sources":["radiotelevisionmarti_com_rss"],"topics":[],"types":[["","All types"],["article","Articles"],["audio","Audio"],["video","Videos"],["clips","Clips"],["media","Media"]]},"has_next":true,"has_prev":true,"items":[{"article_body_paragraphs":[],"audio_source_url":null,"author":"Yolanda Huerga","available_dubs":[],"downloadable_assets":["https://gdb.martinoticias.com/542a6e2e-a1a5-4113-a141-997a2793ac8e_cx0_cy6_cw0_w1600_r1_n_s.jpg"],"duration_display":"0:00","duration_seconds":null,"embed_url":null,"id":12624,"image_caption":"Un autom\u00f3vil cl\u00e1sico circula por una calle en La Habana, Cuba, el 15 de julio de 2026. REUTERS/Norlys Perez","image_url":"https://gdb.martinoticias.com/542a6e2e-a1a5-4113-a141-997a2793ac8e_cx0_cy6_cw0_w1600_r1_n_s.jpg","is_clip":false,"is_youtube_embed":false,"item_type":"photo","item_type_label":"Photo","language_label":"Espa\u00f1ol","media_credit":"Yolanda Huerga","micro_label":"Photo","micro_label_kind":"gallery","network_label":"OCB","network_logo_url":"/static/uploads/direct_network_logos/ocb_0888427dcb1d.svg","published_at":"2026-09-01T22:16:24","published_at_display":"1 Sep 2026, 22:16 GMT","sequence_badge_label":null,"sequence_count":null,"sequence_count_label":null,"sequence_frames":[],"sequence_kind":null,"source_name":"radiotelevisionmarti_com_rss","source_name_label":"Radiotelevisionmarti","source_type":"rss","summary":"Un autom\u00f3vil cl\u00e1sico circula por una calle en La Habana, Cuba, el 15 de julio de 2026. REUTERS/Norlys Perez","title":"Aumento de asaltos en sem\u00e1foros de La Habana revela la creciente ola de inseguridad ciudadana","topic":null,"translation_language":"","url":"https://www.martinoticias.com/a/aumento-de-asaltos-en-sem%c3%a1foros-de-la-habana-revela-la-creciente-ola-de-inseguridad-ciudadana/476753.html","video_url":null,"youtube_conversion_active":false,"youtube_conversion_error":"","youtube_conversion_status":""},{"article_body_paragraphs":[],"audio_source_url":null,"author":"Jos\u00e9 Pernalete","available_dubs":[],"downloadable_assets":["https://gdb.martinoticias.com/b9886e60-771c-4c96-5aab-08decd6ea425_w1600_r1_n_s.jpg"],"duration_display":"0:00","duration_seconds":null,"embed_url":null,"id":12627,"image_caption":"Una bomba de extracci\u00f3n de petr\u00f3leo en el lago de Maracaibo, en Cabimas, Venezuela.(REUTERS)","image_url":"https://gdb.martinoticias.com/b9886e60-771c-4c96-5aab-08decd6ea425_w1600_r1_n_s.jpg","is_clip":false,"is_youtube_embed":false,"item_type":"photo","item_type_label":"Photo","language_label":"Espa\u00f1ol","media_credit":"Jos\u00e9 Pernalete","micro_label":"Photo","micro_label_kind":"gallery","network_label":"OCB","network_logo_url":"/static/uploads/direct_network_logos/ocb_0888427dcb1d.svg","published_at":"2026-09-01T21:54:06","published_at_display":"1 Sep 2026, 21:54 GMT","sequence_badge_label":null,"sequence_count":null,"sequence_count_label":null,"sequence_frames":[],"sequence_kind":null,"source_name":"radiotelevisionmarti_com_rss","source_name_label":"Radiotelevisionmarti","source_type":"rss","summary":"Una bomba de extracci\u00f3n de petr\u00f3leo en el lago de Maracaibo, en Cabimas, Venezuela.(REUTERS)","title":"Acuerdo petrolero entre EEUU y Venezuela podr\u00eda atraer inversiones por 100.000 millones de d\u00f3lares","topic":null,"translation_language":"","url":"https://www.martinoticias.com/a/acuerdo-petrolero-entre-eeuu-y-venezuela-podr%c3%ada-atraer-inversiones-por-100-000-millones-de-d%c3%b3lares/476756.html","video_url":null,"youtube_conversion_active":false,"youtube_conversion_error":"","youtube_conversion_status":""},{"article_body_paragraphs":[],"audio_source_url":null,"author":"Redacci\u00f3n Mart\u00ed Noticias","available_dubs":[],"downloadable_assets":["https://gdb.martinoticias.com/4ba2522d-1ec9-4a09-8d68-3acdc98fd6ed_cx0_cy3_cw0_w1600_r1_n_s.jpg"],"duration_display":"0:00","duration_seconds":null,"embed_url":null,"id":12591,"image_caption":"Presidente de Estados Unidos, Donald Trump","image_url":"https://gdb.martinoticias.com/4ba2522d-1ec9-4a09-8d68-3acdc98fd6ed_cx0_cy3_cw0_w1600_r1_n_s.jpg","is_clip":false,"is_youtube_embed":false,"item_type":"photo","item_type_label":"Photo","language_label":"Espa\u00f1ol","media_credit":"Redacci\u00f3n Mart\u00ed Noticias","micro_label":"Photo","micro_label_kind":"gallery","network_label":"OCB","network_logo_url":"/static/uploads/direct_network_logos/ocb_0888427dcb1d.svg","published_at":"2026-09-01T21:11:31","published_at_display":"1 Sep 2026, 21:11 GMT","sequence_badge_label":null,"sequence_count":null,"sequence_count_label":null,"sequence_frames":[],"sequence_kind":null,"source_name":"radiotelevisionmarti_com_rss","source_name_label":"Radiotelevisionmarti","source_type":"rss","summary":"Presidente de Estados Unidos, Donald Trump","title":"Trump anuncia ataques de gran escala contra objetivos iran\u00edes cerca del estrecho de Ormuz","topic":null,"translation_language":"","url":"https://www.martinoticias.com/a/trump-anuncia-ataques-de-gran-escala-contra-objetivos-iran%c3%ades-cerca-del-estrecho-de-ormuz/476754.html","video_url":null,"youtube_conversion_active":false,"youtube_conversion_error":"","youtube_conversion_status":""},{"article_body_paragraphs":[],"audio_source_url":null,"author":"Ivette Pacheco","available_dubs":[],"downloadable_assets":["https://gdb.martinoticias.com/c03058f4-6912-4a15-6912-08def2ff2efe_w1600_r1_n_s.png"],"duration_display":"0:00","duration_seconds":null,"embed_url":null,"id":12509,"image_caption":"Expreso pol\u00edtico cubano Andy Garc\u00eda Lorenzo","image_url":"https://gdb.martinoticias.com/c03058f4-6912-4a15-6912-08def2ff2efe_w1600_r1_n_s.png","is_clip":false,"is_youtube_embed":false,"item_type":"photo","item_type_label":"Photo","language_label":"Espa\u00f1ol","media_credit":"Ivette Pacheco","micro_label":"Photo","micro_label_kind":"gallery","network_label":"OCB","network_logo_url":"/static/uploads/direct_network_logos/ocb_0888427dcb1d.svg","published_at":"2026-09-01T19:42:32","published_at_display":"1 Sep 2026, 19:42 GMT","sequence_badge_label":null,"sequence_count":null,"sequence_count_label":null,"sequence_frames":[],"sequence_kind":null,"source_name":"radiotelevisionmarti_com_rss","source_name_label":"Radiotelevisionmarti","source_type":"rss","summary":"Expreso pol\u00edtico cubano Andy Garc\u00eda Lorenzo","title":"Puedo ser acusado de espionaje: R\u00e9gimen amenaza a expreso pol\u00edtico cubano","topic":null,"translation_language":"","url":"https://www.martinoticias.com/a/puedo-ser-acusado-de-espionaje-r%c3%a9gimen-amenaza-a-expreso-pol%c3%adtico-cubano/476751.html","video_url":null,"youtube_conversion_active":false,"youtube_conversion_error":"","youtube_conversion_status":""},{"article_body_paragraphs":[],"audio_source_url":null,"author":"Redacci\u00f3n Mart\u00ed Noticias","available_dubs":[],"downloadable_assets":["https://gdb.martinoticias.com/654d3fa1-7186-4019-6911-08def2ff2efe_cx0_cy10_cw0_w1600_r1_n_s.jpg"],"duration_display":"0:00","duration_seconds":null,"embed_url":null,"id":12511,"image_caption":"Delcy Rodr\u00edguez y el canciller cubano Bruno Rodr\u00edguez en una ceremonia en homenaje al personal militar y de seguridad venezolano y cubano fallecido durante la captura de Nicol\u00e1s Maduro y Cilia Flores,  el 3 de enero de 2026.","image_url":"https://gdb.martinoticias.com/654d3fa1-7186-4019-6911-08def2ff2efe_cx0_cy10_cw0_w1600_r1_n_s.jpg","is_clip":false,"is_youtube_embed":false,"item_type":"photo","item_type_label":"Photo","language_label":"Espa\u00f1ol","media_credit":"Redacci\u00f3n Mart\u00ed Noticias","micro_label":"Photo","micro_label_kind":"gallery","network_label":"OCB","network_logo_url":"/static/uploads/direct_network_logos/ocb_0888427dcb1d.svg","published_at":"2026-09-01T19:13:18","published_at_display":"1 Sep 2026, 19:13 GMT","sequence_badge_label":null,"sequence_count":null,"sequence_count_label":null,"sequence_frames":[],"sequence_kind":null,"source_name":"radiotelevisionmarti_com_rss","source_name_label":"Radiotelevisionmarti","source_type":"rss","summary":"Delcy Rodr\u00edguez y el canciller cubano Bruno Rodr\u00edguez en una ceremonia en homenaje al personal militar y de seguridad venezolano y cubano fallecido durante la captura de Nicol\u00e1s Maduro y Cilia Flores, el 3 de enero de 2026.","title":"Alto funcionario de Trump anticipa distancia entre La Habana y Caracas tras acuerdo petrolero con EEUU (VIDEO)","topic":null,"translation_language":"","url":"https://www.martinoticias.com/a/alto-funcionario-de-trump-anticipa-distancia-entre-la-habana-y-caracas-tras-acuerdo-petrolero-con-eeuu/476744.html","video_url":null,"youtube_conversion_active":false,"youtube_conversion_error":"","youtube_conversion_status":""},{"article_body_paragraphs":[],"audio_source_url":null,"author":"Jany Gonz\u00e1lez","available_dubs":[],"downloadable_assets":["https://gdb.martinoticias.com/3ae016b9-798e-46bc-0420-08decd63a0c8_w1600_r1_n_s.jpg"],"duration_display":"0:00","duration_seconds":null,"embed_url":null,"id":12469,"image_caption":"Cuba inici\u00f3 este martes el curso escolar en medio de su peor crisis econ\u00f3mica en d\u00e9cadas","image_url":"https://gdb.martinoticias.com/3ae016b9-798e-46bc-0420-08decd63a0c8_w1600_r1_n_s.jpg","is_clip":false,"is_youtube_embed":false,"item_type":"photo","item_type_label":"Photo","language_label":"Espa\u00f1ol","media_credit":"Jany Gonz\u00e1lez","micro_label":"Photo","micro_label_kind":"gallery","network_label":"OCB","network_logo_url":"/static/uploads/direct_network_logos/ocb_0888427dcb1d.svg","published_at":"2026-09-01T18:43:24","published_at_display":"1 Sep 2026, 18:43 GMT","sequence_badge_label":null,"sequence_count":null,"sequence_count_label":null,"sequence_frames":[],"sequence_kind":null,"source_name":"radiotelevisionmarti_com_rss","source_name_label":"Radiotelevisionmarti","source_type":"rss","summary":"Cuba inici\u00f3 este martes el curso escolar en medio de su peor crisis econ\u00f3mica en d\u00e9cadas","title":"\u201cEste pa\u00eds no est\u00e1 preparado\u201d: madre cubana dice que no enviar\u00e1 a sus hijas a la escuela","topic":null,"translation_language":"","url":"https://www.martinoticias.com/a/este-pa%c3%ads-no-est%c3%a1-preparado-madre-cubana-dice-que-no-enviar%c3%a1-a-sus-hijas-a-la-escuela/476741.html","video_url":null,"youtube_conversion_active":false,"youtube_conversion_error":"","youtube_conversion_status":""},{"article_body_paragraphs":[],"audio_source_url":null,"author":"Jorge Morej\u00f3n","available_dubs":[],"downloadable_assets":["https://gdb.martinoticias.com/da854548-c1bf-44cd-5aaa-08decd6ea425_w1600_r1_n_s.png"],"duration_display":"0:00","duration_seconds":null,"embed_url":null,"id":12416,"image_caption":"Yohandy Morales (13) fue llamado a Grandes Ligas por los Nacionales de Washington.","image_url":"https://gdb.martinoticias.com/da854548-c1bf-44cd-5aaa-08decd6ea425_w1600_r1_n_s.png","is_clip":false,"is_youtube_embed":false,"item_type":"photo","item_type_label":"Photo","language_label":"Espa\u00f1ol","media_credit":"Jorge Morej\u00f3n","micro_label":"Photo","micro_label_kind":"gallery","network_label":"OCB","network_logo_url":"/static/uploads/direct_network_logos/ocb_0888427dcb1d.svg","published_at":"2026-09-01T17:46:21","published_at_display":"1 Sep 2026, 17:46 GMT","sequence_badge_label":null,"sequence_count":null,"sequence_count_label":null,"sequence_frames":[],"sequence_kind":null,"source_name":"radiotelevisionmarti_com_rss","source_name_label":"Radiotelevisionmarti","source_type":"rss","summary":"Yohandy Morales (13) fue llamado a Grandes Ligas por los Nacionales de Washington.","title":"M\u00e1s sangre cubana llega a las Mayores: Yohandy Morales","topic":null,"translation_language":"","url":"https://www.martinoticias.com/a/mas-sangre-cubana-llega-a-las-mayores-yohandy-morales/476743.html","video_url":null,"youtube_conversion_active":false,"youtube_conversion_error":"","youtube_conversion_status":""},{"article_body_paragraphs":[],"audio_source_url":null,"author":"Redacci\u00f3n Mart\u00ed Noticias","available_dubs":[],"downloadable_assets":["https://gdb.martinoticias.com/645CA705-EE73-4D6F-834D-D727EEE4939E_cx0_cy9_cw0_w1600_r1_n_s.jpg"],"duration_display":"0:00","duration_seconds":null,"embed_url":null,"id":12418,"image_caption":"El Hotel San Carlos (amarillo) en la ciudad de Cienfuegos, una de las instalaciones tur\u00edsticas en disputa.","image_url":"https://gdb.martinoticias.com/645CA705-EE73-4D6F-834D-D727EEE4939E_cx0_cy9_cw0_w1600_r1_n_s.jpg","is_clip":false,"is_youtube_embed":false,"item_type":"photo","item_type_label":"Photo","language_label":"Espa\u00f1ol","media_credit":"Redacci\u00f3n Mart\u00ed Noticias","micro_label":"Photo","micro_label_kind":"gallery","network_label":"OCB","network_logo_url":"/static/uploads/direct_network_logos/ocb_0888427dcb1d.svg","published_at":"2026-09-01T17:38:06","published_at_display":"1 Sep 2026, 17:38 GMT","sequence_badge_label":null,"sequence_count":null,"sequence_count_label":null,"sequence_frames":[],"sequence_kind":null,"source_name":"radiotelevisionmarti_com_rss","source_name_label":"Radiotelevisionmarti","source_type":"rss","summary":"El Hotel San Carlos (amarillo) en la ciudad de Cienfuegos, una de las instalaciones tur\u00edsticas en disputa.","title":"Tribunal falla a favor de Expedia en demanda por reservas en propiedades confiscadas en Cuba","topic":null,"translation_language":"","url":"https://www.martinoticias.com/a/tribunal-falla-a-favor-de-expedia-en-demanda-por-reservas-en-propiedades-confiscadas-en-cuba/476739.html","video_url":null,"youtube_conversion_active":false,"youtube_conversion_error":"","youtube_conversion_status":""},{"article_body_paragraphs":[],"audio_source_url":null,"author":"Redacci\u00f3n Mart\u00ed Noticias","available_dubs":[],"downloadable_assets":["https://gdb.martinoticias.com/6adde3b7-2c08-4113-b9df-54922d03a649_cx0_cy7_cw0_w1600_r1_n_s.jpg"],"duration_display":"0:00","duration_seconds":null,"embed_url":null,"id":12420,"image_caption":"Ra\u00fal Guillermo Rodr\u00edguez Castro \"El Cangrejo\", junto a altos funcionario del r\u00e9gimen de La Habana, el 13 de agosto de 2026. REUTERS/Norlys P\u00e9rez","image_url":"https://gdb.martinoticias.com/6adde3b7-2c08-4113-b9df-54922d03a649_cx0_cy7_cw0_w1600_r1_n_s.jpg","is_clip":false,"is_youtube_embed":false,"item_type":"photo","item_type_label":"Photo","language_label":"Espa\u00f1ol","media_credit":"Redacci\u00f3n Mart\u00ed Noticias","micro_label":"Photo","micro_label_kind":"gallery","network_label":"OCB","network_logo_url":"/static/uploads/direct_network_logos/ocb_0888427dcb1d.svg","published_at":"2026-09-01T17:35:52","published_at_display":"1 Sep 2026, 17:35 GMT","sequence_badge_label":null,"sequence_count":null,"sequence_count_label":null,"sequence_frames":[],"sequence_kind":null,"source_name":"radiotelevisionmarti_com_rss","source_name_label":"Radiotelevisionmarti","source_type":"rss","summary":"Ra\u00fal Guillermo Rodr\u00edguez Castro \"El Cangrejo\", junto a altos funcionario del r\u00e9gimen de La Habana, el 13 de agosto de 2026. REUTERS/Norlys P\u00e9rez","title":"\"\u00a1Comparta lo que sabe!\", EEUU pide pistas sobre personas y firmas que apoyan a La Habana","topic":null,"translation_language":"","url":"https://www.martinoticias.com/a/comparta-lo-que-sabe-eeuu-pide-pistas-sobre-personas-y-firmas-que-apoyan-a-la-habana/476742.html","video_url":null,"youtube_conversion_active":false,"youtube_conversion_error":"","youtube_conversion_status":""},{"article_body_paragraphs":[],"audio_source_url":null,"author":"Iv\u00e1n Kasanzew","available_dubs":[],"downloadable_assets":["https://gdb.martinoticias.com/08f86d32-7b43-4220-acaf-c6cd812c5421_w1600_r1_n_s.jpg"],"duration_display":"0:00","duration_seconds":null,"embed_url":null,"id":12422,"image_caption":"El presidente argentino Javier Milei durante la ceremonia de investidura de la nueva presidenta de Per\u00fa, Keiko Fujimori.","image_url":"https://gdb.martinoticias.com/08f86d32-7b43-4220-acaf-c6cd812c5421_w1600_r1_n_s.jpg","is_clip":false,"is_youtube_embed":false,"item_type":"photo","item_type_label":"Photo","language_label":"Espa\u00f1ol","media_credit":"Iv\u00e1n Kasanzew","micro_label":"Photo","micro_label_kind":"gallery","network_label":"OCB","network_logo_url":"/static/uploads/direct_network_logos/ocb_0888427dcb1d.svg","published_at":"2026-09-01T17:24:07","published_at_display":"1 Sep 2026, 17:24 GMT","sequence_badge_label":null,"sequence_count":null,"sequence_count_label":null,"sequence_frames":[],"sequence_kind":null,"source_name":"radiotelevisionmarti_com_rss","source_name_label":"Radiotelevisionmarti","source_type":"rss","summary":"El presidente argentino Javier Milei durante la ceremonia de investidura de la nueva presidenta de Per\u00fa, Keiko Fujimori.","title":"Milei celebra comentarios de Trump sobre Islas Malvinas","topic":null,"translation_language":"","url":"https://www.martinoticias.com/a/milei-celebra-posible-giro-historico-de-estados-unidos-sobre-malvinas/476735.html","video_url":null,"youtube_conversion_active":false,"youtube_conversion_error":"","youtube_conversion_status":""},{"article_body_paragraphs":[],"audio_source_url":null,"author":"Redacci\u00f3n Mart\u00ed Noticias","available_dubs":[],"downloadable_assets":["https://gdb.martinoticias.com/9904803b-70b8-4683-d12a-08debb53aba1_cx0_cy10_cw0_w1600_r1_n_s.jpg"],"duration_display":"0:00","duration_seconds":null,"embed_url":null,"id":12424,"image_caption":"Un autom\u00f3vil cl\u00e1sico utilizado pasa frente a la Embajada de Estados Unidos en La Habana, Cuba.","image_url":"https://gdb.martinoticias.com/9904803b-70b8-4683-d12a-08debb53aba1_cx0_cy10_cw0_w1600_r1_n_s.jpg","is_clip":false,"is_youtube_embed":false,"item_type":"photo","item_type_label":"Photo","language_label":"Espa\u00f1ol","media_credit":"Redacci\u00f3n Mart\u00ed Noticias","micro_label":"Photo","micro_label_kind":"gallery","network_label":"OCB","network_logo_url":"/static/uploads/direct_network_logos/ocb_0888427dcb1d.svg","published_at":"2026-09-01T17:09:34","published_at_display":"1 Sep 2026, 17:09 GMT","sequence_badge_label":null,"sequence_count":null,"sequence_count_label":null,"sequence_frames":[],"sequence_kind":null,"source_name":"radiotelevisionmarti_com_rss","source_name_label":"Radiotelevisionmarti","source_type":"rss","summary":"Un autom\u00f3vil cl\u00e1sico utilizado pasa frente a la Embajada de Estados Unidos en La Habana, Cuba.","title":"Embajada de EEUU en Cuba alerta por aumento de robos de veh\u00edculos en La Habana","topic":null,"translation_language":"","url":"https://www.martinoticias.com/a/embajada-de-eeuu-en-cuba-alerta-por-aumento-de-robos-de-veh%c3%adculos-en-la-habana/476738.html","video_url":null,"youtube_conversion_active":false,"youtube_conversion_error":"","youtube_conversion_status":""},{"article_body_paragraphs":[],"audio_source_url":null,"author":"Oficina de Pol\u00edticas","available_dubs":[],"downloadable_assets":["https://gdb.martinoticias.com/0221efdb-9b23-460c-b1ee-830b946a0f23_cx0_cy10_cw0_w1600_r1_n_s.jpg"],"duration_display":"0:00","duration_seconds":null,"embed_url":null,"id":12365,"image_caption":"Un comerciante en su puesto de ventas de cosm\u00e9ticos y productos para el hogar, frente a un edificio destruido en la ciudad de Gaza, el 31 de agosto de 2026.","image_url":"https://gdb.martinoticias.com/0221efdb-9b23-460c-b1ee-830b946a0f23_cx0_cy10_cw0_w1600_r1_n_s.jpg","is_clip":false,"is_youtube_embed":false,"item_type":"photo","item_type_label":"Photo","language_label":"Espa\u00f1ol","media_credit":"Oficina de Pol\u00edticas","micro_label":"Photo","micro_label_kind":"gallery","network_label":"OCB","network_logo_url":"/static/uploads/direct_network_logos/ocb_0888427dcb1d.svg","published_at":"2026-09-01T16:59:47","published_at_display":"1 Sep 2026, 16:59 GMT","sequence_badge_label":null,"sequence_count":null,"sequence_count_label":null,"sequence_frames":[],"sequence_kind":null,"source_name":"radiotelevisionmarti_com_rss","source_name_label":"Radiotelevisionmarti","source_type":"rss","summary":"Un comerciante en su puesto de ventas de cosm\u00e9ticos y productos para el hogar, frente a un edificio destruido en la ciudad de Gaza, el 31 de agosto de 2026.","title":"EEUU conf\u00eda en el Plan de Paz del presidente Trump para Gaza","topic":null,"translation_language":"","url":"https://www.martinoticias.com/a/eeuu-conf%c3%ada-en-el-plan-de-paz-del-presidente-trump-para-gaza/476740.html","video_url":null,"youtube_conversion_active":false,"youtube_conversion_error":"","youtube_conversion_status":""},{"article_body_paragraphs":[],"audio_source_url":null,"author":"Oficina de Pol\u00edticas","available_dubs":[],"downloadable_assets":["https://gdb.martinoticias.com/c2160ca2-a3cb-49a9-7c95-08def2b1c8fe_w1600_r1_n_s.jpg"],"duration_display":"0:00","duration_seconds":null,"embed_url":null,"id":12305,"image_caption":"El presidente estadounidense Donald Trump se re\u00fane con el presidente sirio Ahmed al-Sharaa (izquierda) en el marco de la Cumbre de la OTAN en el Complejo Presidencial de Bestepe en Ankara, el 8 de julio de 2026.","image_url":"https://gdb.martinoticias.com/c2160ca2-a3cb-49a9-7c95-08def2b1c8fe_w1600_r1_n_s.jpg","is_clip":false,"is_youtube_embed":false,"item_type":"photo","item_type_label":"Photo","language_label":"Espa\u00f1ol","media_credit":"Oficina de Pol\u00edticas","micro_label":"Photo","micro_label_kind":"gallery","network_label":"OCB","network_logo_url":"/static/uploads/direct_network_logos/ocb_0888427dcb1d.svg","published_at":"2026-09-01T15:51:59","published_at_display":"1 Sep 2026, 15:51 GMT","sequence_badge_label":null,"sequence_count":null,"sequence_count_label":null,"sequence_frames":[],"sequence_kind":null,"source_name":"radiotelevisionmarti_com_rss","source_name_label":"Radiotelevisionmarti","source_type":"rss","summary":"El presidente estadounidense Donald Trump se re\u00fane con el presidente sirio Ahmed al-Sharaa (izquierda) en el marco de la Cumbre de la OTAN en el Complejo Presidencial de Bestepe en Ankara, el 8 de julio de 2026.","title":"Siria ya no est\u00e1 designada como patrocinadora estatal del terrorismo","topic":null,"translation_language":"","url":"https://www.martinoticias.com/a/siria-ya-no-est%c3%a1-designada-como-patrocinadora-estatal-del-terrorismo/476736.html","video_url":null,"youtube_conversion_active":false,"youtube_conversion_error":"","youtube_conversion_status":""},{"article_body_paragraphs":[],"audio_source_url":null,"author":"Ariane Gonz\u00e1lez","available_dubs":[],"downloadable_assets":["https://gdb.martinoticias.com/9e5d78cb-4f8a-4445-5aa9-08decd6ea425_cx0_cy23_cw0_w1600_r1_n_s.jpg"],"duration_display":"0:00","duration_seconds":null,"embed_url":null,"id":12032,"image_caption":"Boinas Negras acordonan la calle durante una protesta por los apagones en el barrio habanero El Fanguito, en El Vedado, el 30 de agosto de 2026.","image_url":"https://gdb.martinoticias.com/9e5d78cb-4f8a-4445-5aa9-08decd6ea425_cx0_cy23_cw0_w1600_r1_n_s.jpg","is_clip":false,"is_youtube_embed":false,"item_type":"photo","item_type_label":"Photo","language_label":"Espa\u00f1ol","media_credit":"Ariane Gonz\u00e1lez","micro_label":"Photo","micro_label_kind":"gallery","network_label":"OCB","network_logo_url":"/static/uploads/direct_network_logos/ocb_0888427dcb1d.svg","published_at":"2026-09-01T15:19:59","published_at_display":"1 Sep 2026, 15:19 GMT","sequence_badge_label":null,"sequence_count":null,"sequence_count_label":null,"sequence_frames":[],"sequence_kind":null,"source_name":"radiotelevisionmarti_com_rss","source_name_label":"Radiotelevisionmarti","source_type":"rss","summary":"Boinas Negras acordonan la calle durante una protesta por los apagones en el barrio habanero El Fanguito, en El Vedado, el 30 de agosto de 2026.","title":"Agotamiento y crisis econ\u00f3mica frenan las protestas callejeras en Cuba en agosto, seg\u00fan informe","topic":null,"translation_language":"","url":"https://www.martinoticias.com/a/agotamiento-y-crisis-econ%c3%b3mica-frenan-las-protestas-callejeras-en-cuba-en-agosto-seg%c3%ban-informe/476731.html","video_url":null,"youtube_conversion_active":false,"youtube_conversion_error":"","youtube_conversion_status":""},{"article_body_paragraphs":[],"audio_source_url":null,"author":"Comunicado Oficial Casa Blanca","available_dubs":[],"downloadable_assets":["https://gdb.martinoticias.com/b97f6946-d250-4181-a403-08de3cb86449_w1600_r1_n_s.jpg"],"duration_display":"0:00","duration_seconds":null,"embed_url":null,"id":11923,"image_caption":"El presidente Donald Trump y la mandataria interina de Venezuela, Delcy Rodr\u00edguez.","image_url":"https://gdb.martinoticias.com/b97f6946-d250-4181-a403-08de3cb86449_w1600_r1_n_s.jpg","is_clip":false,"is_youtube_embed":false,"item_type":"photo","item_type_label":"Photo","language_label":"Espa\u00f1ol","media_credit":"Comunicado Oficial Casa Blanca","micro_label":"Photo","micro_label_kind":"gallery","network_label":"OCB","network_logo_url":"/static/uploads/direct_network_logos/ocb_0888427dcb1d.svg","published_at":"2026-09-01T14:35:22","published_at_display":"1 Sep 2026, 14:35 GMT","sequence_badge_label":null,"sequence_count":null,"sequence_count_label":null,"sequence_frames":[],"sequence_kind":null,"source_name":"radiotelevisionmarti_com_rss","source_name_label":"Radiotelevisionmarti","source_type":"rss","summary":"El presidente Donald Trump y la mandataria interina de Venezuela, Delcy Rodr\u00edguez.","title":"Hoja informativa: El presidente Donald J. Trump anuncia acuerdo petrolero hist\u00f3rico para asegurar el dominio energ\u00e9tico estadounidense e impulsar la recuperaci\u00f3n econ\u00f3mica de Venezuela","topic":null,"translation_language":"","url":"https://www.martinoticias.com/a/hoja-informativa-el-presidente-donald-j-trump-anuncia-acuerdo-petrolero-hist%c3%b3rico-venezuela/476732.html","video_url":null,"youtube_conversion_active":false,"youtube_conversion_error":"","youtube_conversion_status":""},{"article_body_paragraphs":[],"audio_source_url":null,"author":"Julieta Pelcastre /Di\u00e1logo Am\u00e9ricas","available_dubs":[],"downloadable_assets":["https://gdb.martinoticias.com/a11174a9-e0d8-4b0b-bc77-08def2b1d8dc_w1600_r1_n_s.jpg"],"duration_display":"0:00","duration_seconds":null,"embed_url":null,"id":11924,"image_caption":"La expansi\u00f3n de proveedores tecnol\u00f3gicos chinos en sectores como las telecomunicaciones y la inteligencia artificial ha intensificado el debate regional sobre ciberseguridad, infraestructura cr\u00edtica y protecci\u00f3n de datos sensibles.","image_url":"https://gdb.martinoticias.com/a11174a9-e0d8-4b0b-bc77-08def2b1d8dc_w1600_r1_n_s.jpg","is_clip":false,"is_youtube_embed":false,"item_type":"photo","item_type_label":"Photo","language_label":"Espa\u00f1ol","media_credit":"Julieta Pelcastre /Di\u00e1logo Am\u00e9ricas","micro_label":"Photo","micro_label_kind":"gallery","network_label":"OCB","network_logo_url":"/static/uploads/direct_network_logos/ocb_0888427dcb1d.svg","published_at":"2026-09-01T13:20:18","published_at_display":"1 Sep 2026, 13:20 GMT","sequence_badge_label":null,"sequence_count":null,"sequence_count_label":null,"sequence_frames":[],"sequence_kind":null,"source_name":"radiotelevisionmarti_com_rss","source_name_label":"Radiotelevisionmarti","source_type":"rss","summary":"La expansi\u00f3n de proveedores tecnol\u00f3gicos chinos en sectores como las telecomunicaciones y la inteligencia artificial ha intensificado el debate regional sobre ciberseguridad, infraestructura cr\u00edtica y protecci\u00f3n de datos sensibles.","title":"Tecnolog\u00eda, datos y soberan\u00eda digital: la creciente presencia china en Latinoam\u00e9rica","topic":null,"translation_language":"","url":"https://www.martinoticias.com/a/tecnolog%c3%ada-datos-y-soberan%c3%ada-digital-la-creciente-presencia-china-en-latinoam%c3%a9rica/476728.html","video_url":null,"youtube_conversion_active":false,"youtube_conversion_error":"","youtube_conversion_status":""},{"article_body_paragraphs":[],"audio_source_url":null,"author":"Ariane Gonz\u00e1lez","available_dubs":[],"downloadable_assets":["https://gdb.martinoticias.com/b2c607fa-e327-4369-041f-08decd63a0c8_w1600_r1_n_s.jpeg"],"duration_display":"0:00","duration_seconds":null,"embed_url":null,"id":11926,"image_caption":"Citaci\u00f3n policial entregada a la periodista independiente Yunia Figueredo. Cortes\u00eda de Yunia Figueredo","image_url":"https://gdb.martinoticias.com/b2c607fa-e327-4369-041f-08decd63a0c8_w1600_r1_n_s.jpeg","is_clip":false,"is_youtube_embed":false,"item_type":"photo","item_type_label":"Photo","language_label":"Espa\u00f1ol","media_credit":"Ariane Gonz\u00e1lez","micro_label":"Photo","micro_label_kind":"gallery","network_label":"OCB","network_logo_url":"/static/uploads/direct_network_logos/ocb_0888427dcb1d.svg","published_at":"2026-09-01T11:55:20","published_at_display":"1 Sep 2026, 11:55 GMT","sequence_badge_label":null,"sequence_count":null,"sequence_count_label":null,"sequence_frames":[],"sequence_kind":null,"source_name":"radiotelevisionmarti_com_rss","source_name_label":"Radiotelevisionmarti","source_type":"rss","summary":"Citaci\u00f3n policial entregada a la periodista independiente Yunia Figueredo. Cortes\u00eda de Yunia Figueredo","title":"Periodista independiente denuncia amenazas y una nueva citaci\u00f3n policial en La Habana","topic":null,"translation_language":"","url":"https://www.martinoticias.com/a/periodista-independiente-denuncia-amenazas-y-una-nueva-citaci%c3%b3n-policial-en-la-habana/476725.html","video_url":null,"youtube_conversion_active":false,"youtube_conversion_error":"","youtube_conversion_status":""},{"article_body_paragraphs":[],"audio_source_url":null,"author":"Rolando N\u00e1poles","available_dubs":[],"downloadable_assets":["https://gdb.martinoticias.com/bde0e9e1-f3fe-4c9b-7c92-08def2b1c8fe_w1600_r1_n_s.jpg"],"duration_display":"0:00","duration_seconds":null,"embed_url":null,"id":11927,"image_caption":"Turistas en La Habana Vieja. Foto: REUTERS/Norlys P\u00e9rez","image_url":"https://gdb.martinoticias.com/bde0e9e1-f3fe-4c9b-7c92-08def2b1c8fe_w1600_r1_n_s.jpg","is_clip":false,"is_youtube_embed":false,"item_type":"photo","item_type_label":"Photo","language_label":"Espa\u00f1ol","media_credit":"Rolando N\u00e1poles","micro_label":"Photo","micro_label_kind":"gallery","network_label":"OCB","network_logo_url":"/static/uploads/direct_network_logos/ocb_0888427dcb1d.svg","published_at":"2026-09-01T00:30:51","published_at_display":"1 Sep 2026, 00:30 GMT","sequence_badge_label":null,"sequence_count":null,"sequence_count_label":null,"sequence_frames":[],"sequence_kind":null,"source_name":"radiotelevisionmarti_com_rss","source_name_label":"Radiotelevisionmarti","source_type":"rss","summary":"Turistas en La Habana Vieja. Foto: REUTERS/Norlys P\u00e9rez","title":"Investigaci\u00f3n revela c\u00f3mo el r\u00e9gimen prioriz\u00f3 la inversi\u00f3n extranjera en el turismo antes de producir alimentos","topic":null,"translation_language":"","url":"https://www.martinoticias.com/a/investigaci%c3%b3n-revela-c%c3%b3mo-el-r%c3%a9gimen-prioriz%c3%b3-la-inversi%c3%b3n-extranjera-en-el-turismo-antes-de-producir-alimentos/476676.html","video_url":null,"youtube_conversion_active":false,"youtube_conversion_error":"","youtube_conversion_status":""},{"article_body_paragraphs":[],"audio_source_url":null,"author":"Jos\u00e9 Pernalete","available_dubs":[],"downloadable_assets":["https://gdb.martinoticias.com/80226a29-3f62-48c4-7c90-08def2b1c8fe_w1600_r1_n_s.png"],"duration_display":"0:00","duration_seconds":null,"embed_url":null,"id":11929,"image_caption":"Alcalde de Medell\u00edn, Federico Guti\u00e9rrez, durante rueda de prensa en Miami este lunes. (OCB)","image_url":"https://gdb.martinoticias.com/80226a29-3f62-48c4-7c90-08def2b1c8fe_w1600_r1_n_s.png","is_clip":false,"is_youtube_embed":false,"item_type":"photo","item_type_label":"Photo","language_label":"Espa\u00f1ol","media_credit":"Jos\u00e9 Pernalete","micro_label":"Photo","micro_label_kind":"gallery","network_label":"OCB","network_logo_url":"/static/uploads/direct_network_logos/ocb_0888427dcb1d.svg","published_at":"2026-09-01T00:17:05","published_at_display":"1 Sep 2026, 00:17 GMT","sequence_badge_label":null,"sequence_count":null,"sequence_count_label":null,"sequence_frames":[],"sequence_kind":null,"source_name":"radiotelevisionmarti_com_rss","source_name_label":"Radiotelevisionmarti","source_type":"rss","summary":"Alcalde de Medell\u00edn, Federico Guti\u00e9rrez, durante rueda de prensa en Miami este lunes. (OCB)","title":"Alcalde de Medell\u00edn: Cuba se ha prestado para el terrorismo y el narcotr\u00e1fico","topic":null,"translation_language":"","url":"https://www.martinoticias.com/a/alcalde-de-medell%c3%adn-cuba-se-ha-prestado-para-el-terrorismo-y-el-narcotr%c3%a1fico/476674.html","video_url":null,"youtube_conversion_active":false,"youtube_conversion_error":"","youtube_conversion_status":""},{"article_body_paragraphs":[],"audio_source_url":null,"author":"Redacci\u00f3n Mart\u00ed Noticias","available_dubs":[],"downloadable_assets":["https://gdb.martinoticias.com/f3773d0c-cc43-41aa-fa69-08debb0491f6_w1600_r1_n_s.png"],"duration_display":"0:00","duration_seconds":null,"embed_url":null,"id":11930,"image_caption":"L\u00edder ind\u00edgena Brooklyn Rivera","image_url":"https://gdb.martinoticias.com/f3773d0c-cc43-41aa-fa69-08debb0491f6_w1600_r1_n_s.png","is_clip":false,"is_youtube_embed":false,"item_type":"photo","item_type_label":"Photo","language_label":"Espa\u00f1ol","media_credit":"Redacci\u00f3n Mart\u00ed Noticias","micro_label":"Photo","micro_label_kind":"gallery","network_label":"OCB","network_logo_url":"/static/uploads/direct_network_logos/ocb_0888427dcb1d.svg","published_at":"2026-08-31T23:33:05","published_at_display":"31 Aug 2026, 23:33 GMT","sequence_badge_label":null,"sequence_count":null,"sequence_count_label":null,"sequence_frames":[],"sequence_kind":null,"source_name":"radiotelevisionmarti_com_rss","source_name_label":"Radiotelevisionmarti","source_type":"rss","summary":"L\u00edder ind\u00edgena Brooklyn Rivera","title":"EEUU denuncia desaparici\u00f3n de familiares de Brooklyn Rivera en Nicaragua","topic":null,"translation_language":"","url":"https://www.martinoticias.com/a/eeuu-denuncia-desaparici%c3%b3n-de-familiares-de-brooklyn-rivera-en-nicaragua/476679.html","video_url":null,"youtube_conversion_active":false,"youtube_conversion_error":"","youtube_conversion_status":""}],"next_num":4,"page":3,"pages":24,"per_page":20,"prev_num":2,"total":473}
