{"applied_filters":{"end_date":"","lang":"","language":"","network":"OCB","page":3,"per_page":20,"search":"","source":"","start_date":"","topic":"","type":"video"},"available_filters":{"language_choices":[{"label":"Choose Language","value":""},{"label":"English","value":"English"},{"label":"Espa\u00f1ol","value":"Espa\u00f1ol"}],"network_choices":[{"label":"All networks","value":""},{"label":"OCB","value":"OCB"}],"source_choices":[{"label":"All sources","value":""},{"label":"Manual Ocb Espanol","value":"manual_ocb_espanol"},{"label":"OCB Spanish Video","value":"ocb_spanish_video_scrape"},{"label":"Radiotelevisionmarti","value":"radiotelevisionmarti_com_rss"},{"label":"TV Mart\u00ed Noticias YouTube","value":"tv_marti_noticias_youtube_playlists"}],"sources":["manual_ocb_espanol","ocb_spanish_video_scrape","radiotelevisionmarti_com_rss","tv_marti_noticias_youtube_playlists"],"topics":["Am\u00e9rica Latina, VENEZUELA, Maiquetia","Asuntos de Estado","Audiovisuales Mart\u00ed","Audiovisuales Mart\u00ed, Cuba turismo, crisis del turismo en Cuba","Audiovisuales Mart\u00ed, VENEZUELA, apagones","Como Come Cuba, cuba, Como Come Cuba","Cuba Habla","Cuba Habla, Cuba","Cuba al D\u00eda, Cuba","Derechos Humanos, cuba, exilio, c\u00e1ncer, Ram\u00f3n Sa\u00fal S\u00e1nchez","Especiales, Exilio cubano, Freedom tower, \"Libertad\", Torre de la Libertad de Miami, Exilio cubano en Miami","Especiales, jos\u00e9 mart\u00ed, Exilio cubano","Esperando un techo, cuba, crisis, vivienda, derrumbes, techo, paredes, EsperandounTecho","Info Mart\u00ed","Info Mart\u00ed , Brigada 2506","Info Mart\u00ed , Cuba","Info Mart\u00ed , Estados Unidos, Colombia","Info Mart\u00ed , Estados Unidos, VENEZUELA","Info Mart\u00ed , estados unidos, Venezuela","Info Mart\u00ed , presos politicos, torturas, VENEZUELA","Kentu-Cubano, cuba, cubanos, Kentucky, migrantes, KentoCubano","Las Noticias Como Son, Cuba","Mart\u00ed Noticias AM","Mart\u00ed en el Mundial 2026","Noticiero Mart\u00ed Noticias","Noticiero Mart\u00ed Noticias, Cuba","Ser Madre en cuba, cuba, hambre, r\u00e9gimen, madre, negligencia, Testimonios, Crisis Econ\u00f3mica, madre cubana, Crisis Alimentaria","Ser viejo en Cuba, cuba, cubanos, crisis, alimentos, ancianos, viejos, vejez"],"types":[["","All types"],["article","Articles"],["audio","Audio"],["video","Videos"],["clips","Clips"],["media","Media"]]},"has_next":true,"has_prev":true,"items":[{"article_body_paragraphs":[],"audio_source_url":null,"author":"Mart\u00ed Noticias","available_dubs":[],"downloadable_assets":["https://ocb-video-ns.akamaized.net/pangeavideo/2026/08/b/b6/b69f27e9-500f-4f4b-5a8d-08decd6ea425_1080p.mp4?cb=ee2201261"],"duration_display":"2:09","duration_seconds":129.0,"embed_url":null,"id":12716,"image_caption":null,"image_url":"https://gdb.martinoticias.com/b69f27e9-500f-4f4b-5a8d-08decd6ea425_tv_w1080_h608.jpg","is_clip":true,"is_youtube_embed":false,"item_type":"video","item_type_label":"Video","language_label":"Espa\u00f1ol","media_credit":"Mart\u00ed Noticias","micro_label":"Video report","micro_label_kind":"video","network_label":"OCB","network_logo_url":"/static/uploads/direct_network_logos/ocb_0888427dcb1d.svg","published_at":"2026-08-26T11:00:00","published_at_display":"26 Aug 2026, 11:00 GMT","sequence_badge_label":null,"sequence_count":null,"sequence_count_label":null,"sequence_frames":[],"sequence_kind":null,"source_name":"ocb_spanish_video_scrape","source_name_label":"OCB Spanish Video","source_type":"scrape","summary":"Desde La Habana, cubana habla de las protestas ciudadanas y las respuestas del gobierno.","title":"Cuba Habla: \"Porque te oprimen mucho\u201d","topic":"Cuba Habla, Cuba","translation_language":"","url":"https://www.martinoticias.com/a/cuba-habla-porque-te-oprimen-mucho/476267.html","video_url":"https://ocb-video-ns.akamaized.net/pangeavideo/2026/08/b/b6/b69f27e9-500f-4f4b-5a8d-08decd6ea425_1080p.mp4?cb=ee2201261","youtube_conversion_active":false,"youtube_conversion_error":"","youtube_conversion_status":""},{"article_body_paragraphs":[],"audio_source_url":null,"author":"Mart\u00ed Noticias","available_dubs":[],"downloadable_assets":["https://ocb-video-ns.akamaized.net/pangeavideo/2026/08/c/c8/c8d76117-0d55-49a8-cfcb-08decd5b38e4_1080p.mp4?cb=ee22012b9"],"duration_display":"7:15","duration_seconds":435.0,"embed_url":null,"id":12703,"image_caption":null,"image_url":"https://gdb.martinoticias.com/c8d76117-0d55-49a8-cfcb-08decd5b38e4_tv_w1080_h608.jpg","is_clip":false,"is_youtube_embed":false,"item_type":"video","item_type_label":"Video","language_label":"Espa\u00f1ol","media_credit":"Mart\u00ed Noticias","micro_label":"Video report","micro_label_kind":"video","network_label":"OCB","network_logo_url":"/static/uploads/direct_network_logos/ocb_0888427dcb1d.svg","published_at":"2026-08-25T22:48:25","published_at_display":"25 Aug 2026, 22:48 GMT","sequence_badge_label":null,"sequence_count":null,"sequence_count_label":null,"sequence_frames":[],"sequence_kind":null,"source_name":"ocb_spanish_video_scrape","source_name_label":"OCB Spanish Video","source_type":"scrape","summary":"\u201cEl misil cubano\u201d es el l\u00edder en ponches de todos los tiempos entre los relevistas que han pasado por Grandes Ligas y pr\u00f3ximamente debe llegar a los 1400 abanicados y 400 juegos salvados, por los que se ubica en el noveno lugar en este departamento. La entrevista fue realizada por Pelota Cubana USA.","title":"Aroldis Chapman camino al Sal\u00f3n de la Fama de Cooperstown","topic":"Audiovisuales Mart\u00ed","translation_language":"","url":"https://www.martinoticias.com/a/aroldis-chapman-camino-al-salon-de-la-fama-de-cooperstown/476266.html","video_url":"https://ocb-video-ns.akamaized.net/pangeavideo/2026/08/c/c8/c8d76117-0d55-49a8-cfcb-08decd5b38e4_1080p.mp4?cb=ee22012b9","youtube_conversion_active":false,"youtube_conversion_error":"","youtube_conversion_status":""},{"article_body_paragraphs":[],"audio_source_url":null,"author":"Jany Gonz\u00e1lez","available_dubs":[],"downloadable_assets":["https://ocb-video-ns.akamaized.net/pangeavideo/2026/08/8/85/850278bb-dc7d-41b3-68eb-08def2ff2efe_1080p.mp4?cb=ee21ff800"],"duration_display":"2:51","duration_seconds":171.0,"embed_url":null,"id":12704,"image_caption":null,"image_url":"https://gdb.martinoticias.com/850278bb-dc7d-41b3-68eb-08def2ff2efe_tv_w1080_h608.jpg","is_clip":true,"is_youtube_embed":false,"item_type":"video","item_type_label":"Video","language_label":"Espa\u00f1ol","media_credit":"Jany Gonz\u00e1lez","micro_label":"Video report","micro_label_kind":"video","network_label":"OCB","network_logo_url":"/static/uploads/direct_network_logos/ocb_0888427dcb1d.svg","published_at":"2026-08-25T20:54:24","published_at_display":"25 Aug 2026, 20:54 GMT","sequence_badge_label":null,"sequence_count":null,"sequence_count_label":null,"sequence_frames":[],"sequence_kind":null,"source_name":"ocb_spanish_video_scrape","source_name_label":"OCB Spanish Video","source_type":"scrape","summary":"Cuba no logra frenar el embarazo precoz. La escasez de anticonceptivos, las dificultades en el acceso a la salud y la vulnerabilidad econ\u00f3mica son algunos de los factores detr\u00e1s de una realidad que cada a\u00f1o lleva a miles de adolescentes a convertirse en madres.","title":"Embarazo adolescente en Cuba: cientos de ni\u00f1as son madres antes de cumplir los 15 a\u00f1os","topic":"Audiovisuales Mart\u00ed","translation_language":"","url":"https://www.martinoticias.com/a/476263.html","video_url":"https://ocb-video-ns.akamaized.net/pangeavideo/2026/08/8/85/850278bb-dc7d-41b3-68eb-08def2ff2efe_1080p.mp4?cb=ee21ff800","youtube_conversion_active":false,"youtube_conversion_error":"","youtube_conversion_status":""},{"article_body_paragraphs":[],"audio_source_url":null,"author":"Mart\u00ed Noticias","available_dubs":[],"downloadable_assets":["https://ocb-video-ns.akamaized.net/pangeavideo/2026/08/f/fc/fcb127d8-954b-496a-03fd-08decd63a0c8_1080p.mp4?cb=ee21feca6"],"duration_display":"2:04","duration_seconds":124.0,"embed_url":null,"id":12705,"image_caption":null,"image_url":"https://gdb.martinoticias.com/fcb127d8-954b-496a-03fd-08decd63a0c8_tv_w1080_h608.jpg","is_clip":true,"is_youtube_embed":false,"item_type":"video","item_type_label":"Video","language_label":"Espa\u00f1ol","media_credit":"Mart\u00ed Noticias","micro_label":"Video report","micro_label_kind":"video","network_label":"OCB","network_logo_url":"/static/uploads/direct_network_logos/ocb_0888427dcb1d.svg","published_at":"2026-08-25T20:05:58","published_at_display":"25 Aug 2026, 20:05 GMT","sequence_badge_label":null,"sequence_count":null,"sequence_count_label":null,"sequence_frames":[],"sequence_kind":null,"source_name":"ocb_spanish_video_scrape","source_name_label":"OCB Spanish Video","source_type":"scrape","summary":"Eddy Acevedo, vicepresidente del Fondo Nacional para la Democracia, destac\u00f3 la importancia de que los propios cubanos participen en la construcci\u00f3n del futuro del pa\u00eds. Tambi\u00e9n se\u00f1al\u00f3 el fuerte impacto de la crisis energ\u00e9tica en la vida cotidiana de la poblaci\u00f3n.","title":"Apoyo a los cubanos frente a los desaf\u00edos que enfrenta la isla","topic":"Info Mart\u00ed , Cuba","translation_language":"","url":"https://www.martinoticias.com/a/apoyo-a-los-cubanos-frente-a-los-desaf%C3%ADos-que-enfrenta-la-isla/476252.html","video_url":"https://ocb-video-ns.akamaized.net/pangeavideo/2026/08/f/fc/fcb127d8-954b-496a-03fd-08decd63a0c8_1080p.mp4?cb=ee21feca6","youtube_conversion_active":false,"youtube_conversion_error":"","youtube_conversion_status":""},{"article_body_paragraphs":[],"audio_source_url":null,"author":"Laura Artal","available_dubs":[],"downloadable_assets":["https://ocb-video-ns.akamaized.net/pangeavideo/2026/08/6/63/63d49e7c-6e19-45bd-7c73-08def2b1c8fe_1080p.mp4?cb=ee21ff76e"],"duration_display":"2:21","duration_seconds":141.0,"embed_url":null,"id":12706,"image_caption":null,"image_url":"https://gdb.martinoticias.com/63d49e7c-6e19-45bd-7c73-08def2b1c8fe_tv_w1080_h608.jpg","is_clip":true,"is_youtube_embed":false,"item_type":"video","item_type_label":"Video","language_label":"Espa\u00f1ol","media_credit":"Laura Artal","micro_label":"Video report","micro_label_kind":"video","network_label":"OCB","network_logo_url":"/static/uploads/direct_network_logos/ocb_0888427dcb1d.svg","published_at":"2026-08-25T20:05:03","published_at_display":"25 Aug 2026, 20:05 GMT","sequence_badge_label":null,"sequence_count":null,"sequence_count_label":null,"sequence_frames":[],"sequence_kind":null,"source_name":"ocb_spanish_video_scrape","source_name_label":"OCB Spanish Video","source_type":"scrape","summary":"La decisi\u00f3n genera preocupaci\u00f3n entre representantes de la comunidad venezolana, que piden diferenciar entre quienes cometen delitos y quienes permanecen en condici\u00f3n irregular, adem\u00e1s de evitar discursos que puedan derivar en estigmatizaci\u00f3n o xenofobia.","title":"El presidente de Colombia, Abelardo De La Espriella, orden\u00f3 iniciar operativos contra migrantes en...","topic":"Audiovisuales Mart\u00ed","translation_language":"","url":"https://www.martinoticias.com/a/el-presidente-de-colombia-abelardo-de-la-espriella-orden%C3%B3-iniciar-operativos-contra-migrantes-en-situaci%C3%B3n-irregular/476256.html","video_url":"https://ocb-video-ns.akamaized.net/pangeavideo/2026/08/6/63/63d49e7c-6e19-45bd-7c73-08def2b1c8fe_1080p.mp4?cb=ee21ff76e","youtube_conversion_active":false,"youtube_conversion_error":"","youtube_conversion_status":""},{"article_body_paragraphs":[],"audio_source_url":null,"author":"Jos\u00e9 Pernalete","available_dubs":[],"downloadable_assets":["https://ocb-video-ns.akamaized.net/pangeavideo/2026/08/4/43/43de05bb-4e4c-4a09-68e8-08def2ff2efe_1080p.mp4?cb=ee21fe0ef"],"duration_display":"2:37","duration_seconds":157.0,"embed_url":null,"id":12707,"image_caption":null,"image_url":"https://gdb.martinoticias.com/43de05bb-4e4c-4a09-68e8-08def2ff2efe_tv_w1080_h608.jpg","is_clip":true,"is_youtube_embed":false,"item_type":"video","item_type_label":"Video","language_label":"Espa\u00f1ol","media_credit":"Jos\u00e9 Pernalete","micro_label":"Video report","micro_label_kind":"video","network_label":"OCB","network_logo_url":"/static/uploads/direct_network_logos/ocb_0888427dcb1d.svg","published_at":"2026-08-25T19:15:59","published_at_display":"25 Aug 2026, 19:15 GMT","sequence_badge_label":null,"sequence_count":null,"sequence_count_label":null,"sequence_frames":[],"sequence_kind":null,"source_name":"ocb_spanish_video_scrape","source_name_label":"OCB Spanish Video","source_type":"scrape","summary":"Foro Penal advierte sobre una \u201cavalancha\u201d de nuevos reportes relacionados con presos pol\u00edticos en Venezuela que no hab\u00edan sido denunciados anteriormente. La organizaci\u00f3n asegura que investiga denuncias de malos tratos y torturas contra detenidos.","title":"Foro Penal alerta sobre \u201cavalancha\u201d de denuncias de presos pol\u00edticos en Venezuela","topic":"Info Mart\u00ed , estados unidos, Venezuela","translation_language":"","url":"https://www.martinoticias.com/a/foro-penal-alerta-sobre-avalancha-de-denuncias-de-presos-pol%C3%ADticos-en-venezuela/476250.html","video_url":"https://ocb-video-ns.akamaized.net/pangeavideo/2026/08/4/43/43de05bb-4e4c-4a09-68e8-08def2ff2efe_1080p.mp4?cb=ee21fe0ef","youtube_conversion_active":false,"youtube_conversion_error":"","youtube_conversion_status":""},{"article_body_paragraphs":[],"audio_source_url":null,"author":"Rolando N\u00e1poles","available_dubs":[],"downloadable_assets":["https://ocb-video-ns.akamaized.net/pangeavideo/2026/08/a/a5/a50d26a3-6d9b-4957-68e7-08def2ff2efe_1080p.mp4?cb=ee21fdfd2"],"duration_display":"3:05","duration_seconds":185.0,"embed_url":null,"id":12708,"image_caption":null,"image_url":"https://gdb.martinoticias.com/a50d26a3-6d9b-4957-68e7-08def2ff2efe_tv_w1080_h608.jpg","is_clip":true,"is_youtube_embed":false,"item_type":"video","item_type_label":"Video","language_label":"Espa\u00f1ol","media_credit":"Rolando N\u00e1poles","micro_label":"Video report","micro_label_kind":"video","network_label":"OCB","network_logo_url":"/static/uploads/direct_network_logos/ocb_0888427dcb1d.svg","published_at":"2026-08-25T19:11:11","published_at_display":"25 Aug 2026, 19:11 GMT","sequence_badge_label":null,"sequence_count":null,"sequence_count_label":null,"sequence_frames":[],"sequence_kind":null,"source_name":"ocb_spanish_video_scrape","source_name_label":"OCB Spanish Video","source_type":"scrape","summary":"Prisoners Defenders denunci\u00f3 la explotaci\u00f3n de m\u00e9dicos cubanos en Botsuana","title":"Denuncian otro caso de explotaci\u00f3n de m\u00e9dicos cubanos en pa\u00eds africano","topic":"Audiovisuales Mart\u00ed","translation_language":"","url":"https://www.martinoticias.com/a/denuncian-otro-caso-de-explotaci%C3%B3n-de-m%C3%A9dicos-cubanos-en-pa%C3%ADs-africano/476247.html","video_url":"https://ocb-video-ns.akamaized.net/pangeavideo/2026/08/a/a5/a50d26a3-6d9b-4957-68e7-08def2ff2efe_1080p.mp4?cb=ee21fdfd2","youtube_conversion_active":false,"youtube_conversion_error":"","youtube_conversion_status":""},{"article_body_paragraphs":[],"audio_source_url":null,"author":"Mart\u00ed Noticias","available_dubs":[],"downloadable_assets":["https://ocb-video-ns.akamaized.net/pangeavideo/2026/08/9/9b/9bf281c0-4585-436c-03e2-08decd63a0c8_1080p.mp4?cb=ee21993fd"],"duration_display":"0:51","duration_seconds":51.0,"embed_url":null,"id":12717,"image_caption":null,"image_url":"https://gdb.martinoticias.com/9bf281c0-4585-436c-03e2-08decd63a0c8_tv_w1080_h608.jpg","is_clip":true,"is_youtube_embed":false,"item_type":"video","item_type_label":"Video","language_label":"Espa\u00f1ol","media_credit":"Mart\u00ed Noticias","micro_label":"Video report","micro_label_kind":"video","network_label":"OCB","network_logo_url":"/static/uploads/direct_network_logos/ocb_0888427dcb1d.svg","published_at":"2026-08-25T11:00:00","published_at_display":"25 Aug 2026, 11:00 GMT","sequence_badge_label":null,"sequence_count":null,"sequence_count_label":null,"sequence_frames":[],"sequence_kind":null,"source_name":"ocb_spanish_video_scrape","source_name_label":"OCB Spanish Video","source_type":"scrape","summary":"\"El Presidente\" dice habanero que es responsable de la crisis que se est\u00e1 viviendo en Cuba.","title":"Cuba Habla: \u201cQue esto cambie\u201d","topic":"Cuba Habla, Cuba","translation_language":"","url":"https://www.martinoticias.com/a/cuba-habla-que-esto-cambie/475958.html","video_url":"https://ocb-video-ns.akamaized.net/pangeavideo/2026/08/9/9b/9bf281c0-4585-436c-03e2-08decd63a0c8_1080p.mp4?cb=ee21993fd","youtube_conversion_active":false,"youtube_conversion_error":"","youtube_conversion_status":""},{"article_body_paragraphs":[],"audio_source_url":null,"author":"Jos\u00e9 Pernalete","available_dubs":[],"downloadable_assets":["https://ocb-video-ns.akamaized.net/pangeavideo/2026/08/4/47/47ab01cd-f823-462e-7c6f-08def2b1c8fe_1080p.mp4?cb=ee21eae48"],"duration_display":"4:01","duration_seconds":241.0,"embed_url":null,"id":12709,"image_caption":null,"image_url":"https://gdb.martinoticias.com/47ab01cd-f823-462e-7c6f-08def2b1c8fe_tv_w1080_h608.jpg","is_clip":true,"is_youtube_embed":false,"item_type":"video","item_type_label":"Video","language_label":"Espa\u00f1ol","media_credit":"Jos\u00e9 Pernalete","micro_label":"Video report","micro_label_kind":"video","network_label":"OCB","network_logo_url":"/static/uploads/direct_network_logos/ocb_0888427dcb1d.svg","published_at":"2026-08-24T21:27:36","published_at_display":"24 Aug 2026, 21:27 GMT","sequence_badge_label":null,"sequence_count":null,"sequence_count_label":null,"sequence_frames":[],"sequence_kind":null,"source_name":"ocb_spanish_video_scrape","source_name_label":"OCB Spanish Video","source_type":"scrape","summary":"A dos meses de los terremotos que golpearon Venezuela, la desolaci\u00f3n persiste en comunidades de La Guaira, donde familias que perdieron sus viviendas contin\u00faan viviendo en carpas y denuncian falta de ayuda oportuna y fallas en servicios b\u00e1sicos.","title":"A dos meses del terremoto en Venezuela, La Guaira sigue entre carpas, miedo y desolaci\u00f3n","topic":"Info Mart\u00ed , Estados Unidos, VENEZUELA","translation_language":"","url":"https://www.martinoticias.com/a/a-dos-meses-del-terremoto-en-venezuela-la-guaira-sigue-entre-carpas-miedo-y-desolaci%C3%B3n/476171.html","video_url":"https://ocb-video-ns.akamaized.net/pangeavideo/2026/08/4/47/47ab01cd-f823-462e-7c6f-08def2b1c8fe_1080p.mp4?cb=ee21eae48","youtube_conversion_active":false,"youtube_conversion_error":"","youtube_conversion_status":""},{"article_body_paragraphs":[],"audio_source_url":null,"author":"Rolando N\u00e1poles","available_dubs":[],"downloadable_assets":["https://ocb-video-ns.akamaized.net/pangeavideo/2026/08/d/d1/d1ebbcd5-cb7a-45bc-5a81-08decd6ea425_1080p.mp4?cb=ee21ea46f"],"duration_display":"3:21","duration_seconds":201.0,"embed_url":null,"id":12710,"image_caption":null,"image_url":"https://gdb.martinoticias.com/d1ebbcd5-cb7a-45bc-5a81-08decd6ea425_tv_w1080_h608.jpg","is_clip":true,"is_youtube_embed":false,"item_type":"video","item_type_label":"Video","language_label":"Espa\u00f1ol","media_credit":"Rolando N\u00e1poles","micro_label":"Video report","micro_label_kind":"video","network_label":"OCB","network_logo_url":"/static/uploads/direct_network_logos/ocb_0888427dcb1d.svg","published_at":"2026-08-24T20:45:35","published_at_display":"24 Aug 2026, 20:45 GMT","sequence_badge_label":null,"sequence_count":null,"sequence_count_label":null,"sequence_frames":[],"sequence_kind":null,"source_name":"ocb_spanish_video_scrape","source_name_label":"OCB Spanish Video","source_type":"scrape","summary":"La caida de casi el 50% del turismo en Cuba est\u00e1 dejando sin empleo a m\u00e1s cubanos que viven de este sector.","title":"Desplome del turismo est\u00e1 dejando sin empleo a m\u00e1s cubanos en la isla","topic":"Audiovisuales Mart\u00ed, Cuba turismo, crisis del turismo en Cuba","translation_language":"","url":"https://www.martinoticias.com/a/desplome-del-turismo-est%C3%A1-dejando-sin-empleo-a-m%C3%A1s-cubanos-en-la-isla/476167.html","video_url":"https://ocb-video-ns.akamaized.net/pangeavideo/2026/08/d/d1/d1ebbcd5-cb7a-45bc-5a81-08decd6ea425_1080p.mp4?cb=ee21ea46f","youtube_conversion_active":false,"youtube_conversion_error":"","youtube_conversion_status":""},{"article_body_paragraphs":[],"audio_source_url":null,"author":"Mart\u00ed Noticias","available_dubs":[],"downloadable_assets":["https://ocb-video-ns.akamaized.net/pangeavideo/2026/08/c/c2/c2aea2f6-e6a4-4b8a-03e0-08decd63a0c8_1080p.mp4?cb=ee2199125"],"duration_display":"1:20","duration_seconds":80.0,"embed_url":null,"id":12718,"image_caption":null,"image_url":"https://gdb.martinoticias.com/c2aea2f6-e6a4-4b8a-03e0-08decd63a0c8_tv_w1080_h608.jpg","is_clip":true,"is_youtube_embed":false,"item_type":"video","item_type_label":"Video","language_label":"Espa\u00f1ol","media_credit":"Mart\u00ed Noticias","micro_label":"Video report","micro_label_kind":"video","network_label":"OCB","network_logo_url":"/static/uploads/direct_network_logos/ocb_0888427dcb1d.svg","published_at":"2026-08-24T11:00:00","published_at_display":"24 Aug 2026, 11:00 GMT","sequence_badge_label":null,"sequence_count":null,"sequence_count_label":null,"sequence_frames":[],"sequence_kind":null,"source_name":"ocb_spanish_video_scrape","source_name_label":"OCB Spanish Video","source_type":"scrape","summary":"\"Todo el mundo tiene derecho a protestar por sus derechos\", asegura joven cubana desde La Habana.","title":"Cuba Habla: \u201cLas personas protestan porque no pueden m\u00e1s\u201d","topic":"Cuba Habla, Cuba","translation_language":"","url":"https://www.martinoticias.com/a/cuba-habla-las-personas-protestan-porque-no-pueden-m%C3%A1s/475955.html","video_url":"https://ocb-video-ns.akamaized.net/pangeavideo/2026/08/c/c2/c2aea2f6-e6a4-4b8a-03e0-08decd63a0c8_1080p.mp4?cb=ee2199125","youtube_conversion_active":false,"youtube_conversion_error":"","youtube_conversion_status":""},{"article_body_paragraphs":[],"audio_source_url":null,"author":"Mart\u00ed Noticias","available_dubs":[],"downloadable_assets":["https://ocb-video-ns.akamaized.net/pangeavideo/2026/08/9/92/9272aebf-dbf0-40ca-03de-08decd63a0c8_1080p.mp4?cb=ee2198235"],"duration_display":"0:51","duration_seconds":51.0,"embed_url":null,"id":12719,"image_caption":null,"image_url":"https://gdb.martinoticias.com/9272aebf-dbf0-40ca-03de-08decd63a0c8_tv_w1080_h608.jpg","is_clip":true,"is_youtube_embed":false,"item_type":"video","item_type_label":"Video","language_label":"Espa\u00f1ol","media_credit":"Mart\u00ed Noticias","micro_label":"Video report","micro_label_kind":"video","network_label":"OCB","network_logo_url":"/static/uploads/direct_network_logos/ocb_0888427dcb1d.svg","published_at":"2026-08-23T11:00:00","published_at_display":"23 Aug 2026, 11:00 GMT","sequence_badge_label":null,"sequence_count":null,"sequence_count_label":null,"sequence_frames":[],"sequence_kind":null,"source_name":"ocb_spanish_video_scrape","source_name_label":"OCB Spanish Video","source_type":"scrape","summary":"\"\u00bfQu\u00e9 gritan la gente? Libertad, hambre\" refiere habanero acerca de las protestas en Cuba.","title":"Cuba Habla: \u201cHay muchas protestas porque aqu\u00ed en el pa\u00eds hay muchas dificultades\u201d","topic":"Cuba Habla, Cuba","translation_language":"","url":"https://www.martinoticias.com/a/cuba-habla-hay-muchas-protestas-porque-aqu%C3%AD-en-el-pa%C3%ADs-hay-muchas-dificultades/475904.html","video_url":"https://ocb-video-ns.akamaized.net/pangeavideo/2026/08/9/92/9272aebf-dbf0-40ca-03de-08decd63a0c8_1080p.mp4?cb=ee2198235","youtube_conversion_active":false,"youtube_conversion_error":"","youtube_conversion_status":""},{"article_body_paragraphs":[],"audio_source_url":null,"author":"Mart\u00ed Noticias","available_dubs":[],"downloadable_assets":["https://ocb-video-ns.akamaized.net/pangeavideo/2026/08/c/cf/cff770d5-133f-4dc8-68c5-08def2ff2efe_1080p.mp4?cb=ee2197b11"],"duration_display":"1:04","duration_seconds":64.0,"embed_url":null,"id":12720,"image_caption":null,"image_url":"https://gdb.martinoticias.com/cff770d5-133f-4dc8-68c5-08def2ff2efe_tv_w1080_h608.jpg","is_clip":true,"is_youtube_embed":false,"item_type":"video","item_type_label":"Video","language_label":"Espa\u00f1ol","media_credit":"Mart\u00ed Noticias","micro_label":"Video report","micro_label_kind":"video","network_label":"OCB","network_logo_url":"/static/uploads/direct_network_logos/ocb_0888427dcb1d.svg","published_at":"2026-08-21T11:00:00","published_at_display":"21 Aug 2026, 11:00 GMT","sequence_badge_label":null,"sequence_count":null,"sequence_count_label":null,"sequence_frames":[],"sequence_kind":null,"source_name":"ocb_spanish_video_scrape","source_name_label":"OCB Spanish Video","source_type":"scrape","summary":"Habanero habla de los reclamos de los ciudadanos que protestan publicamente en la isla.","title":"Cuba Habla: \u201cLa necesidad de la comida\u201d","topic":"Cuba Habla, Cuba","translation_language":"","url":"https://www.martinoticias.com/a/cuba-habla-la-necesidad-de-la-comida/475899.html","video_url":"https://ocb-video-ns.akamaized.net/pangeavideo/2026/08/c/cf/cff770d5-133f-4dc8-68c5-08def2ff2efe_1080p.mp4?cb=ee2197b11","youtube_conversion_active":false,"youtube_conversion_error":"","youtube_conversion_status":""},{"article_body_paragraphs":[],"audio_source_url":null,"author":"Mart\u00ed Noticias","available_dubs":[],"downloadable_assets":["https://ocb-video-ns.akamaized.net/pangeavideo/2026/08/1/11/11f5f8a3-4167-42ce-5a52-08decd6ea425_1080p.mp4?cb=ee215997d"],"duration_display":"0:56","duration_seconds":56.0,"embed_url":null,"id":12721,"image_caption":null,"image_url":"https://gdb.martinoticias.com/11f5f8a3-4167-42ce-5a52-08decd6ea425_tv_w1080_h608.jpg","is_clip":true,"is_youtube_embed":false,"item_type":"video","item_type_label":"Video","language_label":"Espa\u00f1ol","media_credit":"Mart\u00ed Noticias","micro_label":"Video report","micro_label_kind":"video","network_label":"OCB","network_logo_url":"/static/uploads/direct_network_logos/ocb_0888427dcb1d.svg","published_at":"2026-08-20T11:00:00","published_at_display":"20 Aug 2026, 11:00 GMT","sequence_badge_label":null,"sequence_count":null,"sequence_count_label":null,"sequence_frames":[],"sequence_kind":null,"source_name":"ocb_spanish_video_scrape","source_name_label":"OCB Spanish Video","source_type":"scrape","summary":"Joven capitalino asegura que \"el gobierno\" es culpable de lo que est\u00e1 pasando el pueblo.","title":"Cuba Habla: \u201cLas personas protestan con su raz\u00f3n\u201d","topic":"Cuba Habla, Cuba","translation_language":"","url":"https://www.martinoticias.com/a/cuba-habla-las-personas-protestan-con-su-raz%C3%B3n/475705.html","video_url":"https://ocb-video-ns.akamaized.net/pangeavideo/2026/08/1/11/11f5f8a3-4167-42ce-5a52-08decd6ea425_1080p.mp4?cb=ee215997d","youtube_conversion_active":false,"youtube_conversion_error":"","youtube_conversion_status":""},{"article_body_paragraphs":[],"audio_source_url":null,"author":"Mart\u00ed Noticias","available_dubs":[],"downloadable_assets":["https://ocb-video-ns.akamaized.net/pangeavideo/2026/08/4/40/4025d0e0-2d96-4557-cf8e-08decd5b38e4_1080p.mp4?cb=ee215965c"],"duration_display":"1:47","duration_seconds":107.0,"embed_url":null,"id":12722,"image_caption":null,"image_url":"https://gdb.martinoticias.com/4025d0e0-2d96-4557-cf8e-08decd5b38e4_tv_w1080_h608.jpg","is_clip":true,"is_youtube_embed":false,"item_type":"video","item_type_label":"Video","language_label":"Espa\u00f1ol","media_credit":"Mart\u00ed Noticias","micro_label":"Video report","micro_label_kind":"video","network_label":"OCB","network_logo_url":"/static/uploads/direct_network_logos/ocb_0888427dcb1d.svg","published_at":"2026-08-19T11:00:00","published_at_display":"19 Aug 2026, 11:00 GMT","sequence_badge_label":null,"sequence_count":null,"sequence_count_label":null,"sequence_frames":[],"sequence_kind":null,"source_name":"ocb_spanish_video_scrape","source_name_label":"OCB Spanish Video","source_type":"scrape","summary":"\"Van a venir momentos m\u00e1s dif\u00edciles\" asegura anciana cubana desde la capital del pa\u00eds.","title":"Cuba Habla: \u201cSon momentos dif\u00edciles\u201d","topic":"Cuba Habla","translation_language":"","url":"https://www.martinoticias.com/a/cuba-habla-son-momentos-dif%C3%ADciles/475660.html","video_url":"https://ocb-video-ns.akamaized.net/pangeavideo/2026/08/4/40/4025d0e0-2d96-4557-cf8e-08decd5b38e4_1080p.mp4?cb=ee215965c","youtube_conversion_active":false,"youtube_conversion_error":"","youtube_conversion_status":""},{"article_body_paragraphs":[],"audio_source_url":null,"author":"Mart\u00ed Noticias","available_dubs":[],"downloadable_assets":["https://ocb-video-ns.akamaized.net/pangeavideo/2026/08/4/42/42d1a03c-a596-4fae-7c48-08def2b1c8fe_1080p.mp4?cb=ee215940a"],"duration_display":"1:07","duration_seconds":67.0,"embed_url":null,"id":12723,"image_caption":null,"image_url":"https://gdb.martinoticias.com/42d1a03c-a596-4fae-7c48-08def2b1c8fe_tv_w1080_h608.jpg","is_clip":true,"is_youtube_embed":false,"item_type":"video","item_type_label":"Video","language_label":"Espa\u00f1ol","media_credit":"Mart\u00ed Noticias","micro_label":"Video report","micro_label_kind":"video","network_label":"OCB","network_logo_url":"/static/uploads/direct_network_logos/ocb_0888427dcb1d.svg","published_at":"2026-08-18T11:00:00","published_at_display":"18 Aug 2026, 11:00 GMT","sequence_badge_label":null,"sequence_count":null,"sequence_count_label":null,"sequence_frames":[],"sequence_kind":null,"source_name":"ocb_spanish_video_scrape","source_name_label":"OCB Spanish Video","source_type":"scrape","summary":"Desde la capital, joven cubano explica el impacto de la escasez de agua en la poblaci\u00f3n.","title":"Cuba Habla: \u201cDemasiado desfavorable el tema del agua en el pa\u00eds\u201d.","topic":"Cuba Habla, Cuba","translation_language":"","url":"https://www.martinoticias.com/a/cuba-habla-demasiado-desfavorable-el-tema-del-agua-en-el-pa%C3%ADs/475659.html","video_url":"https://ocb-video-ns.akamaized.net/pangeavideo/2026/08/4/42/42d1a03c-a596-4fae-7c48-08def2b1c8fe_1080p.mp4?cb=ee215940a","youtube_conversion_active":false,"youtube_conversion_error":"","youtube_conversion_status":""},{"article_body_paragraphs":[],"audio_source_url":null,"author":"Mart\u00ed Noticias","available_dubs":[],"downloadable_assets":["https://ocb-video-ns.akamaized.net/pangeavideo/2026/08/2/2b/2ba3498f-9587-4043-5a4c-08decd6ea425_1080p.mp4?cb=ee21180f7"],"duration_display":"1:20","duration_seconds":80.0,"embed_url":null,"id":12724,"image_caption":null,"image_url":"https://gdb.martinoticias.com/2ba3498f-9587-4043-5a4c-08decd6ea425_tv_w1080_h608.jpg","is_clip":true,"is_youtube_embed":false,"item_type":"video","item_type_label":"Video","language_label":"Espa\u00f1ol","media_credit":"Mart\u00ed Noticias","micro_label":"Video report","micro_label_kind":"video","network_label":"OCB","network_logo_url":"/static/uploads/direct_network_logos/ocb_0888427dcb1d.svg","published_at":"2026-08-17T11:00:00","published_at_display":"17 Aug 2026, 11:00 GMT","sequence_badge_label":null,"sequence_count":null,"sequence_count_label":null,"sequence_frames":[],"sequence_kind":null,"source_name":"ocb_spanish_video_scrape","source_name_label":"OCB Spanish Video","source_type":"scrape","summary":"Habanera refiere falta de conectividad a internet en Cuba y el impacto que esto tiene para la comunicaci\u00f3n con la familia.","title":"Cuba Habla: \"No entra la conexi\u00f3n por ning\u00fan lado\u201d","topic":"Cuba Habla, Cuba","translation_language":"","url":"https://www.martinoticias.com/a/cuba-habla-no-entra-la-conexi%C3%B3n-por-ning%C3%BAn-lado/475484.html","video_url":"https://ocb-video-ns.akamaized.net/pangeavideo/2026/08/2/2b/2ba3498f-9587-4043-5a4c-08decd6ea425_1080p.mp4?cb=ee21180f7","youtube_conversion_active":false,"youtube_conversion_error":"","youtube_conversion_status":""},{"article_body_paragraphs":[],"audio_source_url":null,"author":"Mart\u00ed Noticias","available_dubs":[],"downloadable_assets":["https://ocb-video-ns.akamaized.net/pangeavideo/2026/08/9/9b/9bf8831c-6fc2-45fb-6897-08def2ff2efe_1080p.mp4?cb=ee21169b4"],"duration_display":"1:46","duration_seconds":106.0,"embed_url":null,"id":12725,"image_caption":null,"image_url":"https://gdb.martinoticias.com/9bf8831c-6fc2-45fb-6897-08def2ff2efe_tv_w1080_h608.jpg","is_clip":true,"is_youtube_embed":false,"item_type":"video","item_type_label":"Video","language_label":"Espa\u00f1ol","media_credit":"Mart\u00ed Noticias","micro_label":"Video report","micro_label_kind":"video","network_label":"OCB","network_logo_url":"/static/uploads/direct_network_logos/ocb_0888427dcb1d.svg","published_at":"2026-08-16T11:00:00","published_at_display":"16 Aug 2026, 11:00 GMT","sequence_badge_label":null,"sequence_count":null,"sequence_count_label":null,"sequence_frames":[],"sequence_kind":null,"source_name":"ocb_spanish_video_scrape","source_name_label":"OCB Spanish Video","source_type":"scrape","summary":"Desde La Habana, joven habla de la falta de conectividad en la isla y exhorta a una \"protesta pac\u00edfica\".","title":"Cuba Habla: \" Exigiendo nuestros derechos\u201d","topic":"Cuba Habla, Cuba","translation_language":"","url":"https://www.martinoticias.com/a/cuba-habla-exigiendo-nuestros-derechos/475479.html","video_url":"https://ocb-video-ns.akamaized.net/pangeavideo/2026/08/9/9b/9bf8831c-6fc2-45fb-6897-08def2ff2efe_1080p.mp4?cb=ee21169b4","youtube_conversion_active":false,"youtube_conversion_error":"","youtube_conversion_status":""},{"article_body_paragraphs":[],"audio_source_url":null,"author":"Mart\u00ed Noticias","available_dubs":[],"downloadable_assets":["https://ocb-video-ns.akamaized.net/pangeavideo/2026/08/9/9e/9e0d0d44-35ba-4137-687c-08def2ff2efe_1080p.mp4?cb=ee20c6452"],"duration_display":"1:24","duration_seconds":84.0,"embed_url":null,"id":12726,"image_caption":null,"image_url":"https://gdb.martinoticias.com/9e0d0d44-35ba-4137-687c-08def2ff2efe_tv_w1080_h608.jpg","is_clip":true,"is_youtube_embed":false,"item_type":"video","item_type_label":"Video","language_label":"Espa\u00f1ol","media_credit":"Mart\u00ed Noticias","micro_label":"Video report","micro_label_kind":"video","network_label":"OCB","network_logo_url":"/static/uploads/direct_network_logos/ocb_0888427dcb1d.svg","published_at":"2026-08-14T11:00:00","published_at_display":"14 Aug 2026, 11:00 GMT","sequence_badge_label":null,"sequence_count":null,"sequence_count_label":null,"sequence_frames":[],"sequence_kind":null,"source_name":"ocb_spanish_video_scrape","source_name_label":"OCB Spanish Video","source_type":"scrape","summary":"De \u201cp\u00e9sima\" califica habanera la crisis por falta de suministro de agua en Cuba.","title":"Cuba Habla: \"Cuando no tengo ni agua ni luz, es a volverme loca\u201d","topic":"Cuba Habla, Cuba","translation_language":"","url":"https://www.martinoticias.com/a/cuba-habla-cuando-no-tengo-ni-agua-ni-luz-es-a-volverme-loca/474530.html","video_url":"https://ocb-video-ns.akamaized.net/pangeavideo/2026/08/9/9e/9e0d0d44-35ba-4137-687c-08def2ff2efe_1080p.mp4?cb=ee20c6452","youtube_conversion_active":false,"youtube_conversion_error":"","youtube_conversion_status":""},{"article_body_paragraphs":[],"audio_source_url":null,"author":"Mart\u00ed Noticias","available_dubs":[],"downloadable_assets":["https://ocb-video-ns.akamaized.net/pangeavideo/2026/08/2/2b/2bb33164-ebfd-49c8-7c1e-08def2b1c8fe_1080p.mp4?cb=ee20c5fba"],"duration_display":"1:40","duration_seconds":100.0,"embed_url":null,"id":12727,"image_caption":null,"image_url":"https://gdb.martinoticias.com/2bb33164-ebfd-49c8-7c1e-08def2b1c8fe_tv_w1080_h608.jpg","is_clip":true,"is_youtube_embed":false,"item_type":"video","item_type_label":"Video","language_label":"Espa\u00f1ol","media_credit":"Mart\u00ed Noticias","micro_label":"Video report","micro_label_kind":"video","network_label":"OCB","network_logo_url":"/static/uploads/direct_network_logos/ocb_0888427dcb1d.svg","published_at":"2026-08-13T11:00:00","published_at_display":"13 Aug 2026, 11:00 GMT","sequence_badge_label":null,"sequence_count":null,"sequence_count_label":null,"sequence_frames":[],"sequence_kind":null,"source_name":"ocb_spanish_video_scrape","source_name_label":"OCB Spanish Video","source_type":"scrape","summary":"Habanera da detalles de la falta de agua en Cuba y dice que cree que la situaci\u00f3n se resolver\u00e1 \"cuando esto se caiga\".","title":"Cuba Habla: \"Que venga otro gobernante\u201d","topic":"Cuba Habla, Cuba","translation_language":"","url":"https://www.martinoticias.com/a/cuba-habla-que-venga-otro-gobernante/474529.html","video_url":"https://ocb-video-ns.akamaized.net/pangeavideo/2026/08/2/2b/2bb33164-ebfd-49c8-7c1e-08def2b1c8fe_1080p.mp4?cb=ee20c5fba","youtube_conversion_active":false,"youtube_conversion_error":"","youtube_conversion_status":""}],"next_num":4,"page":3,"pages":8,"per_page":20,"prev_num":2,"total":160}
