{"applied_filters":{"end_date":"","lang":"","language":"","network":"OCB","page":4,"per_page":20,"search":"","source":"","start_date":"","topic":"","type":"photo"},"available_filters":{"language_choices":[{"label":"Choose Language","value":""},{"label":"English","value":"English"},{"label":"Espa\u00f1ol","value":"Espa\u00f1ol"}],"network_choices":[{"label":"All networks","value":""},{"label":"OCB","value":"OCB"}],"source_choices":[{"label":"All sources","value":""},{"label":"Radiotelevisionmarti","value":"radiotelevisionmarti_com_rss"}],"sources":["radiotelevisionmarti_com_rss"],"topics":[],"types":[["","All types"],["article","Articles"],["audio","Audio"],["video","Videos"],["clips","Clips"],["media","Media"]]},"has_next":true,"has_prev":true,"items":[{"article_body_paragraphs":[],"audio_source_url":null,"author":"Redacci\u00f3n Mart\u00ed Noticias","available_dubs":[],"downloadable_assets":["https://gdb.martinoticias.com/49d8c240-8fb1-4461-bc76-08def2b1d8dc_cx0_cy5_cw0_w1600_r1_n_s.png"],"duration_display":"0:00","duration_seconds":null,"embed_url":null,"id":11931,"image_caption":"El jefe de misi\u00f3n Mike Hammer se reuni\u00f3 con el secretario de Estado, Marco Rubio","image_url":"https://gdb.martinoticias.com/49d8c240-8fb1-4461-bc76-08def2b1d8dc_cx0_cy5_cw0_w1600_r1_n_s.png","is_clip":false,"is_youtube_embed":false,"item_type":"photo","item_type_label":"Photo","language_label":"Espa\u00f1ol","media_credit":"Redacci\u00f3n Mart\u00ed Noticias","micro_label":"Photo","micro_label_kind":"gallery","network_label":"OCB","network_logo_url":"/static/uploads/direct_network_logos/ocb_0888427dcb1d.svg","published_at":"2026-08-31T23:01:41","published_at_display":"31 Aug 2026, 23:01 GMT","sequence_badge_label":null,"sequence_count":null,"sequence_count_label":null,"sequence_frames":[],"sequence_kind":null,"source_name":"radiotelevisionmarti_com_rss","source_name_label":"Radiotelevisionmarti","source_type":"rss","summary":"El jefe de misi\u00f3n Mike Hammer se reuni\u00f3 con el secretario de Estado, Marco Rubio","title":"Hammer habla con Rubio sobre la situaci\u00f3n en Cuba","topic":null,"translation_language":"","url":"https://www.martinoticias.com/a/hammer-se-re%c3%bane-con-rubio-sobre-situaci%c3%b3n-en-cuba-y-distribuci%c3%b3n-de-ayuda-humanitaria-de-eeuu/476677.html","video_url":null,"youtube_conversion_active":false,"youtube_conversion_error":"","youtube_conversion_status":""},{"article_body_paragraphs":[],"audio_source_url":null,"author":"Janisset Rivero","available_dubs":[],"downloadable_assets":["https://gdb.martinoticias.com/173e2a06-9b5a-4d10-bc73-08def2b1d8dc_w1600_r1_n_s.jpg"],"duration_display":"0:00","duration_seconds":null,"embed_url":null,"id":11933,"image_caption":"Pen\u00e9lope N\u00fa\u00f1ez, estudiante cubana que iniciar\u00e1 el doceno grado ma\u00f1ana, sue\u00f1a con sus talentos cient\u00edficos en un pa\u00eds con libertad y oportunidades","image_url":"https://gdb.martinoticias.com/173e2a06-9b5a-4d10-bc73-08def2b1d8dc_w1600_r1_n_s.jpg","is_clip":false,"is_youtube_embed":false,"item_type":"photo","item_type_label":"Photo","language_label":"Espa\u00f1ol","media_credit":"Janisset Rivero","micro_label":"Photo","micro_label_kind":"gallery","network_label":"OCB","network_logo_url":"/static/uploads/direct_network_logos/ocb_0888427dcb1d.svg","published_at":"2026-08-31T21:20:00","published_at_display":"31 Aug 2026, 21:20 GMT","sequence_badge_label":null,"sequence_count":null,"sequence_count_label":null,"sequence_frames":[],"sequence_kind":null,"source_name":"radiotelevisionmarti_com_rss","source_name_label":"Radiotelevisionmarti","source_type":"rss","summary":"Pen\u00e9lope N\u00fa\u00f1ez, estudiante cubana que iniciar\u00e1 el doceno grado ma\u00f1ana, sue\u00f1a con sus talentos cient\u00edficos en un pa\u00eds con libertad y oportunidades","title":"Joven estudiante cubana: Hace falta un cambio para que se abran nuevas oportunidades","topic":null,"translation_language":"","url":"https://www.martinoticias.com/a/joven-estudiante-cubana-hace-falta-un-cambio-para-que-se-abran-nuevas-oportunidades/476667.html","video_url":null,"youtube_conversion_active":false,"youtube_conversion_error":"","youtube_conversion_status":""},{"article_body_paragraphs":[],"audio_source_url":null,"author":"Jorge Morej\u00f3n","available_dubs":[],"downloadable_assets":["https://gdb.martinoticias.com/ed614afd-e431-42a5-b11c-1fdfc41534dc_w1600_r1_n_s.jpg"],"duration_display":"0:00","duration_seconds":null,"embed_url":null,"id":11934,"image_caption":"El cubano Luis Robert Jr. tiene una nueva oportunidad con los Orioles de Baltimore.","image_url":"https://gdb.martinoticias.com/ed614afd-e431-42a5-b11c-1fdfc41534dc_w1600_r1_n_s.jpg","is_clip":false,"is_youtube_embed":false,"item_type":"photo","item_type_label":"Photo","language_label":"Espa\u00f1ol","media_credit":"Jorge Morej\u00f3n","micro_label":"Photo","micro_label_kind":"gallery","network_label":"OCB","network_logo_url":"/static/uploads/direct_network_logos/ocb_0888427dcb1d.svg","published_at":"2026-08-31T20:39:50","published_at_display":"31 Aug 2026, 20:39 GMT","sequence_badge_label":null,"sequence_count":null,"sequence_count_label":null,"sequence_frames":[],"sequence_kind":null,"source_name":"radiotelevisionmarti_com_rss","source_name_label":"Radiotelevisionmarti","source_type":"rss","summary":"El cubano Luis Robert Jr. tiene una nueva oportunidad con los Orioles de Baltimore.","title":"Los Orioles reclaman al cubano Luis Robert Jr. de la lista de waivers","topic":null,"translation_language":"","url":"https://www.martinoticias.com/a/los-orioles-reclaman-al-cubano-luis-robert-de-la-lista-de-waivers/476672.html","video_url":null,"youtube_conversion_active":false,"youtube_conversion_error":"","youtube_conversion_status":""},{"article_body_paragraphs":[],"audio_source_url":null,"author":"Redacci\u00f3n Mart\u00ed Noticias","available_dubs":[],"downloadable_assets":["https://gdb.martinoticias.com/782b30d8-b041-4a33-0417-08decd63a0c8_w1600_r1_n_s.png"],"duration_display":"0:00","duration_seconds":null,"embed_url":null,"id":11935,"image_caption":"Vecinos de Omaja protestan por falta de agua y apagones","image_url":"https://gdb.martinoticias.com/782b30d8-b041-4a33-0417-08decd63a0c8_w1600_r1_n_s.png","is_clip":false,"is_youtube_embed":false,"item_type":"photo","item_type_label":"Photo","language_label":"Espa\u00f1ol","media_credit":"Redacci\u00f3n Mart\u00ed Noticias","micro_label":"Photo","micro_label_kind":"gallery","network_label":"OCB","network_logo_url":"/static/uploads/direct_network_logos/ocb_0888427dcb1d.svg","published_at":"2026-08-31T19:44:05","published_at_display":"31 Aug 2026, 19:44 GMT","sequence_badge_label":null,"sequence_count":null,"sequence_count_label":null,"sequence_frames":[],"sequence_kind":null,"source_name":"radiotelevisionmarti_com_rss","source_name_label":"Radiotelevisionmarti","source_type":"rss","summary":"Vecinos de Omaja protestan por falta de agua y apagones","title":"\"Este pueblo no aguanta m\u00e1s\": Vecinos de Omaja protestan por falta de agua y apagones","topic":null,"translation_language":"","url":"https://www.martinoticias.com/a/vecinos-de-omaja-protestan-por-falta-de-agua-y-apagones-tras-meses-sin-servicios/476664.html","video_url":null,"youtube_conversion_active":false,"youtube_conversion_error":"","youtube_conversion_status":""},{"article_body_paragraphs":[],"audio_source_url":null,"author":"Redacci\u00f3n Mart\u00ed Noticias","available_dubs":[],"downloadable_assets":["https://gdb.martinoticias.com/9902b8a6-5630-4411-5aa7-08decd6ea425_w1600_r1_n_s.png"],"duration_display":"0:00","duration_seconds":null,"embed_url":null,"id":11056,"image_caption":null,"image_url":"https://gdb.martinoticias.com/9902b8a6-5630-4411-5aa7-08decd6ea425_w1600_r1_n_s.png","is_clip":false,"is_youtube_embed":false,"item_type":"photo","item_type_label":"Photo","language_label":"Espa\u00f1ol","media_credit":"Redacci\u00f3n Mart\u00ed Noticias","micro_label":"Photo","micro_label_kind":"gallery","network_label":"OCB","network_logo_url":"/static/uploads/direct_network_logos/ocb_0888427dcb1d.svg","published_at":"2026-08-31T19:25:32","published_at_display":"31 Aug 2026, 19:25 GMT","sequence_badge_label":null,"sequence_count":null,"sequence_count_label":null,"sequence_frames":[],"sequence_kind":null,"source_name":"radiotelevisionmarti_com_rss","source_name_label":"Radiotelevisionmarti","source_type":"rss","summary":"\u201cAcaban de soltar a mi hermano Andy Garc\u00eda\u201d, escribi\u00f3 Garc\u00eda Lorenzo en Facebook. \u201cEn los pr\u00f3ximos minutos podr\u00e1 hablar con la familia y los amigos\u201d, agreg\u00f3.","title":"Liberan al expreso pol\u00edtico cubano Andy Garc\u00eda Lorenzo tras m\u00e1s de 20 horas detenido","topic":null,"translation_language":"","url":"https://www.martinoticias.com/a/liberan-al-expreso-pol%c3%adtico-cubano-andy-garc%c3%ada-lorenzo-tras-m%c3%a1s-de-20-horas-detenido/476666.html","video_url":null,"youtube_conversion_active":false,"youtube_conversion_error":"","youtube_conversion_status":""},{"article_body_paragraphs":[],"audio_source_url":null,"author":"Ariane Gonz\u00e1lez","available_dubs":[],"downloadable_assets":["https://gdb.martinoticias.com/1afd1d44-4b20-4a35-0416-08decd63a0c8_cx0_cy10_cw0_w1600_r1_n_s.jpg"],"duration_display":"0:00","duration_seconds":null,"embed_url":null,"id":11057,"image_caption":null,"image_url":"https://gdb.martinoticias.com/1afd1d44-4b20-4a35-0416-08decd63a0c8_cx0_cy10_cw0_w1600_r1_n_s.jpg","is_clip":false,"is_youtube_embed":false,"item_type":"photo","item_type_label":"Photo","language_label":"Espa\u00f1ol","media_credit":"Ariane Gonz\u00e1lez","micro_label":"Photo","micro_label_kind":"gallery","network_label":"OCB","network_logo_url":"/static/uploads/direct_network_logos/ocb_0888427dcb1d.svg","published_at":"2026-08-31T19:06:42","published_at_display":"31 Aug 2026, 19:06 GMT","sequence_badge_label":null,"sequence_count":null,"sequence_count_label":null,"sequence_frames":[],"sequence_kind":null,"source_name":"radiotelevisionmarti_com_rss","source_name_label":"Radiotelevisionmarti","source_type":"rss","summary":"\"Ra\u00edces de Esperanza\" celebr\u00f3 su 17 aniversario con actividades para ni\u00f1os de la di\u00e1spora cubana en Madrid y distribuci\u00f3n de mochilas y materiales escolares a menores de Pinar del R\u00edo.","title":"\"Ra\u00edces de Esperanza\" env\u00eda mochilas, materiales escolares y alimentos a ni\u00f1os de Pinar del R\u00edo","topic":null,"translation_language":"","url":"https://www.martinoticias.com/a/ra%c3%adces-de-esperanza-env%c3%ada-mochilas-materiales-escolares-y-alimentos-a-ni%c3%b1os-de-pinar-del-r%c3%ado/476660.html","video_url":null,"youtube_conversion_active":false,"youtube_conversion_error":"","youtube_conversion_status":""},{"article_body_paragraphs":[],"audio_source_url":null,"author":"Laura Artal","available_dubs":[],"downloadable_assets":["https://gdb.martinoticias.com/79319B7E-86E5-48E8-90D7-9D0B3F2EBDE4_w1600_r1_n_s.jpg"],"duration_display":"0:00","duration_seconds":null,"embed_url":null,"id":11030,"image_caption":null,"image_url":"https://gdb.martinoticias.com/79319B7E-86E5-48E8-90D7-9D0B3F2EBDE4_w1600_r1_n_s.jpg","is_clip":false,"is_youtube_embed":false,"item_type":"photo","item_type_label":"Photo","language_label":"Espa\u00f1ol","media_credit":"Laura Artal","micro_label":"Photo","micro_label_kind":"gallery","network_label":"OCB","network_logo_url":"/static/uploads/direct_network_logos/ocb_0888427dcb1d.svg","published_at":"2026-08-31T18:06:33","published_at_display":"31 Aug 2026, 18:06 GMT","sequence_badge_label":null,"sequence_count":null,"sequence_count_label":null,"sequence_frames":[],"sequence_kind":null,"source_name":"radiotelevisionmarti_com_rss","source_name_label":"Radiotelevisionmarti","source_type":"rss","summary":"El apag\u00f3n masivo en Venezuela este fin de semana expone problemas que el sistema arrastra desde hace a\u00f1os, alerta experto. El ingeniero el\u00e9ctrico Marcelo Monnot explic\u00f3 que las fallas abarcan generaci\u00f3n, transmisi\u00f3n y distribuci\u00f3n. Una recuperaci\u00f3n integral del sistema podr\u00eda tomar entre 3 y 5 a\u00f1os.","title":"Apagones en Venezuela exponen deterioro del sistema el\u00e9ctrico","topic":null,"translation_language":"","url":"https://www.martinoticias.com/a/apagones-en-venezuela-exponen-deterioro-del-sistema-el%c3%a9ctrico/476663.html","video_url":null,"youtube_conversion_active":false,"youtube_conversion_error":"","youtube_conversion_status":""},{"article_body_paragraphs":[],"audio_source_url":null,"author":"Jorge Morej\u00f3n","available_dubs":[],"downloadable_assets":["https://gdb.martinoticias.com/494d0273-66ab-43db-81f1-afa32d7f9285_w1600_r1_n_s.jpg"],"duration_display":"0:00","duration_seconds":null,"embed_url":null,"id":10997,"image_caption":null,"image_url":"https://gdb.martinoticias.com/494d0273-66ab-43db-81f1-afa32d7f9285_w1600_r1_n_s.jpg","is_clip":false,"is_youtube_embed":false,"item_type":"photo","item_type_label":"Photo","language_label":"Espa\u00f1ol","media_credit":"Jorge Morej\u00f3n","micro_label":"Photo","micro_label_kind":"gallery","network_label":"OCB","network_logo_url":"/static/uploads/direct_network_logos/ocb_0888427dcb1d.svg","published_at":"2026-08-31T17:29:50","published_at_display":"31 Aug 2026, 17:29 GMT","sequence_badge_label":null,"sequence_count":null,"sequence_count_label":null,"sequence_frames":[],"sequence_kind":null,"source_name":"radiotelevisionmarti_com_rss","source_name_label":"Radiotelevisionmarti","source_type":"rss","summary":"En una sentida carta publicada en Instagram, Lionel Messi anunci\u00f3 su retiro de la selecci\u00f3n argentina.","title":"Lionel Messi se retira de la selecci\u00f3n argentina... una vez m\u00e1s","topic":null,"translation_language":"","url":"https://www.martinoticias.com/a/lionel-messi-se-retira-de-la-seleccion-una-vez-m%c3%a1s/476661.html","video_url":null,"youtube_conversion_active":false,"youtube_conversion_error":"","youtube_conversion_status":""},{"article_body_paragraphs":[],"audio_source_url":null,"author":"Mario J. Pent\u00f3n","available_dubs":[],"downloadable_assets":["https://gdb.martinoticias.com/6087679e-ee4e-4558-96db-58170f01e40c_w1600_r1_n_s.jpg"],"duration_display":"0:00","duration_seconds":null,"embed_url":null,"id":10998,"image_caption":null,"image_url":"https://gdb.martinoticias.com/6087679e-ee4e-4558-96db-58170f01e40c_w1600_r1_n_s.jpg","is_clip":false,"is_youtube_embed":false,"item_type":"photo","item_type_label":"Photo","language_label":"Espa\u00f1ol","media_credit":"Mario J. Pent\u00f3n","micro_label":"Photo","micro_label_kind":"gallery","network_label":"OCB","network_logo_url":"/static/uploads/direct_network_logos/ocb_0888427dcb1d.svg","published_at":"2026-08-31T17:01:56","published_at_display":"31 Aug 2026, 17:01 GMT","sequence_badge_label":null,"sequence_count":null,"sequence_count_label":null,"sequence_frames":[],"sequence_kind":null,"source_name":"radiotelevisionmarti_com_rss","source_name_label":"Radiotelevisionmarti","source_type":"rss","summary":"El acuerdo petrolero anunciado por Donald Trump y Delcy Rodr\u00edguez abre la puerta a una amplia participaci\u00f3n de EEUU en la explotaci\u00f3n de campos petroleros venezolanos, pero no implica la cesi\u00f3n de las reservas de crudo ni traer\u00e1 efectos inmediatos sobre el precio de la gasolina, advierte experto.","title":"EEUU no adquiri\u00f3 las reservas venezolanas y el acuerdo no abaratar\u00e1 pronto la gasolina, se\u00f1ala experto","topic":null,"translation_language":"","url":"https://www.martinoticias.com/a/eeuu-no-adquiri%c3%b3-las-reservas-venezolanas-y-el-acuerdo-no-abaratar%c3%a1-pronto-la-gasolina-se%c3%b1ala-experto/476659.html","video_url":null,"youtube_conversion_active":false,"youtube_conversion_error":"","youtube_conversion_status":""},{"article_body_paragraphs":[],"audio_source_url":null,"author":"Jorge Morej\u00f3n","available_dubs":[],"downloadable_assets":["https://gdb.martinoticias.com/856a2c05-c036-48bd-5aa5-08decd6ea425_w1600_r1_n_s.png"],"duration_display":"0:00","duration_seconds":null,"embed_url":null,"id":10962,"image_caption":null,"image_url":"https://gdb.martinoticias.com/856a2c05-c036-48bd-5aa5-08decd6ea425_w1600_r1_n_s.png","is_clip":false,"is_youtube_embed":false,"item_type":"photo","item_type_label":"Photo","language_label":"Espa\u00f1ol","media_credit":"Jorge Morej\u00f3n","micro_label":"Photo","micro_label_kind":"gallery","network_label":"OCB","network_logo_url":"/static/uploads/direct_network_logos/ocb_0888427dcb1d.svg","published_at":"2026-08-31T16:39:11","published_at_display":"31 Aug 2026, 16:39 GMT","sequence_badge_label":null,"sequence_count":null,"sequence_count_label":null,"sequence_frames":[],"sequence_kind":null,"source_name":"radiotelevisionmarti_com_rss","source_name_label":"Radiotelevisionmarti","source_type":"rss","summary":"L\u00e1zaro Montes, el prospecto de los Marineros de Seattle a quien se le compara con Yord\u00e1n Alvarez, fue llamado a Grandes Ligas, tras destrozar las Menores con 38 jonrones.","title":"Termin\u00f3 la espera: el cubano L\u00e1zaro Montes es llamado a Grandes Ligas","topic":null,"translation_language":"","url":"https://www.martinoticias.com/a/termino-la-espera-el-cubano-lazaro-montes-es-llamado-a-grandes-ligas/476658.html","video_url":null,"youtube_conversion_active":false,"youtube_conversion_error":"","youtube_conversion_status":""},{"article_body_paragraphs":[],"audio_source_url":null,"author":"Redacci\u00f3n Mart\u00ed Noticias","available_dubs":[],"downloadable_assets":["https://gdb.martinoticias.com/2eb29ff9-b557-47ee-85dd-175e8160a613_w1600_r1_n_s.jpg"],"duration_display":"0:00","duration_seconds":null,"embed_url":null,"id":10934,"image_caption":null,"image_url":"https://gdb.martinoticias.com/2eb29ff9-b557-47ee-85dd-175e8160a613_w1600_r1_n_s.jpg","is_clip":false,"is_youtube_embed":false,"item_type":"photo","item_type_label":"Photo","language_label":"Espa\u00f1ol","media_credit":"Redacci\u00f3n Mart\u00ed Noticias","micro_label":"Photo","micro_label_kind":"gallery","network_label":"OCB","network_logo_url":"/static/uploads/direct_network_logos/ocb_0888427dcb1d.svg","published_at":"2026-08-31T15:34:05","published_at_display":"31 Aug 2026, 15:34 GMT","sequence_badge_label":null,"sequence_count":null,"sequence_count_label":null,"sequence_frames":[],"sequence_kind":null,"source_name":"radiotelevisionmarti_com_rss","source_name_label":"Radiotelevisionmarti","source_type":"rss","summary":"Donald Trump calific\u00f3 a Ir\u00e1n como una \u201cnaci\u00f3n oficialmente fracasada\u201d, en medio de nuevas acusaciones sobre la crisis pol\u00edtica, econ\u00f3mica y militar que atraviesa el pa\u00eds y denuncias de represi\u00f3n contra manifestantes.","title":"\"Ir\u00e1n est\u00e1 muerta\", es una naci\u00f3n \"oficialmente fracasada\", afirma Trump","topic":null,"translation_language":"","url":"https://www.martinoticias.com/a/ir%c3%a1n-est%c3%a1-muerta-es-una-naci%c3%b3n-oficialmente-fracasada-afirma-trump/476652.html","video_url":null,"youtube_conversion_active":false,"youtube_conversion_error":"","youtube_conversion_status":""},{"article_body_paragraphs":[],"audio_source_url":null,"author":"Ariane Gonz\u00e1lez","available_dubs":[],"downloadable_assets":["https://gdb.martinoticias.com/85bf7d5a-6131-4a35-2c0b-08de3c04d4d2_w1600_r1_n_s.png"],"duration_display":"0:00","duration_seconds":null,"embed_url":null,"id":10898,"image_caption":null,"image_url":"https://gdb.martinoticias.com/85bf7d5a-6131-4a35-2c0b-08de3c04d4d2_w1600_r1_n_s.png","is_clip":false,"is_youtube_embed":false,"item_type":"photo","item_type_label":"Photo","language_label":"Espa\u00f1ol","media_credit":"Ariane Gonz\u00e1lez","micro_label":"Photo","micro_label_kind":"gallery","network_label":"OCB","network_logo_url":"/static/uploads/direct_network_logos/ocb_0888427dcb1d.svg","published_at":"2026-08-31T14:25:54","published_at_display":"31 Aug 2026, 14:25 GMT","sequence_badge_label":null,"sequence_count":null,"sequence_count_label":null,"sequence_frames":[],"sequence_kind":null,"source_name":"radiotelevisionmarti_com_rss","source_name_label":"Radiotelevisionmarti","source_type":"rss","summary":"La muerte de una anciana de 81 a\u00f1os tras un ataque feminicida en G\u00fcines reaviv\u00f3 las alertas sobre el impacto devastador de la violencia de g\u00e9nero en las familias cubanas, mientras organizaciones independientes advierten sobre la desprotecci\u00f3n de personas mayores, menores y dependientes...","title":"Confirman feminicidio 48 en lo que va de 2026 en Cuba tras muerte de anciana en G\u00fcines","topic":null,"translation_language":"","url":"https://www.martinoticias.com/a/confirman-feminicidio-48-en-lo-que-va-de-2026-en-cuba-tras-muerte-de-anciana-en-g%c3%bcines/476649.html","video_url":null,"youtube_conversion_active":false,"youtube_conversion_error":"","youtube_conversion_status":""},{"article_body_paragraphs":[],"audio_source_url":null,"author":"Redacci\u00f3n Mart\u00ed Noticias","available_dubs":[],"downloadable_assets":["https://gdb.martinoticias.com/c6f9c2a5-0b71-4da8-7c8c-08def2b1c8fe_w1600_r1_n_s.jpg"],"duration_display":"0:00","duration_seconds":null,"embed_url":null,"id":10845,"image_caption":null,"image_url":"https://gdb.martinoticias.com/c6f9c2a5-0b71-4da8-7c8c-08def2b1c8fe_w1600_r1_n_s.jpg","is_clip":false,"is_youtube_embed":false,"item_type":"photo","item_type_label":"Photo","language_label":"Espa\u00f1ol","media_credit":"Redacci\u00f3n Mart\u00ed Noticias","micro_label":"Photo","micro_label_kind":"gallery","network_label":"OCB","network_logo_url":"/static/uploads/direct_network_logos/ocb_0888427dcb1d.svg","published_at":"2026-08-31T12:41:29","published_at_display":"31 Aug 2026, 12:41 GMT","sequence_badge_label":null,"sequence_count":null,"sequence_count_label":null,"sequence_frames":[],"sequence_kind":null,"source_name":"radiotelevisionmarti_com_rss","source_name_label":"Radiotelevisionmarti","source_type":"rss","summary":"Emprender en Cuba se ha convertido en una carrera diaria contra los apagones, la escasez y la inflaci\u00f3n, mientras peque\u00f1os empresarios intentan mantener abiertos sus negocios en medio del desplome del turismo y nuevas presiones del Estado sobre el sector privado.","title":"Restaurantes privados en Cuba luchan por sobrevivir en medio de apagones, escasez e inflaci\u00f3n (VIDEO)","topic":null,"translation_language":"","url":"https://www.martinoticias.com/a/restaurantes-privados-en-cuba-luchan-por-sobrevivir-en-medio-de-apagones-escasez-e-inflaci%c3%b3n/476609.html","video_url":null,"youtube_conversion_active":false,"youtube_conversion_error":"","youtube_conversion_status":""},{"article_body_paragraphs":[],"audio_source_url":null,"author":"Redacci\u00f3n Mart\u00ed Noticias","available_dubs":[],"downloadable_assets":["https://gdb.martinoticias.com/94a30f61-20a2-4ce5-f549-08ddb878a439_w1600_r1_n_s.jpeg"],"duration_display":"0:00","duration_seconds":null,"embed_url":null,"id":10680,"image_caption":null,"image_url":"https://gdb.martinoticias.com/94a30f61-20a2-4ce5-f549-08ddb878a439_w1600_r1_n_s.jpeg","is_clip":false,"is_youtube_embed":false,"item_type":"photo","item_type_label":"Photo","language_label":"Espa\u00f1ol","media_credit":"Redacci\u00f3n Mart\u00ed Noticias","micro_label":"Photo","micro_label_kind":"gallery","network_label":"OCB","network_logo_url":"/static/uploads/direct_network_logos/ocb_0888427dcb1d.svg","published_at":"2026-08-30T19:36:57","published_at_display":"30 Aug 2026, 19:36 GMT","sequence_badge_label":null,"sequence_count":null,"sequence_count_label":null,"sequence_frames":[],"sequence_kind":null,"source_name":"radiotelevisionmarti_com_rss","source_name_label":"Radiotelevisionmarti","source_type":"rss","summary":"El exprisionero pol\u00edtico cubano Andy Garc\u00eda Lorenzo fue detenido en Santa Clara, Villa Clara, confirm\u00f3 su madre a Mart\u00ed Noticias. Familiares de Garc\u00eda Lorenzo acudieron a la tercera unidad policial de Santa Clara para exigir su liberaci\u00f3n tras conocer el arresto.","title":"Detenido en Santa Clara exprisionero pol\u00edtico del 11J Andy Garc\u00eda Lorenzo","topic":null,"translation_language":"","url":"https://www.martinoticias.com/a/detenido-en-santa-clara-exprisionero-pol%c3%adtico-del-11j-andy-garc%c3%ada-lorenzo/476608.html","video_url":null,"youtube_conversion_active":false,"youtube_conversion_error":"","youtube_conversion_status":""},{"article_body_paragraphs":[],"audio_source_url":null,"author":"Rolando N\u00e1poles","available_dubs":[],"downloadable_assets":["https://gdb.martinoticias.com/631590bc-e713-4291-0414-08decd63a0c8_w1600_r1_n_s.jpg"],"duration_display":"0:00","duration_seconds":null,"embed_url":null,"id":10681,"image_caption":null,"image_url":"https://gdb.martinoticias.com/631590bc-e713-4291-0414-08decd63a0c8_w1600_r1_n_s.jpg","is_clip":false,"is_youtube_embed":false,"item_type":"photo","item_type_label":"Photo","language_label":"Espa\u00f1ol","media_credit":"Rolando N\u00e1poles","micro_label":"Photo","micro_label_kind":"gallery","network_label":"OCB","network_logo_url":"/static/uploads/direct_network_logos/ocb_0888427dcb1d.svg","published_at":"2026-08-30T19:07:41","published_at_display":"30 Aug 2026, 19:07 GMT","sequence_badge_label":null,"sequence_count":null,"sequence_count_label":null,"sequence_frames":[],"sequence_kind":null,"source_name":"radiotelevisionmarti_com_rss","source_name_label":"Radiotelevisionmarti","source_type":"rss","summary":"El r\u00e9gimen cubano podr\u00eda anunciar esta semana nuevas medidas econ\u00f3micas que permitir\u00edan a negocios privados importar y exportar sin mediaci\u00f3n estatal, y ampliar\u00eda derechos de inversionistas extranjeros, en medio de crecientes dudas sobre el alcance real de las reformas impulsadas por La Habana.","title":"Cuba anunciar\u00eda nuevas reformas a inversiones y sector privado, seg\u00fan medio estadounidense","topic":null,"translation_language":"","url":"https://www.martinoticias.com/a/cuba-anunciar%c3%ada-nuevas-reformas-a-inversiones-y-sector-privado-seg%c3%ban-medio-estadounidense/476607.html","video_url":null,"youtube_conversion_active":false,"youtube_conversion_error":"","youtube_conversion_status":""},{"article_body_paragraphs":[],"audio_source_url":null,"author":"Yolanda Huerga","available_dubs":[],"downloadable_assets":["https://gdb.martinoticias.com/b16d4880-8e13-4b62-7c8a-08def2b1c8fe_cx0_cy46_cw0_w1600_r1_n_s.jpg"],"duration_display":"0:00","duration_seconds":null,"embed_url":null,"id":10664,"image_caption":null,"image_url":"https://gdb.martinoticias.com/b16d4880-8e13-4b62-7c8a-08def2b1c8fe_cx0_cy46_cw0_w1600_r1_n_s.jpg","is_clip":false,"is_youtube_embed":false,"item_type":"photo","item_type_label":"Photo","language_label":"Espa\u00f1ol","media_credit":"Yolanda Huerga","micro_label":"Photo","micro_label_kind":"gallery","network_label":"OCB","network_logo_url":"/static/uploads/direct_network_logos/ocb_0888427dcb1d.svg","published_at":"2026-08-30T18:14:37","published_at_display":"30 Aug 2026, 18:14 GMT","sequence_badge_label":null,"sequence_count":null,"sequence_count_label":null,"sequence_frames":[],"sequence_kind":null,"source_name":"radiotelevisionmarti_com_rss","source_name_label":"Radiotelevisionmarti","source_type":"rss","summary":"Una red de corrupci\u00f3n, abuso de poder y violencia delegada controla los centros penitenciarios de la provincia de Granma.","title":"As\u00ed funciona la estructura de \"control y extorsi\u00f3n\" que opera en las c\u00e1rceles de Granma","topic":null,"translation_language":"","url":"https://www.martinoticias.com/a/as%c3%ad-funciona-la-estructura-de-control-y-extorsi%c3%b3n-que-opera-en-las-c%c3%a1rceles-de-granma/476602.html","video_url":null,"youtube_conversion_active":false,"youtube_conversion_error":"","youtube_conversion_status":""},{"article_body_paragraphs":[],"audio_source_url":null,"author":"Yolanda Huerga","available_dubs":[],"downloadable_assets":["https://gdb.martinoticias.com/baf972ac-927c-4493-5aa4-08decd6ea425_w1600_r1_n_s.jpg"],"duration_display":"0:00","duration_seconds":null,"embed_url":null,"id":10646,"image_caption":null,"image_url":"https://gdb.martinoticias.com/baf972ac-927c-4493-5aa4-08decd6ea425_w1600_r1_n_s.jpg","is_clip":false,"is_youtube_embed":false,"item_type":"photo","item_type_label":"Photo","language_label":"Espa\u00f1ol","media_credit":"Yolanda Huerga","micro_label":"Photo","micro_label_kind":"gallery","network_label":"OCB","network_logo_url":"/static/uploads/direct_network_logos/ocb_0888427dcb1d.svg","published_at":"2026-08-30T17:30:05","published_at_display":"30 Aug 2026, 17:30 GMT","sequence_badge_label":null,"sequence_count":null,"sequence_count_label":null,"sequence_frames":[],"sequence_kind":null,"source_name":"radiotelevisionmarti_com_rss","source_name_label":"Radiotelevisionmarti","source_type":"rss","summary":"La verdad sali\u00f3 a la luz p\u00fablica a trav\u00e9s de una carta clandestina enviada por el propio prisionero desde el penal, en la que desmiente la versi\u00f3n que la Seguridad del Estado hab\u00eda comunicado previamente a sus allegados.","title":"Trasladan a r\u00e9gimen de mayor severidad al preso pol\u00edtico \u00c1ngel Serrano tras sufrir golpiza en prisi\u00f3n","topic":null,"translation_language":"","url":"https://www.martinoticias.com/a/trasladan-a-r%c3%a9gimen-de-mayor-severidad-al-preso-pol%c3%adtico-%c3%a1ngel-serrano-tras-sufrir-golpiza-en-prisi%c3%b3n/476604.html","video_url":null,"youtube_conversion_active":false,"youtube_conversion_error":"","youtube_conversion_status":""},{"article_body_paragraphs":[],"audio_source_url":null,"author":"Redacci\u00f3n Mart\u00ed Noticias","available_dubs":[],"downloadable_assets":["https://gdb.martinoticias.com/38b7d40c-303e-441c-8834-f83d561cbb61_w1600_r1_n_s.jpg"],"duration_display":"0:00","duration_seconds":null,"embed_url":null,"id":10635,"image_caption":null,"image_url":"https://gdb.martinoticias.com/38b7d40c-303e-441c-8834-f83d561cbb61_w1600_r1_n_s.jpg","is_clip":false,"is_youtube_embed":false,"item_type":"photo","item_type_label":"Photo","language_label":"Espa\u00f1ol","media_credit":"Redacci\u00f3n Mart\u00ed Noticias","micro_label":"Photo","micro_label_kind":"gallery","network_label":"OCB","network_logo_url":"/static/uploads/direct_network_logos/ocb_0888427dcb1d.svg","published_at":"2026-08-30T16:47:31","published_at_display":"30 Aug 2026, 16:47 GMT","sequence_badge_label":null,"sequence_count":null,"sequence_count_label":null,"sequence_frames":[],"sequence_kind":null,"source_name":"radiotelevisionmarti_com_rss","source_name_label":"Radiotelevisionmarti","source_type":"rss","summary":"Trump anunci\u00f3 que utilizar\u00e1 petr\u00f3leo venezolano para reabastecer las Reservas Estrat\u00e9gicas de Petr\u00f3leo de EEUU. \"El proceso para llevarlas a su m\u00e1xima capacidad comenzar\u00e1 muy pronto, y es un regalo de Venezuela para el pueblo de los Estados Unidos\", afirm\u00f3 el presidente estadounidense.","title":"EEUU usar\u00e1 petr\u00f3leo venezolano para reabastecer su reserva estrat\u00e9gica, afirma Trump","topic":null,"translation_language":"","url":"https://www.martinoticias.com/a/eeuu-usar%c3%a1-petr%c3%b3leo-venezolano-para-reabastecer-su-reserva-estrat%c3%a9gica-afirma-trump/476603.html","video_url":null,"youtube_conversion_active":false,"youtube_conversion_error":"","youtube_conversion_status":""},{"article_body_paragraphs":[],"audio_source_url":null,"author":"Rolando N\u00e1poles","available_dubs":[],"downloadable_assets":["https://gdb.martinoticias.com/2C4B2DF0-1DFA-4767-B761-A287109F28E7_w1600_r1_n_s.jpg"],"duration_display":"0:00","duration_seconds":null,"embed_url":null,"id":10607,"image_caption":null,"image_url":"https://gdb.martinoticias.com/2C4B2DF0-1DFA-4767-B761-A287109F28E7_w1600_r1_n_s.jpg","is_clip":false,"is_youtube_embed":false,"item_type":"photo","item_type_label":"Photo","language_label":"Espa\u00f1ol","media_credit":"Rolando N\u00e1poles","micro_label":"Photo","micro_label_kind":"gallery","network_label":"OCB","network_logo_url":"/static/uploads/direct_network_logos/ocb_0888427dcb1d.svg","published_at":"2026-08-30T15:09:40","published_at_display":"30 Aug 2026, 15:09 GMT","sequence_badge_label":null,"sequence_count":null,"sequence_count_label":null,"sequence_frames":[],"sequence_kind":null,"source_name":"radiotelevisionmarti_com_rss","source_name_label":"Radiotelevisionmarti","source_type":"rss","summary":"El padre del preso pol\u00edtico cubano Walnier Luis Aguilar denunci\u00f3 que las autoridades de la prisi\u00f3n de Sancti Sp\u00edritus le impidieron visitar a su hijo, pese a recorrer m\u00e1s de 300 kil\u00f3metros desde La Habana junto a su familia.","title":"Familia de Walnier Aguilar viaja m\u00e1s de 300 kil\u00f3metros y les niegan visita en c\u00e1rcel de Sancti Sp\u00edritus","topic":null,"translation_language":"","url":"https://www.martinoticias.com/a/familia-de-walnier-aguilar-viaja-m%c3%a1s-de-300-kil%c3%b3metros-y-les-niegan-visita-en-c%c3%a1rcel-de-sancti-sp%c3%adritus/476601.html","video_url":null,"youtube_conversion_active":false,"youtube_conversion_error":"","youtube_conversion_status":""},{"article_body_paragraphs":[],"audio_source_url":null,"author":"Jorge Morej\u00f3n","available_dubs":[],"downloadable_assets":["https://gdb.martinoticias.com/1e885b98-3883-441a-8c96-9547a89dc4a4_w1600_r1_n_s.jpg"],"duration_display":"0:00","duration_seconds":null,"embed_url":null,"id":10582,"image_caption":null,"image_url":"https://gdb.martinoticias.com/1e885b98-3883-441a-8c96-9547a89dc4a4_w1600_r1_n_s.jpg","is_clip":false,"is_youtube_embed":false,"item_type":"photo","item_type_label":"Photo","language_label":"Espa\u00f1ol","media_credit":"Jorge Morej\u00f3n","micro_label":"Photo","micro_label_kind":"gallery","network_label":"OCB","network_logo_url":"/static/uploads/direct_network_logos/ocb_0888427dcb1d.svg","published_at":"2026-08-30T14:28:34","published_at_display":"30 Aug 2026, 14:28 GMT","sequence_badge_label":null,"sequence_count":null,"sequence_count_label":null,"sequence_frames":[],"sequence_kind":null,"source_name":"radiotelevisionmarti_com_rss","source_name_label":"Radiotelevisionmarti","source_type":"rss","summary":"Los Mets colocaron a Luis Robert Jr. en waivers, una decisi\u00f3n sorpresiva en medio del mejor momento ofensivo del cubano en 2026.","title":"Los Mets ponen al cubano Luis Robert Jr. en la lista de waivers","topic":null,"translation_language":"","url":"https://www.martinoticias.com/a/los-mets-ponen-al-cubano-luis-robert-en-la-lista-de-waivers/476600.html","video_url":null,"youtube_conversion_active":false,"youtube_conversion_error":"","youtube_conversion_status":""}],"next_num":5,"page":4,"pages":24,"per_page":20,"prev_num":3,"total":473}
