{"applied_filters":{"end_date":"","lang":"","language":"","network":"OCB","page":4,"per_page":20,"search":"","source":"","start_date":"","topic":"","type":"video"},"available_filters":{"language_choices":[{"label":"Choose Language","value":""},{"label":"English","value":"English"},{"label":"Espa\u00f1ol","value":"Espa\u00f1ol"}],"network_choices":[{"label":"All networks","value":""},{"label":"OCB","value":"OCB"}],"source_choices":[{"label":"All sources","value":""},{"label":"Manual Ocb Espanol","value":"manual_ocb_espanol"},{"label":"OCB Spanish Video","value":"ocb_spanish_video_scrape"},{"label":"Radiotelevisionmarti","value":"radiotelevisionmarti_com_rss"},{"label":"TV Mart\u00ed Noticias YouTube","value":"tv_marti_noticias_youtube_playlists"}],"sources":["manual_ocb_espanol","ocb_spanish_video_scrape","radiotelevisionmarti_com_rss","tv_marti_noticias_youtube_playlists"],"topics":["Am\u00e9rica Latina, VENEZUELA, Maiquetia","Asuntos de Estado","Audiovisuales Mart\u00ed","Audiovisuales Mart\u00ed, Cuba turismo, crisis del turismo en Cuba","Audiovisuales Mart\u00ed, VENEZUELA, apagones","Como Come Cuba, cuba, Como Come Cuba","Cuba Habla","Cuba Habla, Cuba","Cuba al D\u00eda, Cuba","Derechos Humanos, cuba, exilio, c\u00e1ncer, Ram\u00f3n Sa\u00fal S\u00e1nchez","Especiales, Exilio cubano, Freedom tower, \"Libertad\", Torre de la Libertad de Miami, Exilio cubano en Miami","Especiales, jos\u00e9 mart\u00ed, Exilio cubano","Esperando un techo, cuba, crisis, vivienda, derrumbes, techo, paredes, EsperandounTecho","Info Mart\u00ed","Info Mart\u00ed , Brigada 2506","Info Mart\u00ed , Cuba","Info Mart\u00ed , Estados Unidos, Colombia","Info Mart\u00ed , Estados Unidos, VENEZUELA","Info Mart\u00ed , estados unidos, Venezuela","Info Mart\u00ed , presos politicos, torturas, VENEZUELA","Kentu-Cubano, cuba, cubanos, Kentucky, migrantes, KentoCubano","Las Noticias Como Son, Cuba","Mart\u00ed Noticias AM","Mart\u00ed en el Mundial 2026","Noticiero Mart\u00ed Noticias","Noticiero Mart\u00ed Noticias, Cuba","Ser Madre en cuba, cuba, hambre, r\u00e9gimen, madre, negligencia, Testimonios, Crisis Econ\u00f3mica, madre cubana, Crisis Alimentaria","Ser viejo en Cuba, cuba, cubanos, crisis, alimentos, ancianos, viejos, vejez"],"types":[["","All types"],["article","Articles"],["audio","Audio"],["video","Videos"],["clips","Clips"],["media","Media"]]},"has_next":true,"has_prev":true,"items":[{"article_body_paragraphs":[],"audio_source_url":null,"author":"Mart\u00ed Noticias","available_dubs":[],"downloadable_assets":["https://ocb-video-ns.akamaized.net/pangeavideo/2026/08/f/f3/f307e319-47a1-4f6b-bc07-08def2b1d8dc_1080p.mp4?cb=ee20c5d34"],"duration_display":"1:00","duration_seconds":60.0,"embed_url":null,"id":12728,"image_caption":null,"image_url":"https://gdb.martinoticias.com/f307e319-47a1-4f6b-bc07-08def2b1d8dc_tv_w1080_h608.jpg","is_clip":true,"is_youtube_embed":false,"item_type":"video","item_type_label":"Video","language_label":"Espa\u00f1ol","media_credit":"Mart\u00ed Noticias","micro_label":"Video report","micro_label_kind":"video","network_label":"OCB","network_logo_url":"/static/uploads/direct_network_logos/ocb_0888427dcb1d.svg","published_at":"2026-08-12T11:00:00","published_at_display":"12 Aug 2026, 11:00 GMT","sequence_badge_label":null,"sequence_count":null,"sequence_count_label":null,"sequence_frames":[],"sequence_kind":null,"source_name":"ocb_spanish_video_scrape","source_name_label":"OCB Spanish Video","source_type":"scrape","summary":"Ciudadana desde La Habana habla de la crisis por falta de agua en Cuba.","title":"Cuba Habla: \"\u00bfTu crees que se puede hacer algo sin agua?\u201d","topic":"Cuba Habla, Cuba","translation_language":"","url":"https://www.martinoticias.com/a/cuba-habla-tu-crees-que-se-puede-hacer-algo-sin-agua/474484.html","video_url":"https://ocb-video-ns.akamaized.net/pangeavideo/2026/08/f/f3/f307e319-47a1-4f6b-bc07-08def2b1d8dc_1080p.mp4?cb=ee20c5d34","youtube_conversion_active":false,"youtube_conversion_error":"","youtube_conversion_status":""},{"article_body_paragraphs":[],"audio_source_url":null,"author":"Mart\u00ed Noticias","available_dubs":[],"downloadable_assets":["https://ocb-video-ns.akamaized.net/pangeavideo/2026/08/8/81/8152b060-1f7f-4e5c-5a32-08decd6ea425_1080p.mp4?cb=ee20c5ae8"],"duration_display":"0:38","duration_seconds":38.0,"embed_url":null,"id":12729,"image_caption":null,"image_url":"https://gdb.martinoticias.com/8152b060-1f7f-4e5c-5a32-08decd6ea425_tv_w1080_h608.jpg","is_clip":true,"is_youtube_embed":false,"item_type":"video","item_type_label":"Video","language_label":"Espa\u00f1ol","media_credit":"Mart\u00ed Noticias","micro_label":"Video report","micro_label_kind":"video","network_label":"OCB","network_logo_url":"/static/uploads/direct_network_logos/ocb_0888427dcb1d.svg","published_at":"2026-08-11T11:00:00","published_at_display":"11 Aug 2026, 11:00 GMT","sequence_badge_label":null,"sequence_count":null,"sequence_count_label":null,"sequence_frames":[],"sequence_kind":null,"source_name":"ocb_spanish_video_scrape","source_name_label":"OCB Spanish Video","source_type":"scrape","summary":"\u201cToda la culpa de todo la tiene el gobierno\u201d asevera habanero desde la isla.","title":"Cuba Habla: \"Quince d\u00edas\u201d","topic":"Cuba Habla, Cuba","translation_language":"","url":"https://www.martinoticias.com/a/cuba-habla-quince-d%C3%ADas/474483.html","video_url":"https://ocb-video-ns.akamaized.net/pangeavideo/2026/08/8/81/8152b060-1f7f-4e5c-5a32-08decd6ea425_1080p.mp4?cb=ee20c5ae8","youtube_conversion_active":false,"youtube_conversion_error":"","youtube_conversion_status":""},{"article_body_paragraphs":[],"audio_source_url":null,"author":"Mart\u00ed Noticias","available_dubs":[],"downloadable_assets":["https://ocb-video-ns.akamaized.net/pangeavideo/2026/08/2/2d/2df2ff2a-39d1-4e7c-5a10-08decd6ea425_1080p.mp4?cb=ee2045e37"],"duration_display":"1:21","duration_seconds":81.0,"embed_url":null,"id":12730,"image_caption":null,"image_url":"https://gdb.martinoticias.com/2df2ff2a-39d1-4e7c-5a10-08decd6ea425_tv_w1080_h608.jpg","is_clip":true,"is_youtube_embed":false,"item_type":"video","item_type_label":"Video","language_label":"Espa\u00f1ol","media_credit":"Mart\u00ed Noticias","micro_label":"Video report","micro_label_kind":"video","network_label":"OCB","network_logo_url":"/static/uploads/direct_network_logos/ocb_0888427dcb1d.svg","published_at":"2026-08-10T11:00:00","published_at_display":"10 Aug 2026, 11:00 GMT","sequence_badge_label":null,"sequence_count":null,"sequence_count_label":null,"sequence_frames":[],"sequence_kind":null,"source_name":"ocb_spanish_video_scrape","source_name_label":"OCB Spanish Video","source_type":"scrape","summary":"\"Es bestial\" asegura residente en la capital sobre la falta de agua.","title":"Cuba Habla: \"Uno se siente mal\"","topic":"Cuba Habla, Cuba","translation_language":"","url":"https://www.martinoticias.com/a/cuba-habla-uno-se-siente-mal/473667.html","video_url":"https://ocb-video-ns.akamaized.net/pangeavideo/2026/08/2/2d/2df2ff2a-39d1-4e7c-5a10-08decd6ea425_1080p.mp4?cb=ee2045e37","youtube_conversion_active":false,"youtube_conversion_error":"","youtube_conversion_status":""},{"article_body_paragraphs":["An\u00e1lisis, emoci\u00f3n y toda la informaci\u00f3n del torneo m\u00e1s grande de la historia, con 48 selecciones y tres sedes, directo al pueblo de Cuba."],"audio_source_url":null,"author":"Jos\u00e9 \"Pepe\" Lacayo","available_dubs":[],"downloadable_assets":["https://focalgroup.s3.us-east-1.amazonaws.com/direct/uploads/manual/videos/2026/09/03/user_4/20260903121938_a786d2232cae.mp4"],"duration_display":"0:00","duration_seconds":null,"embed_url":null,"id":13936,"image_caption":null,"image_url":"https://focalgroup.s3.us-east-1.amazonaws.com/direct/uploads/manual/images/2026/09/03/user_4/20260903122704_80a7eabc6f8c.avif","is_clip":false,"is_youtube_embed":false,"item_type":"video","item_type_label":"Video","language_label":"Espa\u00f1ol","media_credit":"Jos\u00e9 \"Pepe\" Lacayo","micro_label":"Video report","micro_label_kind":"video","network_label":"OCB","network_logo_url":"/static/uploads/direct_network_logos/ocb_0888427dcb1d.svg","published_at":"2026-07-17T12:00:00","published_at_display":"17 Jul 2026, 12:00 GMT","sequence_badge_label":null,"sequence_count":null,"sequence_count_label":null,"sequence_frames":[],"sequence_kind":null,"source_name":"manual_ocb_espanol","source_name_label":"OCB","source_type":"manual","summary":"Comienza \u201cMart\u00ed en el Mundial\u201d, la cobertura especial de Radio Mart\u00ed para vivir la Copa del Mundo 2026 d\u00eda a d\u00eda.","title":"Mart\u00ed en el Mundial 2026","topic":"Mart\u00ed en el Mundial 2026","translation_language":"","url":"https://www.martinoticias.com/a/mart%C3%AD-en-el-mundial-2026/471513.html?withmediaplayer=1","video_url":"https://focalgroup.s3.us-east-1.amazonaws.com/direct/uploads/manual/videos/2026/09/03/user_4/20260903121938_a786d2232cae.mp4","youtube_conversion_active":false,"youtube_conversion_error":"","youtube_conversion_status":""},{"article_body_paragraphs":[],"audio_source_url":null,"author":"Jany Gonz\u00e1lez","available_dubs":[],"downloadable_assets":["https://ocb-video-ns.akamaized.net/pangeavideo/2026/06/4/4a/4ac2c504-c984-4315-02b2-08decd63a0c8_1080p.mp4?cb=ee1d61e6b"],"duration_display":"17:29","duration_seconds":1049.0,"embed_url":null,"id":12736,"image_caption":null,"image_url":"https://gdb.martinoticias.com/4ac2c504-c984-4315-02b2-08decd63a0c8_tv_w1080_h608.jpg","is_clip":false,"is_youtube_embed":false,"item_type":"video","item_type_label":"Video","language_label":"Espa\u00f1ol","media_credit":"Jany Gonz\u00e1lez","micro_label":"Video report","micro_label_kind":"video","network_label":"OCB","network_logo_url":"/static/uploads/direct_network_logos/ocb_0888427dcb1d.svg","published_at":"2026-06-30T20:30:20","published_at_display":"30 Jun 2026, 20:30 GMT","sequence_badge_label":null,"sequence_count":null,"sequence_count_label":null,"sequence_frames":[],"sequence_kind":null,"source_name":"ocb_spanish_video_scrape","source_name_label":"OCB Spanish Video","source_type":"scrape","summary":"Jos\u00e9 Daniel Ferrer es mucho m\u00e1s que un l\u00edder opositor. Es un padre, un esposo y un hombre que ha pagado un alto precio por mantenerse firme en sus convicciones. Esta es la historia de su lucha y resistencia.","title":"\u201cMe humillaron pero no me doblegaron\u201d: La historia de Jos\u00e9 Daniel Ferrer","topic":"Audiovisuales Mart\u00ed","translation_language":"","url":"https://www.martinoticias.com/a/me-humillaron-pero-no-me-doblegaron-la-historia-de-jos%C3%A9-daniel-ferrer/469805.html","video_url":"https://ocb-video-ns.akamaized.net/pangeavideo/2026/06/4/4a/4ac2c504-c984-4315-02b2-08decd63a0c8_1080p.mp4?cb=ee1d61e6b","youtube_conversion_active":false,"youtube_conversion_error":"","youtube_conversion_status":""},{"article_body_paragraphs":[],"audio_source_url":null,"author":"Mart\u00ed Noticias","available_dubs":[],"downloadable_assets":["https://ocb-video-ns.akamaized.net/pangeavideo/2026/06/8/87/87953cd7-c533-4db5-abec-08decd4f1c2d_1080p.mp4?cb=ee1d61dcc"],"duration_display":"24:35","duration_seconds":1475.0,"embed_url":null,"id":12740,"image_caption":null,"image_url":"https://gdb.martinoticias.com/87953cd7-c533-4db5-abec-08decd4f1c2d_tv_w1080_h608.jpg","is_clip":false,"is_youtube_embed":false,"item_type":"video","item_type_label":"Video","language_label":"Espa\u00f1ol","media_credit":"Mart\u00ed Noticias","micro_label":"Video report","micro_label_kind":"video","network_label":"OCB","network_logo_url":"/static/uploads/direct_network_logos/ocb_0888427dcb1d.svg","published_at":"2026-06-30T20:27:56","published_at_display":"30 Jun 2026, 20:27 GMT","sequence_badge_label":null,"sequence_count":null,"sequence_count_label":null,"sequence_frames":[],"sequence_kind":null,"source_name":"ocb_spanish_video_scrape","source_name_label":"OCB Spanish Video","source_type":"scrape","summary":"Especial que sigue la trayectoria hist\u00f3rica de los 15 a\u00f1os de Jos\u00e9 Mart\u00ed en el exilio","title":"El Exilio de Mart\u00ed","topic":"Especiales, jos\u00e9 mart\u00ed, Exilio cubano","translation_language":"","url":"https://www.martinoticias.com/a/el-exilio-de-mart%C3%AD/469803.html","video_url":"https://ocb-video-ns.akamaized.net/pangeavideo/2026/06/8/87/87953cd7-c533-4db5-abec-08decd4f1c2d_1080p.mp4?cb=ee1d61dcc","youtube_conversion_active":false,"youtube_conversion_error":"","youtube_conversion_status":""},{"article_body_paragraphs":[],"audio_source_url":null,"author":"Mario J. Pent\u00f3n","available_dubs":[],"downloadable_assets":["https://ocb-video-ns.akamaized.net/pangeavideo/2026/06/e/eb/eb97d38d-cc14-49f4-593d-08decd6ea425_1080p.mp4?cb=ee1d4e212"],"duration_display":"9:38","duration_seconds":578.0,"embed_url":null,"id":12739,"image_caption":null,"image_url":"https://gdb.martinoticias.com/eb97d38d-cc14-49f4-593d-08decd6ea425_tv_w1080_h608.jpg","is_clip":false,"is_youtube_embed":false,"item_type":"video","item_type_label":"Video","language_label":"Espa\u00f1ol","media_credit":"Mario J. Pent\u00f3n","micro_label":"Video report","micro_label_kind":"video","network_label":"OCB","network_logo_url":"/static/uploads/direct_network_logos/ocb_0888427dcb1d.svg","published_at":"2026-06-29T21:54:51","published_at_display":"29 Jun 2026, 21:54 GMT","sequence_badge_label":null,"sequence_count":null,"sequence_count_label":null,"sequence_frames":[],"sequence_kind":null,"source_name":"ocb_spanish_video_scrape","source_name_label":"OCB Spanish Video","source_type":"scrape","summary":"Libertad: una palabra breve, pero inmensa. Para quienes han vivido bajo el autoritarismo, como en Cuba es una necesidad vital. En Miami, esa palabra tiene forma, silueta y memoria: la Torre de la Libertad, que acaba de cumplir 100 a\u00f1os de historia.","title":"Los 100 de la Torre","topic":"Especiales, Exilio cubano, Freedom tower, \"Libertad\", Torre de la Libertad de Miami, Exilio cubano en Miami","translation_language":"","url":"https://www.martinoticias.com/a/los-100-de-la-torre/469723.html","video_url":"https://ocb-video-ns.akamaized.net/pangeavideo/2026/06/e/eb/eb97d38d-cc14-49f4-593d-08decd6ea425_1080p.mp4?cb=ee1d4e212","youtube_conversion_active":false,"youtube_conversion_error":"","youtube_conversion_status":""},{"article_body_paragraphs":[],"audio_source_url":null,"author":"Rolando N\u00e1poles","available_dubs":[],"downloadable_assets":["https://ocb-video-ns.akamaized.net/pangeavideo/2026/06/5/5e/5e6451c6-27a2-44bd-fb57-08decd3a80a4_1080p.mp4?cb=ee1d48a19"],"duration_display":"9:42","duration_seconds":582.0,"embed_url":null,"id":12734,"image_caption":null,"image_url":"https://gdb.martinoticias.com/5e6451c6-27a2-44bd-fb57-08decd3a80a4_tv_w1080_h608.jpg","is_clip":false,"is_youtube_embed":false,"item_type":"video","item_type_label":"Video","language_label":"Espa\u00f1ol","media_credit":"Rolando N\u00e1poles","micro_label":"Video report","micro_label_kind":"video","network_label":"OCB","network_logo_url":"/static/uploads/direct_network_logos/ocb_0888427dcb1d.svg","published_at":"2026-06-29T15:45:29","published_at_display":"29 Jun 2026, 15:45 GMT","sequence_badge_label":null,"sequence_count":null,"sequence_count_label":null,"sequence_frames":[],"sequence_kind":null,"source_name":"ocb_spanish_video_scrape","source_name_label":"OCB Spanish Video","source_type":"scrape","summary":"Legado 2506: el nuevo museo que mantiene viva la gesta que pudo cambiar el destino de Cuba.","title":"El museo en Miami que mantiene vivo el Legado 2506","topic":"Info Mart\u00ed , Brigada 2506","translation_language":"","url":"https://www.martinoticias.com/a/el-museo-en-miami-que-mantiene-vivo-el-legado-2506/469706.html","video_url":"https://ocb-video-ns.akamaized.net/pangeavideo/2026/06/5/5e/5e6451c6-27a2-44bd-fb57-08decd3a80a4_1080p.mp4?cb=ee1d48a19","youtube_conversion_active":false,"youtube_conversion_error":"","youtube_conversion_status":""},{"article_body_paragraphs":[],"audio_source_url":null,"author":"Mart\u00ed Noticias","available_dubs":[],"downloadable_assets":["https://ocb-video-ns.akamaized.net/pangeavideo/2026/06/e/e7/e788bf4e-a46c-42de-abcb-08decd4f1c2d_1080p.mp4?cb=ee1e0a1bd"],"duration_display":"8:59","duration_seconds":539.0,"embed_url":null,"id":12735,"image_caption":null,"image_url":"https://gdb.martinoticias.com/e788bf4e-a46c-42de-abcb-08decd4f1c2d_tv_w1080_h608.jpg","is_clip":false,"is_youtube_embed":false,"item_type":"video","item_type_label":"Video","language_label":"Espa\u00f1ol","media_credit":"Mart\u00ed Noticias","micro_label":"Video report","micro_label_kind":"video","network_label":"OCB","network_logo_url":"/static/uploads/direct_network_logos/ocb_0888427dcb1d.svg","published_at":"2026-06-26T19:54:26","published_at_display":"26 Jun 2026, 19:54 GMT","sequence_badge_label":null,"sequence_count":null,"sequence_count_label":null,"sequence_frames":[],"sequence_kind":null,"source_name":"ocb_spanish_video_scrape","source_name_label":"OCB Spanish Video","source_type":"scrape","summary":"En este reportaje especial, el periodista Jos\u00e9 Pernalete nos sumerge en las historias de los \"Caza-Huracanes\": cient\u00edficos y tripulantes que desaf\u00edan turbulencias brutales y vientos de 250 km/h, arriesg\u00e1ndolo todo en el cielo para proteger a millones de vidas en tierra.","title":"Cazadores de huracanes: Los cient\u00edficos que vuelan al coraz\u00f3n del infierno.","topic":"Audiovisuales Mart\u00ed","translation_language":"","url":"https://www.martinoticias.com/a/cazadores-de-tormentas-los-cient%C3%ADficos-que-vuelan-al-coraz%C3%B3n-del-infierno/469528.html","video_url":"https://ocb-video-ns.akamaized.net/pangeavideo/2026/06/e/e7/e788bf4e-a46c-42de-abcb-08decd4f1c2d_1080p.mp4?cb=ee1e0a1bd","youtube_conversion_active":false,"youtube_conversion_error":"","youtube_conversion_status":""},{"article_body_paragraphs":[],"audio_source_url":null,"author":"Jany Gonz\u00e1lez","available_dubs":[],"downloadable_assets":["https://ocb-video-ns.akamaized.net/pangeavideo/2026/06/5/59/597d071d-a3c8-442a-e43d-08decd478c11_1080p.mp4?cb=ee1ec46b0"],"duration_display":"12:24","duration_seconds":744.0,"embed_url":null,"id":12731,"image_caption":null,"image_url":"https://gdb.martinoticias.com/597d071d-a3c8-442a-e43d-08decd478c11_tv_w1080_h608.jpg","is_clip":false,"is_youtube_embed":false,"item_type":"video","item_type_label":"Video","language_label":"Espa\u00f1ol","media_credit":"Jany Gonz\u00e1lez","micro_label":"Video report","micro_label_kind":"video","network_label":"OCB","network_logo_url":"/static/uploads/direct_network_logos/ocb_0888427dcb1d.svg","published_at":"2026-06-24T21:05:30","published_at_display":"24 Jun 2026, 21:05 GMT","sequence_badge_label":null,"sequence_count":null,"sequence_count_label":null,"sequence_frames":[],"sequence_kind":null,"source_name":"ocb_spanish_video_scrape","source_name_label":"OCB Spanish Video","source_type":"scrape","summary":"En un reportaje desde el Centro Espacial Kennedy, un equipo de Mart\u00ed Noticias documenta la huella, el talento y la pasi\u00f3n de los profesionales hispanos de la NASA que lideran el hist\u00f3rico regreso a la Luna con la misi\u00f3n Artemis II.","title":"Hispanos en la NASA: Regreso a la Luna con el Artemis II","topic":"Info Mart\u00ed","translation_language":"","url":"https://www.martinoticias.com/a/hispanos-en-la-nasa-regreso-a-la-luna-con-el-artemis-ii/469367.html","video_url":"https://ocb-video-ns.akamaized.net/pangeavideo/2026/06/5/59/597d071d-a3c8-442a-e43d-08decd478c11_1080p.mp4?cb=ee1ec46b0","youtube_conversion_active":false,"youtube_conversion_error":"","youtube_conversion_status":""},{"article_body_paragraphs":[],"audio_source_url":null,"author":"Mart\u00ed Noticias","available_dubs":[],"downloadable_assets":["https://ocb-video-ns.akamaized.net/pangeavideo/2026/06/d/de/de56b006-6f97-4769-5908-08decd6ea425_1080p.mp4?cb=ee1ca4806"],"duration_display":"13:33","duration_seconds":813.0,"embed_url":null,"id":12732,"image_caption":null,"image_url":"https://gdb.martinoticias.com/de56b006-6f97-4769-5908-08decd6ea425_tv_w1080_h608.jpg","is_clip":false,"is_youtube_embed":false,"item_type":"video","item_type_label":"Video","language_label":"Espa\u00f1ol","media_credit":"Mart\u00ed Noticias","micro_label":"Video report","micro_label_kind":"video","network_label":"OCB","network_logo_url":"/static/uploads/direct_network_logos/ocb_0888427dcb1d.svg","published_at":"2026-06-21T21:00:54","published_at_display":"21 Jun 2026, 21:00 GMT","sequence_badge_label":null,"sequence_count":null,"sequence_count_label":null,"sequence_frames":[],"sequence_kind":null,"source_name":"ocb_spanish_video_scrape","source_name_label":"OCB Spanish Video","source_type":"scrape","summary":"Desde los campos de Mount Vernon hasta el Capitolio y el Cementerio Nacional de Arlington, este reportaje explora los momentos, l\u00edderes pol\u00edticos y desaf\u00edos que han marcado a los Estados Unidos en sus 250 a\u00f1os de Independencia, una naci\u00f3n construida sobre las bases de la libertad.","title":"Estampas de Libertad: 250 a\u00f1os de Independencia","topic":"Audiovisuales Mart\u00ed","translation_language":"","url":"https://www.martinoticias.com/a/estampas-de-libertad-250-a%C3%B1os-de-independencia/469115.html","video_url":"https://ocb-video-ns.akamaized.net/pangeavideo/2026/06/d/de/de56b006-6f97-4769-5908-08decd6ea425_1080p.mp4?cb=ee1ca4806","youtube_conversion_active":false,"youtube_conversion_error":"","youtube_conversion_status":""},{"article_body_paragraphs":[],"audio_source_url":null,"author":"Mart\u00ed Noticias","available_dubs":[],"downloadable_assets":["https://ocb-video-ns.akamaized.net/pangeavideo/2026/06/b/b0/b0fcc9ab-62b3-4514-88b2-08decaf582f0_1080p.mp4?cb=ee1c3d96e"],"duration_display":"8:26","duration_seconds":506.0,"embed_url":null,"id":12737,"image_caption":null,"image_url":"https://gdb.martinoticias.com/b0fcc9ab-62b3-4514-88b2-08decaf582f0_tv_w1080_h608.jpg","is_clip":false,"is_youtube_embed":false,"item_type":"video","item_type_label":"Video","language_label":"Espa\u00f1ol","media_credit":"Mart\u00ed Noticias","micro_label":"Video report","micro_label_kind":"video","network_label":"OCB","network_logo_url":"/static/uploads/direct_network_logos/ocb_0888427dcb1d.svg","published_at":"2026-06-16T22:52:18","published_at_display":"16 Jun 2026, 22:52 GMT","sequence_badge_label":null,"sequence_count":null,"sequence_count_label":null,"sequence_frames":[],"sequence_kind":null,"source_name":"ocb_spanish_video_scrape","source_name_label":"OCB Spanish Video","source_type":"scrape","summary":"Hija del l\u00edder opositor Oswaldo Pay\u00e1, Rosa Mar\u00eda Pay\u00e1 ha dedicado su vida a la defensa de la libertad, los derechos humanos y la democracia en Cuba. En medio de la profunda crisis en la isla, conversa sobre los desaf\u00edos del cambio pol\u00edtico y la responsabilidad de construir un futuro democr\u00e1tico.","title":"Rosa Mar\u00eda Pay\u00e1: La libertad de Cuba como legado","topic":"Audiovisuales Mart\u00ed","translation_language":"","url":"https://www.martinoticias.com/a/rosa-mar%C3%ADa-pay%C3%A1-la-libertad-de-cuba-como-legado/468766.html","video_url":"https://ocb-video-ns.akamaized.net/pangeavideo/2026/06/b/b0/b0fcc9ab-62b3-4514-88b2-08decaf582f0_1080p.mp4?cb=ee1c3d96e","youtube_conversion_active":false,"youtube_conversion_error":"","youtube_conversion_status":""},{"article_body_paragraphs":[],"audio_source_url":null,"author":"Mart\u00ed Noticias","available_dubs":[],"downloadable_assets":["https://ocb-video-ns.akamaized.net/pangeavideo/2026/06/f/f7/f7aaf61b-2987-485c-2713-08decaf7ed85_1080p.mp4?cb=ee1c3ab36"],"duration_display":"12:29","duration_seconds":749.0,"embed_url":null,"id":12733,"image_caption":null,"image_url":"https://gdb.martinoticias.com/f7aaf61b-2987-485c-2713-08decaf7ed85_tv_w1080_h608.jpg","is_clip":false,"is_youtube_embed":false,"item_type":"video","item_type_label":"Video","language_label":"Espa\u00f1ol","media_credit":"Mart\u00ed Noticias","micro_label":"Video report","micro_label_kind":"video","network_label":"OCB","network_logo_url":"/static/uploads/direct_network_logos/ocb_0888427dcb1d.svg","published_at":"2026-06-16T20:38:14","published_at_display":"16 Jun 2026, 20:38 GMT","sequence_badge_label":null,"sequence_count":null,"sequence_count_label":null,"sequence_frames":[],"sequence_kind":null,"source_name":"ocb_spanish_video_scrape","source_name_label":"OCB Spanish Video","source_type":"scrape","summary":"En una democracia, la libertad tambi\u00e9n se construye en las aulas. El trabajo de Silvina Macho en Mater Academy refleja el poder de la educaci\u00f3n, el pensamiento libre y el compromiso con las nuevas generaciones. M\u00e1s que una consejera, es una gu\u00eda que ayuda a convertir el potencial en \u00e9xito.","title":"Estampas de Libertad: Silvina, la consejera","topic":"Info Mart\u00ed","translation_language":"","url":"https://www.martinoticias.com/a/estampas-de-libertad-silvina-la-consejera/468747.html","video_url":"https://ocb-video-ns.akamaized.net/pangeavideo/2026/06/f/f7/f7aaf61b-2987-485c-2713-08decaf7ed85_1080p.mp4?cb=ee1c3ab36","youtube_conversion_active":false,"youtube_conversion_error":"","youtube_conversion_status":""},{"article_body_paragraphs":[],"audio_source_url":null,"author":"Jos\u00e9 Pernalete","available_dubs":[],"downloadable_assets":["https://ocb-video-ns.akamaized.net/pangeavideo/2026/05/6/67/67647f67-7e7c-4c3f-6686-08de3c08cd61_1080p.mp4?cb=ee199dbef"],"duration_display":"13:48","duration_seconds":828.0,"embed_url":null,"id":12738,"image_caption":null,"image_url":"https://gdb.martinoticias.com/67647f67-7e7c-4c3f-6686-08de3c08cd61_tv_w1080_h608.jpg","is_clip":false,"is_youtube_embed":false,"item_type":"video","item_type_label":"Video","language_label":"Espa\u00f1ol","media_credit":"Jos\u00e9 Pernalete","micro_label":"Video report","micro_label_kind":"video","network_label":"OCB","network_logo_url":"/static/uploads/direct_network_logos/ocb_0888427dcb1d.svg","published_at":"2026-05-16T14:00:00","published_at_display":"16 May 2026, 14:00 GMT","sequence_badge_label":null,"sequence_count":null,"sequence_count_label":null,"sequence_frames":[],"sequence_kind":null,"source_name":"ocb_spanish_video_scrape","source_name_label":"OCB Spanish Video","source_type":"scrape","summary":"La producci\u00f3n de Mart\u00ed Noticias, conducida por la periodista Laura Artal, revela c\u00f3mo presos pol\u00edticos son trasladados a centros clandestinos como \u201cLa Tumba\u201d en Venezuela, donde enfrentan aislamiento extremo, tortura psicol\u00f3gica y un sistema dise\u00f1ado para quebrarlos y utilizarlos como rehenes.","title":"\u201cLa Tumba: muertos en vida\u201d, el documental que revela denuncias de tortura y represi\u00f3n en Venezuela","topic":"Info Mart\u00ed , presos politicos, torturas, VENEZUELA","translation_language":"","url":"https://www.martinoticias.com/a/la-tumba-muertos-en-vida-el-documental-que-revela-denuncias-de-tortura-y-represi%C3%B3n-en-venezuela/464018.html","video_url":"https://ocb-video-ns.akamaized.net/pangeavideo/2026/05/6/67/67647f67-7e7c-4c3f-6686-08de3c08cd61_1080p.mp4?cb=ee199dbef","youtube_conversion_active":false,"youtube_conversion_error":"","youtube_conversion_status":""},{"article_body_paragraphs":[],"audio_source_url":null,"author":"Mart\u00ed Noticias","available_dubs":[],"downloadable_assets":["https://ocb-video-ns.akamaized.net/pangeavideo/2025/06/c/c8/c80b2a9d-0f12-46da-eeef-08dda7eb04e4_1080p.mp4?cb=edfde8a08"],"duration_display":"12:45","duration_seconds":765.0,"embed_url":null,"id":12746,"image_caption":null,"image_url":"https://gdb.martinoticias.com/c80b2a9d-0f12-46da-eeef-08dda7eb04e4_tv_w1080_h608.jpg","is_clip":false,"is_youtube_embed":false,"item_type":"video","item_type_label":"Video","language_label":"Espa\u00f1ol","media_credit":"Mart\u00ed Noticias","micro_label":"Video report","micro_label_kind":"video","network_label":"OCB","network_logo_url":"/static/uploads/direct_network_logos/ocb_0888427dcb1d.svg","published_at":"2025-06-14T16:00:00","published_at_display":"14 Jun 2025, 16:00 GMT","sequence_badge_label":null,"sequence_count":null,"sequence_count_label":null,"sequence_frames":[],"sequence_kind":null,"source_name":"ocb_spanish_video_scrape","source_name_label":"OCB Spanish Video","source_type":"scrape","summary":"Mart\u00ed Noticias ofrece un acercamiento a la vida de Ram\u00f3n Sa\u00fal S\u00e1nchez, una de las figuras m\u00e1s sobresalientes del exilio cubano.","title":"Ram\u00f3n Sa\u00fal y su lucha","topic":"Derechos Humanos, cuba, exilio, c\u00e1ncer, Ram\u00f3n Sa\u00fal S\u00e1nchez","translation_language":"","url":"https://www.martinoticias.com/a/ramon-saul-y-su-lucha/419137.html","video_url":"https://ocb-video-ns.akamaized.net/pangeavideo/2025/06/c/c8/c80b2a9d-0f12-46da-eeef-08dda7eb04e4_1080p.mp4?cb=edfde8a08","youtube_conversion_active":false,"youtube_conversion_error":"","youtube_conversion_status":""},{"article_body_paragraphs":[],"audio_source_url":null,"author":"Mart\u00ed Noticias","available_dubs":[],"downloadable_assets":["https://ocb-video-ns.akamaized.net/pangeavideo/2024/08/0/01/01000000-c0a8-0242-0249-08dcb3349249_1080p.mp4?cb=ede3f41d5"],"duration_display":"2:34","duration_seconds":154.0,"embed_url":null,"id":12745,"image_caption":null,"image_url":"https://gdb.martinoticias.com/01000000-c0a8-0242-0249-08dcb3349249_tv_w1080_h608.jpg","is_clip":true,"is_youtube_embed":false,"item_type":"video","item_type_label":"Video","language_label":"Espa\u00f1ol","media_credit":"Mart\u00ed Noticias","micro_label":"Video report","micro_label_kind":"video","network_label":"OCB","network_logo_url":"/static/uploads/direct_network_logos/ocb_0888427dcb1d.svg","published_at":"2024-08-04T14:00:00","published_at_display":"4 Aug 2024, 14:00 GMT","sequence_badge_label":null,"sequence_count":null,"sequence_count_label":null,"sequence_frames":[],"sequence_kind":null,"source_name":"ocb_spanish_video_scrape","source_name_label":"OCB Spanish Video","source_type":"scrape","summary":"En esta primera entrega de la serie audiovisual \u201cComo come Cuba\u201d una joven youtuber habla de la oferta, precios y abastecimiento de los comestibles en la isla y de la \u201clibreta\u201d.","title":"Como Come Cuba, Cap\u00edtulo #1","topic":"Como Come Cuba, cuba, Como Come Cuba","translation_language":"","url":"https://www.martinoticias.com/a/como-come-cuba-cap%C3%ADtulo-1/396632.html","video_url":"https://ocb-video-ns.akamaized.net/pangeavideo/2024/08/0/01/01000000-c0a8-0242-0249-08dcb3349249_1080p.mp4?cb=ede3f41d5","youtube_conversion_active":false,"youtube_conversion_error":"","youtube_conversion_status":""},{"article_body_paragraphs":[],"audio_source_url":null,"author":"Ricardo Quintana","available_dubs":[],"downloadable_assets":["https://ocb-video-ns.akamaized.net/pangeavideo/2024/04/0/01/01000000-0aff-0242-b229-08dc65495ac8_1080p.mp4?cb=edddea054"],"duration_display":"11:27","duration_seconds":687.0,"embed_url":null,"id":12744,"image_caption":null,"image_url":"https://gdb.martinoticias.com/01000000-0aff-0242-b229-08dc65495ac8_tv_w1080_h608.jpg","is_clip":false,"is_youtube_embed":false,"item_type":"video","item_type_label":"Video","language_label":"Espa\u00f1ol","media_credit":"Ricardo Quintana","micro_label":"Video report","micro_label_kind":"video","network_label":"OCB","network_logo_url":"/static/uploads/direct_network_logos/ocb_0888427dcb1d.svg","published_at":"2024-04-25T18:58:43","published_at_display":"25 Apr 2024, 18:58 GMT","sequence_badge_label":null,"sequence_count":null,"sequence_count_label":null,"sequence_frames":[],"sequence_kind":null,"source_name":"ocb_spanish_video_scrape","source_name_label":"OCB Spanish Video","source_type":"scrape","summary":"Dos jovencitas cubanas demuestran que la mec\u00e1nica no tiene g\u00e9nero y abuelos nacidos en Cuba perviven con intensidad en Louisville, Kentucky.","title":"Kentu-Cubano: Cap\u00edtulo Final","topic":"Kentu-Cubano, cuba, cubanos, Kentucky, migrantes, KentoCubano","translation_language":"","url":"https://www.martinoticias.com/a/kentu-cubanos-cap%C3%ADtulo-final/389184.html","video_url":"https://ocb-video-ns.akamaized.net/pangeavideo/2024/04/0/01/01000000-0aff-0242-b229-08dc65495ac8_1080p.mp4?cb=edddea054","youtube_conversion_active":false,"youtube_conversion_error":"","youtube_conversion_status":""},{"article_body_paragraphs":[],"audio_source_url":null,"author":"Mart\u00ed Noticias","available_dubs":[],"downloadable_assets":["https://ocb-video-ns.akamaized.net/pangeavideo/2024/01/0/01/01000000-0aff-0242-c3a3-08dc1e91ee5e_1080p.mp4?cb=ede068939"],"duration_display":"10:43","duration_seconds":643.0,"embed_url":null,"id":12743,"image_caption":null,"image_url":"https://gdb.martinoticias.com/01000000-0aff-0242-c3a3-08dc1e91ee5e_tv_w1080_h608.jpg","is_clip":false,"is_youtube_embed":false,"item_type":"video","item_type_label":"Video","language_label":"Espa\u00f1ol","media_credit":"Mart\u00ed Noticias","micro_label":"Video report","micro_label_kind":"video","network_label":"OCB","network_logo_url":"/static/uploads/direct_network_logos/ocb_0888427dcb1d.svg","published_at":"2024-01-26T18:28:43","published_at_display":"26 Jan 2024, 18:28 GMT","sequence_badge_label":null,"sequence_count":null,"sequence_count_label":null,"sequence_frames":[],"sequence_kind":null,"source_name":"ocb_spanish_video_scrape","source_name_label":"OCB Spanish Video","source_type":"scrape","summary":"El gobierno de Cuba implant\u00f3 hace d\u00e9cadas un sistema de viviendas p\u00fablicas conocidas popularmente como \u201calbergues\u201d, donde residen familias a la espera de una vivienda. La serie audiovisual \u201cEsperando un techo\u201d aborda el tema con im\u00e1genes y testimonios grabados en la isla.","title":"Esperando un techo: Damas y Desamparados | Cap\u00edtulo 1","topic":"Esperando un techo, cuba, crisis, vivienda, derrumbes, techo, paredes, EsperandounTecho","translation_language":"","url":"https://www.martinoticias.com/a/esperando-un-techo-damas-y-desamparados---cap%C3%ADtulo-1/382192.html","video_url":"https://ocb-video-ns.akamaized.net/pangeavideo/2024/01/0/01/01000000-0aff-0242-c3a3-08dc1e91ee5e_1080p.mp4?cb=ede068939","youtube_conversion_active":false,"youtube_conversion_error":"","youtube_conversion_status":""},{"article_body_paragraphs":[],"audio_source_url":null,"author":"Mart\u00ed Noticias","available_dubs":[],"downloadable_assets":["https://ocb-video-ns.akamaized.net/pangeavideo/2023/11/0/01/01000000-0aff-0242-f466-08dbdf11e0b5_1080p.mp4?cb=ede209679"],"duration_display":"4:33","duration_seconds":273.0,"embed_url":null,"id":12741,"image_caption":null,"image_url":"https://gdb.martinoticias.com/01000000-0aff-0242-f466-08dbdf11e0b5_tv_w1080_h608.jpg","is_clip":true,"is_youtube_embed":false,"item_type":"video","item_type_label":"Video","language_label":"Espa\u00f1ol","media_credit":"Mart\u00ed Noticias","micro_label":"Video report","micro_label_kind":"video","network_label":"OCB","network_logo_url":"/static/uploads/direct_network_logos/ocb_0888427dcb1d.svg","published_at":"2023-11-06T22:13:12","published_at_display":"6 Nov 2023, 22:13 GMT","sequence_badge_label":null,"sequence_count":null,"sequence_count_label":null,"sequence_frames":[],"sequence_kind":null,"source_name":"ocb_spanish_video_scrape","source_name_label":"OCB Spanish Video","source_type":"scrape","summary":"\u201cSer madre en Cuba\u201d una serie con testimonios grabados en la isla. En esta entrega una joven madre que vive en el campo cuenta las dificultades que enfrenta para criar a sus hijas en medio de precarias condiciones de vida","title":"\u201cSer madre en Cuba\u201d, episodio 4","topic":"Ser Madre en cuba, cuba, hambre, r\u00e9gimen, madre, negligencia, Testimonios, Crisis Econ\u00f3mica, madre cubana, Crisis Alimentaria","translation_language":"","url":"https://www.martinoticias.com/a/ser-madre-en-cuba-/376612.html","video_url":"https://ocb-video-ns.akamaized.net/pangeavideo/2023/11/0/01/01000000-0aff-0242-f466-08dbdf11e0b5_1080p.mp4?cb=ede209679","youtube_conversion_active":false,"youtube_conversion_error":"","youtube_conversion_status":""},{"article_body_paragraphs":[],"audio_source_url":null,"author":"Janet Lomba/ Especial para martinoticias.com","available_dubs":[],"downloadable_assets":["https://ocb-video-ns.akamaized.net/pangeavideo/2023/08/0/01/01000000-0aff-0242-d915-08db9f54cbee_1080p.mp4?cb=edc829411"],"duration_display":"3:54","duration_seconds":234.0,"embed_url":null,"id":12742,"image_caption":null,"image_url":"https://gdb.martinoticias.com/01000000-0aff-0242-d915-08db9f54cbee_tv_w1080_h608.jpg","is_clip":true,"is_youtube_embed":false,"item_type":"video","item_type_label":"Video","language_label":"Espa\u00f1ol","media_credit":"Janet Lomba/ Especial para martinoticias.com","micro_label":"Video report","micro_label_kind":"video","network_label":"OCB","network_logo_url":"/static/uploads/direct_network_logos/ocb_0888427dcb1d.svg","published_at":"2023-08-18T14:42:15","published_at_display":"18 Aug 2023, 14:42 GMT","sequence_badge_label":null,"sequence_count":null,"sequence_count_label":null,"sequence_frames":[],"sequence_kind":null,"source_name":"ocb_spanish_video_scrape","source_name_label":"OCB Spanish Video","source_type":"scrape","summary":"Im\u00e1genes grabadas en Cuba de las condiciones de vida de personas de la tercera edad, protagonizan la serie de Mart\u00ed Noticias \u201cSer viejo en Cuba\u201d. En la primera entrega, el testimonio del jubilado cubano Jes\u00fas Mar\u00eda y declaraciones de analistas sobre el tema.","title":"\u201cSer viejo en Cuba\u201d una serie audiovisual de Mart\u00ed Noticias","topic":"Ser viejo en Cuba, cuba, cubanos, crisis, alimentos, ancianos, viejos, vejez","translation_language":"","url":"https://www.martinoticias.com/a/ser-viejo-en-cuba-una-serie-audiovisual-de-mart%C3%AD-noticias/367321.html","video_url":"https://ocb-video-ns.akamaized.net/pangeavideo/2023/08/0/01/01000000-0aff-0242-d915-08db9f54cbee_1080p.mp4?cb=edc829411","youtube_conversion_active":false,"youtube_conversion_error":"","youtube_conversion_status":""}],"next_num":5,"page":4,"pages":8,"per_page":20,"prev_num":3,"total":160}
