{"applied_filters":{"end_date":"","lang":"","language":"","network":"OCB","page":5,"per_page":20,"search":"","source":"","start_date":"","topic":"","type":"photo"},"available_filters":{"language_choices":[{"label":"Choose Language","value":""},{"label":"English","value":"English"},{"label":"Espa\u00f1ol","value":"Espa\u00f1ol"}],"network_choices":[{"label":"All networks","value":""},{"label":"OCB","value":"OCB"}],"source_choices":[{"label":"All sources","value":""},{"label":"Radiotelevisionmarti","value":"radiotelevisionmarti_com_rss"}],"sources":["radiotelevisionmarti_com_rss"],"topics":[],"types":[["","All types"],["article","Articles"],["audio","Audio"],["video","Videos"],["clips","Clips"],["media","Media"]]},"has_next":true,"has_prev":true,"items":[{"article_body_paragraphs":[],"audio_source_url":null,"author":"Edgardo Pinell Medina","available_dubs":[],"downloadable_assets":["https://gdb.martinoticias.com/6f648729-5088-492b-a05d-2be07a24df63_w1600_r1_n_s.jpg"],"duration_display":"0:00","duration_seconds":null,"embed_url":null,"id":10565,"image_caption":null,"image_url":"https://gdb.martinoticias.com/6f648729-5088-492b-a05d-2be07a24df63_w1600_r1_n_s.jpg","is_clip":false,"is_youtube_embed":false,"item_type":"photo","item_type_label":"Photo","language_label":"Espa\u00f1ol","media_credit":"Edgardo Pinell Medina","micro_label":"Photo","micro_label_kind":"gallery","network_label":"OCB","network_logo_url":"/static/uploads/direct_network_logos/ocb_0888427dcb1d.svg","published_at":"2026-08-30T13:45:50","published_at_display":"30 Aug 2026, 13:45 GMT","sequence_badge_label":null,"sequence_count":null,"sequence_count_label":null,"sequence_frames":[],"sequence_kind":null,"source_name":"radiotelevisionmarti_com_rss","source_name_label":"Radiotelevisionmarti","source_type":"rss","summary":"La reforma constitucional impulsada por el r\u00e9gimen de Daniel Ortega y Rosario Murillo ampliar\u00eda hasta 2029 el mandato de 153 alcaldes, 153 vicealcaldes y 6014 concejales de su gobierno, alineando los cargos municipales con el nuevo per\u00edodo presidencial de siete a\u00f1os.","title":"Reforma constitucional de Ortega tambi\u00e9n ampliar\u00e1 el per\u00edodo de los alcaldes sandinistas hasta 2029","topic":null,"translation_language":"","url":"https://www.martinoticias.com/a/reforma-constitucional-de-ortega-tambi%c3%a9n-ampliar%c3%a1-el-per%c3%adodo-de-los-alcaldes-sandinistas-hasta-2029/476599.html","video_url":null,"youtube_conversion_active":false,"youtube_conversion_error":"","youtube_conversion_status":""},{"article_body_paragraphs":[],"audio_source_url":null,"author":"Redacci\u00f3n Mart\u00ed Noticias","available_dubs":[],"downloadable_assets":["https://gdb.martinoticias.com/4bef4c08-7739-49be-bc6d-08def2b1d8dc_cx0_cy14_cw0_w1600_r1_n_s.jpg"],"duration_display":"0:00","duration_seconds":null,"embed_url":null,"id":10566,"image_caption":null,"image_url":"https://gdb.martinoticias.com/4bef4c08-7739-49be-bc6d-08def2b1d8dc_cx0_cy14_cw0_w1600_r1_n_s.jpg","is_clip":false,"is_youtube_embed":false,"item_type":"photo","item_type_label":"Photo","language_label":"Espa\u00f1ol","media_credit":"Redacci\u00f3n Mart\u00ed Noticias","micro_label":"Photo","micro_label_kind":"gallery","network_label":"OCB","network_logo_url":"/static/uploads/direct_network_logos/ocb_0888427dcb1d.svg","published_at":"2026-08-30T12:52:18","published_at_display":"30 Aug 2026, 12:52 GMT","sequence_badge_label":null,"sequence_count":null,"sequence_count_label":null,"sequence_frames":[],"sequence_kind":null,"source_name":"radiotelevisionmarti_com_rss","source_name_label":"Radiotelevisionmarti","source_type":"rss","summary":"Vecinos de El Fanguito, en el Vedado habanero, volvieron a salir a las calles para protestar por los prolongados apagones que afectan al barrio, en medio de un creciente despliegue policial y militar reportado por medios independientes y usuarios en redes sociales.","title":"El Fanguito vuelve a lanzarse a la calle en protesta por los apagones","topic":null,"translation_language":"","url":"https://www.martinoticias.com/a/el-fanguito-vuelve-a-lanzarse-a-la-calle-en-protesta-por-los-apagones/476598.html","video_url":null,"youtube_conversion_active":false,"youtube_conversion_error":"","youtube_conversion_status":""},{"article_body_paragraphs":[],"audio_source_url":null,"author":"Ivette Pacheco","available_dubs":[],"downloadable_assets":["https://gdb.martinoticias.com/17d77bb5-8382-4d44-8fc5-5b47d5f847ca_cx0_cy5_cw0_w1600_r1_n_s.jpg"],"duration_display":"0:00","duration_seconds":null,"embed_url":null,"id":10463,"image_caption":null,"image_url":"https://gdb.martinoticias.com/17d77bb5-8382-4d44-8fc5-5b47d5f847ca_cx0_cy5_cw0_w1600_r1_n_s.jpg","is_clip":false,"is_youtube_embed":false,"item_type":"photo","item_type_label":"Photo","language_label":"Espa\u00f1ol","media_credit":"Ivette Pacheco","micro_label":"Photo","micro_label_kind":"gallery","network_label":"OCB","network_logo_url":"/static/uploads/direct_network_logos/ocb_0888427dcb1d.svg","published_at":"2026-08-29T19:51:38","published_at_display":"29 Aug 2026, 19:51 GMT","sequence_badge_label":null,"sequence_count":null,"sequence_count_label":null,"sequence_frames":[],"sequence_kind":null,"source_name":"radiotelevisionmarti_com_rss","source_name_label":"Radiotelevisionmarti","source_type":"rss","summary":"Los contagios de dengue aumentan en varias provincias de Cuba en medio de denuncias por salideros de agua, acumulaci\u00f3n de basura y falta de medicamentos.","title":"\u201cLos mosquitos se est\u00e1n dando gusto con las personas\u201d, denuncian brote de dengue en Cuba","topic":null,"translation_language":"","url":"https://www.martinoticias.com/a/denuncian-brote-de-dengue-falta-de-fumigaci%c3%b3n-y-medicina-cavern%c3%adcola-en-cuba/476591.html","video_url":null,"youtube_conversion_active":false,"youtube_conversion_error":"","youtube_conversion_status":""},{"article_body_paragraphs":[],"audio_source_url":null,"author":"Jany Gonz\u00e1lez","available_dubs":[],"downloadable_assets":["https://gdb.martinoticias.com/12bbc34d-f174-4d24-cfe4-08decd5b38e4_w1600_r1_n_s.jpg"],"duration_display":"0:00","duration_seconds":null,"embed_url":null,"id":10461,"image_caption":null,"image_url":"https://gdb.martinoticias.com/12bbc34d-f174-4d24-cfe4-08decd5b38e4_w1600_r1_n_s.jpg","is_clip":false,"is_youtube_embed":false,"item_type":"photo","item_type_label":"Photo","language_label":"Espa\u00f1ol","media_credit":"Jany Gonz\u00e1lez","micro_label":"Photo","micro_label_kind":"gallery","network_label":"OCB","network_logo_url":"/static/uploads/direct_network_logos/ocb_0888427dcb1d.svg","published_at":"2026-08-29T19:08:18","published_at_display":"29 Aug 2026, 19:08 GMT","sequence_badge_label":null,"sequence_count":null,"sequence_count_label":null,"sequence_frames":[],"sequence_kind":null,"source_name":"radiotelevisionmarti_com_rss","source_name_label":"Radiotelevisionmarti","source_type":"rss","summary":"Las largas filas y la saturaci\u00f3n en la Corte de Inmigraci\u00f3n de Miami est\u00e1n generando esperas de horas y temor entre miles de inmigrantes.","title":"\u201cNo deje de asistir\u201d: abogado advierte sobre las largas filas en la Corte de Inmigraci\u00f3n de Miami","topic":null,"translation_language":"","url":"https://www.martinoticias.com/a/no-deje-de-asistir-abogado-advierte-sobre-las-largas-filas-en-la-corte-de-inmigraci%c3%b3n-de-miami/476588.html","video_url":null,"youtube_conversion_active":false,"youtube_conversion_error":"","youtube_conversion_status":""},{"article_body_paragraphs":[],"audio_source_url":null,"author":"Redacci\u00f3n Mart\u00ed Noticias","available_dubs":[],"downloadable_assets":["https://gdb.martinoticias.com/3C741579-79CF-4D31-BAF6-02E86C4DBE96_w1600_r1_n_s.png"],"duration_display":"0:00","duration_seconds":null,"embed_url":null,"id":10436,"image_caption":null,"image_url":"https://gdb.martinoticias.com/3C741579-79CF-4D31-BAF6-02E86C4DBE96_w1600_r1_n_s.png","is_clip":false,"is_youtube_embed":false,"item_type":"photo","item_type_label":"Photo","language_label":"Espa\u00f1ol","media_credit":"Redacci\u00f3n Mart\u00ed Noticias","micro_label":"Photo","micro_label_kind":"gallery","network_label":"OCB","network_logo_url":"/static/uploads/direct_network_logos/ocb_0888427dcb1d.svg","published_at":"2026-08-29T17:21:48","published_at_display":"29 Aug 2026, 17:21 GMT","sequence_badge_label":null,"sequence_count":null,"sequence_count_label":null,"sequence_frames":[],"sequence_kind":null,"source_name":"radiotelevisionmarti_com_rss","source_name_label":"Radiotelevisionmarti","source_type":"rss","summary":"El opositor y periodista independiente cubano Guillermo del Sol puso fin este s\u00e1bado a la huelga de hambre que mantuvo durante 72 d\u00edas para exigir la liberaci\u00f3n de presos pol\u00edticos.","title":"Guillermo Del Sol depone huelga de hambre (VIDEO)","topic":null,"translation_language":"","url":"https://www.martinoticias.com/a/guillermo-del-sol-depone-huelga-de-hambre/476587.html","video_url":null,"youtube_conversion_active":false,"youtube_conversion_error":"","youtube_conversion_status":""},{"article_body_paragraphs":[],"audio_source_url":null,"author":"Redacci\u00f3n Mart\u00ed Noticias","available_dubs":[],"downloadable_assets":["https://gdb.martinoticias.com/79c226f8-4b99-4693-5aa0-08decd6ea425_cx0_cy9_cw0_w1600_r1_n_s.jpg"],"duration_display":"0:00","duration_seconds":null,"embed_url":null,"id":10414,"image_caption":null,"image_url":"https://gdb.martinoticias.com/79c226f8-4b99-4693-5aa0-08decd6ea425_cx0_cy9_cw0_w1600_r1_n_s.jpg","is_clip":false,"is_youtube_embed":false,"item_type":"photo","item_type_label":"Photo","language_label":"Espa\u00f1ol","media_credit":"Redacci\u00f3n Mart\u00ed Noticias","micro_label":"Photo","micro_label_kind":"gallery","network_label":"OCB","network_logo_url":"/static/uploads/direct_network_logos/ocb_0888427dcb1d.svg","published_at":"2026-08-29T15:53:31","published_at_display":"29 Aug 2026, 15:53 GMT","sequence_badge_label":null,"sequence_count":null,"sequence_count_label":null,"sequence_frames":[],"sequence_kind":null,"source_name":"radiotelevisionmarti_com_rss","source_name_label":"Radiotelevisionmarti","source_type":"rss","summary":"El periodista italiano y exdiputado del Movimiento 5 Estrellas Alessandro Di Battista permanece hospitalizado en estado grave en Cuba, tras sufrir un fuerte dolor de cabeza mientras realizaba reportajes en Santa Clara.","title":"Canciller de Italia intercede por periodista hospitalizado en Cuba en estado grave","topic":null,"translation_language":"","url":"https://www.martinoticias.com/a/canciller-de-italia-intercede-por-periodista-hospitalizado-en-cuba-en-estado-grave/476585.html","video_url":null,"youtube_conversion_active":false,"youtube_conversion_error":"","youtube_conversion_status":""},{"article_body_paragraphs":[],"audio_source_url":null,"author":"Iv\u00e1n Kasanzew","available_dubs":[],"downloadable_assets":["https://gdb.martinoticias.com/42cf05bb-3776-458d-be40-5a2c14b06455_w1600_r1_n_s.jpg"],"duration_display":"0:00","duration_seconds":null,"embed_url":null,"id":10384,"image_caption":null,"image_url":"https://gdb.martinoticias.com/42cf05bb-3776-458d-be40-5a2c14b06455_w1600_r1_n_s.jpg","is_clip":false,"is_youtube_embed":false,"item_type":"photo","item_type_label":"Photo","language_label":"Espa\u00f1ol","media_credit":"Iv\u00e1n Kasanzew","micro_label":"Photo","micro_label_kind":"gallery","network_label":"OCB","network_logo_url":"/static/uploads/direct_network_logos/ocb_0888427dcb1d.svg","published_at":"2026-08-29T14:07:49","published_at_display":"29 Aug 2026, 14:07 GMT","sequence_badge_label":null,"sequence_count":null,"sequence_count_label":null,"sequence_frames":[],"sequence_kind":null,"source_name":"radiotelevisionmarti_com_rss","source_name_label":"Radiotelevisionmarti","source_type":"rss","summary":"El expresidente de Ecuador Len\u00edn Moreno fue condenado este viernes a cinco a\u00f1os de prisi\u00f3n por cohecho. El tribunal lo hall\u00f3 autor directo de recibir sobornos de la empresa china Sinohydro, vinculados a la hidroel\u00e9ctrica Coca Codo Sinclair cuando era vicepresidente de Rafael Correa (2007-2013).","title":"Condenan a expresidente de Ecuador a cinco a\u00f1os de c\u00e1rcel por corrupci\u00f3n","topic":null,"translation_language":"","url":"https://www.martinoticias.com/a/la-justicia-de-ecuador-condena-al-expresidente-lenin-moreno-a-cinco-a%c3%b1os-de-carcel-por-corrupcion/476583.html","video_url":null,"youtube_conversion_active":false,"youtube_conversion_error":"","youtube_conversion_status":""},{"article_body_paragraphs":[],"audio_source_url":null,"author":"Ivette Pacheco","available_dubs":[],"downloadable_assets":["https://gdb.martinoticias.com/e76886ad-5668-4295-a741-eb035830d8b3_cx0_cy8_cw0_w1600_r1_n_s.jpg"],"duration_display":"0:00","duration_seconds":null,"embed_url":null,"id":10364,"image_caption":null,"image_url":"https://gdb.martinoticias.com/e76886ad-5668-4295-a741-eb035830d8b3_cx0_cy8_cw0_w1600_r1_n_s.jpg","is_clip":false,"is_youtube_embed":false,"item_type":"photo","item_type_label":"Photo","language_label":"Espa\u00f1ol","media_credit":"Ivette Pacheco","micro_label":"Photo","micro_label_kind":"gallery","network_label":"OCB","network_logo_url":"/static/uploads/direct_network_logos/ocb_0888427dcb1d.svg","published_at":"2026-08-29T13:06:37","published_at_display":"29 Aug 2026, 13:06 GMT","sequence_badge_label":null,"sequence_count":null,"sequence_count_label":null,"sequence_frames":[],"sequence_kind":null,"source_name":"radiotelevisionmarti_com_rss","source_name_label":"Radiotelevisionmarti","source_type":"rss","summary":"La entrada en vigor del Decreto 160 ha abierto oficialmente las puertas a las farmacias privadas en Cuba, pero la medida llega acompa\u00f1ada de fuertes cuestionamientos por los altos precios de los medicamentos y las dudas sobre los controles sanitarios.","title":"Farmacias privadas en Cuba, precios altos y pocas garant\u00edas de calidad","topic":null,"translation_language":"","url":"https://www.martinoticias.com/a/farmacias-privadas-en-cuba-precios-altos-y-pocas-garant%c3%adas-de-calidad/476407.html","video_url":null,"youtube_conversion_active":false,"youtube_conversion_error":"","youtube_conversion_status":""},{"article_body_paragraphs":[],"audio_source_url":null,"author":"Yaima Pardo","available_dubs":[],"downloadable_assets":["https://gdb.martinoticias.com/cadba459-f3db-4f81-7c87-08def2b1c8fe_w1600_r1_n_s.png"],"duration_display":"0:00","duration_seconds":null,"embed_url":null,"id":10274,"image_caption":null,"image_url":"https://gdb.martinoticias.com/cadba459-f3db-4f81-7c87-08def2b1c8fe_w1600_r1_n_s.png","is_clip":false,"is_youtube_embed":false,"item_type":"photo","item_type_label":"Photo","language_label":"Espa\u00f1ol","media_credit":"Yaima Pardo","micro_label":"Photo","micro_label_kind":"gallery","network_label":"OCB","network_logo_url":"/static/uploads/direct_network_logos/ocb_0888427dcb1d.svg","published_at":"2026-08-29T00:49:28","published_at_display":"29 Aug 2026, 00:49 GMT","sequence_badge_label":null,"sequence_count":null,"sequence_count_label":null,"sequence_frames":[],"sequence_kind":null,"source_name":"radiotelevisionmarti_com_rss","source_name_label":"Radiotelevisionmarti","source_type":"rss","summary":"Autoridades cubanas detuvieron a Sady R. Companioni, madre que hab\u00eda denunciado p\u00fablicamente la falta de agua y presuntas amenazas tras reclamar por el servicio.","title":"Arrestan a madre cubana que denunci\u00f3 la crisis del agua en La Habana","topic":null,"translation_language":"","url":"https://www.martinoticias.com/a/arrestan-a-madre-cubana-que-denunci%c3%b3-la-crisis-del-agua-en-la-habana/476582.html","video_url":null,"youtube_conversion_active":false,"youtube_conversion_error":"","youtube_conversion_status":""},{"article_body_paragraphs":[],"audio_source_url":null,"author":"Redacci\u00f3n Mart\u00ed Noticias","available_dubs":[],"downloadable_assets":["https://gdb.martinoticias.com/5ecfda13-79d7-498a-cf4a-08decd5b38e4_w1600_r1_n_s.jpg"],"duration_display":"0:00","duration_seconds":null,"embed_url":null,"id":10272,"image_caption":null,"image_url":"https://gdb.martinoticias.com/5ecfda13-79d7-498a-cf4a-08decd5b38e4_w1600_r1_n_s.jpg","is_clip":false,"is_youtube_embed":false,"item_type":"photo","item_type_label":"Photo","language_label":"Espa\u00f1ol","media_credit":"Redacci\u00f3n Mart\u00ed Noticias","micro_label":"Photo","micro_label_kind":"gallery","network_label":"OCB","network_logo_url":"/static/uploads/direct_network_logos/ocb_0888427dcb1d.svg","published_at":"2026-08-29T00:08:28","published_at_display":"29 Aug 2026, 00:08 GMT","sequence_badge_label":null,"sequence_count":null,"sequence_count_label":null,"sequence_frames":[],"sequence_kind":null,"source_name":"radiotelevisionmarti_com_rss","source_name_label":"Radiotelevisionmarti","source_type":"rss","summary":"En una alerta sanitaria, la sede diplom\u00e1tica cit\u00f3 reportes sobre zonas residenciales que han permanecido durante largos per\u00edodos sin recibir agua de las redes municipales o p\u00fablicas.","title":"Embajada de EEUU alerta sobre riesgos sanitarios por crisis de agua en Cuba","topic":null,"translation_language":"","url":"https://www.martinoticias.com/a/embajada-de-eeuu-alerta-sobre-riesgos-sanitarios-por-crisis-de-agua-en-cuba/476512.html","video_url":null,"youtube_conversion_active":false,"youtube_conversion_error":"","youtube_conversion_status":""},{"article_body_paragraphs":[],"audio_source_url":null,"author":"Redacci\u00f3n Mart\u00ed Noticias","available_dubs":[],"downloadable_assets":["https://gdb.martinoticias.com/d946bcf4-0ff5-4ea3-997e-560dc9ce8f1d_w1600_r1_n_s.jpg"],"duration_display":"0:00","duration_seconds":null,"embed_url":null,"id":10259,"image_caption":null,"image_url":"https://gdb.martinoticias.com/d946bcf4-0ff5-4ea3-997e-560dc9ce8f1d_w1600_r1_n_s.jpg","is_clip":false,"is_youtube_embed":false,"item_type":"photo","item_type_label":"Photo","language_label":"Espa\u00f1ol","media_credit":"Redacci\u00f3n Mart\u00ed Noticias","micro_label":"Photo","micro_label_kind":"gallery","network_label":"OCB","network_logo_url":"/static/uploads/direct_network_logos/ocb_0888427dcb1d.svg","published_at":"2026-08-28T23:19:01","published_at_display":"28 Aug 2026, 23:19 GMT","sequence_badge_label":null,"sequence_count":null,"sequence_count_label":null,"sequence_frames":[],"sequence_kind":null,"source_name":"radiotelevisionmarti_com_rss","source_name_label":"Radiotelevisionmarti","source_type":"rss","summary":"Los funcionarios estadounidenses \u201chan asegurado el control mayoritario estadounidense sobre m\u00e1s de 65.000 millones de barriles de reservas probadas de petr\u00f3leo en Venezuela, sin costo alguno para el contribuyente estadounidense\u201d","title":"Trump anuncia que EEUU lleg\u00f3 al mayor acuerdo petrolero de la historia con Venezuela","topic":null,"translation_language":"","url":"https://www.martinoticias.com/a/trump-anuncia-que-eeuu-lleg%c3%b3-al-mayor-acuerdo-petrolero-de-la-historia-con-venezuela/476513.html","video_url":null,"youtube_conversion_active":false,"youtube_conversion_error":"","youtube_conversion_status":""},{"article_body_paragraphs":[],"audio_source_url":null,"author":"Ariane Gonz\u00e1lez","available_dubs":[],"downloadable_assets":["https://gdb.martinoticias.com/6a778b78-c00a-41c2-cfe2-08decd5b38e4_w1600_r1_n_s.png"],"duration_display":"0:00","duration_seconds":null,"embed_url":null,"id":10232,"image_caption":null,"image_url":"https://gdb.martinoticias.com/6a778b78-c00a-41c2-cfe2-08decd5b38e4_w1600_r1_n_s.png","is_clip":false,"is_youtube_embed":false,"item_type":"photo","item_type_label":"Photo","language_label":"Espa\u00f1ol","media_credit":"Ariane Gonz\u00e1lez","micro_label":"Photo","micro_label_kind":"gallery","network_label":"OCB","network_logo_url":"/static/uploads/direct_network_logos/ocb_0888427dcb1d.svg","published_at":"2026-08-28T21:45:06","published_at_display":"28 Aug 2026, 21:45 GMT","sequence_badge_label":null,"sequence_count":null,"sequence_count_label":null,"sequence_frames":[],"sequence_kind":null,"source_name":"radiotelevisionmarti_com_rss","source_name_label":"Radiotelevisionmarti","source_type":"rss","summary":"El opositor y periodista independiente cubano Guillermo del Sol fue trasladado este viernes al Hospital Provincial Arnaldo Mili\u00e1n Castro, en Santa Clara, tras presentar una presi\u00f3n arterial de 220/130, niveles muy bajos de glucosa y un fuerte dolor en el pecho, inform\u00f3 a Mart\u00ed Noticias su hijo, Adri\u00e1n del Sol. El activista, quien cumple 72 d\u00edas en huelga de hambre, permaneci\u00f3 consciente durante el traslado, aclar\u00f3 su hijo. \u201cTen\u00eda la presi\u00f3n muy elevada, 220 con 130; su glicemia estaba en un rango muy bajo y ten\u00eda un dolor muy fuerte en el pecho\u201d, declar\u00f3 Adri\u00e1n. El familiar explic\u00f3 que decidi\u00f3 llevarlo al hospital ante el visible deterioro de su salud y el temor de que sufriera una complicaci\u00f3n card\u00edaca. \u201cLo traslad\u00e9 como familiar porque lo vi en un estado bastante malo. La presi\u00f3n estaba muy alta y ya no pod\u00eda correr el riesgo de que continuara subiendo\u201d, se\u00f1al\u00f3. Adri\u00e1n dijo que el entumecimiento que observ\u00f3 en las manos de su padre aument\u00f3 su preocupaci\u00f3n. \u201cPens\u00e9 que pudiera darle un infarto y trat\u00e9 de trasladarlo lo m\u00e1s r\u00e1pido posible\u201d, relat\u00f3. El hijo del opositor localiz\u00f3 un veh\u00edculo y lo llev\u00f3 por sus propios medios al cuerpo de guardia del hospital. \u201cQuiero aclarar que Guillermo no estaba inconsciente; estaba consciente. Yo lo llev\u00e9 bajo mi responsabilidad porque presentaba una hipertensi\u00f3n arterial demasiado elevada y dolor en el pecho, una angina de pecho\u201d, afirm\u00f3. Seg\u00fan explic\u00f3 Adri\u00e1n, el activista recibi\u00f3 atenci\u00f3n m\u00e9dica con rapidez tras llegar al centro hospitalario. Guillermo del Sol lleva m\u00e1s de 70 d\u00edas en huelga de hambre \u201cEntr\u00f3 por urgencias y enseguida lo atendi\u00f3 un equipo m\u00e9dico. Le tomaron la presi\u00f3n, lo vio un cardi\u00f3logo y acudieron especialistas de terapia intensiva\u201d, dijo. Los m\u00e9dicos le administraron dos frascos de soluci\u00f3n Ringer por v\u00eda intravenosa durante aproximadamente dos horas y comprobaron varias veces sus niveles de glucosa. \u201cDespu\u00e9s de ponerle la soluci\u00f3n Ringer, la glicemia ya estaba en un rango de 4,1\u201d, indic\u00f3 Adri\u00e1n. El cardi\u00f3logo evalu\u00f3 la posibilidad de ingresar a Del Sol en terapia intensiva cardiovascular debido a la presi\u00f3n arterial y al dolor en el pecho. Sin embargo, la familia fue informada de que no hab\u00eda una cama disponible. Ante la demora y despu\u00e9s de que su padre recibiera hidrataci\u00f3n intravenosa, Adri\u00e1n decidi\u00f3 regresar con \u00e9l a la vivienda. \u201cComo se prolongaba el ingreso y pr\u00e1cticamente no hab\u00eda respuesta, decidimos regresar a la casa despu\u00e9s de que fuera hidratado\u201d, afirm\u00f3. El opositor se encontraba nuevamente en su domicilio y hab\u00eda recuperado algo de fuerza, aunque continuaba sin ingerir alimentos. \u201cYa est\u00e1 en la casa, se siente un poco mejor y tiene un poco m\u00e1s de fuerza, pero sigue sin ingerir alimentos\u201d, inform\u00f3 su hijo. Los especialistas recomendaron que pusiera fin a la huelga ante las graves complicaciones que presenta, especialmente los problemas cardiovasculares asociados con la hipertensi\u00f3n. \u201cLe aconsejaron que, por su salud, deb\u00eda detener el ayuno, porque ya est\u00e1 presentando problemas serios, sobre todo card\u00edacos por su presi\u00f3n arterial\u201d, a\u00f1adi\u00f3 Adri\u00e1n. Del Sol comenz\u00f3 la huelga el 18 de junio para exigir la liberaci\u00f3n de 18 presos pol\u00edticos cubanos cuyas condiciones de salud y encarcelamiento considera especialmente graves. Entre ellos figuran Mayel\u00edn Rodr\u00edguez Prado, Donaida P\u00e9rez Paseiro, Sayl\u00ed Navarro \u00c1lvarez, Lizandra G\u00f3ngora Espinoza, Mar\u00eda Cristina Garrido Rodr\u00edguez, Miguel D\u00edaz Bauz\u00e1, Loreto Hern\u00e1ndez Garc\u00eda, F\u00e9lix Navarro Rodr\u00edguez, Jos\u00e9 Gabriel Barrenechea Ch\u00e1vez y los hermanos Jorge y Nadir Mart\u00edn Perdomo, entre otros. La protesta tambi\u00e9n reclama la libertad de Leonel Trist\u00e1 Garc\u00eda, manifestante de las protestas antigubernamentales del 11 de julio de 2021 cuya licencia extrapenal fue revocada.","title":"Guillermo del Sol permanece en huelga pese a nueva emergencia m\u00e9dica","topic":null,"translation_language":"","url":"https://www.martinoticias.com/a/476511.html","video_url":null,"youtube_conversion_active":false,"youtube_conversion_error":"","youtube_conversion_status":""},{"article_body_paragraphs":[],"audio_source_url":null,"author":"Jos\u00e9 Pernalete","available_dubs":[],"downloadable_assets":["https://gdb.martinoticias.com/7ff0feef-7216-4975-6904-08def2ff2efe_w1600_r1_n_s.png"],"duration_display":"0:00","duration_seconds":null,"embed_url":null,"id":10233,"image_caption":null,"image_url":"https://gdb.martinoticias.com/7ff0feef-7216-4975-6904-08def2ff2efe_w1600_r1_n_s.png","is_clip":false,"is_youtube_embed":false,"item_type":"photo","item_type_label":"Photo","language_label":"Espa\u00f1ol","media_credit":"Jos\u00e9 Pernalete","micro_label":"Photo","micro_label_kind":"gallery","network_label":"OCB","network_logo_url":"/static/uploads/direct_network_logos/ocb_0888427dcb1d.svg","published_at":"2026-08-28T21:06:47","published_at_display":"28 Aug 2026, 21:06 GMT","sequence_badge_label":null,"sequence_count":null,"sequence_count_label":null,"sequence_frames":[],"sequence_kind":null,"source_name":"radiotelevisionmarti_com_rss","source_name_label":"Radiotelevisionmarti","source_type":"rss","summary":"Habitantes de Maracaibo, en el occidente de Venezuela, denuncian que los prolongados cortes el\u00e9ctricos est\u00e1n provocando un grave deterioro de sus condiciones de vida, con consecuencias sobre el descanso, la alimentaci\u00f3n y la salud f\u00edsica y mental.","title":"Apagones y calor obligan a habitantes de Maracaibo a dormir en las calles","topic":null,"translation_language":"","url":"https://www.martinoticias.com/a/apagones-y-calor-obligan-a-habitantes-de-maracaibo-a-dormir-en-las-calles/476503.html","video_url":null,"youtube_conversion_active":false,"youtube_conversion_error":"","youtube_conversion_status":""},{"article_body_paragraphs":[],"audio_source_url":null,"author":"Redacci\u00f3n Mart\u00ed Noticias","available_dubs":[],"downloadable_assets":["https://gdb.martinoticias.com/b0919198-193b-42e1-ac54-08decd4f1c2d_w1600_r1_n_s.jpg"],"duration_display":"0:00","duration_seconds":null,"embed_url":null,"id":10217,"image_caption":null,"image_url":"https://gdb.martinoticias.com/b0919198-193b-42e1-ac54-08decd4f1c2d_w1600_r1_n_s.jpg","is_clip":false,"is_youtube_embed":false,"item_type":"photo","item_type_label":"Photo","language_label":"Espa\u00f1ol","media_credit":"Redacci\u00f3n Mart\u00ed Noticias","micro_label":"Photo","micro_label_kind":"gallery","network_label":"OCB","network_logo_url":"/static/uploads/direct_network_logos/ocb_0888427dcb1d.svg","published_at":"2026-08-28T20:40:04","published_at_display":"28 Aug 2026, 20:40 GMT","sequence_badge_label":null,"sequence_count":null,"sequence_count_label":null,"sequence_frames":[],"sequence_kind":null,"source_name":"radiotelevisionmarti_com_rss","source_name_label":"Radiotelevisionmarti","source_type":"rss","summary":"La mujer, detenida desde el 9 de julio, fue arrestada despu\u00e9s de publicar y transmitir en Facebook cr\u00edticas al r\u00e9gimen cubano y protestas por apagones de m\u00e1s de 90 horas en Alamar, La Habana.","title":"Excarcelan bajo fianza a cubana detenida tras criticar los apagones en La Habana","topic":null,"translation_language":"","url":"https://www.martinoticias.com/a/excarcelan-bajo-fianza-a-cubana-detenida-tras-criticar-los-apagones-en-la-habana/476485.html","video_url":null,"youtube_conversion_active":false,"youtube_conversion_error":"","youtube_conversion_status":""},{"article_body_paragraphs":[],"audio_source_url":null,"author":"Laura Artal","available_dubs":[],"downloadable_assets":["https://gdb.martinoticias.com/c14daaf4-307e-42b1-040e-08decd63a0c8_cx0_cy31_cw0_w1600_r1_n_s.png"],"duration_display":"0:00","duration_seconds":null,"embed_url":null,"id":10218,"image_caption":null,"image_url":"https://gdb.martinoticias.com/c14daaf4-307e-42b1-040e-08decd63a0c8_cx0_cy31_cw0_w1600_r1_n_s.png","is_clip":false,"is_youtube_embed":false,"item_type":"photo","item_type_label":"Photo","language_label":"Espa\u00f1ol","media_credit":"Laura Artal","micro_label":"Photo","micro_label_kind":"gallery","network_label":"OCB","network_logo_url":"/static/uploads/direct_network_logos/ocb_0888427dcb1d.svg","published_at":"2026-08-28T20:10:41","published_at_display":"28 Aug 2026, 20:10 GMT","sequence_badge_label":null,"sequence_count":null,"sequence_count_label":null,"sequence_frames":[],"sequence_kind":null,"source_name":"radiotelevisionmarti_com_rss","source_name_label":"Radiotelevisionmarti","source_type":"rss","summary":"\u201cMar\u00eda Corina me pidi\u00f3 que le abriera el paso\", dijo el dirigente opositor Omar Gonz\u00e1lez tras m\u00e1s de un a\u00f1o refugiado en la Embajada de Argentina en Caracas.","title":"Opositor regresa a Venezuela tras m\u00e1s de un a\u00f1o en el exilio (VIDEO)","topic":null,"translation_language":"","url":"https://www.martinoticias.com/a/dirigente-opositor-regresa-a-venezuela-tras-m%c3%a1s-de-un-a%c3%b1o-en-el-exilio/476504.html","video_url":null,"youtube_conversion_active":false,"youtube_conversion_error":"","youtube_conversion_status":""},{"article_body_paragraphs":[],"audio_source_url":null,"author":"Jany Gonz\u00e1lez","available_dubs":[],"downloadable_assets":["https://gdb.martinoticias.com/b2d55681-0d97-45e7-7c85-08def2b1c8fe_w1600_r1_n_s.png"],"duration_display":"0:00","duration_seconds":null,"embed_url":null,"id":10181,"image_caption":null,"image_url":"https://gdb.martinoticias.com/b2d55681-0d97-45e7-7c85-08def2b1c8fe_w1600_r1_n_s.png","is_clip":false,"is_youtube_embed":false,"item_type":"photo","item_type_label":"Photo","language_label":"Espa\u00f1ol","media_credit":"Jany Gonz\u00e1lez","micro_label":"Photo","micro_label_kind":"gallery","network_label":"OCB","network_logo_url":"/static/uploads/direct_network_logos/ocb_0888427dcb1d.svg","published_at":"2026-08-28T19:45:40","published_at_display":"28 Aug 2026, 19:45 GMT","sequence_badge_label":null,"sequence_count":null,"sequence_count_label":null,"sequence_frames":[],"sequence_kind":null,"source_name":"radiotelevisionmarti_com_rss","source_name_label":"Radiotelevisionmarti","source_type":"rss","summary":"El compositor y ejecutivo nacido en Estados Unidos e hijo del exilio cubano, present\u00f3 \u201cSu Majestad\u201d, una canci\u00f3n dedicada a los cubanos que apuesta por la reconciliaci\u00f3n, la libertad y la reconstrucci\u00f3n de Cuba.","title":"\u201cSentimos Cuba profundamente\u201d: Julio Rebull dedica canci\u00f3n a los cubanos dentro de la isla","topic":null,"translation_language":"","url":"https://www.martinoticias.com/a/sentimos-cuba-profundamente-julio-rebull-dedica-canci%c3%b3n-a-los-cubanos-dentro-de-la-isla/476492.html","video_url":null,"youtube_conversion_active":false,"youtube_conversion_error":"","youtube_conversion_status":""},{"article_body_paragraphs":[],"audio_source_url":null,"author":"Redacci\u00f3n Mart\u00ed Noticias","available_dubs":[],"downloadable_assets":["https://gdb.martinoticias.com/7C1C4AAD-28ED-41F4-A42F-C66B3DDE68B8_w1600_r1_n_s.jpg"],"duration_display":"0:00","duration_seconds":null,"embed_url":null,"id":10151,"image_caption":null,"image_url":"https://gdb.martinoticias.com/7C1C4AAD-28ED-41F4-A42F-C66B3DDE68B8_w1600_r1_n_s.jpg","is_clip":false,"is_youtube_embed":false,"item_type":"photo","item_type_label":"Photo","language_label":"Espa\u00f1ol","media_credit":"Redacci\u00f3n Mart\u00ed Noticias","micro_label":"Photo","micro_label_kind":"gallery","network_label":"OCB","network_logo_url":"/static/uploads/direct_network_logos/ocb_0888427dcb1d.svg","published_at":"2026-08-28T18:20:32","published_at_display":"28 Aug 2026, 18:20 GMT","sequence_badge_label":null,"sequence_count":null,"sequence_count_label":null,"sequence_frames":[],"sequence_kind":null,"source_name":"radiotelevisionmarti_com_rss","source_name_label":"Radiotelevisionmarti","source_type":"rss","summary":"El congresista cubanoamericano Carlos Gim\u00e9nez asegur\u00f3 que la dictadura cubana debe temer la llegada de los cazas furtivos F-35 Lightning II a la Base de la Reserva A\u00e9rea de Homestead, en el sur de Florida.","title":"\"Los cubanos ni van a saber que est\u00e1 en su \u00e1rea\", congresista advierte sobre los F-35","topic":null,"translation_language":"","url":"https://www.martinoticias.com/a/los-cubanos-ni-van-a-saber-que-est%c3%a1-en-su-%c3%a1rea-congresista-advierte-sobre-los-f-35/476490.html","video_url":null,"youtube_conversion_active":false,"youtube_conversion_error":"","youtube_conversion_status":""},{"article_body_paragraphs":[],"audio_source_url":null,"author":"Redacci\u00f3n Mart\u00ed Noticias","available_dubs":[],"downloadable_assets":["https://gdb.martinoticias.com/d33e6083-e65f-4719-cfdf-08decd5b38e4_w1600_r1_n_s.png"],"duration_display":"0:00","duration_seconds":null,"embed_url":null,"id":10112,"image_caption":null,"image_url":"https://gdb.martinoticias.com/d33e6083-e65f-4719-cfdf-08decd5b38e4_w1600_r1_n_s.png","is_clip":false,"is_youtube_embed":false,"item_type":"photo","item_type_label":"Photo","language_label":"Espa\u00f1ol","media_credit":"Redacci\u00f3n Mart\u00ed Noticias","micro_label":"Photo","micro_label_kind":"gallery","network_label":"OCB","network_logo_url":"/static/uploads/direct_network_logos/ocb_0888427dcb1d.svg","published_at":"2026-08-28T16:47:48","published_at_display":"28 Aug 2026, 16:47 GMT","sequence_badge_label":null,"sequence_count":null,"sequence_count_label":null,"sequence_frames":[],"sequence_kind":null,"source_name":"radiotelevisionmarti_com_rss","source_name_label":"Radiotelevisionmarti","source_type":"rss","summary":"El ej\u00e9rcito de Estados Unidos derrib\u00f3 tres drones vinculados a c\u00e1rteles en la frontera sur mediante un sistema l\u00e1ser de alta energ\u00eda.","title":"Ej\u00e9rcito de EEUU utiliza un sistema l\u00e1ser contra drones vinculados a c\u00e1rteles","topic":null,"translation_language":"","url":"https://www.martinoticias.com/a/ej%c3%a9rcito-de-eeuu-utiliza-un-sistema-l%c3%a1ser-contra-drones-vinculados-a-c%c3%a1rteles/476488.html","video_url":null,"youtube_conversion_active":false,"youtube_conversion_error":"","youtube_conversion_status":""},{"article_body_paragraphs":[],"audio_source_url":null,"author":"Iv\u00e1n Kasanzew","available_dubs":[],"downloadable_assets":["https://gdb.martinoticias.com/6fe27394-cf84-4dde-821c-8560d2f55321_w1600_r1_n_s.jpg"],"duration_display":"0:00","duration_seconds":null,"embed_url":null,"id":10066,"image_caption":null,"image_url":"https://gdb.martinoticias.com/6fe27394-cf84-4dde-821c-8560d2f55321_w1600_r1_n_s.jpg","is_clip":false,"is_youtube_embed":false,"item_type":"photo","item_type_label":"Photo","language_label":"Espa\u00f1ol","media_credit":"Iv\u00e1n Kasanzew","micro_label":"Photo","micro_label_kind":"gallery","network_label":"OCB","network_logo_url":"/static/uploads/direct_network_logos/ocb_0888427dcb1d.svg","published_at":"2026-08-28T15:36:49","published_at_display":"28 Aug 2026, 15:36 GMT","sequence_badge_label":null,"sequence_count":null,"sequence_count_label":null,"sequence_frames":[],"sequence_kind":null,"source_name":"radiotelevisionmarti_com_rss","source_name_label":"Radiotelevisionmarti","source_type":"rss","summary":"Las labores de rescate en la frontera Nepal-T\u00edbet se suspendieron brevemente por el riesgo de desborde de un embalse natural formado tras el colapso glaciar en el Langtang Lirung. Hay al menos 500 muertos y m\u00e1s de mil desaparecidos, muchos de ellos turistas extranjeros.","title":"Deslave en Nepal deja 584 muertos y m\u00e1s de 1900 desaparecidos: crece el riesgo de nuevas inundaciones","topic":null,"translation_language":"","url":"https://www.martinoticias.com/a/deslave-en-nepal-deja-584-muertos-y-m%c3%a1s-de-1900-desaparecidos-crece-el-riesgo-de-nuevas-inundaciones/476483.html","video_url":null,"youtube_conversion_active":false,"youtube_conversion_error":"","youtube_conversion_status":""},{"article_body_paragraphs":[],"audio_source_url":null,"author":"Oficina de Pol\u00edticas","available_dubs":[],"downloadable_assets":["https://gdb.martinoticias.com/c18ed9de-ce8e-4f42-81d1-c5ede4505e07_w1600_r1_n_s.jpg"],"duration_display":"0:00","duration_seconds":null,"embed_url":null,"id":10033,"image_caption":null,"image_url":"https://gdb.martinoticias.com/c18ed9de-ce8e-4f42-81d1-c5ede4505e07_w1600_r1_n_s.jpg","is_clip":false,"is_youtube_embed":false,"item_type":"photo","item_type_label":"Photo","language_label":"Espa\u00f1ol","media_credit":"Oficina de Pol\u00edticas","micro_label":"Photo","micro_label_kind":"gallery","network_label":"OCB","network_logo_url":"/static/uploads/direct_network_logos/ocb_0888427dcb1d.svg","published_at":"2026-08-28T14:31:07","published_at_display":"28 Aug 2026, 14:31 GMT","sequence_badge_label":null,"sequence_count":null,"sequence_count_label":null,"sequence_frames":[],"sequence_kind":null,"source_name":"radiotelevisionmarti_com_rss","source_name_label":"Radiotelevisionmarti","source_type":"rss","summary":"EEUU advirti\u00f3 ante la ONU que los conflictos y las acciones de Ir\u00e1n en el estrecho de Ormuz agravan la inseguridad alimentaria mundial, al elevar los costos de energ\u00eda y fertilizantes y amenazar el acceso a alimentos de millones de personas, especialmente en \u00c1frica y Oriente Medio.","title":"EEUU acusa a Ir\u00e1n de agravar la inseguridad alimentaria a nivel mundial","topic":null,"translation_language":"","url":"https://www.martinoticias.com/a/eeuu-sigue-comprometido-con-alimentar-a-quienes-pasan-hambre/476406.html","video_url":null,"youtube_conversion_active":false,"youtube_conversion_error":"","youtube_conversion_status":""}],"next_num":6,"page":5,"pages":24,"per_page":20,"prev_num":4,"total":473}
