{"applied_filters":{"end_date":"","lang":"","language":"","network":"OCB","page":7,"per_page":20,"search":"","source":"","start_date":"","topic":"","type":"photo"},"available_filters":{"language_choices":[{"label":"Choose Language","value":""},{"label":"English","value":"English"},{"label":"Espa\u00f1ol","value":"Espa\u00f1ol"}],"network_choices":[{"label":"All networks","value":""},{"label":"OCB","value":"OCB"}],"source_choices":[{"label":"All sources","value":""},{"label":"Radiotelevisionmarti","value":"radiotelevisionmarti_com_rss"}],"sources":["radiotelevisionmarti_com_rss"],"topics":[],"types":[["","All types"],["article","Articles"],["audio","Audio"],["video","Videos"],["clips","Clips"],["media","Media"]]},"has_next":true,"has_prev":true,"items":[{"article_body_paragraphs":[],"audio_source_url":null,"author":"Jos\u00e9 Pernalete","available_dubs":[],"downloadable_assets":["https://gdb.martinoticias.com/f605fdd9-ed34-4745-7c76-08def2b1c8fe_w1600_r1_n_s.png"],"duration_display":"0:00","duration_seconds":null,"embed_url":null,"id":9402,"image_caption":null,"image_url":"https://gdb.martinoticias.com/f605fdd9-ed34-4745-7c76-08def2b1c8fe_w1600_r1_n_s.png","is_clip":false,"is_youtube_embed":false,"item_type":"photo","item_type_label":"Photo","language_label":"Espa\u00f1ol","media_credit":"Jos\u00e9 Pernalete","micro_label":"Photo","micro_label_kind":"gallery","network_label":"OCB","network_logo_url":"/static/uploads/direct_network_logos/ocb_0888427dcb1d.svg","published_at":"2026-08-26T20:12:10","published_at_display":"26 Aug 2026, 20:12 GMT","sequence_badge_label":null,"sequence_count":null,"sequence_count_label":null,"sequence_frames":[],"sequence_kind":null,"source_name":"radiotelevisionmarti_com_rss","source_name_label":"Radiotelevisionmarti","source_type":"rss","summary":"Las autoridades estadounidenses sostienen que, en 2013, Rafael Jos\u00e9 Quero Silva supervis\u00f3 directamente las torturas de al menos 74 manifestantes pac\u00edficos.","title":"EEUU deporta a Venezuela a excoronel se\u00f1alado por torturar a decenas de manifestantes","topic":null,"translation_language":"","url":"https://www.martinoticias.com/a/eeuu-deporta-a-venezuela-a-excoronel-se%c3%b1alado-por-torturar-a-manifestantes/476334.html","video_url":null,"youtube_conversion_active":false,"youtube_conversion_error":"","youtube_conversion_status":""},{"article_body_paragraphs":[],"audio_source_url":null,"author":"Mario J. Pent\u00f3n","available_dubs":[],"downloadable_assets":["https://gdb.martinoticias.com/16f32149-28f0-4f48-bc5b-08def2b1d8dc_cx41_cy43_cw58_w1600_r1_n_s.jpeg"],"duration_display":"0:00","duration_seconds":null,"embed_url":null,"id":9403,"image_caption":null,"image_url":"https://gdb.martinoticias.com/16f32149-28f0-4f48-bc5b-08def2b1d8dc_cx41_cy43_cw58_w1600_r1_n_s.jpeg","is_clip":false,"is_youtube_embed":false,"item_type":"photo","item_type_label":"Photo","language_label":"Espa\u00f1ol","media_credit":"Mario J. Pent\u00f3n","micro_label":"Photo","micro_label_kind":"gallery","network_label":"OCB","network_logo_url":"/static/uploads/direct_network_logos/ocb_0888427dcb1d.svg","published_at":"2026-08-26T20:00:56","published_at_display":"26 Aug 2026, 20:00 GMT","sequence_badge_label":null,"sequence_count":null,"sequence_count_label":null,"sequence_frames":[],"sequence_kind":null,"source_name":"radiotelevisionmarti_com_rss","source_name_label":"Radiotelevisionmarti","source_type":"rss","summary":"El jefe de gabinete del congresista republicano Carlos Gim\u00e9nez, Rey Anthony, durante una entrevista con Mart\u00ed Noticias defendi\u00f3 las restricciones migratorias actuales, respald\u00f3 la aplicaci\u00f3n de la Ley de Ajuste Cubano para quienes califiquen.","title":"Jefe de gabinete explica a qu\u00e9 inmigrantes cubanos respalda el congresista Gim\u00e9nez","topic":null,"translation_language":"","url":"https://www.martinoticias.com/a/jefe-de-gabinete-explica-a-qu%c3%a9-inmigrantes-cubanos-respalda-el-congresista-gim%c3%a9nez/476330.html","video_url":null,"youtube_conversion_active":false,"youtube_conversion_error":"","youtube_conversion_status":""},{"article_body_paragraphs":[],"audio_source_url":null,"author":"Jos\u00e9 Pernalete","available_dubs":[],"downloadable_assets":["https://gdb.martinoticias.com/29d6234d-462a-4ce5-68f5-08def2ff2efe_w1600_r1_n_s.png"],"duration_display":"0:00","duration_seconds":null,"embed_url":null,"id":9392,"image_caption":null,"image_url":"https://gdb.martinoticias.com/29d6234d-462a-4ce5-68f5-08def2ff2efe_w1600_r1_n_s.png","is_clip":false,"is_youtube_embed":false,"item_type":"photo","item_type_label":"Photo","language_label":"Espa\u00f1ol","media_credit":"Jos\u00e9 Pernalete","micro_label":"Photo","micro_label_kind":"gallery","network_label":"OCB","network_logo_url":"/static/uploads/direct_network_logos/ocb_0888427dcb1d.svg","published_at":"2026-08-26T19:45:54","published_at_display":"26 Aug 2026, 19:45 GMT","sequence_badge_label":null,"sequence_count":null,"sequence_count_label":null,"sequence_frames":[],"sequence_kind":null,"source_name":"radiotelevisionmarti_com_rss","source_name_label":"Radiotelevisionmarti","source_type":"rss","summary":"La operaci\u00f3n forma parte de una red de solidaridad que moviliza donaciones desde varias ciudades y pa\u00edses, mientras el balance oficial de la tragedia supera los 300 muertos y las 324 mil personas afectadas.","title":"Ayuda humanitaria despega desde Miami hacia zonas golpeadas por terremoto en Colombia","topic":null,"translation_language":"","url":"https://www.martinoticias.com/a/ayuda-humanitaria-despega-desde-miami-hacia-zonas-golpeadas-por-terremoto-en-colombia/476329.html","video_url":null,"youtube_conversion_active":false,"youtube_conversion_error":"","youtube_conversion_status":""},{"article_body_paragraphs":[],"audio_source_url":null,"author":"Edgardo Pinell Medina","available_dubs":[],"downloadable_assets":["https://gdb.martinoticias.com/15743c5d-aa67-492f-68f6-08def2ff2efe_w1600_r1_n_s.jpg"],"duration_display":"0:00","duration_seconds":null,"embed_url":null,"id":9380,"image_caption":null,"image_url":"https://gdb.martinoticias.com/15743c5d-aa67-492f-68f6-08def2ff2efe_w1600_r1_n_s.jpg","is_clip":false,"is_youtube_embed":false,"item_type":"photo","item_type_label":"Photo","language_label":"Espa\u00f1ol","media_credit":"Edgardo Pinell Medina","micro_label":"Photo","micro_label_kind":"gallery","network_label":"OCB","network_logo_url":"/static/uploads/direct_network_logos/ocb_0888427dcb1d.svg","published_at":"2026-08-26T19:20:29","published_at_display":"26 Aug 2026, 19:20 GMT","sequence_badge_label":null,"sequence_count":null,"sequence_count_label":null,"sequence_frames":[],"sequence_kind":null,"source_name":"radiotelevisionmarti_com_rss","source_name_label":"Radiotelevisionmarti","source_type":"rss","summary":"La inauguraci\u00f3n en Managua de un megacentro de monitoreo marca un nuevo paso en la alianza entre el r\u00e9gimen de Daniel Ortega y Pek\u00edn, en medio de advertencias de EEUU sobre posibles riesgos de espionaje y uso de sistemas de vigilancia con tecnolog\u00eda china en la regi\u00f3n.","title":"R\u00e9gimen de Nicaragua instala un megacentro de monitoreo con tecnolog\u00eda china","topic":null,"translation_language":"","url":"https://www.martinoticias.com/a/r%c3%a9gimen-de-nicaragua-instala-un-megacentro-de-monitoreo-con-tecnolog%c3%ada-china/476328.html","video_url":null,"youtube_conversion_active":false,"youtube_conversion_error":"","youtube_conversion_status":""},{"article_body_paragraphs":[],"audio_source_url":null,"author":"Redacci\u00f3n Mart\u00ed Noticias","available_dubs":[],"downloadable_assets":["https://gdb.martinoticias.com/809a04a7-44d7-44c5-8d5d-f5352087e5f5_w1600_r1_n_s.jpg"],"duration_display":"0:00","duration_seconds":null,"embed_url":null,"id":9361,"image_caption":null,"image_url":"https://gdb.martinoticias.com/809a04a7-44d7-44c5-8d5d-f5352087e5f5_w1600_r1_n_s.jpg","is_clip":false,"is_youtube_embed":false,"item_type":"photo","item_type_label":"Photo","language_label":"Espa\u00f1ol","media_credit":"Redacci\u00f3n Mart\u00ed Noticias","micro_label":"Photo","micro_label_kind":"gallery","network_label":"OCB","network_logo_url":"/static/uploads/direct_network_logos/ocb_0888427dcb1d.svg","published_at":"2026-08-26T18:58:32","published_at_display":"26 Aug 2026, 18:58 GMT","sequence_badge_label":null,"sequence_count":null,"sequence_count_label":null,"sequence_frames":[],"sequence_kind":null,"source_name":"radiotelevisionmarti_com_rss","source_name_label":"Radiotelevisionmarti","source_type":"rss","summary":"El secretario de Estado Marco Rubio y el canciller mexicano, Roberto Velasco, se reunieron en Washington para abordar prioridades regionales como migraci\u00f3n, seguridad y cooperaci\u00f3n bilateral.","title":"Secretario de Estado Rubio recibe en Washington al canciller mexicano","topic":null,"translation_language":"","url":"https://www.martinoticias.com/a/secretario-de-estado-rubio-recibe-en-washington-al-canciller-mexicano/476326.html","video_url":null,"youtube_conversion_active":false,"youtube_conversion_error":"","youtube_conversion_status":""},{"article_body_paragraphs":[],"audio_source_url":null,"author":"Janisset Rivero","available_dubs":[],"downloadable_assets":["https://gdb.martinoticias.com/ce881359-7d48-4770-03ff-08decd63a0c8_cx0_cy10_cw0_w1600_r1_n_s.jpg"],"duration_display":"0:00","duration_seconds":null,"embed_url":null,"id":9351,"image_caption":null,"image_url":"https://gdb.martinoticias.com/ce881359-7d48-4770-03ff-08decd63a0c8_cx0_cy10_cw0_w1600_r1_n_s.jpg","is_clip":false,"is_youtube_embed":false,"item_type":"photo","item_type_label":"Photo","language_label":"Espa\u00f1ol","media_credit":"Janisset Rivero","micro_label":"Photo","micro_label_kind":"gallery","network_label":"OCB","network_logo_url":"/static/uploads/direct_network_logos/ocb_0888427dcb1d.svg","published_at":"2026-08-26T18:07:52","published_at_display":"26 Aug 2026, 18:07 GMT","sequence_badge_label":null,"sequence_count":null,"sequence_count_label":null,"sequence_frames":[],"sequence_kind":null,"source_name":"radiotelevisionmarti_com_rss","source_name_label":"Radiotelevisionmarti","source_type":"rss","summary":"Madres cubanas denuncian graves dificultades para el inicio del curso escolar por la escasez de alimentos, agua potable, electricidad y otros recursos b\u00e1sicos. Se\u00f1alaron que el gobierno deber\u00eda replantear el modelo educativo, incluyendo opciones como clases virtuales y escuelas privadas.","title":"Escasez de alimentos, apagones y falta de recursos complican el regreso a clases en Cuba (VIDEO)","topic":null,"translation_language":"","url":"https://www.martinoticias.com/a/escasez-de-alimentos-apagones-y-falta-de-recursos-complican-el-regreso-a-clases-en-cuba/476321.html","video_url":null,"youtube_conversion_active":false,"youtube_conversion_error":"","youtube_conversion_status":""},{"article_body_paragraphs":[],"audio_source_url":null,"author":"Redacci\u00f3n Mart\u00ed Noticias","available_dubs":[],"downloadable_assets":["https://gdb.martinoticias.com/1aeabe0f-e71e-4093-8be6-232b641da058_cx0_cy10_cw0_w1600_r1_n_s.jpg"],"duration_display":"0:00","duration_seconds":null,"embed_url":null,"id":9352,"image_caption":null,"image_url":"https://gdb.martinoticias.com/1aeabe0f-e71e-4093-8be6-232b641da058_cx0_cy10_cw0_w1600_r1_n_s.jpg","is_clip":false,"is_youtube_embed":false,"item_type":"photo","item_type_label":"Photo","language_label":"Espa\u00f1ol","media_credit":"Redacci\u00f3n Mart\u00ed Noticias","micro_label":"Photo","micro_label_kind":"gallery","network_label":"OCB","network_logo_url":"/static/uploads/direct_network_logos/ocb_0888427dcb1d.svg","published_at":"2026-08-26T17:47:26","published_at_display":"26 Aug 2026, 17:47 GMT","sequence_badge_label":null,"sequence_count":null,"sequence_count_label":null,"sequence_frames":[],"sequence_kind":null,"source_name":"radiotelevisionmarti_com_rss","source_name_label":"Radiotelevisionmarti","source_type":"rss","summary":"Seg\u00fan una hoja informativa divulgada por el Departamento de Estado, A/I desarrolla y administra herramientas que incluyen servicios de correo electr\u00f3nico y chats cifrados, alojamiento web, videoconferencias seguras, transmisiones y mecanismos para preservar el anonimato.","title":"EEUU designa al colectivo tecnol\u00f3gico Autistici/Inventati como organizaci\u00f3n terrorista global","topic":null,"translation_language":"","url":"https://www.martinoticias.com/a/eeuu-designa-al-colectivo-tecnol%c3%b3gico-autistici-inventati-como-organizaci%c3%b3n-terrorista-global/476324.html","video_url":null,"youtube_conversion_active":false,"youtube_conversion_error":"","youtube_conversion_status":""},{"article_body_paragraphs":[],"audio_source_url":null,"author":"Iv\u00e1n Kasanzew","available_dubs":[],"downloadable_assets":["https://gdb.martinoticias.com/bf663f1a-98d4-4ab5-b273-74d4b3affa36_w1600_r1_n_s.jpg"],"duration_display":"0:00","duration_seconds":null,"embed_url":null,"id":9285,"image_caption":null,"image_url":"https://gdb.martinoticias.com/bf663f1a-98d4-4ab5-b273-74d4b3affa36_w1600_r1_n_s.jpg","is_clip":false,"is_youtube_embed":false,"item_type":"photo","item_type_label":"Photo","language_label":"Espa\u00f1ol","media_credit":"Iv\u00e1n Kasanzew","micro_label":"Photo","micro_label_kind":"gallery","network_label":"OCB","network_logo_url":"/static/uploads/direct_network_logos/ocb_0888427dcb1d.svg","published_at":"2026-08-26T16:39:06","published_at_display":"26 Aug 2026, 16:39 GMT","sequence_badge_label":null,"sequence_count":null,"sequence_count_label":null,"sequence_frames":[],"sequence_kind":null,"source_name":"radiotelevisionmarti_com_rss","source_name_label":"Radiotelevisionmarti","source_type":"rss","summary":"Donald Trump, afirm\u00f3 en The Glenn Beck Program que el l\u00edder supremo de Ir\u00e1n, Mojtaba Khamenei, est\u00e1 gravemente herido, desmintiendo su muerte y augurando una \"gran victoria\". Adem\u00e1s, critic\u00f3 la ley Sharia y asegur\u00f3 que la prohibir\u00e1 por completo para defender el sistema legal estadounidense.","title":"Trump desmiente la muerte de l\u00edder de Ir\u00e1n","topic":null,"translation_language":"","url":"https://www.martinoticias.com/a/trump-l%c3%adder-de-iran-herido-de-gravedad-desmiente-su-muerte-y-ataca-a-la-cupula-y-la-sharia/476316.html","video_url":null,"youtube_conversion_active":false,"youtube_conversion_error":"","youtube_conversion_status":""},{"article_body_paragraphs":[],"audio_source_url":null,"author":"Rolando N\u00e1poles","available_dubs":[],"downloadable_assets":["https://gdb.martinoticias.com/24031d98-a7c6-485d-bc5a-08def2b1d8dc_cx0_cy14_cw0_w1600_r1_n_s.jpg"],"duration_display":"0:00","duration_seconds":null,"embed_url":null,"id":9286,"image_caption":null,"image_url":"https://gdb.martinoticias.com/24031d98-a7c6-485d-bc5a-08def2b1d8dc_cx0_cy14_cw0_w1600_r1_n_s.jpg","is_clip":false,"is_youtube_embed":false,"item_type":"photo","item_type_label":"Photo","language_label":"Espa\u00f1ol","media_credit":"Rolando N\u00e1poles","micro_label":"Photo","micro_label_kind":"gallery","network_label":"OCB","network_logo_url":"/static/uploads/direct_network_logos/ocb_0888427dcb1d.svg","published_at":"2026-08-26T16:30:35","published_at_display":"26 Aug 2026, 16:30 GMT","sequence_badge_label":null,"sequence_count":null,"sequence_count_label":null,"sequence_frames":[],"sequence_kind":null,"source_name":"radiotelevisionmarti_com_rss","source_name_label":"Radiotelevisionmarti","source_type":"rss","summary":"El pastor bautista cubano Jos\u00e9 Ra\u00fal Palacio denunci\u00f3 en una publicaci\u00f3n enviada a Mart\u00ed Noticias la detenci\u00f3n que sufri\u00f3 por m\u00e1s de ocho horas este martes 25 de agosto por parte de polic\u00edas y guardabosques en el punto de control de El Cristo, en Santiago de Cuba, y la confiscaci\u00f3n de una mesa de madera que trasladaba de Palma Soriano a la capital provincial. \u201cCu\u00e1n dif\u00edcil se constituye vivir en lugares donde la burocracia y los extremos van de lo sublime a lo rid\u00edculo, pero se constituye m\u00e1s dif\u00edcil cuando t\u00fa no quieres ser parte de un mecanismo de corrupci\u00f3n donde los agentes del supuesto orden p\u00fablico vienen y te decomisan un paquetico de agujas compradas en calle 13, Holgu\u00edn, y se hacen de la vista gorda y permiten que negocien con toneladas de comida de ayudas al pueblo, o se negocie con donaciones destinadas al pueblo, y todo esto pasa por el punto de control del Cristo\u201d, afirm\u00f3 Palacio. En su escrito, el religioso cubano confirm\u00f3 que a las 10:30 de la ma\u00f1ana del martes, 25 de agosto, le formularon el acta de decomiso de la mesa que \u00e9l hab\u00eda hecho para regalar a unos amigos que tienen un ni\u00f1o peque\u00f1o, y denunci\u00f3 la manera en que la guardabosques hicieron esta confiscaci\u00f3n, pidi\u00e9ndole hasta pruebas de d\u00f3nde hab\u00eda sacado la madera para fabricarla. \u201cLe respondo que esos fueron unos trozos de algarroba que aserraron de lo que tumb\u00f3 el cicl\u00f3n, no llegaba ni a 15 pies. Ella contin\u00faa dici\u00e9ndome que eso es ilegal porque hasta para hacer el carb\u00f3n hay que sacar papeles de corte, o sea que hasta para picar el marab\u00fa que est\u00e1 dentro del campo del campesino hay que buscar un papel, porque si \u00e9l se atreve a hacer carb\u00f3n lo pueden multar\u201d, explic\u00f3 Palacio. La publicaci\u00f3n del pastor bautista confirm\u00f3 lo que, desde que se conoci\u00f3 su detenci\u00f3n, religiosos y activistas cubanos comenzaron a denunciar en las redes sociales: que estuvo ah\u00ed por m\u00e1s de ocho horas en ese punto de control sin comer nada mientras, m\u00e1s tarde, por ese mismo sitio, pas\u00f3 tranquilamente una camioneta con muebles sin que llamara la atenci\u00f3n de las autoridades que lo hab\u00edan retenido. \u201cPas\u00f3 una camioneta con muebles sin ninguna gu\u00eda de tr\u00e1nsito ni documentaci\u00f3n visible y, a diferencia de lo que pas\u00f3 conmigo, continu\u00f3 su camino sin ning\u00fan tipo de retenci\u00f3n ni acta, luego de una breve conversaci\u00f3n apartada (y un peque\u00f1o regalito) con el personal de guardia. Todo transcurri\u00f3 con total normalidad\u201d, afirm\u00f3. De Palma pudo regresar a su casa en Palma Soriano el mismo martes. pero sin la mesa. En su nota de confirmaci\u00f3n sobre lo sucedido, denunci\u00f3 la corrupci\u00f3n en la isla. \u201cEsta es la cruel realidad que nos toca vivir d\u00eda a d\u00eda, que el Se\u00f1or nos ayude y nos d\u00e9 fuerzas para poder permanecer fiel en medio de tanta corrupci\u00f3n y en medio de este tiempo que nos ha tocado vivir\u201d, escribi\u00f3. La detenci\u00f3n del pastor bautista en Santiago de Cuba ocurre en un pa\u00eds se\u00f1alado nuevamente, en marzo de este 2026, por la Comisi\u00f3n de Estados Unidos para la Libertad Religiosa Internacional entre entre las naciones donde se cometen violaciones graves y sistem\u00e1ticas contra la libertad de religi\u00f3n o creencias. En su informe anual de 2026, la Comisi\u00f3n report\u00f3 que en 2025 \u201clas condiciones de libertad religiosa en Cuba continuaron siendo deficientes\u201d, y describi\u00f3 un sistema legal que permite al gobierno controlar estrictamente la actividad religiosa y ejercer presi\u00f3n contra l\u00edderes y comunidades de fe.","title":"Detenci\u00f3n de pastor en Cuba reaviva denuncias sobre violaciones a la libertad religiosa","topic":null,"translation_language":"","url":"https://www.martinoticias.com/a/detenci%c3%b3n-de-pastor-en-cuba-reaviva-denuncias-sobre-violaciones-a-la-libertad-religiosa/476317.html","video_url":null,"youtube_conversion_active":false,"youtube_conversion_error":"","youtube_conversion_status":""},{"article_body_paragraphs":[],"audio_source_url":null,"author":"Redacci\u00f3n Mart\u00ed Noticias","available_dubs":[],"downloadable_assets":["https://gdb.martinoticias.com/d5d6a703-e20f-40b3-b4be-a3b7326d7f71_w1600_r1_n_s.jpg"],"duration_display":"0:00","duration_seconds":null,"embed_url":null,"id":9255,"image_caption":null,"image_url":"https://gdb.martinoticias.com/d5d6a703-e20f-40b3-b4be-a3b7326d7f71_w1600_r1_n_s.jpg","is_clip":false,"is_youtube_embed":false,"item_type":"photo","item_type_label":"Photo","language_label":"Espa\u00f1ol","media_credit":"Redacci\u00f3n Mart\u00ed Noticias","micro_label":"Photo","micro_label_kind":"gallery","network_label":"OCB","network_logo_url":"/static/uploads/direct_network_logos/ocb_0888427dcb1d.svg","published_at":"2026-08-26T15:55:25","published_at_display":"26 Aug 2026, 15:55 GMT","sequence_badge_label":null,"sequence_count":null,"sequence_count_label":null,"sequence_frames":[],"sequence_kind":null,"source_name":"radiotelevisionmarti_com_rss","source_name_label":"Radiotelevisionmarti","source_type":"rss","summary":"Economistas cuestionan la coherencia de la estrategia econ\u00f3mica del r\u00e9gimen cubano tras las recientes medidas de control sobre el sector privado, mientras Miguel D\u00edaz-Canel insiste en defender las sanciones y los l\u00edmites a las ganancias como parte de una reforma que, seg\u00fan cr\u00edticos, termina castigando al mercado y profundizando la crisis de escasez e inflaci\u00f3n en la isla.","title":"\u00bfReforma o castigo al mercado? Crecen las dudas tras reuni\u00f3n de D\u00edaz-Canel con privados","topic":null,"translation_language":"","url":"https://www.martinoticias.com/a/reforma-o-castigo-al-mercado-crecen-las-dudas-tras-reuni%c3%b3n-de-d%c3%adaz-canel-con-privados/476314.html","video_url":null,"youtube_conversion_active":false,"youtube_conversion_error":"","youtube_conversion_status":""},{"article_body_paragraphs":[],"audio_source_url":null,"author":"Oficina de Pol\u00edticas","available_dubs":[],"downloadable_assets":["https://gdb.martinoticias.com/b6aa947d-4d2d-4404-9a9c-aca0ddc4e7aa_w1600_r1_n_s.jpg"],"duration_display":"0:00","duration_seconds":null,"embed_url":null,"id":9242,"image_caption":null,"image_url":"https://gdb.martinoticias.com/b6aa947d-4d2d-4404-9a9c-aca0ddc4e7aa_w1600_r1_n_s.jpg","is_clip":false,"is_youtube_embed":false,"item_type":"photo","item_type_label":"Photo","language_label":"Espa\u00f1ol","media_credit":"Oficina de Pol\u00edticas","micro_label":"Photo","micro_label_kind":"gallery","network_label":"OCB","network_logo_url":"/static/uploads/direct_network_logos/ocb_0888427dcb1d.svg","published_at":"2026-08-26T15:36:30","published_at_display":"26 Aug 2026, 15:36 GMT","sequence_badge_label":null,"sequence_count":null,"sequence_count_label":null,"sequence_frames":[],"sequence_kind":null,"source_name":"radiotelevisionmarti_com_rss","source_name_label":"Radiotelevisionmarti","source_type":"rss","summary":"El gobierno de Estados Unidos intensific\u00f3 su ofensiva contra el r\u00e9gimen cubano con nuevas sanciones por promover actividades subversivas, espionaje y apoyo a actores hostiles contra la seguridad nacional estadounidense.","title":"EEUU sanciona a La Habana por \"exportar el marxismo, el resentimiento racial y la violencia comunista\"","topic":null,"translation_language":"","url":"https://www.martinoticias.com/a/eeuu-sanciona-a-la-habana-por-exportar-el-marxismo-el-resentimiento-racial-y-la-violencia-comunista/476318.html","video_url":null,"youtube_conversion_active":false,"youtube_conversion_error":"","youtube_conversion_status":""},{"article_body_paragraphs":[],"audio_source_url":null,"author":"Redacci\u00f3n Mart\u00ed Noticias","available_dubs":[],"downloadable_assets":["https://gdb.martinoticias.com/2eb0f6c1-99cf-4242-5a8f-08decd6ea425_w1600_r1_n_s.png"],"duration_display":"0:00","duration_seconds":null,"embed_url":null,"id":9169,"image_caption":null,"image_url":"https://gdb.martinoticias.com/2eb0f6c1-99cf-4242-5a8f-08decd6ea425_w1600_r1_n_s.png","is_clip":false,"is_youtube_embed":false,"item_type":"photo","item_type_label":"Photo","language_label":"Espa\u00f1ol","media_credit":"Redacci\u00f3n Mart\u00ed Noticias","micro_label":"Photo","micro_label_kind":"gallery","network_label":"OCB","network_logo_url":"/static/uploads/direct_network_logos/ocb_0888427dcb1d.svg","published_at":"2026-08-26T13:29:17","published_at_display":"26 Aug 2026, 13:29 GMT","sequence_badge_label":null,"sequence_count":null,"sequence_count_label":null,"sequence_frames":[],"sequence_kind":null,"source_name":"radiotelevisionmarti_com_rss","source_name_label":"Radiotelevisionmarti","source_type":"rss","summary":"Una operaci\u00f3n militar de Estados Unidos contra una lancha vinculada al narcotr\u00e1fico en el Caribe dej\u00f3 cuatro muertos, en el marco de una ofensiva del Comando Sur para reforzar el combate contra las redes criminales que operan en la regi\u00f3n.","title":"Southcom informa sobre ataque letal contra lancha vinculada al narcotr\u00e1fico en el Caribe","topic":null,"translation_language":"","url":"https://www.martinoticias.com/a/southcom-informa-sobre-ataque-letal-contra-lancha-vinculada-al-narcotr%c3%a1fico-en-el-caribe/476311.html","video_url":null,"youtube_conversion_active":false,"youtube_conversion_error":"","youtube_conversion_status":""},{"article_body_paragraphs":[],"audio_source_url":null,"author":"Jany Gonz\u00e1lez","available_dubs":[],"downloadable_assets":["https://gdb.martinoticias.com/01000000-0aff-0242-3b78-08dc2419ad75_w1600_r1_n_s.png"],"duration_display":"0:00","duration_seconds":null,"embed_url":null,"id":9152,"image_caption":null,"image_url":"https://gdb.martinoticias.com/01000000-0aff-0242-3b78-08dc2419ad75_w1600_r1_n_s.png","is_clip":false,"is_youtube_embed":false,"item_type":"photo","item_type_label":"Photo","language_label":"Espa\u00f1ol","media_credit":"Jany Gonz\u00e1lez","micro_label":"Photo","micro_label_kind":"gallery","network_label":"OCB","network_logo_url":"/static/uploads/direct_network_logos/ocb_0888427dcb1d.svg","published_at":"2026-08-26T12:23:30","published_at_display":"26 Aug 2026, 12:23 GMT","sequence_badge_label":null,"sequence_count":null,"sequence_count_label":null,"sequence_frames":[],"sequence_kind":null,"source_name":"radiotelevisionmarti_com_rss","source_name_label":"Radiotelevisionmarti","source_type":"rss","summary":"Los cambios que USCIS aplicar\u00e1 desde el 18 de septiembre sobre la regla de \u201ccarga p\u00fablica\u201d han generado incertidumbre entre inmigrantes que reciben ayudas gubernamentales, abogados aclaran c\u00f3mo aplica la medida a los cubanos que solicitan la residencia...","title":"Carga p\u00fablica: \u00bfpueden Medicaid, SNAP u otras ayudas afectar la residencia de los cubanos?","topic":null,"translation_language":"","url":"https://www.martinoticias.com/a/carga-p%c3%bablica-pueden-medicaid-snap-u-otras-ayudas-afectar-la-residencia-de-los-cubanos/476310.html","video_url":null,"youtube_conversion_active":false,"youtube_conversion_error":"","youtube_conversion_status":""},{"article_body_paragraphs":[],"audio_source_url":null,"author":"Yolanda Huerga","available_dubs":[],"downloadable_assets":["https://gdb.martinoticias.com/06a30000-0aff-0242-f596-08db0397229f_cx0_cy10_cw0_w1600_r1_n_s.jpg"],"duration_display":"0:00","duration_seconds":null,"embed_url":null,"id":9022,"image_caption":null,"image_url":"https://gdb.martinoticias.com/06a30000-0aff-0242-f596-08db0397229f_cx0_cy10_cw0_w1600_r1_n_s.jpg","is_clip":false,"is_youtube_embed":false,"item_type":"photo","item_type_label":"Photo","language_label":"Espa\u00f1ol","media_credit":"Yolanda Huerga","micro_label":"Photo","micro_label_kind":"gallery","network_label":"OCB","network_logo_url":"/static/uploads/direct_network_logos/ocb_0888427dcb1d.svg","published_at":"2026-08-26T00:19:48","published_at_display":"26 Aug 2026, 00:19 GMT","sequence_badge_label":null,"sequence_count":null,"sequence_count_label":null,"sequence_frames":[],"sequence_kind":null,"source_name":"radiotelevisionmarti_com_rss","source_name_label":"Radiotelevisionmarti","source_type":"rss","summary":"Un tribunal de apelaciones de Estados Unidos rechaz\u00f3 la inmunidad diplom\u00e1tica de la Organizaci\u00f3n Panamericana de la Salud (OPS) y permiti\u00f3 que avance la demanda colectiva presentada por m\u00e9dicos cubanos.","title":"Tribunal federal de EEUU permite avanzar demanda contra la OPS por misiones m\u00e9dicas cubanas en Brasil","topic":null,"translation_language":"","url":"https://www.martinoticias.com/a/avanza-la-demanda-hist%c3%b3rica-de-m%c3%a9dicos-cubanos-en-brasil/476264.html","video_url":null,"youtube_conversion_active":false,"youtube_conversion_error":"","youtube_conversion_status":""},{"article_body_paragraphs":[],"audio_source_url":null,"author":"Ariane Gonz\u00e1lez","available_dubs":[],"downloadable_assets":["https://gdb.martinoticias.com/01000000-0a00-0242-e37a-08db3badce84_w1600_r1_n_s.jpg"],"duration_display":"0:00","duration_seconds":null,"embed_url":null,"id":9023,"image_caption":null,"image_url":"https://gdb.martinoticias.com/01000000-0a00-0242-e37a-08db3badce84_w1600_r1_n_s.jpg","is_clip":false,"is_youtube_embed":false,"item_type":"photo","item_type_label":"Photo","language_label":"Espa\u00f1ol","media_credit":"Ariane Gonz\u00e1lez","micro_label":"Photo","micro_label_kind":"gallery","network_label":"OCB","network_logo_url":"/static/uploads/direct_network_logos/ocb_0888427dcb1d.svg","published_at":"2026-08-26T00:01:47","published_at_display":"26 Aug 2026, 00:01 GMT","sequence_badge_label":null,"sequence_count":null,"sequence_count_label":null,"sequence_frames":[],"sequence_kind":null,"source_name":"radiotelevisionmarti_com_rss","source_name_label":"Radiotelevisionmarti","source_type":"rss","summary":"Documentos internos de la misi\u00f3n m\u00e9dica cubana en Botswana muestran restricciones sobre movilidad, visitas, relaciones personales, salidas nocturnas y uso de veh\u00edculos, adem\u00e1s de inspecciones sorpresivas y sanciones disciplinarias.","title":"M\u00e9dicos cubanos en Botswana, bajo vigilancia y con m\u00e1s del 75% de sus pagos retenidos","topic":null,"translation_language":"","url":"https://www.martinoticias.com/a/m%c3%a9dicos-cubanos-en-botswana-bajo-vigilancia-y-con-m%c3%a1s-del-75-de-sus-pagos-retenidos/476234.html","video_url":null,"youtube_conversion_active":false,"youtube_conversion_error":"","youtube_conversion_status":""},{"article_body_paragraphs":[],"audio_source_url":null,"author":"Iv\u00e1n Kasanzew","available_dubs":[],"downloadable_assets":["https://gdb.martinoticias.com/af6af0bb-661e-4e34-b2bf-ae130cd624e8_w1600_r1_n_s.jpg"],"duration_display":"0:00","duration_seconds":null,"embed_url":null,"id":9006,"image_caption":null,"image_url":"https://gdb.martinoticias.com/af6af0bb-661e-4e34-b2bf-ae130cd624e8_w1600_r1_n_s.jpg","is_clip":false,"is_youtube_embed":false,"item_type":"photo","item_type_label":"Photo","language_label":"Espa\u00f1ol","media_credit":"Iv\u00e1n Kasanzew","micro_label":"Photo","micro_label_kind":"gallery","network_label":"OCB","network_logo_url":"/static/uploads/direct_network_logos/ocb_0888427dcb1d.svg","published_at":"2026-08-25T22:30:18","published_at_display":"25 Aug 2026, 22:30 GMT","sequence_badge_label":null,"sequence_count":null,"sequence_count_label":null,"sequence_frames":[],"sequence_kind":null,"source_name":"radiotelevisionmarti_com_rss","source_name_label":"Radiotelevisionmarti","source_type":"rss","summary":"Trump anunci\u00f3 que la Marina de EE.UU. retir\u00f3 o deton\u00f3 todas las minas del Estrecho de Ormuz y advirti\u00f3 que cualquier embarcaci\u00f3n que coloque nuevas ser\u00e1 destruida de inmediato, con vigilancia total v\u00eda Fuerza Espacial y \u201ctolerancia cero\u201d.","title":"Trump: EEUU retir\u00f3 todas las minas del estrecho de Ormuz","topic":null,"translation_language":"","url":"https://www.martinoticias.com/a/trump-eeuu-retir%c3%b3-todas-las-minas-del-estrecho-de-ormuz/476253.html","video_url":null,"youtube_conversion_active":false,"youtube_conversion_error":"","youtube_conversion_status":""},{"article_body_paragraphs":[],"audio_source_url":null,"author":"Ivette Pacheco","available_dubs":[],"downloadable_assets":["https://gdb.martinoticias.com/01000000-0aff-0242-066f-08dc0faef396_cx0_cy12_cw0_w1600_r1_n_s.jpg"],"duration_display":"0:00","duration_seconds":null,"embed_url":null,"id":8998,"image_caption":null,"image_url":"https://gdb.martinoticias.com/01000000-0aff-0242-066f-08dc0faef396_cx0_cy12_cw0_w1600_r1_n_s.jpg","is_clip":false,"is_youtube_embed":false,"item_type":"photo","item_type_label":"Photo","language_label":"Espa\u00f1ol","media_credit":"Ivette Pacheco","micro_label":"Photo","micro_label_kind":"gallery","network_label":"OCB","network_logo_url":"/static/uploads/direct_network_logos/ocb_0888427dcb1d.svg","published_at":"2026-08-25T21:31:54","published_at_display":"25 Aug 2026, 21:31 GMT","sequence_badge_label":null,"sequence_count":null,"sequence_count_label":null,"sequence_frames":[],"sequence_kind":null,"source_name":"radiotelevisionmarti_com_rss","source_name_label":"Radiotelevisionmarti","source_type":"rss","summary":"M\u00e1s de 50 personas fueron atendidas en Santiago de Cuba tras una presunta intoxicaci\u00f3n alimentaria vinculada al consumo de sal de nitro y pan elaborado con aceite no comestible, en un caso que ha generado alarma entre residentes y mantiene bajo investigaci\u00f3n a las autoridades sanitarias.","title":"Qu\u00e9 hay detr\u00e1s de la intoxicaci\u00f3n masiva en Santiago de Cuba","topic":null,"translation_language":"","url":"https://www.martinoticias.com/a/qu%c3%a9-hay-detr%c3%a1s-de-la-intoxicaci%c3%b3n-masiva-en-santiago-de-cuba/476249.html","video_url":null,"youtube_conversion_active":false,"youtube_conversion_error":"","youtube_conversion_status":""},{"article_body_paragraphs":[],"audio_source_url":null,"author":"Jos\u00e9 Pernalete","available_dubs":[],"downloadable_assets":["https://gdb.martinoticias.com/dd56deea-f2c1-4b73-68e6-08def2ff2efe_w1600_r1_n_s.jpg"],"duration_display":"0:00","duration_seconds":null,"embed_url":null,"id":8986,"image_caption":null,"image_url":"https://gdb.martinoticias.com/dd56deea-f2c1-4b73-68e6-08def2ff2efe_w1600_r1_n_s.jpg","is_clip":false,"is_youtube_embed":false,"item_type":"photo","item_type_label":"Photo","language_label":"Espa\u00f1ol","media_credit":"Jos\u00e9 Pernalete","micro_label":"Photo","micro_label_kind":"gallery","network_label":"OCB","network_logo_url":"/static/uploads/direct_network_logos/ocb_0888427dcb1d.svg","published_at":"2026-08-25T20:55:55","published_at_display":"25 Aug 2026, 20:55 GMT","sequence_badge_label":null,"sequence_count":null,"sequence_count_label":null,"sequence_frames":[],"sequence_kind":null,"source_name":"radiotelevisionmarti_com_rss","source_name_label":"Radiotelevisionmarti","source_type":"rss","summary":"Foro Penal advirti\u00f3 sobre un aumento significativo de denuncias relacionadas con presuntos presos pol\u00edticos en Venezuela, mientras la organizaci\u00f3n revisa nuevos casos de posibles detenciones arbitrarias y reportes de malos tratos, amenazas e intimidaciones contra familiares de los detenidos.","title":"Foro Penal recibe \u201cavalancha\u201d de denuncias sobre presos pol\u00edticos, torturas y amenazas en Venezuela","topic":null,"translation_language":"","url":"https://www.martinoticias.com/a/foro-penal-recibe-avalancha-de-denuncias-sobre-presos-pol%c3%adticos-torturas-y-amenazas-en-venezuela/476251.html","video_url":null,"youtube_conversion_active":false,"youtube_conversion_error":"","youtube_conversion_status":""},{"article_body_paragraphs":[],"audio_source_url":null,"author":"Redacci\u00f3n Mart\u00ed Noticias","available_dubs":[],"downloadable_assets":["https://gdb.martinoticias.com/e91c0517-8ef3-44d9-cfc9-08decd5b38e4_w1600_r1_n_s.png"],"duration_display":"0:00","duration_seconds":null,"embed_url":null,"id":8981,"image_caption":null,"image_url":"https://gdb.martinoticias.com/e91c0517-8ef3-44d9-cfc9-08decd5b38e4_w1600_r1_n_s.png","is_clip":false,"is_youtube_embed":false,"item_type":"photo","item_type_label":"Photo","language_label":"Espa\u00f1ol","media_credit":"Redacci\u00f3n Mart\u00ed Noticias","micro_label":"Photo","micro_label_kind":"gallery","network_label":"OCB","network_logo_url":"/static/uploads/direct_network_logos/ocb_0888427dcb1d.svg","published_at":"2026-08-25T20:04:01","published_at_display":"25 Aug 2026, 20:04 GMT","sequence_badge_label":null,"sequence_count":null,"sequence_count_label":null,"sequence_frames":[],"sequence_kind":null,"source_name":"radiotelevisionmarti_com_rss","source_name_label":"Radiotelevisionmarti","source_type":"rss","summary":"El senador estatal cubanoamericano Bryan Avila, fue el escogido como compa\u00f1ero de f\u00f3rmula por Byron Donalds, candidato republicano a gobernador de La Florida, para las elecciones de noviembre pr\u00f3ximo. \u00c1vila, de 42 a\u00f1os, naci\u00f3 en Hialeah y es hijo de Bryan y Rosa Mar\u00eda \u00c1vila, dos exiliados cubanos que huyeron del r\u00e9gimen y se establecieron en Estados Unidos. Al anunciar su selecci\u00f3n en la hist\u00f3rica Torre de la Libertad, en Miami, Donalds explic\u00f3 que \u201ces hijo de exiliados cubanos. Este es un hombre que entiende el Sue\u00f1o de Florida y por qu\u00e9 debemos defenderlo\u201d. \"Estoy orgulloso de haber nacido y crecido en la ciudad de Hialeah. Mis padres vinieron de Cuba buscando algo muy especial para todos nosotros: libertad. Para m\u00ed es un honor estar aqu\u00ed, en la Torre de la Libertad, porque es un faro de libertad\", dijo el senador estatal al aceptar la candidatura a vicegobernador. \u00c1vila representa desde el 2022 el Distrito 39 en el Senado Estatal, que incluye Hialeah, Hialeah Gardens y Miami Lakes. Antes de llegar al Senado, sirvi\u00f3 por ocho a\u00f1os en la Legislatura Estatal y ocup\u00f3 posiciones de liderazgo en el capitolio de Tallahassee. Veterano de las Fuerzas Armadas, Avila estaba vinculado a la campa\u00f1a de Donalds, como copresidente de la coalici\u00f3n Veterans for Byron. En mayo pasado, acompa\u00f1\u00f3 al candidato republicano a gobernador durante el lanzamiento de Latinos for Byron en Hialeah. De ser elegida la f\u00f3rmula Donalds-Avila en noviembre, ser\u00eda la segunda vez que el vicegobernador de la Florida es cubanoamericano. Jeanette N\u00fa\u00f1ez, actual presidente de la Universidad Internacional de la Florida, sirvi\u00f3 en el cargo del saliente gobernador Ron DeSantis.","title":"Cubanoamericano Bryan Avila ser\u00e1 el compa\u00f1ero de f\u00f3rmula de Byron Donalds","topic":null,"translation_language":"","url":"https://www.martinoticias.com/a/cubanoamericano-bryan-avila-sera-el-companero-de-formula-de-byron-donalds/476257.html","video_url":null,"youtube_conversion_active":false,"youtube_conversion_error":"","youtube_conversion_status":""},{"article_body_paragraphs":[],"audio_source_url":null,"author":"Yolanda Huerga","available_dubs":[],"downloadable_assets":["https://gdb.martinoticias.com/d7a1d10e-20b0-4bc2-ac3c-08decd4f1c2d_w1600_r1_n_s.jpg"],"duration_display":"0:00","duration_seconds":null,"embed_url":null,"id":8959,"image_caption":null,"image_url":"https://gdb.martinoticias.com/d7a1d10e-20b0-4bc2-ac3c-08decd4f1c2d_w1600_r1_n_s.jpg","is_clip":false,"is_youtube_embed":false,"item_type":"photo","item_type_label":"Photo","language_label":"Espa\u00f1ol","media_credit":"Yolanda Huerga","micro_label":"Photo","micro_label_kind":"gallery","network_label":"OCB","network_logo_url":"/static/uploads/direct_network_logos/ocb_0888427dcb1d.svg","published_at":"2026-08-25T19:26:15","published_at_display":"25 Aug 2026, 19:26 GMT","sequence_badge_label":null,"sequence_count":null,"sequence_count_label":null,"sequence_frames":[],"sequence_kind":null,"source_name":"radiotelevisionmarti_com_rss","source_name_label":"Radiotelevisionmarti","source_type":"rss","summary":"La Seguridad del Estado impone elegir entre la c\u00e1rcel y el exilio al director del medio independiente Amanecer Habanero, Agust\u00edn Llerandi.","title":"Seguridad del Estado amenaza con c\u00e1rcel o exilio al periodista independiente Austin Llerandi","topic":null,"translation_language":"","url":"https://www.martinoticias.com/a/seguridad-del-estado-amenaza-con-c%c3%a1rcel-o-exilio-al-periodista-independiente-austin-llerandi/476241.html","video_url":null,"youtube_conversion_active":false,"youtube_conversion_error":"","youtube_conversion_status":""}],"next_num":8,"page":7,"pages":24,"per_page":20,"prev_num":6,"total":473}
