{"applied_filters":{"end_date":"","lang":"","language":"","network":"OCB","page":9,"per_page":20,"search":"","source":"","start_date":"","topic":"","type":"photo"},"available_filters":{"language_choices":[{"label":"Choose Language","value":""},{"label":"English","value":"English"},{"label":"Espa\u00f1ol","value":"Espa\u00f1ol"}],"network_choices":[{"label":"All networks","value":""},{"label":"OCB","value":"OCB"}],"source_choices":[{"label":"All sources","value":""},{"label":"Radiotelevisionmarti","value":"radiotelevisionmarti_com_rss"}],"sources":["radiotelevisionmarti_com_rss"],"topics":[],"types":[["","All types"],["article","Articles"],["audio","Audio"],["video","Videos"],["clips","Clips"],["media","Media"]]},"has_next":true,"has_prev":true,"items":[{"article_body_paragraphs":[],"audio_source_url":null,"author":"Jorge Morej\u00f3n","available_dubs":[],"downloadable_assets":["https://gdb.martinoticias.com/658c42d7-d681-4d3f-9dac-eac6ab03baed_cx0_cy7_cw0_w1600_r1_n_s.jpg"],"duration_display":"0:00","duration_seconds":null,"embed_url":null,"id":8402,"image_caption":null,"image_url":"https://gdb.martinoticias.com/658c42d7-d681-4d3f-9dac-eac6ab03baed_cx0_cy7_cw0_w1600_r1_n_s.jpg","is_clip":false,"is_youtube_embed":false,"item_type":"photo","item_type_label":"Photo","language_label":"Espa\u00f1ol","media_credit":"Jorge Morej\u00f3n","micro_label":"Photo","micro_label_kind":"gallery","network_label":"OCB","network_logo_url":"/static/uploads/direct_network_logos/ocb_0888427dcb1d.svg","published_at":"2026-08-24T15:29:40","published_at_display":"24 Aug 2026, 15:29 GMT","sequence_badge_label":null,"sequence_count":null,"sequence_count_label":null,"sequence_frames":[],"sequence_kind":null,"source_name":"radiotelevisionmarti_com_rss","source_name_label":"Radiotelevisionmarti","source_type":"rss","summary":"El habanero Miguel Vargas volvi\u00f3 a tener una semana brutal y por segunda ocasi\u00f3n consecutiva result\u00f3 el cubano m\u00e1s destacado en las Grandes Ligas.","title":"Miguel Vargas repite como el Cubano de la Semana en Grandes Ligas","topic":null,"translation_language":"","url":"https://www.martinoticias.com/a/miguel-vargas-repite-como-el-cubano-de-la-semana-en-grandes-ligas/476136.html","video_url":null,"youtube_conversion_active":false,"youtube_conversion_error":"","youtube_conversion_status":""},{"article_body_paragraphs":[],"audio_source_url":null,"author":"Redacci\u00f3n Mart\u00ed Noticias","available_dubs":[],"downloadable_assets":["https://gdb.martinoticias.com/01000000-0aff-0242-72e8-08db731ef30c_w1600_r1_n_s.jpg"],"duration_display":"0:00","duration_seconds":null,"embed_url":null,"id":8382,"image_caption":null,"image_url":"https://gdb.martinoticias.com/01000000-0aff-0242-72e8-08db731ef30c_w1600_r1_n_s.jpg","is_clip":false,"is_youtube_embed":false,"item_type":"photo","item_type_label":"Photo","language_label":"Espa\u00f1ol","media_credit":"Redacci\u00f3n Mart\u00ed Noticias","micro_label":"Photo","micro_label_kind":"gallery","network_label":"OCB","network_logo_url":"/static/uploads/direct_network_logos/ocb_0888427dcb1d.svg","published_at":"2026-08-24T14:59:15","published_at_display":"24 Aug 2026, 14:59 GMT","sequence_badge_label":null,"sequence_count":null,"sequence_count_label":null,"sequence_frames":[],"sequence_kind":null,"source_name":"radiotelevisionmarti_com_rss","source_name_label":"Radiotelevisionmarti","source_type":"rss","summary":"Estados Unidos intensific\u00f3 sus advertencias sobre los riesgos de seguridad asociados al uso de tecnolog\u00edas de empresas chinas como Huawei y ZTE en Am\u00e9rica Latina y el Caribe, se\u00f1alando posibles v\u00ednculos con labores de espionaje e inteligencia de Beijing.","title":"EEUU alerta a pa\u00edses de la regi\u00f3n sobre uso de tecnolog\u00eda china ante riesgo de espionaje","topic":null,"translation_language":"","url":"https://www.martinoticias.com/a/eeuu-alerta-a-pa%c3%adses-de-la-regi%c3%b3n-sobre-uso-de-tecnolog%c3%ada-china-ante-riesgo-de-espionaje/476134.html","video_url":null,"youtube_conversion_active":false,"youtube_conversion_error":"","youtube_conversion_status":""},{"article_body_paragraphs":[],"audio_source_url":null,"author":"Mario J. Pent\u00f3n","available_dubs":[],"downloadable_assets":["https://gdb.martinoticias.com/3606aad4-e266-4400-68da-08def2ff2efe_cx0_cy43_cw0_w1600_r1_n_s.jpg"],"duration_display":"0:00","duration_seconds":null,"embed_url":null,"id":8329,"image_caption":null,"image_url":"https://gdb.martinoticias.com/3606aad4-e266-4400-68da-08def2ff2efe_cx0_cy43_cw0_w1600_r1_n_s.jpg","is_clip":false,"is_youtube_embed":false,"item_type":"photo","item_type_label":"Photo","language_label":"Espa\u00f1ol","media_credit":"Mario J. Pent\u00f3n","micro_label":"Photo","micro_label_kind":"gallery","network_label":"OCB","network_logo_url":"/static/uploads/direct_network_logos/ocb_0888427dcb1d.svg","published_at":"2026-08-24T12:35:35","published_at_display":"24 Aug 2026, 12:35 GMT","sequence_badge_label":null,"sequence_count":null,"sequence_count_label":null,"sequence_frames":[],"sequence_kind":null,"source_name":"radiotelevisionmarti_com_rss","source_name_label":"Radiotelevisionmarti","source_type":"rss","summary":"Informaci\u00f3n clasificada se\u00f1ala a Sen\u00e9n Casas M\u00e1s como operador vinculado al entorno de Alejandro Castro Esp\u00edn y conectado con estructuras de inteligencia y propaganda del r\u00e9gimen cubano.","title":"Sen\u00e9n Casas M\u00e1s, el escudero diplom\u00e1tico de Alejandro Castro Esp\u00edn con decenas de misiones secretas","topic":null,"translation_language":"","url":"https://www.martinoticias.com/a/sen%c3%a9n-casas-m%c3%a1s-escudero-diplom%c3%a1tico-de-alejandro-castro-esp%c3%adn-con-decenas-de-misiones-secretas/476092.html","video_url":null,"youtube_conversion_active":false,"youtube_conversion_error":"","youtube_conversion_status":""},{"article_body_paragraphs":[],"audio_source_url":null,"author":"Yolanda Huerga","available_dubs":[],"downloadable_assets":["https://gdb.martinoticias.com/ddeb7c83-8258-4d2e-6386-08de3c08cd61_w1600_r1_n_s.jpg"],"duration_display":"0:00","duration_seconds":null,"embed_url":null,"id":8313,"image_caption":null,"image_url":"https://gdb.martinoticias.com/ddeb7c83-8258-4d2e-6386-08de3c08cd61_w1600_r1_n_s.jpg","is_clip":false,"is_youtube_embed":false,"item_type":"photo","item_type_label":"Photo","language_label":"Espa\u00f1ol","media_credit":"Yolanda Huerga","micro_label":"Photo","micro_label_kind":"gallery","network_label":"OCB","network_logo_url":"/static/uploads/direct_network_logos/ocb_0888427dcb1d.svg","published_at":"2026-08-24T11:50:30","published_at_display":"24 Aug 2026, 11:50 GMT","sequence_badge_label":null,"sequence_count":null,"sequence_count_label":null,"sequence_frames":[],"sequence_kind":null,"source_name":"radiotelevisionmarti_com_rss","source_name_label":"Radiotelevisionmarti","source_type":"rss","summary":"Sin asistencia m\u00e9dica profesional dentro del recinto y con un historial de padecimientos pulmonares agravados tras ser recluido en celdas de castigo, sus familiares exigen su inmediata liberaci\u00f3n y atenci\u00f3n m\u00e9dica especializada.","title":"Familiares denuncian grave deterioro de salud de Roberto P\u00e9rez Fonseca en la c\u00e1rcel de Quivic\u00e1n","topic":null,"translation_language":"","url":"https://www.martinoticias.com/a/familiares-denuncian-grave-deterioro-de-salud-de-roberto-p%c3%a9rez-fonseca-en-la-c%c3%a1rcel-de-quivic%c3%a1n/476093.html","video_url":null,"youtube_conversion_active":false,"youtube_conversion_error":"","youtube_conversion_status":""},{"article_body_paragraphs":[],"audio_source_url":null,"author":"Jorge Morej\u00f3n","available_dubs":[],"downloadable_assets":["https://gdb.martinoticias.com/e28039e2-bb11-4221-a8bc-70468bc577f4_cx0_cy6_cw0_w1600_r1_n_s.jpg"],"duration_display":"0:00","duration_seconds":null,"embed_url":null,"id":8214,"image_caption":null,"image_url":"https://gdb.martinoticias.com/e28039e2-bb11-4221-a8bc-70468bc577f4_cx0_cy6_cw0_w1600_r1_n_s.jpg","is_clip":false,"is_youtube_embed":false,"item_type":"photo","item_type_label":"Photo","language_label":"Espa\u00f1ol","media_credit":"Jorge Morej\u00f3n","micro_label":"Photo","micro_label_kind":"gallery","network_label":"OCB","network_logo_url":"/static/uploads/direct_network_logos/ocb_0888427dcb1d.svg","published_at":"2026-08-24T00:05:11","published_at_display":"24 Aug 2026, 00:05 GMT","sequence_badge_label":null,"sequence_count":null,"sequence_count_label":null,"sequence_frames":[],"sequence_kind":null,"source_name":"radiotelevisionmarti_com_rss","source_name_label":"Radiotelevisionmarti","source_type":"rss","summary":"El estadounidense Kyle Kirkwood gan\u00f3 el Gran Premio Freedom 250 de la serie IndyCar, que por primera vez en la historia disput\u00f3 una carrera en Washington DC y que tuvo un gran simbolismo patri\u00f3tico. Delante del presidente Donald Trump, quien dio el banderazo inicial de salida, Kirkwood cruz\u00f3 la meta con 3,09 segundos de ventaja por delante del dan\u00e9s Christian Lungaard, tras liderar 128 de las 147 vueltas al circuito de 1.7 millas por la avenida Pennsylvania y otras rutas alrededor del National Mall, con la Casa Blanca, el Capitolio Federal y el Monumento a Washington como tel\u00f3n de fondo. \"Es imposible describirlo con palabras; esto es incre\u00edble\", dijo Kirkwood tras su victoria. \"Estoy a punto de llorar. Este es un momento trascendental para nosotros, un momento trascendental para Estados Unidos con la celebraci\u00f3n de los 250\". \"Me parece justo que haya ganado un estadounidense, \u00bfno?\", declar\u00f3 Lungaard, quien reconoci\u00f3 que se esforz\u00f3 todo lo que pudo por vencer a Kirkwood. Will Power y Marcus Ericsson, compa\u00f1eros de Kirkwood en el equipo Andretti Global, terminaron tercero y cuarto. Con este triunfo, el estadounidense se reafirm\u00f3 en el segundo lugar de la clasificaci\u00f3n general, despu\u00e9s de 17 pruebas, con 462 puntos, detr\u00e1s del espa\u00f1ol Alex Palou, l\u00edder con 553. Palou tuvo la posibilidad de coronarse campe\u00f3n en la temporada, a falta de tres carreras, pero qued\u00f3 en el vig\u00e9simo lugar, en su segunda peor actuaci\u00f3n del a\u00f1o. El circuito de Washington DC, incluido como parte de las celebraciones por el aniversario 250 de la independencia de Estados Unidos, fue la decimos\u00e9ptima competencia de la serie, que cuenta con 20 carreras. La temporada comenz\u00f3 el 1 de marzo con el Gran Premio Firestone, en St. Petersburg, en la Florida, y concluir\u00e1 el 6 de septiembre en el aut\u00f3dromo de Laguna Seca, California. Con el Grand Prix Freedom 250 terminan las celebraciones oficiales en Washington por el aniversario 250 de la independencia de Estados Unidos.","title":"Kyle Kirkwood gana el Grand Prix Freedom 250 en Washington DC","topic":null,"translation_language":"","url":"https://www.martinoticias.com/a/476091.html","video_url":null,"youtube_conversion_active":false,"youtube_conversion_error":"","youtube_conversion_status":""},{"article_body_paragraphs":[],"audio_source_url":null,"author":"Yolanda Huerga","available_dubs":[],"downloadable_assets":["https://gdb.martinoticias.com/5ecfda13-79d7-498a-cf4a-08decd5b38e4_w1600_r1_n_s.jpg"],"duration_display":"0:00","duration_seconds":null,"embed_url":null,"id":8169,"image_caption":null,"image_url":"https://gdb.martinoticias.com/5ecfda13-79d7-498a-cf4a-08decd5b38e4_w1600_r1_n_s.jpg","is_clip":false,"is_youtube_embed":false,"item_type":"photo","item_type_label":"Photo","language_label":"Espa\u00f1ol","media_credit":"Yolanda Huerga","micro_label":"Photo","micro_label_kind":"gallery","network_label":"OCB","network_logo_url":"/static/uploads/direct_network_logos/ocb_0888427dcb1d.svg","published_at":"2026-08-23T18:57:04","published_at_display":"23 Aug 2026, 18:57 GMT","sequence_badge_label":null,"sequence_count":null,"sequence_count_label":null,"sequence_frames":[],"sequence_kind":null,"source_name":"radiotelevisionmarti_com_rss","source_name_label":"Radiotelevisionmarti","source_type":"rss","summary":"Una nueva aver\u00eda en la Cuenca Sur agudiz\u00f3 la crisis de agua en La Habana y oblig\u00f3 a la poblaci\u00f3n a buscar alternativas en medio de intensos calores y apagones.","title":"Aver\u00eda en conductora principal en La Habana agrava la crisis de abasto de agua","topic":null,"translation_language":"","url":"https://www.martinoticias.com/a/aver%c3%ada-en-conductora-principal-en-la-habana-agrava-la-crisis-de-abasto-de-agua/476090.html","video_url":null,"youtube_conversion_active":false,"youtube_conversion_error":"","youtube_conversion_status":""},{"article_body_paragraphs":[],"audio_source_url":null,"author":"Rolando N\u00e1poles","available_dubs":[],"downloadable_assets":["https://gdb.martinoticias.com/ac98646c-da8a-450e-faa1-08debb0491f6_cx0_cy5_cw0_w1600_r1_n_s.jpg"],"duration_display":"0:00","duration_seconds":null,"embed_url":null,"id":8152,"image_caption":null,"image_url":"https://gdb.martinoticias.com/ac98646c-da8a-450e-faa1-08debb0491f6_cx0_cy5_cw0_w1600_r1_n_s.jpg","is_clip":false,"is_youtube_embed":false,"item_type":"photo","item_type_label":"Photo","language_label":"Espa\u00f1ol","media_credit":"Rolando N\u00e1poles","micro_label":"Photo","micro_label_kind":"gallery","network_label":"OCB","network_logo_url":"/static/uploads/direct_network_logos/ocb_0888427dcb1d.svg","published_at":"2026-08-23T17:55:41","published_at_display":"23 Aug 2026, 17:55 GMT","sequence_badge_label":null,"sequence_count":null,"sequence_count_label":null,"sequence_frames":[],"sequence_kind":null,"source_name":"radiotelevisionmarti_com_rss","source_name_label":"Radiotelevisionmarti","source_type":"rss","summary":"Residentes de Santiago de Cuba denunciaron un aumento de personas pidiendo limosna y ayuda en las calles debido al agravamiento de la crisis econ\u00f3mica, la escasez de alimentos y los bajos salarios.","title":"Cada vez m\u00e1s cubanos piden limosnas en las calles para sobrevivir","topic":null,"translation_language":"","url":"https://www.martinoticias.com/a/cada-vez-m%c3%a1s-cubanos-piden-limosnas-en-las-calles-para-sobrevivir/476089.html","video_url":null,"youtube_conversion_active":false,"youtube_conversion_error":"","youtube_conversion_status":""},{"article_body_paragraphs":[],"audio_source_url":null,"author":"Redacci\u00f3n Mart\u00ed Noticias","available_dubs":[],"downloadable_assets":["https://gdb.martinoticias.com/38ffc59d-ef7e-4187-7c64-08def2b1c8fe_w1600_r1_n_s.png"],"duration_display":"0:00","duration_seconds":null,"embed_url":null,"id":8153,"image_caption":null,"image_url":"https://gdb.martinoticias.com/38ffc59d-ef7e-4187-7c64-08def2b1c8fe_w1600_r1_n_s.png","is_clip":false,"is_youtube_embed":false,"item_type":"photo","item_type_label":"Photo","language_label":"Espa\u00f1ol","media_credit":"Redacci\u00f3n Mart\u00ed Noticias","micro_label":"Photo","micro_label_kind":"gallery","network_label":"OCB","network_logo_url":"/static/uploads/direct_network_logos/ocb_0888427dcb1d.svg","published_at":"2026-08-23T17:48:24","published_at_display":"23 Aug 2026, 17:48 GMT","sequence_badge_label":null,"sequence_count":null,"sequence_count_label":null,"sequence_frames":[],"sequence_kind":null,"source_name":"radiotelevisionmarti_com_rss","source_name_label":"Radiotelevisionmarti","source_type":"rss","summary":"La organizaci\u00f3n sostiene que los casos documentados presentan caracter\u00edsticas similares: las v\u00edctimas son detenidas o interrogadas, trasladadas fuera de sus zonas habituales y posteriormente dejadas en sitios desde los que resulta dif\u00edcil regresar por sus propios medios.","title":"Cubalex documenta patr\u00f3n represivo contra opositores y periodistas independientes","topic":null,"translation_language":"","url":"https://www.martinoticias.com/a/cubalex-documenta-patr%c3%b3n-represivo-contra-opositores-y-periodistas-independientes/476088.html","video_url":null,"youtube_conversion_active":false,"youtube_conversion_error":"","youtube_conversion_status":""},{"article_body_paragraphs":[],"audio_source_url":null,"author":"Rolando N\u00e1poles","available_dubs":[],"downloadable_assets":["https://gdb.martinoticias.com/51c98e40-cdbc-4289-03ec-08decd63a0c8_cx6_cy14_cw89_w1600_r1_n_s.jpg"],"duration_display":"0:00","duration_seconds":null,"embed_url":null,"id":8123,"image_caption":null,"image_url":"https://gdb.martinoticias.com/51c98e40-cdbc-4289-03ec-08decd63a0c8_cx6_cy14_cw89_w1600_r1_n_s.jpg","is_clip":false,"is_youtube_embed":false,"item_type":"photo","item_type_label":"Photo","language_label":"Espa\u00f1ol","media_credit":"Rolando N\u00e1poles","micro_label":"Photo","micro_label_kind":"gallery","network_label":"OCB","network_logo_url":"/static/uploads/direct_network_logos/ocb_0888427dcb1d.svg","published_at":"2026-08-23T16:03:16","published_at_display":"23 Aug 2026, 16:03 GMT","sequence_badge_label":null,"sequence_count":null,"sequence_count_label":null,"sequence_frames":[],"sequence_kind":null,"source_name":"radiotelevisionmarti_com_rss","source_name_label":"Radiotelevisionmarti","source_type":"rss","summary":"Los casos de chikungunya en Espa\u00f1a se han triplicado en 2026 respecto a 2025, con Cuba como uno de los principales pa\u00edses de origen de los contagios importados.","title":"Casos de chikungunya en Espa\u00f1a se triplican; Cuba figura entre los principales pa\u00edses de origen","topic":null,"translation_language":"","url":"https://www.martinoticias.com/a/casos-de-chikungunya-en-espa%c3%b1a-se-triplican-cuba-figura-entre-los-principales-pa%c3%adses-de-origen/476086.html","video_url":null,"youtube_conversion_active":false,"youtube_conversion_error":"","youtube_conversion_status":""},{"article_body_paragraphs":[],"audio_source_url":null,"author":"Yolanda Huerga","available_dubs":[],"downloadable_assets":["https://gdb.martinoticias.com/0e83a420-f5a0-4270-ac8a-08decd4f1c2d_cx0_cy5_cw97_w1600_r1_n_s.png"],"duration_display":"0:00","duration_seconds":null,"embed_url":null,"id":8102,"image_caption":null,"image_url":"https://gdb.martinoticias.com/0e83a420-f5a0-4270-ac8a-08decd4f1c2d_cx0_cy5_cw97_w1600_r1_n_s.png","is_clip":false,"is_youtube_embed":false,"item_type":"photo","item_type_label":"Photo","language_label":"Espa\u00f1ol","media_credit":"Yolanda Huerga","micro_label":"Photo","micro_label_kind":"gallery","network_label":"OCB","network_logo_url":"/static/uploads/direct_network_logos/ocb_0888427dcb1d.svg","published_at":"2026-08-23T14:51:49","published_at_display":"23 Aug 2026, 14:51 GMT","sequence_badge_label":null,"sequence_count":null,"sequence_count_label":null,"sequence_frames":[],"sequence_kind":null,"source_name":"radiotelevisionmarti_com_rss","source_name_label":"Radiotelevisionmarti","source_type":"rss","summary":"La vida del opositor Guillermo del Sol pende de un hilo. Con la glicemia al l\u00edmite y el riesgo de un colapso card\u00edaco, este hombre desaf\u00eda al gobierno cubano desde su cama, sin luz el\u00e9ctrica, exigiendo la libertad de 18 presos pol\u00edticos.","title":"Al borde de la muerte: opositor Guillermo del Sol resiste en Cuba por la libertad de 18 presos pol\u00edticos","topic":null,"translation_language":"","url":"https://www.martinoticias.com/a/al-borde-de-la-muerte-opositor-guillermo-del-sol-resiste-en-cuba-por-la-libertad-de-18-presos-pol%c3%adticos/476085.html","video_url":null,"youtube_conversion_active":false,"youtube_conversion_error":"","youtube_conversion_status":""},{"article_body_paragraphs":[],"audio_source_url":null,"author":"Jorge Morej\u00f3n","available_dubs":[],"downloadable_assets":["https://gdb.martinoticias.com/93eb26d0-fe9f-47fc-cfb9-08decd5b38e4_w1600_r1_n_s.png"],"duration_display":"0:00","duration_seconds":null,"embed_url":null,"id":8096,"image_caption":null,"image_url":"https://gdb.martinoticias.com/93eb26d0-fe9f-47fc-cfb9-08decd5b38e4_w1600_r1_n_s.png","is_clip":false,"is_youtube_embed":false,"item_type":"photo","item_type_label":"Photo","language_label":"Espa\u00f1ol","media_credit":"Jorge Morej\u00f3n","micro_label":"Photo","micro_label_kind":"gallery","network_label":"OCB","network_logo_url":"/static/uploads/direct_network_logos/ocb_0888427dcb1d.svg","published_at":"2026-08-23T14:06:09","published_at_display":"23 Aug 2026, 14:06 GMT","sequence_badge_label":null,"sequence_count":null,"sequence_count_label":null,"sequence_frames":[],"sequence_kind":null,"source_name":"radiotelevisionmarti_com_rss","source_name_label":"Radiotelevisionmarti","source_type":"rss","summary":"El cubano Yoenli Hern\u00e1ndez Feliciano venci\u00f3 por decisi\u00f3n mayoritaria al argentino Francisco Daniel Ver\u00f3n en la T-Mobile Arena de Las Vegas, en un combate donde domin\u00f3 la mayor\u00eda de los diez asaltos.","title":"Cubano Yoenli Hern\u00e1ndez gana en Las Vegas y mantiene su invicto","topic":null,"translation_language":"","url":"https://www.martinoticias.com/a/cubano-yoenli-hern%c3%a1ndez-gana-en-las-vegas-y-mantiene-su-invicto/476083.html","video_url":null,"youtube_conversion_active":false,"youtube_conversion_error":"","youtube_conversion_status":""},{"article_body_paragraphs":[],"audio_source_url":null,"author":"Redacci\u00f3n Mart\u00ed Noticias","available_dubs":[],"downloadable_assets":["https://gdb.martinoticias.com/51773fc3-5e82-45e1-88a2-6abd8c0e73e6_cx0_cy11_cw0_w1600_r1_n_s.jpg"],"duration_display":"0:00","duration_seconds":null,"embed_url":null,"id":8085,"image_caption":null,"image_url":"https://gdb.martinoticias.com/51773fc3-5e82-45e1-88a2-6abd8c0e73e6_cx0_cy11_cw0_w1600_r1_n_s.jpg","is_clip":false,"is_youtube_embed":false,"item_type":"photo","item_type_label":"Photo","language_label":"Espa\u00f1ol","media_credit":"Redacci\u00f3n Mart\u00ed Noticias","micro_label":"Photo","micro_label_kind":"gallery","network_label":"OCB","network_logo_url":"/static/uploads/direct_network_logos/ocb_0888427dcb1d.svg","published_at":"2026-08-23T13:53:36","published_at_display":"23 Aug 2026, 13:53 GMT","sequence_badge_label":null,"sequence_count":null,"sequence_count_label":null,"sequence_frames":[],"sequence_kind":null,"source_name":"radiotelevisionmarti_com_rss","source_name_label":"Radiotelevisionmarti","source_type":"rss","summary":"La llamada, confirmada por el Departamento de Estado y la Canciller\u00eda dominicana, tuvo lugar despu\u00e9s de que Bison\u00f3 asumiera sus nuevas responsabilidades al frente del Ministerio de Relaciones Exteriores.","title":"Rubio reafirma alianza con Rep\u00fablica Dominicana","topic":null,"translation_language":"","url":"https://www.martinoticias.com/a/rubio-reafirma-alianza-con-rep%c3%bablica-dominicana/476084.html","video_url":null,"youtube_conversion_active":false,"youtube_conversion_error":"","youtube_conversion_status":""},{"article_body_paragraphs":[],"audio_source_url":null,"author":"Edgardo Pinell Medina","available_dubs":[],"downloadable_assets":["https://gdb.martinoticias.com/0df5da91-de9f-4a18-cfb8-08decd5b38e4_cx0_cy7_cw0_w1600_r1_n_s.jpg"],"duration_display":"0:00","duration_seconds":null,"embed_url":null,"id":8073,"image_caption":null,"image_url":"https://gdb.martinoticias.com/0df5da91-de9f-4a18-cfb8-08decd5b38e4_cx0_cy7_cw0_w1600_r1_n_s.jpg","is_clip":false,"is_youtube_embed":false,"item_type":"photo","item_type_label":"Photo","language_label":"Espa\u00f1ol","media_credit":"Edgardo Pinell Medina","micro_label":"Photo","micro_label_kind":"gallery","network_label":"OCB","network_logo_url":"/static/uploads/direct_network_logos/ocb_0888427dcb1d.svg","published_at":"2026-08-23T13:03:00","published_at_display":"23 Aug 2026, 13:03 GMT","sequence_badge_label":null,"sequence_count":null,"sequence_count_label":null,"sequence_frames":[],"sequence_kind":null,"source_name":"radiotelevisionmarti_com_rss","source_name_label":"Radiotelevisionmarti","source_type":"rss","summary":"Empresas de capital chino acumulan 84 lotes mineros que abarcan m\u00e1s de 1,27 millones de hect\u00e1reas en Nicaragua, cerca del 10 % del territorio nacional, una expansi\u00f3n que ha continuado pese a las recientes sanciones de Estados Unidos contra compa\u00f1\u00edas y personas vinculadas al sector aur\u00edfero nicarag\u00fcense. Los lotes, adjudicados entre 2021 y mediados de 2026 seg\u00fan datos de organizaciones ambientales como la Fundaci\u00f3n del R\u00edo, abarcan ya unos 1.277.389,38 de hect\u00e1reas en el pa\u00eds. Para Amaru Ruiz, quien preside la Fundaci\u00f3n del R\u00edo, \u201cen Nicaragua actualmente hay una pol\u00edtica agresiva para permitir las actividades extractivas mineras en el pa\u00eds. Esto ha significado que el r\u00e9gimen est\u00e1 controlando tanto el sector de miner\u00eda artesanal como el sector de miner\u00eda industrial a trav\u00e9s de empresas vinculadas al r\u00e9gimen y a trav\u00e9s de empresas mineras chinas de reciente constituci\u00f3n\u201d. \u201cEstamos hablando de proyectos mineros de cielo abierto que es una de las metodolog\u00edas de m\u00e1s alto impacto que pone en riesgo \u00e1reas protegidas y derechos territoriales de pueblos ind\u00edgenas y afro ascendientes\u201d, se\u00f1al\u00f3. El pasado 27 de julio el r\u00e9gimen de los Ortega Murillo otorg\u00f3 dos nuevas concesiones mineras a la empresa china Norther Mining Company y elev\u00f3 a 19 los permisos concedidos, mostrando as\u00ed, un acelerado crecimiento de la inversi\u00f3n china en el pa\u00eds centroamericano. Ruiz destac\u00f3 que \u201clas empresas mineras act\u00faan bajo la opacidad y discrecionalidad y con el acompa\u00f1amiento del r\u00e9gimen de Ortega Murillo, incluso acompa\u00f1adas por el Ej\u00e9rcito y la polic\u00eda. Visitan los territorios ind\u00edgenas y los acompa\u00f1an en los estudios sobre el terreno. Hay una claro proceso poco transparente y de tr\u00e1fico de influencias para obtener r\u00e1pidamente las concesiones mineras\u201d. \"Hemos visto sistem\u00e1ticamente una complicidad de las instituciones del r\u00e9gimen y una voluntad pol\u00edtica de acompa\u00f1ar a estos inversores mineros chinos que tienen esas empresas en los territorios\u201d, apunt\u00f3. El tambi\u00e9n ambientalista y bi\u00f3logo nicarag\u00fcense denunci\u00f3 que \u201clos est\u00e1ndares de transparencia y de operatividad son menores comparados con los est\u00e1ndares de otras empresas de capital canadiense o de capital colombiano o brit\u00e1nico\u201d y puso como ejemplo que \u201clas empresas chinas ni siquiera tienen p\u00e1gina web, ni presentan los estudios de factibilidad econ\u00f3mica, tampoco tienen informes de sostenibilidad, ni se conoce cu\u00e1l va a ser la metodolog\u00eda de extracci\u00f3n\u201d. Para Ruiz, existe \"una serie de vac\u00edos alrededor de la explotaci\u00f3n minera China y no se conocen sus est\u00e1ndares ambientales y sociales y de acceso a la informaci\u00f3n pues obviamente son inferiores a la de otras empresas que est\u00e1n en el sector industrial\u201d. A mediados de abril pasado, Estados Unidos sancion\u00f3 a dos hijos de Daniel Ortega y Rosario Murillo, a un viceministro, a otros cuatro ciudadanos y a siete empresas mineras, involucrados en la extracci\u00f3n y comercializaci\u00f3n de oro nicarag\u00fcense. M\u00e1s all\u00e1 del oro y la plata Al ser preguntado si detr\u00e1s de esta gran cantidad de concesiones extractivas otorgadas a empresas chinas estaba el control de minerales cr\u00edticos, Ruiz se\u00f1al\u00f3 a Mart\u00ed Noticias que \u201cno solo est\u00e1n detr\u00e1s del oro y la plata\u201d. \u201cHemos encontrado que las empresas chinas no solo est\u00e1n detr\u00e1s del oro y la plata sino que hay un inter\u00e9s en otros minerales, incluyendo los minerales cr\u00edticos o de transici\u00f3n que puedan existir en el pa\u00eds\u201d, anot\u00f3 Ruiz quien adem\u00e1s indic\u00f3 que \u201cprecisamente ya se reportan exportaciones de cobre a China a trav\u00e9s de la empresa de Santa Rita Mining que se ubica en Rosita (Costa Caribe)\u201d. El experto explic\u00f3 que \u201cal comparar los sitios de concesi\u00f3n de lotes mineros chinos con el mapa metalog\u00e9nico, tambi\u00e9n conocido como mapa de potencial minero que existe en el pa\u00eds, encontramos que coincide en algunos de los casos con lotes que se le conocen como polimet\u00e1licos, es decir, que tienen varios tipos de metales dentro de la zona, lo que permite aseverar que hay un inter\u00e9s de las empresas chinas en otros minerales que van m\u00e1s all\u00e1 del oro y la plata\u201d. Asimismo, destac\u00f3 \u201cla importancia de continuar con la tarea de documentar esta situaci\u00f3n\u201d porque se mostr\u00f3 convencido de que \u201ceso va a permitir m\u00e1s adelante, cuando haya un cambio pol\u00edtico, revisar las concesiones que fueron otorgadas sobre todo de 2018 en adelante y que implican impactos ambientales y sociales as\u00ed como violaciones a los derechos humanos\u201d.","title":"Empresas chinas van tras minerales cr\u00edticos en Nicaragua, se\u00f1ala ambientalista","topic":null,"translation_language":"","url":"https://www.martinoticias.com/a/empresas-chinas-van-tras-minerales-cr%c3%adticos-en-nicaragua-se%c3%b1ala-ambientalista/476082.html","video_url":null,"youtube_conversion_active":false,"youtube_conversion_error":"","youtube_conversion_status":""},{"article_body_paragraphs":[],"audio_source_url":null,"author":"Jany Gonz\u00e1lez","available_dubs":[],"downloadable_assets":["https://gdb.martinoticias.com/3673d291-45c7-4113-03eb-08decd63a0c8_w1600_r1_n_s.png"],"duration_display":"0:00","duration_seconds":null,"embed_url":null,"id":7986,"image_caption":null,"image_url":"https://gdb.martinoticias.com/3673d291-45c7-4113-03eb-08decd63a0c8_w1600_r1_n_s.png","is_clip":false,"is_youtube_embed":false,"item_type":"photo","item_type_label":"Photo","language_label":"Espa\u00f1ol","media_credit":"Jany Gonz\u00e1lez","micro_label":"Photo","micro_label_kind":"gallery","network_label":"OCB","network_logo_url":"/static/uploads/direct_network_logos/ocb_0888427dcb1d.svg","published_at":"2026-08-23T01:46:31","published_at_display":"23 Aug 2026, 01:46 GMT","sequence_badge_label":null,"sequence_count":null,"sequence_count_label":null,"sequence_frames":[],"sequence_kind":null,"source_name":"radiotelevisionmarti_com_rss","source_name_label":"Radiotelevisionmarti","source_type":"rss","summary":"Los mellizos cubanos Leosdel y Leosniel, de apenas dos a\u00f1os, murieron durante la traves\u00eda mar\u00edtima que emprendieron junto a su madre desde Cuba hacia M\u00e9xico, seg\u00fan confirm\u00f3 este s\u00e1bado su padre, Leobel Ricardo Oviedo, a Mart\u00ed Noticias. La confirmaci\u00f3n lleg\u00f3 despu\u00e9s de varias horas de intentos por contactar al padre de los menores. Mart\u00ed Noticias realiz\u00f3 repetidas llamadas este s\u00e1bado, pero Oviedo no respondi\u00f3. Finalmente, en horas de la noche, contest\u00f3 mediante un mensaje de texto en el que confirm\u00f3 la muerte de sus dos hijos y explic\u00f3 que no se encontraba en condiciones de conversar. La noticia cambia dram\u00e1ticamente el desenlace de una historia que apenas un d\u00eda antes parec\u00eda haber terminado con el rescate de una familia tras varios d\u00edas de incertidumbre en el mar. Este viernes, Oviedo habl\u00f3 con Mart\u00ed Noticias despu\u00e9s de recibir informaci\u00f3n de que la embarcaci\u00f3n en la que viajaban su esposa, Yusimy Garrobo Leiva, de 35 a\u00f1os, y sus mellizos hab\u00eda sido localizada en aguas de Yucat\u00e1n. \u201cEstoy muy agradecido porque han hecho un gran esfuerzo para encontrarlos\u201d, dijo entonces. Oviedo, residente desde hace casi un a\u00f1o en Canc\u00fan, se dirigi\u00f3 al lugar donde se encontraban los cubanos con la esperanza de reunirse con su esposa y sus dos peque\u00f1os. \u201cLos ni\u00f1os no estaban\u201d La primera confirmaci\u00f3n sobre el tr\u00e1gico desenlace lleg\u00f3 a trav\u00e9s de Adacheli Sosa, prima de Oviedo, quien dijo que cuando el padre lleg\u00f3 al lugar donde permanec\u00edan los migrantes y pudo encontrarse con su esposa, los mellizos no estaban all\u00ed. \u201cCuando lleg\u00f3 y los liberaron, los ni\u00f1os no estaban. \u00c9l se encontr\u00f3 con su esposa y ella le confirm\u00f3 que los dos peque\u00f1os hab\u00edan muerto durante el viaje, al parecer por deshidrataci\u00f3n\u201d, relat\u00f3 Sosa. Horas despu\u00e9s, el propio Oviedo confirm\u00f3 a Mart\u00ed Noticias el fallecimiento y asegur\u00f3 que su esposa se encuentra a su lado. Hasta el momento, las autoridades mexicanas no han informado p\u00fablicamente las circunstancias de las muertes ni su causa. Por ello, la versi\u00f3n de que los menores habr\u00edan muerto por deshidrataci\u00f3n procede de sus familiares y no ha sido confirmada oficialmente. Una traves\u00eda con poca agua y alimentos La semana pasada, Mart\u00ed Noticias conoci\u00f3 que un grupo de migrantes cubanos hab\u00eda emprendido una traves\u00eda mar\u00edtima hacia M\u00e9xico. Entre ellos viajaban los mellizos junto a su madre. Antes de conocerse el desenlace, Oviedo hab\u00eda advertido sobre las dif\u00edciles condiciones en las que viajaba su familia. Seg\u00fan explic\u00f3, los ocupantes de la embarcaci\u00f3n llevaban pocos alimentos y apenas dos cajas de peque\u00f1as botellas de agua para afrontar el recorrido. El padre hab\u00eda perdido la comunicaci\u00f3n con su esposa y sus hijos desde el 11 de agosto. \u201cEse d\u00eda perd\u00ed la comunicaci\u00f3n y no pude hablar m\u00e1s con ellos\u201d, cont\u00f3 el viernes a Mart\u00ed Noticias. Durante d\u00edas, Oviedo busc\u00f3 informaci\u00f3n sobre el paradero de la embarcaci\u00f3n mientras esperaba noticias desde Canc\u00fan. \u201cYo me sent\u00eda mal, no sab\u00eda qu\u00e9 hacer, desesperado, porque el desespero es lo m\u00e1s malo\u201d, record\u00f3 entonces. La embarcaci\u00f3n fue finalmente localizada esta semana en aguas cercanas a la pen\u00ednsula de Yucat\u00e1n y sus ocupantes quedaron bajo custodia de las autoridades mexicanas. Viajaban para reunirse con su padre Leosdel y Leosniel viv\u00edan con su madre en Vertientes, Camag\u00fcey. El objetivo del viaje, seg\u00fan hab\u00eda explicado Oviedo, era llegar a M\u00e9xico para reunificar a la familia. \u201cEn Cuba est\u00e1 todo malo, no te dejan nunca vivir en Cuba, no se puede vivir\u201d, afirm\u00f3 el padre el viernes al explicar las razones que llevaron a su esposa a emprender la peligrosa traves\u00eda con los ni\u00f1os. Tras conocer que la embarcaci\u00f3n hab\u00eda sido localizada, Oviedo hab\u00eda hecho un pedido a las autoridades mexicanas. \u201cYo quisiera que nos dieran una oportunidad en este pa\u00eds, que pueda reencontrarme con mi familia para poder seguir luchando, para seguir adelante. Es lo \u00fanico que les pido\u201d, expres\u00f3. En aquel momento todav\u00eda esperaba abrazar a sus dos hijos. Un d\u00eda despu\u00e9s, fue el propio padre quien confirm\u00f3 a Mart\u00ed Noticias que Leosdel y Leosniel no sobrevivieron a la traves\u00eda. Las circunstancias exactas en las que murieron los dos menores permanecen pendientes de esclarecimiento por parte de las autoridades mexicanas.","title":"Padre confirma a Mart\u00ed Noticias la muerte de sus mellizos de dos a\u00f1os","topic":null,"translation_language":"","url":"https://www.martinoticias.com/a/476081.html","video_url":null,"youtube_conversion_active":false,"youtube_conversion_error":"","youtube_conversion_status":""},{"article_body_paragraphs":[],"audio_source_url":null,"author":"Ivette Pacheco","available_dubs":[],"downloadable_assets":["https://gdb.martinoticias.com/f6a4f49f-70ab-4523-68d9-08def2ff2efe_cx0_cy51_cw0_w1600_r1_n_s.jpg"],"duration_display":"0:00","duration_seconds":null,"embed_url":null,"id":7942,"image_caption":null,"image_url":"https://gdb.martinoticias.com/f6a4f49f-70ab-4523-68d9-08def2ff2efe_cx0_cy51_cw0_w1600_r1_n_s.jpg","is_clip":false,"is_youtube_embed":false,"item_type":"photo","item_type_label":"Photo","language_label":"Espa\u00f1ol","media_credit":"Ivette Pacheco","micro_label":"Photo","micro_label_kind":"gallery","network_label":"OCB","network_logo_url":"/static/uploads/direct_network_logos/ocb_0888427dcb1d.svg","published_at":"2026-08-22T19:19:10","published_at_display":"22 Aug 2026, 19:19 GMT","sequence_badge_label":null,"sequence_count":null,"sequence_count_label":null,"sequence_frames":[],"sequence_kind":null,"source_name":"radiotelevisionmarti_com_rss","source_name_label":"Radiotelevisionmarti","source_type":"rss","summary":"Vecinos de Cienfuegos, entre ellos madres con ni\u00f1os peque\u00f1os, protestaron este s\u00e1bado frente a la sede del Gobierno Provincial tras permanecer m\u00e1s de 48 horas sin electricidad.","title":"\u201cDecidimos ir a protestar al gobierno provincial\u201d, familias de Cienfuegos exigen una soluci\u00f3n (VIDEO)","topic":null,"translation_language":"","url":"https://www.martinoticias.com/a/familias-desesperadas-protestan-en-cienfuegos-frente-a-la-sede-de-gobierno-video/476072.html","video_url":null,"youtube_conversion_active":false,"youtube_conversion_error":"","youtube_conversion_status":""},{"article_body_paragraphs":[],"audio_source_url":null,"author":"Jany Gonz\u00e1lez","available_dubs":[],"downloadable_assets":["https://gdb.martinoticias.com/01000000-0aff-0242-03a8-08dc21d8481f_cx0_cy7_cw0_w1600_r1_n_s.jpg"],"duration_display":"0:00","duration_seconds":null,"embed_url":null,"id":7934,"image_caption":null,"image_url":"https://gdb.martinoticias.com/01000000-0aff-0242-03a8-08dc21d8481f_cx0_cy7_cw0_w1600_r1_n_s.jpg","is_clip":false,"is_youtube_embed":false,"item_type":"photo","item_type_label":"Photo","language_label":"Espa\u00f1ol","media_credit":"Jany Gonz\u00e1lez","micro_label":"Photo","micro_label_kind":"gallery","network_label":"OCB","network_logo_url":"/static/uploads/direct_network_logos/ocb_0888427dcb1d.svg","published_at":"2026-08-22T18:26:43","published_at_display":"22 Aug 2026, 18:26 GMT","sequence_badge_label":null,"sequence_count":null,"sequence_count_label":null,"sequence_frames":[],"sequence_kind":null,"source_name":"radiotelevisionmarti_com_rss","source_name_label":"Radiotelevisionmarti","source_type":"rss","summary":"Una jueza federal en Nueva York anul\u00f3 la pol\u00edtica de la administraci\u00f3n de Donald Trump que suspend\u00eda la emisi\u00f3n de visas de inmigrante para ciudadanos de 75 pa\u00edses, incluida Cuba, al considerar que el Departamento de Estado excedi\u00f3 su autoridad legal.","title":"Fallo contra suspensi\u00f3n de visas no elimina todas las restricciones para los cubanos (VIDEO)","topic":null,"translation_language":"","url":"https://www.martinoticias.com/a/fallo-contra-suspensi%c3%b3n-de-visas-no-elimina-todas-las-restricciones-para-los-cubanos/476068.html","video_url":null,"youtube_conversion_active":false,"youtube_conversion_error":"","youtube_conversion_status":""},{"article_body_paragraphs":[],"audio_source_url":null,"author":"Redacci\u00f3n Mart\u00ed Noticias","available_dubs":[],"downloadable_assets":["https://gdb.martinoticias.com/a1616b9f-c791-4b76-8796-a38b25a90a20_cx3_cy18_cw85_w1600_r1_n_s.jpg"],"duration_display":"0:00","duration_seconds":null,"embed_url":null,"id":7915,"image_caption":null,"image_url":"https://gdb.martinoticias.com/a1616b9f-c791-4b76-8796-a38b25a90a20_cx3_cy18_cw85_w1600_r1_n_s.jpg","is_clip":false,"is_youtube_embed":false,"item_type":"photo","item_type_label":"Photo","language_label":"Espa\u00f1ol","media_credit":"Redacci\u00f3n Mart\u00ed Noticias","micro_label":"Photo","micro_label_kind":"gallery","network_label":"OCB","network_logo_url":"/static/uploads/direct_network_logos/ocb_0888427dcb1d.svg","published_at":"2026-08-22T17:38:52","published_at_display":"22 Aug 2026, 17:38 GMT","sequence_badge_label":null,"sequence_count":null,"sequence_count_label":null,"sequence_frames":[],"sequence_kind":null,"source_name":"radiotelevisionmarti_com_rss","source_name_label":"Radiotelevisionmarti","source_type":"rss","summary":"El Comit\u00e9 para la Protecci\u00f3n de los Periodistas critic\u00f3 el decreto en vigor desde este mes que mantiene bajo control estatal actividades vinculadas al periodismo y la informaci\u00f3n en Cuba.","title":"CPJ denuncia que La Habana no suelta \"control sobre la prensa\"","topic":null,"translation_language":"","url":"https://www.martinoticias.com/a/la-habana-no-suelta-control-sobre-la-prensa-denuncia-cpj/476069.html","video_url":null,"youtube_conversion_active":false,"youtube_conversion_error":"","youtube_conversion_status":""},{"article_body_paragraphs":[],"audio_source_url":null,"author":"Redacci\u00f3n Mart\u00ed Noticias","available_dubs":[],"downloadable_assets":["https://gdb.martinoticias.com/bf7c19bf-e077-4846-9215-01e226c857d0_cx0_cy20_cw59_w1600_r1_n_s.jpg"],"duration_display":"0:00","duration_seconds":null,"embed_url":null,"id":7896,"image_caption":null,"image_url":"https://gdb.martinoticias.com/bf7c19bf-e077-4846-9215-01e226c857d0_cx0_cy20_cw59_w1600_r1_n_s.jpg","is_clip":false,"is_youtube_embed":false,"item_type":"photo","item_type_label":"Photo","language_label":"Espa\u00f1ol","media_credit":"Redacci\u00f3n Mart\u00ed Noticias","micro_label":"Photo","micro_label_kind":"gallery","network_label":"OCB","network_logo_url":"/static/uploads/direct_network_logos/ocb_0888427dcb1d.svg","published_at":"2026-08-22T16:01:36","published_at_display":"22 Aug 2026, 16:01 GMT","sequence_badge_label":null,"sequence_count":null,"sequence_count_label":null,"sequence_frames":[],"sequence_kind":null,"source_name":"radiotelevisionmarti_com_rss","source_name_label":"Radiotelevisionmarti","source_type":"rss","summary":"La inflaci\u00f3n y el encarecimiento de los alimentos golpean con fuerza a los cubanos. Mientras expertos advierten que los precios reales superan ampliamente las cifras oficiales, muchos ciudadanos en La Habana sobreviven recogiendo comida de la basura.","title":"\"\u00bfEl gobierno no ve eso o el gobierno solt\u00f3 al pueblo?\", se pregunta un habanero que come de la basura (VIDEO)","topic":null,"translation_language":"","url":"https://www.martinoticias.com/a/come-de-la-basura-en-las-calles-de-la-habana-y-alerta-la-inflaci%c3%b3n-tiene-al-pueblo-mat%c3%a1ndolo/476067.html","video_url":null,"youtube_conversion_active":false,"youtube_conversion_error":"","youtube_conversion_status":""},{"article_body_paragraphs":[],"audio_source_url":null,"author":"Redacci\u00f3n Mart\u00ed Noticias","available_dubs":[],"downloadable_assets":["https://gdb.martinoticias.com/10432D34-77C2-4CB3-9C34-260A31D67962_w1600_r1_n_s.jpg"],"duration_display":"0:00","duration_seconds":null,"embed_url":null,"id":7860,"image_caption":null,"image_url":"https://gdb.martinoticias.com/10432D34-77C2-4CB3-9C34-260A31D67962_w1600_r1_n_s.jpg","is_clip":false,"is_youtube_embed":false,"item_type":"photo","item_type_label":"Photo","language_label":"Espa\u00f1ol","media_credit":"Redacci\u00f3n Mart\u00ed Noticias","micro_label":"Photo","micro_label_kind":"gallery","network_label":"OCB","network_logo_url":"/static/uploads/direct_network_logos/ocb_0888427dcb1d.svg","published_at":"2026-08-22T14:30:53","published_at_display":"22 Aug 2026, 14:30 GMT","sequence_badge_label":null,"sequence_count":null,"sequence_count_label":null,"sequence_frames":[],"sequence_kind":null,"source_name":"radiotelevisionmarti_com_rss","source_name_label":"Radiotelevisionmarti","source_type":"rss","summary":"La Embajada de Estados Unidos en Cuba inaugur\u00f3 en La Habana la exposici\u00f3n colectiva Los muchos y los pocos, una muestra de arte contempor\u00e1neo que re\u00fane a creadores cubanos.","title":"Embajada de EEUU en La Habana celebra arte y libertad con la expo \"Los muchos y los pocos\" (VIDEO)","topic":null,"translation_language":"","url":"https://www.martinoticias.com/a/embajada-de-eeuu-en-la-habana-celebra-arte-y-libertad-con-la-expo-los-muchos-y-los-pocos-video/476066.html","video_url":null,"youtube_conversion_active":false,"youtube_conversion_error":"","youtube_conversion_status":""},{"article_body_paragraphs":[],"audio_source_url":null,"author":"Magdiel Aspillaga","available_dubs":[],"downloadable_assets":["https://gdb.martinoticias.com/ca862409-0968-4274-cfae-08decd5b38e4_w1600_r1_n_s.jpg"],"duration_display":"0:00","duration_seconds":null,"embed_url":null,"id":7852,"image_caption":null,"image_url":"https://gdb.martinoticias.com/ca862409-0968-4274-cfae-08decd5b38e4_w1600_r1_n_s.jpg","is_clip":false,"is_youtube_embed":false,"item_type":"photo","item_type_label":"Photo","language_label":"Espa\u00f1ol","media_credit":"Magdiel Aspillaga","micro_label":"Photo","micro_label_kind":"gallery","network_label":"OCB","network_logo_url":"/static/uploads/direct_network_logos/ocb_0888427dcb1d.svg","published_at":"2026-08-22T14:00:28","published_at_display":"22 Aug 2026, 14:00 GMT","sequence_badge_label":null,"sequence_count":null,"sequence_count_label":null,"sequence_frames":[],"sequence_kind":null,"source_name":"radiotelevisionmarti_com_rss","source_name_label":"Radiotelevisionmarti","source_type":"rss","summary":"Un viaje por las llanuras de Kansas termina convirti\u00e9ndose en una profunda reflexi\u00f3n sobre la libertad, la memoria y el peso de Cuba. Entre campos de ma\u00edz, tecnolog\u00eda agr\u00edcola y la vida cotidiana de un granjero del Medio Oeste, el autor explora el contraste entre dos modelos de pa\u00eds.","title":"OPINI\u00d3N. Mi propia y personal Kansas (VIDEO)","topic":null,"translation_language":"","url":"https://www.martinoticias.com/a/opini%c3%b3n-mi-propia-y-personal-kansas-video/476064.html","video_url":null,"youtube_conversion_active":false,"youtube_conversion_error":"","youtube_conversion_status":""}],"next_num":10,"page":9,"pages":24,"per_page":20,"prev_num":8,"total":473}
